{"id":6037,"date":"2017-03-29T13:33:52","date_gmt":"2017-03-29T11:33:52","guid":{"rendered":"https:\/\/auren.com\/es\/new\/auren-participa-en-la-primera-edicion-de-auditor-por-un-dia-organizada-por-la-facultad-de-economia-y-empresa-de-la-uib-junto-con-los-auditores-de-baleares\/"},"modified":"2017-03-29T13:33:52","modified_gmt":"2017-03-29T11:33:52","slug":"auren-participa-en-la-primera-edicion-de-auditor-por-un-dia-organizada-por-la-facultad-de-economia-y-empresa-de-la-uib-junto-con-los-auditores-de-baleares","status":"publish","type":"new","link":"https:\/\/auren.com\/es\/noticias\/auren-participa-en-la-primera-edicion-de-auditor-por-un-dia-organizada-por-la-facultad-de-economia-y-empresa-de-la-uib-junto-con-los-auditores-de-baleares\/","title":{"rendered":"Auren participa en la primera edici\u00f3n de \u00abAuditor por un d\u00eda\u00bb organizada por la facultad de Econom\u00eda y Empresa de la UIB, junto con los Auditores de Baleares."},"content":{"rendered":"<p><a href=\"http:\/\/www.elmundo.es\/baleares\/2017\/03\/28\/58da3d11e2704e85028b45ff.html\" target=\"_blank\" rel=\"noopener noreferrer\"><\/a><\/p>\n<p style=\"text-align: justify;\">La facultad de Econom\u00eda y Empresa de la UIB, junto con los Auditores de Baleares, ha puesto en marcha la primera edici\u00f3n de \u00abAuditor por un d\u00eda\u00bb, durante la cual, 23 alumnos del Grado de Administraci\u00f3n y Direcci\u00f3n de Empresas (GADE) tendr\u00e1n la oportunidad de pasar una jornada laboral completa en un despacho de auditor\u00eda, lo que les permitir\u00e1 conocer a fondo el d\u00eda a d\u00eda de esta profesi\u00f3n.<\/p>\n<p>M\u00e1s informaci\u00f3n pulsa <a href=\"http:\/\/www.elmundo.es\/baleares\/2017\/03\/28\/58da3d11e2704e85028b45ff.html\">AQU\u00cd<\/a> <\/p>\n<p><!-- AddThis Advanced Settings generic via filter on the_content --><!-- AddThis Share Buttons generic via filter on the_content --><\/p>\n","protected":false},"excerpt":{"rendered":"<p>Publicada en El Mundo.es, el 28 de marzo de 2017<\/p>\n","protected":false},"featured_media":6038,"template":"","meta":{"_acf_changed":false,"footnotes":""},"new-category":[],"class_list":["post-6037","new","type-new","status-publish","has-post-thumbnail","hentry"],"acf":[],"yoast_head":"<!-- This site is optimized with the Yoast SEO plugin v27.4 - https:\/\/yoast.com\/product\/yoast-seo-wordpress\/ -->\n<title>Auren participa en la primera edici\u00f3n de &quot;Auditor por un d\u00eda&quot; organizada por la facultad de Econom\u00eda y Empresa de la UIB, junto con los Auditores de Baleares. - Auren Espa\u00f1a<\/title>\n<meta name=\"robots\" content=\"index, follow, max-snippet:-1, max-image-preview:large, max-video-preview:-1\" \/>\n<link rel=\"canonical\" href=\"https:\/\/auren.com\/es\/noticias\/auren-participa-en-la-primera-edicion-de-auditor-por-un-dia-organizada-por-la-facultad-de-economia-y-empresa-de-la-uib-junto-con-los-auditores-de-baleares\/\" \/>\n<meta property=\"og:locale\" content=\"es_ES\" \/>\n<meta property=\"og:type\" content=\"article\" \/>\n<meta property=\"og:title\" content=\"Auren participa en la primera edici\u00f3n de &quot;Auditor por un d\u00eda&quot; organizada por la facultad de Econom\u00eda y Empresa de la UIB, junto con los Auditores de Baleares. - Auren Espa\u00f1a\" \/>\n<meta property=\"og:description\" content=\"Publicada en El Mundo.es, el 28 de marzo de 2017\" \/>\n<meta property=\"og:url\" content=\"https:\/\/auren.com\/es\/noticias\/auren-participa-en-la-primera-edicion-de-auditor-por-un-dia-organizada-por-la-facultad-de-economia-y-empresa-de-la-uib-junto-con-los-auditores-de-baleares\/\" \/>\n<meta property=\"og:site_name\" content=\"Auren\" \/>\n<meta property=\"og:image\" content=\"https:\/\/auren.com\/es\/wp-content\/uploads\/2017\/03\/900x520_07.jpg\" \/>\n\t<meta property=\"og:image:width\" content=\"900\" \/>\n\t<meta property=\"og:image:height\" content=\"520\" \/>\n\t<meta property=\"og:image:type\" content=\"image\/jpeg\" \/>\n<meta name=\"twitter:card\" content=\"summary_large_image\" \/>\n<meta name=\"twitter:site\" content=\"@auren_spain\" \/>\n<script type=\"application\/ld+json\" class=\"yoast-schema-graph\">{\"@context\":\"https:\\\/\\\/schema.org\",\"@graph\":[{\"@type\":\"WebPage\",\"@id\":\"https:\\\/\\\/auren.com\\\/es\\\/noticias\\\/auren-participa-en-la-primera-edicion-de-auditor-por-un-dia-organizada-por-la-facultad-de-economia-y-empresa-de-la-uib-junto-con-los-auditores-de-baleares\\\/\",\"url\":\"https:\\\/\\\/auren.com\\\/es\\\/noticias\\\/auren-participa-en-la-primera-edicion-de-auditor-por-un-dia-organizada-por-la-facultad-de-economia-y-empresa-de-la-uib-junto-con-los-auditores-de-baleares\\\/\",\"name\":\"Auren participa en la primera edici\u00f3n de \\\"Auditor por un d\u00eda\\\" organizada por la facultad de Econom\u00eda y Empresa de la UIB, junto con los Auditores de Baleares. - Auren Espa\u00f1a\",\"isPartOf\":{\"@id\":\"https:\\\/\\\/auren.com\\\/es\\\/#website\"},\"primaryImageOfPage\":{\"@id\":\"https:\\\/\\\/auren.com\\\/es\\\/noticias\\\/auren-participa-en-la-primera-edicion-de-auditor-por-un-dia-organizada-por-la-facultad-de-economia-y-empresa-de-la-uib-junto-con-los-auditores-de-baleares\\\/#primaryimage\"},\"image\":{\"@id\":\"https:\\\/\\\/auren.com\\\/es\\\/noticias\\\/auren-participa-en-la-primera-edicion-de-auditor-por-un-dia-organizada-por-la-facultad-de-economia-y-empresa-de-la-uib-junto-con-los-auditores-de-baleares\\\/#primaryimage\"},\"thumbnailUrl\":\"https:\\\/\\\/auren.com\\\/es\\\/wp-content\\\/uploads\\\/2017\\\/03\\\/900x520_07.jpg\",\"datePublished\":\"2017-03-29T11:33:52+00:00\",\"breadcrumb\":{\"@id\":\"https:\\\/\\\/auren.com\\\/es\\\/noticias\\\/auren-participa-en-la-primera-edicion-de-auditor-por-un-dia-organizada-por-la-facultad-de-economia-y-empresa-de-la-uib-junto-con-los-auditores-de-baleares\\\/#breadcrumb\"},\"inLanguage\":\"es\",\"potentialAction\":[{\"@type\":\"ReadAction\",\"target\":[\"https:\\\/\\\/auren.com\\\/es\\\/noticias\\\/auren-participa-en-la-primera-edicion-de-auditor-por-un-dia-organizada-por-la-facultad-de-economia-y-empresa-de-la-uib-junto-con-los-auditores-de-baleares\\\/\"]}]},{\"@type\":\"ImageObject\",\"inLanguage\":\"es\",\"@id\":\"https:\\\/\\\/auren.com\\\/es\\\/noticias\\\/auren-participa-en-la-primera-edicion-de-auditor-por-un-dia-organizada-por-la-facultad-de-economia-y-empresa-de-la-uib-junto-con-los-auditores-de-baleares\\\/#primaryimage\",\"url\":\"https:\\\/\\\/auren.com\\\/es\\\/wp-content\\\/uploads\\\/2017\\\/03\\\/900x520_07.jpg\",\"contentUrl\":\"https:\\\/\\\/auren.com\\\/es\\\/wp-content\\\/uploads\\\/2017\\\/03\\\/900x520_07.jpg\",\"width\":900,\"height\":520},{\"@type\":\"BreadcrumbList\",\"@id\":\"https:\\\/\\\/auren.com\\\/es\\\/noticias\\\/auren-participa-en-la-primera-edicion-de-auditor-por-un-dia-organizada-por-la-facultad-de-economia-y-empresa-de-la-uib-junto-con-los-auditores-de-baleares\\\/#breadcrumb\",\"itemListElement\":[{\"@type\":\"ListItem\",\"position\":1,\"name\":\"Portada\",\"item\":\"https:\\\/\\\/auren.com\\\/es\\\/\"},{\"@type\":\"ListItem\",\"position\":2,\"name\":\"Auren participa en la primera edici\u00f3n de \u00abAuditor por un d\u00eda\u00bb organizada por la facultad de Econom\u00eda y Empresa de la UIB, junto con los Auditores de Baleares.\"}]},{\"@type\":\"WebSite\",\"@id\":\"https:\\\/\\\/auren.com\\\/es\\\/#website\",\"url\":\"https:\\\/\\\/auren.com\\\/es\\\/\",\"name\":\"Auren\",\"description\":\"\",\"publisher\":{\"@id\":\"https:\\\/\\\/auren.com\\\/es\\\/#organization\"},\"alternateName\":\"Auren\",\"potentialAction\":[{\"@type\":\"SearchAction\",\"target\":{\"@type\":\"EntryPoint\",\"urlTemplate\":\"https:\\\/\\\/auren.com\\\/es\\\/?s={search_term_string}\"},\"query-input\":{\"@type\":\"PropertyValueSpecification\",\"valueRequired\":true,\"valueName\":\"search_term_string\"}}],\"inLanguage\":\"es\"},{\"@type\":\"Organization\",\"@id\":\"https:\\\/\\\/auren.com\\\/es\\\/#organization\",\"name\":\"Auren\",\"alternateName\":\"Auren\",\"url\":\"https:\\\/\\\/auren.com\\\/es\\\/\",\"logo\":{\"@type\":\"ImageObject\",\"inLanguage\":\"es\",\"@id\":\"https:\\\/\\\/auren.com\\\/es\\\/#\\\/schema\\\/logo\\\/image\\\/\",\"url\":\"https:\\\/\\\/auren.com\\\/es\\\/wp-content\\\/uploads\\\/2025\\\/01\\\/cropped-cropped-favicon-Auren.png\",\"contentUrl\":\"https:\\\/\\\/auren.com\\\/es\\\/wp-content\\\/uploads\\\/2025\\\/01\\\/cropped-cropped-favicon-Auren.png\",\"width\":512,\"height\":512,\"caption\":\"Auren\"},\"image\":{\"@id\":\"https:\\\/\\\/auren.com\\\/es\\\/#\\\/schema\\\/logo\\\/image\\\/\"},\"sameAs\":[\"https:\\\/\\\/x.com\\\/auren_spain\",\"https:\\\/\\\/www.linkedin.com\\\/company\\\/aurenspainserviciosprofesionales\",\"https:\\\/\\\/www.youtube.com\\\/@AurenEsp\",\"https:\\\/\\\/www.instagram.com\\\/auren_spain\"]}]}<\/script>\n<!-- \/ Yoast SEO plugin. -->","yoast_head_json":{"title":"Auren participa en la primera edici\u00f3n de \"Auditor por un d\u00eda\" organizada por la facultad de Econom\u00eda y Empresa de la UIB, junto con los Auditores de Baleares. - Auren Espa\u00f1a","robots":{"index":"index","follow":"follow","max-snippet":"max-snippet:-1","max-image-preview":"max-image-preview:large","max-video-preview":"max-video-preview:-1"},"canonical":"https:\/\/auren.com\/es\/noticias\/auren-participa-en-la-primera-edicion-de-auditor-por-un-dia-organizada-por-la-facultad-de-economia-y-empresa-de-la-uib-junto-con-los-auditores-de-baleares\/","og_locale":"es_ES","og_type":"article","og_title":"Auren participa en la primera edici\u00f3n de \"Auditor por un d\u00eda\" organizada por la facultad de Econom\u00eda y Empresa de la UIB, junto con los Auditores de Baleares. - Auren Espa\u00f1a","og_description":"Publicada en El Mundo.es, el 28 de marzo de 2017","og_url":"https:\/\/auren.com\/es\/noticias\/auren-participa-en-la-primera-edicion-de-auditor-por-un-dia-organizada-por-la-facultad-de-economia-y-empresa-de-la-uib-junto-con-los-auditores-de-baleares\/","og_site_name":"Auren","og_image":[{"width":900,"height":520,"url":"https:\/\/auren.com\/es\/wp-content\/uploads\/2017\/03\/900x520_07.jpg","type":"image\/jpeg"}],"twitter_card":"summary_large_image","twitter_site":"@auren_spain","schema":{"@context":"https:\/\/schema.org","@graph":[{"@type":"WebPage","@id":"https:\/\/auren.com\/es\/noticias\/auren-participa-en-la-primera-edicion-de-auditor-por-un-dia-organizada-por-la-facultad-de-economia-y-empresa-de-la-uib-junto-con-los-auditores-de-baleares\/","url":"https:\/\/auren.com\/es\/noticias\/auren-participa-en-la-primera-edicion-de-auditor-por-un-dia-organizada-por-la-facultad-de-economia-y-empresa-de-la-uib-junto-con-los-auditores-de-baleares\/","name":"Auren participa en la primera edici\u00f3n de \"Auditor por un d\u00eda\" organizada por la facultad de Econom\u00eda y Empresa de la UIB, junto con los Auditores de Baleares. - Auren Espa\u00f1a","isPartOf":{"@id":"https:\/\/auren.com\/es\/#website"},"primaryImageOfPage":{"@id":"https:\/\/auren.com\/es\/noticias\/auren-participa-en-la-primera-edicion-de-auditor-por-un-dia-organizada-por-la-facultad-de-economia-y-empresa-de-la-uib-junto-con-los-auditores-de-baleares\/#primaryimage"},"image":{"@id":"https:\/\/auren.com\/es\/noticias\/auren-participa-en-la-primera-edicion-de-auditor-por-un-dia-organizada-por-la-facultad-de-economia-y-empresa-de-la-uib-junto-con-los-auditores-de-baleares\/#primaryimage"},"thumbnailUrl":"https:\/\/auren.com\/es\/wp-content\/uploads\/2017\/03\/900x520_07.jpg","datePublished":"2017-03-29T11:33:52+00:00","breadcrumb":{"@id":"https:\/\/auren.com\/es\/noticias\/auren-participa-en-la-primera-edicion-de-auditor-por-un-dia-organizada-por-la-facultad-de-economia-y-empresa-de-la-uib-junto-con-los-auditores-de-baleares\/#breadcrumb"},"inLanguage":"es","potentialAction":[{"@type":"ReadAction","target":["https:\/\/auren.com\/es\/noticias\/auren-participa-en-la-primera-edicion-de-auditor-por-un-dia-organizada-por-la-facultad-de-economia-y-empresa-de-la-uib-junto-con-los-auditores-de-baleares\/"]}]},{"@type":"ImageObject","inLanguage":"es","@id":"https:\/\/auren.com\/es\/noticias\/auren-participa-en-la-primera-edicion-de-auditor-por-un-dia-organizada-por-la-facultad-de-economia-y-empresa-de-la-uib-junto-con-los-auditores-de-baleares\/#primaryimage","url":"https:\/\/auren.com\/es\/wp-content\/uploads\/2017\/03\/900x520_07.jpg","contentUrl":"https:\/\/auren.com\/es\/wp-content\/uploads\/2017\/03\/900x520_07.jpg","width":900,"height":520},{"@type":"BreadcrumbList","@id":"https:\/\/auren.com\/es\/noticias\/auren-participa-en-la-primera-edicion-de-auditor-por-un-dia-organizada-por-la-facultad-de-economia-y-empresa-de-la-uib-junto-con-los-auditores-de-baleares\/#breadcrumb","itemListElement":[{"@type":"ListItem","position":1,"name":"Portada","item":"https:\/\/auren.com\/es\/"},{"@type":"ListItem","position":2,"name":"Auren participa en la primera edici\u00f3n de \u00abAuditor por un d\u00eda\u00bb organizada por la facultad de Econom\u00eda y Empresa de la UIB, junto con los Auditores de Baleares."}]},{"@type":"WebSite","@id":"https:\/\/auren.com\/es\/#website","url":"https:\/\/auren.com\/es\/","name":"Auren","description":"","publisher":{"@id":"https:\/\/auren.com\/es\/#organization"},"alternateName":"Auren","potentialAction":[{"@type":"SearchAction","target":{"@type":"EntryPoint","urlTemplate":"https:\/\/auren.com\/es\/?s={search_term_string}"},"query-input":{"@type":"PropertyValueSpecification","valueRequired":true,"valueName":"search_term_string"}}],"inLanguage":"es"},{"@type":"Organization","@id":"https:\/\/auren.com\/es\/#organization","name":"Auren","alternateName":"Auren","url":"https:\/\/auren.com\/es\/","logo":{"@type":"ImageObject","inLanguage":"es","@id":"https:\/\/auren.com\/es\/#\/schema\/logo\/image\/","url":"https:\/\/auren.com\/es\/wp-content\/uploads\/2025\/01\/cropped-cropped-favicon-Auren.png","contentUrl":"https:\/\/auren.com\/es\/wp-content\/uploads\/2025\/01\/cropped-cropped-favicon-Auren.png","width":512,"height":512,"caption":"Auren"},"image":{"@id":"https:\/\/auren.com\/es\/#\/schema\/logo\/image\/"},"sameAs":["https:\/\/x.com\/auren_spain","https:\/\/www.linkedin.com\/company\/aurenspainserviciosprofesionales","https:\/\/www.youtube.com\/@AurenEsp","https:\/\/www.instagram.com\/auren_spain"]}]}},"_links":{"self":[{"href":"https:\/\/auren.com\/es\/wp-json\/wp\/v2\/new\/6037","targetHints":{"allow":["GET"]}}],"collection":[{"href":"https:\/\/auren.com\/es\/wp-json\/wp\/v2\/new"}],"about":[{"href":"https:\/\/auren.com\/es\/wp-json\/wp\/v2\/types\/new"}],"version-history":[{"count":0,"href":"https:\/\/auren.com\/es\/wp-json\/wp\/v2\/new\/6037\/revisions"}],"wp:featuredmedia":[{"embeddable":true,"href":"https:\/\/auren.com\/es\/wp-json\/wp\/v2\/media\/6038"}],"wp:attachment":[{"href":"https:\/\/auren.com\/es\/wp-json\/wp\/v2\/media?parent=6037"}],"wp:term":[{"taxonomy":"new-category","embeddable":true,"href":"https:\/\/auren.com\/es\/wp-json\/wp\/v2\/new-category?post=6037"}],"curies":[{"name":"wp","href":"https:\/\/api.w.org\/{rel}","templated":true}]}}