{"id":6055,"date":"2017-03-24T10:38:08","date_gmt":"2017-03-24T09:38:08","guid":{"rendered":"https:\/\/auren.com\/es\/new\/jose-miguel-cardona-socio-de-auren-participara-en-la-i-jornada-de-seguridad-en-la-industria-360-un-foro-de-referencia-para-los-profesionales-del-sector-de-la-seguridad-y-de-la-prevencion-de-riesgos\/"},"modified":"2017-03-24T10:38:08","modified_gmt":"2017-03-24T09:38:08","slug":"jose-miguel-cardona-socio-de-auren-participara-en-la-i-jornada-de-seguridad-en-la-industria-360-un-foro-de-referencia-para-los-profesionales-del-sector-de-la-seguridad-y-de-la-prevencion-de-riesgos","status":"publish","type":"new","link":"https:\/\/auren.com\/es\/noticias\/jose-miguel-cardona-socio-de-auren-participara-en-la-i-jornada-de-seguridad-en-la-industria-360-un-foro-de-referencia-para-los-profesionales-del-sector-de-la-seguridad-y-de-la-prevencion-de-riesgos\/","title":{"rendered":"Jos\u00e9 Miguel Cardona, Socio de Auren, participar\u00e1 en la I Jornada de Seguridad en la Industria 360. Un foro de referencia para los profesionales del sector de la Seguridad y de la prevenci\u00f3n de riesgos en la industria que tendr\u00e1 lugar el 29 y 30 de marzo"},"content":{"rendered":"<p style=\"text-align: justify;\">La revista &#8216;Seguritecnia&#8217; junto con la revista &#8216;Red Seguridad&#8217; y &#8216;Formaci\u00f3n de Seguridad Laboral&#8217; y el Centro de Ciberseguridad Industrial (CCI) organizan, el pr\u00f3ximo 29 y 30 de marzo, una jornada dirigida a la Industria, en donde se tratar\u00e1 la seguridad en este mercado desde una perspectiva l\u00f3gica, f\u00edsica y laboral. <\/p>\n<p style=\"text-align: justify;\">Jos\u00e9 Miguel Cardona, socio de Consultor\u00eda &#8211; Seguridad de la Informaci\u00f3n de Auren, participar\u00e1 como ponente cerrando el evento el d\u00eda 30, con la sesi\u00f3n \u00abLa Continuidad de Negocio, o el arte de esperar lo inesperado\u00bb.<\/p>\n<p>M\u00e1s informaci\u00f3n pulsa <a href=\"http:\/\/www.redseguridad.com\/actualidad\/info-tic\/no-te-pierdas-la-i-jornada-de-seguridad-en-la-industria-360-grados-del-29-al-30-de-marzo-en-barcelona\">AQU\u00cd <\/a><\/p>\n<p><!-- AddThis Advanced Settings generic via filter on the_content --><!-- AddThis Share Buttons generic via filter on the_content --><\/p>\n","protected":false},"excerpt":{"rendered":"<p>Publicada en Redseguridad.com, el 23 de febrero de 2017<\/p>\n","protected":false},"featured_media":6056,"template":"","meta":{"_acf_changed":false,"footnotes":""},"new-category":[],"class_list":["post-6055","new","type-new","status-publish","has-post-thumbnail","hentry"],"acf":[],"yoast_head":"<!-- This site is optimized with the Yoast SEO plugin v27.4 - https:\/\/yoast.com\/product\/yoast-seo-wordpress\/ -->\n<title>Jos\u00e9 Miguel Cardona, Socio de Auren, participar\u00e1 en la I Jornada de Seguridad en la Industria 360. Un foro de referencia para los profesionales del sector de la Seguridad y de la prevenci\u00f3n de riesgos en la industria que tendr\u00e1 lugar el 29 y 30 de marzo - Auren Espa\u00f1a<\/title>\n<meta name=\"robots\" content=\"index, follow, max-snippet:-1, max-image-preview:large, max-video-preview:-1\" \/>\n<link rel=\"canonical\" href=\"https:\/\/auren.com\/es\/noticias\/jose-miguel-cardona-socio-de-auren-participara-en-la-i-jornada-de-seguridad-en-la-industria-360-un-foro-de-referencia-para-los-profesionales-del-sector-de-la-seguridad-y-de-la-prevencion-de-riesgos\/\" \/>\n<meta property=\"og:locale\" content=\"es_ES\" \/>\n<meta property=\"og:type\" content=\"article\" \/>\n<meta property=\"og:title\" content=\"Jos\u00e9 Miguel Cardona, Socio de Auren, participar\u00e1 en la I Jornada de Seguridad en la Industria 360. Un foro de referencia para los profesionales del sector de la Seguridad y de la prevenci\u00f3n de riesgos en la industria que tendr\u00e1 lugar el 29 y 30 de marzo - Auren Espa\u00f1a\" \/>\n<meta property=\"og:description\" content=\"Publicada en Redseguridad.com, el 23 de febrero de 2017\" \/>\n<meta property=\"og:url\" content=\"https:\/\/auren.com\/es\/noticias\/jose-miguel-cardona-socio-de-auren-participara-en-la-i-jornada-de-seguridad-en-la-industria-360-un-foro-de-referencia-para-los-profesionales-del-sector-de-la-seguridad-y-de-la-prevencion-de-riesgos\/\" \/>\n<meta property=\"og:site_name\" content=\"Auren\" \/>\n<meta property=\"og:image\" content=\"https:\/\/auren.com\/es\/wp-content\/uploads\/2017\/03\/900x520_38.jpg\" \/>\n\t<meta property=\"og:image:width\" content=\"900\" \/>\n\t<meta property=\"og:image:height\" content=\"520\" \/>\n\t<meta property=\"og:image:type\" content=\"image\/jpeg\" \/>\n<meta name=\"twitter:card\" content=\"summary_large_image\" \/>\n<meta name=\"twitter:site\" content=\"@auren_spain\" \/>\n<script type=\"application\/ld+json\" class=\"yoast-schema-graph\">{\"@context\":\"https:\\\/\\\/schema.org\",\"@graph\":[{\"@type\":\"WebPage\",\"@id\":\"https:\\\/\\\/auren.com\\\/es\\\/noticias\\\/jose-miguel-cardona-socio-de-auren-participara-en-la-i-jornada-de-seguridad-en-la-industria-360-un-foro-de-referencia-para-los-profesionales-del-sector-de-la-seguridad-y-de-la-prevencion-de-riesgos\\\/\",\"url\":\"https:\\\/\\\/auren.com\\\/es\\\/noticias\\\/jose-miguel-cardona-socio-de-auren-participara-en-la-i-jornada-de-seguridad-en-la-industria-360-un-foro-de-referencia-para-los-profesionales-del-sector-de-la-seguridad-y-de-la-prevencion-de-riesgos\\\/\",\"name\":\"Jos\u00e9 Miguel Cardona, Socio de Auren, participar\u00e1 en la I Jornada de Seguridad en la Industria 360. Un foro de referencia para los profesionales del sector de la Seguridad y de la prevenci\u00f3n de riesgos en la industria que tendr\u00e1 lugar el 29 y 30 de marzo - Auren Espa\u00f1a\",\"isPartOf\":{\"@id\":\"https:\\\/\\\/auren.com\\\/es\\\/#website\"},\"primaryImageOfPage\":{\"@id\":\"https:\\\/\\\/auren.com\\\/es\\\/noticias\\\/jose-miguel-cardona-socio-de-auren-participara-en-la-i-jornada-de-seguridad-en-la-industria-360-un-foro-de-referencia-para-los-profesionales-del-sector-de-la-seguridad-y-de-la-prevencion-de-riesgos\\\/#primaryimage\"},\"image\":{\"@id\":\"https:\\\/\\\/auren.com\\\/es\\\/noticias\\\/jose-miguel-cardona-socio-de-auren-participara-en-la-i-jornada-de-seguridad-en-la-industria-360-un-foro-de-referencia-para-los-profesionales-del-sector-de-la-seguridad-y-de-la-prevencion-de-riesgos\\\/#primaryimage\"},\"thumbnailUrl\":\"https:\\\/\\\/auren.com\\\/es\\\/wp-content\\\/uploads\\\/2017\\\/03\\\/900x520_38.jpg\",\"datePublished\":\"2017-03-24T09:38:08+00:00\",\"breadcrumb\":{\"@id\":\"https:\\\/\\\/auren.com\\\/es\\\/noticias\\\/jose-miguel-cardona-socio-de-auren-participara-en-la-i-jornada-de-seguridad-en-la-industria-360-un-foro-de-referencia-para-los-profesionales-del-sector-de-la-seguridad-y-de-la-prevencion-de-riesgos\\\/#breadcrumb\"},\"inLanguage\":\"es\",\"potentialAction\":[{\"@type\":\"ReadAction\",\"target\":[\"https:\\\/\\\/auren.com\\\/es\\\/noticias\\\/jose-miguel-cardona-socio-de-auren-participara-en-la-i-jornada-de-seguridad-en-la-industria-360-un-foro-de-referencia-para-los-profesionales-del-sector-de-la-seguridad-y-de-la-prevencion-de-riesgos\\\/\"]}]},{\"@type\":\"ImageObject\",\"inLanguage\":\"es\",\"@id\":\"https:\\\/\\\/auren.com\\\/es\\\/noticias\\\/jose-miguel-cardona-socio-de-auren-participara-en-la-i-jornada-de-seguridad-en-la-industria-360-un-foro-de-referencia-para-los-profesionales-del-sector-de-la-seguridad-y-de-la-prevencion-de-riesgos\\\/#primaryimage\",\"url\":\"https:\\\/\\\/auren.com\\\/es\\\/wp-content\\\/uploads\\\/2017\\\/03\\\/900x520_38.jpg\",\"contentUrl\":\"https:\\\/\\\/auren.com\\\/es\\\/wp-content\\\/uploads\\\/2017\\\/03\\\/900x520_38.jpg\",\"width\":900,\"height\":520},{\"@type\":\"BreadcrumbList\",\"@id\":\"https:\\\/\\\/auren.com\\\/es\\\/noticias\\\/jose-miguel-cardona-socio-de-auren-participara-en-la-i-jornada-de-seguridad-en-la-industria-360-un-foro-de-referencia-para-los-profesionales-del-sector-de-la-seguridad-y-de-la-prevencion-de-riesgos\\\/#breadcrumb\",\"itemListElement\":[{\"@type\":\"ListItem\",\"position\":1,\"name\":\"Portada\",\"item\":\"https:\\\/\\\/auren.com\\\/es\\\/\"},{\"@type\":\"ListItem\",\"position\":2,\"name\":\"Jos\u00e9 Miguel Cardona, Socio de Auren, participar\u00e1 en la I Jornada de Seguridad en la Industria 360. Un foro de referencia para los profesionales del sector de la Seguridad y de la prevenci\u00f3n de riesgos en la industria que tendr\u00e1 lugar el 29 y 30 de marzo\"}]},{\"@type\":\"WebSite\",\"@id\":\"https:\\\/\\\/auren.com\\\/es\\\/#website\",\"url\":\"https:\\\/\\\/auren.com\\\/es\\\/\",\"name\":\"Auren\",\"description\":\"\",\"publisher\":{\"@id\":\"https:\\\/\\\/auren.com\\\/es\\\/#organization\"},\"alternateName\":\"Auren\",\"potentialAction\":[{\"@type\":\"SearchAction\",\"target\":{\"@type\":\"EntryPoint\",\"urlTemplate\":\"https:\\\/\\\/auren.com\\\/es\\\/?s={search_term_string}\"},\"query-input\":{\"@type\":\"PropertyValueSpecification\",\"valueRequired\":true,\"valueName\":\"search_term_string\"}}],\"inLanguage\":\"es\"},{\"@type\":\"Organization\",\"@id\":\"https:\\\/\\\/auren.com\\\/es\\\/#organization\",\"name\":\"Auren\",\"alternateName\":\"Auren\",\"url\":\"https:\\\/\\\/auren.com\\\/es\\\/\",\"logo\":{\"@type\":\"ImageObject\",\"inLanguage\":\"es\",\"@id\":\"https:\\\/\\\/auren.com\\\/es\\\/#\\\/schema\\\/logo\\\/image\\\/\",\"url\":\"https:\\\/\\\/auren.com\\\/es\\\/wp-content\\\/uploads\\\/2025\\\/01\\\/cropped-cropped-favicon-Auren.png\",\"contentUrl\":\"https:\\\/\\\/auren.com\\\/es\\\/wp-content\\\/uploads\\\/2025\\\/01\\\/cropped-cropped-favicon-Auren.png\",\"width\":512,\"height\":512,\"caption\":\"Auren\"},\"image\":{\"@id\":\"https:\\\/\\\/auren.com\\\/es\\\/#\\\/schema\\\/logo\\\/image\\\/\"},\"sameAs\":[\"https:\\\/\\\/x.com\\\/auren_spain\",\"https:\\\/\\\/www.linkedin.com\\\/company\\\/aurenspainserviciosprofesionales\",\"https:\\\/\\\/www.youtube.com\\\/@AurenEsp\",\"https:\\\/\\\/www.instagram.com\\\/auren_spain\"]}]}<\/script>\n<!-- \/ Yoast SEO plugin. -->","yoast_head_json":{"title":"Jos\u00e9 Miguel Cardona, Socio de Auren, participar\u00e1 en la I Jornada de Seguridad en la Industria 360. Un foro de referencia para los profesionales del sector de la Seguridad y de la prevenci\u00f3n de riesgos en la industria que tendr\u00e1 lugar el 29 y 30 de marzo - Auren Espa\u00f1a","robots":{"index":"index","follow":"follow","max-snippet":"max-snippet:-1","max-image-preview":"max-image-preview:large","max-video-preview":"max-video-preview:-1"},"canonical":"https:\/\/auren.com\/es\/noticias\/jose-miguel-cardona-socio-de-auren-participara-en-la-i-jornada-de-seguridad-en-la-industria-360-un-foro-de-referencia-para-los-profesionales-del-sector-de-la-seguridad-y-de-la-prevencion-de-riesgos\/","og_locale":"es_ES","og_type":"article","og_title":"Jos\u00e9 Miguel Cardona, Socio de Auren, participar\u00e1 en la I Jornada de Seguridad en la Industria 360. Un foro de referencia para los profesionales del sector de la Seguridad y de la prevenci\u00f3n de riesgos en la industria que tendr\u00e1 lugar el 29 y 30 de marzo - Auren Espa\u00f1a","og_description":"Publicada en Redseguridad.com, el 23 de febrero de 2017","og_url":"https:\/\/auren.com\/es\/noticias\/jose-miguel-cardona-socio-de-auren-participara-en-la-i-jornada-de-seguridad-en-la-industria-360-un-foro-de-referencia-para-los-profesionales-del-sector-de-la-seguridad-y-de-la-prevencion-de-riesgos\/","og_site_name":"Auren","og_image":[{"width":900,"height":520,"url":"https:\/\/auren.com\/es\/wp-content\/uploads\/2017\/03\/900x520_38.jpg","type":"image\/jpeg"}],"twitter_card":"summary_large_image","twitter_site":"@auren_spain","schema":{"@context":"https:\/\/schema.org","@graph":[{"@type":"WebPage","@id":"https:\/\/auren.com\/es\/noticias\/jose-miguel-cardona-socio-de-auren-participara-en-la-i-jornada-de-seguridad-en-la-industria-360-un-foro-de-referencia-para-los-profesionales-del-sector-de-la-seguridad-y-de-la-prevencion-de-riesgos\/","url":"https:\/\/auren.com\/es\/noticias\/jose-miguel-cardona-socio-de-auren-participara-en-la-i-jornada-de-seguridad-en-la-industria-360-un-foro-de-referencia-para-los-profesionales-del-sector-de-la-seguridad-y-de-la-prevencion-de-riesgos\/","name":"Jos\u00e9 Miguel Cardona, Socio de Auren, participar\u00e1 en la I Jornada de Seguridad en la Industria 360. Un foro de referencia para los profesionales del sector de la Seguridad y de la prevenci\u00f3n de riesgos en la industria que tendr\u00e1 lugar el 29 y 30 de marzo - Auren Espa\u00f1a","isPartOf":{"@id":"https:\/\/auren.com\/es\/#website"},"primaryImageOfPage":{"@id":"https:\/\/auren.com\/es\/noticias\/jose-miguel-cardona-socio-de-auren-participara-en-la-i-jornada-de-seguridad-en-la-industria-360-un-foro-de-referencia-para-los-profesionales-del-sector-de-la-seguridad-y-de-la-prevencion-de-riesgos\/#primaryimage"},"image":{"@id":"https:\/\/auren.com\/es\/noticias\/jose-miguel-cardona-socio-de-auren-participara-en-la-i-jornada-de-seguridad-en-la-industria-360-un-foro-de-referencia-para-los-profesionales-del-sector-de-la-seguridad-y-de-la-prevencion-de-riesgos\/#primaryimage"},"thumbnailUrl":"https:\/\/auren.com\/es\/wp-content\/uploads\/2017\/03\/900x520_38.jpg","datePublished":"2017-03-24T09:38:08+00:00","breadcrumb":{"@id":"https:\/\/auren.com\/es\/noticias\/jose-miguel-cardona-socio-de-auren-participara-en-la-i-jornada-de-seguridad-en-la-industria-360-un-foro-de-referencia-para-los-profesionales-del-sector-de-la-seguridad-y-de-la-prevencion-de-riesgos\/#breadcrumb"},"inLanguage":"es","potentialAction":[{"@type":"ReadAction","target":["https:\/\/auren.com\/es\/noticias\/jose-miguel-cardona-socio-de-auren-participara-en-la-i-jornada-de-seguridad-en-la-industria-360-un-foro-de-referencia-para-los-profesionales-del-sector-de-la-seguridad-y-de-la-prevencion-de-riesgos\/"]}]},{"@type":"ImageObject","inLanguage":"es","@id":"https:\/\/auren.com\/es\/noticias\/jose-miguel-cardona-socio-de-auren-participara-en-la-i-jornada-de-seguridad-en-la-industria-360-un-foro-de-referencia-para-los-profesionales-del-sector-de-la-seguridad-y-de-la-prevencion-de-riesgos\/#primaryimage","url":"https:\/\/auren.com\/es\/wp-content\/uploads\/2017\/03\/900x520_38.jpg","contentUrl":"https:\/\/auren.com\/es\/wp-content\/uploads\/2017\/03\/900x520_38.jpg","width":900,"height":520},{"@type":"BreadcrumbList","@id":"https:\/\/auren.com\/es\/noticias\/jose-miguel-cardona-socio-de-auren-participara-en-la-i-jornada-de-seguridad-en-la-industria-360-un-foro-de-referencia-para-los-profesionales-del-sector-de-la-seguridad-y-de-la-prevencion-de-riesgos\/#breadcrumb","itemListElement":[{"@type":"ListItem","position":1,"name":"Portada","item":"https:\/\/auren.com\/es\/"},{"@type":"ListItem","position":2,"name":"Jos\u00e9 Miguel Cardona, Socio de Auren, participar\u00e1 en la I Jornada de Seguridad en la Industria 360. Un foro de referencia para los profesionales del sector de la Seguridad y de la prevenci\u00f3n de riesgos en la industria que tendr\u00e1 lugar el 29 y 30 de marzo"}]},{"@type":"WebSite","@id":"https:\/\/auren.com\/es\/#website","url":"https:\/\/auren.com\/es\/","name":"Auren","description":"","publisher":{"@id":"https:\/\/auren.com\/es\/#organization"},"alternateName":"Auren","potentialAction":[{"@type":"SearchAction","target":{"@type":"EntryPoint","urlTemplate":"https:\/\/auren.com\/es\/?s={search_term_string}"},"query-input":{"@type":"PropertyValueSpecification","valueRequired":true,"valueName":"search_term_string"}}],"inLanguage":"es"},{"@type":"Organization","@id":"https:\/\/auren.com\/es\/#organization","name":"Auren","alternateName":"Auren","url":"https:\/\/auren.com\/es\/","logo":{"@type":"ImageObject","inLanguage":"es","@id":"https:\/\/auren.com\/es\/#\/schema\/logo\/image\/","url":"https:\/\/auren.com\/es\/wp-content\/uploads\/2025\/01\/cropped-cropped-favicon-Auren.png","contentUrl":"https:\/\/auren.com\/es\/wp-content\/uploads\/2025\/01\/cropped-cropped-favicon-Auren.png","width":512,"height":512,"caption":"Auren"},"image":{"@id":"https:\/\/auren.com\/es\/#\/schema\/logo\/image\/"},"sameAs":["https:\/\/x.com\/auren_spain","https:\/\/www.linkedin.com\/company\/aurenspainserviciosprofesionales","https:\/\/www.youtube.com\/@AurenEsp","https:\/\/www.instagram.com\/auren_spain"]}]}},"_links":{"self":[{"href":"https:\/\/auren.com\/es\/wp-json\/wp\/v2\/new\/6055","targetHints":{"allow":["GET"]}}],"collection":[{"href":"https:\/\/auren.com\/es\/wp-json\/wp\/v2\/new"}],"about":[{"href":"https:\/\/auren.com\/es\/wp-json\/wp\/v2\/types\/new"}],"version-history":[{"count":0,"href":"https:\/\/auren.com\/es\/wp-json\/wp\/v2\/new\/6055\/revisions"}],"wp:featuredmedia":[{"embeddable":true,"href":"https:\/\/auren.com\/es\/wp-json\/wp\/v2\/media\/6056"}],"wp:attachment":[{"href":"https:\/\/auren.com\/es\/wp-json\/wp\/v2\/media?parent=6055"}],"wp:term":[{"taxonomy":"new-category","embeddable":true,"href":"https:\/\/auren.com\/es\/wp-json\/wp\/v2\/new-category?post=6055"}],"curies":[{"name":"wp","href":"https:\/\/api.w.org\/{rel}","templated":true}]}}