{"id":6139,"date":"2016-11-16T15:47:10","date_gmt":"2016-11-16T14:47:10","guid":{"rendered":"https:\/\/auren.com\/es\/new\/un-ano-clave-para-las-operaciones-corporativas\/"},"modified":"2016-11-16T15:47:10","modified_gmt":"2016-11-16T14:47:10","slug":"un-ano-clave-para-las-operaciones-corporativas","status":"publish","type":"new","link":"https:\/\/auren.com\/es\/noticias\/un-ano-clave-para-las-operaciones-corporativas\/","title":{"rendered":"Un a\u00f1o clave para las operaciones corporativas"},"content":{"rendered":"<p>El panorama de las operaciones corporativas del <em>middle market<\/em> (operaciones medianas) en Espa\u00f1a ha mejorado de forma sustancial en los \u00faltimos dos a\u00f1os, al aumentar significativamente el n\u00famero de estas operaciones en comparaci\u00f3n con los a\u00f1os precedentes. Han contribuido varios factores. <\/p>\n<p>Para leer la tribuna completa pulsa <a href=\"http:\/\/cincodias.com\/cincodias\/2016\/11\/01\/empresas\/1478016899_799544.html#?ref=rss&amp;format=simple&amp;link=link\">AQU\u00cd <\/a><\/p>\n<p><!-- AddThis Advanced Settings generic via filter on the_content --><!-- AddThis Share Buttons generic via filter on the_content --><\/p>\n","protected":false},"excerpt":{"rendered":"<p>Tribuna de Sergio Cerd\u00e1n, Socio de Auren Corporate<br \/>\nPublicada en Cincod\u00edas, el 2 de noviembre de 2016<\/p>\n","protected":false},"featured_media":6140,"template":"","meta":{"_acf_changed":false,"footnotes":""},"new-category":[],"class_list":["post-6139","new","type-new","status-publish","has-post-thumbnail","hentry"],"acf":[],"yoast_head":"<!-- This site is optimized with the Yoast SEO plugin v27.4 - https:\/\/yoast.com\/product\/yoast-seo-wordpress\/ -->\n<title>Un a\u00f1o clave para las operaciones corporativas - Auren Espa\u00f1a<\/title>\n<meta name=\"robots\" content=\"index, follow, max-snippet:-1, max-image-preview:large, max-video-preview:-1\" \/>\n<link rel=\"canonical\" href=\"https:\/\/auren.com\/es\/noticias\/un-ano-clave-para-las-operaciones-corporativas\/\" \/>\n<meta property=\"og:locale\" content=\"es_ES\" \/>\n<meta property=\"og:type\" content=\"article\" \/>\n<meta property=\"og:title\" content=\"Un a\u00f1o clave para las operaciones corporativas - Auren Espa\u00f1a\" \/>\n<meta property=\"og:description\" content=\"Tribuna de Sergio Cerd\u00e1n, Socio de Auren Corporate Publicada en Cincod\u00edas, el 2 de noviembre de 2016\" \/>\n<meta property=\"og:url\" content=\"https:\/\/auren.com\/es\/noticias\/un-ano-clave-para-las-operaciones-corporativas\/\" \/>\n<meta property=\"og:site_name\" content=\"Auren\" \/>\n<meta property=\"og:image\" content=\"https:\/\/auren.com\/es\/wp-content\/uploads\/2016\/11\/900x520_24.jpg\" \/>\n\t<meta property=\"og:image:width\" content=\"900\" \/>\n\t<meta property=\"og:image:height\" content=\"520\" \/>\n\t<meta property=\"og:image:type\" content=\"image\/jpeg\" \/>\n<meta name=\"twitter:card\" content=\"summary_large_image\" \/>\n<meta name=\"twitter:site\" content=\"@auren_spain\" \/>\n<script type=\"application\/ld+json\" class=\"yoast-schema-graph\">{\"@context\":\"https:\\\/\\\/schema.org\",\"@graph\":[{\"@type\":\"WebPage\",\"@id\":\"https:\\\/\\\/auren.com\\\/es\\\/noticias\\\/un-ano-clave-para-las-operaciones-corporativas\\\/\",\"url\":\"https:\\\/\\\/auren.com\\\/es\\\/noticias\\\/un-ano-clave-para-las-operaciones-corporativas\\\/\",\"name\":\"Un a\u00f1o clave para las operaciones corporativas - Auren Espa\u00f1a\",\"isPartOf\":{\"@id\":\"https:\\\/\\\/auren.com\\\/es\\\/#website\"},\"primaryImageOfPage\":{\"@id\":\"https:\\\/\\\/auren.com\\\/es\\\/noticias\\\/un-ano-clave-para-las-operaciones-corporativas\\\/#primaryimage\"},\"image\":{\"@id\":\"https:\\\/\\\/auren.com\\\/es\\\/noticias\\\/un-ano-clave-para-las-operaciones-corporativas\\\/#primaryimage\"},\"thumbnailUrl\":\"https:\\\/\\\/auren.com\\\/es\\\/wp-content\\\/uploads\\\/2016\\\/11\\\/900x520_24.jpg\",\"datePublished\":\"2016-11-16T14:47:10+00:00\",\"breadcrumb\":{\"@id\":\"https:\\\/\\\/auren.com\\\/es\\\/noticias\\\/un-ano-clave-para-las-operaciones-corporativas\\\/#breadcrumb\"},\"inLanguage\":\"es\",\"potentialAction\":[{\"@type\":\"ReadAction\",\"target\":[\"https:\\\/\\\/auren.com\\\/es\\\/noticias\\\/un-ano-clave-para-las-operaciones-corporativas\\\/\"]}]},{\"@type\":\"ImageObject\",\"inLanguage\":\"es\",\"@id\":\"https:\\\/\\\/auren.com\\\/es\\\/noticias\\\/un-ano-clave-para-las-operaciones-corporativas\\\/#primaryimage\",\"url\":\"https:\\\/\\\/auren.com\\\/es\\\/wp-content\\\/uploads\\\/2016\\\/11\\\/900x520_24.jpg\",\"contentUrl\":\"https:\\\/\\\/auren.com\\\/es\\\/wp-content\\\/uploads\\\/2016\\\/11\\\/900x520_24.jpg\",\"width\":900,\"height\":520},{\"@type\":\"BreadcrumbList\",\"@id\":\"https:\\\/\\\/auren.com\\\/es\\\/noticias\\\/un-ano-clave-para-las-operaciones-corporativas\\\/#breadcrumb\",\"itemListElement\":[{\"@type\":\"ListItem\",\"position\":1,\"name\":\"Portada\",\"item\":\"https:\\\/\\\/auren.com\\\/es\\\/\"},{\"@type\":\"ListItem\",\"position\":2,\"name\":\"Un a\u00f1o clave para las operaciones corporativas\"}]},{\"@type\":\"WebSite\",\"@id\":\"https:\\\/\\\/auren.com\\\/es\\\/#website\",\"url\":\"https:\\\/\\\/auren.com\\\/es\\\/\",\"name\":\"Auren\",\"description\":\"\",\"publisher\":{\"@id\":\"https:\\\/\\\/auren.com\\\/es\\\/#organization\"},\"alternateName\":\"Auren\",\"potentialAction\":[{\"@type\":\"SearchAction\",\"target\":{\"@type\":\"EntryPoint\",\"urlTemplate\":\"https:\\\/\\\/auren.com\\\/es\\\/?s={search_term_string}\"},\"query-input\":{\"@type\":\"PropertyValueSpecification\",\"valueRequired\":true,\"valueName\":\"search_term_string\"}}],\"inLanguage\":\"es\"},{\"@type\":\"Organization\",\"@id\":\"https:\\\/\\\/auren.com\\\/es\\\/#organization\",\"name\":\"Auren\",\"alternateName\":\"Auren\",\"url\":\"https:\\\/\\\/auren.com\\\/es\\\/\",\"logo\":{\"@type\":\"ImageObject\",\"inLanguage\":\"es\",\"@id\":\"https:\\\/\\\/auren.com\\\/es\\\/#\\\/schema\\\/logo\\\/image\\\/\",\"url\":\"https:\\\/\\\/auren.com\\\/es\\\/wp-content\\\/uploads\\\/2025\\\/01\\\/cropped-cropped-favicon-Auren.png\",\"contentUrl\":\"https:\\\/\\\/auren.com\\\/es\\\/wp-content\\\/uploads\\\/2025\\\/01\\\/cropped-cropped-favicon-Auren.png\",\"width\":512,\"height\":512,\"caption\":\"Auren\"},\"image\":{\"@id\":\"https:\\\/\\\/auren.com\\\/es\\\/#\\\/schema\\\/logo\\\/image\\\/\"},\"sameAs\":[\"https:\\\/\\\/x.com\\\/auren_spain\",\"https:\\\/\\\/www.linkedin.com\\\/company\\\/aurenspainserviciosprofesionales\",\"https:\\\/\\\/www.youtube.com\\\/@AurenEsp\",\"https:\\\/\\\/www.instagram.com\\\/auren_spain\"]}]}<\/script>\n<!-- \/ Yoast SEO plugin. -->","yoast_head_json":{"title":"Un a\u00f1o clave para las operaciones corporativas - Auren Espa\u00f1a","robots":{"index":"index","follow":"follow","max-snippet":"max-snippet:-1","max-image-preview":"max-image-preview:large","max-video-preview":"max-video-preview:-1"},"canonical":"https:\/\/auren.com\/es\/noticias\/un-ano-clave-para-las-operaciones-corporativas\/","og_locale":"es_ES","og_type":"article","og_title":"Un a\u00f1o clave para las operaciones corporativas - Auren Espa\u00f1a","og_description":"Tribuna de Sergio Cerd\u00e1n, Socio de Auren Corporate Publicada en Cincod\u00edas, el 2 de noviembre de 2016","og_url":"https:\/\/auren.com\/es\/noticias\/un-ano-clave-para-las-operaciones-corporativas\/","og_site_name":"Auren","og_image":[{"width":900,"height":520,"url":"https:\/\/auren.com\/es\/wp-content\/uploads\/2016\/11\/900x520_24.jpg","type":"image\/jpeg"}],"twitter_card":"summary_large_image","twitter_site":"@auren_spain","schema":{"@context":"https:\/\/schema.org","@graph":[{"@type":"WebPage","@id":"https:\/\/auren.com\/es\/noticias\/un-ano-clave-para-las-operaciones-corporativas\/","url":"https:\/\/auren.com\/es\/noticias\/un-ano-clave-para-las-operaciones-corporativas\/","name":"Un a\u00f1o clave para las operaciones corporativas - Auren Espa\u00f1a","isPartOf":{"@id":"https:\/\/auren.com\/es\/#website"},"primaryImageOfPage":{"@id":"https:\/\/auren.com\/es\/noticias\/un-ano-clave-para-las-operaciones-corporativas\/#primaryimage"},"image":{"@id":"https:\/\/auren.com\/es\/noticias\/un-ano-clave-para-las-operaciones-corporativas\/#primaryimage"},"thumbnailUrl":"https:\/\/auren.com\/es\/wp-content\/uploads\/2016\/11\/900x520_24.jpg","datePublished":"2016-11-16T14:47:10+00:00","breadcrumb":{"@id":"https:\/\/auren.com\/es\/noticias\/un-ano-clave-para-las-operaciones-corporativas\/#breadcrumb"},"inLanguage":"es","potentialAction":[{"@type":"ReadAction","target":["https:\/\/auren.com\/es\/noticias\/un-ano-clave-para-las-operaciones-corporativas\/"]}]},{"@type":"ImageObject","inLanguage":"es","@id":"https:\/\/auren.com\/es\/noticias\/un-ano-clave-para-las-operaciones-corporativas\/#primaryimage","url":"https:\/\/auren.com\/es\/wp-content\/uploads\/2016\/11\/900x520_24.jpg","contentUrl":"https:\/\/auren.com\/es\/wp-content\/uploads\/2016\/11\/900x520_24.jpg","width":900,"height":520},{"@type":"BreadcrumbList","@id":"https:\/\/auren.com\/es\/noticias\/un-ano-clave-para-las-operaciones-corporativas\/#breadcrumb","itemListElement":[{"@type":"ListItem","position":1,"name":"Portada","item":"https:\/\/auren.com\/es\/"},{"@type":"ListItem","position":2,"name":"Un a\u00f1o clave para las operaciones corporativas"}]},{"@type":"WebSite","@id":"https:\/\/auren.com\/es\/#website","url":"https:\/\/auren.com\/es\/","name":"Auren","description":"","publisher":{"@id":"https:\/\/auren.com\/es\/#organization"},"alternateName":"Auren","potentialAction":[{"@type":"SearchAction","target":{"@type":"EntryPoint","urlTemplate":"https:\/\/auren.com\/es\/?s={search_term_string}"},"query-input":{"@type":"PropertyValueSpecification","valueRequired":true,"valueName":"search_term_string"}}],"inLanguage":"es"},{"@type":"Organization","@id":"https:\/\/auren.com\/es\/#organization","name":"Auren","alternateName":"Auren","url":"https:\/\/auren.com\/es\/","logo":{"@type":"ImageObject","inLanguage":"es","@id":"https:\/\/auren.com\/es\/#\/schema\/logo\/image\/","url":"https:\/\/auren.com\/es\/wp-content\/uploads\/2025\/01\/cropped-cropped-favicon-Auren.png","contentUrl":"https:\/\/auren.com\/es\/wp-content\/uploads\/2025\/01\/cropped-cropped-favicon-Auren.png","width":512,"height":512,"caption":"Auren"},"image":{"@id":"https:\/\/auren.com\/es\/#\/schema\/logo\/image\/"},"sameAs":["https:\/\/x.com\/auren_spain","https:\/\/www.linkedin.com\/company\/aurenspainserviciosprofesionales","https:\/\/www.youtube.com\/@AurenEsp","https:\/\/www.instagram.com\/auren_spain"]}]}},"_links":{"self":[{"href":"https:\/\/auren.com\/es\/wp-json\/wp\/v2\/new\/6139","targetHints":{"allow":["GET"]}}],"collection":[{"href":"https:\/\/auren.com\/es\/wp-json\/wp\/v2\/new"}],"about":[{"href":"https:\/\/auren.com\/es\/wp-json\/wp\/v2\/types\/new"}],"version-history":[{"count":0,"href":"https:\/\/auren.com\/es\/wp-json\/wp\/v2\/new\/6139\/revisions"}],"wp:featuredmedia":[{"embeddable":true,"href":"https:\/\/auren.com\/es\/wp-json\/wp\/v2\/media\/6140"}],"wp:attachment":[{"href":"https:\/\/auren.com\/es\/wp-json\/wp\/v2\/media?parent=6139"}],"wp:term":[{"taxonomy":"new-category","embeddable":true,"href":"https:\/\/auren.com\/es\/wp-json\/wp\/v2\/new-category?post=6139"}],"curies":[{"name":"wp","href":"https:\/\/api.w.org\/{rel}","templated":true}]}}