{"id":6232,"date":"2016-06-22T10:22:47","date_gmt":"2016-06-22T08:22:47","guid":{"rendered":"https:\/\/auren.com\/es\/new\/auren-colabora-en-la-jornada-organizada-por-adeit-fundacion-universidad-empresa-de-la-universidad-de-valencia\/"},"modified":"2016-06-22T10:22:47","modified_gmt":"2016-06-22T08:22:47","slug":"auren-colabora-en-la-jornada-organizada-por-adeit-fundacion-universidad-empresa-de-la-universidad-de-valencia","status":"publish","type":"new","link":"https:\/\/auren.com\/es\/noticias\/auren-colabora-en-la-jornada-organizada-por-adeit-fundacion-universidad-empresa-de-la-universidad-de-valencia\/","title":{"rendered":"Auren colabora en la  Jornada organizada por ADEIT &#8211; Fundaci\u00f3n Universidad-Empresa de la Universidad de Valencia."},"content":{"rendered":"<p style=\"text-align: justify;\">El pr\u00f3ximo 21 de Septiembre, Auren, como empresa experta en el \u00e1mbito de aseguramiento de procesos y sistemas en el sector p\u00fablico y representada por D. Jos\u00e9 Miguel Cardona, socio de la divisi\u00f3n de Seguridad de la Informaci\u00f3n, colaborar\u00e1 y participar\u00e1 como profesor en las Jornadas sobre la Modernizaci\u00f3n en las Relaciones Externas e Internas de las Administraciones P\u00fablicas, con t\u00edtulo \u00abPrincipales Novedades de la Ley 39\/2015 y 40\/2015\u00bb. En concreto presentar\u00e1 la sesi\u00f3n \u00abSeguridad de los Datos en el marco de los Procedimientos electr\u00f3nicos\u00bb.<\/p>\n<p style=\"text-align: justify;\"> Esta jornada est\u00e1 organizada por el ADEIT &#8211; Fundaci\u00f3n Universidad-Empresa de la Universidad de Valencia y tiene como objetivo analizar las principales novedades que las leyes: Ley 39\/2015, de 1 de octubre de Procedimiento Administrativo Com\u00fan de las Administraciones P\u00fablicas y la Ley 40\/2015, de 1 de octubre de R\u00e9gimen jur\u00eddico del Sector P\u00fablico, introducen en nuestro ordenamiento jur\u00eddico, sus efectos y los posibles problemas que su aplicaci\u00f3n pueda ocasionar.<\/p>\n<p>  M\u00e1s informaci\u00f3n pulsa <a href=\"http:\/\/congresos.adeituv.es\/adminpublicas\/ficha.es.html\" target=\"_blank\" rel=\"noopener noreferrer\">AQU\u00cd<\/a> <\/p>\n<p><!-- AddThis Advanced Settings generic via filter on the_content --><!-- AddThis Share Buttons generic via filter on the_content --><\/p>\n","protected":false},"excerpt":{"rendered":"<p>El pr\u00f3ximo 21 de Septiembre, Auren, como empresa experta en el \u00e1mbito de aseguramiento de procesos y sistemas en el sector p\u00fablico y representada por D. Jos\u00e9 Miguel Cardona, socio [&hellip;]<\/p>\n","protected":false},"featured_media":6233,"template":"","meta":{"_acf_changed":false,"footnotes":""},"new-category":[],"class_list":["post-6232","new","type-new","status-publish","has-post-thumbnail","hentry"],"acf":[],"yoast_head":"<!-- This site is optimized with the Yoast SEO plugin v27.5 - https:\/\/yoast.com\/product\/yoast-seo-wordpress\/ -->\n<title>Auren colabora en la Jornada organizada por ADEIT - Fundaci\u00f3n Universidad-Empresa de la Universidad de Valencia. - Auren Espa\u00f1a<\/title>\n<meta name=\"robots\" content=\"index, follow, max-snippet:-1, max-image-preview:large, max-video-preview:-1\" \/>\n<link rel=\"canonical\" href=\"https:\/\/auren.com\/es\/noticias\/auren-colabora-en-la-jornada-organizada-por-adeit-fundacion-universidad-empresa-de-la-universidad-de-valencia\/\" \/>\n<meta property=\"og:locale\" content=\"es_ES\" \/>\n<meta property=\"og:type\" content=\"article\" \/>\n<meta property=\"og:title\" content=\"Auren colabora en la Jornada organizada por ADEIT - Fundaci\u00f3n Universidad-Empresa de la Universidad de Valencia. - Auren Espa\u00f1a\" \/>\n<meta property=\"og:description\" content=\"El pr\u00f3ximo 21 de Septiembre, Auren, como empresa experta en el \u00e1mbito de aseguramiento de procesos y sistemas en el sector p\u00fablico y representada por D. Jos\u00e9 Miguel Cardona, socio [&hellip;]\" \/>\n<meta property=\"og:url\" content=\"https:\/\/auren.com\/es\/noticias\/auren-colabora-en-la-jornada-organizada-por-adeit-fundacion-universidad-empresa-de-la-universidad-de-valencia\/\" \/>\n<meta property=\"og:site_name\" content=\"Auren\" \/>\n<meta property=\"og:image\" content=\"https:\/\/auren.com\/es\/wp-content\/uploads\/2016\/06\/900x520_08.jpg\" \/>\n\t<meta property=\"og:image:width\" content=\"900\" \/>\n\t<meta property=\"og:image:height\" content=\"520\" \/>\n\t<meta property=\"og:image:type\" content=\"image\/jpeg\" \/>\n<meta name=\"twitter:card\" content=\"summary_large_image\" \/>\n<meta name=\"twitter:site\" content=\"@auren_spain\" \/>\n<meta name=\"twitter:label1\" content=\"Tiempo de lectura\" \/>\n\t<meta name=\"twitter:data1\" content=\"1 minuto\" \/>\n<script type=\"application\/ld+json\" class=\"yoast-schema-graph\">{\"@context\":\"https:\\\/\\\/schema.org\",\"@graph\":[{\"@type\":\"WebPage\",\"@id\":\"https:\\\/\\\/auren.com\\\/es\\\/noticias\\\/auren-colabora-en-la-jornada-organizada-por-adeit-fundacion-universidad-empresa-de-la-universidad-de-valencia\\\/\",\"url\":\"https:\\\/\\\/auren.com\\\/es\\\/noticias\\\/auren-colabora-en-la-jornada-organizada-por-adeit-fundacion-universidad-empresa-de-la-universidad-de-valencia\\\/\",\"name\":\"Auren colabora en la Jornada organizada por ADEIT - Fundaci\u00f3n Universidad-Empresa de la Universidad de Valencia. - Auren Espa\u00f1a\",\"isPartOf\":{\"@id\":\"https:\\\/\\\/auren.com\\\/es\\\/#website\"},\"primaryImageOfPage\":{\"@id\":\"https:\\\/\\\/auren.com\\\/es\\\/noticias\\\/auren-colabora-en-la-jornada-organizada-por-adeit-fundacion-universidad-empresa-de-la-universidad-de-valencia\\\/#primaryimage\"},\"image\":{\"@id\":\"https:\\\/\\\/auren.com\\\/es\\\/noticias\\\/auren-colabora-en-la-jornada-organizada-por-adeit-fundacion-universidad-empresa-de-la-universidad-de-valencia\\\/#primaryimage\"},\"thumbnailUrl\":\"https:\\\/\\\/auren.com\\\/es\\\/wp-content\\\/uploads\\\/2016\\\/06\\\/900x520_08.jpg\",\"datePublished\":\"2016-06-22T08:22:47+00:00\",\"breadcrumb\":{\"@id\":\"https:\\\/\\\/auren.com\\\/es\\\/noticias\\\/auren-colabora-en-la-jornada-organizada-por-adeit-fundacion-universidad-empresa-de-la-universidad-de-valencia\\\/#breadcrumb\"},\"inLanguage\":\"es\",\"potentialAction\":[{\"@type\":\"ReadAction\",\"target\":[\"https:\\\/\\\/auren.com\\\/es\\\/noticias\\\/auren-colabora-en-la-jornada-organizada-por-adeit-fundacion-universidad-empresa-de-la-universidad-de-valencia\\\/\"]}]},{\"@type\":\"ImageObject\",\"inLanguage\":\"es\",\"@id\":\"https:\\\/\\\/auren.com\\\/es\\\/noticias\\\/auren-colabora-en-la-jornada-organizada-por-adeit-fundacion-universidad-empresa-de-la-universidad-de-valencia\\\/#primaryimage\",\"url\":\"https:\\\/\\\/auren.com\\\/es\\\/wp-content\\\/uploads\\\/2016\\\/06\\\/900x520_08.jpg\",\"contentUrl\":\"https:\\\/\\\/auren.com\\\/es\\\/wp-content\\\/uploads\\\/2016\\\/06\\\/900x520_08.jpg\",\"width\":900,\"height\":520},{\"@type\":\"BreadcrumbList\",\"@id\":\"https:\\\/\\\/auren.com\\\/es\\\/noticias\\\/auren-colabora-en-la-jornada-organizada-por-adeit-fundacion-universidad-empresa-de-la-universidad-de-valencia\\\/#breadcrumb\",\"itemListElement\":[{\"@type\":\"ListItem\",\"position\":1,\"name\":\"Portada\",\"item\":\"https:\\\/\\\/auren.com\\\/es\\\/\"},{\"@type\":\"ListItem\",\"position\":2,\"name\":\"Auren colabora en la Jornada organizada por ADEIT &#8211; Fundaci\u00f3n Universidad-Empresa de la Universidad de Valencia.\"}]},{\"@type\":\"WebSite\",\"@id\":\"https:\\\/\\\/auren.com\\\/es\\\/#website\",\"url\":\"https:\\\/\\\/auren.com\\\/es\\\/\",\"name\":\"Auren\",\"description\":\"\",\"publisher\":{\"@id\":\"https:\\\/\\\/auren.com\\\/es\\\/#organization\"},\"alternateName\":\"Auren\",\"potentialAction\":[{\"@type\":\"SearchAction\",\"target\":{\"@type\":\"EntryPoint\",\"urlTemplate\":\"https:\\\/\\\/auren.com\\\/es\\\/?s={search_term_string}\"},\"query-input\":{\"@type\":\"PropertyValueSpecification\",\"valueRequired\":true,\"valueName\":\"search_term_string\"}}],\"inLanguage\":\"es\"},{\"@type\":\"Organization\",\"@id\":\"https:\\\/\\\/auren.com\\\/es\\\/#organization\",\"name\":\"Auren\",\"alternateName\":\"Auren\",\"url\":\"https:\\\/\\\/auren.com\\\/es\\\/\",\"logo\":{\"@type\":\"ImageObject\",\"inLanguage\":\"es\",\"@id\":\"https:\\\/\\\/auren.com\\\/es\\\/#\\\/schema\\\/logo\\\/image\\\/\",\"url\":\"https:\\\/\\\/auren.com\\\/es\\\/wp-content\\\/uploads\\\/2025\\\/01\\\/cropped-cropped-favicon-Auren.png\",\"contentUrl\":\"https:\\\/\\\/auren.com\\\/es\\\/wp-content\\\/uploads\\\/2025\\\/01\\\/cropped-cropped-favicon-Auren.png\",\"width\":512,\"height\":512,\"caption\":\"Auren\"},\"image\":{\"@id\":\"https:\\\/\\\/auren.com\\\/es\\\/#\\\/schema\\\/logo\\\/image\\\/\"},\"sameAs\":[\"https:\\\/\\\/x.com\\\/auren_spain\",\"https:\\\/\\\/www.linkedin.com\\\/company\\\/aurenspainserviciosprofesionales\",\"https:\\\/\\\/www.youtube.com\\\/@AurenEsp\",\"https:\\\/\\\/www.instagram.com\\\/auren_spain\"]}]}<\/script>\n<!-- \/ Yoast SEO plugin. -->","yoast_head_json":{"title":"Auren colabora en la Jornada organizada por ADEIT - Fundaci\u00f3n Universidad-Empresa de la Universidad de Valencia. - Auren Espa\u00f1a","robots":{"index":"index","follow":"follow","max-snippet":"max-snippet:-1","max-image-preview":"max-image-preview:large","max-video-preview":"max-video-preview:-1"},"canonical":"https:\/\/auren.com\/es\/noticias\/auren-colabora-en-la-jornada-organizada-por-adeit-fundacion-universidad-empresa-de-la-universidad-de-valencia\/","og_locale":"es_ES","og_type":"article","og_title":"Auren colabora en la Jornada organizada por ADEIT - Fundaci\u00f3n Universidad-Empresa de la Universidad de Valencia. - Auren Espa\u00f1a","og_description":"El pr\u00f3ximo 21 de Septiembre, Auren, como empresa experta en el \u00e1mbito de aseguramiento de procesos y sistemas en el sector p\u00fablico y representada por D. Jos\u00e9 Miguel Cardona, socio [&hellip;]","og_url":"https:\/\/auren.com\/es\/noticias\/auren-colabora-en-la-jornada-organizada-por-adeit-fundacion-universidad-empresa-de-la-universidad-de-valencia\/","og_site_name":"Auren","og_image":[{"width":900,"height":520,"url":"https:\/\/auren.com\/es\/wp-content\/uploads\/2016\/06\/900x520_08.jpg","type":"image\/jpeg"}],"twitter_card":"summary_large_image","twitter_site":"@auren_spain","twitter_misc":{"Tiempo de lectura":"1 minuto"},"schema":{"@context":"https:\/\/schema.org","@graph":[{"@type":"WebPage","@id":"https:\/\/auren.com\/es\/noticias\/auren-colabora-en-la-jornada-organizada-por-adeit-fundacion-universidad-empresa-de-la-universidad-de-valencia\/","url":"https:\/\/auren.com\/es\/noticias\/auren-colabora-en-la-jornada-organizada-por-adeit-fundacion-universidad-empresa-de-la-universidad-de-valencia\/","name":"Auren colabora en la Jornada organizada por ADEIT - Fundaci\u00f3n Universidad-Empresa de la Universidad de Valencia. - Auren Espa\u00f1a","isPartOf":{"@id":"https:\/\/auren.com\/es\/#website"},"primaryImageOfPage":{"@id":"https:\/\/auren.com\/es\/noticias\/auren-colabora-en-la-jornada-organizada-por-adeit-fundacion-universidad-empresa-de-la-universidad-de-valencia\/#primaryimage"},"image":{"@id":"https:\/\/auren.com\/es\/noticias\/auren-colabora-en-la-jornada-organizada-por-adeit-fundacion-universidad-empresa-de-la-universidad-de-valencia\/#primaryimage"},"thumbnailUrl":"https:\/\/auren.com\/es\/wp-content\/uploads\/2016\/06\/900x520_08.jpg","datePublished":"2016-06-22T08:22:47+00:00","breadcrumb":{"@id":"https:\/\/auren.com\/es\/noticias\/auren-colabora-en-la-jornada-organizada-por-adeit-fundacion-universidad-empresa-de-la-universidad-de-valencia\/#breadcrumb"},"inLanguage":"es","potentialAction":[{"@type":"ReadAction","target":["https:\/\/auren.com\/es\/noticias\/auren-colabora-en-la-jornada-organizada-por-adeit-fundacion-universidad-empresa-de-la-universidad-de-valencia\/"]}]},{"@type":"ImageObject","inLanguage":"es","@id":"https:\/\/auren.com\/es\/noticias\/auren-colabora-en-la-jornada-organizada-por-adeit-fundacion-universidad-empresa-de-la-universidad-de-valencia\/#primaryimage","url":"https:\/\/auren.com\/es\/wp-content\/uploads\/2016\/06\/900x520_08.jpg","contentUrl":"https:\/\/auren.com\/es\/wp-content\/uploads\/2016\/06\/900x520_08.jpg","width":900,"height":520},{"@type":"BreadcrumbList","@id":"https:\/\/auren.com\/es\/noticias\/auren-colabora-en-la-jornada-organizada-por-adeit-fundacion-universidad-empresa-de-la-universidad-de-valencia\/#breadcrumb","itemListElement":[{"@type":"ListItem","position":1,"name":"Portada","item":"https:\/\/auren.com\/es\/"},{"@type":"ListItem","position":2,"name":"Auren colabora en la Jornada organizada por ADEIT &#8211; Fundaci\u00f3n Universidad-Empresa de la Universidad de Valencia."}]},{"@type":"WebSite","@id":"https:\/\/auren.com\/es\/#website","url":"https:\/\/auren.com\/es\/","name":"Auren","description":"","publisher":{"@id":"https:\/\/auren.com\/es\/#organization"},"alternateName":"Auren","potentialAction":[{"@type":"SearchAction","target":{"@type":"EntryPoint","urlTemplate":"https:\/\/auren.com\/es\/?s={search_term_string}"},"query-input":{"@type":"PropertyValueSpecification","valueRequired":true,"valueName":"search_term_string"}}],"inLanguage":"es"},{"@type":"Organization","@id":"https:\/\/auren.com\/es\/#organization","name":"Auren","alternateName":"Auren","url":"https:\/\/auren.com\/es\/","logo":{"@type":"ImageObject","inLanguage":"es","@id":"https:\/\/auren.com\/es\/#\/schema\/logo\/image\/","url":"https:\/\/auren.com\/es\/wp-content\/uploads\/2025\/01\/cropped-cropped-favicon-Auren.png","contentUrl":"https:\/\/auren.com\/es\/wp-content\/uploads\/2025\/01\/cropped-cropped-favicon-Auren.png","width":512,"height":512,"caption":"Auren"},"image":{"@id":"https:\/\/auren.com\/es\/#\/schema\/logo\/image\/"},"sameAs":["https:\/\/x.com\/auren_spain","https:\/\/www.linkedin.com\/company\/aurenspainserviciosprofesionales","https:\/\/www.youtube.com\/@AurenEsp","https:\/\/www.instagram.com\/auren_spain"]}]}},"_links":{"self":[{"href":"https:\/\/auren.com\/es\/wp-json\/wp\/v2\/new\/6232","targetHints":{"allow":["GET"]}}],"collection":[{"href":"https:\/\/auren.com\/es\/wp-json\/wp\/v2\/new"}],"about":[{"href":"https:\/\/auren.com\/es\/wp-json\/wp\/v2\/types\/new"}],"version-history":[{"count":0,"href":"https:\/\/auren.com\/es\/wp-json\/wp\/v2\/new\/6232\/revisions"}],"wp:featuredmedia":[{"embeddable":true,"href":"https:\/\/auren.com\/es\/wp-json\/wp\/v2\/media\/6233"}],"wp:attachment":[{"href":"https:\/\/auren.com\/es\/wp-json\/wp\/v2\/media?parent=6232"}],"wp:term":[{"taxonomy":"new-category","embeddable":true,"href":"https:\/\/auren.com\/es\/wp-json\/wp\/v2\/new-category?post=6232"}],"curies":[{"name":"wp","href":"https:\/\/api.w.org\/{rel}","templated":true}]}}