{"id":6268,"date":"2016-05-26T08:24:33","date_gmt":"2016-05-26T06:24:33","guid":{"rendered":"https:\/\/auren.com\/es\/new\/auren-colabora-en-la-vi-jornada-anual-del-itsmf-en-la-comunidad-valenciana-dedicada-a-la-gestion-y-gobierno-de-las-tics\/"},"modified":"2016-05-26T08:24:33","modified_gmt":"2016-05-26T06:24:33","slug":"auren-colabora-en-la-vi-jornada-anual-del-itsmf-en-la-comunidad-valenciana-dedicada-a-la-gestion-y-gobierno-de-las-tics","status":"publish","type":"new","link":"https:\/\/auren.com\/es\/noticias\/auren-colabora-en-la-vi-jornada-anual-del-itsmf-en-la-comunidad-valenciana-dedicada-a-la-gestion-y-gobierno-de-las-tics\/","title":{"rendered":"Auren colabora en la  VI Jornada Anual del ITSMF en la Comunidad Valenciana dedicada a la gesti\u00f3n y gobierno de las Tics."},"content":{"rendered":"<p>El \u00c1rea de Consultor\u00eda &#8211; Seguridad de la Informaci\u00f3n participar\u00e1 en el evento de la VI Jornada Anual en la Comunidad Valenciana del itSMF (Information Technology Service Management Forum) el 2 de Junio de 2016 la sexta Jornada sobre Gesti\u00f3n y Gobierno de TI, bajo el lema: \u00abPerspectivas de la Gesti\u00f3n y Gobierno de TI en la Comunidad Valenciana\u00bb.<\/p>\n<p> ITSMF es una gran comunidad mundial de conocimiento para compartir pr\u00e1cticas sobre el gobierno y la gesti\u00f3n del servicio de las Tecnolog\u00edas de la Informaci\u00f3n (TI) y en particular este evento est\u00e1 organizado por el Comit\u00e9 de la Comunidad Valenciana de itSMF y un conjunto de organizaciones profesionales de la CV. <\/p>\n<p> En el marco de esta Jornada, D. Renato Aquilino, Consultor Senior del \u00e1rea de Seguridad de la Informaci\u00f3n de Auren, participar\u00e1 junto con otros profesionales de primer nivel en la mesa redonda \u00abGobierno TI: Roles, perspectivas y oportunidades profesionales\u00bb<\/p>\n<p>Mas informaci\u00f3n pulsa <a href=\"http:\/\/www.itsmf.es\/index.php?option=com_content&amp;view=article&amp;id=2231:vi-jornada-itsmf-en-valencia-el-2-junio-2016&amp;catid=79:noticias&amp;Itemid=401\" target=\"_blank\" rel=\"noopener noreferrer\">AQU\u00cd<\/a><\/p>\n<p><!-- AddThis Advanced Settings generic via filter on the_content --><!-- AddThis Share Buttons generic via filter on the_content --><\/p>\n","protected":false},"excerpt":{"rendered":"<p> Informaci\u00f3n de ITSMF- Information Technology Service Management Forum <\/p>\n","protected":false},"featured_media":6269,"template":"","meta":{"_acf_changed":false,"footnotes":""},"new-category":[],"class_list":["post-6268","new","type-new","status-publish","has-post-thumbnail","hentry"],"acf":[],"yoast_head":"<!-- This site is optimized with the Yoast SEO plugin v27.4 - https:\/\/yoast.com\/product\/yoast-seo-wordpress\/ -->\n<title>Auren colabora en la VI Jornada Anual del ITSMF en la Comunidad Valenciana dedicada a la gesti\u00f3n y gobierno de las Tics. - Auren Espa\u00f1a<\/title>\n<meta name=\"robots\" content=\"index, follow, max-snippet:-1, max-image-preview:large, max-video-preview:-1\" \/>\n<link rel=\"canonical\" href=\"https:\/\/auren.com\/es\/noticias\/auren-colabora-en-la-vi-jornada-anual-del-itsmf-en-la-comunidad-valenciana-dedicada-a-la-gestion-y-gobierno-de-las-tics\/\" \/>\n<meta property=\"og:locale\" content=\"es_ES\" \/>\n<meta property=\"og:type\" content=\"article\" \/>\n<meta property=\"og:title\" content=\"Auren colabora en la VI Jornada Anual del ITSMF en la Comunidad Valenciana dedicada a la gesti\u00f3n y gobierno de las Tics. - Auren Espa\u00f1a\" \/>\n<meta property=\"og:description\" content=\"Informaci\u00f3n de ITSMF- Information Technology Service Management Forum\" \/>\n<meta property=\"og:url\" content=\"https:\/\/auren.com\/es\/noticias\/auren-colabora-en-la-vi-jornada-anual-del-itsmf-en-la-comunidad-valenciana-dedicada-a-la-gestion-y-gobierno-de-las-tics\/\" \/>\n<meta property=\"og:site_name\" content=\"Auren\" \/>\n<meta property=\"og:image\" content=\"https:\/\/auren.com\/es\/wp-content\/uploads\/2016\/05\/900x520_23.jpg\" \/>\n\t<meta property=\"og:image:width\" content=\"900\" \/>\n\t<meta property=\"og:image:height\" content=\"520\" \/>\n\t<meta property=\"og:image:type\" content=\"image\/jpeg\" \/>\n<meta name=\"twitter:card\" content=\"summary_large_image\" \/>\n<meta name=\"twitter:site\" content=\"@auren_spain\" \/>\n<meta name=\"twitter:label1\" content=\"Tiempo de lectura\" \/>\n\t<meta name=\"twitter:data1\" content=\"1 minuto\" \/>\n<script type=\"application\/ld+json\" class=\"yoast-schema-graph\">{\"@context\":\"https:\\\/\\\/schema.org\",\"@graph\":[{\"@type\":\"WebPage\",\"@id\":\"https:\\\/\\\/auren.com\\\/es\\\/noticias\\\/auren-colabora-en-la-vi-jornada-anual-del-itsmf-en-la-comunidad-valenciana-dedicada-a-la-gestion-y-gobierno-de-las-tics\\\/\",\"url\":\"https:\\\/\\\/auren.com\\\/es\\\/noticias\\\/auren-colabora-en-la-vi-jornada-anual-del-itsmf-en-la-comunidad-valenciana-dedicada-a-la-gestion-y-gobierno-de-las-tics\\\/\",\"name\":\"Auren colabora en la VI Jornada Anual del ITSMF en la Comunidad Valenciana dedicada a la gesti\u00f3n y gobierno de las Tics. - Auren Espa\u00f1a\",\"isPartOf\":{\"@id\":\"https:\\\/\\\/auren.com\\\/es\\\/#website\"},\"primaryImageOfPage\":{\"@id\":\"https:\\\/\\\/auren.com\\\/es\\\/noticias\\\/auren-colabora-en-la-vi-jornada-anual-del-itsmf-en-la-comunidad-valenciana-dedicada-a-la-gestion-y-gobierno-de-las-tics\\\/#primaryimage\"},\"image\":{\"@id\":\"https:\\\/\\\/auren.com\\\/es\\\/noticias\\\/auren-colabora-en-la-vi-jornada-anual-del-itsmf-en-la-comunidad-valenciana-dedicada-a-la-gestion-y-gobierno-de-las-tics\\\/#primaryimage\"},\"thumbnailUrl\":\"https:\\\/\\\/auren.com\\\/es\\\/wp-content\\\/uploads\\\/2016\\\/05\\\/900x520_23.jpg\",\"datePublished\":\"2016-05-26T06:24:33+00:00\",\"breadcrumb\":{\"@id\":\"https:\\\/\\\/auren.com\\\/es\\\/noticias\\\/auren-colabora-en-la-vi-jornada-anual-del-itsmf-en-la-comunidad-valenciana-dedicada-a-la-gestion-y-gobierno-de-las-tics\\\/#breadcrumb\"},\"inLanguage\":\"es\",\"potentialAction\":[{\"@type\":\"ReadAction\",\"target\":[\"https:\\\/\\\/auren.com\\\/es\\\/noticias\\\/auren-colabora-en-la-vi-jornada-anual-del-itsmf-en-la-comunidad-valenciana-dedicada-a-la-gestion-y-gobierno-de-las-tics\\\/\"]}]},{\"@type\":\"ImageObject\",\"inLanguage\":\"es\",\"@id\":\"https:\\\/\\\/auren.com\\\/es\\\/noticias\\\/auren-colabora-en-la-vi-jornada-anual-del-itsmf-en-la-comunidad-valenciana-dedicada-a-la-gestion-y-gobierno-de-las-tics\\\/#primaryimage\",\"url\":\"https:\\\/\\\/auren.com\\\/es\\\/wp-content\\\/uploads\\\/2016\\\/05\\\/900x520_23.jpg\",\"contentUrl\":\"https:\\\/\\\/auren.com\\\/es\\\/wp-content\\\/uploads\\\/2016\\\/05\\\/900x520_23.jpg\",\"width\":900,\"height\":520},{\"@type\":\"BreadcrumbList\",\"@id\":\"https:\\\/\\\/auren.com\\\/es\\\/noticias\\\/auren-colabora-en-la-vi-jornada-anual-del-itsmf-en-la-comunidad-valenciana-dedicada-a-la-gestion-y-gobierno-de-las-tics\\\/#breadcrumb\",\"itemListElement\":[{\"@type\":\"ListItem\",\"position\":1,\"name\":\"Portada\",\"item\":\"https:\\\/\\\/auren.com\\\/es\\\/\"},{\"@type\":\"ListItem\",\"position\":2,\"name\":\"Auren colabora en la VI Jornada Anual del ITSMF en la Comunidad Valenciana dedicada a la gesti\u00f3n y gobierno de las Tics.\"}]},{\"@type\":\"WebSite\",\"@id\":\"https:\\\/\\\/auren.com\\\/es\\\/#website\",\"url\":\"https:\\\/\\\/auren.com\\\/es\\\/\",\"name\":\"Auren\",\"description\":\"\",\"publisher\":{\"@id\":\"https:\\\/\\\/auren.com\\\/es\\\/#organization\"},\"alternateName\":\"Auren\",\"potentialAction\":[{\"@type\":\"SearchAction\",\"target\":{\"@type\":\"EntryPoint\",\"urlTemplate\":\"https:\\\/\\\/auren.com\\\/es\\\/?s={search_term_string}\"},\"query-input\":{\"@type\":\"PropertyValueSpecification\",\"valueRequired\":true,\"valueName\":\"search_term_string\"}}],\"inLanguage\":\"es\"},{\"@type\":\"Organization\",\"@id\":\"https:\\\/\\\/auren.com\\\/es\\\/#organization\",\"name\":\"Auren\",\"alternateName\":\"Auren\",\"url\":\"https:\\\/\\\/auren.com\\\/es\\\/\",\"logo\":{\"@type\":\"ImageObject\",\"inLanguage\":\"es\",\"@id\":\"https:\\\/\\\/auren.com\\\/es\\\/#\\\/schema\\\/logo\\\/image\\\/\",\"url\":\"https:\\\/\\\/auren.com\\\/es\\\/wp-content\\\/uploads\\\/2025\\\/01\\\/cropped-cropped-favicon-Auren.png\",\"contentUrl\":\"https:\\\/\\\/auren.com\\\/es\\\/wp-content\\\/uploads\\\/2025\\\/01\\\/cropped-cropped-favicon-Auren.png\",\"width\":512,\"height\":512,\"caption\":\"Auren\"},\"image\":{\"@id\":\"https:\\\/\\\/auren.com\\\/es\\\/#\\\/schema\\\/logo\\\/image\\\/\"},\"sameAs\":[\"https:\\\/\\\/x.com\\\/auren_spain\",\"https:\\\/\\\/www.linkedin.com\\\/company\\\/aurenspainserviciosprofesionales\",\"https:\\\/\\\/www.youtube.com\\\/@AurenEsp\",\"https:\\\/\\\/www.instagram.com\\\/auren_spain\"]}]}<\/script>\n<!-- \/ Yoast SEO plugin. -->","yoast_head_json":{"title":"Auren colabora en la VI Jornada Anual del ITSMF en la Comunidad Valenciana dedicada a la gesti\u00f3n y gobierno de las Tics. - Auren Espa\u00f1a","robots":{"index":"index","follow":"follow","max-snippet":"max-snippet:-1","max-image-preview":"max-image-preview:large","max-video-preview":"max-video-preview:-1"},"canonical":"https:\/\/auren.com\/es\/noticias\/auren-colabora-en-la-vi-jornada-anual-del-itsmf-en-la-comunidad-valenciana-dedicada-a-la-gestion-y-gobierno-de-las-tics\/","og_locale":"es_ES","og_type":"article","og_title":"Auren colabora en la VI Jornada Anual del ITSMF en la Comunidad Valenciana dedicada a la gesti\u00f3n y gobierno de las Tics. - Auren Espa\u00f1a","og_description":"Informaci\u00f3n de ITSMF- Information Technology Service Management Forum","og_url":"https:\/\/auren.com\/es\/noticias\/auren-colabora-en-la-vi-jornada-anual-del-itsmf-en-la-comunidad-valenciana-dedicada-a-la-gestion-y-gobierno-de-las-tics\/","og_site_name":"Auren","og_image":[{"width":900,"height":520,"url":"https:\/\/auren.com\/es\/wp-content\/uploads\/2016\/05\/900x520_23.jpg","type":"image\/jpeg"}],"twitter_card":"summary_large_image","twitter_site":"@auren_spain","twitter_misc":{"Tiempo de lectura":"1 minuto"},"schema":{"@context":"https:\/\/schema.org","@graph":[{"@type":"WebPage","@id":"https:\/\/auren.com\/es\/noticias\/auren-colabora-en-la-vi-jornada-anual-del-itsmf-en-la-comunidad-valenciana-dedicada-a-la-gestion-y-gobierno-de-las-tics\/","url":"https:\/\/auren.com\/es\/noticias\/auren-colabora-en-la-vi-jornada-anual-del-itsmf-en-la-comunidad-valenciana-dedicada-a-la-gestion-y-gobierno-de-las-tics\/","name":"Auren colabora en la VI Jornada Anual del ITSMF en la Comunidad Valenciana dedicada a la gesti\u00f3n y gobierno de las Tics. - Auren Espa\u00f1a","isPartOf":{"@id":"https:\/\/auren.com\/es\/#website"},"primaryImageOfPage":{"@id":"https:\/\/auren.com\/es\/noticias\/auren-colabora-en-la-vi-jornada-anual-del-itsmf-en-la-comunidad-valenciana-dedicada-a-la-gestion-y-gobierno-de-las-tics\/#primaryimage"},"image":{"@id":"https:\/\/auren.com\/es\/noticias\/auren-colabora-en-la-vi-jornada-anual-del-itsmf-en-la-comunidad-valenciana-dedicada-a-la-gestion-y-gobierno-de-las-tics\/#primaryimage"},"thumbnailUrl":"https:\/\/auren.com\/es\/wp-content\/uploads\/2016\/05\/900x520_23.jpg","datePublished":"2016-05-26T06:24:33+00:00","breadcrumb":{"@id":"https:\/\/auren.com\/es\/noticias\/auren-colabora-en-la-vi-jornada-anual-del-itsmf-en-la-comunidad-valenciana-dedicada-a-la-gestion-y-gobierno-de-las-tics\/#breadcrumb"},"inLanguage":"es","potentialAction":[{"@type":"ReadAction","target":["https:\/\/auren.com\/es\/noticias\/auren-colabora-en-la-vi-jornada-anual-del-itsmf-en-la-comunidad-valenciana-dedicada-a-la-gestion-y-gobierno-de-las-tics\/"]}]},{"@type":"ImageObject","inLanguage":"es","@id":"https:\/\/auren.com\/es\/noticias\/auren-colabora-en-la-vi-jornada-anual-del-itsmf-en-la-comunidad-valenciana-dedicada-a-la-gestion-y-gobierno-de-las-tics\/#primaryimage","url":"https:\/\/auren.com\/es\/wp-content\/uploads\/2016\/05\/900x520_23.jpg","contentUrl":"https:\/\/auren.com\/es\/wp-content\/uploads\/2016\/05\/900x520_23.jpg","width":900,"height":520},{"@type":"BreadcrumbList","@id":"https:\/\/auren.com\/es\/noticias\/auren-colabora-en-la-vi-jornada-anual-del-itsmf-en-la-comunidad-valenciana-dedicada-a-la-gestion-y-gobierno-de-las-tics\/#breadcrumb","itemListElement":[{"@type":"ListItem","position":1,"name":"Portada","item":"https:\/\/auren.com\/es\/"},{"@type":"ListItem","position":2,"name":"Auren colabora en la VI Jornada Anual del ITSMF en la Comunidad Valenciana dedicada a la gesti\u00f3n y gobierno de las Tics."}]},{"@type":"WebSite","@id":"https:\/\/auren.com\/es\/#website","url":"https:\/\/auren.com\/es\/","name":"Auren","description":"","publisher":{"@id":"https:\/\/auren.com\/es\/#organization"},"alternateName":"Auren","potentialAction":[{"@type":"SearchAction","target":{"@type":"EntryPoint","urlTemplate":"https:\/\/auren.com\/es\/?s={search_term_string}"},"query-input":{"@type":"PropertyValueSpecification","valueRequired":true,"valueName":"search_term_string"}}],"inLanguage":"es"},{"@type":"Organization","@id":"https:\/\/auren.com\/es\/#organization","name":"Auren","alternateName":"Auren","url":"https:\/\/auren.com\/es\/","logo":{"@type":"ImageObject","inLanguage":"es","@id":"https:\/\/auren.com\/es\/#\/schema\/logo\/image\/","url":"https:\/\/auren.com\/es\/wp-content\/uploads\/2025\/01\/cropped-cropped-favicon-Auren.png","contentUrl":"https:\/\/auren.com\/es\/wp-content\/uploads\/2025\/01\/cropped-cropped-favicon-Auren.png","width":512,"height":512,"caption":"Auren"},"image":{"@id":"https:\/\/auren.com\/es\/#\/schema\/logo\/image\/"},"sameAs":["https:\/\/x.com\/auren_spain","https:\/\/www.linkedin.com\/company\/aurenspainserviciosprofesionales","https:\/\/www.youtube.com\/@AurenEsp","https:\/\/www.instagram.com\/auren_spain"]}]}},"_links":{"self":[{"href":"https:\/\/auren.com\/es\/wp-json\/wp\/v2\/new\/6268","targetHints":{"allow":["GET"]}}],"collection":[{"href":"https:\/\/auren.com\/es\/wp-json\/wp\/v2\/new"}],"about":[{"href":"https:\/\/auren.com\/es\/wp-json\/wp\/v2\/types\/new"}],"version-history":[{"count":0,"href":"https:\/\/auren.com\/es\/wp-json\/wp\/v2\/new\/6268\/revisions"}],"wp:featuredmedia":[{"embeddable":true,"href":"https:\/\/auren.com\/es\/wp-json\/wp\/v2\/media\/6269"}],"wp:attachment":[{"href":"https:\/\/auren.com\/es\/wp-json\/wp\/v2\/media?parent=6268"}],"wp:term":[{"taxonomy":"new-category","embeddable":true,"href":"https:\/\/auren.com\/es\/wp-json\/wp\/v2\/new-category?post=6268"}],"curies":[{"name":"wp","href":"https:\/\/api.w.org\/{rel}","templated":true}]}}