{"id":11827,"date":"2025-01-10T11:07:38","date_gmt":"2025-01-10T10:07:38","guid":{"rendered":"https:\/\/auren.com\/es\/?page_id=11827"},"modified":"2026-04-09T10:17:26","modified_gmt":"2026-04-09T08:17:26","slug":"blog","status":"publish","type":"page","link":"https:\/\/auren.com\/es\/tendencias\/blog\/","title":{"rendered":"Blog"},"content":{"rendered":"<section id=\"Header-block_6da5bc676a7cdbbd9778e61ceabcb86f\" class=\"Header\">\r\n\r\n    <div class=\"hero\">\r\n                <div class=\"container\">\r\n            <div class=\"hero_header\">\r\n                                \r\n                <div class=\"hero_header_title\">\r\n                    <h1 class=''>BLOG<\/h1>\n                <\/div>\r\n\r\n                                                \r\n                <div class=\"hero_header_subtitle\">\r\n                    <p>ART\u00cdCULOS DE INTER\u00c9S SOBRE NUESTRAS DIVERSAS \u00c1REAS DE ESPECIALIZACI\u00d3N<\/p>\n                <\/div>\r\n\r\n                                \r\n            <\/div>\r\n        <\/div>\r\n        \r\n                <picture>\r\n            <source data-srcset=\"https:\/\/auren.com\/es\/wp-content\/uploads\/2024\/11\/bg-hero-trends-country-d.webp\"\r\n                media=\"(min-width: 1200px)\" \/>\r\n            <img decoding=\"async\" class=\"hero_bg lazyload\"\r\n                <img decoding=\"async\" width=\"640\" height=\"383\" data-src=\"https:\/\/auren.com\/es\/wp-content\/uploads\/2024\/11\/bg-hero-trends-country-d-1024x612.webp\" class=\"hero_bg lazyload\" alt=\"\" data-srcset=\"https:\/\/auren.com\/es\/wp-content\/uploads\/2024\/11\/bg-hero-trends-country-d-1024x612.webp 1024w, https:\/\/auren.com\/es\/wp-content\/uploads\/2024\/11\/bg-hero-trends-country-d-300x179.webp 300w, https:\/\/auren.com\/es\/wp-content\/uploads\/2024\/11\/bg-hero-trends-country-d-768x459.webp 768w, https:\/\/auren.com\/es\/wp-content\/uploads\/2024\/11\/bg-hero-trends-country-d.webp 1200w\" data-sizes=\"auto\" src=\"data:image\/svg+xml;base64,PHN2ZyB3aWR0aD0iMSIgaGVpZ2h0PSIxIiB4bWxucz0iaHR0cDovL3d3dy53My5vcmcvMjAwMC9zdmciPjwvc3ZnPg==\" style=\"--smush-placeholder-width: 640px; --smush-placeholder-aspect-ratio: 640\/383;\" data-original-sizes=\"(max-width: 640px) 100vw, 640px\" \/>>\r\n        <\/picture>\r\n        \r\n                        <p class=\"hero_scroll\"><strong>Explorar m\u00e1s<\/strong> Despl\u00e1zate hacia abajo<\/p>\r\n                    <\/div>\r\n\r\n<\/section>\n\n\r\n<section id=\"Breadcrumbs-block_8b77eac90b954ac1fa05c31b1fffbf47\" class=\"Breadcrumbs\">\r\n    \r\n        <nav class=\"breads\" aria-label=\"Breadcrumb\">\r\n            <ul class=\"container\">\r\n                <li><a href=\"https:\/\/auren.com\/es\">Home<\/a><\/li>\r\n                <li><span aria-current=\"page\">Blog<\/span><\/li>            <\/ul>\r\n        <\/nav>\r\n\r\n                                                                                     \r\n    \r\n<\/section>\r\n\n\n<div id=\"TitleSubtitleText-block_4b21fab2959bf436a227e3d7ebe9f8e4\" class=\"TitleSubtitleText\">\n\n    <section class=\"headlines v1\">\n        <div class=\"container\">\n                        <div class=\"headlines_title\">\n                <h2 class=''>IMPULSA TU NEGOCIO CON CONSEJOS DE EXPERTOS<\/h2>\n            <\/div>\n                                    <div class=\"headlines_content\">\n                                                <div class=\"headlines_description\">\n                    <p>Aqu\u00ed encontrar\u00e1s informaci\u00f3n sobre diferentes disciplinas que te ayudar\u00e1n en tu negocio, adem\u00e1s de otras tendencias actuales del mercado.<\/p>\n                <\/div>\n                                            <\/div>\n                    <\/div>\n    <\/section>\n\n<\/div>\n\n\n<div id=\"TrendsDistributive-block_f515d51c1c74161f9ffb8222d3b6d3d0\" class=\"TrendsDistributive\" data-per-page=\"9\" data-type=\"blog\" data-tags=\"show\">\n\n    \n    <div class=\"categories\">\n        <div class=\"container\">\n            <div class=\"categories_title\">\n                <h2 class=''>CATEGOR\u00cdAS BLOG<\/h2>\n            <\/div>\n            <div class=\"categories_nav\">\n                <a class=\"categories_nav_button\" href=\"#\">Sort By Category<\/a>\n                <div class=\"categories_nav_content\">\n                    <div class=\"categories_nav_tags\">\n                        <span class=\"categories_nav_tags_item\">Blog<\/span>\n                    <\/div>\n                    <div class=\"categories_nav_list\">\n                        <label class=\"categories_nav_list_item\"><input class=\"categories_nav_list_check\" type=\"checkbox\" data-type=\"\" data-value=\"all\" checked><span class=\"categories_nav_list_text\">Todas las categor\u00edas<\/span><\/label>\n                                                <label class=\"categories_nav_list_item\"><input class=\"categories_nav_list_check\" type=\"checkbox\" data-type=\"\" data-value=\"3808\" ><span class=\"categories_nav_list_text\">Auditor\u00eda<\/span><\/label>\n                                                <label class=\"categories_nav_list_item\"><input class=\"categories_nav_list_check\" type=\"checkbox\" data-type=\"\" data-value=\"3666\" ><span class=\"categories_nav_list_text\">Consultor\u00eda<\/span><\/label>\n                                                <label class=\"categories_nav_list_item\"><input class=\"categories_nav_list_check\" type=\"checkbox\" data-type=\"\" data-value=\"3662\" ><span class=\"categories_nav_list_text\">Corporate<\/span><\/label>\n                                                <label class=\"categories_nav_list_item\"><input class=\"categories_nav_list_check\" type=\"checkbox\" data-type=\"\" data-value=\"3769\" ><span class=\"categories_nav_list_text\">Legal<\/span><\/label>\n                                            <\/div>\n                <\/div>\n            <\/div>\n        <\/div>\n    <\/div>\n        <div class=\"articles\">\n\n        <div class=\"container\">\n            \n            <a class=\"article article-featured active\" data-value=\"all\" href=\"https:\/\/auren.com\/es\/blog\/la-comunicacion-de-la-baja-medica-tras-la-digitalizacion-que-deben-saber-las-empresas\/\">\r\n    <span class=\"article_text\">\r\n        <span class=\"article_meta\">\r\n\r\n                            <span class=\"article_tags\">\r\n                                    <span class=\"article_tags_item\">Legal<\/span>\r\n                                <\/span>\r\n                        \r\n            <span class=\"article_date\">14.04.2026<\/span>\r\n        <\/span>\r\n        <span class=\"article_title\">La comunicaci\u00f3n de la baja m\u00e9dica tras la digitalizaci\u00f3n: qu\u00e9 deben saber las empresas<\/span>\r\n        <span class=\"article_description\">La digitalizaci\u00f3n del sistema de gesti\u00f3n de las bajas m\u00e9dicas, en vigor desde abril de 2023, ha supuesto un cambio relevante en la operativa administrativa de las empresas. Con este nuevo modelo, los trabajadores ya no est\u00e1n obligados a entregar a la empresa los partes de baja, confirmaci\u00f3n o alta m\u00e9dica.<\/span>\r\n                    <span class=\"article_button\">Leer art\u00edculo<\/span>\r\n            <\/span>\r\n    <span class=\"article_media\">\r\n                <img fetchpriority=\"high\" decoding=\"async\" width=\"1500\" height=\"784\" src=\"https:\/\/auren.com\/es\/wp-content\/uploads\/2026\/04\/La-comunicacion-de-la-baja-medica-tras-la-digitalizacion-que-deben-saber-las-empresas-1.png\" class=\"article_media_image wp-post-image\" alt=\"Blog\" title=\"Blog\" loading=\"eager\" srcset=\"https:\/\/auren.com\/es\/wp-content\/uploads\/2026\/04\/La-comunicacion-de-la-baja-medica-tras-la-digitalizacion-que-deben-saber-las-empresas-1.png 1500w, https:\/\/auren.com\/es\/wp-content\/smush-webp\/2026\/04\/La-comunicacion-de-la-baja-medica-tras-la-digitalizacion-que-deben-saber-las-empresas-1-300x157.png.webp 300w, https:\/\/auren.com\/es\/wp-content\/smush-webp\/2026\/04\/La-comunicacion-de-la-baja-medica-tras-la-digitalizacion-que-deben-saber-las-empresas-1-1024x535.png.webp 1024w, https:\/\/auren.com\/es\/wp-content\/smush-webp\/2026\/04\/La-comunicacion-de-la-baja-medica-tras-la-digitalizacion-que-deben-saber-las-empresas-1-768x401.png.webp 768w\" sizes=\"(max-width: 1500px) 100vw, 1500px\" data-smush-webp-fallback=\"{&quot;srcset&quot;:&quot;https:\\\/\\\/auren.com\\\/es\\\/wp-content\\\/uploads\\\/2026\\\/04\\\/La-comunicacion-de-la-baja-medica-tras-la-digitalizacion-que-deben-saber-las-empresas-1.png 1500w, https:\\\/\\\/auren.com\\\/es\\\/wp-content\\\/uploads\\\/2026\\\/04\\\/La-comunicacion-de-la-baja-medica-tras-la-digitalizacion-que-deben-saber-las-empresas-1-300x157.png 300w, https:\\\/\\\/auren.com\\\/es\\\/wp-content\\\/uploads\\\/2026\\\/04\\\/La-comunicacion-de-la-baja-medica-tras-la-digitalizacion-que-deben-saber-las-empresas-1-1024x535.png 1024w, https:\\\/\\\/auren.com\\\/es\\\/wp-content\\\/uploads\\\/2026\\\/04\\\/La-comunicacion-de-la-baja-medica-tras-la-digitalizacion-que-deben-saber-las-empresas-1-768x401.png 768w&quot;}\" \/>    <\/span>\r\n<\/a>\r\n\n            \n        <\/div>\n    <\/div>\n\n    <div class=\"filters\">\n\n        <div class=\"container\">\n            <div class=\"filters_title\">\n                <h4 class=\"active\">Blog<\/h4>\n                                <h4 class=\"\">Auditor\u00eda<\/h4>\n                                <h4 class=\"\">Consultor\u00eda<\/h4>\n                                <h4 class=\"\">Corporate<\/h4>\n                                <h4 class=\"\">Legal<\/h4>\n                            <\/div>\n            <div class=\"filters_nav\">\n\n                <div id=\"filters-search-panel\" class=\"filters_search\" role=\"search\" hidden>\n                    <input\n                            type=\"text\"\n                            class=\"filters_search_input\"\n                            placeholder=\"Buscar...\"\n                            value=\"\"\n                            aria-label=\"Buscar\"\n                    \/>\n                    <button type=\"button\" class=\"filters_search_clear\" aria-label=\"Limpiar b\u00fasqueda\"><\/button>\n                <\/div>\n                <button type=\"button\"\n                        class=\"filters_search_toggle\"\n                        aria-expanded=\"false\"\n                        aria-controls=\"filters-search-panel\"\n                        aria-label=\"Abrir buscador\">\n                <\/button>\n                <a class=\"filters_nav_button\" href=\"#\">Ordernar por<\/a>\n\n                <!-- Aqu\u00ed la lupa para buscar -->\n                <div class=\"filters_nav_content\">\n                    <div class=\"filters_nav_list\">\n                        <p class=\"filters_nav_list_title\">Blog<\/p>\n                        <label class=\"filters_nav_list_item\"><input class=\"filters_nav_list_check\" type=\"checkbox\" data-type=\"new\" checked><span class=\"filters_nav_list_text\">Nuevos<\/span><\/label>\n                        <label class=\"filters_nav_list_item\"><input class=\"filters_nav_list_check\" type=\"checkbox\" data-type=\"old\"><span class=\"filters_nav_list_text\">Antiguos<\/span><\/label>\n                        <label class=\"filters_nav_list_item\"><input class=\"filters_nav_list_check\" type=\"checkbox\" data-type=\"a-z\"><span class=\"filters_nav_list_text\">A-Z<\/span><\/label>\n                        <label class=\"filters_nav_list_item\"><input class=\"filters_nav_list_check\" type=\"checkbox\" data-type=\"z-a\"><span class=\"filters_nav_list_text\">Z-A<\/span><\/label>\n                    <\/div>\n                <\/div>\n            <\/div>\n        <\/div>\n    <\/div>\n\n    <div class=\"articles\">\n        <div class=\"cards_loading\" hidden aria-hidden=\"true\">\n            <span class=\"spinner\" aria-label=\"Cargando\"><\/span>\n        <\/div>\n        <div class=\"container list\">\n            <a href=\"https:\/\/auren.com\/es\/blog\/la-comunicacion-de-la-baja-medica-tras-la-digitalizacion-que-deben-saber-las-empresas\/\" class=\"article\">\r\n    <div class=\"article_text\">\r\n        <div class=\"article_meta\">\r\n\r\n                            <span class=\"article_tags\">\r\n                                    <span class=\"article_tags_item\">Legal<\/span>\r\n                                <\/span>\r\n                                    <div class=\"article_date\">\r\n                <p>14.04.2026<\/p>\r\n            <\/div>\r\n        <\/div>\r\n        <div class=\"article_title\">\r\n            <h3>La comunicaci\u00f3n de la baja m\u00e9dica tras la digitalizaci\u00f3n: qu\u00e9 deben saber las empresas<\/h3>\r\n        <\/div>\r\n        <div class=\"article_description\">\r\n            <p>La digitalizaci\u00f3n del sistema de gesti\u00f3n de las bajas m\u00e9dicas, en vigor desde abril de 2023, ha supuesto un cambio relevante en la operativa administrativa de las empresas. Con este nuevo modelo, los trabajadores ya no est\u00e1n obligados a entregar a la empresa los partes de baja, confirmaci\u00f3n o alta m\u00e9dica.<\/p>\r\n        <\/div>\r\n                    <span class=\"article_button\">Leer art\u00edculo<\/span>\r\n        \r\n    <\/div>\r\n    <figure class=\"article_media\">\r\n                <img decoding=\"async\" width=\"640\" height=\"334\" data-src=\"https:\/\/auren.com\/es\/wp-content\/smush-webp\/2026\/04\/La-comunicacion-de-la-baja-medica-tras-la-digitalizacion-que-deben-saber-las-empresas-1-1024x535.png.webp\" class=\"article_media_image wp-post-image lazyload\" alt=\"Blog\" title=\"Blog\" data-srcset=\"https:\/\/auren.com\/es\/wp-content\/smush-webp\/2026\/04\/La-comunicacion-de-la-baja-medica-tras-la-digitalizacion-que-deben-saber-las-empresas-1-1024x535.png.webp 1024w, https:\/\/auren.com\/es\/wp-content\/smush-webp\/2026\/04\/La-comunicacion-de-la-baja-medica-tras-la-digitalizacion-que-deben-saber-las-empresas-1-300x157.png.webp 300w, https:\/\/auren.com\/es\/wp-content\/smush-webp\/2026\/04\/La-comunicacion-de-la-baja-medica-tras-la-digitalizacion-que-deben-saber-las-empresas-1-768x401.png.webp 768w, https:\/\/auren.com\/es\/wp-content\/uploads\/2026\/04\/La-comunicacion-de-la-baja-medica-tras-la-digitalizacion-que-deben-saber-las-empresas-1.png 1500w\" data-sizes=\"auto\" src=\"data:image\/svg+xml;base64,PHN2ZyB3aWR0aD0iMSIgaGVpZ2h0PSIxIiB4bWxucz0iaHR0cDovL3d3dy53My5vcmcvMjAwMC9zdmciPjwvc3ZnPg==\" style=\"--smush-placeholder-width: 640px; --smush-placeholder-aspect-ratio: 640\/334;\" data-original-sizes=\"(max-width: 640px) 100vw, 640px\" data-smush-webp-fallback=\"{&quot;data-src&quot;:&quot;https:\\\/\\\/auren.com\\\/es\\\/wp-content\\\/uploads\\\/2026\\\/04\\\/La-comunicacion-de-la-baja-medica-tras-la-digitalizacion-que-deben-saber-las-empresas-1-1024x535.png&quot;,&quot;data-srcset&quot;:&quot;https:\\\/\\\/auren.com\\\/es\\\/wp-content\\\/uploads\\\/2026\\\/04\\\/La-comunicacion-de-la-baja-medica-tras-la-digitalizacion-que-deben-saber-las-empresas-1-1024x535.png 1024w, https:\\\/\\\/auren.com\\\/es\\\/wp-content\\\/uploads\\\/2026\\\/04\\\/La-comunicacion-de-la-baja-medica-tras-la-digitalizacion-que-deben-saber-las-empresas-1-300x157.png 300w, https:\\\/\\\/auren.com\\\/es\\\/wp-content\\\/uploads\\\/2026\\\/04\\\/La-comunicacion-de-la-baja-medica-tras-la-digitalizacion-que-deben-saber-las-empresas-1-768x401.png 768w, https:\\\/\\\/auren.com\\\/es\\\/wp-content\\\/uploads\\\/2026\\\/04\\\/La-comunicacion-de-la-baja-medica-tras-la-digitalizacion-que-deben-saber-las-empresas-1.png 1500w&quot;}\" \/>    <\/figure>\r\n    <\/a>\r\n<a href=\"https:\/\/auren.com\/es\/blog\/spoiler-mas-alla-del-compromiso-la-clave-esta-en-la-cultura-y-el-liderazgo-transformacional\/\" class=\"article\">\r\n    <div class=\"article_text\">\r\n        <div class=\"article_meta\">\r\n\r\n                            <span class=\"article_tags\">\r\n                                    <span class=\"article_tags_item\">Consultor\u00eda<\/span>\r\n                                <\/span>\r\n                                    <div class=\"article_date\">\r\n                <p>20.03.2026<\/p>\r\n            <\/div>\r\n        <\/div>\r\n        <div class=\"article_title\">\r\n            <h3>SPOILER: m\u00e1s all\u00e1 del compromiso, la clave est\u00e1 en la cultura y el liderazgo transformacional<\/h3>\r\n        <\/div>\r\n        <div class=\"article_description\">\r\n            <p>Muchas organizaciones est\u00e1n viviendo s\u00edntomas conocidos que se repiten con frecuencia: mayor rotaci\u00f3n, menor implicaci\u00f3n emocional y una sensaci\u00f3n general de desgaste interno. A menudo, estos indicadores se atribuyen a una falta de compromiso laboral. Sin embargo, el fen\u00f3meno es mucho m\u00e1s profundo y estructural. y est\u00e1 ligado al propio dise\u00f1o de las organizaciones y a sus modelos de liderazgo.<\/p>\r\n        <\/div>\r\n                    <span class=\"article_button\">Leer art\u00edculo<\/span>\r\n        \r\n    <\/div>\r\n    <figure class=\"article_media\">\r\n                <img decoding=\"async\" width=\"640\" height=\"334\" data-src=\"https:\/\/auren.com\/es\/wp-content\/smush-webp\/2026\/03\/Cultura-y-el-liderazgo-transformacional-1024x535.png.webp\" class=\"article_media_image wp-post-image lazyload\" alt=\"Blog\" title=\"Blog\" data-srcset=\"https:\/\/auren.com\/es\/wp-content\/smush-webp\/2026\/03\/Cultura-y-el-liderazgo-transformacional-1024x535.png.webp 1024w, https:\/\/auren.com\/es\/wp-content\/smush-webp\/2026\/03\/Cultura-y-el-liderazgo-transformacional-300x157.png.webp 300w, https:\/\/auren.com\/es\/wp-content\/smush-webp\/2026\/03\/Cultura-y-el-liderazgo-transformacional-768x401.png.webp 768w, https:\/\/auren.com\/es\/wp-content\/uploads\/2026\/03\/Cultura-y-el-liderazgo-transformacional.png 1500w\" data-sizes=\"auto\" src=\"data:image\/svg+xml;base64,PHN2ZyB3aWR0aD0iMSIgaGVpZ2h0PSIxIiB4bWxucz0iaHR0cDovL3d3dy53My5vcmcvMjAwMC9zdmciPjwvc3ZnPg==\" style=\"--smush-placeholder-width: 640px; --smush-placeholder-aspect-ratio: 640\/334;\" data-original-sizes=\"(max-width: 640px) 100vw, 640px\" data-smush-webp-fallback=\"{&quot;data-src&quot;:&quot;https:\\\/\\\/auren.com\\\/es\\\/wp-content\\\/uploads\\\/2026\\\/03\\\/Cultura-y-el-liderazgo-transformacional-1024x535.png&quot;,&quot;data-srcset&quot;:&quot;https:\\\/\\\/auren.com\\\/es\\\/wp-content\\\/uploads\\\/2026\\\/03\\\/Cultura-y-el-liderazgo-transformacional-1024x535.png 1024w, https:\\\/\\\/auren.com\\\/es\\\/wp-content\\\/uploads\\\/2026\\\/03\\\/Cultura-y-el-liderazgo-transformacional-300x157.png 300w, https:\\\/\\\/auren.com\\\/es\\\/wp-content\\\/uploads\\\/2026\\\/03\\\/Cultura-y-el-liderazgo-transformacional-768x401.png 768w, https:\\\/\\\/auren.com\\\/es\\\/wp-content\\\/uploads\\\/2026\\\/03\\\/Cultura-y-el-liderazgo-transformacional.png 1500w&quot;}\" \/>    <\/figure>\r\n    <\/a>\r\n<a href=\"https:\/\/auren.com\/es\/blog\/mac-cuando-puede-una-empresa-retractarse-en-una-operacion\/\" class=\"article\">\r\n    <div class=\"article_text\">\r\n        <div class=\"article_meta\">\r\n\r\n                            <span class=\"article_tags\">\r\n                                    <span class=\"article_tags_item\">Legal<\/span>\r\n                                <\/span>\r\n                                    <div class=\"article_date\">\r\n                <p>17.12.2025<\/p>\r\n            <\/div>\r\n        <\/div>\r\n        <div class=\"article_title\">\r\n            <h3>Material Adverse Change (MAC): \u00bfCu\u00e1ndo puede una empresa retractarse en una operaci\u00f3n?<\/h3>\r\n        <\/div>\r\n        <div class=\"article_description\">\r\n            <p>En esta ocasi\u00f3n, el protagonista es el \u201cMAC\u201d (Material Adverse Change o Cambio Relevante Perjudicial), una cl\u00e1usula clave que puede condicionar \u2014y mucho\u2014 el cierre y las consecuencias de una operaci\u00f3n.<\/p>\r\n        <\/div>\r\n                    <span class=\"article_button\">Leer art\u00edculo<\/span>\r\n        \r\n    <\/div>\r\n    <figure class=\"article_media\">\r\n                <img decoding=\"async\" width=\"640\" height=\"334\" data-src=\"https:\/\/auren.com\/es\/wp-content\/smush-webp\/2025\/12\/Miguel-Carballar-29-1024x535.png.webp\" class=\"article_media_image wp-post-image lazyload\" alt=\"Blog\" title=\"Blog\" data-srcset=\"https:\/\/auren.com\/es\/wp-content\/smush-webp\/2025\/12\/Miguel-Carballar-29-1024x535.png.webp 1024w, https:\/\/auren.com\/es\/wp-content\/smush-webp\/2025\/12\/Miguel-Carballar-29-300x157.png.webp 300w, https:\/\/auren.com\/es\/wp-content\/smush-webp\/2025\/12\/Miguel-Carballar-29-768x401.png.webp 768w, https:\/\/auren.com\/es\/wp-content\/uploads\/2025\/12\/Miguel-Carballar-29.png 1500w\" data-sizes=\"auto\" src=\"data:image\/svg+xml;base64,PHN2ZyB3aWR0aD0iMSIgaGVpZ2h0PSIxIiB4bWxucz0iaHR0cDovL3d3dy53My5vcmcvMjAwMC9zdmciPjwvc3ZnPg==\" style=\"--smush-placeholder-width: 640px; --smush-placeholder-aspect-ratio: 640\/334;\" data-original-sizes=\"(max-width: 640px) 100vw, 640px\" data-smush-webp-fallback=\"{&quot;data-src&quot;:&quot;https:\\\/\\\/auren.com\\\/es\\\/wp-content\\\/uploads\\\/2025\\\/12\\\/Miguel-Carballar-29-1024x535.png&quot;,&quot;data-srcset&quot;:&quot;https:\\\/\\\/auren.com\\\/es\\\/wp-content\\\/uploads\\\/2025\\\/12\\\/Miguel-Carballar-29-1024x535.png 1024w, https:\\\/\\\/auren.com\\\/es\\\/wp-content\\\/uploads\\\/2025\\\/12\\\/Miguel-Carballar-29-300x157.png 300w, https:\\\/\\\/auren.com\\\/es\\\/wp-content\\\/uploads\\\/2025\\\/12\\\/Miguel-Carballar-29-768x401.png 768w, https:\\\/\\\/auren.com\\\/es\\\/wp-content\\\/uploads\\\/2025\\\/12\\\/Miguel-Carballar-29.png 1500w&quot;}\" \/>    <\/figure>\r\n    <\/a>\r\n<a href=\"https:\/\/auren.com\/es\/blog\/impatriados-una-ventana-fiscal-para-profesionales-en-espana\/\" class=\"article\">\r\n    <div class=\"article_text\">\r\n        <div class=\"article_meta\">\r\n\r\n                            <span class=\"article_tags\">\r\n                                    <span class=\"article_tags_item\">Legal<\/span>\r\n                                <\/span>\r\n                                    <div class=\"article_date\">\r\n                <p>17.11.2025<\/p>\r\n            <\/div>\r\n        <\/div>\r\n        <div class=\"article_title\">\r\n            <h3>Impatriados: una ventana fiscal para profesionales que se trasladan a Espa\u00f1a<\/h3>\r\n        <\/div>\r\n        <div class=\"article_description\">\r\n            <p>En este art\u00edculo, \u00c1ngel Vi\u00f1es, socio de Auren Legal hace un an\u00e1lisis del r\u00e9gimen fiscal especial para personas f\u00edsicas que se trasladan a Espa\u00f1a por motivos laborales \u2014conocido como r\u00e9gimen de impatriados o popularmente como Ley Beckham\u2014. Una  herramienta dise\u00f1ada, entre otros objetivos, para atraer talento internacional y fortalecer la competitividad del pa\u00eds. <\/p>\r\n        <\/div>\r\n                    <span class=\"article_button\">Leer art\u00edculo<\/span>\r\n        \r\n    <\/div>\r\n    <figure class=\"article_media\">\r\n                <img decoding=\"async\" width=\"640\" height=\"334\" data-src=\"https:\/\/auren.com\/es\/wp-content\/smush-webp\/2025\/11\/Impatriados-una-ventana-fiscal-para-profesionales-que-se-trasladan-a-Espana-1-1024x535.png.webp\" class=\"article_media_image wp-post-image lazyload\" alt=\"Blog\" title=\"Blog\" data-srcset=\"https:\/\/auren.com\/es\/wp-content\/smush-webp\/2025\/11\/Impatriados-una-ventana-fiscal-para-profesionales-que-se-trasladan-a-Espana-1-1024x535.png.webp 1024w, https:\/\/auren.com\/es\/wp-content\/smush-webp\/2025\/11\/Impatriados-una-ventana-fiscal-para-profesionales-que-se-trasladan-a-Espana-1-300x157.png.webp 300w, https:\/\/auren.com\/es\/wp-content\/smush-webp\/2025\/11\/Impatriados-una-ventana-fiscal-para-profesionales-que-se-trasladan-a-Espana-1-768x401.png.webp 768w, https:\/\/auren.com\/es\/wp-content\/uploads\/2025\/11\/Impatriados-una-ventana-fiscal-para-profesionales-que-se-trasladan-a-Espana-1.png 1500w\" data-sizes=\"auto\" src=\"data:image\/svg+xml;base64,PHN2ZyB3aWR0aD0iMSIgaGVpZ2h0PSIxIiB4bWxucz0iaHR0cDovL3d3dy53My5vcmcvMjAwMC9zdmciPjwvc3ZnPg==\" style=\"--smush-placeholder-width: 640px; --smush-placeholder-aspect-ratio: 640\/334;\" data-original-sizes=\"(max-width: 640px) 100vw, 640px\" data-smush-webp-fallback=\"{&quot;data-src&quot;:&quot;https:\\\/\\\/auren.com\\\/es\\\/wp-content\\\/uploads\\\/2025\\\/11\\\/Impatriados-una-ventana-fiscal-para-profesionales-que-se-trasladan-a-Espana-1-1024x535.png&quot;,&quot;data-srcset&quot;:&quot;https:\\\/\\\/auren.com\\\/es\\\/wp-content\\\/uploads\\\/2025\\\/11\\\/Impatriados-una-ventana-fiscal-para-profesionales-que-se-trasladan-a-Espana-1-1024x535.png 1024w, https:\\\/\\\/auren.com\\\/es\\\/wp-content\\\/uploads\\\/2025\\\/11\\\/Impatriados-una-ventana-fiscal-para-profesionales-que-se-trasladan-a-Espana-1-300x157.png 300w, https:\\\/\\\/auren.com\\\/es\\\/wp-content\\\/uploads\\\/2025\\\/11\\\/Impatriados-una-ventana-fiscal-para-profesionales-que-se-trasladan-a-Espana-1-768x401.png 768w, https:\\\/\\\/auren.com\\\/es\\\/wp-content\\\/uploads\\\/2025\\\/11\\\/Impatriados-una-ventana-fiscal-para-profesionales-que-se-trasladan-a-Espana-1.png 1500w&quot;}\" \/>    <\/figure>\r\n    <\/a>\r\n<a href=\"https:\/\/auren.com\/es\/blog\/upskilling-y-reskilling-la-clave-para-el-talento-del-futuro\/\" class=\"article\">\r\n    <div class=\"article_text\">\r\n        <div class=\"article_meta\">\r\n\r\n                            <span class=\"article_tags\">\r\n                                    <span class=\"article_tags_item\">Consultor\u00eda<\/span>\r\n                                <\/span>\r\n                                    <div class=\"article_date\">\r\n                <p>21.10.2025<\/p>\r\n            <\/div>\r\n        <\/div>\r\n        <div class=\"article_title\">\r\n            <h3>Upskilling y Reskilling: la clave para el talento del futuro<\/h3>\r\n        <\/div>\r\n        <div class=\"article_description\">\r\n            <p>En este art\u00edculo, Fernando Castillo, consultor de Auren Personas, reflexiona sobre c\u00f3mo el upskilling y el reskilling se han convertido en la clave para el talento del futuro \u2014y en uno de los grandes retos para las empresas que quieren seguir avanzando.<\/p>\r\n        <\/div>\r\n                    <span class=\"article_button\">Leer art\u00edculo<\/span>\r\n        \r\n    <\/div>\r\n    <figure class=\"article_media\">\r\n                <img decoding=\"async\" width=\"640\" height=\"334\" data-src=\"https:\/\/auren.com\/es\/wp-content\/smush-webp\/2025\/10\/Upskilling-y-Reskilling-la-clave-para-el-talento-del-futur-7-1024x535.png.webp\" class=\"article_media_image wp-post-image lazyload\" alt=\"Blog\" title=\"Blog\" data-srcset=\"https:\/\/auren.com\/es\/wp-content\/smush-webp\/2025\/10\/Upskilling-y-Reskilling-la-clave-para-el-talento-del-futur-7-1024x535.png.webp 1024w, https:\/\/auren.com\/es\/wp-content\/smush-webp\/2025\/10\/Upskilling-y-Reskilling-la-clave-para-el-talento-del-futur-7-300x157.png.webp 300w, https:\/\/auren.com\/es\/wp-content\/smush-webp\/2025\/10\/Upskilling-y-Reskilling-la-clave-para-el-talento-del-futur-7-768x401.png.webp 768w, https:\/\/auren.com\/es\/wp-content\/uploads\/2025\/10\/Upskilling-y-Reskilling-la-clave-para-el-talento-del-futur-7.png 1500w\" data-sizes=\"auto\" src=\"data:image\/svg+xml;base64,PHN2ZyB3aWR0aD0iMSIgaGVpZ2h0PSIxIiB4bWxucz0iaHR0cDovL3d3dy53My5vcmcvMjAwMC9zdmciPjwvc3ZnPg==\" style=\"--smush-placeholder-width: 640px; --smush-placeholder-aspect-ratio: 640\/334;\" data-original-sizes=\"(max-width: 640px) 100vw, 640px\" data-smush-webp-fallback=\"{&quot;data-src&quot;:&quot;https:\\\/\\\/auren.com\\\/es\\\/wp-content\\\/uploads\\\/2025\\\/10\\\/Upskilling-y-Reskilling-la-clave-para-el-talento-del-futur-7-1024x535.png&quot;,&quot;data-srcset&quot;:&quot;https:\\\/\\\/auren.com\\\/es\\\/wp-content\\\/uploads\\\/2025\\\/10\\\/Upskilling-y-Reskilling-la-clave-para-el-talento-del-futur-7-1024x535.png 1024w, https:\\\/\\\/auren.com\\\/es\\\/wp-content\\\/uploads\\\/2025\\\/10\\\/Upskilling-y-Reskilling-la-clave-para-el-talento-del-futur-7-300x157.png 300w, https:\\\/\\\/auren.com\\\/es\\\/wp-content\\\/uploads\\\/2025\\\/10\\\/Upskilling-y-Reskilling-la-clave-para-el-talento-del-futur-7-768x401.png 768w, https:\\\/\\\/auren.com\\\/es\\\/wp-content\\\/uploads\\\/2025\\\/10\\\/Upskilling-y-Reskilling-la-clave-para-el-talento-del-futur-7.png 1500w&quot;}\" \/>    <\/figure>\r\n    <\/a>\r\n<a href=\"https:\/\/auren.com\/es\/blog\/ia-y-sesgos-en-rrhh-aliado-o-riesgo\/\" class=\"article\">\r\n    <div class=\"article_text\">\r\n        <div class=\"article_meta\">\r\n\r\n                            <span class=\"article_tags\">\r\n                                    <span class=\"article_tags_item\">Consultor\u00eda<\/span>\r\n                                <\/span>\r\n                                    <div class=\"article_date\">\r\n                <p>19.09.2025<\/p>\r\n            <\/div>\r\n        <\/div>\r\n        <div class=\"article_title\">\r\n            <h3>IA y sesgos en RRHH: \u00bfaliado o riesgo?<\/h3>\r\n        <\/div>\r\n        <div class=\"article_description\">\r\n            <p>La inteligencia artificial ya est\u00e1 transformando la gesti\u00f3n de personas: analiza datos, automatiza procesos y acelera decisiones. Pero la gran pregunta es: \u00bfesas decisiones son realmente justas?<\/p>\r\n        <\/div>\r\n                    <span class=\"article_button\">Leer art\u00edculo<\/span>\r\n        \r\n    <\/div>\r\n    <figure class=\"article_media\">\r\n                <img decoding=\"async\" width=\"640\" height=\"334\" data-src=\"https:\/\/auren.com\/es\/wp-content\/smush-webp\/2025\/09\/Miguel-Carballar-2-2-1024x535.png.webp\" class=\"article_media_image wp-post-image lazyload\" alt=\"Blog\" title=\"Blog\" data-srcset=\"https:\/\/auren.com\/es\/wp-content\/smush-webp\/2025\/09\/Miguel-Carballar-2-2-1024x535.png.webp 1024w, https:\/\/auren.com\/es\/wp-content\/smush-webp\/2025\/09\/Miguel-Carballar-2-2-300x157.png.webp 300w, https:\/\/auren.com\/es\/wp-content\/smush-webp\/2025\/09\/Miguel-Carballar-2-2-768x401.png.webp 768w, https:\/\/auren.com\/es\/wp-content\/uploads\/2025\/09\/Miguel-Carballar-2-2.png 1500w\" data-sizes=\"auto\" src=\"data:image\/svg+xml;base64,PHN2ZyB3aWR0aD0iMSIgaGVpZ2h0PSIxIiB4bWxucz0iaHR0cDovL3d3dy53My5vcmcvMjAwMC9zdmciPjwvc3ZnPg==\" style=\"--smush-placeholder-width: 640px; --smush-placeholder-aspect-ratio: 640\/334;\" data-original-sizes=\"(max-width: 640px) 100vw, 640px\" data-smush-webp-fallback=\"{&quot;data-src&quot;:&quot;https:\\\/\\\/auren.com\\\/es\\\/wp-content\\\/uploads\\\/2025\\\/09\\\/Miguel-Carballar-2-2-1024x535.png&quot;,&quot;data-srcset&quot;:&quot;https:\\\/\\\/auren.com\\\/es\\\/wp-content\\\/uploads\\\/2025\\\/09\\\/Miguel-Carballar-2-2-1024x535.png 1024w, https:\\\/\\\/auren.com\\\/es\\\/wp-content\\\/uploads\\\/2025\\\/09\\\/Miguel-Carballar-2-2-300x157.png 300w, https:\\\/\\\/auren.com\\\/es\\\/wp-content\\\/uploads\\\/2025\\\/09\\\/Miguel-Carballar-2-2-768x401.png 768w, https:\\\/\\\/auren.com\\\/es\\\/wp-content\\\/uploads\\\/2025\\\/09\\\/Miguel-Carballar-2-2.png 1500w&quot;}\" \/>    <\/figure>\r\n    <\/a>\r\n<a href=\"https:\/\/auren.com\/es\/blog\/la-paradoja-del-conocimiento-y-el-sindrome-de-diogenes-digital-en-la-epoca-que-tenemos-mas-datos-tomamos-peores-decisiones\/\" class=\"article\">\r\n    <div class=\"article_text\">\r\n        <div class=\"article_meta\">\r\n\r\n                            <span class=\"article_tags\">\r\n                                    <span class=\"article_tags_item\">Consultor\u00eda<\/span>\r\n                                <\/span>\r\n                                    <div class=\"article_date\">\r\n                <p>09.09.2025<\/p>\r\n            <\/div>\r\n        <\/div>\r\n        <div class=\"article_title\">\r\n            <h3>La paradoja del conocimiento y el s\u00edndrome de Di\u00f3genes digital: en la \u00e9poca que tenemos m\u00e1s datos, tomamos peores decisiones<\/h3>\r\n        <\/div>\r\n        <div class=\"article_description\">\r\n            <p><\/p>\r\n        <\/div>\r\n                    <span class=\"article_button\">Leer art\u00edculo<\/span>\r\n        \r\n    <\/div>\r\n    <figure class=\"article_media\">\r\n                <img decoding=\"async\" width=\"640\" height=\"334\" data-src=\"https:\/\/auren.com\/es\/wp-content\/smush-webp\/2025\/09\/LA-PARADOJA-DEL-CONOCIMIENTO-Y-EL-SINDROME-DE-DIOGENES-DIGITAL-EN-LA-EPOCA-QUE-TENEMOS-MAS-DATOS-TOMAMOS-PEORES-DECISIONES-4-1024x535.png.webp\" class=\"article_media_image wp-post-image lazyload\" alt=\"Blog\" title=\"Blog\" data-srcset=\"https:\/\/auren.com\/es\/wp-content\/smush-webp\/2025\/09\/LA-PARADOJA-DEL-CONOCIMIENTO-Y-EL-SINDROME-DE-DIOGENES-DIGITAL-EN-LA-EPOCA-QUE-TENEMOS-MAS-DATOS-TOMAMOS-PEORES-DECISIONES-4-1024x535.png.webp 1024w, https:\/\/auren.com\/es\/wp-content\/smush-webp\/2025\/09\/LA-PARADOJA-DEL-CONOCIMIENTO-Y-EL-SINDROME-DE-DIOGENES-DIGITAL-EN-LA-EPOCA-QUE-TENEMOS-MAS-DATOS-TOMAMOS-PEORES-DECISIONES-4-300x157.png.webp 300w, https:\/\/auren.com\/es\/wp-content\/smush-webp\/2025\/09\/LA-PARADOJA-DEL-CONOCIMIENTO-Y-EL-SINDROME-DE-DIOGENES-DIGITAL-EN-LA-EPOCA-QUE-TENEMOS-MAS-DATOS-TOMAMOS-PEORES-DECISIONES-4-768x401.png.webp 768w, https:\/\/auren.com\/es\/wp-content\/uploads\/2025\/09\/LA-PARADOJA-DEL-CONOCIMIENTO-Y-EL-SINDROME-DE-DIOGENES-DIGITAL-EN-LA-EPOCA-QUE-TENEMOS-MAS-DATOS-TOMAMOS-PEORES-DECISIONES-4.png 1500w\" data-sizes=\"auto\" src=\"data:image\/svg+xml;base64,PHN2ZyB3aWR0aD0iMSIgaGVpZ2h0PSIxIiB4bWxucz0iaHR0cDovL3d3dy53My5vcmcvMjAwMC9zdmciPjwvc3ZnPg==\" style=\"--smush-placeholder-width: 640px; --smush-placeholder-aspect-ratio: 640\/334;\" data-original-sizes=\"(max-width: 640px) 100vw, 640px\" data-smush-webp-fallback=\"{&quot;data-src&quot;:&quot;https:\\\/\\\/auren.com\\\/es\\\/wp-content\\\/uploads\\\/2025\\\/09\\\/LA-PARADOJA-DEL-CONOCIMIENTO-Y-EL-SINDROME-DE-DIOGENES-DIGITAL-EN-LA-EPOCA-QUE-TENEMOS-MAS-DATOS-TOMAMOS-PEORES-DECISIONES-4-1024x535.png&quot;,&quot;data-srcset&quot;:&quot;https:\\\/\\\/auren.com\\\/es\\\/wp-content\\\/uploads\\\/2025\\\/09\\\/LA-PARADOJA-DEL-CONOCIMIENTO-Y-EL-SINDROME-DE-DIOGENES-DIGITAL-EN-LA-EPOCA-QUE-TENEMOS-MAS-DATOS-TOMAMOS-PEORES-DECISIONES-4-1024x535.png 1024w, https:\\\/\\\/auren.com\\\/es\\\/wp-content\\\/uploads\\\/2025\\\/09\\\/LA-PARADOJA-DEL-CONOCIMIENTO-Y-EL-SINDROME-DE-DIOGENES-DIGITAL-EN-LA-EPOCA-QUE-TENEMOS-MAS-DATOS-TOMAMOS-PEORES-DECISIONES-4-300x157.png 300w, https:\\\/\\\/auren.com\\\/es\\\/wp-content\\\/uploads\\\/2025\\\/09\\\/LA-PARADOJA-DEL-CONOCIMIENTO-Y-EL-SINDROME-DE-DIOGENES-DIGITAL-EN-LA-EPOCA-QUE-TENEMOS-MAS-DATOS-TOMAMOS-PEORES-DECISIONES-4-768x401.png 768w, https:\\\/\\\/auren.com\\\/es\\\/wp-content\\\/uploads\\\/2025\\\/09\\\/LA-PARADOJA-DEL-CONOCIMIENTO-Y-EL-SINDROME-DE-DIOGENES-DIGITAL-EN-LA-EPOCA-QUE-TENEMOS-MAS-DATOS-TOMAMOS-PEORES-DECISIONES-4.png 1500w&quot;}\" \/>    <\/figure>\r\n    <\/a>\r\n<a href=\"https:\/\/auren.com\/es\/blog\/ia-y-regulacion-que-exige-hoy-el-reglamento-y-que-sera-obligatorio-desde-agosto-de-2025\/\" class=\"article\">\r\n    <div class=\"article_text\">\r\n        <div class=\"article_meta\">\r\n\r\n                            <span class=\"article_tags\">\r\n                                    <span class=\"article_tags_item\">Consultor\u00eda<\/span>\r\n                                <\/span>\r\n                                    <div class=\"article_date\">\r\n                <p>31.07.2025<\/p>\r\n            <\/div>\r\n        <\/div>\r\n        <div class=\"article_title\">\r\n            <h3>IA y Regulaci\u00f3n: qu\u00e9 exige hoy el Reglamento y qu\u00e9 ser\u00e1 obligatorio desde agosto de 2025<\/h3>\r\n        <\/div>\r\n        <div class=\"article_description\">\r\n            <p>El Reglamento (UE) 2024\/1689 sobre Inteligencia Artificial (RIA) est\u00e1 transformando el panorama regulatorio para las empresas europeas. Aunque su aplicaci\u00f3n completa ser\u00e1 progresiva hasta 2026, ya hay obligaciones vigentes que comenzaron a aplicarse en febrero de este a\u00f1o, y otras de gran impacto que entran en vigor el pr\u00f3ximo 2 de agosto.<\/p>\r\n        <\/div>\r\n                    <span class=\"article_button\">Leer art\u00edculo<\/span>\r\n        \r\n    <\/div>\r\n    <figure class=\"article_media\">\r\n                <img decoding=\"async\" width=\"640\" height=\"334\" data-src=\"https:\/\/auren.com\/es\/wp-content\/smush-webp\/2025\/07\/Miguel-Carballar-8-1024x535.png.webp\" class=\"article_media_image wp-post-image lazyload\" alt=\"Blog\" title=\"Blog\" data-srcset=\"https:\/\/auren.com\/es\/wp-content\/smush-webp\/2025\/07\/Miguel-Carballar-8-1024x535.png.webp 1024w, https:\/\/auren.com\/es\/wp-content\/smush-webp\/2025\/07\/Miguel-Carballar-8-300x157.png.webp 300w, https:\/\/auren.com\/es\/wp-content\/smush-webp\/2025\/07\/Miguel-Carballar-8-768x401.png.webp 768w, https:\/\/auren.com\/es\/wp-content\/uploads\/2025\/07\/Miguel-Carballar-8.png 1500w\" data-sizes=\"auto\" src=\"data:image\/svg+xml;base64,PHN2ZyB3aWR0aD0iMSIgaGVpZ2h0PSIxIiB4bWxucz0iaHR0cDovL3d3dy53My5vcmcvMjAwMC9zdmciPjwvc3ZnPg==\" style=\"--smush-placeholder-width: 640px; --smush-placeholder-aspect-ratio: 640\/334;\" data-original-sizes=\"(max-width: 640px) 100vw, 640px\" data-smush-webp-fallback=\"{&quot;data-src&quot;:&quot;https:\\\/\\\/auren.com\\\/es\\\/wp-content\\\/uploads\\\/2025\\\/07\\\/Miguel-Carballar-8-1024x535.png&quot;,&quot;data-srcset&quot;:&quot;https:\\\/\\\/auren.com\\\/es\\\/wp-content\\\/uploads\\\/2025\\\/07\\\/Miguel-Carballar-8-1024x535.png 1024w, https:\\\/\\\/auren.com\\\/es\\\/wp-content\\\/uploads\\\/2025\\\/07\\\/Miguel-Carballar-8-300x157.png 300w, https:\\\/\\\/auren.com\\\/es\\\/wp-content\\\/uploads\\\/2025\\\/07\\\/Miguel-Carballar-8-768x401.png 768w, https:\\\/\\\/auren.com\\\/es\\\/wp-content\\\/uploads\\\/2025\\\/07\\\/Miguel-Carballar-8.png 1500w&quot;}\" \/>    <\/figure>\r\n    <\/a>\r\n<a href=\"https:\/\/auren.com\/es\/blog\/basket-en-ma-el-umbral-de-tolerancia-y-desconfianza\/\" class=\"article\">\r\n    <div class=\"article_text\">\r\n        <div class=\"article_meta\">\r\n\r\n                            <span class=\"article_tags\">\r\n                                    <span class=\"article_tags_item\">Legal<\/span>\r\n                                <\/span>\r\n                                    <div class=\"article_date\">\r\n                <p>28.07.2025<\/p>\r\n            <\/div>\r\n        <\/div>\r\n        <div class=\"article_title\">\r\n            <h3>\u00abBasket\u00bb en M&amp;A: el umbral de tolerancia (y desconfianza)<\/h3>\r\n        <\/div>\r\n        <div class=\"article_description\">\r\n            <p>El Basket es, ni m\u00e1s ni menos, que uno de los muchos mecanismos contractuales, sutiles y que no pueden faltar en un contrato de compraventa de empresa<\/p>\r\n        <\/div>\r\n                    <span class=\"article_button\">Leer art\u00edculo<\/span>\r\n        \r\n    <\/div>\r\n    <figure class=\"article_media\">\r\n                <img decoding=\"async\" width=\"640\" height=\"334\" data-src=\"https:\/\/auren.com\/es\/wp-content\/smush-webp\/2025\/07\/David-Fauquie-3-1024x535.png.webp\" class=\"article_media_image wp-post-image lazyload\" alt=\"Blog\" title=\"Blog\" data-srcset=\"https:\/\/auren.com\/es\/wp-content\/smush-webp\/2025\/07\/David-Fauquie-3-1024x535.png.webp 1024w, https:\/\/auren.com\/es\/wp-content\/smush-webp\/2025\/07\/David-Fauquie-3-300x157.png.webp 300w, https:\/\/auren.com\/es\/wp-content\/smush-webp\/2025\/07\/David-Fauquie-3-768x401.png.webp 768w, https:\/\/auren.com\/es\/wp-content\/uploads\/2025\/07\/David-Fauquie-3.png 1500w\" data-sizes=\"auto\" src=\"data:image\/svg+xml;base64,PHN2ZyB3aWR0aD0iMSIgaGVpZ2h0PSIxIiB4bWxucz0iaHR0cDovL3d3dy53My5vcmcvMjAwMC9zdmciPjwvc3ZnPg==\" style=\"--smush-placeholder-width: 640px; --smush-placeholder-aspect-ratio: 640\/334;\" data-original-sizes=\"(max-width: 640px) 100vw, 640px\" data-smush-webp-fallback=\"{&quot;data-src&quot;:&quot;https:\\\/\\\/auren.com\\\/es\\\/wp-content\\\/uploads\\\/2025\\\/07\\\/David-Fauquie-3-1024x535.png&quot;,&quot;data-srcset&quot;:&quot;https:\\\/\\\/auren.com\\\/es\\\/wp-content\\\/uploads\\\/2025\\\/07\\\/David-Fauquie-3-1024x535.png 1024w, https:\\\/\\\/auren.com\\\/es\\\/wp-content\\\/uploads\\\/2025\\\/07\\\/David-Fauquie-3-300x157.png 300w, https:\\\/\\\/auren.com\\\/es\\\/wp-content\\\/uploads\\\/2025\\\/07\\\/David-Fauquie-3-768x401.png 768w, https:\\\/\\\/auren.com\\\/es\\\/wp-content\\\/uploads\\\/2025\\\/07\\\/David-Fauquie-3.png 1500w&quot;}\" \/>    <\/figure>\r\n    <\/a>\r\n<div class=\"articles_pagination\"><a class=\"articles_pagination_prev disabled\" href=\"#\"><\/a><a class=\"articles_pagination_number current\" data-page=\"1\">1<\/a><a class=\"articles_pagination_number \" data-page=\"2\">2<\/a><a class=\"articles_pagination_number \" data-page=\"3\">3<\/a><a class=\"articles_pagination_number \" data-page=\"&hellip;\">&hellip;<\/a><a class=\"articles_pagination_number \" data-page=\"45\">45<\/a><a class=\"articles_pagination_next\" data-page=\"2\"><\/a><\/div>\n        <\/div>\n    <\/div>\n\n    <\/div>\n\n\n<div id=\"Share-block_70c1b2cf595e5d00d46920eeac77365d\" class=\"Share\">\n    <div class=\"sharer\">\n        <div class=\"container center\">\n            <h3 class='sharer_text'>S\u00edguenos en nuestras redes sociales<\/h3>\n            <nav class=\"sharer_nav\">\n                                                <a class=\"sharer_nav_item share_nav_item_0\" href=\"https:\/\/www.linkedin.com\/company\/aurenspainserviciosprofesionales\"\n                    target=\"_blank\">Linkedin<\/a>\n                <style>\n                .Share .share_nav_item_0 {\n                    background-image: url(https:\/\/auren.com\/es\/wp-content\/uploads\/2025\/01\/367593_linkedin_business_network_social_icon-1.svg);\n                }\n\n                .Share .share_nav_item_0:hover {\n                    background-image: url(https:\/\/auren.com\/es\/wp-content\/uploads\/2025\/01\/367593_linkedin_business_network_social_icon_white.svg);\n                }\n                <\/style>\n                \n                                                <a class=\"sharer_nav_item share_nav_item_1\" href=\"https:\/\/www.youtube.com\/@AurenEsp\"\n                    target=\"_blank\">Youtube<\/a>\n                <style>\n                .Share .share_nav_item_1 {\n                    background-image: url(https:\/\/auren.com\/es\/wp-content\/uploads\/2025\/01\/ico-youtube-contrast.svg);\n                }\n\n                .Share .share_nav_item_1:hover {\n                    background-image: url(https:\/\/auren.com\/es\/wp-content\/uploads\/2025\/01\/ico-youtube.svg);\n                }\n                <\/style>\n                \n                                                <a class=\"sharer_nav_item share_nav_item_2\" href=\"https:\/\/www.instagram.com\/auren_spain?igsh=MW55Zml3c2QxdWtkcA==\"\n                    target=\"_blank\">Instagram<\/a>\n                <style>\n                .Share .share_nav_item_2 {\n                    background-image: url(https:\/\/auren.com\/es\/wp-content\/uploads\/2025\/01\/ico-instagram-contrast.svg);\n                }\n\n                .Share .share_nav_item_2:hover {\n                    background-image: url(https:\/\/auren.com\/es\/wp-content\/uploads\/2025\/01\/ico-instagram.svg);\n                }\n                <\/style>\n                \n                            <\/nav>\n        <\/div>\n    <\/div>\n<\/div>","protected":false},"excerpt":{"rendered":"","protected":false},"author":2,"featured_media":0,"parent":3920,"menu_order":16,"comment_status":"closed","ping_status":"closed","template":"","meta":{"_acf_changed":false,"footnotes":""},"class_list":["post-11827","page","type-page","status-publish","hentry"],"acf":[],"yoast_head":"<!-- This site is optimized with the Yoast SEO plugin v27.5 - https:\/\/yoast.com\/product\/yoast-seo-wordpress\/ -->\n<title>Blog - Auren<\/title>\n<meta name=\"robots\" content=\"index, follow, max-snippet:-1, max-image-preview:large, max-video-preview:-1\" \/>\n<link rel=\"canonical\" href=\"https:\/\/auren.com\/es\/tendencias\/blog\/\" \/>\n<meta property=\"og:locale\" content=\"es_ES\" \/>\n<meta property=\"og:type\" content=\"article\" \/>\n<meta property=\"og:title\" content=\"Blog - Auren\" \/>\n<meta property=\"og:url\" content=\"https:\/\/auren.com\/es\/tendencias\/blog\/\" \/>\n<meta property=\"og:site_name\" content=\"Auren\" \/>\n<meta property=\"article:modified_time\" content=\"2026-04-09T08:17:26+00:00\" \/>\n<meta name=\"twitter:card\" content=\"summary_large_image\" \/>\n<meta name=\"twitter:site\" content=\"@auren_spain\" \/>\n<script type=\"application\/ld+json\" class=\"yoast-schema-graph\">{\"@context\":\"https:\\\/\\\/schema.org\",\"@graph\":[{\"@type\":\"WebPage\",\"@id\":\"https:\\\/\\\/auren.com\\\/es\\\/tendencias\\\/blog\\\/\",\"url\":\"https:\\\/\\\/auren.com\\\/es\\\/tendencias\\\/blog\\\/\",\"name\":\"Blog - Auren\",\"isPartOf\":{\"@id\":\"https:\\\/\\\/auren.com\\\/es\\\/#website\"},\"datePublished\":\"2025-01-10T10:07:38+00:00\",\"dateModified\":\"2026-04-09T08:17:26+00:00\",\"breadcrumb\":{\"@id\":\"https:\\\/\\\/auren.com\\\/es\\\/tendencias\\\/blog\\\/#breadcrumb\"},\"inLanguage\":\"es\",\"potentialAction\":[{\"@type\":\"ReadAction\",\"target\":[\"https:\\\/\\\/auren.com\\\/es\\\/tendencias\\\/blog\\\/\"]}]},{\"@type\":\"BreadcrumbList\",\"@id\":\"https:\\\/\\\/auren.com\\\/es\\\/tendencias\\\/blog\\\/#breadcrumb\",\"itemListElement\":[{\"@type\":\"ListItem\",\"position\":1,\"name\":\"Portada\",\"item\":\"https:\\\/\\\/auren.com\\\/es\\\/\"},{\"@type\":\"ListItem\",\"position\":2,\"name\":\"Tendencias\",\"item\":\"https:\\\/\\\/auren.com\\\/es\\\/tendencias\\\/\"},{\"@type\":\"ListItem\",\"position\":3,\"name\":\"Blog\"}]},{\"@type\":\"WebSite\",\"@id\":\"https:\\\/\\\/auren.com\\\/es\\\/#website\",\"url\":\"https:\\\/\\\/auren.com\\\/es\\\/\",\"name\":\"Auren\",\"description\":\"\",\"publisher\":{\"@id\":\"https:\\\/\\\/auren.com\\\/es\\\/#organization\"},\"alternateName\":\"Auren\",\"potentialAction\":[{\"@type\":\"SearchAction\",\"target\":{\"@type\":\"EntryPoint\",\"urlTemplate\":\"https:\\\/\\\/auren.com\\\/es\\\/?s={search_term_string}\"},\"query-input\":{\"@type\":\"PropertyValueSpecification\",\"valueRequired\":true,\"valueName\":\"search_term_string\"}}],\"inLanguage\":\"es\"},{\"@type\":\"Organization\",\"@id\":\"https:\\\/\\\/auren.com\\\/es\\\/#organization\",\"name\":\"Auren\",\"alternateName\":\"Auren\",\"url\":\"https:\\\/\\\/auren.com\\\/es\\\/\",\"logo\":{\"@type\":\"ImageObject\",\"inLanguage\":\"es\",\"@id\":\"https:\\\/\\\/auren.com\\\/es\\\/#\\\/schema\\\/logo\\\/image\\\/\",\"url\":\"https:\\\/\\\/auren.com\\\/es\\\/wp-content\\\/uploads\\\/2025\\\/01\\\/cropped-cropped-favicon-Auren.png\",\"contentUrl\":\"https:\\\/\\\/auren.com\\\/es\\\/wp-content\\\/uploads\\\/2025\\\/01\\\/cropped-cropped-favicon-Auren.png\",\"width\":512,\"height\":512,\"caption\":\"Auren\"},\"image\":{\"@id\":\"https:\\\/\\\/auren.com\\\/es\\\/#\\\/schema\\\/logo\\\/image\\\/\"},\"sameAs\":[\"https:\\\/\\\/x.com\\\/auren_spain\",\"https:\\\/\\\/www.linkedin.com\\\/company\\\/aurenspainserviciosprofesionales\",\"https:\\\/\\\/www.youtube.com\\\/@AurenEsp\",\"https:\\\/\\\/www.instagram.com\\\/auren_spain\"]}]}<\/script>\n<!-- \/ Yoast SEO plugin. -->","yoast_head_json":{"title":"Blog - Auren","robots":{"index":"index","follow":"follow","max-snippet":"max-snippet:-1","max-image-preview":"max-image-preview:large","max-video-preview":"max-video-preview:-1"},"canonical":"https:\/\/auren.com\/es\/tendencias\/blog\/","og_locale":"es_ES","og_type":"article","og_title":"Blog - Auren","og_url":"https:\/\/auren.com\/es\/tendencias\/blog\/","og_site_name":"Auren","article_modified_time":"2026-04-09T08:17:26+00:00","twitter_card":"summary_large_image","twitter_site":"@auren_spain","schema":{"@context":"https:\/\/schema.org","@graph":[{"@type":"WebPage","@id":"https:\/\/auren.com\/es\/tendencias\/blog\/","url":"https:\/\/auren.com\/es\/tendencias\/blog\/","name":"Blog - Auren","isPartOf":{"@id":"https:\/\/auren.com\/es\/#website"},"datePublished":"2025-01-10T10:07:38+00:00","dateModified":"2026-04-09T08:17:26+00:00","breadcrumb":{"@id":"https:\/\/auren.com\/es\/tendencias\/blog\/#breadcrumb"},"inLanguage":"es","potentialAction":[{"@type":"ReadAction","target":["https:\/\/auren.com\/es\/tendencias\/blog\/"]}]},{"@type":"BreadcrumbList","@id":"https:\/\/auren.com\/es\/tendencias\/blog\/#breadcrumb","itemListElement":[{"@type":"ListItem","position":1,"name":"Portada","item":"https:\/\/auren.com\/es\/"},{"@type":"ListItem","position":2,"name":"Tendencias","item":"https:\/\/auren.com\/es\/tendencias\/"},{"@type":"ListItem","position":3,"name":"Blog"}]},{"@type":"WebSite","@id":"https:\/\/auren.com\/es\/#website","url":"https:\/\/auren.com\/es\/","name":"Auren","description":"","publisher":{"@id":"https:\/\/auren.com\/es\/#organization"},"alternateName":"Auren","potentialAction":[{"@type":"SearchAction","target":{"@type":"EntryPoint","urlTemplate":"https:\/\/auren.com\/es\/?s={search_term_string}"},"query-input":{"@type":"PropertyValueSpecification","valueRequired":true,"valueName":"search_term_string"}}],"inLanguage":"es"},{"@type":"Organization","@id":"https:\/\/auren.com\/es\/#organization","name":"Auren","alternateName":"Auren","url":"https:\/\/auren.com\/es\/","logo":{"@type":"ImageObject","inLanguage":"es","@id":"https:\/\/auren.com\/es\/#\/schema\/logo\/image\/","url":"https:\/\/auren.com\/es\/wp-content\/uploads\/2025\/01\/cropped-cropped-favicon-Auren.png","contentUrl":"https:\/\/auren.com\/es\/wp-content\/uploads\/2025\/01\/cropped-cropped-favicon-Auren.png","width":512,"height":512,"caption":"Auren"},"image":{"@id":"https:\/\/auren.com\/es\/#\/schema\/logo\/image\/"},"sameAs":["https:\/\/x.com\/auren_spain","https:\/\/www.linkedin.com\/company\/aurenspainserviciosprofesionales","https:\/\/www.youtube.com\/@AurenEsp","https:\/\/www.instagram.com\/auren_spain"]}]}},"_links":{"self":[{"href":"https:\/\/auren.com\/es\/wp-json\/wp\/v2\/pages\/11827","targetHints":{"allow":["GET"]}}],"collection":[{"href":"https:\/\/auren.com\/es\/wp-json\/wp\/v2\/pages"}],"about":[{"href":"https:\/\/auren.com\/es\/wp-json\/wp\/v2\/types\/page"}],"author":[{"embeddable":true,"href":"https:\/\/auren.com\/es\/wp-json\/wp\/v2\/users\/2"}],"replies":[{"embeddable":true,"href":"https:\/\/auren.com\/es\/wp-json\/wp\/v2\/comments?post=11827"}],"version-history":[{"count":0,"href":"https:\/\/auren.com\/es\/wp-json\/wp\/v2\/pages\/11827\/revisions"}],"up":[{"embeddable":true,"href":"https:\/\/auren.com\/es\/wp-json\/wp\/v2\/pages\/3920"}],"wp:attachment":[{"href":"https:\/\/auren.com\/es\/wp-json\/wp\/v2\/media?parent=11827"}],"curies":[{"name":"wp","href":"https:\/\/api.w.org\/{rel}","templated":true}]}}