{"id":36873,"date":"2019-10-08T17:44:00","date_gmt":"2019-10-08T15:44:00","guid":{"rendered":"https:\/\/auren.com\/es\/?post_type=publication&#038;p=36873"},"modified":"2026-04-28T17:49:30","modified_gmt":"2026-04-28T15:49:30","slug":"governa-disenando-el-manana","status":"publish","type":"publication","link":"https:\/\/auren.com\/es\/publicaciones\/governa-disenando-el-manana\/","title":{"rendered":"Governa: Dise\u00f1ando el ma\u00f1ana"},"content":{"rendered":"\n<p>\u00bfPodr\u00e1n los robots tomar decisiones por s\u00ed mismos?, \u00bfC\u00f3mo ser\u00e1 la medicina del futuro?; \u00bfC\u00f3mo viajaremos en 2050?<\/p>\n\n\n\n<p>El mundo se enfrenta a grandes cambios en los pr\u00f3ximos a\u00f1os. La robotizaci\u00f3n y la inteligencia artificial afectar\u00e1n a todos los sectores, transformando por completo nuestros esquemas actuales. En Dise\u00f1ando el ma\u00f1ana, Auren conversa con expertos que nos descubren hacia d\u00f3nde se dirige el mundo en diferentes campos: la educaci\u00f3n, la salud, el transporte, la sostenibilidad o el mercado laboral, a la vez que nos ense\u00f1an con qu\u00e9 mentalidad debemos afrontar los cambios que se avecinan.<\/p>\n\n\n\n<p>De forma amena y con un estilo de entrevista directa, la publicaci\u00f3n cuenta con <strong>11 entrevistas<\/strong> que recogen las reflexiones y muestran el trabajo de expertos como el prestigioso cient\u00edfico <strong>Jos\u00e9 Luis Jorcano, <\/strong>art\u00edfice del dise\u00f1o de una de las primeras<strong> impresoras de piel humana en 3D del mundo; Pablo Vidarte, creador de Bioo, <\/strong>sistema que aprovecha la fotos\u00edntesis de las plantas para crear electricidad;<strong> Jaime Pere\u00f1a, director de estrategia de inteligencia artificial de Microsoft o Josep Montserrat, presidente de Kantar Espa\u00f1a<\/strong>, entre otros participantes.<\/p>\n\n\n\n<p>Adem\u00e1s, la publicaci\u00f3n ha contado con los <strong>art\u00edculos en primera persona<\/strong> de las expertas y referentes mundiales en inteligencia artificial Nuria Oliver y Nerea Luis, que analizan la situaci\u00f3n presente y futura de esta tecnolog\u00eda y el qu\u00e9 podemos hacer como sociedad para que tenga un impacto positivo.<\/p>\n\n\n\n<p>La publicaci\u00f3n ha sido escrita por <strong>Sira Oliver<\/strong>, periodista y responsable de prensa de la firma. No hab\u00eda mejor forma de averiguar c\u00f3mo ser\u00e1 nuestro mundo que hablando con los protagonistas de los cambios que se avecinan, afirm\u00f3 la periodista.<\/p>\n\n\n\n<p>No se trataba tanto de hacer predicciones sobre el futuro, nadie puede predecir que pasar\u00e1 dentro de 50 a\u00f1os, sino de mostrar hacia d\u00f3nde vamos y qu\u00e9 estamos haciendo hoy para construir el ma\u00f1ana, afirm\u00f3 por su parte el presidente de Auren, Mario Alonso.<\/p>\n\n\n\n<p><strong>M\u00e1s sobre el libro:<\/strong><\/p>\n\n\n\n<p>El libro ha contado con la participaci\u00f3n de &nbsp;<strong>Jos\u00e9 Luis Jorcano<\/strong> (Universidad Carlos III); <strong>Pablo Vidarte<\/strong> (Bioo); <strong>Javier Cantera<\/strong> (Auren Blc); <strong>Gonzalo Fern\u00e1ndez<\/strong> (Vodafone); <strong>Jaime Pere\u00f1a<\/strong> (Microsoft); <strong>Jordi Oller<\/strong> (TecnoCampus); <strong>Josep Montserrat<\/strong> (Kantar); <strong>Alicia Kaufmann<\/strong> (Universidad de Alcal\u00e1); <strong>Carlos J. Medina<\/strong> (INTEF-Ministerio de Educaci\u00f3n); <strong>Sof\u00eda Atienza<\/strong> (Minsait); <strong>Almudena Rodr\u00edguez<\/strong> (Fundaci\u00f3n Personas y Empresas); <strong>Luis Fernando Rodr\u00edguez<\/strong> (Equipo PrimeX); <strong>Nuria Oliver<\/strong> (<em>Data-Pop Alliance<\/em>), y <strong>Nerea Luis<\/strong> (Universidad Carlos III)<\/p>\n\n\n\n<p>Puedes <strong>leerlo online<\/strong> <a href=\"https:\/\/auren.com\/es\/wp-content\/uploads\/2026\/04\/GOVERNA_Disenando-el-manana.pdf\">aqu\u00ed<\/a>.<\/p>\n","protected":false},"excerpt":{"rendered":"<p>\u00bfPodr\u00e1n los robots tomar decisiones por s\u00ed mismos?, \u00bfC\u00f3mo ser\u00e1 la medicina del futuro?; \u00bfC\u00f3mo viajaremos en 2050? El mundo se enfrenta a grandes cambios en los pr\u00f3ximos a\u00f1os. La robotizaci\u00f3n y la inteligencia artificial afectar\u00e1n a todos los sectores, transformando por completo nuestros esquemas actuales. En Dise\u00f1ando el ma\u00f1ana, Auren conversa con expertos que [&hellip;]<\/p>\n","protected":false},"featured_media":36874,"template":"","meta":{"_acf_changed":true,"footnotes":""},"publication-category":[],"class_list":["post-36873","publication","type-publication","status-publish","has-post-thumbnail","hentry"],"acf":[],"yoast_head":"<!-- This site is optimized with the Yoast SEO plugin v27.5 - https:\/\/yoast.com\/product\/yoast-seo-wordpress\/ -->\n<title>Governa: Dise\u00f1ando el ma\u00f1ana - Auren<\/title>\n<meta name=\"description\" content=\"Auren conversa con expertos que nos descubren hacia d\u00f3nde se dirige el mundo en diferentes campos: la educaci\u00f3n, la salud, el transporte, la sostenibilidad o el mercado laboral.\" \/>\n<meta name=\"robots\" content=\"noindex, follow\" \/>\n<meta property=\"og:locale\" content=\"es_ES\" \/>\n<meta property=\"og:type\" content=\"article\" \/>\n<meta property=\"og:title\" content=\"Governa: Dise\u00f1ando el ma\u00f1ana - Auren\" \/>\n<meta property=\"og:description\" content=\"Auren conversa con expertos que nos descubren hacia d\u00f3nde se dirige el mundo en diferentes campos: la educaci\u00f3n, la salud, el transporte, la sostenibilidad o el mercado laboral.\" \/>\n<meta property=\"og:url\" content=\"https:\/\/auren.com\/es\/publicaciones\/governa-disenando-el-manana\/\" \/>\n<meta property=\"og:site_name\" content=\"Auren\" \/>\n<meta property=\"article:modified_time\" content=\"2026-04-28T15:49:30+00:00\" \/>\n<meta property=\"og:image\" content=\"https:\/\/auren.com\/es\/wp-content\/uploads\/2026\/04\/disenando-el-manana-scaled.jpg\" \/>\n\t<meta property=\"og:image:width\" content=\"1818\" \/>\n\t<meta property=\"og:image:height\" content=\"2560\" \/>\n\t<meta property=\"og:image:type\" content=\"image\/jpeg\" \/>\n<meta name=\"twitter:card\" content=\"summary_large_image\" \/>\n<meta name=\"twitter:site\" content=\"@auren_spain\" \/>\n<meta name=\"twitter:label1\" content=\"Tiempo de lectura\" \/>\n\t<meta name=\"twitter:data1\" content=\"2 minutos\" \/>\n<script type=\"application\/ld+json\" class=\"yoast-schema-graph\">{\"@context\":\"https:\\\/\\\/schema.org\",\"@graph\":[{\"@type\":\"WebPage\",\"@id\":\"https:\\\/\\\/auren.com\\\/es\\\/publicaciones\\\/governa-disenando-el-manana\\\/\",\"url\":\"https:\\\/\\\/auren.com\\\/es\\\/publicaciones\\\/governa-disenando-el-manana\\\/\",\"name\":\"Governa: Dise\u00f1ando el ma\u00f1ana - Auren\",\"isPartOf\":{\"@id\":\"https:\\\/\\\/auren.com\\\/es\\\/#website\"},\"primaryImageOfPage\":{\"@id\":\"https:\\\/\\\/auren.com\\\/es\\\/publicaciones\\\/governa-disenando-el-manana\\\/#primaryimage\"},\"image\":{\"@id\":\"https:\\\/\\\/auren.com\\\/es\\\/publicaciones\\\/governa-disenando-el-manana\\\/#primaryimage\"},\"thumbnailUrl\":\"https:\\\/\\\/auren.com\\\/es\\\/wp-content\\\/uploads\\\/2026\\\/04\\\/disenando-el-manana-scaled.jpg\",\"datePublished\":\"2019-10-08T15:44:00+00:00\",\"dateModified\":\"2026-04-28T15:49:30+00:00\",\"description\":\"Auren conversa con expertos que nos descubren hacia d\u00f3nde se dirige el mundo en diferentes campos: la educaci\u00f3n, la salud, el transporte, la sostenibilidad o el mercado laboral.\",\"breadcrumb\":{\"@id\":\"https:\\\/\\\/auren.com\\\/es\\\/publicaciones\\\/governa-disenando-el-manana\\\/#breadcrumb\"},\"inLanguage\":\"es\",\"potentialAction\":[{\"@type\":\"ReadAction\",\"target\":[\"https:\\\/\\\/auren.com\\\/es\\\/publicaciones\\\/governa-disenando-el-manana\\\/\"]}]},{\"@type\":\"ImageObject\",\"inLanguage\":\"es\",\"@id\":\"https:\\\/\\\/auren.com\\\/es\\\/publicaciones\\\/governa-disenando-el-manana\\\/#primaryimage\",\"url\":\"https:\\\/\\\/auren.com\\\/es\\\/wp-content\\\/uploads\\\/2026\\\/04\\\/disenando-el-manana-scaled.jpg\",\"contentUrl\":\"https:\\\/\\\/auren.com\\\/es\\\/wp-content\\\/uploads\\\/2026\\\/04\\\/disenando-el-manana-scaled.jpg\",\"width\":1818,\"height\":2560},{\"@type\":\"BreadcrumbList\",\"@id\":\"https:\\\/\\\/auren.com\\\/es\\\/publicaciones\\\/governa-disenando-el-manana\\\/#breadcrumb\",\"itemListElement\":[{\"@type\":\"ListItem\",\"position\":1,\"name\":\"Portada\",\"item\":\"https:\\\/\\\/auren.com\\\/es\\\/\"},{\"@type\":\"ListItem\",\"position\":2,\"name\":\"Governa: Dise\u00f1ando el ma\u00f1ana\"}]},{\"@type\":\"WebSite\",\"@id\":\"https:\\\/\\\/auren.com\\\/es\\\/#website\",\"url\":\"https:\\\/\\\/auren.com\\\/es\\\/\",\"name\":\"Auren\",\"description\":\"\",\"publisher\":{\"@id\":\"https:\\\/\\\/auren.com\\\/es\\\/#organization\"},\"alternateName\":\"Auren\",\"potentialAction\":[{\"@type\":\"SearchAction\",\"target\":{\"@type\":\"EntryPoint\",\"urlTemplate\":\"https:\\\/\\\/auren.com\\\/es\\\/?s={search_term_string}\"},\"query-input\":{\"@type\":\"PropertyValueSpecification\",\"valueRequired\":true,\"valueName\":\"search_term_string\"}}],\"inLanguage\":\"es\"},{\"@type\":\"Organization\",\"@id\":\"https:\\\/\\\/auren.com\\\/es\\\/#organization\",\"name\":\"Auren\",\"alternateName\":\"Auren\",\"url\":\"https:\\\/\\\/auren.com\\\/es\\\/\",\"logo\":{\"@type\":\"ImageObject\",\"inLanguage\":\"es\",\"@id\":\"https:\\\/\\\/auren.com\\\/es\\\/#\\\/schema\\\/logo\\\/image\\\/\",\"url\":\"https:\\\/\\\/auren.com\\\/es\\\/wp-content\\\/uploads\\\/2025\\\/01\\\/cropped-cropped-favicon-Auren.png\",\"contentUrl\":\"https:\\\/\\\/auren.com\\\/es\\\/wp-content\\\/uploads\\\/2025\\\/01\\\/cropped-cropped-favicon-Auren.png\",\"width\":512,\"height\":512,\"caption\":\"Auren\"},\"image\":{\"@id\":\"https:\\\/\\\/auren.com\\\/es\\\/#\\\/schema\\\/logo\\\/image\\\/\"},\"sameAs\":[\"https:\\\/\\\/x.com\\\/auren_spain\",\"https:\\\/\\\/www.linkedin.com\\\/company\\\/aurenspainserviciosprofesionales\",\"https:\\\/\\\/www.youtube.com\\\/@AurenEsp\",\"https:\\\/\\\/www.instagram.com\\\/auren_spain\"]}]}<\/script>\n<!-- \/ Yoast SEO plugin. -->","yoast_head_json":{"title":"Governa: Dise\u00f1ando el ma\u00f1ana - Auren","description":"Auren conversa con expertos que nos descubren hacia d\u00f3nde se dirige el mundo en diferentes campos: la educaci\u00f3n, la salud, el transporte, la sostenibilidad o el mercado laboral.","robots":{"index":"noindex","follow":"follow"},"og_locale":"es_ES","og_type":"article","og_title":"Governa: Dise\u00f1ando el ma\u00f1ana - Auren","og_description":"Auren conversa con expertos que nos descubren hacia d\u00f3nde se dirige el mundo en diferentes campos: la educaci\u00f3n, la salud, el transporte, la sostenibilidad o el mercado laboral.","og_url":"https:\/\/auren.com\/es\/publicaciones\/governa-disenando-el-manana\/","og_site_name":"Auren","article_modified_time":"2026-04-28T15:49:30+00:00","og_image":[{"width":1818,"height":2560,"url":"https:\/\/auren.com\/es\/wp-content\/uploads\/2026\/04\/disenando-el-manana-scaled.jpg","type":"image\/jpeg"}],"twitter_card":"summary_large_image","twitter_site":"@auren_spain","twitter_misc":{"Tiempo de lectura":"2 minutos"},"schema":{"@context":"https:\/\/schema.org","@graph":[{"@type":"WebPage","@id":"https:\/\/auren.com\/es\/publicaciones\/governa-disenando-el-manana\/","url":"https:\/\/auren.com\/es\/publicaciones\/governa-disenando-el-manana\/","name":"Governa: Dise\u00f1ando el ma\u00f1ana - Auren","isPartOf":{"@id":"https:\/\/auren.com\/es\/#website"},"primaryImageOfPage":{"@id":"https:\/\/auren.com\/es\/publicaciones\/governa-disenando-el-manana\/#primaryimage"},"image":{"@id":"https:\/\/auren.com\/es\/publicaciones\/governa-disenando-el-manana\/#primaryimage"},"thumbnailUrl":"https:\/\/auren.com\/es\/wp-content\/uploads\/2026\/04\/disenando-el-manana-scaled.jpg","datePublished":"2019-10-08T15:44:00+00:00","dateModified":"2026-04-28T15:49:30+00:00","description":"Auren conversa con expertos que nos descubren hacia d\u00f3nde se dirige el mundo en diferentes campos: la educaci\u00f3n, la salud, el transporte, la sostenibilidad o el mercado laboral.","breadcrumb":{"@id":"https:\/\/auren.com\/es\/publicaciones\/governa-disenando-el-manana\/#breadcrumb"},"inLanguage":"es","potentialAction":[{"@type":"ReadAction","target":["https:\/\/auren.com\/es\/publicaciones\/governa-disenando-el-manana\/"]}]},{"@type":"ImageObject","inLanguage":"es","@id":"https:\/\/auren.com\/es\/publicaciones\/governa-disenando-el-manana\/#primaryimage","url":"https:\/\/auren.com\/es\/wp-content\/uploads\/2026\/04\/disenando-el-manana-scaled.jpg","contentUrl":"https:\/\/auren.com\/es\/wp-content\/uploads\/2026\/04\/disenando-el-manana-scaled.jpg","width":1818,"height":2560},{"@type":"BreadcrumbList","@id":"https:\/\/auren.com\/es\/publicaciones\/governa-disenando-el-manana\/#breadcrumb","itemListElement":[{"@type":"ListItem","position":1,"name":"Portada","item":"https:\/\/auren.com\/es\/"},{"@type":"ListItem","position":2,"name":"Governa: Dise\u00f1ando el ma\u00f1ana"}]},{"@type":"WebSite","@id":"https:\/\/auren.com\/es\/#website","url":"https:\/\/auren.com\/es\/","name":"Auren","description":"","publisher":{"@id":"https:\/\/auren.com\/es\/#organization"},"alternateName":"Auren","potentialAction":[{"@type":"SearchAction","target":{"@type":"EntryPoint","urlTemplate":"https:\/\/auren.com\/es\/?s={search_term_string}"},"query-input":{"@type":"PropertyValueSpecification","valueRequired":true,"valueName":"search_term_string"}}],"inLanguage":"es"},{"@type":"Organization","@id":"https:\/\/auren.com\/es\/#organization","name":"Auren","alternateName":"Auren","url":"https:\/\/auren.com\/es\/","logo":{"@type":"ImageObject","inLanguage":"es","@id":"https:\/\/auren.com\/es\/#\/schema\/logo\/image\/","url":"https:\/\/auren.com\/es\/wp-content\/uploads\/2025\/01\/cropped-cropped-favicon-Auren.png","contentUrl":"https:\/\/auren.com\/es\/wp-content\/uploads\/2025\/01\/cropped-cropped-favicon-Auren.png","width":512,"height":512,"caption":"Auren"},"image":{"@id":"https:\/\/auren.com\/es\/#\/schema\/logo\/image\/"},"sameAs":["https:\/\/x.com\/auren_spain","https:\/\/www.linkedin.com\/company\/aurenspainserviciosprofesionales","https:\/\/www.youtube.com\/@AurenEsp","https:\/\/www.instagram.com\/auren_spain"]}]}},"_links":{"self":[{"href":"https:\/\/auren.com\/es\/wp-json\/wp\/v2\/publication\/36873","targetHints":{"allow":["GET"]}}],"collection":[{"href":"https:\/\/auren.com\/es\/wp-json\/wp\/v2\/publication"}],"about":[{"href":"https:\/\/auren.com\/es\/wp-json\/wp\/v2\/types\/publication"}],"version-history":[{"count":0,"href":"https:\/\/auren.com\/es\/wp-json\/wp\/v2\/publication\/36873\/revisions"}],"wp:featuredmedia":[{"embeddable":true,"href":"https:\/\/auren.com\/es\/wp-json\/wp\/v2\/media\/36874"}],"wp:attachment":[{"href":"https:\/\/auren.com\/es\/wp-json\/wp\/v2\/media?parent=36873"}],"wp:term":[{"taxonomy":"publication-category","embeddable":true,"href":"https:\/\/auren.com\/es\/wp-json\/wp\/v2\/publication-category?post=36873"}],"curies":[{"name":"wp","href":"https:\/\/api.w.org\/{rel}","templated":true}]}}