{"id":3676,"date":"2025-01-08T11:47:43","date_gmt":"2025-01-08T10:47:43","guid":{"rendered":"https:\/\/auren.com\/es\/?post_type=service&#038;p=3676"},"modified":"2026-04-06T18:09:54","modified_gmt":"2026-04-06T16:09:54","slug":"personas","status":"publish","type":"service","link":"https:\/\/auren.com\/es\/servicios\/consultoria\/personas\/","title":{"rendered":"Personas"},"content":{"rendered":"<section id=\"Header-block_0edc1376b69c1e3cb631b575538deadb\" class=\"Header\">\r\n\r\n    <div class=\"hero\">\r\n                <div class=\"container\">\r\n            <div class=\"hero_header\">\r\n                                \r\n                <div class=\"hero_header_title\">\r\n                    <h2 class='' style=\"text-align: left;\">Consultor\u00eda<\/h2>\n                <\/div>\r\n\r\n                                                \r\n                <div class=\"hero_header_subtitle\">\r\n                    <p>Aportamos soluciones integrales para el \u00e9xito empresarial<\/p>\n                <\/div>\r\n\r\n                                \r\n            <\/div>\r\n        <\/div>\r\n        \r\n                <picture>\r\n            <source data-srcset=\"https:\/\/auren.com\/es\/wp-content\/uploads\/2024\/11\/bg-hero-services-audit-d.webp\"\r\n                media=\"(min-width: 1200px)\" \/>\r\n            <img decoding=\"async\" class=\"hero_bg lazyload\"\r\n                <img decoding=\"async\" width=\"640\" height=\"386\" data-src=\"https:\/\/auren.com\/es\/wp-content\/uploads\/2024\/11\/bg-hero-services-audit-d-1024x617.webp\" class=\"hero_bg lazyload\" alt=\"\" data-srcset=\"https:\/\/auren.com\/es\/wp-content\/uploads\/2024\/11\/bg-hero-services-audit-d-1024x617.webp 1024w, https:\/\/auren.com\/es\/wp-content\/uploads\/2024\/11\/bg-hero-services-audit-d-300x181.webp 300w, https:\/\/auren.com\/es\/wp-content\/uploads\/2024\/11\/bg-hero-services-audit-d-768x463.webp 768w, https:\/\/auren.com\/es\/wp-content\/uploads\/2024\/11\/bg-hero-services-audit-d.webp 1200w\" data-sizes=\"auto\" src=\"data:image\/svg+xml;base64,PHN2ZyB3aWR0aD0iMSIgaGVpZ2h0PSIxIiB4bWxucz0iaHR0cDovL3d3dy53My5vcmcvMjAwMC9zdmciPjwvc3ZnPg==\" style=\"--smush-placeholder-width: 640px; --smush-placeholder-aspect-ratio: 640\/386;\" data-original-sizes=\"(max-width: 640px) 100vw, 640px\" \/>>\r\n        <\/picture>\r\n        \r\n                        <p class=\"hero_scroll\"><strong>Explorar m\u00e1s<\/strong> Despl\u00e1zate hacia abajo<\/p>\r\n                    <\/div>\r\n\r\n<\/section>\n\n\r\n<section id=\"Breadcrumbs-block_9e8166d6c1002c737e18f65cfab4cbb6\" class=\"Breadcrumbs\">\r\n    \r\n        <nav class=\"breads\" aria-label=\"Breadcrumb\">\r\n            <ul class=\"container\">\r\n                <li><a href=\"https:\/\/auren.com\/es\">Home<\/a><\/li>\r\n                <li><a href=\"https:\/\/auren.com\/es\/servicios\/consultoria\/\">Consultor\u00eda<\/a><\/li><li><span aria-current=\"page\">Personas<\/span><\/li>            <\/ul>\r\n        <\/nav>\r\n\r\n                                                                                     \r\n    \r\n<\/section>\r\n\n\n\r\n<section id=\"ImageText-block_64670e723eaa62eebc44a3f7164bf02a\" class=\"ImageText\">\r\n\r\n    <section class=\"info \">\r\n        <div class=\"container\">\r\n            <div class=\"info_text\">\r\n                <div class=\"info_title\">\r\n                    <div class=\"info_title\">\n<p class=''>Nuestra propuesta<\/p>\n<\/div>\n                <\/div>\r\n                <div class=\"info_description\">\r\n                    <p>Ofrecemos soluciones adaptadas a los retos del mercado, la normativa y las tendencias. Nuestro enfoque integral y multidisciplinar nos permite acompa\u00f1ar a las empresas en procesos clave como la transformaci\u00f3n digital, la gesti\u00f3n de personas o la optimizaci\u00f3n operativa.<\/p>\n<p>Destacan nuestros servicios especializados en <strong>inteligencia artificial<\/strong>, ayudando a nuestros clientes a integrar esta tecnolog\u00eda en sus operaciones para impulsar la innovaci\u00f3n y la eficiencia. As\u00ed como en <strong>sostenibilidad<\/strong>, asesor\u00e1ndoles en la integraci\u00f3n de criterios ESG, la eficiencia energ\u00e9tica o la reducci\u00f3n de su impacto ambiental.<\/p>\n<p>Nuestro equipo aporta experiencia y especializaci\u00f3n para generar valor, alineando la visi\u00f3n estrat\u00e9gica y operativa de cada cliente y garantizando <strong>resultados eficaces y sostenibles<\/strong>.<\/p>\n                <\/div>\r\n            <\/div>\r\n            <div class=\"info_media\">\r\n                <div class=\"info_media_item info_media_item-1\">\r\n                    <div class=\"info_media_item_text\"><span class=\"title\"><\/span>ESTRATEGIA Y PROCESOS,\u00a0PERSONAS Y TECNOLOG\u00cdA\n<\/div>\r\n                    <div class=\"info_media_item_text_claim\"><\/div>\r\n                    <span class=\"info_media_item_bg\">\r\n                                                    <img decoding=\"async\" width=\"640\" height=\"460\" data-src=\"https:\/\/auren.com\/es\/wp-content\/uploads\/2024\/11\/bg-info-media-1-f.webp\" class=\"attachment-large size-large lazyload\" alt=\"\" data-srcset=\"https:\/\/auren.com\/es\/wp-content\/uploads\/2024\/11\/bg-info-media-1-f.webp 930w, https:\/\/auren.com\/es\/wp-content\/uploads\/2024\/11\/bg-info-media-1-f-300x215.webp 300w, https:\/\/auren.com\/es\/wp-content\/uploads\/2024\/11\/bg-info-media-1-f-768x552.webp 768w\" data-sizes=\"auto\" src=\"data:image\/svg+xml;base64,PHN2ZyB3aWR0aD0iMSIgaGVpZ2h0PSIxIiB4bWxucz0iaHR0cDovL3d3dy53My5vcmcvMjAwMC9zdmciPjwvc3ZnPg==\" style=\"--smush-placeholder-width: 640px; --smush-placeholder-aspect-ratio: 640\/460;\" data-original-sizes=\"(max-width: 640px) 100vw, 640px\" \/>                                            <\/span>\r\n                                                        <\/div>\r\n                <div class=\"info_media_claim\">\r\n                    <p>Somos empresarios al servicio de empresarios<\/p>\n                <\/div>\r\n                <div class=\"info_media_item info_media_item-2\">\r\n                    <div class=\"info_media_item_text\"><span class=\"title\"><\/span><\/div>\r\n                    <div class=\"info_media_item_text_claim\"><\/div>\r\n                    <span class=\"info_media_item_bg\">\r\n                                                    <img decoding=\"async\" width=\"640\" height=\"411\" data-src=\"https:\/\/auren.com\/es\/wp-content\/uploads\/2024\/11\/bg-info-media-2-f.webp\" class=\"attachment-large size-large lazyload\" alt=\"\" data-srcset=\"https:\/\/auren.com\/es\/wp-content\/uploads\/2024\/11\/bg-info-media-2-f.webp 900w, https:\/\/auren.com\/es\/wp-content\/uploads\/2024\/11\/bg-info-media-2-f-300x193.webp 300w, https:\/\/auren.com\/es\/wp-content\/uploads\/2024\/11\/bg-info-media-2-f-768x493.webp 768w\" data-sizes=\"auto\" src=\"data:image\/svg+xml;base64,PHN2ZyB3aWR0aD0iMSIgaGVpZ2h0PSIxIiB4bWxucz0iaHR0cDovL3d3dy53My5vcmcvMjAwMC9zdmciPjwvc3ZnPg==\" style=\"--smush-placeholder-width: 640px; --smush-placeholder-aspect-ratio: 640\/411;\" data-original-sizes=\"(max-width: 640px) 100vw, 640px\" \/>                                            <\/span>\r\n                                                        <\/div>\r\n            <\/div>\r\n        <\/div>\r\n    <\/section>\r\n\r\n<\/section>\r\n\r\n\n\n<section id=\"ChildPostsListDisplay-block_01e71bb06e086d931e55555e1835fd84\" class=\"ChildPostsListDisplay\">\r\n\r\n    \r\n                    <section class=\"bubbles\">\r\n                <div class=\"container\">\r\n\r\n                \r\n                                            <a class=\"bubbles_item \" href=\"https:\/\/auren.com\/es\/servicios\/consultoria\/estrategia-y-procesos\/?nav\">\r\n                            Estrategia y Procesos                        <\/a>\r\n                                            <a class=\"bubbles_item active\" href=\"https:\/\/auren.com\/es\/servicios\/consultoria\/personas\/?nav\">\r\n                            Personas                        <\/a>\r\n                                            <a class=\"bubbles_item \" href=\"https:\/\/auren.com\/es\/servicios\/consultoria\/tecnologia\/?nav\">\r\n                            Tecnolog\u00eda                        <\/a>\r\n                                    \r\n                <\/div>\r\n            <\/section>\r\n        \r\n        <section class=\"headlines\">\r\n            <div class=\"container\">\r\n                                    <div class=\"headlines_title\"><h3>Personas<\/h3>\n<\/div>\r\n                \r\n                                    <div class=\"headlines_content\">\r\n                                                    <div class=\"headlines_subtitle\"><p>Nuestros servicios<\/p>\n<\/div>\r\n                                                                            <div class=\"headlines_description\"><p>Ofrecemos soluciones personalizadas en todo el <strong>ciclo de vida del empleado<\/strong>, con un enfoque 360\u00b0 en la gesti\u00f3n de personas, comprometidos con la \u00e9tica, la diversidad y la igualdad. Cuidamos y ayudamos a cuidar, manteniendo un enfoque multidisciplinar y un servicio de calidad.<\/p>\n<p>Si necesitas apoyo en la ejecuci\u00f3n t\u00e1ctica de tus proyectos, estamos contigo. Si buscas una visi\u00f3n estrat\u00e9gica para tomar decisiones cr\u00edticas, te ofrecemos nuestra experiencia. Y si prefieres una soluci\u00f3n integral que abarque desde la planificaci\u00f3n hasta la implementaci\u00f3n, trabajaremos a tu lado para garantizar resultados efectivos y sostenibles.<\/p>\n<\/div>\r\n                                            <\/div>\r\n                            <\/div>\r\n        <\/section>\r\n\r\n        <section class=\"accordion\">\r\n            <div class=\"container\">\r\n                                                    <div class=\"accordion_item\">\r\n                        <a class=\"accordion_item_header\" href=\"#\">HR Compliance, eficiencia organizativa y analytics<\/a>\r\n                        <div class=\"accordion_item_content align-items-center\">\r\n                            <div class=\"accordion_item_content_text w-100\"  style=\"max-width:unset!important\" >\r\n                                <p>Realizamos la <strong>evaluaci\u00f3n, planificaci\u00f3n y dise\u00f1o de plantillas y modelos organizativos<\/strong> alineados con la estrategia y el plan de negocio de las organizaciones.<\/p>\n<ul>\n<li>Elaboraci\u00f3n de <strong>auditor\u00edas<\/strong> de las obligaciones legales, de las organizaciones y de su sector, as\u00ed como de las pol\u00edticas y procesos de RR.HH., identificando mapas de riesgos y dise\u00f1ando planes de acci\u00f3n para mejorar el cumplimiento normativo (planes de igualdad, ESG, novedades legislativas de diversidad, entre otros).<\/li>\n<li><strong>An\u00e1lisis y dise\u00f1o de modelos organizativos<\/strong> a nivel macro (estrategia y eficiencia organizativa), micro (descripci\u00f3n y valoraci\u00f3n de puestos de trabajo) y de estructura de plantillas (dimensionamiento, procesos, costes&#8230;).<\/li>\n<li>Definici\u00f3n y asesoramiento de <strong>proyectos de compensaci\u00f3n<\/strong>, alineada con el mercado y con los objetivos internos. Dise\u00f1o de programas de compensaci\u00f3n, a trav\u00e9s de la identificaci\u00f3n e implantaci\u00f3n de beneficios y servicios.<\/li>\n<li><strong>Organizaci\u00f3n \u00c1gil y Agile HR<\/strong>: implantamos pr\u00e1cticas \u00e1giles en la gesti\u00f3n de personas, facilitando una mayor adaptabilidad y rapidez en la toma de decisiones.<\/li>\n<li><strong>People Analytics<\/strong>, utilizando datos para tomar decisiones en la gesti\u00f3n de personas.<\/li>\n<\/ul>\n                                                            <\/div>\r\n                                                    <\/div>\r\n                    <\/div>\r\n                                    <div class=\"accordion_item\">\r\n                        <a class=\"accordion_item_header\" href=\"#\">Estrategia y Gesti\u00f3n del Talento<\/a>\r\n                        <div class=\"accordion_item_content align-items-center\">\r\n                            <div class=\"accordion_item_content_text w-100\"  style=\"max-width:unset!important\" >\r\n                                <p>Acompa\u00f1amos y co-definimos la <strong>estrategia de RR.HH.<\/strong> m\u00e1s adecuada para las empresas, entendiendo la situaci\u00f3n presente y futura (expansi\u00f3n, concentraci\u00f3n, relevo generacional, fusiones, entre otros).<\/p>\n<ul>\n<li>Dise\u00f1amos pol\u00edticas y procesos que permitan a la organizaci\u00f3n <strong>identificar, medir, desarrollar y retener el talento clave<\/strong>.<\/li>\n<li>Facilitamos la <strong>innovaci\u00f3n<\/strong> a los departamentos encargados de la gesti\u00f3n del capital humano.<\/li>\n<li>Ponemos en marcha procesos y formas de trabajar <strong>Smart working y modelos h\u00edbridos de trabajo<\/strong>: desarrollamos estrategias de trabajo flexible y remoto que faciliten la conciliaci\u00f3n.<\/li>\n<li><strong>Ayudamos a identificar y evaluar el talento de las empresas<\/strong> de forma clara y trasparente: promociones, evaluaciones internas, identificaci\u00f3n de altos potenciales, entre otros.<\/li>\n<li>Ofrecemos capacidad y conocimiento experto para llevar a cabo la implantaci\u00f3n y ejecuci\u00f3n de los procesos dise\u00f1ados con el cliente, ofreciendo una capacidad extendida a los departamentos de Recursos Humanos.<\/li>\n<\/ul>\n                                                            <\/div>\r\n                                                    <\/div>\r\n                    <\/div>\r\n                                    <div class=\"accordion_item\">\r\n                        <a class=\"accordion_item_header\" href=\"#\">Desarrollo y formaci\u00f3n<\/a>\r\n                        <div class=\"accordion_item_content align-items-center\">\r\n                            <div class=\"accordion_item_content_text w-100\"  style=\"max-width:unset!important\" >\r\n                                <p>Dise\u00f1amos y damos forma a <strong>programas de capacitaci\u00f3n<\/strong> que impulsen y potencien el crecimiento profesional de la direcci\u00f3n, los mandos intermedios y los empleados.<\/p>\n<ul>\n<li><strong>Aprendizaje diverso<\/strong>: exploramos las habilidades y herramientas necesarias para crear un nuevo entorno. Aportamos formaci\u00f3n t\u00e9cnica, comercial, en liderazgo y management adaptada a las necesidades de tu equipo.<\/li>\n<li>Para un<strong> talento diverso<\/strong>, seg\u00fan necesidades, momento profesional, responsabilidad, edad o experiencia. Nos ajustamos a cada colectivo y a cada cultura organizativa.<\/li>\n<li><strong>Formatos adaptativos<\/strong>: programas de transformaci\u00f3n, Skills Academy, coaching grupal, contenidos online. Todos ellos dise\u00f1ados junto al cliente para transformar el aprendizaje en acci\u00f3n.<\/li>\n<li><strong>Metodolog\u00edas vers\u00e1tiles<\/strong>: desde el aprendizaje experiencial grupal hasta experiencias inmersivas en el puesto.<\/li>\n<li><strong>Tecnolog\u00eda<\/strong> que transforma: herramientas interactivas, plataformas digitales y gamificaci\u00f3n e IA para optimizar cada minuto de tu formaci\u00f3n.<\/li>\n<li><strong>Agilidad en la gesti\u00f3n<\/strong>: facilitamos la gesti\u00f3n operativa de la formaci\u00f3n, ofreciendo nuestros recursos para la coordinaci\u00f3n de proveedores, planificaci\u00f3n de las convocatorias, atenci\u00f3n a los alumnos, administraci\u00f3n de la informaci\u00f3n necesaria para maximizar la gesti\u00f3n de ayudas y subvenciones, elaboraci\u00f3n de un cuadro de mando de las acciones formativas y el seguimiento de costes, entre otros.<\/li>\n<\/ul>\n                                                            <\/div>\r\n                                                    <\/div>\r\n                    <\/div>\r\n                                    <div class=\"accordion_item\">\r\n                        <a class=\"accordion_item_header\" href=\"#\">Coaching ejecutivo<\/a>\r\n                        <div class=\"accordion_item_content align-items-center\">\r\n                            <div class=\"accordion_item_content_text w-100\"  style=\"max-width:unset!important\" >\r\n                                <p>El <strong>coaching ejecutivo<\/strong> pretende empoderar a la persona en su vida laboral, trabajando habilidades y competencias clave. Involucramos a todas las partes implicadas, identificando los objetivos e indicadores del proceso, para luego poder evaluarlos correctamente.<\/p>\n<p>Nuestro objetivo es que a trav\u00e9s del proceso de coaching se consigan:<\/p>\n<ul>\n<li>Resultados tangibles.<\/li>\n<li>Cambios de comportamientos de acuerdo con los objetivos trazados.<\/li>\n<\/ul>\n                                                            <\/div>\r\n                                                    <\/div>\r\n                    <\/div>\r\n                                    <div class=\"accordion_item\">\r\n                        <a class=\"accordion_item_header\" href=\"#\">Mentoring<\/a>\r\n                        <div class=\"accordion_item_content align-items-center\">\r\n                            <div class=\"accordion_item_content_text w-100\"  style=\"max-width:unset!important\" >\r\n                                <p>Es una de las herramientas m\u00e1s poderosas del desarrollo profesional que se realiza dentro de la organizaci\u00f3n. Con el Mentoring se implanta un proceso de aprendizaje intrapersonal para el desarrollo de las personas.<\/p>\n<p>Para que los proyectos finalicen con \u00e9xito es fundamental respetar las fases:<\/p>\n<ul>\n<li>Marketing interno del proyecto.<\/li>\n<li>Identificaci\u00f3n Mentores-Mentee.<\/li>\n<li>Kit Mentor-Mentee.<\/li>\n<li>Formaci\u00f3n Mentores-Mentee.<\/li>\n<li>Seguimientos grupales.<\/li>\n<li>Evaluaci\u00f3n.<\/li>\n<\/ul>\n                                                            <\/div>\r\n                                                    <\/div>\r\n                    <\/div>\r\n                                    <div class=\"accordion_item\">\r\n                        <a class=\"accordion_item_header\" href=\"#\">Outplacement y transici\u00f3n de carrera<\/a>\r\n                        <div class=\"accordion_item_content align-items-center\">\r\n                            <div class=\"accordion_item_content_text w-100\"  style=\"max-width:unset!important\" >\r\n                                <p>Estamos especializados en el asesoramiento y la gesti\u00f3n en los procesos de transici\u00f3n y de impulso de carrera profesional. Contamos con programas en todos los sectores para profesionales de diversa trayectoria, nivel y especializaci\u00f3n.<\/p>\n<p>Servicios que engloba:<\/p>\n<ul>\n<li>Acompa\u00f1amiento en procesos de reestructuraci\u00f3n y recolocaci\u00f3n.<\/li>\n<li>Programas individuales de cambio profesional que facilitan el avance en su desarrollo y un ajuste entre sus expectativas y el mercado laboral.<\/li>\n<li>Programas internacionales de retorno de talento y apoyo a la movilidad.<\/li>\n<\/ul>\n                                                            <\/div>\r\n                                                    <\/div>\r\n                    <\/div>\r\n                                    <div class=\"accordion_item\">\r\n                        <a class=\"accordion_item_header\" href=\"#\">Agencia de recolocaci\u00f3n<\/a>\r\n                        <div class=\"accordion_item_content align-items-center\">\r\n                            <div class=\"accordion_item_content_text w-100\"  style=\"max-width:unset!important\" >\r\n                                <p>Realizamos planes de recolocaci\u00f3n que la regulaci\u00f3n exige a las empresas que se vean inmersas en despidos colectivos a partir de 50 trabajadores, o Expedientes de Regulaci\u00f3n de Empleo. Contamos con centros en diferentes comunidades aut\u00f3nomas<\/p>\n<p>Nuestros servicios se destacan por:<\/p>\n<ul>\n<li>Dise\u00f1ar programas modulables acordes a las necesidades de cada empresa.<\/li>\n<li>Asegurar una atenci\u00f3n personalizada e individualizada a trav\u00e9s de un tutor en todo el proceso.<\/li>\n<li>Programas con modalidades diversas presencial, virtuales y\/o de forma mixta.<\/li>\n<\/ul>\n<p><img decoding=\"async\" data-src=\"https:\/\/auren.com\/es\/wp-content\/uploads\/2025\/01\/MTYMSS_LOGO_HORIZONTAL_1.jpg\" width=\"257\" height=\"78\" src=\"data:image\/svg+xml;base64,PHN2ZyB3aWR0aD0iMSIgaGVpZ2h0PSIxIiB4bWxucz0iaHR0cDovL3d3dy53My5vcmcvMjAwMC9zdmciPjwvc3ZnPg==\" class=\"lazyload\" style=\"--smush-placeholder-width: 257px; --smush-placeholder-aspect-ratio: 257\/78;\" \/><\/p>\n<p>N\u00ba de autorizaci\u00f3n<br \/>\n1300000210<\/p>\n                                                            <\/div>\r\n                                                    <\/div>\r\n                    <\/div>\r\n                                    <div class=\"accordion_item\">\r\n                        <a class=\"accordion_item_header\" href=\"#\">Cultura organizativa<\/a>\r\n                        <div class=\"accordion_item_content align-items-center\">\r\n                            <div class=\"accordion_item_content_text w-100\"  style=\"max-width:unset!important\" >\r\n                                <p>Te ayudamos a fortalecer e impulsar la cultura organizativa para que refleje los valores y el prop\u00f3sito de tu empresa. Facilitamos el cambio cultural necesario para afrontar los retos actuales y futuros.<\/p>\n<ul>\n<li>Elaboramos programas para definir y <strong>fortalecer la cultura<\/strong> y los valores organizativos.<\/li>\n<li>En materia de <strong>diversidad, igualdad e inclusi\u00f3n<\/strong>, desarrollamos procesos y pol\u00edticas de RR.HH. promoviendo una cultura integradora: formaci\u00f3n, campa\u00f1as de comunicaci\u00f3n, programas espec\u00edficos, entre otros.<\/li>\n<li>Realizamos <strong>estudios de escucha<\/strong> y compromiso para identificar y comprender las \u00e1reas clave que requieren atenci\u00f3n, ya sea para mejorar el clima laboral, alinear equipos con los objetivos o abordar otras necesidades.<\/li>\n<li><strong>Bienestar<\/strong>: dise\u00f1amos e implementamos programas de bienestar que abordan el bienestar integral (f\u00edsico, mental, emocional, financiero), promoviendo una cultura de salud sostenible. Realizamos diagn\u00f3sticos integrales, campa\u00f1as de comunicaci\u00f3n, talleres de sensibilizaci\u00f3n, entre otros.<\/li>\n<\/ul>\n                                                            <\/div>\r\n                                                    <\/div>\r\n                    <\/div>\r\n                                    <div class=\"accordion_item\">\r\n                        <a class=\"accordion_item_header\" href=\"#\">Tecnolog\u00edas de procesos de Recursos Humanos<\/a>\r\n                        <div class=\"accordion_item_content align-items-center\">\r\n                            <div class=\"accordion_item_content_text w-100\"  style=\"max-width:unset!important\" >\r\n                                <p>Ayudamos a las empresas a evaluar e integrar tecnolog\u00edas de vanguardia en la gesti\u00f3n de personas, aprovechando soluciones de Inteligencia Artificial, gamificaci\u00f3n, sistemas 360\u00ba para optimizar todos los procesos de RR.HH., temas espec\u00edficos de Selecci\u00f3n (ATS) o de desarrollo (LMS), entre otros.<\/p>\n<p>Conocemos m\u00e1s de 200 plataformas dise\u00f1adas para impulsar una gesti\u00f3n m\u00e1s \u00e1gil, precisa y adaptada a las demandas actuales del mercado.<\/p>\n<p>Nuestros servicios incluyen:<\/p>\n<ul>\n<li>ERP Recursos Humanos: sistema integral para gestionar todos los procesos de RRHH, desde la administraci\u00f3n de personal hasta la anal\u00edtica avanzada.<\/li>\n<li>Plataforma de e-Mentoring: soluci\u00f3n digital para el desarrollo y acompa\u00f1amiento de talento mediante programas de mentor\u00eda virtual.<\/li>\n<li>Modelo VALOR@ de puestos de trabajo: evaluaci\u00f3n y an\u00e1lisis de cada puesto, alineado con los objetivos organizacionales.<\/li>\n<li>Plataforma de e-assessment: herramienta online para evaluar competencias, habilidades y potencial de los empleados.<\/li>\n<li>LMS &#8211; Plataformas de generaci\u00f3n, gesti\u00f3n y dise\u00f1o de contenido formativo para poner en marcha en las organizaciones, adaptadas a cada puesto de trabajo y necesidad.<\/li>\n<li>ATS &#8211; Herramientas de publicaci\u00f3n, gesti\u00f3n y explotaci\u00f3n de los procesos de selecci\u00f3n, publicaci\u00f3n de vacantes, gesti\u00f3n curricular, pruebas de selecci\u00f3n, entre otras.<\/li>\n<li>Otras herramientas: portal del empleado, control horario, evaluaci\u00f3n de desempe\u00f1o, encuestas de clima, entre otros.<\/li>\n<\/ul>\n<p>Ofrecemos, en la mayor\u00eda de las herramientas, una interlocuci\u00f3n con expertos, procedimientos y metodolog\u00edas para facilitar la implantaci\u00f3n y explotaci\u00f3n de cada una de ellas, con el objetivo de liberar a los distintos departamentos de la carga administrativa que conlleva, para que sean m\u00e1s din\u00e1micos y eficientes en la toma de decisiones y en la adaptaci\u00f3n al negocio:<\/p>\n<ul>\n<li>Consolidando los procesos de las personas de su organizaci\u00f3n.<\/li>\n<li>Aumentando las capacidades de autogesti\u00f3n del empleado y sus personas.<\/li>\n<li>Favoreciendo la transici\u00f3n de tareas y pr\u00e1cticas particulares a la estandarizaci\u00f3n de pol\u00edticas transparentes y comunes.<\/li>\n<\/ul>\n                                                            <\/div>\r\n                                                    <\/div>\r\n                    <\/div>\r\n                                    <div class=\"accordion_item\">\r\n                        <a class=\"accordion_item_header\" href=\"#\">Comunicaci\u00f3n<\/a>\r\n                        <div class=\"accordion_item_content align-items-center\">\r\n                            <div class=\"accordion_item_content_text w-100\"  style=\"max-width:unset!important\" >\r\n                                <p>La <strong>comunicaci\u00f3n<\/strong> es una actividad clave en las organizaciones. Las redes sociales, el acceso de informaci\u00f3n y determinadas situaciones empresariales hacen que disponer de una estrategia de comunicaci\u00f3n espec\u00edfica sea relevante. Si adem\u00e1s tu empresa est\u00e1 inmersa en procesos de cambio estrat\u00e9gico, fusiones y adquisiciones, esta necesidad es especialmente importante.<\/p>\n<p>Te ayudamos a dise\u00f1ar y gestionar correctamente la necesaria relaci\u00f3n entre la empresa, clientes, medios de comunicaci\u00f3n y accionistas con una estrategia de comunicaci\u00f3n corporativa:<\/p>\n<ul>\n<li>Dise\u00f1amos tu estrategia de comunicaci\u00f3n interna y externa<\/li>\n<li>Te ayudamos en procesos espec\u00edficos como situaciones de transformaci\u00f3n, cambio, fusiones y adquisiciones corporativas.<\/li>\n<li>Dise\u00f1amos una respuesta en caso de situaciones de riesgo o da\u00f1o reputacional.<\/li>\n<li>Formamos y entrenamos portavoces y directivos en habilidades de comunicaci\u00f3n que permitan una interlocuci\u00f3n transparente y eficaz con empleados, accionistas y medios de comunicaci\u00f3n.<\/li>\n<li>Formamos a los managers en habilidades espec\u00edficas de comunicaci\u00f3n.<\/li>\n<\/ul>\n                                                            <\/div>\r\n                                                    <\/div>\r\n                    <\/div>\r\n                                    <div class=\"accordion_item\">\r\n                        <a class=\"accordion_item_header\" href=\"#\">Selecci\u00f3n<\/a>\r\n                        <div class=\"accordion_item_content align-items-center\">\r\n                            <div class=\"accordion_item_content_text w-100\"  style=\"max-width:unset!important\" >\r\n                                <p>Contamos con una amplia experiencia y somos expertos en la identificaci\u00f3n, b\u00fasqueda y evaluaci\u00f3n de talento, ayudando a las organizaciones a incorporar a las personas m\u00e1s adecuadas. Nuestros procesos de selecci\u00f3n se adaptan a las necesidades espec\u00edficas de cada cliente.<\/p>\n<p>Nuestros servicios incluyen:<\/p>\n<ul>\n<li>Selecci\u00f3n y Executive Search: b\u00fasqueda y selecci\u00f3n de perfiles de alto nivel y ejecutivos para cubrir roles clave.<\/li>\n<li>RPO e Inplant de selecci\u00f3n: externalizaci\u00f3n de todo o alguna de las partes del proceso de selecci\u00f3n de la empresa. Trabajamos in situ para una integraci\u00f3n m\u00e1s eficiente.<\/li>\n<li>Reclutamiento especializado por categor\u00eda, sectores y perfiles, talento digital, talento sanitario, industrial, retail\u2026<\/li>\n<li>Employer Branding: ayudamos a fortalecer la marca empleadora de nuestros clientes para atraer y retener a los mejores talentos.<\/li>\n<li>Procesos Onboarding: aseguramos una integraci\u00f3n efectiva para nuevas incorporaciones.<\/li>\n<li>Interim Management: identificamos y ponemos a disposici\u00f3n de las empresas profesionales espec\u00edficos y cualificados para cubrir posiciones o proyectos temporales y estrat\u00e9gicos.<\/li>\n<\/ul>\n                                                            <\/div>\r\n                                                    <\/div>\r\n                    <\/div>\r\n                            <\/div>\r\n        <\/section>\r\n\r\n    \r\n<\/section>\r\n\n\n<section id=\"ImageTextV2-block_d43f8da17f37d2000196a89fa491650d\" class=\"ImageTextV2\">\r\n\r\n    <div class=\"upcoming v2\">\r\n        <div class=\"container\">\r\n            <div class=\"upcoming_text\">\r\n                <div class=\"upcoming_title\">\r\n                    <div class=\"upcoming_title\">\n<p class=''>\u00bfNecesitas saber m\u00e1s?<\/p>\n<\/div>\n                <\/div>\r\n                <div class=\"upcoming_kicker\">\r\n                                    <\/div>\r\n            <\/div>\r\n            <div class=\"upcoming_media\">\r\n                <a class=\"button button-primary button-icon\" href=\"https:\/\/auren.com\/es\/contacto\/\" target=\"\">Contacta<\/a>\r\n                <span class=\"upcoming_media_bg\"><img decoding=\"async\" width=\"640\" height=\"421\" data-src=\"https:\/\/auren.com\/es\/wp-content\/uploads\/2024\/11\/bg-upcoming-media-d-2.webp\" alt=\"\" data-srcset=\"https:\/\/auren.com\/es\/wp-content\/uploads\/2024\/11\/bg-upcoming-media-d-2.webp 800w, https:\/\/auren.com\/es\/wp-content\/uploads\/2024\/11\/bg-upcoming-media-d-2-300x197.webp 300w, https:\/\/auren.com\/es\/wp-content\/uploads\/2024\/11\/bg-upcoming-media-d-2-768x505.webp 768w\" data-sizes=\"auto\" src=\"data:image\/svg+xml;base64,PHN2ZyB3aWR0aD0iMSIgaGVpZ2h0PSIxIiB4bWxucz0iaHR0cDovL3d3dy53My5vcmcvMjAwMC9zdmciPjwvc3ZnPg==\" class=\"lazyload\" style=\"--smush-placeholder-width: 640px; --smush-placeholder-aspect-ratio: 640\/421;\" data-original-sizes=\"(max-width: 640px) 100vw, 640px\" \/><\/span>\r\n            <\/div>\r\n        <\/div>\r\n    <\/div>\r\n\r\n<\/section>\r\n","protected":false},"excerpt":{"rendered":"","protected":false},"featured_media":0,"parent":3666,"menu_order":120,"template":"","meta":{"_acf_changed":true,"footnotes":""},"class_list":["post-3676","service","type-service","status-publish","hentry"],"acf":[],"yoast_head":"<!-- This site is optimized with the Yoast SEO plugin v27.5 - https:\/\/yoast.com\/product\/yoast-seo-wordpress\/ -->\n<title>Personas - Auren<\/title>\n<meta name=\"robots\" content=\"index, follow, max-snippet:-1, max-image-preview:large, max-video-preview:-1\" \/>\n<link rel=\"canonical\" href=\"https:\/\/auren.com\/es\/servicios\/consultoria\/personas\/\" \/>\n<meta property=\"og:locale\" content=\"es_ES\" \/>\n<meta property=\"og:type\" content=\"article\" \/>\n<meta property=\"og:title\" content=\"Personas - Auren\" \/>\n<meta property=\"og:url\" content=\"https:\/\/auren.com\/es\/servicios\/consultoria\/personas\/\" \/>\n<meta property=\"og:site_name\" content=\"Auren\" \/>\n<meta property=\"article:modified_time\" content=\"2026-04-06T16:09:54+00:00\" \/>\n<meta name=\"twitter:card\" content=\"summary_large_image\" \/>\n<meta name=\"twitter:site\" content=\"@auren_spain\" \/>\n<script type=\"application\/ld+json\" class=\"yoast-schema-graph\">{\"@context\":\"https:\\\/\\\/schema.org\",\"@graph\":[{\"@type\":\"WebPage\",\"@id\":\"https:\\\/\\\/auren.com\\\/es\\\/servicios\\\/consultoria\\\/personas\\\/\",\"url\":\"https:\\\/\\\/auren.com\\\/es\\\/servicios\\\/consultoria\\\/personas\\\/\",\"name\":\"Personas - Auren\",\"isPartOf\":{\"@id\":\"https:\\\/\\\/auren.com\\\/es\\\/#website\"},\"datePublished\":\"2025-01-08T10:47:43+00:00\",\"dateModified\":\"2026-04-06T16:09:54+00:00\",\"breadcrumb\":{\"@id\":\"https:\\\/\\\/auren.com\\\/es\\\/servicios\\\/consultoria\\\/personas\\\/#breadcrumb\"},\"inLanguage\":\"es\",\"potentialAction\":[{\"@type\":\"ReadAction\",\"target\":[\"https:\\\/\\\/auren.com\\\/es\\\/servicios\\\/consultoria\\\/personas\\\/\"]}]},{\"@type\":\"BreadcrumbList\",\"@id\":\"https:\\\/\\\/auren.com\\\/es\\\/servicios\\\/consultoria\\\/personas\\\/#breadcrumb\",\"itemListElement\":[{\"@type\":\"ListItem\",\"position\":1,\"name\":\"Portada\",\"item\":\"https:\\\/\\\/auren.com\\\/es\\\/\"},{\"@type\":\"ListItem\",\"position\":2,\"name\":\"Consultor\u00eda\",\"item\":\"https:\\\/\\\/auren.com\\\/es\\\/servicios\\\/consultoria\\\/\"},{\"@type\":\"ListItem\",\"position\":3,\"name\":\"Personas\"}]},{\"@type\":\"WebSite\",\"@id\":\"https:\\\/\\\/auren.com\\\/es\\\/#website\",\"url\":\"https:\\\/\\\/auren.com\\\/es\\\/\",\"name\":\"Auren\",\"description\":\"\",\"publisher\":{\"@id\":\"https:\\\/\\\/auren.com\\\/es\\\/#organization\"},\"alternateName\":\"Auren\",\"potentialAction\":[{\"@type\":\"SearchAction\",\"target\":{\"@type\":\"EntryPoint\",\"urlTemplate\":\"https:\\\/\\\/auren.com\\\/es\\\/?s={search_term_string}\"},\"query-input\":{\"@type\":\"PropertyValueSpecification\",\"valueRequired\":true,\"valueName\":\"search_term_string\"}}],\"inLanguage\":\"es\"},{\"@type\":\"Organization\",\"@id\":\"https:\\\/\\\/auren.com\\\/es\\\/#organization\",\"name\":\"Auren\",\"alternateName\":\"Auren\",\"url\":\"https:\\\/\\\/auren.com\\\/es\\\/\",\"logo\":{\"@type\":\"ImageObject\",\"inLanguage\":\"es\",\"@id\":\"https:\\\/\\\/auren.com\\\/es\\\/#\\\/schema\\\/logo\\\/image\\\/\",\"url\":\"https:\\\/\\\/auren.com\\\/es\\\/wp-content\\\/uploads\\\/2025\\\/01\\\/cropped-cropped-favicon-Auren.png\",\"contentUrl\":\"https:\\\/\\\/auren.com\\\/es\\\/wp-content\\\/uploads\\\/2025\\\/01\\\/cropped-cropped-favicon-Auren.png\",\"width\":512,\"height\":512,\"caption\":\"Auren\"},\"image\":{\"@id\":\"https:\\\/\\\/auren.com\\\/es\\\/#\\\/schema\\\/logo\\\/image\\\/\"},\"sameAs\":[\"https:\\\/\\\/x.com\\\/auren_spain\",\"https:\\\/\\\/www.linkedin.com\\\/company\\\/aurenspainserviciosprofesionales\",\"https:\\\/\\\/www.youtube.com\\\/@AurenEsp\",\"https:\\\/\\\/www.instagram.com\\\/auren_spain\"]}]}<\/script>\n<!-- \/ Yoast SEO plugin. -->","yoast_head_json":{"title":"Personas - Auren","robots":{"index":"index","follow":"follow","max-snippet":"max-snippet:-1","max-image-preview":"max-image-preview:large","max-video-preview":"max-video-preview:-1"},"canonical":"https:\/\/auren.com\/es\/servicios\/consultoria\/personas\/","og_locale":"es_ES","og_type":"article","og_title":"Personas - Auren","og_url":"https:\/\/auren.com\/es\/servicios\/consultoria\/personas\/","og_site_name":"Auren","article_modified_time":"2026-04-06T16:09:54+00:00","twitter_card":"summary_large_image","twitter_site":"@auren_spain","schema":{"@context":"https:\/\/schema.org","@graph":[{"@type":"WebPage","@id":"https:\/\/auren.com\/es\/servicios\/consultoria\/personas\/","url":"https:\/\/auren.com\/es\/servicios\/consultoria\/personas\/","name":"Personas - Auren","isPartOf":{"@id":"https:\/\/auren.com\/es\/#website"},"datePublished":"2025-01-08T10:47:43+00:00","dateModified":"2026-04-06T16:09:54+00:00","breadcrumb":{"@id":"https:\/\/auren.com\/es\/servicios\/consultoria\/personas\/#breadcrumb"},"inLanguage":"es","potentialAction":[{"@type":"ReadAction","target":["https:\/\/auren.com\/es\/servicios\/consultoria\/personas\/"]}]},{"@type":"BreadcrumbList","@id":"https:\/\/auren.com\/es\/servicios\/consultoria\/personas\/#breadcrumb","itemListElement":[{"@type":"ListItem","position":1,"name":"Portada","item":"https:\/\/auren.com\/es\/"},{"@type":"ListItem","position":2,"name":"Consultor\u00eda","item":"https:\/\/auren.com\/es\/servicios\/consultoria\/"},{"@type":"ListItem","position":3,"name":"Personas"}]},{"@type":"WebSite","@id":"https:\/\/auren.com\/es\/#website","url":"https:\/\/auren.com\/es\/","name":"Auren","description":"","publisher":{"@id":"https:\/\/auren.com\/es\/#organization"},"alternateName":"Auren","potentialAction":[{"@type":"SearchAction","target":{"@type":"EntryPoint","urlTemplate":"https:\/\/auren.com\/es\/?s={search_term_string}"},"query-input":{"@type":"PropertyValueSpecification","valueRequired":true,"valueName":"search_term_string"}}],"inLanguage":"es"},{"@type":"Organization","@id":"https:\/\/auren.com\/es\/#organization","name":"Auren","alternateName":"Auren","url":"https:\/\/auren.com\/es\/","logo":{"@type":"ImageObject","inLanguage":"es","@id":"https:\/\/auren.com\/es\/#\/schema\/logo\/image\/","url":"https:\/\/auren.com\/es\/wp-content\/uploads\/2025\/01\/cropped-cropped-favicon-Auren.png","contentUrl":"https:\/\/auren.com\/es\/wp-content\/uploads\/2025\/01\/cropped-cropped-favicon-Auren.png","width":512,"height":512,"caption":"Auren"},"image":{"@id":"https:\/\/auren.com\/es\/#\/schema\/logo\/image\/"},"sameAs":["https:\/\/x.com\/auren_spain","https:\/\/www.linkedin.com\/company\/aurenspainserviciosprofesionales","https:\/\/www.youtube.com\/@AurenEsp","https:\/\/www.instagram.com\/auren_spain"]}]}},"_links":{"self":[{"href":"https:\/\/auren.com\/es\/wp-json\/wp\/v2\/service\/3676","targetHints":{"allow":["GET"]}}],"collection":[{"href":"https:\/\/auren.com\/es\/wp-json\/wp\/v2\/service"}],"about":[{"href":"https:\/\/auren.com\/es\/wp-json\/wp\/v2\/types\/service"}],"version-history":[{"count":0,"href":"https:\/\/auren.com\/es\/wp-json\/wp\/v2\/service\/3676\/revisions"}],"up":[{"embeddable":true,"href":"https:\/\/auren.com\/es\/wp-json\/wp\/v2\/service\/3666"}],"wp:attachment":[{"href":"https:\/\/auren.com\/es\/wp-json\/wp\/v2\/media?parent=3676"}],"curies":[{"name":"wp","href":"https:\/\/api.w.org\/{rel}","templated":true}]}}