{"id":15730,"date":"2019-01-31T14:57:25","date_gmt":"2019-01-31T13:57:25","guid":{"rendered":"https:\/\/auren.com\/uy\/global-new\/auren-continua-su-desarrollo-internacional-con-la-incorporacion-de-auren-luxemburgo\/"},"modified":"2019-01-31T14:57:25","modified_gmt":"2019-01-31T13:57:25","slug":"auren-continua-su-desarrollo-internacional-con-la-incorporacion-de-auren-luxemburgo","status":"publish","type":"global-new","link":"https:\/\/auren.com\/uy\/global-new\/auren-continua-su-desarrollo-internacional-con-la-incorporacion-de-auren-luxemburgo\/","title":{"rendered":"Auren contin\u00faa su desarrollo internacional con la incorporaci\u00f3n de Auren Luxemburgo"},"content":{"rendered":"<\/p>\n<p>La l\u00ednea de crecimiento de<strong>&nbsp;Auren Internacional<\/strong>&nbsp;continua en 2019. Nos complace anunciar la integraci\u00f3n de<strong>&nbsp;Auren Luxemburgo<\/strong>. Con esta incorporaci\u00f3n a\u00f1adimos un pa\u00eds que en palabras del presidente Auren Internacional, Antoni G\u00f3mez \u201cse trata de un pa\u00eds estrat\u00e9gico y un verdadero<strong>&nbsp;centro neur\u00e1lgico a nivel europeo<\/strong>&nbsp;y tambi\u00e9n internacional\u201d.<\/p>\n<p><strong>Auren Luxemburgo<\/strong>, que hasta ahora era MAYFAIR TRUST, est\u00e1 liderada por Jimmy Tong Sam y cuenta con un equipo formado por m\u00e1s de 20 profesionales prestando servicios de contabilidad, auditor\u00eda, secretar\u00eda jur\u00eddica, domiciliaci\u00f3n, liquidaci\u00f3n y gesti\u00f3n de las sociedades y empresas de Luxemburgo.<\/p>\n<p>Con sus <strong>m\u00e1s de 13 a\u00f1os de experiencia<\/strong>, las oficinas de Auren en Luxemburgo aportan una importante red de clientes y profesionales acorde con el nivel y los valores de Auren.<\/p>\n<p>Desde <strong>Auren Internacional <\/strong>queremos darles la bienvenida y desearles mucho <strong>\u00e9xito <\/strong>como parte de nuestro equipo.&nbsp; <\/p>\n<\/p>\n<figure><img decoding=\"async\" data-src=\"https:\/\/d33c2a5xmvj7uh.cloudfront.net\/images\/originals\/auren-luxemburg-2.jpg?v=1549285229\" data-image=\"9994730\" style=\"--smush-placeholder-width: 476px; --smush-placeholder-aspect-ratio: 476\/380;width: 476px;height: 380.469px\" width=\"476\" height=\"380.469\" src=\"data:image\/svg+xml;base64,PHN2ZyB3aWR0aD0iMSIgaGVpZ2h0PSIxIiB4bWxucz0iaHR0cDovL3d3dy53My5vcmcvMjAwMC9zdmciPjwvc3ZnPg==\" class=\"lazyload\"><\/figure>\n<\/p>\n<p><!-- AddThis Advanced Settings generic via filter on the_content --><!-- AddThis Share Buttons generic via filter on the_content --><\/p>\n","protected":false},"excerpt":{"rendered":"<p>La l\u00ednea de crecimiento de Auren Internacional continua en 2019. Nos complace anunciar la integraci\u00f3n de Auren Luxemburgo. Con esta incorporaci\u00f3n a\u00f1adimos un pa\u00eds que en palabras del presidente Auren Internacional, Antoni G\u00f3mez \u201cse trata de un pa\u00eds estrat\u00e9gico y un verdadero centro neur\u00e1lgico a nivel europeo y tambi\u00e9n internacional\u201d<\/p>\n","protected":false},"featured_media":12485,"template":"","meta":{"_acf_changed":false},"global-new-category":[],"class_list":["post-15730","global-new","type-global-new","status-publish","has-post-thumbnail","hentry"],"acf":[],"yoast_head":"<!-- This site is optimized with the Yoast SEO plugin v27.5 - https:\/\/yoast.com\/product\/yoast-seo-wordpress\/ -->\n<title>Auren contin\u00faa su desarrollo internacional con la incorporaci\u00f3n de Auren Luxemburgo - Auren Uruguay<\/title>\n<meta name=\"robots\" content=\"index, follow, max-snippet:-1, max-image-preview:large, max-video-preview:-1\" \/>\n<link rel=\"canonical\" href=\"https:\/\/auren.com\/uy\/global-new\/auren-continua-su-desarrollo-internacional-con-la-incorporacion-de-auren-luxemburgo\/\" \/>\n<meta property=\"og:locale\" content=\"es_ES\" \/>\n<meta property=\"og:type\" content=\"article\" \/>\n<meta property=\"og:title\" content=\"Auren contin\u00faa su desarrollo internacional con la incorporaci\u00f3n de Auren Luxemburgo - Auren Uruguay\" \/>\n<meta property=\"og:description\" content=\"La l\u00ednea de crecimiento de Auren Internacional continua en 2019. Nos complace anunciar la integraci\u00f3n de Auren Luxemburgo. Con esta incorporaci\u00f3n a\u00f1adimos un pa\u00eds que en palabras del presidente Auren Internacional, Antoni G\u00f3mez \u201cse trata de un pa\u00eds estrat\u00e9gico y un verdadero centro neur\u00e1lgico a nivel europeo y tambi\u00e9n internacional\u201d\" \/>\n<meta property=\"og:url\" content=\"https:\/\/auren.com\/uy\/global-new\/auren-continua-su-desarrollo-internacional-con-la-incorporacion-de-auren-luxemburgo\/\" \/>\n<meta property=\"og:site_name\" content=\"Auren Uruguay\" \/>\n<meta property=\"article:publisher\" content=\"https:\/\/www.facebook.com\/aurenuruguay\" \/>\n<meta property=\"og:image\" content=\"https:\/\/d33c2a5xmvj7uh.cloudfront.net\/images\/originals\/auren-luxemburg-2.jpg?v=1549285229\" \/>\n<meta name=\"twitter:card\" content=\"summary_large_image\" \/>\n<meta name=\"twitter:site\" content=\"@AurenUruguay\" \/>\n<meta name=\"twitter:label1\" content=\"Tiempo de lectura\" \/>\n\t<meta name=\"twitter:data1\" content=\"1 minuto\" \/>\n<script type=\"application\/ld+json\" class=\"yoast-schema-graph\">{\"@context\":\"https:\\\/\\\/schema.org\",\"@graph\":[{\"@type\":\"WebPage\",\"@id\":\"https:\\\/\\\/auren.com\\\/uy\\\/global-new\\\/auren-continua-su-desarrollo-internacional-con-la-incorporacion-de-auren-luxemburgo\\\/\",\"url\":\"https:\\\/\\\/auren.com\\\/uy\\\/global-new\\\/auren-continua-su-desarrollo-internacional-con-la-incorporacion-de-auren-luxemburgo\\\/\",\"name\":\"Auren contin\u00faa su desarrollo internacional con la incorporaci\u00f3n de Auren Luxemburgo - Auren Uruguay\",\"isPartOf\":{\"@id\":\"https:\\\/\\\/auren.com\\\/uy\\\/#website\"},\"primaryImageOfPage\":{\"@id\":\"https:\\\/\\\/auren.com\\\/uy\\\/global-new\\\/auren-continua-su-desarrollo-internacional-con-la-incorporacion-de-auren-luxemburgo\\\/#primaryimage\"},\"image\":{\"@id\":\"https:\\\/\\\/auren.com\\\/uy\\\/global-new\\\/auren-continua-su-desarrollo-internacional-con-la-incorporacion-de-auren-luxemburgo\\\/#primaryimage\"},\"thumbnailUrl\":\"https:\\\/\\\/auren.com\\\/uy\\\/wp-content\\\/uploads\\\/global\\\/2019\\\/01\\\/auren-luxemburg-2-4.jpg\",\"datePublished\":\"2019-01-31T13:57:25+00:00\",\"breadcrumb\":{\"@id\":\"https:\\\/\\\/auren.com\\\/uy\\\/global-new\\\/auren-continua-su-desarrollo-internacional-con-la-incorporacion-de-auren-luxemburgo\\\/#breadcrumb\"},\"inLanguage\":\"es\",\"potentialAction\":[{\"@type\":\"ReadAction\",\"target\":[\"https:\\\/\\\/auren.com\\\/uy\\\/global-new\\\/auren-continua-su-desarrollo-internacional-con-la-incorporacion-de-auren-luxemburgo\\\/\"]}]},{\"@type\":\"ImageObject\",\"inLanguage\":\"es\",\"@id\":\"https:\\\/\\\/auren.com\\\/uy\\\/global-new\\\/auren-continua-su-desarrollo-internacional-con-la-incorporacion-de-auren-luxemburgo\\\/#primaryimage\",\"url\":\"https:\\\/\\\/auren.com\\\/uy\\\/wp-content\\\/uploads\\\/global\\\/2019\\\/01\\\/auren-luxemburg-2-4.jpg\",\"contentUrl\":\"https:\\\/\\\/auren.com\\\/uy\\\/wp-content\\\/uploads\\\/global\\\/2019\\\/01\\\/auren-luxemburg-2-4.jpg\",\"width\":1377,\"height\":1102},{\"@type\":\"BreadcrumbList\",\"@id\":\"https:\\\/\\\/auren.com\\\/uy\\\/global-new\\\/auren-continua-su-desarrollo-internacional-con-la-incorporacion-de-auren-luxemburgo\\\/#breadcrumb\",\"itemListElement\":[{\"@type\":\"ListItem\",\"position\":1,\"name\":\"Portada\",\"item\":\"https:\\\/\\\/auren.com\\\/uy\\\/\"},{\"@type\":\"ListItem\",\"position\":2,\"name\":\"Auren contin\u00faa su desarrollo internacional con la incorporaci\u00f3n de Auren Luxemburgo\"}]},{\"@type\":\"WebSite\",\"@id\":\"https:\\\/\\\/auren.com\\\/uy\\\/#website\",\"url\":\"https:\\\/\\\/auren.com\\\/uy\\\/\",\"name\":\"Auren Uruguay\",\"description\":\"\",\"publisher\":{\"@id\":\"https:\\\/\\\/auren.com\\\/uy\\\/#organization\"},\"potentialAction\":[{\"@type\":\"SearchAction\",\"target\":{\"@type\":\"EntryPoint\",\"urlTemplate\":\"https:\\\/\\\/auren.com\\\/uy\\\/?s={search_term_string}\"},\"query-input\":{\"@type\":\"PropertyValueSpecification\",\"valueRequired\":true,\"valueName\":\"search_term_string\"}}],\"inLanguage\":\"es\"},{\"@type\":\"Organization\",\"@id\":\"https:\\\/\\\/auren.com\\\/uy\\\/#organization\",\"name\":\"Auren Uruguay\",\"url\":\"https:\\\/\\\/auren.com\\\/uy\\\/\",\"logo\":{\"@type\":\"ImageObject\",\"inLanguage\":\"es\",\"@id\":\"https:\\\/\\\/auren.com\\\/uy\\\/#\\\/schema\\\/logo\\\/image\\\/\",\"url\":\"https:\\\/\\\/auren.com\\\/uy\\\/wp-content\\\/uploads\\\/2025\\\/01\\\/cropped-cropped-favicon-Auren.png\",\"contentUrl\":\"https:\\\/\\\/auren.com\\\/uy\\\/wp-content\\\/uploads\\\/2025\\\/01\\\/cropped-cropped-favicon-Auren.png\",\"width\":512,\"height\":512,\"caption\":\"Auren Uruguay\"},\"image\":{\"@id\":\"https:\\\/\\\/auren.com\\\/uy\\\/#\\\/schema\\\/logo\\\/image\\\/\"},\"sameAs\":[\"https:\\\/\\\/www.facebook.com\\\/aurenuruguay\",\"https:\\\/\\\/x.com\\\/AurenUruguay\",\"https:\\\/\\\/www.linkedin.com\\\/company\\\/auren-uruguay\",\"https:\\\/\\\/www.youtube.com\\\/channel\\\/UClkpSYFfsAuqdTaVF5whedQ\",\"https:\\\/\\\/www.instagram.com\\\/aurenuruguay\\\/\"]}]}<\/script>\n<!-- \/ Yoast SEO plugin. -->","yoast_head_json":{"title":"Auren contin\u00faa su desarrollo internacional con la incorporaci\u00f3n de Auren Luxemburgo - Auren Uruguay","robots":{"index":"index","follow":"follow","max-snippet":"max-snippet:-1","max-image-preview":"max-image-preview:large","max-video-preview":"max-video-preview:-1"},"canonical":"https:\/\/auren.com\/uy\/global-new\/auren-continua-su-desarrollo-internacional-con-la-incorporacion-de-auren-luxemburgo\/","og_locale":"es_ES","og_type":"article","og_title":"Auren contin\u00faa su desarrollo internacional con la incorporaci\u00f3n de Auren Luxemburgo - Auren Uruguay","og_description":"La l\u00ednea de crecimiento de Auren Internacional continua en 2019. Nos complace anunciar la integraci\u00f3n de Auren Luxemburgo. Con esta incorporaci\u00f3n a\u00f1adimos un pa\u00eds que en palabras del presidente Auren Internacional, Antoni G\u00f3mez \u201cse trata de un pa\u00eds estrat\u00e9gico y un verdadero centro neur\u00e1lgico a nivel europeo y tambi\u00e9n internacional\u201d","og_url":"https:\/\/auren.com\/uy\/global-new\/auren-continua-su-desarrollo-internacional-con-la-incorporacion-de-auren-luxemburgo\/","og_site_name":"Auren Uruguay","article_publisher":"https:\/\/www.facebook.com\/aurenuruguay","og_image":[{"url":"https:\/\/d33c2a5xmvj7uh.cloudfront.net\/images\/originals\/auren-luxemburg-2.jpg?v=1549285229","type":"","width":"","height":""}],"twitter_card":"summary_large_image","twitter_site":"@AurenUruguay","twitter_misc":{"Tiempo de lectura":"1 minuto"},"schema":{"@context":"https:\/\/schema.org","@graph":[{"@type":"WebPage","@id":"https:\/\/auren.com\/uy\/global-new\/auren-continua-su-desarrollo-internacional-con-la-incorporacion-de-auren-luxemburgo\/","url":"https:\/\/auren.com\/uy\/global-new\/auren-continua-su-desarrollo-internacional-con-la-incorporacion-de-auren-luxemburgo\/","name":"Auren contin\u00faa su desarrollo internacional con la incorporaci\u00f3n de Auren Luxemburgo - Auren Uruguay","isPartOf":{"@id":"https:\/\/auren.com\/uy\/#website"},"primaryImageOfPage":{"@id":"https:\/\/auren.com\/uy\/global-new\/auren-continua-su-desarrollo-internacional-con-la-incorporacion-de-auren-luxemburgo\/#primaryimage"},"image":{"@id":"https:\/\/auren.com\/uy\/global-new\/auren-continua-su-desarrollo-internacional-con-la-incorporacion-de-auren-luxemburgo\/#primaryimage"},"thumbnailUrl":"https:\/\/auren.com\/uy\/wp-content\/uploads\/global\/2019\/01\/auren-luxemburg-2-4.jpg","datePublished":"2019-01-31T13:57:25+00:00","breadcrumb":{"@id":"https:\/\/auren.com\/uy\/global-new\/auren-continua-su-desarrollo-internacional-con-la-incorporacion-de-auren-luxemburgo\/#breadcrumb"},"inLanguage":"es","potentialAction":[{"@type":"ReadAction","target":["https:\/\/auren.com\/uy\/global-new\/auren-continua-su-desarrollo-internacional-con-la-incorporacion-de-auren-luxemburgo\/"]}]},{"@type":"ImageObject","inLanguage":"es","@id":"https:\/\/auren.com\/uy\/global-new\/auren-continua-su-desarrollo-internacional-con-la-incorporacion-de-auren-luxemburgo\/#primaryimage","url":"https:\/\/auren.com\/uy\/wp-content\/uploads\/global\/2019\/01\/auren-luxemburg-2-4.jpg","contentUrl":"https:\/\/auren.com\/uy\/wp-content\/uploads\/global\/2019\/01\/auren-luxemburg-2-4.jpg","width":1377,"height":1102},{"@type":"BreadcrumbList","@id":"https:\/\/auren.com\/uy\/global-new\/auren-continua-su-desarrollo-internacional-con-la-incorporacion-de-auren-luxemburgo\/#breadcrumb","itemListElement":[{"@type":"ListItem","position":1,"name":"Portada","item":"https:\/\/auren.com\/uy\/"},{"@type":"ListItem","position":2,"name":"Auren contin\u00faa su desarrollo internacional con la incorporaci\u00f3n de Auren Luxemburgo"}]},{"@type":"WebSite","@id":"https:\/\/auren.com\/uy\/#website","url":"https:\/\/auren.com\/uy\/","name":"Auren Uruguay","description":"","publisher":{"@id":"https:\/\/auren.com\/uy\/#organization"},"potentialAction":[{"@type":"SearchAction","target":{"@type":"EntryPoint","urlTemplate":"https:\/\/auren.com\/uy\/?s={search_term_string}"},"query-input":{"@type":"PropertyValueSpecification","valueRequired":true,"valueName":"search_term_string"}}],"inLanguage":"es"},{"@type":"Organization","@id":"https:\/\/auren.com\/uy\/#organization","name":"Auren Uruguay","url":"https:\/\/auren.com\/uy\/","logo":{"@type":"ImageObject","inLanguage":"es","@id":"https:\/\/auren.com\/uy\/#\/schema\/logo\/image\/","url":"https:\/\/auren.com\/uy\/wp-content\/uploads\/2025\/01\/cropped-cropped-favicon-Auren.png","contentUrl":"https:\/\/auren.com\/uy\/wp-content\/uploads\/2025\/01\/cropped-cropped-favicon-Auren.png","width":512,"height":512,"caption":"Auren Uruguay"},"image":{"@id":"https:\/\/auren.com\/uy\/#\/schema\/logo\/image\/"},"sameAs":["https:\/\/www.facebook.com\/aurenuruguay","https:\/\/x.com\/AurenUruguay","https:\/\/www.linkedin.com\/company\/auren-uruguay","https:\/\/www.youtube.com\/channel\/UClkpSYFfsAuqdTaVF5whedQ","https:\/\/www.instagram.com\/aurenuruguay\/"]}]}},"_links":{"self":[{"href":"https:\/\/auren.com\/uy\/wp-json\/wp\/v2\/global-new\/15730","targetHints":{"allow":["GET"]}}],"collection":[{"href":"https:\/\/auren.com\/uy\/wp-json\/wp\/v2\/global-new"}],"about":[{"href":"https:\/\/auren.com\/uy\/wp-json\/wp\/v2\/types\/global-new"}],"wp:featuredmedia":[{"embeddable":true,"href":"https:\/\/auren.com\/uy\/wp-json\/wp\/v2\/media\/12485"}],"wp:attachment":[{"href":"https:\/\/auren.com\/uy\/wp-json\/wp\/v2\/media?parent=15730"}],"wp:term":[{"taxonomy":"global-new-category","embeddable":true,"href":"https:\/\/auren.com\/uy\/wp-json\/wp\/v2\/global-new-category?post=15730"}],"curies":[{"name":"wp","href":"https:\/\/api.w.org\/{rel}","templated":true}]}}