{"id":10795,"date":"2017-06-02T13:05:52","date_gmt":"2017-06-02T11:05:52","guid":{"rendered":"https:\/\/auren.com\/uy\/new\/325-proyecto-niif-en-el-bcu-gestionando-el-cambio\/"},"modified":"2017-06-02T13:05:52","modified_gmt":"2017-06-02T11:05:52","slug":"325-proyecto-niif-en-el-bcu-gestionando-el-cambio","status":"publish","type":"new","link":"https:\/\/auren.com\/uy\/noticias\/325-proyecto-niif-en-el-bcu-gestionando-el-cambio\/","title":{"rendered":"325 &#8211; PROYECTO NIIF EN EL BCU: GESTIONANDO EL CAMBIO"},"content":{"rendered":"<p class=\"has-text-align-justify\">Tal como informamos en ediciones anteriores, las Normas Internacionales de Informaci\u00f3n Financiera (en adelante \u201cNIIF\u201d) se han instalado definitivamente en la \u00f3rbita del Banco Central del Uruguay, como nuevo marco normativo contable aplicable tanto para empresas de intermediaci\u00f3n financiera, como para empresas de servicios financieros, casas de cambio y empresas administradoras de cr\u00e9dito de mayores activos.<\/p>\n<p class=\"has-text-align-justify\">El nuevo marco contable que adopta a las NIIF como base para la elaboraci\u00f3n de los estados financieros, finalmente es publicado el 28 de enero de 2016 por medio de la comunicaci\u00f3n N.\u00ba 2016\/013. Si bien el per\u00edodo para la aplicaci\u00f3n definitiva estaba previsto originalmente para el a\u00f1o 2017, la Superintendencia de Servicios Financieros sobre fines de 2016, mediante la emisi\u00f3n de la Circular 2268, decidi\u00f3 postergar los plazos de dicha aplicaci\u00f3n para el a\u00f1o 2018 ya que se entendi\u00f3 necesario introducir enmiendas al marco normativo publicado el 28 de enero de 2016, as\u00ed como extender el plazo para la adecuaci\u00f3n de los usuarios afectados a los nuevos requerimientos en la elaboraci\u00f3n y presentaci\u00f3n de la informaci\u00f3n financiera. Por consiguiente, con fecha 7 de diciembre de 2016 se emite la <strong><u>Comunicaci\u00f3n 2016\/263<\/u><\/strong> en la cual se establecen las normas contables para la elaboraci\u00f3n de los estados financieros.<\/p>\n<p class=\"has-text-align-justify has-vivid-red-color has-text-color\" style=\"font-size:25px\"><strong>\u00bfCu\u00e1les son los impactos m\u00e1s relevantes de la aplicaci\u00f3n del nuevo marco normativo?<\/strong><\/p>\n<p class=\"has-text-align-justify has-black-color has-text-color\">&#8211; <strong>Reconocimiento de nuevos activos y pasivos\u00a0<\/strong><\/p>\n<p class=\"has-text-align-justify\">&#8211; <strong>Cambios en criterios de reconocimiento<\/strong><\/p>\n<p class=\"has-text-align-justify\">&#8211; <strong>Informaci\u00f3n a revelar en notas<\/strong><\/p>\n<p class=\"has-text-align-justify\">Las empresas reguladas deber\u00e1n eventualmente reconocer nuevos activos y pasivos principalmente relacionados a: activos y pasivos por impuestos diferidos (NIC 12), activos y pasivos que surjan de la contabilizaci\u00f3n de instrumentos derivados, as\u00ed como tambi\u00e9n aquellos que surjan de la aplicaci\u00f3n del modelo de contabilidad de cobertura (NIIF 9), activos de fondos o planes post-empleo de prestaciones definidas (NIC 19).<\/p>\n<p class=\"has-text-align-justify\">Se deja sin efecto la aplicaci\u00f3n de la norma particular 2.2 para la clasificaci\u00f3n de los instrumentos financieros, adopt\u00e1ndose los modelos de reconocimiento, medici\u00f3n y deterioro establecidos en la NIIF 9. Cabe recordar que la norma particular 2.2 aplicaba un criterio de clasificaci\u00f3n similar al de la NIC 39, el cual se basaba en el tipo de instrumento y no en el modelo del negocio como lo establece la NIIF 9.<\/p>\n<p class=\"has-text-align-justify\">Constituye una de las \u00e1reas de mayor impacto ya que los requerimientos en materia de revelaci\u00f3n vigentes se limitaban a la aplicaci\u00f3n de las Notas 1.5 y 1.7 de las \u201cnormas contables y plan de cuentas para empresas financieras\u201d.&nbsp; Bajo el nuevo marco, las empresas no solo deber\u00e1n contemplar los requerimientos de las notas mencionadas, sino que tambi\u00e9n deber\u00e1n cumplir con <strong>todos los requerimientos <\/strong>de revelaci\u00f3n establecidos en las NIIF, destac\u00e1ndose aquellos que surgen de la aplicaci\u00f3n de la NIIF 7 (instrumentos financieros: informaci\u00f3n a revelar) la cual exige entre otras cosas: exponer en notas la naturaleza y alcance de los riesgos procedentes de los instrumentos financieros, proporcionando informaci\u00f3n tanto cuantitativa&nbsp; (objetivos, pol\u00edticas y procesos para la gesti\u00f3n de los riesgos) como cualitativa (an\u00e1lisis de vencimientos de los pasivos financieros, an\u00e1lisis de sensibilidad para cada uno de los riesgos de mercado, entre otros) para cada tipo de riesgo identificado.<\/p>\n<p class=\"has-text-align-justify has-vivid-red-color has-text-color\" style=\"font-size:25px\"><strong>Claves para una transici\u00f3n exitosa<\/strong><\/p>\n<p class=\"has-text-align-justify\">Sin lugar a dudas el cambio en la aplicaci\u00f3n del nuevo marco normativo implica un desaf\u00edo para los usuarios afectados, quienes deber\u00e1n adecuar sus sistemas de informaci\u00f3n a los nuevos est\u00e1ndares internacionales. Para ello, resulta clave contar con el apoyo de profesionales expertos en materia contable, as\u00ed como un plan de capacitaci\u00f3n que permita a la organizaci\u00f3n cumplir con los nuevos requerimientos.<\/p>\n<p><!-- AddThis Advanced Settings generic via filter on the_content --><!-- AddThis Share Buttons generic via filter on the_content --><\/p>\n","protected":false},"excerpt":{"rendered":"<p>Tal como informamos en ediciones anteriores, las Normas Internacionales de Informaci\u00f3n Financiera (en adelante \u201cNIIF\u201d) se han instalado definitivamente en la \u00f3rbita del Banco Central del Uruguay, como nuevo marco [&hellip;]<\/p>\n","protected":false},"featured_media":10796,"template":"","meta":{"_acf_changed":false,"footnotes":""},"new-category":[],"class_list":["post-10795","new","type-new","status-publish","has-post-thumbnail","hentry"],"acf":[],"yoast_head":"<!-- This site is optimized with the Yoast SEO plugin v27.4 - https:\/\/yoast.com\/product\/yoast-seo-wordpress\/ -->\n<title>325 - PROYECTO NIIF EN EL BCU: GESTIONANDO EL CAMBIO - Auren Uruguay<\/title>\n<meta name=\"robots\" content=\"index, follow, max-snippet:-1, max-image-preview:large, max-video-preview:-1\" \/>\n<link rel=\"canonical\" href=\"https:\/\/auren.com\/uy\/noticias\/325-proyecto-niif-en-el-bcu-gestionando-el-cambio\/\" \/>\n<meta property=\"og:locale\" content=\"es_ES\" \/>\n<meta property=\"og:type\" content=\"article\" \/>\n<meta property=\"og:title\" content=\"325 - PROYECTO NIIF EN EL BCU: GESTIONANDO EL CAMBIO - Auren Uruguay\" \/>\n<meta property=\"og:description\" content=\"Tal como informamos en ediciones anteriores, las Normas Internacionales de Informaci\u00f3n Financiera (en adelante \u201cNIIF\u201d) se han instalado definitivamente en la \u00f3rbita del Banco Central del Uruguay, como nuevo marco [&hellip;]\" \/>\n<meta property=\"og:url\" content=\"https:\/\/auren.com\/uy\/noticias\/325-proyecto-niif-en-el-bcu-gestionando-el-cambio\/\" \/>\n<meta property=\"og:site_name\" content=\"Auren Uruguay\" \/>\n<meta property=\"article:publisher\" content=\"https:\/\/www.facebook.com\/aurenuruguay\" \/>\n<meta property=\"og:image\" content=\"https:\/\/auren.com\/uy\/wp-content\/uploads\/2017\/06\/shutterstock_207793054.jpg\" \/>\n\t<meta property=\"og:image:width\" content=\"2048\" \/>\n\t<meta property=\"og:image:height\" content=\"1365\" \/>\n\t<meta property=\"og:image:type\" content=\"image\/jpeg\" \/>\n<meta name=\"twitter:card\" content=\"summary_large_image\" \/>\n<meta name=\"twitter:site\" content=\"@AurenUruguay\" \/>\n<meta name=\"twitter:label1\" content=\"Tiempo de lectura\" \/>\n\t<meta name=\"twitter:data1\" content=\"3 minutos\" \/>\n<script type=\"application\/ld+json\" class=\"yoast-schema-graph\">{\"@context\":\"https:\\\/\\\/schema.org\",\"@graph\":[{\"@type\":\"WebPage\",\"@id\":\"https:\\\/\\\/auren.com\\\/uy\\\/noticias\\\/325-proyecto-niif-en-el-bcu-gestionando-el-cambio\\\/\",\"url\":\"https:\\\/\\\/auren.com\\\/uy\\\/noticias\\\/325-proyecto-niif-en-el-bcu-gestionando-el-cambio\\\/\",\"name\":\"325 - PROYECTO NIIF EN EL BCU: GESTIONANDO EL CAMBIO - Auren Uruguay\",\"isPartOf\":{\"@id\":\"https:\\\/\\\/auren.com\\\/uy\\\/#website\"},\"primaryImageOfPage\":{\"@id\":\"https:\\\/\\\/auren.com\\\/uy\\\/noticias\\\/325-proyecto-niif-en-el-bcu-gestionando-el-cambio\\\/#primaryimage\"},\"image\":{\"@id\":\"https:\\\/\\\/auren.com\\\/uy\\\/noticias\\\/325-proyecto-niif-en-el-bcu-gestionando-el-cambio\\\/#primaryimage\"},\"thumbnailUrl\":\"https:\\\/\\\/auren.com\\\/uy\\\/wp-content\\\/uploads\\\/2017\\\/06\\\/shutterstock_207793054.jpg\",\"datePublished\":\"2017-06-02T11:05:52+00:00\",\"breadcrumb\":{\"@id\":\"https:\\\/\\\/auren.com\\\/uy\\\/noticias\\\/325-proyecto-niif-en-el-bcu-gestionando-el-cambio\\\/#breadcrumb\"},\"inLanguage\":\"es\",\"potentialAction\":[{\"@type\":\"ReadAction\",\"target\":[\"https:\\\/\\\/auren.com\\\/uy\\\/noticias\\\/325-proyecto-niif-en-el-bcu-gestionando-el-cambio\\\/\"]}]},{\"@type\":\"ImageObject\",\"inLanguage\":\"es\",\"@id\":\"https:\\\/\\\/auren.com\\\/uy\\\/noticias\\\/325-proyecto-niif-en-el-bcu-gestionando-el-cambio\\\/#primaryimage\",\"url\":\"https:\\\/\\\/auren.com\\\/uy\\\/wp-content\\\/uploads\\\/2017\\\/06\\\/shutterstock_207793054.jpg\",\"contentUrl\":\"https:\\\/\\\/auren.com\\\/uy\\\/wp-content\\\/uploads\\\/2017\\\/06\\\/shutterstock_207793054.jpg\",\"width\":2048,\"height\":1365},{\"@type\":\"BreadcrumbList\",\"@id\":\"https:\\\/\\\/auren.com\\\/uy\\\/noticias\\\/325-proyecto-niif-en-el-bcu-gestionando-el-cambio\\\/#breadcrumb\",\"itemListElement\":[{\"@type\":\"ListItem\",\"position\":1,\"name\":\"Portada\",\"item\":\"https:\\\/\\\/auren.com\\\/uy\\\/\"},{\"@type\":\"ListItem\",\"position\":2,\"name\":\"325 &#8211; PROYECTO NIIF EN EL BCU: GESTIONANDO EL CAMBIO\"}]},{\"@type\":\"WebSite\",\"@id\":\"https:\\\/\\\/auren.com\\\/uy\\\/#website\",\"url\":\"https:\\\/\\\/auren.com\\\/uy\\\/\",\"name\":\"Auren Uruguay\",\"description\":\"\",\"publisher\":{\"@id\":\"https:\\\/\\\/auren.com\\\/uy\\\/#organization\"},\"potentialAction\":[{\"@type\":\"SearchAction\",\"target\":{\"@type\":\"EntryPoint\",\"urlTemplate\":\"https:\\\/\\\/auren.com\\\/uy\\\/?s={search_term_string}\"},\"query-input\":{\"@type\":\"PropertyValueSpecification\",\"valueRequired\":true,\"valueName\":\"search_term_string\"}}],\"inLanguage\":\"es\"},{\"@type\":\"Organization\",\"@id\":\"https:\\\/\\\/auren.com\\\/uy\\\/#organization\",\"name\":\"Auren Uruguay\",\"url\":\"https:\\\/\\\/auren.com\\\/uy\\\/\",\"logo\":{\"@type\":\"ImageObject\",\"inLanguage\":\"es\",\"@id\":\"https:\\\/\\\/auren.com\\\/uy\\\/#\\\/schema\\\/logo\\\/image\\\/\",\"url\":\"https:\\\/\\\/auren.com\\\/uy\\\/wp-content\\\/uploads\\\/2025\\\/01\\\/cropped-cropped-favicon-Auren.png\",\"contentUrl\":\"https:\\\/\\\/auren.com\\\/uy\\\/wp-content\\\/uploads\\\/2025\\\/01\\\/cropped-cropped-favicon-Auren.png\",\"width\":512,\"height\":512,\"caption\":\"Auren Uruguay\"},\"image\":{\"@id\":\"https:\\\/\\\/auren.com\\\/uy\\\/#\\\/schema\\\/logo\\\/image\\\/\"},\"sameAs\":[\"https:\\\/\\\/www.facebook.com\\\/aurenuruguay\",\"https:\\\/\\\/x.com\\\/AurenUruguay\",\"https:\\\/\\\/www.linkedin.com\\\/company\\\/auren-uruguay\",\"https:\\\/\\\/www.youtube.com\\\/channel\\\/UClkpSYFfsAuqdTaVF5whedQ\",\"https:\\\/\\\/www.instagram.com\\\/aurenuruguay\\\/\"]}]}<\/script>\n<!-- \/ Yoast SEO plugin. -->","yoast_head_json":{"title":"325 - PROYECTO NIIF EN EL BCU: GESTIONANDO EL CAMBIO - Auren Uruguay","robots":{"index":"index","follow":"follow","max-snippet":"max-snippet:-1","max-image-preview":"max-image-preview:large","max-video-preview":"max-video-preview:-1"},"canonical":"https:\/\/auren.com\/uy\/noticias\/325-proyecto-niif-en-el-bcu-gestionando-el-cambio\/","og_locale":"es_ES","og_type":"article","og_title":"325 - PROYECTO NIIF EN EL BCU: GESTIONANDO EL CAMBIO - Auren Uruguay","og_description":"Tal como informamos en ediciones anteriores, las Normas Internacionales de Informaci\u00f3n Financiera (en adelante \u201cNIIF\u201d) se han instalado definitivamente en la \u00f3rbita del Banco Central del Uruguay, como nuevo marco [&hellip;]","og_url":"https:\/\/auren.com\/uy\/noticias\/325-proyecto-niif-en-el-bcu-gestionando-el-cambio\/","og_site_name":"Auren Uruguay","article_publisher":"https:\/\/www.facebook.com\/aurenuruguay","og_image":[{"width":2048,"height":1365,"url":"https:\/\/auren.com\/uy\/wp-content\/uploads\/2017\/06\/shutterstock_207793054.jpg","type":"image\/jpeg"}],"twitter_card":"summary_large_image","twitter_site":"@AurenUruguay","twitter_misc":{"Tiempo de lectura":"3 minutos"},"schema":{"@context":"https:\/\/schema.org","@graph":[{"@type":"WebPage","@id":"https:\/\/auren.com\/uy\/noticias\/325-proyecto-niif-en-el-bcu-gestionando-el-cambio\/","url":"https:\/\/auren.com\/uy\/noticias\/325-proyecto-niif-en-el-bcu-gestionando-el-cambio\/","name":"325 - PROYECTO NIIF EN EL BCU: GESTIONANDO EL CAMBIO - Auren Uruguay","isPartOf":{"@id":"https:\/\/auren.com\/uy\/#website"},"primaryImageOfPage":{"@id":"https:\/\/auren.com\/uy\/noticias\/325-proyecto-niif-en-el-bcu-gestionando-el-cambio\/#primaryimage"},"image":{"@id":"https:\/\/auren.com\/uy\/noticias\/325-proyecto-niif-en-el-bcu-gestionando-el-cambio\/#primaryimage"},"thumbnailUrl":"https:\/\/auren.com\/uy\/wp-content\/uploads\/2017\/06\/shutterstock_207793054.jpg","datePublished":"2017-06-02T11:05:52+00:00","breadcrumb":{"@id":"https:\/\/auren.com\/uy\/noticias\/325-proyecto-niif-en-el-bcu-gestionando-el-cambio\/#breadcrumb"},"inLanguage":"es","potentialAction":[{"@type":"ReadAction","target":["https:\/\/auren.com\/uy\/noticias\/325-proyecto-niif-en-el-bcu-gestionando-el-cambio\/"]}]},{"@type":"ImageObject","inLanguage":"es","@id":"https:\/\/auren.com\/uy\/noticias\/325-proyecto-niif-en-el-bcu-gestionando-el-cambio\/#primaryimage","url":"https:\/\/auren.com\/uy\/wp-content\/uploads\/2017\/06\/shutterstock_207793054.jpg","contentUrl":"https:\/\/auren.com\/uy\/wp-content\/uploads\/2017\/06\/shutterstock_207793054.jpg","width":2048,"height":1365},{"@type":"BreadcrumbList","@id":"https:\/\/auren.com\/uy\/noticias\/325-proyecto-niif-en-el-bcu-gestionando-el-cambio\/#breadcrumb","itemListElement":[{"@type":"ListItem","position":1,"name":"Portada","item":"https:\/\/auren.com\/uy\/"},{"@type":"ListItem","position":2,"name":"325 &#8211; PROYECTO NIIF EN EL BCU: GESTIONANDO EL CAMBIO"}]},{"@type":"WebSite","@id":"https:\/\/auren.com\/uy\/#website","url":"https:\/\/auren.com\/uy\/","name":"Auren Uruguay","description":"","publisher":{"@id":"https:\/\/auren.com\/uy\/#organization"},"potentialAction":[{"@type":"SearchAction","target":{"@type":"EntryPoint","urlTemplate":"https:\/\/auren.com\/uy\/?s={search_term_string}"},"query-input":{"@type":"PropertyValueSpecification","valueRequired":true,"valueName":"search_term_string"}}],"inLanguage":"es"},{"@type":"Organization","@id":"https:\/\/auren.com\/uy\/#organization","name":"Auren Uruguay","url":"https:\/\/auren.com\/uy\/","logo":{"@type":"ImageObject","inLanguage":"es","@id":"https:\/\/auren.com\/uy\/#\/schema\/logo\/image\/","url":"https:\/\/auren.com\/uy\/wp-content\/uploads\/2025\/01\/cropped-cropped-favicon-Auren.png","contentUrl":"https:\/\/auren.com\/uy\/wp-content\/uploads\/2025\/01\/cropped-cropped-favicon-Auren.png","width":512,"height":512,"caption":"Auren Uruguay"},"image":{"@id":"https:\/\/auren.com\/uy\/#\/schema\/logo\/image\/"},"sameAs":["https:\/\/www.facebook.com\/aurenuruguay","https:\/\/x.com\/AurenUruguay","https:\/\/www.linkedin.com\/company\/auren-uruguay","https:\/\/www.youtube.com\/channel\/UClkpSYFfsAuqdTaVF5whedQ","https:\/\/www.instagram.com\/aurenuruguay\/"]}]}},"_links":{"self":[{"href":"https:\/\/auren.com\/uy\/wp-json\/wp\/v2\/new\/10795","targetHints":{"allow":["GET"]}}],"collection":[{"href":"https:\/\/auren.com\/uy\/wp-json\/wp\/v2\/new"}],"about":[{"href":"https:\/\/auren.com\/uy\/wp-json\/wp\/v2\/types\/new"}],"version-history":[{"count":0,"href":"https:\/\/auren.com\/uy\/wp-json\/wp\/v2\/new\/10795\/revisions"}],"wp:featuredmedia":[{"embeddable":true,"href":"https:\/\/auren.com\/uy\/wp-json\/wp\/v2\/media\/10796"}],"wp:attachment":[{"href":"https:\/\/auren.com\/uy\/wp-json\/wp\/v2\/media?parent=10795"}],"wp:term":[{"taxonomy":"new-category","embeddable":true,"href":"https:\/\/auren.com\/uy\/wp-json\/wp\/v2\/new-category?post=10795"}],"curies":[{"name":"wp","href":"https:\/\/api.w.org\/{rel}","templated":true}]}}