{"id":10804,"date":"2017-05-19T15:18:22","date_gmt":"2017-05-19T13:18:22","guid":{"rendered":"https:\/\/auren.com\/uy\/new\/322-ley-no-18-387-una-salida-a-las-empresas-en-crisis\/"},"modified":"2017-05-19T15:18:22","modified_gmt":"2017-05-19T13:18:22","slug":"322-ley-no-18-387-una-salida-a-las-empresas-en-crisis","status":"publish","type":"new","link":"https:\/\/auren.com\/uy\/noticias\/322-ley-no-18-387-una-salida-a-las-empresas-en-crisis\/","title":{"rendered":"322 &#8211; LEY N\u00ba 18.387: UNA SALIDA A LAS EMPRESAS EN CRISIS"},"content":{"rendered":"<p class=\"has-text-align-justify\">Sabido es que en Uruguay y en la regi\u00f3n se est\u00e1 atravesando por un per\u00edodo caracterizado por dificultades econ\u00f3micas y en este contexto es cada vez m\u00e1s habitual ver empresas en crisis, al borde de la quiebra.<\/p>\n<p class=\"has-text-align-justify\">Por dicha raz\u00f3n es que en esta oportunidad nos enfocaremos en la Ley N\u00ba 18.387 (en adelante la \u201cLey\u201d) que regula la \u201cDeclaraci\u00f3n judicial del concurso y reorganizaci\u00f3n empresarial\u201d.<\/p>\n<p class=\"has-text-align-justify has-vivid-red-color has-text-color\" style=\"font-size:25px\"><strong>\u00bfCu\u00e1les son las grandes etapas del proceso?<\/strong><\/p>\n<p class=\"has-text-align-justify\">B\u00e1sicamente, la Ley establece las siguientes dos grandes etapas:<\/p>\n<p class=\"has-text-align-justify has-vivid-red-color has-text-color\" style=\"font-size:25px\"><strong>Propuesta de convenio:<\/strong><\/p>\n<p class=\"has-text-align-justify\">En esta etapa se regulan entre otros tanto los presupuestos para la declaraci\u00f3n del concurso (presunciones relativas y absolutas sobre la situaci\u00f3n de insolvencia del deudor), como tambi\u00e9n la declaraci\u00f3n judicial, los efectos de la declaraci\u00f3n del concurso, la formaci\u00f3n de la masa activa y pasiva, la junta y comisi\u00f3n de acreedores, el s\u00edndico y el convenio al que puede llegar el deudor con sus acreedores para evitar la liquidaci\u00f3n.<\/p>\n<p class=\"has-text-align-justify has-vivid-red-color has-text-color\" style=\"font-size:25px\"><strong>Ejecuci\u00f3n del concurso:<\/strong><\/p>\n<p class=\"has-text-align-justify\">&nbsp;Una vez que se agota la instancia de negociaci\u00f3n con los acreedores sin llegar a un acuerdo, el juez debe proceder a la liquidaci\u00f3n de la masa y posterior pago a dichos acreedores. Para este caso la Ley determina que se debe mantener el siguiente orden:<\/p>\n<p class=\"has-text-align-justify\">1\u00ba-Venta en bloque de la empresa en funcionamiento y<\/p>\n<p class=\"has-text-align-justify\">2\u00ba-La liquidaci\u00f3n de los activos por separado.<\/p>\n<p class=\"has-text-align-justify has-vivid-red-color has-text-color\" style=\"font-size:25px\"><strong>\u00bfQui\u00e9nes pueden promover el concurso?<\/strong><\/p>\n<p class=\"has-text-align-justify\">La Ley permite promover el concurso entre otros a los siguientes actores: el deudor, cualquier acreedor (el acreedor solicitante tendr\u00e1 el 50% de su cr\u00e9dito privilegiado, con un tope del 10% de la masa pasiva), el administrador o liquidador de la empresa (o cualquier integrante de sus \u00f3rganos de control interno), los socios (en tanto sean personalmente responsables de las deudas sociales), los codeudores, fiadores o avalistas del deudor.<\/p>\n<p class=\"has-text-align-justify has-vivid-red-color has-text-color\" style=\"font-size:25px\"><strong>\u00bfQu\u00e9 clases de cr\u00e9ditos establece la Ley?<\/strong><\/p>\n<p class=\"has-text-align-justify\">La Ley establece las siguientes tres clases de cr\u00e9ditos:<\/p>\n<p class=\"has-text-align-justify\"><strong>Privilegiados- <\/strong>que a su vez se dividen en Privilegio especial (cr\u00e9ditos garantizados con prenda e hipoteca) y Privilegio general (en orden: cr\u00e9ditos laborales, del BPS, por tributos nacionales y municipales y el 50% del acreedor quirografario que promovi\u00f3 la declaraci\u00f3n del concurso hasta por el 10% de la masa pasiva),<\/p>\n<p class=\"has-text-align-justify\"><strong>Quirografarios- <\/strong>estos son acreedores sin privilegio de ning\u00fan tipo, y <strong>Subordinados- <\/strong>en esta clase se ubica a las multas y sanciones de cualquier naturaleza y a los cr\u00e9ditos de personas especialmente relacionadas con el deudor.<\/p>\n<p class=\"has-text-align-justify has-vivid-red-color has-text-color\" style=\"font-size:25px\"><strong>\u00bfCu\u00e1l es la forma de pago a los acreedores?<\/strong><\/p>\n<p class=\"has-text-align-justify\">Los pagos a los acreedores se realizar\u00e1n de acuerdo a la clase de cr\u00e9dito, y siguiendo el siguiente orden: &nbsp;<strong>1\u00ba- <\/strong>Acreedores con privilegio especial: se pagar\u00e1n con el producido de los bienes gravados, <strong>2\u00ba- <\/strong>Acreedores con privilegio general: Se pagar\u00e1n de acuerdo al orden establecido y a prorrata dentro de cada n\u00famero, <strong>3\u00ba- <\/strong>Acreedores quirografarios: Ser\u00e1n cancelados luego de los privilegiados, a prorrata en forma conjunta con los cr\u00e9ditos con privilegio especial no satisfechos, <strong>4\u00ba- <\/strong>Acreedores con cr\u00e9ditos condicionales o litigiosos: El S\u00edndico deber\u00e1 prever las cantidades suficientes para efectivizar su pago, <strong>5\u00ba- <\/strong>Acreedores subordinados: Su pago se efectuar\u00e1 una vez cancelados en su totalidad los cr\u00e9ditos quirografarios y se realizar\u00e1 de acuerdo al orden establecido y a prorrata dentro de cada n\u00famero.<\/p>\n<p class=\"has-text-align-justify has-vivid-red-color has-text-color\" style=\"font-size:25px\"><strong>Conclusi\u00f3n<\/strong><\/p>\n<p class=\"has-text-align-justify\">La Ley permite un amplio margen de negociaci\u00f3n entre los empresarios con la finalidad de lograr acuerdos que beneficien a &nbsp;todas las partes. Asimismo se prioriza la continuidad de la empresa, apareciendo la posibilidad de su venta en bloque y la posibilidad de que cooperativas o sociedades comerciales de trabajadores puedan adquirir &nbsp;la empresa con sus cr\u00e9ditos laborales impagos<\/p>\n<p><!-- AddThis Advanced Settings generic via filter on the_content --><!-- AddThis Share Buttons generic via filter on the_content --><\/p>\n","protected":false},"excerpt":{"rendered":"<p>Sabido es que en Uruguay y en la regi\u00f3n se est\u00e1 atravesando por un per\u00edodo caracterizado por dificultades econ\u00f3micas y en este contexto es cada vez m\u00e1s habitual ver empresas [&hellip;]<\/p>\n","protected":false},"featured_media":10805,"template":"","meta":{"_acf_changed":false,"footnotes":""},"new-category":[],"class_list":["post-10804","new","type-new","status-publish","has-post-thumbnail","hentry"],"acf":[],"yoast_head":"<!-- This site is optimized with the Yoast SEO plugin v27.4 - https:\/\/yoast.com\/product\/yoast-seo-wordpress\/ -->\n<title>322 - LEY N\u00ba 18.387: UNA SALIDA A LAS EMPRESAS EN CRISIS - Auren Uruguay<\/title>\n<meta name=\"robots\" content=\"index, follow, max-snippet:-1, max-image-preview:large, max-video-preview:-1\" \/>\n<link rel=\"canonical\" href=\"https:\/\/auren.com\/uy\/noticias\/322-ley-no-18-387-una-salida-a-las-empresas-en-crisis\/\" \/>\n<meta property=\"og:locale\" content=\"es_ES\" \/>\n<meta property=\"og:type\" content=\"article\" \/>\n<meta property=\"og:title\" content=\"322 - LEY N\u00ba 18.387: UNA SALIDA A LAS EMPRESAS EN CRISIS - Auren Uruguay\" \/>\n<meta property=\"og:description\" content=\"Sabido es que en Uruguay y en la regi\u00f3n se est\u00e1 atravesando por un per\u00edodo caracterizado por dificultades econ\u00f3micas y en este contexto es cada vez m\u00e1s habitual ver empresas [&hellip;]\" \/>\n<meta property=\"og:url\" content=\"https:\/\/auren.com\/uy\/noticias\/322-ley-no-18-387-una-salida-a-las-empresas-en-crisis\/\" \/>\n<meta property=\"og:site_name\" content=\"Auren Uruguay\" \/>\n<meta property=\"article:publisher\" content=\"https:\/\/www.facebook.com\/aurenuruguay\" \/>\n<meta property=\"og:image\" content=\"https:\/\/auren.com\/uy\/wp-content\/uploads\/2017\/05\/photo-1450101499163-c8848c66ca85.jpeg\" \/>\n\t<meta property=\"og:image:width\" content=\"1950\" \/>\n\t<meta property=\"og:image:height\" content=\"1301\" \/>\n\t<meta property=\"og:image:type\" content=\"image\/jpeg\" \/>\n<meta name=\"twitter:card\" content=\"summary_large_image\" \/>\n<meta name=\"twitter:site\" content=\"@AurenUruguay\" \/>\n<meta name=\"twitter:label1\" content=\"Tiempo de lectura\" \/>\n\t<meta name=\"twitter:data1\" content=\"3 minutos\" \/>\n<script type=\"application\/ld+json\" class=\"yoast-schema-graph\">{\"@context\":\"https:\\\/\\\/schema.org\",\"@graph\":[{\"@type\":\"WebPage\",\"@id\":\"https:\\\/\\\/auren.com\\\/uy\\\/noticias\\\/322-ley-no-18-387-una-salida-a-las-empresas-en-crisis\\\/\",\"url\":\"https:\\\/\\\/auren.com\\\/uy\\\/noticias\\\/322-ley-no-18-387-una-salida-a-las-empresas-en-crisis\\\/\",\"name\":\"322 - LEY N\u00ba 18.387: UNA SALIDA A LAS EMPRESAS EN CRISIS - Auren Uruguay\",\"isPartOf\":{\"@id\":\"https:\\\/\\\/auren.com\\\/uy\\\/#website\"},\"primaryImageOfPage\":{\"@id\":\"https:\\\/\\\/auren.com\\\/uy\\\/noticias\\\/322-ley-no-18-387-una-salida-a-las-empresas-en-crisis\\\/#primaryimage\"},\"image\":{\"@id\":\"https:\\\/\\\/auren.com\\\/uy\\\/noticias\\\/322-ley-no-18-387-una-salida-a-las-empresas-en-crisis\\\/#primaryimage\"},\"thumbnailUrl\":\"https:\\\/\\\/auren.com\\\/uy\\\/wp-content\\\/uploads\\\/2017\\\/05\\\/photo-1450101499163-c8848c66ca85.jpeg\",\"datePublished\":\"2017-05-19T13:18:22+00:00\",\"breadcrumb\":{\"@id\":\"https:\\\/\\\/auren.com\\\/uy\\\/noticias\\\/322-ley-no-18-387-una-salida-a-las-empresas-en-crisis\\\/#breadcrumb\"},\"inLanguage\":\"es\",\"potentialAction\":[{\"@type\":\"ReadAction\",\"target\":[\"https:\\\/\\\/auren.com\\\/uy\\\/noticias\\\/322-ley-no-18-387-una-salida-a-las-empresas-en-crisis\\\/\"]}]},{\"@type\":\"ImageObject\",\"inLanguage\":\"es\",\"@id\":\"https:\\\/\\\/auren.com\\\/uy\\\/noticias\\\/322-ley-no-18-387-una-salida-a-las-empresas-en-crisis\\\/#primaryimage\",\"url\":\"https:\\\/\\\/auren.com\\\/uy\\\/wp-content\\\/uploads\\\/2017\\\/05\\\/photo-1450101499163-c8848c66ca85.jpeg\",\"contentUrl\":\"https:\\\/\\\/auren.com\\\/uy\\\/wp-content\\\/uploads\\\/2017\\\/05\\\/photo-1450101499163-c8848c66ca85.jpeg\",\"width\":1950,\"height\":1301},{\"@type\":\"BreadcrumbList\",\"@id\":\"https:\\\/\\\/auren.com\\\/uy\\\/noticias\\\/322-ley-no-18-387-una-salida-a-las-empresas-en-crisis\\\/#breadcrumb\",\"itemListElement\":[{\"@type\":\"ListItem\",\"position\":1,\"name\":\"Portada\",\"item\":\"https:\\\/\\\/auren.com\\\/uy\\\/\"},{\"@type\":\"ListItem\",\"position\":2,\"name\":\"322 &#8211; LEY N\u00ba 18.387: UNA SALIDA A LAS EMPRESAS EN CRISIS\"}]},{\"@type\":\"WebSite\",\"@id\":\"https:\\\/\\\/auren.com\\\/uy\\\/#website\",\"url\":\"https:\\\/\\\/auren.com\\\/uy\\\/\",\"name\":\"Auren Uruguay\",\"description\":\"\",\"publisher\":{\"@id\":\"https:\\\/\\\/auren.com\\\/uy\\\/#organization\"},\"potentialAction\":[{\"@type\":\"SearchAction\",\"target\":{\"@type\":\"EntryPoint\",\"urlTemplate\":\"https:\\\/\\\/auren.com\\\/uy\\\/?s={search_term_string}\"},\"query-input\":{\"@type\":\"PropertyValueSpecification\",\"valueRequired\":true,\"valueName\":\"search_term_string\"}}],\"inLanguage\":\"es\"},{\"@type\":\"Organization\",\"@id\":\"https:\\\/\\\/auren.com\\\/uy\\\/#organization\",\"name\":\"Auren Uruguay\",\"url\":\"https:\\\/\\\/auren.com\\\/uy\\\/\",\"logo\":{\"@type\":\"ImageObject\",\"inLanguage\":\"es\",\"@id\":\"https:\\\/\\\/auren.com\\\/uy\\\/#\\\/schema\\\/logo\\\/image\\\/\",\"url\":\"https:\\\/\\\/auren.com\\\/uy\\\/wp-content\\\/uploads\\\/2025\\\/01\\\/cropped-cropped-favicon-Auren.png\",\"contentUrl\":\"https:\\\/\\\/auren.com\\\/uy\\\/wp-content\\\/uploads\\\/2025\\\/01\\\/cropped-cropped-favicon-Auren.png\",\"width\":512,\"height\":512,\"caption\":\"Auren Uruguay\"},\"image\":{\"@id\":\"https:\\\/\\\/auren.com\\\/uy\\\/#\\\/schema\\\/logo\\\/image\\\/\"},\"sameAs\":[\"https:\\\/\\\/www.facebook.com\\\/aurenuruguay\",\"https:\\\/\\\/x.com\\\/AurenUruguay\",\"https:\\\/\\\/www.linkedin.com\\\/company\\\/auren-uruguay\",\"https:\\\/\\\/www.youtube.com\\\/channel\\\/UClkpSYFfsAuqdTaVF5whedQ\",\"https:\\\/\\\/www.instagram.com\\\/aurenuruguay\\\/\"]}]}<\/script>\n<!-- \/ Yoast SEO plugin. -->","yoast_head_json":{"title":"322 - LEY N\u00ba 18.387: UNA SALIDA A LAS EMPRESAS EN CRISIS - Auren Uruguay","robots":{"index":"index","follow":"follow","max-snippet":"max-snippet:-1","max-image-preview":"max-image-preview:large","max-video-preview":"max-video-preview:-1"},"canonical":"https:\/\/auren.com\/uy\/noticias\/322-ley-no-18-387-una-salida-a-las-empresas-en-crisis\/","og_locale":"es_ES","og_type":"article","og_title":"322 - LEY N\u00ba 18.387: UNA SALIDA A LAS EMPRESAS EN CRISIS - Auren Uruguay","og_description":"Sabido es que en Uruguay y en la regi\u00f3n se est\u00e1 atravesando por un per\u00edodo caracterizado por dificultades econ\u00f3micas y en este contexto es cada vez m\u00e1s habitual ver empresas [&hellip;]","og_url":"https:\/\/auren.com\/uy\/noticias\/322-ley-no-18-387-una-salida-a-las-empresas-en-crisis\/","og_site_name":"Auren Uruguay","article_publisher":"https:\/\/www.facebook.com\/aurenuruguay","og_image":[{"width":1950,"height":1301,"url":"https:\/\/auren.com\/uy\/wp-content\/uploads\/2017\/05\/photo-1450101499163-c8848c66ca85.jpeg","type":"image\/jpeg"}],"twitter_card":"summary_large_image","twitter_site":"@AurenUruguay","twitter_misc":{"Tiempo de lectura":"3 minutos"},"schema":{"@context":"https:\/\/schema.org","@graph":[{"@type":"WebPage","@id":"https:\/\/auren.com\/uy\/noticias\/322-ley-no-18-387-una-salida-a-las-empresas-en-crisis\/","url":"https:\/\/auren.com\/uy\/noticias\/322-ley-no-18-387-una-salida-a-las-empresas-en-crisis\/","name":"322 - LEY N\u00ba 18.387: UNA SALIDA A LAS EMPRESAS EN CRISIS - Auren Uruguay","isPartOf":{"@id":"https:\/\/auren.com\/uy\/#website"},"primaryImageOfPage":{"@id":"https:\/\/auren.com\/uy\/noticias\/322-ley-no-18-387-una-salida-a-las-empresas-en-crisis\/#primaryimage"},"image":{"@id":"https:\/\/auren.com\/uy\/noticias\/322-ley-no-18-387-una-salida-a-las-empresas-en-crisis\/#primaryimage"},"thumbnailUrl":"https:\/\/auren.com\/uy\/wp-content\/uploads\/2017\/05\/photo-1450101499163-c8848c66ca85.jpeg","datePublished":"2017-05-19T13:18:22+00:00","breadcrumb":{"@id":"https:\/\/auren.com\/uy\/noticias\/322-ley-no-18-387-una-salida-a-las-empresas-en-crisis\/#breadcrumb"},"inLanguage":"es","potentialAction":[{"@type":"ReadAction","target":["https:\/\/auren.com\/uy\/noticias\/322-ley-no-18-387-una-salida-a-las-empresas-en-crisis\/"]}]},{"@type":"ImageObject","inLanguage":"es","@id":"https:\/\/auren.com\/uy\/noticias\/322-ley-no-18-387-una-salida-a-las-empresas-en-crisis\/#primaryimage","url":"https:\/\/auren.com\/uy\/wp-content\/uploads\/2017\/05\/photo-1450101499163-c8848c66ca85.jpeg","contentUrl":"https:\/\/auren.com\/uy\/wp-content\/uploads\/2017\/05\/photo-1450101499163-c8848c66ca85.jpeg","width":1950,"height":1301},{"@type":"BreadcrumbList","@id":"https:\/\/auren.com\/uy\/noticias\/322-ley-no-18-387-una-salida-a-las-empresas-en-crisis\/#breadcrumb","itemListElement":[{"@type":"ListItem","position":1,"name":"Portada","item":"https:\/\/auren.com\/uy\/"},{"@type":"ListItem","position":2,"name":"322 &#8211; LEY N\u00ba 18.387: UNA SALIDA A LAS EMPRESAS EN CRISIS"}]},{"@type":"WebSite","@id":"https:\/\/auren.com\/uy\/#website","url":"https:\/\/auren.com\/uy\/","name":"Auren Uruguay","description":"","publisher":{"@id":"https:\/\/auren.com\/uy\/#organization"},"potentialAction":[{"@type":"SearchAction","target":{"@type":"EntryPoint","urlTemplate":"https:\/\/auren.com\/uy\/?s={search_term_string}"},"query-input":{"@type":"PropertyValueSpecification","valueRequired":true,"valueName":"search_term_string"}}],"inLanguage":"es"},{"@type":"Organization","@id":"https:\/\/auren.com\/uy\/#organization","name":"Auren Uruguay","url":"https:\/\/auren.com\/uy\/","logo":{"@type":"ImageObject","inLanguage":"es","@id":"https:\/\/auren.com\/uy\/#\/schema\/logo\/image\/","url":"https:\/\/auren.com\/uy\/wp-content\/uploads\/2025\/01\/cropped-cropped-favicon-Auren.png","contentUrl":"https:\/\/auren.com\/uy\/wp-content\/uploads\/2025\/01\/cropped-cropped-favicon-Auren.png","width":512,"height":512,"caption":"Auren Uruguay"},"image":{"@id":"https:\/\/auren.com\/uy\/#\/schema\/logo\/image\/"},"sameAs":["https:\/\/www.facebook.com\/aurenuruguay","https:\/\/x.com\/AurenUruguay","https:\/\/www.linkedin.com\/company\/auren-uruguay","https:\/\/www.youtube.com\/channel\/UClkpSYFfsAuqdTaVF5whedQ","https:\/\/www.instagram.com\/aurenuruguay\/"]}]}},"_links":{"self":[{"href":"https:\/\/auren.com\/uy\/wp-json\/wp\/v2\/new\/10804","targetHints":{"allow":["GET"]}}],"collection":[{"href":"https:\/\/auren.com\/uy\/wp-json\/wp\/v2\/new"}],"about":[{"href":"https:\/\/auren.com\/uy\/wp-json\/wp\/v2\/types\/new"}],"version-history":[{"count":0,"href":"https:\/\/auren.com\/uy\/wp-json\/wp\/v2\/new\/10804\/revisions"}],"wp:featuredmedia":[{"embeddable":true,"href":"https:\/\/auren.com\/uy\/wp-json\/wp\/v2\/media\/10805"}],"wp:attachment":[{"href":"https:\/\/auren.com\/uy\/wp-json\/wp\/v2\/media?parent=10804"}],"wp:term":[{"taxonomy":"new-category","embeddable":true,"href":"https:\/\/auren.com\/uy\/wp-json\/wp\/v2\/new-category?post=10804"}],"curies":[{"name":"wp","href":"https:\/\/api.w.org\/{rel}","templated":true}]}}