{"id":10878,"date":"2017-02-03T14:06:00","date_gmt":"2017-02-03T13:06:00","guid":{"rendered":"https:\/\/auren.com\/uy\/new\/309-declaracion-jurada-de-fonasa\/"},"modified":"2017-02-03T14:06:00","modified_gmt":"2017-02-03T13:06:00","slug":"309-declaracion-jurada-de-fonasa","status":"publish","type":"new","link":"https:\/\/auren.com\/uy\/noticias\/309-declaracion-jurada-de-fonasa\/","title":{"rendered":"309 &#8211; DECLARACI\u00d3N JURADA DE FONASA"},"content":{"rendered":"<div class=\"wp-block-group\">\n<div class=\"wp-block-group__inner-container is-layout-flow\">\n<p class=\"has-text-align-justify\">El <strong>Decreto 221\/011<\/strong> estableci\u00f3 la obligatoriedad de efectuar la liquidaci\u00f3n anual del FONASA para las personas f\u00edsicas residentes prestadoras de servicios personales fuera de la relaci\u00f3n de dependencia (sea en forma exclusiva o no), por s\u00ed o a trav\u00e9s de sociedades de hecho o civiles.<\/p>\n<p class=\"has-text-align-justify\">El per\u00edodo de presentaci\u00f3n de la misma para el ejercicio finalizado el pasado 31 de diciembre del 2016 es desde el <strong>13 de febrero de 2017 hasta el 28 de abril de 2017<\/strong>. Se realiza a trav\u00e9s de la p\u00e1gina web de BPS, generando una multa de 1 UR (a hoy $ 946.06) si se hace en forma tard\u00eda.<\/p>\n<p class=\"has-text-align-left has-vivid-red-color has-text-color\" style=\"font-size:25px\"><strong>Informaci\u00f3n a Incluir en la Declaraci\u00f3n<\/strong><\/p>\n<p class=\"has-text-align-justify\">Se deber\u00e1 declarar por mes la siguiente informaci\u00f3n:<\/p>\n<p class=\"has-text-align-left\">&#8211; <em>Si se tuvo actividad exclusiva de servicios personales.<\/em><\/p>\n<p class=\"has-text-align-left\">&#8211; <em>Importe facturado sin IVA.<\/em><\/p>\n<p class=\"has-text-align-left\">&#8211; <em>Base de c\u00e1lculo FONASA.<\/em><\/p>\n<p class=\"has-text-align-justify\">Monto que surge de aplicar a los importes facturados sin IVA, la al\u00edcuota seg\u00fan se trate de un contribuyente de IRPF (70%) o IRAE (el % que corresponda), sin considerar posible amparo al art. 25 del Dec. 221\/011.<\/p>\n<p class=\"has-text-align-left\">&#8211; Obligaci\u00f3n de FONASA<\/p>\n<p class=\"has-text-align-justify\">Base de c\u00e1lculo * Tasa aportes personales. En el caso de que la actividad sea exclusivamente se de servicios personales independientes, la obligaci\u00f3n tiene como m\u00ednimo del Costo Promedio Equivalente (CPE).<\/p>\n<p class=\"has-text-align-justify\">A continuaci\u00f3n se detallan tasas de aportes vigentes al 31.12.2016:<\/p>\n<table>\n<tbody>\n<tr>\n<td colspan=\"2\">\n<p><b>Tasas de Aportaci\u00f3n<\/b><\/p>\n<\/td>\n<td>\n<p><b>Hasta 2,5 BPC <\/b><\/p>\n<\/td>\n<td>\n<p><b>Mayor 2,5 BPC<\/b><\/p>\n<\/td>\n<\/tr>\n<tr>\n<td rowspan=\"2\">\n<p><b>Sin Conyuge o Concubino<\/b><\/p>\n<\/td>\n<td>\n<p>S\/ hijos(*)<\/p>\n<\/td>\n<td>\n<p><b>3,00%<\/b><\/p>\n<\/td>\n<td>\n<p><b>4,50%<\/b><\/p>\n<\/td>\n<\/tr>\n<tr>\n<td>\n<p>C\/ hijos(*)<\/p>\n<\/td>\n<td>\n<p><b>3,00%<\/b><\/p>\n<\/td>\n<td>\n<p><b>6,00%<\/b><\/p>\n<\/td>\n<\/tr>\n<tr>\n<td rowspan=\"2\">\n<p><b>Con Conyuge o Concubino<\/b><\/p>\n<\/td>\n<td>\n<p>S\/ hijos(*)<\/p>\n<\/td>\n<td>\n<p><b>5,00%<\/b><\/p>\n<\/td>\n<td>\n<p><b>6,50%<\/b><\/p>\n<\/td>\n<\/tr>\n<tr>\n<td>\n<p>C\/ hijos(*)<\/p>\n<\/td>\n<td>\n<p><b>5,00%<\/b><\/p>\n<\/td>\n<td>\n<p><b>8,00%<\/b><\/p>\n<\/td>\n<\/tr>\n<\/tbody>\n<\/table>\n<p class=\"has-text-align-justify\"><em>(*) hijos comprende: hijos menores de edad o mayores con discapacidad. BPC 2016 &#8211; $ 3.340<\/em><\/p>\n<p class=\"has-text-align-left has-vivid-red-color has-text-color\" style=\"font-size:25px\"><strong>Resultado de la declaraci\u00f3n<\/strong><\/p>\n<p class=\"has-text-align-justify\">La realizaci\u00f3n de la declaraci\u00f3n permitir\u00e1 a los contribuyentes detectar posibles diferencias mediante la comparaci\u00f3n de la obligaci\u00f3n de FONASA con los anticipos efectivamente realizados, pudi\u00e9ndose presentar las siguientes situaciones:<\/p>\n<p class=\"has-text-align-justify\"><strong>&#8211; Diferencias deudoras: <\/strong>Se verifica cuando la obligaci\u00f3n FONASA es mayor a los anticipos efectuados. En este caso el sistema de BPS brindar\u00e1 la opci\u00f3n de emitir la factura correspondiente.<\/p>\n<p class=\"has-text-align-justify\"><strong>&#8211; Diferencias acreedoras: <\/strong>Se verifica cuando los anticipos efectuados son mayores a la obligaci\u00f3n FONASA.<\/p>\n<p class=\"has-text-align-justify\">En este caso los excedentes ser\u00e1n considerados al momento de la devoluci\u00f3n anual de excedentes de FONASA.<\/p>\n<p class=\"has-text-align-justify has-vivid-red-color has-text-color\" style=\"font-size:25px\"><strong>Devoluci\u00f3n anual de excedentes de FONASA<\/strong><\/p>\n<p class=\"has-text-align-justify\">Si bien en los \u00faltimos d\u00edas han surgido inquietudes sobre la posibilidad de que no se realice la devoluci\u00f3n para hacer frente a parte del \u201ccreciente d\u00e9ficit del FONASA\u201d, como es de publico conocimiento, representantes del gobierno aseguran que dicha devoluci\u00f3n se realizar\u00e1 tal como se ha venido haciendo en a\u00f1os anteriores, pese a que a\u00fan se desconozcan las fechas en que se llevar\u00e1n a cabo.<\/p>\n<p class=\"has-text-align-justify\">Sin embargo, debido a que se espera que dicho d\u00e9ficit contin\u00fae increment\u00e1ndose a\u00f1o tras a\u00f1o y considerando que por dicho financiamiento con rentas generales el Estado est\u00e1 perdiendo capacidad de cubrir otras necesidades, no ser\u00eda de extra\u00f1ar que para el futuro vengan cambios en cuanto a las tasas de aportes de los contribuyentes.<\/p>\n<\/div>\n<\/div>\n<p><!-- AddThis Advanced Settings generic via filter on the_content --><!-- AddThis Share Buttons generic via filter on the_content --><\/p>\n","protected":false},"excerpt":{"rendered":"<p>Por el Cr. Mart\u00edn Arrejur\u00eda<\/p>\n","protected":false},"featured_media":10881,"template":"","meta":{"_acf_changed":false,"footnotes":""},"new-category":[],"class_list":["post-10878","new","type-new","status-publish","has-post-thumbnail","hentry"],"acf":[],"yoast_head":"<!-- This site is optimized with the Yoast SEO plugin v27.4 - https:\/\/yoast.com\/product\/yoast-seo-wordpress\/ -->\n<title>309 - DECLARACI\u00d3N JURADA DE FONASA - Auren Uruguay<\/title>\n<meta name=\"robots\" content=\"index, follow, max-snippet:-1, max-image-preview:large, max-video-preview:-1\" \/>\n<link rel=\"canonical\" href=\"https:\/\/auren.com\/uy\/noticias\/309-declaracion-jurada-de-fonasa\/\" \/>\n<meta property=\"og:locale\" content=\"es_ES\" \/>\n<meta property=\"og:type\" content=\"article\" \/>\n<meta property=\"og:title\" content=\"309 - DECLARACI\u00d3N JURADA DE FONASA - Auren Uruguay\" \/>\n<meta property=\"og:description\" content=\"Por el Cr. Mart\u00edn Arrejur\u00eda\" \/>\n<meta property=\"og:url\" content=\"https:\/\/auren.com\/uy\/noticias\/309-declaracion-jurada-de-fonasa\/\" \/>\n<meta property=\"og:site_name\" content=\"Auren Uruguay\" \/>\n<meta property=\"article:publisher\" content=\"https:\/\/www.facebook.com\/aurenuruguay\" \/>\n<meta property=\"og:image\" content=\"https:\/\/auren.com\/uy\/wp-content\/uploads\/2017\/02\/overleg-3-mannen-wazig.jpg\" \/>\n\t<meta property=\"og:image:width\" content=\"1400\" \/>\n\t<meta property=\"og:image:height\" content=\"933\" \/>\n\t<meta property=\"og:image:type\" content=\"image\/jpeg\" \/>\n<meta name=\"twitter:card\" content=\"summary_large_image\" \/>\n<meta name=\"twitter:site\" content=\"@AurenUruguay\" \/>\n<meta name=\"twitter:label1\" content=\"Tiempo de lectura\" \/>\n\t<meta name=\"twitter:data1\" content=\"3 minutos\" \/>\n<script type=\"application\/ld+json\" class=\"yoast-schema-graph\">{\"@context\":\"https:\\\/\\\/schema.org\",\"@graph\":[{\"@type\":\"WebPage\",\"@id\":\"https:\\\/\\\/auren.com\\\/uy\\\/noticias\\\/309-declaracion-jurada-de-fonasa\\\/\",\"url\":\"https:\\\/\\\/auren.com\\\/uy\\\/noticias\\\/309-declaracion-jurada-de-fonasa\\\/\",\"name\":\"309 - DECLARACI\u00d3N JURADA DE FONASA - Auren Uruguay\",\"isPartOf\":{\"@id\":\"https:\\\/\\\/auren.com\\\/uy\\\/#website\"},\"primaryImageOfPage\":{\"@id\":\"https:\\\/\\\/auren.com\\\/uy\\\/noticias\\\/309-declaracion-jurada-de-fonasa\\\/#primaryimage\"},\"image\":{\"@id\":\"https:\\\/\\\/auren.com\\\/uy\\\/noticias\\\/309-declaracion-jurada-de-fonasa\\\/#primaryimage\"},\"thumbnailUrl\":\"https:\\\/\\\/auren.com\\\/uy\\\/wp-content\\\/uploads\\\/2017\\\/02\\\/overleg-3-mannen-wazig.jpg\",\"datePublished\":\"2017-02-03T13:06:00+00:00\",\"breadcrumb\":{\"@id\":\"https:\\\/\\\/auren.com\\\/uy\\\/noticias\\\/309-declaracion-jurada-de-fonasa\\\/#breadcrumb\"},\"inLanguage\":\"es\",\"potentialAction\":[{\"@type\":\"ReadAction\",\"target\":[\"https:\\\/\\\/auren.com\\\/uy\\\/noticias\\\/309-declaracion-jurada-de-fonasa\\\/\"]}]},{\"@type\":\"ImageObject\",\"inLanguage\":\"es\",\"@id\":\"https:\\\/\\\/auren.com\\\/uy\\\/noticias\\\/309-declaracion-jurada-de-fonasa\\\/#primaryimage\",\"url\":\"https:\\\/\\\/auren.com\\\/uy\\\/wp-content\\\/uploads\\\/2017\\\/02\\\/overleg-3-mannen-wazig.jpg\",\"contentUrl\":\"https:\\\/\\\/auren.com\\\/uy\\\/wp-content\\\/uploads\\\/2017\\\/02\\\/overleg-3-mannen-wazig.jpg\",\"width\":1400,\"height\":933},{\"@type\":\"BreadcrumbList\",\"@id\":\"https:\\\/\\\/auren.com\\\/uy\\\/noticias\\\/309-declaracion-jurada-de-fonasa\\\/#breadcrumb\",\"itemListElement\":[{\"@type\":\"ListItem\",\"position\":1,\"name\":\"Portada\",\"item\":\"https:\\\/\\\/auren.com\\\/uy\\\/\"},{\"@type\":\"ListItem\",\"position\":2,\"name\":\"309 &#8211; DECLARACI\u00d3N JURADA DE FONASA\"}]},{\"@type\":\"WebSite\",\"@id\":\"https:\\\/\\\/auren.com\\\/uy\\\/#website\",\"url\":\"https:\\\/\\\/auren.com\\\/uy\\\/\",\"name\":\"Auren Uruguay\",\"description\":\"\",\"publisher\":{\"@id\":\"https:\\\/\\\/auren.com\\\/uy\\\/#organization\"},\"potentialAction\":[{\"@type\":\"SearchAction\",\"target\":{\"@type\":\"EntryPoint\",\"urlTemplate\":\"https:\\\/\\\/auren.com\\\/uy\\\/?s={search_term_string}\"},\"query-input\":{\"@type\":\"PropertyValueSpecification\",\"valueRequired\":true,\"valueName\":\"search_term_string\"}}],\"inLanguage\":\"es\"},{\"@type\":\"Organization\",\"@id\":\"https:\\\/\\\/auren.com\\\/uy\\\/#organization\",\"name\":\"Auren Uruguay\",\"url\":\"https:\\\/\\\/auren.com\\\/uy\\\/\",\"logo\":{\"@type\":\"ImageObject\",\"inLanguage\":\"es\",\"@id\":\"https:\\\/\\\/auren.com\\\/uy\\\/#\\\/schema\\\/logo\\\/image\\\/\",\"url\":\"https:\\\/\\\/auren.com\\\/uy\\\/wp-content\\\/uploads\\\/2025\\\/01\\\/cropped-cropped-favicon-Auren.png\",\"contentUrl\":\"https:\\\/\\\/auren.com\\\/uy\\\/wp-content\\\/uploads\\\/2025\\\/01\\\/cropped-cropped-favicon-Auren.png\",\"width\":512,\"height\":512,\"caption\":\"Auren Uruguay\"},\"image\":{\"@id\":\"https:\\\/\\\/auren.com\\\/uy\\\/#\\\/schema\\\/logo\\\/image\\\/\"},\"sameAs\":[\"https:\\\/\\\/www.facebook.com\\\/aurenuruguay\",\"https:\\\/\\\/x.com\\\/AurenUruguay\",\"https:\\\/\\\/www.linkedin.com\\\/company\\\/auren-uruguay\",\"https:\\\/\\\/www.youtube.com\\\/channel\\\/UClkpSYFfsAuqdTaVF5whedQ\",\"https:\\\/\\\/www.instagram.com\\\/aurenuruguay\\\/\"]}]}<\/script>\n<!-- \/ Yoast SEO plugin. -->","yoast_head_json":{"title":"309 - DECLARACI\u00d3N JURADA DE FONASA - Auren Uruguay","robots":{"index":"index","follow":"follow","max-snippet":"max-snippet:-1","max-image-preview":"max-image-preview:large","max-video-preview":"max-video-preview:-1"},"canonical":"https:\/\/auren.com\/uy\/noticias\/309-declaracion-jurada-de-fonasa\/","og_locale":"es_ES","og_type":"article","og_title":"309 - DECLARACI\u00d3N JURADA DE FONASA - Auren Uruguay","og_description":"Por el Cr. Mart\u00edn Arrejur\u00eda","og_url":"https:\/\/auren.com\/uy\/noticias\/309-declaracion-jurada-de-fonasa\/","og_site_name":"Auren Uruguay","article_publisher":"https:\/\/www.facebook.com\/aurenuruguay","og_image":[{"width":1400,"height":933,"url":"https:\/\/auren.com\/uy\/wp-content\/uploads\/2017\/02\/overleg-3-mannen-wazig.jpg","type":"image\/jpeg"}],"twitter_card":"summary_large_image","twitter_site":"@AurenUruguay","twitter_misc":{"Tiempo de lectura":"3 minutos"},"schema":{"@context":"https:\/\/schema.org","@graph":[{"@type":"WebPage","@id":"https:\/\/auren.com\/uy\/noticias\/309-declaracion-jurada-de-fonasa\/","url":"https:\/\/auren.com\/uy\/noticias\/309-declaracion-jurada-de-fonasa\/","name":"309 - DECLARACI\u00d3N JURADA DE FONASA - Auren Uruguay","isPartOf":{"@id":"https:\/\/auren.com\/uy\/#website"},"primaryImageOfPage":{"@id":"https:\/\/auren.com\/uy\/noticias\/309-declaracion-jurada-de-fonasa\/#primaryimage"},"image":{"@id":"https:\/\/auren.com\/uy\/noticias\/309-declaracion-jurada-de-fonasa\/#primaryimage"},"thumbnailUrl":"https:\/\/auren.com\/uy\/wp-content\/uploads\/2017\/02\/overleg-3-mannen-wazig.jpg","datePublished":"2017-02-03T13:06:00+00:00","breadcrumb":{"@id":"https:\/\/auren.com\/uy\/noticias\/309-declaracion-jurada-de-fonasa\/#breadcrumb"},"inLanguage":"es","potentialAction":[{"@type":"ReadAction","target":["https:\/\/auren.com\/uy\/noticias\/309-declaracion-jurada-de-fonasa\/"]}]},{"@type":"ImageObject","inLanguage":"es","@id":"https:\/\/auren.com\/uy\/noticias\/309-declaracion-jurada-de-fonasa\/#primaryimage","url":"https:\/\/auren.com\/uy\/wp-content\/uploads\/2017\/02\/overleg-3-mannen-wazig.jpg","contentUrl":"https:\/\/auren.com\/uy\/wp-content\/uploads\/2017\/02\/overleg-3-mannen-wazig.jpg","width":1400,"height":933},{"@type":"BreadcrumbList","@id":"https:\/\/auren.com\/uy\/noticias\/309-declaracion-jurada-de-fonasa\/#breadcrumb","itemListElement":[{"@type":"ListItem","position":1,"name":"Portada","item":"https:\/\/auren.com\/uy\/"},{"@type":"ListItem","position":2,"name":"309 &#8211; DECLARACI\u00d3N JURADA DE FONASA"}]},{"@type":"WebSite","@id":"https:\/\/auren.com\/uy\/#website","url":"https:\/\/auren.com\/uy\/","name":"Auren Uruguay","description":"","publisher":{"@id":"https:\/\/auren.com\/uy\/#organization"},"potentialAction":[{"@type":"SearchAction","target":{"@type":"EntryPoint","urlTemplate":"https:\/\/auren.com\/uy\/?s={search_term_string}"},"query-input":{"@type":"PropertyValueSpecification","valueRequired":true,"valueName":"search_term_string"}}],"inLanguage":"es"},{"@type":"Organization","@id":"https:\/\/auren.com\/uy\/#organization","name":"Auren Uruguay","url":"https:\/\/auren.com\/uy\/","logo":{"@type":"ImageObject","inLanguage":"es","@id":"https:\/\/auren.com\/uy\/#\/schema\/logo\/image\/","url":"https:\/\/auren.com\/uy\/wp-content\/uploads\/2025\/01\/cropped-cropped-favicon-Auren.png","contentUrl":"https:\/\/auren.com\/uy\/wp-content\/uploads\/2025\/01\/cropped-cropped-favicon-Auren.png","width":512,"height":512,"caption":"Auren Uruguay"},"image":{"@id":"https:\/\/auren.com\/uy\/#\/schema\/logo\/image\/"},"sameAs":["https:\/\/www.facebook.com\/aurenuruguay","https:\/\/x.com\/AurenUruguay","https:\/\/www.linkedin.com\/company\/auren-uruguay","https:\/\/www.youtube.com\/channel\/UClkpSYFfsAuqdTaVF5whedQ","https:\/\/www.instagram.com\/aurenuruguay\/"]}]}},"_links":{"self":[{"href":"https:\/\/auren.com\/uy\/wp-json\/wp\/v2\/new\/10878","targetHints":{"allow":["GET"]}}],"collection":[{"href":"https:\/\/auren.com\/uy\/wp-json\/wp\/v2\/new"}],"about":[{"href":"https:\/\/auren.com\/uy\/wp-json\/wp\/v2\/types\/new"}],"version-history":[{"count":0,"href":"https:\/\/auren.com\/uy\/wp-json\/wp\/v2\/new\/10878\/revisions"}],"wp:featuredmedia":[{"embeddable":true,"href":"https:\/\/auren.com\/uy\/wp-json\/wp\/v2\/media\/10881"}],"wp:attachment":[{"href":"https:\/\/auren.com\/uy\/wp-json\/wp\/v2\/media?parent=10878"}],"wp:term":[{"taxonomy":"new-category","embeddable":true,"href":"https:\/\/auren.com\/uy\/wp-json\/wp\/v2\/new-category?post=10878"}],"curies":[{"name":"wp","href":"https:\/\/api.w.org\/{rel}","templated":true}]}}