{"id":10936,"date":"2016-11-11T12:59:28","date_gmt":"2016-11-11T11:59:28","guid":{"rendered":"https:\/\/auren.com\/uy\/new\/297-nuevas-tendencias-de-atraccion-y-seleccion-de-talentos\/"},"modified":"2016-11-11T12:59:28","modified_gmt":"2016-11-11T11:59:28","slug":"297-nuevas-tendencias-de-atraccion-y-seleccion-de-talentos","status":"publish","type":"new","link":"https:\/\/auren.com\/uy\/noticias\/297-nuevas-tendencias-de-atraccion-y-seleccion-de-talentos\/","title":{"rendered":"297 &#8211; \u201cNUEVAS TENDENCIAS DE ATRACCI\u00d3N Y SELECCI\u00d3N DE TALENTOS\u201d"},"content":{"rendered":"<p class=\"has-text-align-justify\">El elemento que m\u00e1s valor aporta a cualquier empresa, son las personas que la forman y hacen posible su actividad diaria. Conceptos como atracci\u00f3n y selecci\u00f3n, engagement y fidelizaci\u00f3n, cada vez suenan m\u00e1s como poderosas herramientas que llevar\u00e1n a la firma al \u00e9xito.<\/p>\n<p class=\"has-text-align-justify\">En este punto es donde juega un rol fundamental el departamento de RRHH, reclutadores y\/o consultores responsables de realizar los procesos de atracci\u00f3n y selecci\u00f3n de talentos.<\/p>\n<p class=\"has-text-align-justify\">Hay varios factores que deben ser tenidos en cuenta al momento de seleccionar personas, como ser: la cultura organizacional, el negocio, la visi\u00f3n de la empresa y por \u00faltimo, y no por ello de menor importancia, los valores de la organizaci\u00f3n.<\/p>\n<p class=\"has-text-align-justify has-vivid-red-color has-text-color\" style=\"font-size:25px\"><strong>\u00bfC\u00f3mo atraemos a los mejores talentos?<\/strong><\/p>\n<p class=\"has-text-align-justify\">Desde hace ya un tiempo las empresas est\u00e1n siendo interceptadas por la revoluci\u00f3n de las nuevas tecnolog\u00edas, siendo la digitalizaci\u00f3n, fundamental para cualquier organizaci\u00f3n que quiera ser competitiva. Es por ello, que \u00e1reas de RRHH han tenido que \u201caggiornar\u201d sus estrategias de atracci\u00f3n y reclutamiento apuntando hacia nuevas herramientas y dispositivos al momento de seleccionar personas.<\/p>\n<p class=\"has-text-align-justify has-vivid-red-color has-text-color\" style=\"font-size:25px\"><strong>\u00bfCu\u00e1les son las nuevas tendencias para atraer y seleccionar personas?<\/strong><\/p>\n<p class=\"has-text-align-justify\">Las<strong> Redes Sociales <\/strong>han sustituido las tradicionales bolsas de empleo.<\/p>\n<p class=\"has-text-align-justify\">En la actualidad, existen portales de empleo espec\u00edficos que agrupan a los distintos profesionales en funci\u00f3n de sus perfiles. Un ejemplo es <strong>LinkedIn<\/strong>, que ha desarrollado nuevas formas de entender las relaciones laborales y ha dado la posibilidad de crear y pertenecer a grupos privados entre sectores con un inter\u00e9s com\u00fan. LinkedIn, es una de las herramientas m\u00e1s utilizadas para establecer un primer contacto con la persona.<\/p>\n<p class=\"has-text-align-justify\">Otras de las redes socialesque en un principio se orientaron exclusivamente a potenciar la amistad, como puede ser el caso de <strong>Facebook<\/strong> y de <strong>Twitter,<\/strong> en la actualidad, son uno de los principales medios de marketing utilizados por las empresas para dar a conocer sus productos, servicios, campa\u00f1as y tambi\u00e9n puestos de trabajo disponibles ya que los creadores de estas redes sociales han a\u00f1adido una pesta\u00f1a para que las empresas incluyan publicaciones de inter\u00e9s.<\/p>\n<p class=\"has-text-align-justify\">Otras empresas han apostado a crear un <strong>\u201cPlan de Referenciados <\/strong><strong>o <\/strong><strong>Recomendados\u201d<\/strong>, es decir, que cada integrante de la organizaci\u00f3n puede recomendar a otra persona siendo recompensada de alguna manera si esta persona finalmente ingresa a la organizaci\u00f3n.<\/p>\n<p class=\"has-text-align-justify\">Por otra parte, una de las pr\u00e1cticas que est\u00e1 siendo implementada por empresas con un alto nivel de desempe\u00f1o, es apostar a la <strong>Diversidad<\/strong> en las organizaciones. Es decir, la inclusi\u00f3n de diferentes perfiles al momento de reclutar personas. Con Diversidad, no solo me refiero a distintas formas de pensar y actuar, sino tambi\u00e9n, en su amplia terminolog\u00eda, a diversidad \u00e9tnica, cultural y a la inclusi\u00f3n de personas con capacidades diferentes.<\/p>\n<p class=\"has-text-align-justify\">Numerosos estudios han comprobado que las organizaciones de alto desempe\u00f1o est\u00e1n integradas por equipos de personas muy diversas, que siendo bien lideradas alcanzan muy buenos niveles de producci\u00f3n y resultados siendo altamente creativas e innovadoras.<\/p>\n<p class=\"has-text-align-justify has-vivid-red-color has-text-color\" style=\"font-size:25px\"><strong>\u00bfCu\u00e1les son los beneficios de un adecuado proceso de selecci\u00f3n?<\/strong><\/p>\n<p class=\"has-text-align-justify\">-Disminuye el \u00edndice de rotaci\u00f3n de la organizaci\u00f3n.<\/p>\n<p class=\"has-text-align-justify\">-Se obtiene un mayor compromiso con los objetivos del cargo a desarrollar.<\/p>\n<p class=\"has-text-align-justify\">-Mejora el ambiente laboral.<\/p>\n<p class=\"has-text-align-justify\">-Reduce costos y tiempo invertido.<\/p>\n<p class=\"has-text-align-justify\">-Ingresan personas que r\u00e1pidamente logran alinearse a la cultura organizacional.<\/p>\n<p class=\"has-text-align-justify\">-Aumenta la creatividad y diversidad.<\/p>\n<p class=\"has-text-align-justify\">Es elemental que se le d\u00e9 la importancia requerida y se le dedique el tiempo necesario a cada proceso de selecci\u00f3n, ya que cada nuevo integrante tendr\u00e1 un papel fundamental en el \u00e9xito de las organizaciones.<\/p>\n<\/p>\n<p><!-- AddThis Advanced Settings generic via filter on the_content --><!-- AddThis Share Buttons generic via filter on the_content --><\/p>\n","protected":false},"excerpt":{"rendered":"<p>Por la Lic. Valeria Grasso<\/p>\n","protected":false},"featured_media":10939,"template":"","meta":{"_acf_changed":false,"footnotes":""},"new-category":[],"class_list":["post-10936","new","type-new","status-publish","has-post-thumbnail","hentry"],"acf":[],"yoast_head":"<!-- This site is optimized with the Yoast SEO plugin v27.4 - https:\/\/yoast.com\/product\/yoast-seo-wordpress\/ -->\n<title>297 - \u201cNUEVAS TENDENCIAS DE ATRACCI\u00d3N Y SELECCI\u00d3N DE TALENTOS\u201d - Auren Uruguay<\/title>\n<meta name=\"robots\" content=\"index, follow, max-snippet:-1, max-image-preview:large, max-video-preview:-1\" \/>\n<link rel=\"canonical\" href=\"https:\/\/auren.com\/uy\/noticias\/297-nuevas-tendencias-de-atraccion-y-seleccion-de-talentos\/\" \/>\n<meta property=\"og:locale\" content=\"es_ES\" \/>\n<meta property=\"og:type\" content=\"article\" \/>\n<meta property=\"og:title\" content=\"297 - \u201cNUEVAS TENDENCIAS DE ATRACCI\u00d3N Y SELECCI\u00d3N DE TALENTOS\u201d - Auren Uruguay\" \/>\n<meta property=\"og:description\" content=\"Por la Lic. Valeria Grasso\" \/>\n<meta property=\"og:url\" content=\"https:\/\/auren.com\/uy\/noticias\/297-nuevas-tendencias-de-atraccion-y-seleccion-de-talentos\/\" \/>\n<meta property=\"og:site_name\" content=\"Auren Uruguay\" \/>\n<meta property=\"article:publisher\" content=\"https:\/\/www.facebook.com\/aurenuruguay\" \/>\n<meta property=\"og:image\" content=\"https:\/\/auren.com\/uy\/wp-content\/uploads\/2016\/11\/sass.jpg\" \/>\n\t<meta property=\"og:image:width\" content=\"2048\" \/>\n\t<meta property=\"og:image:height\" content=\"1365\" \/>\n\t<meta property=\"og:image:type\" content=\"image\/jpeg\" \/>\n<meta name=\"twitter:card\" content=\"summary_large_image\" \/>\n<meta name=\"twitter:site\" content=\"@AurenUruguay\" \/>\n<meta name=\"twitter:label1\" content=\"Tiempo de lectura\" \/>\n\t<meta name=\"twitter:data1\" content=\"3 minutos\" \/>\n<script type=\"application\/ld+json\" class=\"yoast-schema-graph\">{\"@context\":\"https:\\\/\\\/schema.org\",\"@graph\":[{\"@type\":\"WebPage\",\"@id\":\"https:\\\/\\\/auren.com\\\/uy\\\/noticias\\\/297-nuevas-tendencias-de-atraccion-y-seleccion-de-talentos\\\/\",\"url\":\"https:\\\/\\\/auren.com\\\/uy\\\/noticias\\\/297-nuevas-tendencias-de-atraccion-y-seleccion-de-talentos\\\/\",\"name\":\"297 - \u201cNUEVAS TENDENCIAS DE ATRACCI\u00d3N Y SELECCI\u00d3N DE TALENTOS\u201d - Auren Uruguay\",\"isPartOf\":{\"@id\":\"https:\\\/\\\/auren.com\\\/uy\\\/#website\"},\"primaryImageOfPage\":{\"@id\":\"https:\\\/\\\/auren.com\\\/uy\\\/noticias\\\/297-nuevas-tendencias-de-atraccion-y-seleccion-de-talentos\\\/#primaryimage\"},\"image\":{\"@id\":\"https:\\\/\\\/auren.com\\\/uy\\\/noticias\\\/297-nuevas-tendencias-de-atraccion-y-seleccion-de-talentos\\\/#primaryimage\"},\"thumbnailUrl\":\"https:\\\/\\\/auren.com\\\/uy\\\/wp-content\\\/uploads\\\/2016\\\/11\\\/sass.jpg\",\"datePublished\":\"2016-11-11T11:59:28+00:00\",\"breadcrumb\":{\"@id\":\"https:\\\/\\\/auren.com\\\/uy\\\/noticias\\\/297-nuevas-tendencias-de-atraccion-y-seleccion-de-talentos\\\/#breadcrumb\"},\"inLanguage\":\"es\",\"potentialAction\":[{\"@type\":\"ReadAction\",\"target\":[\"https:\\\/\\\/auren.com\\\/uy\\\/noticias\\\/297-nuevas-tendencias-de-atraccion-y-seleccion-de-talentos\\\/\"]}]},{\"@type\":\"ImageObject\",\"inLanguage\":\"es\",\"@id\":\"https:\\\/\\\/auren.com\\\/uy\\\/noticias\\\/297-nuevas-tendencias-de-atraccion-y-seleccion-de-talentos\\\/#primaryimage\",\"url\":\"https:\\\/\\\/auren.com\\\/uy\\\/wp-content\\\/uploads\\\/2016\\\/11\\\/sass.jpg\",\"contentUrl\":\"https:\\\/\\\/auren.com\\\/uy\\\/wp-content\\\/uploads\\\/2016\\\/11\\\/sass.jpg\",\"width\":2048,\"height\":1365},{\"@type\":\"BreadcrumbList\",\"@id\":\"https:\\\/\\\/auren.com\\\/uy\\\/noticias\\\/297-nuevas-tendencias-de-atraccion-y-seleccion-de-talentos\\\/#breadcrumb\",\"itemListElement\":[{\"@type\":\"ListItem\",\"position\":1,\"name\":\"Portada\",\"item\":\"https:\\\/\\\/auren.com\\\/uy\\\/\"},{\"@type\":\"ListItem\",\"position\":2,\"name\":\"297 &#8211; \u201cNUEVAS TENDENCIAS DE ATRACCI\u00d3N Y SELECCI\u00d3N DE TALENTOS\u201d\"}]},{\"@type\":\"WebSite\",\"@id\":\"https:\\\/\\\/auren.com\\\/uy\\\/#website\",\"url\":\"https:\\\/\\\/auren.com\\\/uy\\\/\",\"name\":\"Auren Uruguay\",\"description\":\"\",\"publisher\":{\"@id\":\"https:\\\/\\\/auren.com\\\/uy\\\/#organization\"},\"potentialAction\":[{\"@type\":\"SearchAction\",\"target\":{\"@type\":\"EntryPoint\",\"urlTemplate\":\"https:\\\/\\\/auren.com\\\/uy\\\/?s={search_term_string}\"},\"query-input\":{\"@type\":\"PropertyValueSpecification\",\"valueRequired\":true,\"valueName\":\"search_term_string\"}}],\"inLanguage\":\"es\"},{\"@type\":\"Organization\",\"@id\":\"https:\\\/\\\/auren.com\\\/uy\\\/#organization\",\"name\":\"Auren Uruguay\",\"url\":\"https:\\\/\\\/auren.com\\\/uy\\\/\",\"logo\":{\"@type\":\"ImageObject\",\"inLanguage\":\"es\",\"@id\":\"https:\\\/\\\/auren.com\\\/uy\\\/#\\\/schema\\\/logo\\\/image\\\/\",\"url\":\"https:\\\/\\\/auren.com\\\/uy\\\/wp-content\\\/uploads\\\/2025\\\/01\\\/cropped-cropped-favicon-Auren.png\",\"contentUrl\":\"https:\\\/\\\/auren.com\\\/uy\\\/wp-content\\\/uploads\\\/2025\\\/01\\\/cropped-cropped-favicon-Auren.png\",\"width\":512,\"height\":512,\"caption\":\"Auren Uruguay\"},\"image\":{\"@id\":\"https:\\\/\\\/auren.com\\\/uy\\\/#\\\/schema\\\/logo\\\/image\\\/\"},\"sameAs\":[\"https:\\\/\\\/www.facebook.com\\\/aurenuruguay\",\"https:\\\/\\\/x.com\\\/AurenUruguay\",\"https:\\\/\\\/www.linkedin.com\\\/company\\\/auren-uruguay\",\"https:\\\/\\\/www.youtube.com\\\/channel\\\/UClkpSYFfsAuqdTaVF5whedQ\",\"https:\\\/\\\/www.instagram.com\\\/aurenuruguay\\\/\"]}]}<\/script>\n<!-- \/ Yoast SEO plugin. -->","yoast_head_json":{"title":"297 - \u201cNUEVAS TENDENCIAS DE ATRACCI\u00d3N Y SELECCI\u00d3N DE TALENTOS\u201d - Auren Uruguay","robots":{"index":"index","follow":"follow","max-snippet":"max-snippet:-1","max-image-preview":"max-image-preview:large","max-video-preview":"max-video-preview:-1"},"canonical":"https:\/\/auren.com\/uy\/noticias\/297-nuevas-tendencias-de-atraccion-y-seleccion-de-talentos\/","og_locale":"es_ES","og_type":"article","og_title":"297 - \u201cNUEVAS TENDENCIAS DE ATRACCI\u00d3N Y SELECCI\u00d3N DE TALENTOS\u201d - Auren Uruguay","og_description":"Por la Lic. Valeria Grasso","og_url":"https:\/\/auren.com\/uy\/noticias\/297-nuevas-tendencias-de-atraccion-y-seleccion-de-talentos\/","og_site_name":"Auren Uruguay","article_publisher":"https:\/\/www.facebook.com\/aurenuruguay","og_image":[{"width":2048,"height":1365,"url":"https:\/\/auren.com\/uy\/wp-content\/uploads\/2016\/11\/sass.jpg","type":"image\/jpeg"}],"twitter_card":"summary_large_image","twitter_site":"@AurenUruguay","twitter_misc":{"Tiempo de lectura":"3 minutos"},"schema":{"@context":"https:\/\/schema.org","@graph":[{"@type":"WebPage","@id":"https:\/\/auren.com\/uy\/noticias\/297-nuevas-tendencias-de-atraccion-y-seleccion-de-talentos\/","url":"https:\/\/auren.com\/uy\/noticias\/297-nuevas-tendencias-de-atraccion-y-seleccion-de-talentos\/","name":"297 - \u201cNUEVAS TENDENCIAS DE ATRACCI\u00d3N Y SELECCI\u00d3N DE TALENTOS\u201d - Auren Uruguay","isPartOf":{"@id":"https:\/\/auren.com\/uy\/#website"},"primaryImageOfPage":{"@id":"https:\/\/auren.com\/uy\/noticias\/297-nuevas-tendencias-de-atraccion-y-seleccion-de-talentos\/#primaryimage"},"image":{"@id":"https:\/\/auren.com\/uy\/noticias\/297-nuevas-tendencias-de-atraccion-y-seleccion-de-talentos\/#primaryimage"},"thumbnailUrl":"https:\/\/auren.com\/uy\/wp-content\/uploads\/2016\/11\/sass.jpg","datePublished":"2016-11-11T11:59:28+00:00","breadcrumb":{"@id":"https:\/\/auren.com\/uy\/noticias\/297-nuevas-tendencias-de-atraccion-y-seleccion-de-talentos\/#breadcrumb"},"inLanguage":"es","potentialAction":[{"@type":"ReadAction","target":["https:\/\/auren.com\/uy\/noticias\/297-nuevas-tendencias-de-atraccion-y-seleccion-de-talentos\/"]}]},{"@type":"ImageObject","inLanguage":"es","@id":"https:\/\/auren.com\/uy\/noticias\/297-nuevas-tendencias-de-atraccion-y-seleccion-de-talentos\/#primaryimage","url":"https:\/\/auren.com\/uy\/wp-content\/uploads\/2016\/11\/sass.jpg","contentUrl":"https:\/\/auren.com\/uy\/wp-content\/uploads\/2016\/11\/sass.jpg","width":2048,"height":1365},{"@type":"BreadcrumbList","@id":"https:\/\/auren.com\/uy\/noticias\/297-nuevas-tendencias-de-atraccion-y-seleccion-de-talentos\/#breadcrumb","itemListElement":[{"@type":"ListItem","position":1,"name":"Portada","item":"https:\/\/auren.com\/uy\/"},{"@type":"ListItem","position":2,"name":"297 &#8211; \u201cNUEVAS TENDENCIAS DE ATRACCI\u00d3N Y SELECCI\u00d3N DE TALENTOS\u201d"}]},{"@type":"WebSite","@id":"https:\/\/auren.com\/uy\/#website","url":"https:\/\/auren.com\/uy\/","name":"Auren Uruguay","description":"","publisher":{"@id":"https:\/\/auren.com\/uy\/#organization"},"potentialAction":[{"@type":"SearchAction","target":{"@type":"EntryPoint","urlTemplate":"https:\/\/auren.com\/uy\/?s={search_term_string}"},"query-input":{"@type":"PropertyValueSpecification","valueRequired":true,"valueName":"search_term_string"}}],"inLanguage":"es"},{"@type":"Organization","@id":"https:\/\/auren.com\/uy\/#organization","name":"Auren Uruguay","url":"https:\/\/auren.com\/uy\/","logo":{"@type":"ImageObject","inLanguage":"es","@id":"https:\/\/auren.com\/uy\/#\/schema\/logo\/image\/","url":"https:\/\/auren.com\/uy\/wp-content\/uploads\/2025\/01\/cropped-cropped-favicon-Auren.png","contentUrl":"https:\/\/auren.com\/uy\/wp-content\/uploads\/2025\/01\/cropped-cropped-favicon-Auren.png","width":512,"height":512,"caption":"Auren Uruguay"},"image":{"@id":"https:\/\/auren.com\/uy\/#\/schema\/logo\/image\/"},"sameAs":["https:\/\/www.facebook.com\/aurenuruguay","https:\/\/x.com\/AurenUruguay","https:\/\/www.linkedin.com\/company\/auren-uruguay","https:\/\/www.youtube.com\/channel\/UClkpSYFfsAuqdTaVF5whedQ","https:\/\/www.instagram.com\/aurenuruguay\/"]}]}},"_links":{"self":[{"href":"https:\/\/auren.com\/uy\/wp-json\/wp\/v2\/new\/10936","targetHints":{"allow":["GET"]}}],"collection":[{"href":"https:\/\/auren.com\/uy\/wp-json\/wp\/v2\/new"}],"about":[{"href":"https:\/\/auren.com\/uy\/wp-json\/wp\/v2\/types\/new"}],"version-history":[{"count":0,"href":"https:\/\/auren.com\/uy\/wp-json\/wp\/v2\/new\/10936\/revisions"}],"wp:featuredmedia":[{"embeddable":true,"href":"https:\/\/auren.com\/uy\/wp-json\/wp\/v2\/media\/10939"}],"wp:attachment":[{"href":"https:\/\/auren.com\/uy\/wp-json\/wp\/v2\/media?parent=10936"}],"wp:term":[{"taxonomy":"new-category","embeddable":true,"href":"https:\/\/auren.com\/uy\/wp-json\/wp\/v2\/new-category?post=10936"}],"curies":[{"name":"wp","href":"https:\/\/api.w.org\/{rel}","templated":true}]}}