{"id":10951,"date":"2016-10-17T14:10:20","date_gmt":"2016-10-17T12:10:20","guid":{"rendered":"https:\/\/auren.com\/uy\/new\/293-modificaciones-a-la-ley-de-nocturnidad\/"},"modified":"2016-10-17T14:10:20","modified_gmt":"2016-10-17T12:10:20","slug":"293-modificaciones-a-la-ley-de-nocturnidad","status":"publish","type":"new","link":"https:\/\/auren.com\/uy\/noticias\/293-modificaciones-a-la-ley-de-nocturnidad\/","title":{"rendered":"293 &#8211; MODIFICACIONES A LA LEY DE NOCTURNIDAD"},"content":{"rendered":"<p class=\"has-text-align-justify\">Al comienzo del a\u00f1o pasado se aprob\u00f3 la ley que regula el trabajo nocturno.<\/p>\n<p class=\"has-text-align-justify\">La misma tiene como objeto el desestimulo al desarrollo de las tareas en horario nocturno, entendiendo que el trabajo en dicho turno es un factor que incide negativamente en la salud de los trabajadores.<\/p>\n<p class=\"has-text-align-justify\">Para lograr la aprobaci\u00f3n de la mencionada Ley (cuyo proyecto se ven\u00eda discutiendo desde hac\u00eda muchos a\u00f1os), se estableci\u00f3 en su art\u00edculo 4\u00ba una restricci\u00f3n al pago de la compensaci\u00f3n por nocturnidad: para que la misma se hiciera efectiva, el trabajador deber\u00eda desempe\u00f1ar como m\u00ednimo cinco horas consecutivas por jornada de labor en el horario comprendido entre las veintid\u00f3s horas y las seis horas del d\u00eda siguiente.<\/p>\n<p class=\"has-text-align-left has-vivid-red-color has-text-color\" style=\"font-size:25px\"><strong>Ley Actual<\/strong><\/p>\n<p class=\"has-text-align-justify\">Antes de enfocarnos en la modificaci\u00f3n vamos a repasar los principales puntos de la Ley N\u00ba 19.313 &#8211; de regulaci\u00f3n del trabajo nocturno:<\/p>\n<p class=\"has-text-align-left has-medium-font-size\"><strong>&#8211; <em><u>Vigencia:<\/u><\/em><\/strong><\/p>\n<p class=\"has-text-align-justify\">La Ley comenz\u00f3 a regir desde el 1\u00ba de julio de 2015.<\/p>\n<p class=\"has-text-align-justify has-medium-font-size\"><strong>&#8211; <em><u>Beneficios establecidos:<\/u><\/em><\/strong><\/p>\n<p class=\"has-text-align-justify\">Para las diferentes \u00e1reas de actividad se establece una compensaci\u00f3n que consiste en aplicar una <strong>sobretasa m\u00ednima del 20%<\/strong> o su equivalente en <strong>reducci\u00f3n horaria<\/strong>.<\/p>\n<p class=\"has-text-align-left has-medium-font-size\"><strong>&#8211; <em><u>Consideraciones especiales<\/u><\/em><\/strong><\/p>\n<p class=\"has-text-align-justify\">Se establece una consideraci\u00f3n especial para el caso de la mujer embarazada o que haya dado a luz, hasta un a\u00f1o posterior al alumbramiento, donde por la sola voluntad de la trabajadora, el empleador deber\u00e1 asignarle horario de trabajo diurno para el desempe\u00f1o de su labor por ese per\u00edodo, sin que esto signifique una p\u00e9rdida de la compensaci\u00f3n por trabajo nocturno.<\/p>\n<p class=\"has-text-align-left has-vivid-red-color has-text-color\" style=\"font-size:25px\"><strong>Modificaciones planteadas<\/strong><\/p>\n<p class=\"has-text-align-justify\">Actualmente se plantea una modificaci\u00f3n a la Ley que tiene como <strong>objetivo eliminar la limitaci\u00f3n<\/strong> planteada en su art\u00edculo 4\u00b0, respecto a que para obtener la compensaci\u00f3n salarial deben realizar un m\u00ednimo de cinco horas consecutivas en horario nocturno, <strong>posibilitado as\u00ed que los trabajadores puedan acceder al pago de dicha compensaci\u00f3n en forma prorrateada.<\/strong> Es decir, si un trabajador realiza una, dos, tres o cuatro horas de trabajo nocturno se le pague la compensaci\u00f3n correspondiente a las horas trabajadas en el mencionado horario.<\/p>\n<p class=\"has-text-align-justify\">Es importante considerar que esta modificaci\u00f3n no afecta los acuerdos vigentes de consejos de salarios o los laudos que puedan establecer condiciones m\u00e1s favorables para los trabajadores que desempe\u00f1an trabajos en horario nocturno.<\/p>\n<\/p>\n<p><!-- AddThis Advanced Settings generic via filter on the_content --><!-- AddThis Share Buttons generic via filter on the_content --><\/p>\n","protected":false},"excerpt":{"rendered":"<p>Por la Cra. Gabriela Morales.<\/p>\n","protected":false},"featured_media":10952,"template":"","meta":{"_acf_changed":false,"footnotes":""},"new-category":[],"class_list":["post-10951","new","type-new","status-publish","has-post-thumbnail","hentry"],"acf":[],"yoast_head":"<!-- This site is optimized with the Yoast SEO plugin v27.4 - https:\/\/yoast.com\/product\/yoast-seo-wordpress\/ -->\n<title>293 - MODIFICACIONES A LA LEY DE NOCTURNIDAD - Auren Uruguay<\/title>\n<meta name=\"robots\" content=\"index, follow, max-snippet:-1, max-image-preview:large, max-video-preview:-1\" \/>\n<link rel=\"canonical\" href=\"https:\/\/auren.com\/uy\/noticias\/293-modificaciones-a-la-ley-de-nocturnidad\/\" \/>\n<meta property=\"og:locale\" content=\"es_ES\" \/>\n<meta property=\"og:type\" content=\"article\" \/>\n<meta property=\"og:title\" content=\"293 - MODIFICACIONES A LA LEY DE NOCTURNIDAD - Auren Uruguay\" \/>\n<meta property=\"og:description\" content=\"Por la Cra. Gabriela Morales.\" \/>\n<meta property=\"og:url\" content=\"https:\/\/auren.com\/uy\/noticias\/293-modificaciones-a-la-ley-de-nocturnidad\/\" \/>\n<meta property=\"og:site_name\" content=\"Auren Uruguay\" \/>\n<meta property=\"article:publisher\" content=\"https:\/\/www.facebook.com\/aurenuruguay\" \/>\n<meta property=\"og:image\" content=\"https:\/\/auren.com\/uy\/wp-content\/uploads\/2016\/10\/900x520_14-2.jpg\" \/>\n\t<meta property=\"og:image:width\" content=\"900\" \/>\n\t<meta property=\"og:image:height\" content=\"520\" \/>\n\t<meta property=\"og:image:type\" content=\"image\/jpeg\" \/>\n<meta name=\"twitter:card\" content=\"summary_large_image\" \/>\n<meta name=\"twitter:site\" content=\"@AurenUruguay\" \/>\n<meta name=\"twitter:label1\" content=\"Tiempo de lectura\" \/>\n\t<meta name=\"twitter:data1\" content=\"2 minutos\" \/>\n<script type=\"application\/ld+json\" class=\"yoast-schema-graph\">{\"@context\":\"https:\\\/\\\/schema.org\",\"@graph\":[{\"@type\":\"WebPage\",\"@id\":\"https:\\\/\\\/auren.com\\\/uy\\\/noticias\\\/293-modificaciones-a-la-ley-de-nocturnidad\\\/\",\"url\":\"https:\\\/\\\/auren.com\\\/uy\\\/noticias\\\/293-modificaciones-a-la-ley-de-nocturnidad\\\/\",\"name\":\"293 - MODIFICACIONES A LA LEY DE NOCTURNIDAD - Auren Uruguay\",\"isPartOf\":{\"@id\":\"https:\\\/\\\/auren.com\\\/uy\\\/#website\"},\"primaryImageOfPage\":{\"@id\":\"https:\\\/\\\/auren.com\\\/uy\\\/noticias\\\/293-modificaciones-a-la-ley-de-nocturnidad\\\/#primaryimage\"},\"image\":{\"@id\":\"https:\\\/\\\/auren.com\\\/uy\\\/noticias\\\/293-modificaciones-a-la-ley-de-nocturnidad\\\/#primaryimage\"},\"thumbnailUrl\":\"https:\\\/\\\/auren.com\\\/uy\\\/wp-content\\\/uploads\\\/2016\\\/10\\\/900x520_14-2.jpg\",\"datePublished\":\"2016-10-17T12:10:20+00:00\",\"breadcrumb\":{\"@id\":\"https:\\\/\\\/auren.com\\\/uy\\\/noticias\\\/293-modificaciones-a-la-ley-de-nocturnidad\\\/#breadcrumb\"},\"inLanguage\":\"es\",\"potentialAction\":[{\"@type\":\"ReadAction\",\"target\":[\"https:\\\/\\\/auren.com\\\/uy\\\/noticias\\\/293-modificaciones-a-la-ley-de-nocturnidad\\\/\"]}]},{\"@type\":\"ImageObject\",\"inLanguage\":\"es\",\"@id\":\"https:\\\/\\\/auren.com\\\/uy\\\/noticias\\\/293-modificaciones-a-la-ley-de-nocturnidad\\\/#primaryimage\",\"url\":\"https:\\\/\\\/auren.com\\\/uy\\\/wp-content\\\/uploads\\\/2016\\\/10\\\/900x520_14-2.jpg\",\"contentUrl\":\"https:\\\/\\\/auren.com\\\/uy\\\/wp-content\\\/uploads\\\/2016\\\/10\\\/900x520_14-2.jpg\",\"width\":900,\"height\":520},{\"@type\":\"BreadcrumbList\",\"@id\":\"https:\\\/\\\/auren.com\\\/uy\\\/noticias\\\/293-modificaciones-a-la-ley-de-nocturnidad\\\/#breadcrumb\",\"itemListElement\":[{\"@type\":\"ListItem\",\"position\":1,\"name\":\"Portada\",\"item\":\"https:\\\/\\\/auren.com\\\/uy\\\/\"},{\"@type\":\"ListItem\",\"position\":2,\"name\":\"293 &#8211; MODIFICACIONES A LA LEY DE NOCTURNIDAD\"}]},{\"@type\":\"WebSite\",\"@id\":\"https:\\\/\\\/auren.com\\\/uy\\\/#website\",\"url\":\"https:\\\/\\\/auren.com\\\/uy\\\/\",\"name\":\"Auren Uruguay\",\"description\":\"\",\"publisher\":{\"@id\":\"https:\\\/\\\/auren.com\\\/uy\\\/#organization\"},\"potentialAction\":[{\"@type\":\"SearchAction\",\"target\":{\"@type\":\"EntryPoint\",\"urlTemplate\":\"https:\\\/\\\/auren.com\\\/uy\\\/?s={search_term_string}\"},\"query-input\":{\"@type\":\"PropertyValueSpecification\",\"valueRequired\":true,\"valueName\":\"search_term_string\"}}],\"inLanguage\":\"es\"},{\"@type\":\"Organization\",\"@id\":\"https:\\\/\\\/auren.com\\\/uy\\\/#organization\",\"name\":\"Auren Uruguay\",\"url\":\"https:\\\/\\\/auren.com\\\/uy\\\/\",\"logo\":{\"@type\":\"ImageObject\",\"inLanguage\":\"es\",\"@id\":\"https:\\\/\\\/auren.com\\\/uy\\\/#\\\/schema\\\/logo\\\/image\\\/\",\"url\":\"https:\\\/\\\/auren.com\\\/uy\\\/wp-content\\\/uploads\\\/2025\\\/01\\\/cropped-cropped-favicon-Auren.png\",\"contentUrl\":\"https:\\\/\\\/auren.com\\\/uy\\\/wp-content\\\/uploads\\\/2025\\\/01\\\/cropped-cropped-favicon-Auren.png\",\"width\":512,\"height\":512,\"caption\":\"Auren Uruguay\"},\"image\":{\"@id\":\"https:\\\/\\\/auren.com\\\/uy\\\/#\\\/schema\\\/logo\\\/image\\\/\"},\"sameAs\":[\"https:\\\/\\\/www.facebook.com\\\/aurenuruguay\",\"https:\\\/\\\/x.com\\\/AurenUruguay\",\"https:\\\/\\\/www.linkedin.com\\\/company\\\/auren-uruguay\",\"https:\\\/\\\/www.youtube.com\\\/channel\\\/UClkpSYFfsAuqdTaVF5whedQ\",\"https:\\\/\\\/www.instagram.com\\\/aurenuruguay\\\/\"]}]}<\/script>\n<!-- \/ Yoast SEO plugin. -->","yoast_head_json":{"title":"293 - MODIFICACIONES A LA LEY DE NOCTURNIDAD - Auren Uruguay","robots":{"index":"index","follow":"follow","max-snippet":"max-snippet:-1","max-image-preview":"max-image-preview:large","max-video-preview":"max-video-preview:-1"},"canonical":"https:\/\/auren.com\/uy\/noticias\/293-modificaciones-a-la-ley-de-nocturnidad\/","og_locale":"es_ES","og_type":"article","og_title":"293 - MODIFICACIONES A LA LEY DE NOCTURNIDAD - Auren Uruguay","og_description":"Por la Cra. Gabriela Morales.","og_url":"https:\/\/auren.com\/uy\/noticias\/293-modificaciones-a-la-ley-de-nocturnidad\/","og_site_name":"Auren Uruguay","article_publisher":"https:\/\/www.facebook.com\/aurenuruguay","og_image":[{"width":900,"height":520,"url":"https:\/\/auren.com\/uy\/wp-content\/uploads\/2016\/10\/900x520_14-2.jpg","type":"image\/jpeg"}],"twitter_card":"summary_large_image","twitter_site":"@AurenUruguay","twitter_misc":{"Tiempo de lectura":"2 minutos"},"schema":{"@context":"https:\/\/schema.org","@graph":[{"@type":"WebPage","@id":"https:\/\/auren.com\/uy\/noticias\/293-modificaciones-a-la-ley-de-nocturnidad\/","url":"https:\/\/auren.com\/uy\/noticias\/293-modificaciones-a-la-ley-de-nocturnidad\/","name":"293 - MODIFICACIONES A LA LEY DE NOCTURNIDAD - Auren Uruguay","isPartOf":{"@id":"https:\/\/auren.com\/uy\/#website"},"primaryImageOfPage":{"@id":"https:\/\/auren.com\/uy\/noticias\/293-modificaciones-a-la-ley-de-nocturnidad\/#primaryimage"},"image":{"@id":"https:\/\/auren.com\/uy\/noticias\/293-modificaciones-a-la-ley-de-nocturnidad\/#primaryimage"},"thumbnailUrl":"https:\/\/auren.com\/uy\/wp-content\/uploads\/2016\/10\/900x520_14-2.jpg","datePublished":"2016-10-17T12:10:20+00:00","breadcrumb":{"@id":"https:\/\/auren.com\/uy\/noticias\/293-modificaciones-a-la-ley-de-nocturnidad\/#breadcrumb"},"inLanguage":"es","potentialAction":[{"@type":"ReadAction","target":["https:\/\/auren.com\/uy\/noticias\/293-modificaciones-a-la-ley-de-nocturnidad\/"]}]},{"@type":"ImageObject","inLanguage":"es","@id":"https:\/\/auren.com\/uy\/noticias\/293-modificaciones-a-la-ley-de-nocturnidad\/#primaryimage","url":"https:\/\/auren.com\/uy\/wp-content\/uploads\/2016\/10\/900x520_14-2.jpg","contentUrl":"https:\/\/auren.com\/uy\/wp-content\/uploads\/2016\/10\/900x520_14-2.jpg","width":900,"height":520},{"@type":"BreadcrumbList","@id":"https:\/\/auren.com\/uy\/noticias\/293-modificaciones-a-la-ley-de-nocturnidad\/#breadcrumb","itemListElement":[{"@type":"ListItem","position":1,"name":"Portada","item":"https:\/\/auren.com\/uy\/"},{"@type":"ListItem","position":2,"name":"293 &#8211; MODIFICACIONES A LA LEY DE NOCTURNIDAD"}]},{"@type":"WebSite","@id":"https:\/\/auren.com\/uy\/#website","url":"https:\/\/auren.com\/uy\/","name":"Auren Uruguay","description":"","publisher":{"@id":"https:\/\/auren.com\/uy\/#organization"},"potentialAction":[{"@type":"SearchAction","target":{"@type":"EntryPoint","urlTemplate":"https:\/\/auren.com\/uy\/?s={search_term_string}"},"query-input":{"@type":"PropertyValueSpecification","valueRequired":true,"valueName":"search_term_string"}}],"inLanguage":"es"},{"@type":"Organization","@id":"https:\/\/auren.com\/uy\/#organization","name":"Auren Uruguay","url":"https:\/\/auren.com\/uy\/","logo":{"@type":"ImageObject","inLanguage":"es","@id":"https:\/\/auren.com\/uy\/#\/schema\/logo\/image\/","url":"https:\/\/auren.com\/uy\/wp-content\/uploads\/2025\/01\/cropped-cropped-favicon-Auren.png","contentUrl":"https:\/\/auren.com\/uy\/wp-content\/uploads\/2025\/01\/cropped-cropped-favicon-Auren.png","width":512,"height":512,"caption":"Auren Uruguay"},"image":{"@id":"https:\/\/auren.com\/uy\/#\/schema\/logo\/image\/"},"sameAs":["https:\/\/www.facebook.com\/aurenuruguay","https:\/\/x.com\/AurenUruguay","https:\/\/www.linkedin.com\/company\/auren-uruguay","https:\/\/www.youtube.com\/channel\/UClkpSYFfsAuqdTaVF5whedQ","https:\/\/www.instagram.com\/aurenuruguay\/"]}]}},"_links":{"self":[{"href":"https:\/\/auren.com\/uy\/wp-json\/wp\/v2\/new\/10951","targetHints":{"allow":["GET"]}}],"collection":[{"href":"https:\/\/auren.com\/uy\/wp-json\/wp\/v2\/new"}],"about":[{"href":"https:\/\/auren.com\/uy\/wp-json\/wp\/v2\/types\/new"}],"version-history":[{"count":0,"href":"https:\/\/auren.com\/uy\/wp-json\/wp\/v2\/new\/10951\/revisions"}],"wp:featuredmedia":[{"embeddable":true,"href":"https:\/\/auren.com\/uy\/wp-json\/wp\/v2\/media\/10952"}],"wp:attachment":[{"href":"https:\/\/auren.com\/uy\/wp-json\/wp\/v2\/media?parent=10951"}],"wp:term":[{"taxonomy":"new-category","embeddable":true,"href":"https:\/\/auren.com\/uy\/wp-json\/wp\/v2\/new-category?post=10951"}],"curies":[{"name":"wp","href":"https:\/\/api.w.org\/{rel}","templated":true}]}}