{"id":10954,"date":"2016-10-07T12:37:06","date_gmt":"2016-10-07T10:37:06","guid":{"rendered":"https:\/\/auren.com\/uy\/new\/292-se-reglamenta-la-ley-de-presupuesto-nacional\/"},"modified":"2016-10-07T12:37:06","modified_gmt":"2016-10-07T10:37:06","slug":"292-se-reglamenta-la-ley-de-presupuesto-nacional","status":"publish","type":"new","link":"https:\/\/auren.com\/uy\/noticias\/292-se-reglamenta-la-ley-de-presupuesto-nacional\/","title":{"rendered":"292 &#8211; SE REGLAMENTA LA LEY DE PRESUPUESTO NACIONAL"},"content":{"rendered":"<p class=\"has-text-align-justify\">En esta entrega repasaremos las principales disposiciones contendidas en el <strong>Decreto N\u00ba 279\/016<\/strong>, reglamentario de la <strong>Ley N\u00ba 19.355<\/strong> de Presupuesto, el cual fuera publicado el pasado 12\/9.<\/p>\n<p class=\"has-text-align-left has-vivid-red-color has-text-color\" style=\"font-size:25px\"><strong>PUBLICIDAD Y PROPAGANDA<\/strong><\/p>\n<p class=\"has-text-align-justify\">Como se recordar\u00e1, la <strong>Ley N\u00ba 19.355<\/strong> incluyo dentro del concepto de fuente uruguaya a los montos abonados al exterior por concepto de servicios de \u201c<strong>publicidad y propaganda<\/strong>\u201d, por lo que a partir de ahora los pagos por estos conceptos al exterior se encontrar\u00e1n gravados por Impuesto a la Renta en nuestro pa\u00eds en todos los casos (IRNR, IRPF o IRAE, dependiendo del prestador del servicio).<\/p>\n<p class=\"has-text-align-justify\">La ley dispone que en caso que los ingresos gravados por IRAE obtenidos por el prestatario de los referidos servicios (se incluyen en esta disposici\u00f3n tambi\u00e9n a los servicios t\u00e9cnicos recibidos desde el exterior), sea inferior a un 10% del total de sus ingresos, se reduce el monto imponible sujeto a retenci\u00f3n, aplic\u00e1ndose la tasa que corresponda sobre el <strong>5%<\/strong> del precio del servicio recibido.<\/p>\n<p class=\"has-text-align-justify\">El decreto agrega otra hip\u00f3tesis de reducci\u00f3n del monto imponible aplicable a las retenciones de <strong>IRNR e IRPF<\/strong> por estos conceptos, disponiendo que en caso de tratarse de <strong>servicios que formen parte del costo<\/strong> de la actividad del usuario, la renta de fuente uruguaya ser\u00e1 tambi\u00e9n un <strong>5%<\/strong>, siempre que los ingresos gravados por IRAE que genere el usuario <strong>por dicha actividad<\/strong> no supere el 10% del total de ingresos generados por la misma. A v\u00eda de ejemplo, un contribuyente que tenga la totalidad de sus rentas gravadas por IRAE y que espor\u00e1dicamente revenda un servicio t\u00e9cnico, hasta la publicaci\u00f3n del decreto deb\u00eda practicar la retenci\u00f3n de IRNR sobre el 100% del precio del servicio, ya que no encuadraba en la hip\u00f3tesis de reducci\u00f3n del monto imponible vigente hasta el momento (ingresos totales gravados por IRAE menores al 10% del total). Al agregar esta nueva hip\u00f3tesis, si el referido contribuyente <strong>revende servicios t\u00e9cnicos<\/strong> contratados al exterior, <strong>obteniendo por tal actividad ingresos inferiores al 10% del total de sus ingresos<\/strong>, la retenci\u00f3n ser\u00e1 a partir de ahora sobre el <strong>5%<\/strong> del monto del referido servicio y no sobre el total.<\/p>\n<p class=\"has-text-align-justify\">En caso que la totalidad de los ingresos del prestatario no se encuentren gravados por IRAE, no corresponder\u00e1 retenci\u00f3n de <strong>IRNR <\/strong>ni de<strong> IRAE<\/strong> sobre estos servicios (tanto t\u00e9cnicos como de publicidad y propaganda), entendi\u00e9ndose en estos casos que la totalidad de la renta obtenida por el prestador del servicio es de fuente extranjera (s\u00ed corresponder\u00e1 de IRPF sobre el 5% del ingreso, ya que no est\u00e1 prevista la exoneraci\u00f3n en este impuesto).<\/p>\n<p class=\"has-text-align-left has-vivid-red-color has-text-color\" style=\"font-size:25px\"><strong>FOMENTO DE EMPLEO<\/strong><\/p>\n<p class=\"has-text-align-justify\">La ley limit\u00f3 el c\u00f3mputo del gasto adicional por este concepto en la liquidaci\u00f3n de IRAE, prohibiendo hacer uso del mismo en caso que se haya presentado un Proyecto de Inversi\u00f3n, en tanto se haya utilizado el indicador empleo para su obtenci\u00f3n. Si bien de acuerdo con la ley esta disposici\u00f3n era aplicable para los ejercicios <strong>finalizados<\/strong> <strong>durante el a\u00f1o 2016<\/strong>, el decreto dispone que esta limitante es aplicable a los <strong>ejercicios iniciados a partir del 1\u00ba\/1\/2016<\/strong>, por lo que ser\u00eda posible reliquidar el IRAE pagado en exceso derivado del no c\u00f3mputo de este gasto adicional, para los ejercicios finalizados durante el 2016 e iniciados durante el 2015 (dejando fuera los ejercicios fraccionados).<\/p>\n<p class=\"has-text-align-left has-vivid-red-color has-text-color\" style=\"font-size:25px\"><strong>IPC<\/strong><\/p>\n<p class=\"has-text-align-justify\">De acuerdo con la ley, para ejercicios iniciados a partir del 1\u00ba\/1\/2016 el Indice de ajuste del <strong>activo fijo<\/strong>, <strong>p\u00e9rdidas de ejercicios anteriores<\/strong> y <strong>ajuste por inflaci\u00f3n<\/strong> \u2013ca\u00eddo en desuso-, ser\u00e1 el <strong>IPC<\/strong>. El decreto dispone que tal \u00edndice ser\u00e1 tambi\u00e9n de aplicaci\u00f3n para <strong>actualizar el valor fiscal de los valores mobiliarios<\/strong> (acciones y cuotas sociales en sociedades personales).<\/p>\n<p class=\"has-text-align-left has-vivid-red-color has-text-color\" style=\"font-size:25px\"><strong>MULTA POR MORA<\/strong><\/p>\n<p class=\"has-text-align-justify\">Finalmente, se agrega una disposici\u00f3n, estableciendo que la <strong>multa aplicable a los responsables sustitutos<\/strong> y por<strong> obligaciones tributarias de terceros<\/strong> ser\u00e1 del <strong>5%,<\/strong> siempre que el tributo se vierta <strong>dentro de los 5 d\u00edas h\u00e1biles<\/strong>, y no del 100% como lo era hasta el momento (justamente la ley que se reglamenta hab\u00eda fijado en el 100% la multa aplicable a estas figuras de responsables), pero el decreto lo amortigua, reduci\u00e9ndola al 5% <strong>a partir del 1\u00ba\/1\/2016<\/strong>, siempre que se cancele en los primeros 5 d\u00edas. Se incluyen en esta categor\u00eda las retenciones de IRPF que deben efectuar las empresas a su personal dependiente, por lo que aquellos contribuyentes que hayan ca\u00eddo en infracci\u00f3n durante el corriente a\u00f1o y hayan tenido que abonar la multa del 100%, podr\u00e1n reclamar la diferencia en aplicaci\u00f3n del presente decreto.<\/p>\n<p><!-- AddThis Advanced Settings generic via filter on the_content --><!-- AddThis Share Buttons generic via filter on the_content --><\/p>\n","protected":false},"excerpt":{"rendered":"<p>Por la Cra. Alexandra Weisz<\/p>\n","protected":false},"featured_media":10957,"template":"","meta":{"_acf_changed":false,"footnotes":""},"new-category":[],"class_list":["post-10954","new","type-new","status-publish","has-post-thumbnail","hentry"],"acf":[],"yoast_head":"<!-- This site is optimized with the Yoast SEO plugin v27.4 - https:\/\/yoast.com\/product\/yoast-seo-wordpress\/ -->\n<title>292 - SE REGLAMENTA LA LEY DE PRESUPUESTO NACIONAL - Auren Uruguay<\/title>\n<meta name=\"robots\" content=\"index, follow, max-snippet:-1, max-image-preview:large, max-video-preview:-1\" \/>\n<link rel=\"canonical\" href=\"https:\/\/auren.com\/uy\/noticias\/292-se-reglamenta-la-ley-de-presupuesto-nacional\/\" \/>\n<meta property=\"og:locale\" content=\"es_ES\" \/>\n<meta property=\"og:type\" content=\"article\" \/>\n<meta property=\"og:title\" content=\"292 - SE REGLAMENTA LA LEY DE PRESUPUESTO NACIONAL - Auren Uruguay\" \/>\n<meta property=\"og:description\" content=\"Por la Cra. Alexandra Weisz\" \/>\n<meta property=\"og:url\" content=\"https:\/\/auren.com\/uy\/noticias\/292-se-reglamenta-la-ley-de-presupuesto-nacional\/\" \/>\n<meta property=\"og:site_name\" content=\"Auren Uruguay\" \/>\n<meta property=\"article:publisher\" content=\"https:\/\/www.facebook.com\/aurenuruguay\" \/>\n<meta property=\"og:image\" content=\"https:\/\/auren.com\/uy\/wp-content\/uploads\/2016\/10\/art.jpg\" \/>\n\t<meta property=\"og:image:width\" content=\"2048\" \/>\n\t<meta property=\"og:image:height\" content=\"1365\" \/>\n\t<meta property=\"og:image:type\" content=\"image\/jpeg\" \/>\n<meta name=\"twitter:card\" content=\"summary_large_image\" \/>\n<meta name=\"twitter:site\" content=\"@AurenUruguay\" \/>\n<meta name=\"twitter:label1\" content=\"Tiempo de lectura\" \/>\n\t<meta name=\"twitter:data1\" content=\"4 minutos\" \/>\n<script type=\"application\/ld+json\" class=\"yoast-schema-graph\">{\"@context\":\"https:\\\/\\\/schema.org\",\"@graph\":[{\"@type\":\"WebPage\",\"@id\":\"https:\\\/\\\/auren.com\\\/uy\\\/noticias\\\/292-se-reglamenta-la-ley-de-presupuesto-nacional\\\/\",\"url\":\"https:\\\/\\\/auren.com\\\/uy\\\/noticias\\\/292-se-reglamenta-la-ley-de-presupuesto-nacional\\\/\",\"name\":\"292 - SE REGLAMENTA LA LEY DE PRESUPUESTO NACIONAL - Auren Uruguay\",\"isPartOf\":{\"@id\":\"https:\\\/\\\/auren.com\\\/uy\\\/#website\"},\"primaryImageOfPage\":{\"@id\":\"https:\\\/\\\/auren.com\\\/uy\\\/noticias\\\/292-se-reglamenta-la-ley-de-presupuesto-nacional\\\/#primaryimage\"},\"image\":{\"@id\":\"https:\\\/\\\/auren.com\\\/uy\\\/noticias\\\/292-se-reglamenta-la-ley-de-presupuesto-nacional\\\/#primaryimage\"},\"thumbnailUrl\":\"https:\\\/\\\/auren.com\\\/uy\\\/wp-content\\\/uploads\\\/2016\\\/10\\\/art.jpg\",\"datePublished\":\"2016-10-07T10:37:06+00:00\",\"breadcrumb\":{\"@id\":\"https:\\\/\\\/auren.com\\\/uy\\\/noticias\\\/292-se-reglamenta-la-ley-de-presupuesto-nacional\\\/#breadcrumb\"},\"inLanguage\":\"es\",\"potentialAction\":[{\"@type\":\"ReadAction\",\"target\":[\"https:\\\/\\\/auren.com\\\/uy\\\/noticias\\\/292-se-reglamenta-la-ley-de-presupuesto-nacional\\\/\"]}]},{\"@type\":\"ImageObject\",\"inLanguage\":\"es\",\"@id\":\"https:\\\/\\\/auren.com\\\/uy\\\/noticias\\\/292-se-reglamenta-la-ley-de-presupuesto-nacional\\\/#primaryimage\",\"url\":\"https:\\\/\\\/auren.com\\\/uy\\\/wp-content\\\/uploads\\\/2016\\\/10\\\/art.jpg\",\"contentUrl\":\"https:\\\/\\\/auren.com\\\/uy\\\/wp-content\\\/uploads\\\/2016\\\/10\\\/art.jpg\",\"width\":2048,\"height\":1365},{\"@type\":\"BreadcrumbList\",\"@id\":\"https:\\\/\\\/auren.com\\\/uy\\\/noticias\\\/292-se-reglamenta-la-ley-de-presupuesto-nacional\\\/#breadcrumb\",\"itemListElement\":[{\"@type\":\"ListItem\",\"position\":1,\"name\":\"Portada\",\"item\":\"https:\\\/\\\/auren.com\\\/uy\\\/\"},{\"@type\":\"ListItem\",\"position\":2,\"name\":\"292 &#8211; SE REGLAMENTA LA LEY DE PRESUPUESTO NACIONAL\"}]},{\"@type\":\"WebSite\",\"@id\":\"https:\\\/\\\/auren.com\\\/uy\\\/#website\",\"url\":\"https:\\\/\\\/auren.com\\\/uy\\\/\",\"name\":\"Auren Uruguay\",\"description\":\"\",\"publisher\":{\"@id\":\"https:\\\/\\\/auren.com\\\/uy\\\/#organization\"},\"potentialAction\":[{\"@type\":\"SearchAction\",\"target\":{\"@type\":\"EntryPoint\",\"urlTemplate\":\"https:\\\/\\\/auren.com\\\/uy\\\/?s={search_term_string}\"},\"query-input\":{\"@type\":\"PropertyValueSpecification\",\"valueRequired\":true,\"valueName\":\"search_term_string\"}}],\"inLanguage\":\"es\"},{\"@type\":\"Organization\",\"@id\":\"https:\\\/\\\/auren.com\\\/uy\\\/#organization\",\"name\":\"Auren Uruguay\",\"url\":\"https:\\\/\\\/auren.com\\\/uy\\\/\",\"logo\":{\"@type\":\"ImageObject\",\"inLanguage\":\"es\",\"@id\":\"https:\\\/\\\/auren.com\\\/uy\\\/#\\\/schema\\\/logo\\\/image\\\/\",\"url\":\"https:\\\/\\\/auren.com\\\/uy\\\/wp-content\\\/uploads\\\/2025\\\/01\\\/cropped-cropped-favicon-Auren.png\",\"contentUrl\":\"https:\\\/\\\/auren.com\\\/uy\\\/wp-content\\\/uploads\\\/2025\\\/01\\\/cropped-cropped-favicon-Auren.png\",\"width\":512,\"height\":512,\"caption\":\"Auren Uruguay\"},\"image\":{\"@id\":\"https:\\\/\\\/auren.com\\\/uy\\\/#\\\/schema\\\/logo\\\/image\\\/\"},\"sameAs\":[\"https:\\\/\\\/www.facebook.com\\\/aurenuruguay\",\"https:\\\/\\\/x.com\\\/AurenUruguay\",\"https:\\\/\\\/www.linkedin.com\\\/company\\\/auren-uruguay\",\"https:\\\/\\\/www.youtube.com\\\/channel\\\/UClkpSYFfsAuqdTaVF5whedQ\",\"https:\\\/\\\/www.instagram.com\\\/aurenuruguay\\\/\"]}]}<\/script>\n<!-- \/ Yoast SEO plugin. -->","yoast_head_json":{"title":"292 - SE REGLAMENTA LA LEY DE PRESUPUESTO NACIONAL - Auren Uruguay","robots":{"index":"index","follow":"follow","max-snippet":"max-snippet:-1","max-image-preview":"max-image-preview:large","max-video-preview":"max-video-preview:-1"},"canonical":"https:\/\/auren.com\/uy\/noticias\/292-se-reglamenta-la-ley-de-presupuesto-nacional\/","og_locale":"es_ES","og_type":"article","og_title":"292 - SE REGLAMENTA LA LEY DE PRESUPUESTO NACIONAL - Auren Uruguay","og_description":"Por la Cra. Alexandra Weisz","og_url":"https:\/\/auren.com\/uy\/noticias\/292-se-reglamenta-la-ley-de-presupuesto-nacional\/","og_site_name":"Auren Uruguay","article_publisher":"https:\/\/www.facebook.com\/aurenuruguay","og_image":[{"width":2048,"height":1365,"url":"https:\/\/auren.com\/uy\/wp-content\/uploads\/2016\/10\/art.jpg","type":"image\/jpeg"}],"twitter_card":"summary_large_image","twitter_site":"@AurenUruguay","twitter_misc":{"Tiempo de lectura":"4 minutos"},"schema":{"@context":"https:\/\/schema.org","@graph":[{"@type":"WebPage","@id":"https:\/\/auren.com\/uy\/noticias\/292-se-reglamenta-la-ley-de-presupuesto-nacional\/","url":"https:\/\/auren.com\/uy\/noticias\/292-se-reglamenta-la-ley-de-presupuesto-nacional\/","name":"292 - SE REGLAMENTA LA LEY DE PRESUPUESTO NACIONAL - Auren Uruguay","isPartOf":{"@id":"https:\/\/auren.com\/uy\/#website"},"primaryImageOfPage":{"@id":"https:\/\/auren.com\/uy\/noticias\/292-se-reglamenta-la-ley-de-presupuesto-nacional\/#primaryimage"},"image":{"@id":"https:\/\/auren.com\/uy\/noticias\/292-se-reglamenta-la-ley-de-presupuesto-nacional\/#primaryimage"},"thumbnailUrl":"https:\/\/auren.com\/uy\/wp-content\/uploads\/2016\/10\/art.jpg","datePublished":"2016-10-07T10:37:06+00:00","breadcrumb":{"@id":"https:\/\/auren.com\/uy\/noticias\/292-se-reglamenta-la-ley-de-presupuesto-nacional\/#breadcrumb"},"inLanguage":"es","potentialAction":[{"@type":"ReadAction","target":["https:\/\/auren.com\/uy\/noticias\/292-se-reglamenta-la-ley-de-presupuesto-nacional\/"]}]},{"@type":"ImageObject","inLanguage":"es","@id":"https:\/\/auren.com\/uy\/noticias\/292-se-reglamenta-la-ley-de-presupuesto-nacional\/#primaryimage","url":"https:\/\/auren.com\/uy\/wp-content\/uploads\/2016\/10\/art.jpg","contentUrl":"https:\/\/auren.com\/uy\/wp-content\/uploads\/2016\/10\/art.jpg","width":2048,"height":1365},{"@type":"BreadcrumbList","@id":"https:\/\/auren.com\/uy\/noticias\/292-se-reglamenta-la-ley-de-presupuesto-nacional\/#breadcrumb","itemListElement":[{"@type":"ListItem","position":1,"name":"Portada","item":"https:\/\/auren.com\/uy\/"},{"@type":"ListItem","position":2,"name":"292 &#8211; SE REGLAMENTA LA LEY DE PRESUPUESTO NACIONAL"}]},{"@type":"WebSite","@id":"https:\/\/auren.com\/uy\/#website","url":"https:\/\/auren.com\/uy\/","name":"Auren Uruguay","description":"","publisher":{"@id":"https:\/\/auren.com\/uy\/#organization"},"potentialAction":[{"@type":"SearchAction","target":{"@type":"EntryPoint","urlTemplate":"https:\/\/auren.com\/uy\/?s={search_term_string}"},"query-input":{"@type":"PropertyValueSpecification","valueRequired":true,"valueName":"search_term_string"}}],"inLanguage":"es"},{"@type":"Organization","@id":"https:\/\/auren.com\/uy\/#organization","name":"Auren Uruguay","url":"https:\/\/auren.com\/uy\/","logo":{"@type":"ImageObject","inLanguage":"es","@id":"https:\/\/auren.com\/uy\/#\/schema\/logo\/image\/","url":"https:\/\/auren.com\/uy\/wp-content\/uploads\/2025\/01\/cropped-cropped-favicon-Auren.png","contentUrl":"https:\/\/auren.com\/uy\/wp-content\/uploads\/2025\/01\/cropped-cropped-favicon-Auren.png","width":512,"height":512,"caption":"Auren Uruguay"},"image":{"@id":"https:\/\/auren.com\/uy\/#\/schema\/logo\/image\/"},"sameAs":["https:\/\/www.facebook.com\/aurenuruguay","https:\/\/x.com\/AurenUruguay","https:\/\/www.linkedin.com\/company\/auren-uruguay","https:\/\/www.youtube.com\/channel\/UClkpSYFfsAuqdTaVF5whedQ","https:\/\/www.instagram.com\/aurenuruguay\/"]}]}},"_links":{"self":[{"href":"https:\/\/auren.com\/uy\/wp-json\/wp\/v2\/new\/10954","targetHints":{"allow":["GET"]}}],"collection":[{"href":"https:\/\/auren.com\/uy\/wp-json\/wp\/v2\/new"}],"about":[{"href":"https:\/\/auren.com\/uy\/wp-json\/wp\/v2\/types\/new"}],"version-history":[{"count":0,"href":"https:\/\/auren.com\/uy\/wp-json\/wp\/v2\/new\/10954\/revisions"}],"wp:featuredmedia":[{"embeddable":true,"href":"https:\/\/auren.com\/uy\/wp-json\/wp\/v2\/media\/10957"}],"wp:attachment":[{"href":"https:\/\/auren.com\/uy\/wp-json\/wp\/v2\/media?parent=10954"}],"wp:term":[{"taxonomy":"new-category","embeddable":true,"href":"https:\/\/auren.com\/uy\/wp-json\/wp\/v2\/new-category?post=10954"}],"curies":[{"name":"wp","href":"https:\/\/api.w.org\/{rel}","templated":true}]}}