{"id":10964,"date":"2016-09-23T11:42:13","date_gmt":"2016-09-23T09:42:13","guid":{"rendered":"https:\/\/auren.com\/uy\/new\/290-panamenas-tenedoras-de-acciones-es-tambien-el-fin-para-ellas\/"},"modified":"2016-09-23T11:42:13","modified_gmt":"2016-09-23T09:42:13","slug":"290-panamenas-tenedoras-de-acciones-es-tambien-el-fin-para-ellas","status":"publish","type":"new","link":"https:\/\/auren.com\/uy\/noticias\/290-panamenas-tenedoras-de-acciones-es-tambien-el-fin-para-ellas\/","title":{"rendered":"290- \u201cPANAME\u00d1AS\u201d TENEDORAS DE ACCIONES \u2013 \u00bfES TAMBIEN EL FIN PARA ELLAS?"},"content":{"rendered":"<p class=\"has-text-align-justify\">Continuamos con el repaso de las principales modificaciones que propone el Proyecto de ley de Transparencia Fiscal Internacional, el cual surge -tal como se desprende de la exposici\u00f3n de motivos del propio texto del proyecto- a ra\u00edz de la estrategia adoptada por nuestro pa\u00eds de adhesi\u00f3n a las tendencias internacionales en materia de transparencia y cooperaci\u00f3n fiscal con miras al acceso de informaci\u00f3n con fines tributarios, y tambi\u00e9n como forma de no quedar al margen de las corrientes comerciales, financieras y de inversi\u00f3n imprescindibles para el desarrollo del pa\u00eds.<\/p>\n<p class=\"has-text-align-justify\">En esta oportunidad repasaremos a las implicancias que el nuevo r\u00e9gimen tendr\u00e1 en las \u201cpaname\u00f1as\u201d <strong>tenedoras de acciones<\/strong> de sociedades locales.<\/p>\n<p class=\"has-text-align-justify\">En primer lugar es importante tener presente que el tratamiento aplicable a los resultados derivados de la <strong>tenencia<\/strong> y <strong>distribuci\u00f3n de dividendos<\/strong> no se encuentran afectados por el nuevo r\u00e9gimen que se proyecta instrumentar. En efecto, en tanto la tenencia no se encuentra gravada actualmente por impuesto alguno, tampoco lo estar\u00e1n en el futuro. En lo que respecta al giro de dividendos por parte de la sociedad local a su accionista \u201cpaname\u00f1a\u201d, tanto ahora como luego de aprobado el proyecto, continuar\u00e1n estando gravados por IRNR a la tasa del 7%.<\/p>\n<p class=\"has-text-align-justify\">Lo que se encarece con el nuevo r\u00e9gimen en este caso ser\u00e1 la \u201csalida\u201d, es decir la <strong>venta<\/strong> de las acciones de la sociedad local por parte de las \u201cpaname\u00f1as\u201d, as\u00ed como tambi\u00e9n&nbsp; la venta de las acciones de la \u201cpaname\u00f1a\u201d por parte de sus accionistas.<\/p>\n<p class=\"has-text-align-justify has-vivid-red-color has-text-color\" style=\"font-size:25px\"><strong>Venta de acciones de sociedades locales por \u201cpaname\u00f1as\u201d<\/strong><\/p>\n<p class=\"has-text-align-justify has-black-color has-text-color\">&#8211; Actualmente la venta de acciones se gravan por IRNR al <strong>2.4%<\/strong> sobre el precio de venta (resulta de aplicar la tasa del 12% por un ficto del 20%).<\/p>\n<p class=\"has-text-align-justify has-black-color has-text-color\">&#8211; De aprobarse el proyecto se gravar\u00e1n por IRNR pero al <strong>7.5%<\/strong>, el cual resulta de aplicar la nueva tasa del 25% sobre un ficto incrementado al 30%).<\/p>\n<p class=\"has-text-align-justify has-vivid-red-color has-text-color\" style=\"font-size:25px\"><strong>Venta de acciones de \u201cpaname\u00f1as\u201d por parte de sus accionistas<\/strong><\/p>\n<p class=\"has-text-align-justify has-black-color has-text-color\">&#8211; Actualmente estas ventas no se encuentran gravadas por impuesto alguno en nuestro pa\u00eds; al venderse acciones de sociedades del exterior la renta obtenida es de <strong>fuente extranjera<\/strong> y por tanto no gravada por Impuesto a la Renta.<\/p>\n<p class=\"has-text-align-justify has-black-color has-text-color\">&#8211; El proyecto <strong>amplia en estos casos el concepto de fuente uruguaya<\/strong>, incluyendo las rentas derivadas de la venta de acciones de sociedades \u201cpaname\u00f1as\u201d, quedando gravadas por IRNR (12%), IRPF (12%) o IRAE (25%) respectivamente, dependiendo de la nacionalidad y del impuesto del cual sea contribuyente el titular de las acciones. En caso que el titular sea a su vez otra \u201cpaname\u00f1a\u201d, la tasa de IRNR aumenta al 25% (el 12% se mantiene en caso que el titular sea un no residente \u201c<strong>no paname\u00f1a<\/strong>\u201d).<\/p>\n<p class=\"has-text-align-justify\">Debe tenerse en cuenta que esto aplica en caso que la \u201cpaname\u00f1a\u201d <strong>posea activos en nuestro pa\u00eds por m\u00e1s del 50% de su activo total<\/strong>, por lo que la venta de acciones de sociedades cuyo activo se integre mayoritariamente por bienes situados fuera del pa\u00eds continuar\u00e1 siendo de fuente extranjera y por tanto no gravadas.<\/p>\n<p class=\"has-text-align-justify\">En caso de decidir cambiar al accionista recordamos la exoneraci\u00f3n de IRNR prevista desde la fecha de vigencia de la ley y <strong>hasta el 30.06.2017<\/strong>, siempre que el adquirente no sea otra \u201cpaname\u00f1a\u201d, y que se clausure la sociedad en DGI y BPS en un plazo de 30 d\u00edas \u2013las tenedoras de acciones no es necesario inscribirlas por lo que este requerimiento no aplica en estos casos-.<\/p>\n<p class=\"has-text-align-justify\">Parecer\u00eda que la \u201cextinci\u00f3n\u201d de las paname\u00f1as tenedoras de acciones quiz\u00e1s no es tan clara como en el caso de las tenedoras de inmuebles, justificando la modificaci\u00f3n de la titularidad de las acciones en caso que el impuesto a pagar por la eventual venta de las acciones en cabeza del nuevo accionista sea menor al que deber\u00e1 pagar la \u201cpaname\u00f1a\u201d una vez entrada en vigencia la nueva ley. A v\u00eda de ejemplo, si se coloca como&nbsp; titular a una sociedad local, puede ser peor el remedio que la enfermedad, ya que la futura venta estar\u00e1 gravada por IRAE a la tasa del 25% sobre la diferencia entre el precio de venta y de compra (el <strong>original<\/strong> de la \u201cpaname\u00f1a\u201d), y si el precio de venta es alto esto puede ser m\u00e1s gravoso que el IRNR que deber\u00eda pagar la \u201cpaname\u00f1a\u201d.<\/p>\n<p class=\"has-text-align-justify\">Desde el punto de vista fiscal lo menos gravoso y lo m\u00e1s pr\u00e1ctico es que el titular sea una persona f\u00edsica, y teniendo en cuenta que en el a\u00f1o 2018 todas las sociedades deber\u00e1n identificar a sus beneficiarios finales personas f\u00edsicas ante el BCU, parecer\u00eda que esa es una de las mejores opciones a adoptar -claro est\u00e1, siempre que no existan otras razones extra fiscales que justifiquen mantener una estructura diferente-.<\/p>\n<p><!-- AddThis Advanced Settings generic via filter on the_content --><!-- AddThis Share Buttons generic via filter on the_content --><\/p>\n","protected":false},"excerpt":{"rendered":"<p>Continuamos con el repaso de las principales modificaciones que propone el Proyecto de ley de Transparencia Fiscal Internacional, el cual surge -tal como se desprende de la exposici\u00f3n de motivos [&hellip;]<\/p>\n","protected":false},"featured_media":10965,"template":"","meta":{"_acf_changed":false,"footnotes":""},"new-category":[],"class_list":["post-10964","new","type-new","status-publish","has-post-thumbnail","hentry"],"acf":[],"yoast_head":"<!-- This site is optimized with the Yoast SEO plugin v27.4 - https:\/\/yoast.com\/product\/yoast-seo-wordpress\/ -->\n<title>290- \u201cPANAME\u00d1AS\u201d TENEDORAS DE ACCIONES \u2013 \u00bfES TAMBIEN EL FIN PARA ELLAS? - Auren Uruguay<\/title>\n<meta name=\"robots\" content=\"index, follow, max-snippet:-1, max-image-preview:large, max-video-preview:-1\" \/>\n<link rel=\"canonical\" href=\"https:\/\/auren.com\/uy\/noticias\/290-panamenas-tenedoras-de-acciones-es-tambien-el-fin-para-ellas\/\" \/>\n<meta property=\"og:locale\" content=\"es_ES\" \/>\n<meta property=\"og:type\" content=\"article\" \/>\n<meta property=\"og:title\" content=\"290- \u201cPANAME\u00d1AS\u201d TENEDORAS DE ACCIONES \u2013 \u00bfES TAMBIEN EL FIN PARA ELLAS? - Auren Uruguay\" \/>\n<meta property=\"og:description\" content=\"Continuamos con el repaso de las principales modificaciones que propone el Proyecto de ley de Transparencia Fiscal Internacional, el cual surge -tal como se desprende de la exposici\u00f3n de motivos [&hellip;]\" \/>\n<meta property=\"og:url\" content=\"https:\/\/auren.com\/uy\/noticias\/290-panamenas-tenedoras-de-acciones-es-tambien-el-fin-para-ellas\/\" \/>\n<meta property=\"og:site_name\" content=\"Auren Uruguay\" \/>\n<meta property=\"article:publisher\" content=\"https:\/\/www.facebook.com\/aurenuruguay\" \/>\n<meta property=\"og:image\" content=\"https:\/\/auren.com\/uy\/wp-content\/uploads\/2016\/09\/beurskoers-glazen-bol.jpg\" \/>\n\t<meta property=\"og:image:width\" content=\"1200\" \/>\n\t<meta property=\"og:image:height\" content=\"800\" \/>\n\t<meta property=\"og:image:type\" content=\"image\/jpeg\" \/>\n<meta name=\"twitter:card\" content=\"summary_large_image\" \/>\n<meta name=\"twitter:site\" content=\"@AurenUruguay\" \/>\n<meta name=\"twitter:label1\" content=\"Tiempo de lectura\" \/>\n\t<meta name=\"twitter:data1\" content=\"4 minutos\" \/>\n<script type=\"application\/ld+json\" class=\"yoast-schema-graph\">{\"@context\":\"https:\\\/\\\/schema.org\",\"@graph\":[{\"@type\":\"WebPage\",\"@id\":\"https:\\\/\\\/auren.com\\\/uy\\\/noticias\\\/290-panamenas-tenedoras-de-acciones-es-tambien-el-fin-para-ellas\\\/\",\"url\":\"https:\\\/\\\/auren.com\\\/uy\\\/noticias\\\/290-panamenas-tenedoras-de-acciones-es-tambien-el-fin-para-ellas\\\/\",\"name\":\"290- \u201cPANAME\u00d1AS\u201d TENEDORAS DE ACCIONES \u2013 \u00bfES TAMBIEN EL FIN PARA ELLAS? - Auren Uruguay\",\"isPartOf\":{\"@id\":\"https:\\\/\\\/auren.com\\\/uy\\\/#website\"},\"primaryImageOfPage\":{\"@id\":\"https:\\\/\\\/auren.com\\\/uy\\\/noticias\\\/290-panamenas-tenedoras-de-acciones-es-tambien-el-fin-para-ellas\\\/#primaryimage\"},\"image\":{\"@id\":\"https:\\\/\\\/auren.com\\\/uy\\\/noticias\\\/290-panamenas-tenedoras-de-acciones-es-tambien-el-fin-para-ellas\\\/#primaryimage\"},\"thumbnailUrl\":\"https:\\\/\\\/auren.com\\\/uy\\\/wp-content\\\/uploads\\\/2016\\\/09\\\/beurskoers-glazen-bol.jpg\",\"datePublished\":\"2016-09-23T09:42:13+00:00\",\"breadcrumb\":{\"@id\":\"https:\\\/\\\/auren.com\\\/uy\\\/noticias\\\/290-panamenas-tenedoras-de-acciones-es-tambien-el-fin-para-ellas\\\/#breadcrumb\"},\"inLanguage\":\"es\",\"potentialAction\":[{\"@type\":\"ReadAction\",\"target\":[\"https:\\\/\\\/auren.com\\\/uy\\\/noticias\\\/290-panamenas-tenedoras-de-acciones-es-tambien-el-fin-para-ellas\\\/\"]}]},{\"@type\":\"ImageObject\",\"inLanguage\":\"es\",\"@id\":\"https:\\\/\\\/auren.com\\\/uy\\\/noticias\\\/290-panamenas-tenedoras-de-acciones-es-tambien-el-fin-para-ellas\\\/#primaryimage\",\"url\":\"https:\\\/\\\/auren.com\\\/uy\\\/wp-content\\\/uploads\\\/2016\\\/09\\\/beurskoers-glazen-bol.jpg\",\"contentUrl\":\"https:\\\/\\\/auren.com\\\/uy\\\/wp-content\\\/uploads\\\/2016\\\/09\\\/beurskoers-glazen-bol.jpg\",\"width\":1200,\"height\":800},{\"@type\":\"BreadcrumbList\",\"@id\":\"https:\\\/\\\/auren.com\\\/uy\\\/noticias\\\/290-panamenas-tenedoras-de-acciones-es-tambien-el-fin-para-ellas\\\/#breadcrumb\",\"itemListElement\":[{\"@type\":\"ListItem\",\"position\":1,\"name\":\"Portada\",\"item\":\"https:\\\/\\\/auren.com\\\/uy\\\/\"},{\"@type\":\"ListItem\",\"position\":2,\"name\":\"290- \u201cPANAME\u00d1AS\u201d TENEDORAS DE ACCIONES \u2013 \u00bfES TAMBIEN EL FIN PARA ELLAS?\"}]},{\"@type\":\"WebSite\",\"@id\":\"https:\\\/\\\/auren.com\\\/uy\\\/#website\",\"url\":\"https:\\\/\\\/auren.com\\\/uy\\\/\",\"name\":\"Auren Uruguay\",\"description\":\"\",\"publisher\":{\"@id\":\"https:\\\/\\\/auren.com\\\/uy\\\/#organization\"},\"potentialAction\":[{\"@type\":\"SearchAction\",\"target\":{\"@type\":\"EntryPoint\",\"urlTemplate\":\"https:\\\/\\\/auren.com\\\/uy\\\/?s={search_term_string}\"},\"query-input\":{\"@type\":\"PropertyValueSpecification\",\"valueRequired\":true,\"valueName\":\"search_term_string\"}}],\"inLanguage\":\"es\"},{\"@type\":\"Organization\",\"@id\":\"https:\\\/\\\/auren.com\\\/uy\\\/#organization\",\"name\":\"Auren Uruguay\",\"url\":\"https:\\\/\\\/auren.com\\\/uy\\\/\",\"logo\":{\"@type\":\"ImageObject\",\"inLanguage\":\"es\",\"@id\":\"https:\\\/\\\/auren.com\\\/uy\\\/#\\\/schema\\\/logo\\\/image\\\/\",\"url\":\"https:\\\/\\\/auren.com\\\/uy\\\/wp-content\\\/uploads\\\/2025\\\/01\\\/cropped-cropped-favicon-Auren.png\",\"contentUrl\":\"https:\\\/\\\/auren.com\\\/uy\\\/wp-content\\\/uploads\\\/2025\\\/01\\\/cropped-cropped-favicon-Auren.png\",\"width\":512,\"height\":512,\"caption\":\"Auren Uruguay\"},\"image\":{\"@id\":\"https:\\\/\\\/auren.com\\\/uy\\\/#\\\/schema\\\/logo\\\/image\\\/\"},\"sameAs\":[\"https:\\\/\\\/www.facebook.com\\\/aurenuruguay\",\"https:\\\/\\\/x.com\\\/AurenUruguay\",\"https:\\\/\\\/www.linkedin.com\\\/company\\\/auren-uruguay\",\"https:\\\/\\\/www.youtube.com\\\/channel\\\/UClkpSYFfsAuqdTaVF5whedQ\",\"https:\\\/\\\/www.instagram.com\\\/aurenuruguay\\\/\"]}]}<\/script>\n<!-- \/ Yoast SEO plugin. -->","yoast_head_json":{"title":"290- \u201cPANAME\u00d1AS\u201d TENEDORAS DE ACCIONES \u2013 \u00bfES TAMBIEN EL FIN PARA ELLAS? - Auren Uruguay","robots":{"index":"index","follow":"follow","max-snippet":"max-snippet:-1","max-image-preview":"max-image-preview:large","max-video-preview":"max-video-preview:-1"},"canonical":"https:\/\/auren.com\/uy\/noticias\/290-panamenas-tenedoras-de-acciones-es-tambien-el-fin-para-ellas\/","og_locale":"es_ES","og_type":"article","og_title":"290- \u201cPANAME\u00d1AS\u201d TENEDORAS DE ACCIONES \u2013 \u00bfES TAMBIEN EL FIN PARA ELLAS? - Auren Uruguay","og_description":"Continuamos con el repaso de las principales modificaciones que propone el Proyecto de ley de Transparencia Fiscal Internacional, el cual surge -tal como se desprende de la exposici\u00f3n de motivos [&hellip;]","og_url":"https:\/\/auren.com\/uy\/noticias\/290-panamenas-tenedoras-de-acciones-es-tambien-el-fin-para-ellas\/","og_site_name":"Auren Uruguay","article_publisher":"https:\/\/www.facebook.com\/aurenuruguay","og_image":[{"width":1200,"height":800,"url":"https:\/\/auren.com\/uy\/wp-content\/uploads\/2016\/09\/beurskoers-glazen-bol.jpg","type":"image\/jpeg"}],"twitter_card":"summary_large_image","twitter_site":"@AurenUruguay","twitter_misc":{"Tiempo de lectura":"4 minutos"},"schema":{"@context":"https:\/\/schema.org","@graph":[{"@type":"WebPage","@id":"https:\/\/auren.com\/uy\/noticias\/290-panamenas-tenedoras-de-acciones-es-tambien-el-fin-para-ellas\/","url":"https:\/\/auren.com\/uy\/noticias\/290-panamenas-tenedoras-de-acciones-es-tambien-el-fin-para-ellas\/","name":"290- \u201cPANAME\u00d1AS\u201d TENEDORAS DE ACCIONES \u2013 \u00bfES TAMBIEN EL FIN PARA ELLAS? - Auren Uruguay","isPartOf":{"@id":"https:\/\/auren.com\/uy\/#website"},"primaryImageOfPage":{"@id":"https:\/\/auren.com\/uy\/noticias\/290-panamenas-tenedoras-de-acciones-es-tambien-el-fin-para-ellas\/#primaryimage"},"image":{"@id":"https:\/\/auren.com\/uy\/noticias\/290-panamenas-tenedoras-de-acciones-es-tambien-el-fin-para-ellas\/#primaryimage"},"thumbnailUrl":"https:\/\/auren.com\/uy\/wp-content\/uploads\/2016\/09\/beurskoers-glazen-bol.jpg","datePublished":"2016-09-23T09:42:13+00:00","breadcrumb":{"@id":"https:\/\/auren.com\/uy\/noticias\/290-panamenas-tenedoras-de-acciones-es-tambien-el-fin-para-ellas\/#breadcrumb"},"inLanguage":"es","potentialAction":[{"@type":"ReadAction","target":["https:\/\/auren.com\/uy\/noticias\/290-panamenas-tenedoras-de-acciones-es-tambien-el-fin-para-ellas\/"]}]},{"@type":"ImageObject","inLanguage":"es","@id":"https:\/\/auren.com\/uy\/noticias\/290-panamenas-tenedoras-de-acciones-es-tambien-el-fin-para-ellas\/#primaryimage","url":"https:\/\/auren.com\/uy\/wp-content\/uploads\/2016\/09\/beurskoers-glazen-bol.jpg","contentUrl":"https:\/\/auren.com\/uy\/wp-content\/uploads\/2016\/09\/beurskoers-glazen-bol.jpg","width":1200,"height":800},{"@type":"BreadcrumbList","@id":"https:\/\/auren.com\/uy\/noticias\/290-panamenas-tenedoras-de-acciones-es-tambien-el-fin-para-ellas\/#breadcrumb","itemListElement":[{"@type":"ListItem","position":1,"name":"Portada","item":"https:\/\/auren.com\/uy\/"},{"@type":"ListItem","position":2,"name":"290- \u201cPANAME\u00d1AS\u201d TENEDORAS DE ACCIONES \u2013 \u00bfES TAMBIEN EL FIN PARA ELLAS?"}]},{"@type":"WebSite","@id":"https:\/\/auren.com\/uy\/#website","url":"https:\/\/auren.com\/uy\/","name":"Auren Uruguay","description":"","publisher":{"@id":"https:\/\/auren.com\/uy\/#organization"},"potentialAction":[{"@type":"SearchAction","target":{"@type":"EntryPoint","urlTemplate":"https:\/\/auren.com\/uy\/?s={search_term_string}"},"query-input":{"@type":"PropertyValueSpecification","valueRequired":true,"valueName":"search_term_string"}}],"inLanguage":"es"},{"@type":"Organization","@id":"https:\/\/auren.com\/uy\/#organization","name":"Auren Uruguay","url":"https:\/\/auren.com\/uy\/","logo":{"@type":"ImageObject","inLanguage":"es","@id":"https:\/\/auren.com\/uy\/#\/schema\/logo\/image\/","url":"https:\/\/auren.com\/uy\/wp-content\/uploads\/2025\/01\/cropped-cropped-favicon-Auren.png","contentUrl":"https:\/\/auren.com\/uy\/wp-content\/uploads\/2025\/01\/cropped-cropped-favicon-Auren.png","width":512,"height":512,"caption":"Auren Uruguay"},"image":{"@id":"https:\/\/auren.com\/uy\/#\/schema\/logo\/image\/"},"sameAs":["https:\/\/www.facebook.com\/aurenuruguay","https:\/\/x.com\/AurenUruguay","https:\/\/www.linkedin.com\/company\/auren-uruguay","https:\/\/www.youtube.com\/channel\/UClkpSYFfsAuqdTaVF5whedQ","https:\/\/www.instagram.com\/aurenuruguay\/"]}]}},"_links":{"self":[{"href":"https:\/\/auren.com\/uy\/wp-json\/wp\/v2\/new\/10964","targetHints":{"allow":["GET"]}}],"collection":[{"href":"https:\/\/auren.com\/uy\/wp-json\/wp\/v2\/new"}],"about":[{"href":"https:\/\/auren.com\/uy\/wp-json\/wp\/v2\/types\/new"}],"version-history":[{"count":0,"href":"https:\/\/auren.com\/uy\/wp-json\/wp\/v2\/new\/10964\/revisions"}],"wp:featuredmedia":[{"embeddable":true,"href":"https:\/\/auren.com\/uy\/wp-json\/wp\/v2\/media\/10965"}],"wp:attachment":[{"href":"https:\/\/auren.com\/uy\/wp-json\/wp\/v2\/media?parent=10964"}],"wp:term":[{"taxonomy":"new-category","embeddable":true,"href":"https:\/\/auren.com\/uy\/wp-json\/wp\/v2\/new-category?post=10964"}],"curies":[{"name":"wp","href":"https:\/\/api.w.org\/{rel}","templated":true}]}}