{"id":10982,"date":"2016-08-26T13:49:34","date_gmt":"2016-08-26T11:49:34","guid":{"rendered":"https:\/\/auren.com\/uy\/new\/286-proyecto-de-ley-transparencia-fiscal\/"},"modified":"2016-08-26T13:49:34","modified_gmt":"2016-08-26T11:49:34","slug":"286-proyecto-de-ley-transparencia-fiscal","status":"publish","type":"new","link":"https:\/\/auren.com\/uy\/noticias\/286-proyecto-de-ley-transparencia-fiscal\/","title":{"rendered":"286 &#8211; PROYECTO DE LEY &#8211; TRANSPARENCIA FISCAL"},"content":{"rendered":"<p class=\"has-text-align-justify\">Como ya mencionamos en otras ediciones, el pasado 11 de julio el Poder Ejecutivo remiti\u00f3 al Parlamento un proyecto de ley por el cual incorpora a su normativa un conjunto de disposiciones en materia de transparencia e intercambio de informaci\u00f3n con prop\u00f3sitos fiscales as\u00ed como de prevenci\u00f3n de lavado de activos y financiamiento del terrorismo.<\/p>\n<p class=\"has-text-align-justify\">El proyecto de ley contiene cuatro cap\u00edtulos. En ediciones anteriores nos referimos a los cap\u00edtulos 2 y 3; en esta oportunidad analizaremos las implicancias del cap\u00edtulo 1 del referido proyecto.<\/p>\n<p class=\"has-text-align-justify has-vivid-red-color has-text-color\" style=\"font-size:25px\"><strong>Cap\u00edtulo I) Informe autom\u00e1tico de saldos y rentas de origen financiero a la Administraci\u00f3n Tributaria.<\/strong><\/p>\n<p class=\"has-text-align-justify\">El cap\u00edtulo obliga a las entidades financieras residentes en la Rep\u00fablica y sucursales de entidades no residentes situadas en el pa\u00eds, a suministrar anualmente a la DGI informaci\u00f3n relativa a saldos y rentas de las cuentas mantenidas por personas f\u00edsicas, jur\u00eddicas u otras entidades con residencia fiscal en la Rep\u00fablica o en otro pa\u00eds o jurisdicci\u00f3n.<\/p>\n<p class=\"has-text-align-justify\">Cuando la titularidad de las cuentas a ser informadas recaiga sobre sujetos sean considerados de alto riesgo en materia de evasi\u00f3n fiscal, se deber\u00e1 informar tambi\u00e9n el beneficiario final de las mismas.<\/p>\n<p class=\"has-text-align-justify\">Con posterioridad al 1\u00ba de enero de 2017, solo podr\u00e1n abrirse nuevas cuentas que hayan cumplido previamente con dicho requisito.<\/p>\n<p class=\"has-text-align-justify\">El proyecto faculta al Poder Ejecutivo a excluir de la obligaci\u00f3n de ser informadas cuentas que resulten de bajo riesgo fiscal en atenci\u00f3n a su naturaleza y monto.<\/p>\n<p class=\"has-text-align-justify\">La informaci\u00f3n requerida podr\u00e1 ser utilizada por la DGI para el cumplimiento de sus cometidos y para el intercambio de informaci\u00f3n en forma autom\u00e1tica y bilateral con aquellos pa\u00edses con los cuales Uruguay mantenga acuerdos o convenios internacionales.<\/p>\n<p class=\"has-text-align-justify\">Este cap\u00edtulo se enmarca en dos niveles: en cumplimiento a los compromisos asumidos por nuestro pa\u00eds con relaci\u00f3n a los est\u00e1ndares internacionales en materia de transparencia e intercambio de informaci\u00f3n y en segundo lugar, dotando a la Administraci\u00f3n Tributaria de informaci\u00f3n que le permita gestionar de manera eficaz el sistema tributario nacional.<\/p>\n<p class=\"has-text-align-justify\">Este proyecto de ley, en caso de ser aprobado entrar\u00eda en vigencia el 1\u00ba de enero de 2017.<\/p>\n<p class=\"has-text-align-justify has-vivid-red-color has-text-color\" style=\"font-size:25px\"><strong>Conclusiones<\/strong><\/p>\n<p class=\"has-text-align-justify\">Las nuevas disposiciones requieren del <em>levantamiento del secreto bancario<\/em> para poder materializarse. Es dif\u00edcil de predecir el impacto que este cambio podr\u00eda tener sobre las inversiones y dep\u00f3sitos en la plaza financiera local pero es indudable que dada la situaci\u00f3n del mundo actual, es un camino por el que hay que transitar.<\/p>\n<p class=\"has-text-align-justify\">Por otra parte la DGI, y a trav\u00e9s de esta las administraciones fiscales con las que Uruguay tenga convenio, tendr\u00e1n mayor informaci\u00f3n sobre la situaci\u00f3n patrimonial y financiera de personas f\u00edsicas y jur\u00eddicas, que le permitir\u00e1n aumentar los controles del cumplimiento de sus obligaciones fiscales.<\/p>\n<p class=\"has-text-align-justify\">Por ejemplo, los residentes Argentinos que tengan dep\u00f3sitos bancarios en Uruguay, si no los ten\u00edan declarados en Argentina, tendr\u00e1n que optar en adherirse al blanqueo propuesto por dicho pa\u00eds o trasladar los dep\u00f3sitos a un pa\u00eds con el que Argentina no intercambie informaci\u00f3n.<\/p>\n<p class=\"has-text-align-justify\">Por \u00faltimo, del acceso a la informaci\u00f3n mencionada e intercambio con otros pa\u00edses, Uruguay obtendr\u00e1 los beneficios de la transparencia y prevenci\u00f3n del lavado de activos y financiamiento del terrorismo; mejorando su imagen frente a los organismos internacionales.<\/p>\n<p><!-- AddThis Advanced Settings generic via filter on the_content --><!-- AddThis Share Buttons generic via filter on the_content --><\/p>\n","protected":false},"excerpt":{"rendered":"<p>Por la Cra. Fernanda Gastelumendi<\/p>\n","protected":false},"featured_media":10985,"template":"","meta":{"_acf_changed":false,"footnotes":""},"new-category":[],"class_list":["post-10982","new","type-new","status-publish","has-post-thumbnail","hentry"],"acf":[],"yoast_head":"<!-- This site is optimized with the Yoast SEO plugin v27.4 - https:\/\/yoast.com\/product\/yoast-seo-wordpress\/ -->\n<title>286 - PROYECTO DE LEY - TRANSPARENCIA FISCAL - Auren Uruguay<\/title>\n<meta name=\"robots\" content=\"index, follow, max-snippet:-1, max-image-preview:large, max-video-preview:-1\" \/>\n<link rel=\"canonical\" href=\"https:\/\/auren.com\/uy\/noticias\/286-proyecto-de-ley-transparencia-fiscal\/\" \/>\n<meta property=\"og:locale\" content=\"es_ES\" \/>\n<meta property=\"og:type\" content=\"article\" \/>\n<meta property=\"og:title\" content=\"286 - PROYECTO DE LEY - TRANSPARENCIA FISCAL - Auren Uruguay\" \/>\n<meta property=\"og:description\" content=\"Por la Cra. Fernanda Gastelumendi\" \/>\n<meta property=\"og:url\" content=\"https:\/\/auren.com\/uy\/noticias\/286-proyecto-de-ley-transparencia-fiscal\/\" \/>\n<meta property=\"og:site_name\" content=\"Auren Uruguay\" \/>\n<meta property=\"article:publisher\" content=\"https:\/\/www.facebook.com\/aurenuruguay\" \/>\n<meta property=\"og:image\" content=\"https:\/\/auren.com\/uy\/wp-content\/uploads\/2016\/08\/shutterstock_263495984-1-scaled-1.jpg\" \/>\n\t<meta property=\"og:image:width\" content=\"2560\" \/>\n\t<meta property=\"og:image:height\" content=\"1707\" \/>\n\t<meta property=\"og:image:type\" content=\"image\/jpeg\" \/>\n<meta name=\"twitter:card\" content=\"summary_large_image\" \/>\n<meta name=\"twitter:site\" content=\"@AurenUruguay\" \/>\n<meta name=\"twitter:label1\" content=\"Tiempo de lectura\" \/>\n\t<meta name=\"twitter:data1\" content=\"3 minutos\" \/>\n<script type=\"application\/ld+json\" class=\"yoast-schema-graph\">{\"@context\":\"https:\\\/\\\/schema.org\",\"@graph\":[{\"@type\":\"WebPage\",\"@id\":\"https:\\\/\\\/auren.com\\\/uy\\\/noticias\\\/286-proyecto-de-ley-transparencia-fiscal\\\/\",\"url\":\"https:\\\/\\\/auren.com\\\/uy\\\/noticias\\\/286-proyecto-de-ley-transparencia-fiscal\\\/\",\"name\":\"286 - PROYECTO DE LEY - TRANSPARENCIA FISCAL - Auren Uruguay\",\"isPartOf\":{\"@id\":\"https:\\\/\\\/auren.com\\\/uy\\\/#website\"},\"primaryImageOfPage\":{\"@id\":\"https:\\\/\\\/auren.com\\\/uy\\\/noticias\\\/286-proyecto-de-ley-transparencia-fiscal\\\/#primaryimage\"},\"image\":{\"@id\":\"https:\\\/\\\/auren.com\\\/uy\\\/noticias\\\/286-proyecto-de-ley-transparencia-fiscal\\\/#primaryimage\"},\"thumbnailUrl\":\"https:\\\/\\\/auren.com\\\/uy\\\/wp-content\\\/uploads\\\/2016\\\/08\\\/shutterstock_263495984-1-scaled-1.jpg\",\"datePublished\":\"2016-08-26T11:49:34+00:00\",\"breadcrumb\":{\"@id\":\"https:\\\/\\\/auren.com\\\/uy\\\/noticias\\\/286-proyecto-de-ley-transparencia-fiscal\\\/#breadcrumb\"},\"inLanguage\":\"es\",\"potentialAction\":[{\"@type\":\"ReadAction\",\"target\":[\"https:\\\/\\\/auren.com\\\/uy\\\/noticias\\\/286-proyecto-de-ley-transparencia-fiscal\\\/\"]}]},{\"@type\":\"ImageObject\",\"inLanguage\":\"es\",\"@id\":\"https:\\\/\\\/auren.com\\\/uy\\\/noticias\\\/286-proyecto-de-ley-transparencia-fiscal\\\/#primaryimage\",\"url\":\"https:\\\/\\\/auren.com\\\/uy\\\/wp-content\\\/uploads\\\/2016\\\/08\\\/shutterstock_263495984-1-scaled-1.jpg\",\"contentUrl\":\"https:\\\/\\\/auren.com\\\/uy\\\/wp-content\\\/uploads\\\/2016\\\/08\\\/shutterstock_263495984-1-scaled-1.jpg\",\"width\":2560,\"height\":1707},{\"@type\":\"BreadcrumbList\",\"@id\":\"https:\\\/\\\/auren.com\\\/uy\\\/noticias\\\/286-proyecto-de-ley-transparencia-fiscal\\\/#breadcrumb\",\"itemListElement\":[{\"@type\":\"ListItem\",\"position\":1,\"name\":\"Portada\",\"item\":\"https:\\\/\\\/auren.com\\\/uy\\\/\"},{\"@type\":\"ListItem\",\"position\":2,\"name\":\"286 &#8211; PROYECTO DE LEY &#8211; TRANSPARENCIA FISCAL\"}]},{\"@type\":\"WebSite\",\"@id\":\"https:\\\/\\\/auren.com\\\/uy\\\/#website\",\"url\":\"https:\\\/\\\/auren.com\\\/uy\\\/\",\"name\":\"Auren Uruguay\",\"description\":\"\",\"publisher\":{\"@id\":\"https:\\\/\\\/auren.com\\\/uy\\\/#organization\"},\"potentialAction\":[{\"@type\":\"SearchAction\",\"target\":{\"@type\":\"EntryPoint\",\"urlTemplate\":\"https:\\\/\\\/auren.com\\\/uy\\\/?s={search_term_string}\"},\"query-input\":{\"@type\":\"PropertyValueSpecification\",\"valueRequired\":true,\"valueName\":\"search_term_string\"}}],\"inLanguage\":\"es\"},{\"@type\":\"Organization\",\"@id\":\"https:\\\/\\\/auren.com\\\/uy\\\/#organization\",\"name\":\"Auren Uruguay\",\"url\":\"https:\\\/\\\/auren.com\\\/uy\\\/\",\"logo\":{\"@type\":\"ImageObject\",\"inLanguage\":\"es\",\"@id\":\"https:\\\/\\\/auren.com\\\/uy\\\/#\\\/schema\\\/logo\\\/image\\\/\",\"url\":\"https:\\\/\\\/auren.com\\\/uy\\\/wp-content\\\/uploads\\\/2025\\\/01\\\/cropped-cropped-favicon-Auren.png\",\"contentUrl\":\"https:\\\/\\\/auren.com\\\/uy\\\/wp-content\\\/uploads\\\/2025\\\/01\\\/cropped-cropped-favicon-Auren.png\",\"width\":512,\"height\":512,\"caption\":\"Auren Uruguay\"},\"image\":{\"@id\":\"https:\\\/\\\/auren.com\\\/uy\\\/#\\\/schema\\\/logo\\\/image\\\/\"},\"sameAs\":[\"https:\\\/\\\/www.facebook.com\\\/aurenuruguay\",\"https:\\\/\\\/x.com\\\/AurenUruguay\",\"https:\\\/\\\/www.linkedin.com\\\/company\\\/auren-uruguay\",\"https:\\\/\\\/www.youtube.com\\\/channel\\\/UClkpSYFfsAuqdTaVF5whedQ\",\"https:\\\/\\\/www.instagram.com\\\/aurenuruguay\\\/\"]}]}<\/script>\n<!-- \/ Yoast SEO plugin. -->","yoast_head_json":{"title":"286 - PROYECTO DE LEY - TRANSPARENCIA FISCAL - Auren Uruguay","robots":{"index":"index","follow":"follow","max-snippet":"max-snippet:-1","max-image-preview":"max-image-preview:large","max-video-preview":"max-video-preview:-1"},"canonical":"https:\/\/auren.com\/uy\/noticias\/286-proyecto-de-ley-transparencia-fiscal\/","og_locale":"es_ES","og_type":"article","og_title":"286 - PROYECTO DE LEY - TRANSPARENCIA FISCAL - Auren Uruguay","og_description":"Por la Cra. Fernanda Gastelumendi","og_url":"https:\/\/auren.com\/uy\/noticias\/286-proyecto-de-ley-transparencia-fiscal\/","og_site_name":"Auren Uruguay","article_publisher":"https:\/\/www.facebook.com\/aurenuruguay","og_image":[{"width":2560,"height":1707,"url":"https:\/\/auren.com\/uy\/wp-content\/uploads\/2016\/08\/shutterstock_263495984-1-scaled-1.jpg","type":"image\/jpeg"}],"twitter_card":"summary_large_image","twitter_site":"@AurenUruguay","twitter_misc":{"Tiempo de lectura":"3 minutos"},"schema":{"@context":"https:\/\/schema.org","@graph":[{"@type":"WebPage","@id":"https:\/\/auren.com\/uy\/noticias\/286-proyecto-de-ley-transparencia-fiscal\/","url":"https:\/\/auren.com\/uy\/noticias\/286-proyecto-de-ley-transparencia-fiscal\/","name":"286 - PROYECTO DE LEY - TRANSPARENCIA FISCAL - Auren Uruguay","isPartOf":{"@id":"https:\/\/auren.com\/uy\/#website"},"primaryImageOfPage":{"@id":"https:\/\/auren.com\/uy\/noticias\/286-proyecto-de-ley-transparencia-fiscal\/#primaryimage"},"image":{"@id":"https:\/\/auren.com\/uy\/noticias\/286-proyecto-de-ley-transparencia-fiscal\/#primaryimage"},"thumbnailUrl":"https:\/\/auren.com\/uy\/wp-content\/uploads\/2016\/08\/shutterstock_263495984-1-scaled-1.jpg","datePublished":"2016-08-26T11:49:34+00:00","breadcrumb":{"@id":"https:\/\/auren.com\/uy\/noticias\/286-proyecto-de-ley-transparencia-fiscal\/#breadcrumb"},"inLanguage":"es","potentialAction":[{"@type":"ReadAction","target":["https:\/\/auren.com\/uy\/noticias\/286-proyecto-de-ley-transparencia-fiscal\/"]}]},{"@type":"ImageObject","inLanguage":"es","@id":"https:\/\/auren.com\/uy\/noticias\/286-proyecto-de-ley-transparencia-fiscal\/#primaryimage","url":"https:\/\/auren.com\/uy\/wp-content\/uploads\/2016\/08\/shutterstock_263495984-1-scaled-1.jpg","contentUrl":"https:\/\/auren.com\/uy\/wp-content\/uploads\/2016\/08\/shutterstock_263495984-1-scaled-1.jpg","width":2560,"height":1707},{"@type":"BreadcrumbList","@id":"https:\/\/auren.com\/uy\/noticias\/286-proyecto-de-ley-transparencia-fiscal\/#breadcrumb","itemListElement":[{"@type":"ListItem","position":1,"name":"Portada","item":"https:\/\/auren.com\/uy\/"},{"@type":"ListItem","position":2,"name":"286 &#8211; PROYECTO DE LEY &#8211; TRANSPARENCIA FISCAL"}]},{"@type":"WebSite","@id":"https:\/\/auren.com\/uy\/#website","url":"https:\/\/auren.com\/uy\/","name":"Auren Uruguay","description":"","publisher":{"@id":"https:\/\/auren.com\/uy\/#organization"},"potentialAction":[{"@type":"SearchAction","target":{"@type":"EntryPoint","urlTemplate":"https:\/\/auren.com\/uy\/?s={search_term_string}"},"query-input":{"@type":"PropertyValueSpecification","valueRequired":true,"valueName":"search_term_string"}}],"inLanguage":"es"},{"@type":"Organization","@id":"https:\/\/auren.com\/uy\/#organization","name":"Auren Uruguay","url":"https:\/\/auren.com\/uy\/","logo":{"@type":"ImageObject","inLanguage":"es","@id":"https:\/\/auren.com\/uy\/#\/schema\/logo\/image\/","url":"https:\/\/auren.com\/uy\/wp-content\/uploads\/2025\/01\/cropped-cropped-favicon-Auren.png","contentUrl":"https:\/\/auren.com\/uy\/wp-content\/uploads\/2025\/01\/cropped-cropped-favicon-Auren.png","width":512,"height":512,"caption":"Auren Uruguay"},"image":{"@id":"https:\/\/auren.com\/uy\/#\/schema\/logo\/image\/"},"sameAs":["https:\/\/www.facebook.com\/aurenuruguay","https:\/\/x.com\/AurenUruguay","https:\/\/www.linkedin.com\/company\/auren-uruguay","https:\/\/www.youtube.com\/channel\/UClkpSYFfsAuqdTaVF5whedQ","https:\/\/www.instagram.com\/aurenuruguay\/"]}]}},"_links":{"self":[{"href":"https:\/\/auren.com\/uy\/wp-json\/wp\/v2\/new\/10982","targetHints":{"allow":["GET"]}}],"collection":[{"href":"https:\/\/auren.com\/uy\/wp-json\/wp\/v2\/new"}],"about":[{"href":"https:\/\/auren.com\/uy\/wp-json\/wp\/v2\/types\/new"}],"version-history":[{"count":0,"href":"https:\/\/auren.com\/uy\/wp-json\/wp\/v2\/new\/10982\/revisions"}],"wp:featuredmedia":[{"embeddable":true,"href":"https:\/\/auren.com\/uy\/wp-json\/wp\/v2\/media\/10985"}],"wp:attachment":[{"href":"https:\/\/auren.com\/uy\/wp-json\/wp\/v2\/media?parent=10982"}],"wp:term":[{"taxonomy":"new-category","embeddable":true,"href":"https:\/\/auren.com\/uy\/wp-json\/wp\/v2\/new-category?post=10982"}],"curies":[{"name":"wp","href":"https:\/\/api.w.org\/{rel}","templated":true}]}}