{"id":10987,"date":"2016-08-19T15:43:19","date_gmt":"2016-08-19T13:43:19","guid":{"rendered":"https:\/\/auren.com\/uy\/new\/285-distribucion-de-dividendos-la-creacion-de-un-hecho-generador-ficto\/"},"modified":"2016-08-19T15:43:19","modified_gmt":"2016-08-19T13:43:19","slug":"285-distribucion-de-dividendos-la-creacion-de-un-hecho-generador-ficto","status":"publish","type":"new","link":"https:\/\/auren.com\/uy\/noticias\/285-distribucion-de-dividendos-la-creacion-de-un-hecho-generador-ficto\/","title":{"rendered":"285 &#8211; DISTRIBUCI\u00d3N DE DIVIDENDOS: LA CREACI\u00d3N DE UN HECHO GENERADOR FICTO"},"content":{"rendered":"<p class=\"has-text-align-justify\">En esta ocasi\u00f3n nos referiremos en particular a una de las disposiciones contenidas en el Proyecto de Ley de Rendici\u00f3n de Cuentas que entendemos no ha tenido la debida repercusi\u00f3n p\u00fablica que por su impacto se merece: <strong><em>el gravamen por IRPF o IRNR sobre<\/em><\/strong> <strong><em>dividendos y utilidades fictas<\/em><\/strong>.<\/p>\n<p class=\"has-text-align-justify\">En grandes l\u00edneas, el c\u00e1lculo a realizar para determinar si hay que pagar consiste en determinar el menor entre los siguientes montos (ejemplo cierre ejercicio 12\/16):<\/p>\n<p class=\"has-text-align-justify\">a)Resultados acumulados al 31.12.16 (se incluyen reservas y capitalizaciones de resultados acumulados realizadas desde 1.1.16)<\/p>\n<p class=\"has-text-align-justify\">b)Resultados fiscales desde el primero con rentas gravadas por IRAE menos inversiones en activo fijo, menos inversiones en acciones, menos distribuciones gravadas.<\/p>\n<p class=\"has-text-align-justify\">Si ambas cifras son positivas, sobre la menor de ambas y al tercer mes de cerrado el ejercicio deber\u00e1 pagarse el 7% por concepto de IRPF o IRNR en concepto de \u201c<strong>distribuci\u00f3n ficta<\/strong>\u201d. S\u00ed, a\u00fan cuando el dinero no se haya distribuido ni se piense hacer en el corto plazo, habr\u00e1 que pagar el impuesto.<\/p>\n<p class=\"has-text-align-justify\">Recordemos que en el a\u00f1o 2007 uno de los grandes cambios de la Reforma Tributaria fue la rebaja en la tasa del Impuesto a la Renta del 30% al 25%, gravando posteriormente el retiro del dinero por parte de socios o accionistas a la tasa del 7%, como forma de \u201cincentivar\u201d que las ganancias obtenidas queden dentro del \u00e1mbito empresarial. Y muchos hicieron uso de esta opci\u00f3n, reteniendo las ganancias en la empresa e invirti\u00e9ndolas en capital de giro (pero esto no resta para el c\u00e1lculo), o dej\u00e1ndolas como forma de poder conservar puestos de trabajo, hacer frente a eventuales subas en los costos, etc. Estas personas ahora tienen que pagar un 7% por una distribuci\u00f3n que realmente no existi\u00f3 y quiz\u00e1s no exista en el futuro. En efecto, este no es de ninguna manera un impuesto que de todas formas \u201cen alg\u00fan momento\u201d deber\u00eda pagarse, ya que el monto de los resultados futuros de una empresa es tan incierto como lo es la econom\u00eda de un pa\u00eds. Quiz\u00e1s al momento de decidir distribuir sus dividendos en el largo plazo o disolver la empresa, gran parte de sus resultados acumulados ya se hubieran consumido, ya sea por una baja en sus ventas, aumento de costos y un sinf\u00edn de motivos m\u00e1s que explican la raz\u00f3n por la cual muchas empresas de nuestro pa\u00eds no son lo suficientemente rentables como quisieran.<\/p>\n<p class=\"has-text-align-justify\">Los trascendidos indican que el nuevo hecho generador ficto obedece a la constataci\u00f3n que desde su vigencia un porcentaje muy peque\u00f1o de contribuyentes ha pagado el 7%, optando entonces por crear una norma gen\u00e9rica, sin distinguir entre quienes realmente ganaron y retiraron el dinero de la empresa bajo la forma de pr\u00e9stamos, y aquellos que realmente <strong>no lo retiraron<\/strong>.<\/p>\n<p class=\"has-text-align-justify\">Recordemos que el retiro del dinero bajo la forma de pr\u00e9stamo al socio o accionista es totalmente v\u00e1lido con las normas actuales y paga IP a la tasa del 1.5% anual e IRAE por los intereses fictos, pero a\u00fan as\u00ed, y siendo conscientes que a estas empresas esta disposici\u00f3n podr\u00eda afectarlas, entendemos que una alternativa mucho menos distorsiva de la realidad podr\u00eda haber sido determinar que se entiende por \u201cdistribuciones fictas\u201d los montos adeudados por socios y accionistas a las empresas de las cuales son titulares, aplicando sobre dichos saldos el gravamen del 7%.<\/p>\n<p class=\"has-text-align-justify\">Pero sin embargo se opta por esta soluci\u00f3n que sin entrar en el debate sobre su retroactividad o inconstitucionalidad, lo que s\u00ed no hay lugar a dudas es que para las empresas que no retiraron el dinero esta es una disposici\u00f3n dif\u00edcil de calificar (la palabra injusta parecer\u00eda que no alcanza).<\/p>\n<p class=\"has-text-align-justify\">El Proyecto ya cuenta con la aprobaci\u00f3n de diputados y se encuentra a votaci\u00f3n en la C\u00e1mara de Senadores, centr\u00e1ndose aparentemente ahora la discusi\u00f3n en el tema de las donaciones a las Universidades privadas \u2013atr\u00e1s qued\u00f3 la discusi\u00f3n por la suba de tasas del IRPF con toda la debida repercusi\u00f3n que tuvo oportunamente-. Ambos temas sin duda que de suma importancia, pero la interrogante que queda planteada es si \u00bfse est\u00e1 a tiempo de discutir y flexibilizar tambi\u00e9n esta disposici\u00f3n, de forma que no afecte en forma tan dr\u00e1stica a quienes han optado por hacer caso a lo que se quiso promover en el 2007 y no retirar el dinero de la empresa? Somos optimistas en que a\u00fan hay tiempo para modificaciones, ya que la exclusi\u00f3n del nuevo r\u00e9gimen de distribuci\u00f3n ficta a quienes realmente retuvieron las ganancias en el \u00e1mbito empresarial, aparece a todas luces mucho m\u00e1s justo y adaptado a la realidad, sin que se afecte adem\u00e1s la imagen de pa\u00eds estable y seguro para la inversi\u00f3n del que tan orgullosos nos sentimos.<\/p>\n<\/p>\n<p><!-- AddThis Advanced Settings generic via filter on the_content --><!-- AddThis Share Buttons generic via filter on the_content --><\/p>\n","protected":false},"excerpt":{"rendered":"<p>Por la Cra. Alexandra Weisz<\/p>\n","protected":false},"featured_media":10990,"template":"","meta":{"_acf_changed":false,"footnotes":""},"new-category":[],"class_list":["post-10987","new","type-new","status-publish","has-post-thumbnail","hentry"],"acf":[],"yoast_head":"<!-- This site is optimized with the Yoast SEO plugin v27.4 - https:\/\/yoast.com\/product\/yoast-seo-wordpress\/ -->\n<title>285 - DISTRIBUCI\u00d3N DE DIVIDENDOS: LA CREACI\u00d3N DE UN HECHO GENERADOR FICTO - Auren Uruguay<\/title>\n<meta name=\"robots\" content=\"index, follow, max-snippet:-1, max-image-preview:large, max-video-preview:-1\" \/>\n<link rel=\"canonical\" href=\"https:\/\/auren.com\/uy\/noticias\/285-distribucion-de-dividendos-la-creacion-de-un-hecho-generador-ficto\/\" \/>\n<meta property=\"og:locale\" content=\"es_ES\" \/>\n<meta property=\"og:type\" content=\"article\" \/>\n<meta property=\"og:title\" content=\"285 - DISTRIBUCI\u00d3N DE DIVIDENDOS: LA CREACI\u00d3N DE UN HECHO GENERADOR FICTO - Auren Uruguay\" \/>\n<meta property=\"og:description\" content=\"Por la Cra. Alexandra Weisz\" \/>\n<meta property=\"og:url\" content=\"https:\/\/auren.com\/uy\/noticias\/285-distribucion-de-dividendos-la-creacion-de-un-hecho-generador-ficto\/\" \/>\n<meta property=\"og:site_name\" content=\"Auren Uruguay\" \/>\n<meta property=\"article:publisher\" content=\"https:\/\/www.facebook.com\/aurenuruguay\" \/>\n<meta property=\"og:image\" content=\"https:\/\/auren.com\/uy\/wp-content\/uploads\/2016\/08\/HANDS-11.jpg\" \/>\n\t<meta property=\"og:image:width\" content=\"2048\" \/>\n\t<meta property=\"og:image:height\" content=\"1365\" \/>\n\t<meta property=\"og:image:type\" content=\"image\/jpeg\" \/>\n<meta name=\"twitter:card\" content=\"summary_large_image\" \/>\n<meta name=\"twitter:site\" content=\"@AurenUruguay\" \/>\n<meta name=\"twitter:label1\" content=\"Tiempo de lectura\" \/>\n\t<meta name=\"twitter:data1\" content=\"4 minutos\" \/>\n<script type=\"application\/ld+json\" class=\"yoast-schema-graph\">{\"@context\":\"https:\\\/\\\/schema.org\",\"@graph\":[{\"@type\":\"WebPage\",\"@id\":\"https:\\\/\\\/auren.com\\\/uy\\\/noticias\\\/285-distribucion-de-dividendos-la-creacion-de-un-hecho-generador-ficto\\\/\",\"url\":\"https:\\\/\\\/auren.com\\\/uy\\\/noticias\\\/285-distribucion-de-dividendos-la-creacion-de-un-hecho-generador-ficto\\\/\",\"name\":\"285 - DISTRIBUCI\u00d3N DE DIVIDENDOS: LA CREACI\u00d3N DE UN HECHO GENERADOR FICTO - Auren Uruguay\",\"isPartOf\":{\"@id\":\"https:\\\/\\\/auren.com\\\/uy\\\/#website\"},\"primaryImageOfPage\":{\"@id\":\"https:\\\/\\\/auren.com\\\/uy\\\/noticias\\\/285-distribucion-de-dividendos-la-creacion-de-un-hecho-generador-ficto\\\/#primaryimage\"},\"image\":{\"@id\":\"https:\\\/\\\/auren.com\\\/uy\\\/noticias\\\/285-distribucion-de-dividendos-la-creacion-de-un-hecho-generador-ficto\\\/#primaryimage\"},\"thumbnailUrl\":\"https:\\\/\\\/auren.com\\\/uy\\\/wp-content\\\/uploads\\\/2016\\\/08\\\/HANDS-11.jpg\",\"datePublished\":\"2016-08-19T13:43:19+00:00\",\"breadcrumb\":{\"@id\":\"https:\\\/\\\/auren.com\\\/uy\\\/noticias\\\/285-distribucion-de-dividendos-la-creacion-de-un-hecho-generador-ficto\\\/#breadcrumb\"},\"inLanguage\":\"es\",\"potentialAction\":[{\"@type\":\"ReadAction\",\"target\":[\"https:\\\/\\\/auren.com\\\/uy\\\/noticias\\\/285-distribucion-de-dividendos-la-creacion-de-un-hecho-generador-ficto\\\/\"]}]},{\"@type\":\"ImageObject\",\"inLanguage\":\"es\",\"@id\":\"https:\\\/\\\/auren.com\\\/uy\\\/noticias\\\/285-distribucion-de-dividendos-la-creacion-de-un-hecho-generador-ficto\\\/#primaryimage\",\"url\":\"https:\\\/\\\/auren.com\\\/uy\\\/wp-content\\\/uploads\\\/2016\\\/08\\\/HANDS-11.jpg\",\"contentUrl\":\"https:\\\/\\\/auren.com\\\/uy\\\/wp-content\\\/uploads\\\/2016\\\/08\\\/HANDS-11.jpg\",\"width\":2048,\"height\":1365},{\"@type\":\"BreadcrumbList\",\"@id\":\"https:\\\/\\\/auren.com\\\/uy\\\/noticias\\\/285-distribucion-de-dividendos-la-creacion-de-un-hecho-generador-ficto\\\/#breadcrumb\",\"itemListElement\":[{\"@type\":\"ListItem\",\"position\":1,\"name\":\"Portada\",\"item\":\"https:\\\/\\\/auren.com\\\/uy\\\/\"},{\"@type\":\"ListItem\",\"position\":2,\"name\":\"285 &#8211; DISTRIBUCI\u00d3N DE DIVIDENDOS: LA CREACI\u00d3N DE UN HECHO GENERADOR FICTO\"}]},{\"@type\":\"WebSite\",\"@id\":\"https:\\\/\\\/auren.com\\\/uy\\\/#website\",\"url\":\"https:\\\/\\\/auren.com\\\/uy\\\/\",\"name\":\"Auren Uruguay\",\"description\":\"\",\"publisher\":{\"@id\":\"https:\\\/\\\/auren.com\\\/uy\\\/#organization\"},\"potentialAction\":[{\"@type\":\"SearchAction\",\"target\":{\"@type\":\"EntryPoint\",\"urlTemplate\":\"https:\\\/\\\/auren.com\\\/uy\\\/?s={search_term_string}\"},\"query-input\":{\"@type\":\"PropertyValueSpecification\",\"valueRequired\":true,\"valueName\":\"search_term_string\"}}],\"inLanguage\":\"es\"},{\"@type\":\"Organization\",\"@id\":\"https:\\\/\\\/auren.com\\\/uy\\\/#organization\",\"name\":\"Auren Uruguay\",\"url\":\"https:\\\/\\\/auren.com\\\/uy\\\/\",\"logo\":{\"@type\":\"ImageObject\",\"inLanguage\":\"es\",\"@id\":\"https:\\\/\\\/auren.com\\\/uy\\\/#\\\/schema\\\/logo\\\/image\\\/\",\"url\":\"https:\\\/\\\/auren.com\\\/uy\\\/wp-content\\\/uploads\\\/2025\\\/01\\\/cropped-cropped-favicon-Auren.png\",\"contentUrl\":\"https:\\\/\\\/auren.com\\\/uy\\\/wp-content\\\/uploads\\\/2025\\\/01\\\/cropped-cropped-favicon-Auren.png\",\"width\":512,\"height\":512,\"caption\":\"Auren Uruguay\"},\"image\":{\"@id\":\"https:\\\/\\\/auren.com\\\/uy\\\/#\\\/schema\\\/logo\\\/image\\\/\"},\"sameAs\":[\"https:\\\/\\\/www.facebook.com\\\/aurenuruguay\",\"https:\\\/\\\/x.com\\\/AurenUruguay\",\"https:\\\/\\\/www.linkedin.com\\\/company\\\/auren-uruguay\",\"https:\\\/\\\/www.youtube.com\\\/channel\\\/UClkpSYFfsAuqdTaVF5whedQ\",\"https:\\\/\\\/www.instagram.com\\\/aurenuruguay\\\/\"]}]}<\/script>\n<!-- \/ Yoast SEO plugin. -->","yoast_head_json":{"title":"285 - DISTRIBUCI\u00d3N DE DIVIDENDOS: LA CREACI\u00d3N DE UN HECHO GENERADOR FICTO - Auren Uruguay","robots":{"index":"index","follow":"follow","max-snippet":"max-snippet:-1","max-image-preview":"max-image-preview:large","max-video-preview":"max-video-preview:-1"},"canonical":"https:\/\/auren.com\/uy\/noticias\/285-distribucion-de-dividendos-la-creacion-de-un-hecho-generador-ficto\/","og_locale":"es_ES","og_type":"article","og_title":"285 - DISTRIBUCI\u00d3N DE DIVIDENDOS: LA CREACI\u00d3N DE UN HECHO GENERADOR FICTO - Auren Uruguay","og_description":"Por la Cra. Alexandra Weisz","og_url":"https:\/\/auren.com\/uy\/noticias\/285-distribucion-de-dividendos-la-creacion-de-un-hecho-generador-ficto\/","og_site_name":"Auren Uruguay","article_publisher":"https:\/\/www.facebook.com\/aurenuruguay","og_image":[{"width":2048,"height":1365,"url":"https:\/\/auren.com\/uy\/wp-content\/uploads\/2016\/08\/HANDS-11.jpg","type":"image\/jpeg"}],"twitter_card":"summary_large_image","twitter_site":"@AurenUruguay","twitter_misc":{"Tiempo de lectura":"4 minutos"},"schema":{"@context":"https:\/\/schema.org","@graph":[{"@type":"WebPage","@id":"https:\/\/auren.com\/uy\/noticias\/285-distribucion-de-dividendos-la-creacion-de-un-hecho-generador-ficto\/","url":"https:\/\/auren.com\/uy\/noticias\/285-distribucion-de-dividendos-la-creacion-de-un-hecho-generador-ficto\/","name":"285 - DISTRIBUCI\u00d3N DE DIVIDENDOS: LA CREACI\u00d3N DE UN HECHO GENERADOR FICTO - Auren Uruguay","isPartOf":{"@id":"https:\/\/auren.com\/uy\/#website"},"primaryImageOfPage":{"@id":"https:\/\/auren.com\/uy\/noticias\/285-distribucion-de-dividendos-la-creacion-de-un-hecho-generador-ficto\/#primaryimage"},"image":{"@id":"https:\/\/auren.com\/uy\/noticias\/285-distribucion-de-dividendos-la-creacion-de-un-hecho-generador-ficto\/#primaryimage"},"thumbnailUrl":"https:\/\/auren.com\/uy\/wp-content\/uploads\/2016\/08\/HANDS-11.jpg","datePublished":"2016-08-19T13:43:19+00:00","breadcrumb":{"@id":"https:\/\/auren.com\/uy\/noticias\/285-distribucion-de-dividendos-la-creacion-de-un-hecho-generador-ficto\/#breadcrumb"},"inLanguage":"es","potentialAction":[{"@type":"ReadAction","target":["https:\/\/auren.com\/uy\/noticias\/285-distribucion-de-dividendos-la-creacion-de-un-hecho-generador-ficto\/"]}]},{"@type":"ImageObject","inLanguage":"es","@id":"https:\/\/auren.com\/uy\/noticias\/285-distribucion-de-dividendos-la-creacion-de-un-hecho-generador-ficto\/#primaryimage","url":"https:\/\/auren.com\/uy\/wp-content\/uploads\/2016\/08\/HANDS-11.jpg","contentUrl":"https:\/\/auren.com\/uy\/wp-content\/uploads\/2016\/08\/HANDS-11.jpg","width":2048,"height":1365},{"@type":"BreadcrumbList","@id":"https:\/\/auren.com\/uy\/noticias\/285-distribucion-de-dividendos-la-creacion-de-un-hecho-generador-ficto\/#breadcrumb","itemListElement":[{"@type":"ListItem","position":1,"name":"Portada","item":"https:\/\/auren.com\/uy\/"},{"@type":"ListItem","position":2,"name":"285 &#8211; DISTRIBUCI\u00d3N DE DIVIDENDOS: LA CREACI\u00d3N DE UN HECHO GENERADOR FICTO"}]},{"@type":"WebSite","@id":"https:\/\/auren.com\/uy\/#website","url":"https:\/\/auren.com\/uy\/","name":"Auren Uruguay","description":"","publisher":{"@id":"https:\/\/auren.com\/uy\/#organization"},"potentialAction":[{"@type":"SearchAction","target":{"@type":"EntryPoint","urlTemplate":"https:\/\/auren.com\/uy\/?s={search_term_string}"},"query-input":{"@type":"PropertyValueSpecification","valueRequired":true,"valueName":"search_term_string"}}],"inLanguage":"es"},{"@type":"Organization","@id":"https:\/\/auren.com\/uy\/#organization","name":"Auren Uruguay","url":"https:\/\/auren.com\/uy\/","logo":{"@type":"ImageObject","inLanguage":"es","@id":"https:\/\/auren.com\/uy\/#\/schema\/logo\/image\/","url":"https:\/\/auren.com\/uy\/wp-content\/uploads\/2025\/01\/cropped-cropped-favicon-Auren.png","contentUrl":"https:\/\/auren.com\/uy\/wp-content\/uploads\/2025\/01\/cropped-cropped-favicon-Auren.png","width":512,"height":512,"caption":"Auren Uruguay"},"image":{"@id":"https:\/\/auren.com\/uy\/#\/schema\/logo\/image\/"},"sameAs":["https:\/\/www.facebook.com\/aurenuruguay","https:\/\/x.com\/AurenUruguay","https:\/\/www.linkedin.com\/company\/auren-uruguay","https:\/\/www.youtube.com\/channel\/UClkpSYFfsAuqdTaVF5whedQ","https:\/\/www.instagram.com\/aurenuruguay\/"]}]}},"_links":{"self":[{"href":"https:\/\/auren.com\/uy\/wp-json\/wp\/v2\/new\/10987","targetHints":{"allow":["GET"]}}],"collection":[{"href":"https:\/\/auren.com\/uy\/wp-json\/wp\/v2\/new"}],"about":[{"href":"https:\/\/auren.com\/uy\/wp-json\/wp\/v2\/types\/new"}],"version-history":[{"count":0,"href":"https:\/\/auren.com\/uy\/wp-json\/wp\/v2\/new\/10987\/revisions"}],"wp:featuredmedia":[{"embeddable":true,"href":"https:\/\/auren.com\/uy\/wp-json\/wp\/v2\/media\/10990"}],"wp:attachment":[{"href":"https:\/\/auren.com\/uy\/wp-json\/wp\/v2\/media?parent=10987"}],"wp:term":[{"taxonomy":"new-category","embeddable":true,"href":"https:\/\/auren.com\/uy\/wp-json\/wp\/v2\/new-category?post=10987"}],"curies":[{"name":"wp","href":"https:\/\/api.w.org\/{rel}","templated":true}]}}