{"id":11007,"date":"2016-07-22T12:54:31","date_gmt":"2016-07-22T10:54:31","guid":{"rendered":"https:\/\/auren.com\/uy\/new\/281-proyecto-de-ley-paraisos-fiscales-efectos-en-la-tributacion\/"},"modified":"2016-07-22T12:54:31","modified_gmt":"2016-07-22T10:54:31","slug":"281-proyecto-de-ley-paraisos-fiscales-efectos-en-la-tributacion","status":"publish","type":"new","link":"https:\/\/auren.com\/uy\/noticias\/281-proyecto-de-ley-paraisos-fiscales-efectos-en-la-tributacion\/","title":{"rendered":"281 &#8211; PROYECTO DE LEY \u2013  PARA\u00cdSOS FISCALES, EFECTOS EN LA TRIBUTACI\u00d3N"},"content":{"rendered":"<p class=\"has-text-align-justify\">El aumento de la tributaci\u00f3n aplicable a las rentas, obtenidas por entidades residentes, domiciliadas, constituidas o ubicadas en pa\u00edses o jurisdicciones de baja o nula tributaci\u00f3n o que se beneficien de un r\u00e9gimen especial de baja o nula tributaci\u00f3n (\u201cPara\u00edsos fiscales\u201d), no se limit\u00f3 a la propuesta realizada en la Rendici\u00f3n de Cuentas de un aumento del IRNR al 25%.<\/p>\n<p class=\"has-text-align-justify\">En efecto, en el Proyecto de Ley en materia de transparencia fiscal internacional, prevenci\u00f3n del lavado de activos y financiamiento del terrorismo, se incluyeron varias disposiciones tributarias que buscan desestimular la utilizaci\u00f3n de entidades ubicadas en \u201cPara\u00edsos Fiscales\u201d.<\/p>\n<p class=\"has-text-align-justify\">A continuaci\u00f3n expondremos los principales cambios propuestos:<\/p>\n<p class=\"has-text-align-justify\">&#8211; Se consideran de fuente Uruguaya, las rentas correspondientes a la trasmisi\u00f3n de acciones y participaciones de entidades ubicadas en \u201cPara\u00edsos Fiscales\u201d, en las que m\u00e1s del 50% de su activo se integre, directa o indirectamente, a trav\u00e9s de una cadena de titularidad, por bienes situados en Uruguay. Por lo que el titular de las referidas participaciones deber\u00e1 pagar IRAE, IRPF o IRNR dependiendo del impuesto que sea contribuyente.<\/p>\n<p class=\"has-text-align-justify\">&#8211; Los contribuyentes de IRPF que participen en el capital de entidades ubicadas en \u201cPara\u00edsos Fiscales\u201d, se les atribuir\u00e1 las rentas de capital e incremento patrimoniales obtenidas por dichas entidades como dividendos o utilidades distribuidos y por tanto gravados por IRPF.<\/p>\n<p class=\"has-text-align-justify\">&#8211; Se consideran de fuente uruguaya, y por lo tanto gravado por IRNR, las rentas que obtengan las entidades ubicadas en \u201cPara\u00edsos fiscales\u201d por la importaci\u00f3n de bienes que realice un contribuyente de IRAE vinculado.<\/p>\n<p class=\"has-text-align-justify\">&#8211; Se consideran de fuente uruguaya, y por lo tanto gravado por IRNR, las rentas que obtengan las entidades ubicadas en \u201cPara\u00edsos fiscales\u201d por la venta de bienes en el exterior previamente exportados por un contribuyente de IRAE vinculado.<\/p>\n<p class=\"has-text-align-justify\">&#8211; Se consideran de fuente uruguaya, y por lo tanto gravado por IRNR, los ingresos obtenidos por entidades ubicadas en \u201cPara\u00edsos Fiscales\u201d por la enajenaci\u00f3n a contribuyentes de IRAE de bienes intangibles, siempre que el destino sea su utilizaci\u00f3n econ\u00f3mica en el territorio nacional.<\/p>\n<p class=\"has-text-align-justify\">&#8211; Las rentas provenientes de bienes Inmuebles situados en el pa\u00eds, obtenidas por entidades ubicadas en \u201cPara\u00edsos Fiscales\u201d, estar\u00e1n gravadas por la tasa del IRNR m\u00e1s una tasa complementaria del 5,25%<\/p>\n<p class=\"has-text-align-justify\">&#8211; Las rentas derivadas de Incrementos patrimoniales por la enajenaci\u00f3n o promesa de enajenaci\u00f3n de bienes inmuebles situados en el pa\u00eds, obtenidas por entidades ubicadas en \u201cPara\u00edsos Fiscales\u201d, se determinar\u00e1 sobre base real, permitiendo \u00fanicamente optar por el r\u00e9gimen ficto cuando no se pueda actualizar el costo fiscal por no existir el \u00cdndice de Precios al Consumo (IPC).<\/p>\n<p class=\"has-text-align-justify\">&#8211; Para otras rentas originadas en transmisiones patrimoniales de bienes situados en territorio nacional, obtenidas por entidades ubicadas en \u201cPara\u00edsos Fiscales\u201d, la renta computable se obtiene de aplicarle el 30% al precio de venta.<\/p>\n<p class=\"has-text-align-justify\">&#8211; Las entidades, excluidas las personas f\u00edsicas, ubicadas en \u201cPara\u00edsos Fiscales\u201d que no act\u00faen mediante Establecimiento Permanente pagaran Impuesto al Patrimonio a una tasa del 3%.<\/p>\n<p class=\"has-text-align-justify\">Finalmente se concede exoneraciones de IRNR e ITP para las trasmisiones patrimoniales que realicen las entidades ubicadas en \u201cPara\u00edsos Fiscales\u201d que cumplan simult\u00e1neamente con:<\/p>\n<p class=\"has-text-align-justify\">Se realicen hasta el 30\/06\/2017<\/p>\n<p class=\"has-text-align-justify\">El adquiriente no sea una entidad ubicada en un \u201cPara\u00edso Fiscal\u201d<\/p>\n<p class=\"has-text-align-justify\">En caso de estar inscripta, solicitar la clausura en DGI y organismo de seguridad social dentro de los 30 d\u00edas siguientes a la fecha referida.<\/p>\n<\/p>\n<p><!-- AddThis Advanced Settings generic via filter on the_content --><!-- AddThis Share Buttons generic via filter on the_content --><\/p>\n","protected":false},"excerpt":{"rendered":"<p>Cra. Elena Miranda <\/p>\n","protected":false},"featured_media":11010,"template":"","meta":{"_acf_changed":false,"footnotes":""},"new-category":[],"class_list":["post-11007","new","type-new","status-publish","has-post-thumbnail","hentry"],"acf":[],"yoast_head":"<!-- This site is optimized with the Yoast SEO plugin v27.4 - https:\/\/yoast.com\/product\/yoast-seo-wordpress\/ -->\n<title>281 - PROYECTO DE LEY \u2013 PARA\u00cdSOS FISCALES, EFECTOS EN LA TRIBUTACI\u00d3N - Auren Uruguay<\/title>\n<meta name=\"robots\" content=\"index, follow, max-snippet:-1, max-image-preview:large, max-video-preview:-1\" \/>\n<link rel=\"canonical\" href=\"https:\/\/auren.com\/uy\/noticias\/281-proyecto-de-ley-paraisos-fiscales-efectos-en-la-tributacion\/\" \/>\n<meta property=\"og:locale\" content=\"es_ES\" \/>\n<meta property=\"og:type\" content=\"article\" \/>\n<meta property=\"og:title\" content=\"281 - PROYECTO DE LEY \u2013 PARA\u00cdSOS FISCALES, EFECTOS EN LA TRIBUTACI\u00d3N - Auren Uruguay\" \/>\n<meta property=\"og:description\" content=\"Cra. Elena Miranda\" \/>\n<meta property=\"og:url\" content=\"https:\/\/auren.com\/uy\/noticias\/281-proyecto-de-ley-paraisos-fiscales-efectos-en-la-tributacion\/\" \/>\n<meta property=\"og:site_name\" content=\"Auren Uruguay\" \/>\n<meta property=\"article:publisher\" content=\"https:\/\/www.facebook.com\/aurenuruguay\" \/>\n<meta property=\"og:image\" content=\"https:\/\/auren.com\/uy\/wp-content\/uploads\/2016\/07\/Antecedentes2.jpg\" \/>\n\t<meta property=\"og:image:width\" content=\"2048\" \/>\n\t<meta property=\"og:image:height\" content=\"1221\" \/>\n\t<meta property=\"og:image:type\" content=\"image\/jpeg\" \/>\n<meta name=\"twitter:card\" content=\"summary_large_image\" \/>\n<meta name=\"twitter:site\" content=\"@AurenUruguay\" \/>\n<meta name=\"twitter:label1\" content=\"Tiempo de lectura\" \/>\n\t<meta name=\"twitter:data1\" content=\"3 minutos\" \/>\n<script type=\"application\/ld+json\" class=\"yoast-schema-graph\">{\"@context\":\"https:\\\/\\\/schema.org\",\"@graph\":[{\"@type\":\"WebPage\",\"@id\":\"https:\\\/\\\/auren.com\\\/uy\\\/noticias\\\/281-proyecto-de-ley-paraisos-fiscales-efectos-en-la-tributacion\\\/\",\"url\":\"https:\\\/\\\/auren.com\\\/uy\\\/noticias\\\/281-proyecto-de-ley-paraisos-fiscales-efectos-en-la-tributacion\\\/\",\"name\":\"281 - PROYECTO DE LEY \u2013 PARA\u00cdSOS FISCALES, EFECTOS EN LA TRIBUTACI\u00d3N - Auren Uruguay\",\"isPartOf\":{\"@id\":\"https:\\\/\\\/auren.com\\\/uy\\\/#website\"},\"primaryImageOfPage\":{\"@id\":\"https:\\\/\\\/auren.com\\\/uy\\\/noticias\\\/281-proyecto-de-ley-paraisos-fiscales-efectos-en-la-tributacion\\\/#primaryimage\"},\"image\":{\"@id\":\"https:\\\/\\\/auren.com\\\/uy\\\/noticias\\\/281-proyecto-de-ley-paraisos-fiscales-efectos-en-la-tributacion\\\/#primaryimage\"},\"thumbnailUrl\":\"https:\\\/\\\/auren.com\\\/uy\\\/wp-content\\\/uploads\\\/2016\\\/07\\\/Antecedentes2.jpg\",\"datePublished\":\"2016-07-22T10:54:31+00:00\",\"breadcrumb\":{\"@id\":\"https:\\\/\\\/auren.com\\\/uy\\\/noticias\\\/281-proyecto-de-ley-paraisos-fiscales-efectos-en-la-tributacion\\\/#breadcrumb\"},\"inLanguage\":\"es\",\"potentialAction\":[{\"@type\":\"ReadAction\",\"target\":[\"https:\\\/\\\/auren.com\\\/uy\\\/noticias\\\/281-proyecto-de-ley-paraisos-fiscales-efectos-en-la-tributacion\\\/\"]}]},{\"@type\":\"ImageObject\",\"inLanguage\":\"es\",\"@id\":\"https:\\\/\\\/auren.com\\\/uy\\\/noticias\\\/281-proyecto-de-ley-paraisos-fiscales-efectos-en-la-tributacion\\\/#primaryimage\",\"url\":\"https:\\\/\\\/auren.com\\\/uy\\\/wp-content\\\/uploads\\\/2016\\\/07\\\/Antecedentes2.jpg\",\"contentUrl\":\"https:\\\/\\\/auren.com\\\/uy\\\/wp-content\\\/uploads\\\/2016\\\/07\\\/Antecedentes2.jpg\",\"width\":2048,\"height\":1221},{\"@type\":\"BreadcrumbList\",\"@id\":\"https:\\\/\\\/auren.com\\\/uy\\\/noticias\\\/281-proyecto-de-ley-paraisos-fiscales-efectos-en-la-tributacion\\\/#breadcrumb\",\"itemListElement\":[{\"@type\":\"ListItem\",\"position\":1,\"name\":\"Portada\",\"item\":\"https:\\\/\\\/auren.com\\\/uy\\\/\"},{\"@type\":\"ListItem\",\"position\":2,\"name\":\"281 &#8211; PROYECTO DE LEY \u2013 PARA\u00cdSOS FISCALES, EFECTOS EN LA TRIBUTACI\u00d3N\"}]},{\"@type\":\"WebSite\",\"@id\":\"https:\\\/\\\/auren.com\\\/uy\\\/#website\",\"url\":\"https:\\\/\\\/auren.com\\\/uy\\\/\",\"name\":\"Auren Uruguay\",\"description\":\"\",\"publisher\":{\"@id\":\"https:\\\/\\\/auren.com\\\/uy\\\/#organization\"},\"potentialAction\":[{\"@type\":\"SearchAction\",\"target\":{\"@type\":\"EntryPoint\",\"urlTemplate\":\"https:\\\/\\\/auren.com\\\/uy\\\/?s={search_term_string}\"},\"query-input\":{\"@type\":\"PropertyValueSpecification\",\"valueRequired\":true,\"valueName\":\"search_term_string\"}}],\"inLanguage\":\"es\"},{\"@type\":\"Organization\",\"@id\":\"https:\\\/\\\/auren.com\\\/uy\\\/#organization\",\"name\":\"Auren Uruguay\",\"url\":\"https:\\\/\\\/auren.com\\\/uy\\\/\",\"logo\":{\"@type\":\"ImageObject\",\"inLanguage\":\"es\",\"@id\":\"https:\\\/\\\/auren.com\\\/uy\\\/#\\\/schema\\\/logo\\\/image\\\/\",\"url\":\"https:\\\/\\\/auren.com\\\/uy\\\/wp-content\\\/uploads\\\/2025\\\/01\\\/cropped-cropped-favicon-Auren.png\",\"contentUrl\":\"https:\\\/\\\/auren.com\\\/uy\\\/wp-content\\\/uploads\\\/2025\\\/01\\\/cropped-cropped-favicon-Auren.png\",\"width\":512,\"height\":512,\"caption\":\"Auren Uruguay\"},\"image\":{\"@id\":\"https:\\\/\\\/auren.com\\\/uy\\\/#\\\/schema\\\/logo\\\/image\\\/\"},\"sameAs\":[\"https:\\\/\\\/www.facebook.com\\\/aurenuruguay\",\"https:\\\/\\\/x.com\\\/AurenUruguay\",\"https:\\\/\\\/www.linkedin.com\\\/company\\\/auren-uruguay\",\"https:\\\/\\\/www.youtube.com\\\/channel\\\/UClkpSYFfsAuqdTaVF5whedQ\",\"https:\\\/\\\/www.instagram.com\\\/aurenuruguay\\\/\"]}]}<\/script>\n<!-- \/ Yoast SEO plugin. -->","yoast_head_json":{"title":"281 - PROYECTO DE LEY \u2013 PARA\u00cdSOS FISCALES, EFECTOS EN LA TRIBUTACI\u00d3N - Auren Uruguay","robots":{"index":"index","follow":"follow","max-snippet":"max-snippet:-1","max-image-preview":"max-image-preview:large","max-video-preview":"max-video-preview:-1"},"canonical":"https:\/\/auren.com\/uy\/noticias\/281-proyecto-de-ley-paraisos-fiscales-efectos-en-la-tributacion\/","og_locale":"es_ES","og_type":"article","og_title":"281 - PROYECTO DE LEY \u2013 PARA\u00cdSOS FISCALES, EFECTOS EN LA TRIBUTACI\u00d3N - Auren Uruguay","og_description":"Cra. Elena Miranda","og_url":"https:\/\/auren.com\/uy\/noticias\/281-proyecto-de-ley-paraisos-fiscales-efectos-en-la-tributacion\/","og_site_name":"Auren Uruguay","article_publisher":"https:\/\/www.facebook.com\/aurenuruguay","og_image":[{"width":2048,"height":1221,"url":"https:\/\/auren.com\/uy\/wp-content\/uploads\/2016\/07\/Antecedentes2.jpg","type":"image\/jpeg"}],"twitter_card":"summary_large_image","twitter_site":"@AurenUruguay","twitter_misc":{"Tiempo de lectura":"3 minutos"},"schema":{"@context":"https:\/\/schema.org","@graph":[{"@type":"WebPage","@id":"https:\/\/auren.com\/uy\/noticias\/281-proyecto-de-ley-paraisos-fiscales-efectos-en-la-tributacion\/","url":"https:\/\/auren.com\/uy\/noticias\/281-proyecto-de-ley-paraisos-fiscales-efectos-en-la-tributacion\/","name":"281 - PROYECTO DE LEY \u2013 PARA\u00cdSOS FISCALES, EFECTOS EN LA TRIBUTACI\u00d3N - Auren Uruguay","isPartOf":{"@id":"https:\/\/auren.com\/uy\/#website"},"primaryImageOfPage":{"@id":"https:\/\/auren.com\/uy\/noticias\/281-proyecto-de-ley-paraisos-fiscales-efectos-en-la-tributacion\/#primaryimage"},"image":{"@id":"https:\/\/auren.com\/uy\/noticias\/281-proyecto-de-ley-paraisos-fiscales-efectos-en-la-tributacion\/#primaryimage"},"thumbnailUrl":"https:\/\/auren.com\/uy\/wp-content\/uploads\/2016\/07\/Antecedentes2.jpg","datePublished":"2016-07-22T10:54:31+00:00","breadcrumb":{"@id":"https:\/\/auren.com\/uy\/noticias\/281-proyecto-de-ley-paraisos-fiscales-efectos-en-la-tributacion\/#breadcrumb"},"inLanguage":"es","potentialAction":[{"@type":"ReadAction","target":["https:\/\/auren.com\/uy\/noticias\/281-proyecto-de-ley-paraisos-fiscales-efectos-en-la-tributacion\/"]}]},{"@type":"ImageObject","inLanguage":"es","@id":"https:\/\/auren.com\/uy\/noticias\/281-proyecto-de-ley-paraisos-fiscales-efectos-en-la-tributacion\/#primaryimage","url":"https:\/\/auren.com\/uy\/wp-content\/uploads\/2016\/07\/Antecedentes2.jpg","contentUrl":"https:\/\/auren.com\/uy\/wp-content\/uploads\/2016\/07\/Antecedentes2.jpg","width":2048,"height":1221},{"@type":"BreadcrumbList","@id":"https:\/\/auren.com\/uy\/noticias\/281-proyecto-de-ley-paraisos-fiscales-efectos-en-la-tributacion\/#breadcrumb","itemListElement":[{"@type":"ListItem","position":1,"name":"Portada","item":"https:\/\/auren.com\/uy\/"},{"@type":"ListItem","position":2,"name":"281 &#8211; PROYECTO DE LEY \u2013 PARA\u00cdSOS FISCALES, EFECTOS EN LA TRIBUTACI\u00d3N"}]},{"@type":"WebSite","@id":"https:\/\/auren.com\/uy\/#website","url":"https:\/\/auren.com\/uy\/","name":"Auren Uruguay","description":"","publisher":{"@id":"https:\/\/auren.com\/uy\/#organization"},"potentialAction":[{"@type":"SearchAction","target":{"@type":"EntryPoint","urlTemplate":"https:\/\/auren.com\/uy\/?s={search_term_string}"},"query-input":{"@type":"PropertyValueSpecification","valueRequired":true,"valueName":"search_term_string"}}],"inLanguage":"es"},{"@type":"Organization","@id":"https:\/\/auren.com\/uy\/#organization","name":"Auren Uruguay","url":"https:\/\/auren.com\/uy\/","logo":{"@type":"ImageObject","inLanguage":"es","@id":"https:\/\/auren.com\/uy\/#\/schema\/logo\/image\/","url":"https:\/\/auren.com\/uy\/wp-content\/uploads\/2025\/01\/cropped-cropped-favicon-Auren.png","contentUrl":"https:\/\/auren.com\/uy\/wp-content\/uploads\/2025\/01\/cropped-cropped-favicon-Auren.png","width":512,"height":512,"caption":"Auren Uruguay"},"image":{"@id":"https:\/\/auren.com\/uy\/#\/schema\/logo\/image\/"},"sameAs":["https:\/\/www.facebook.com\/aurenuruguay","https:\/\/x.com\/AurenUruguay","https:\/\/www.linkedin.com\/company\/auren-uruguay","https:\/\/www.youtube.com\/channel\/UClkpSYFfsAuqdTaVF5whedQ","https:\/\/www.instagram.com\/aurenuruguay\/"]}]}},"_links":{"self":[{"href":"https:\/\/auren.com\/uy\/wp-json\/wp\/v2\/new\/11007","targetHints":{"allow":["GET"]}}],"collection":[{"href":"https:\/\/auren.com\/uy\/wp-json\/wp\/v2\/new"}],"about":[{"href":"https:\/\/auren.com\/uy\/wp-json\/wp\/v2\/types\/new"}],"version-history":[{"count":0,"href":"https:\/\/auren.com\/uy\/wp-json\/wp\/v2\/new\/11007\/revisions"}],"wp:featuredmedia":[{"embeddable":true,"href":"https:\/\/auren.com\/uy\/wp-json\/wp\/v2\/media\/11010"}],"wp:attachment":[{"href":"https:\/\/auren.com\/uy\/wp-json\/wp\/v2\/media?parent=11007"}],"wp:term":[{"taxonomy":"new-category","embeddable":true,"href":"https:\/\/auren.com\/uy\/wp-json\/wp\/v2\/new-category?post=11007"}],"curies":[{"name":"wp","href":"https:\/\/api.w.org\/{rel}","templated":true}]}}