{"id":11012,"date":"2016-07-15T13:34:30","date_gmt":"2016-07-15T11:34:30","guid":{"rendered":"https:\/\/auren.com\/uy\/new\/280-formalidades-para-el-registro-de-estados-contables-ante-la-ain\/"},"modified":"2016-07-15T13:34:30","modified_gmt":"2016-07-15T11:34:30","slug":"280-formalidades-para-el-registro-de-estados-contables-ante-la-ain","status":"publish","type":"new","link":"https:\/\/auren.com\/uy\/noticias\/280-formalidades-para-el-registro-de-estados-contables-ante-la-ain\/","title":{"rendered":"280 &#8211; FORMALIDADES PARA EL REGISTRO DE ESTADOS CONTABLES ANTE LA AIN"},"content":{"rendered":"<p class=\"has-text-align-justify\">El pasado viernes 10 de Junio public\u00e1bamos en esta Secci\u00f3n las nuevas disposiciones referentes al registro de los estados contables (EECC) ante la Auditoria Interna de la Naci\u00f3n (AIN) y las posibles sanciones en caso de su incumplimiento, seg\u00fan lo establecido por el Decreto 156\/016 del 30 de mayo de 2016.<\/p>\n<p class=\"has-text-align-justify\">En el marco del Programa de Modernizaci\u00f3n Institucional \u2013 Proyecto de Asistencia T\u00e9cnica del Ministerio de Econom\u00eda y Finanzas, la AIN tiene como meta que el Registro de Estados Contables se convierta en una \u201cCentral de Balances electr\u00f3nica\u201d (CBE).<\/p>\n<p class=\"has-text-align-justify\">El nuevo Registro contribuye a la transparencia en la informaci\u00f3n, ya que se utiliza un formato est\u00e1ndar de intercambio de informaci\u00f3n financiera XBRL y automatiza los procesos de registro. El hecho de poder efectuarlo de forma digital disminuye los tiempos para la presentaci\u00f3n de los estados logrando cierta practicidad, ya que todo se realiza \u201cen l\u00ednea\u201d.<\/p>\n<p class=\"has-text-align-justify\">En el presente art\u00edculo, nos referiremos a la puesta en pr\u00e1ctica del Decreto 156\/016 por parte de la AIN.<\/p>\n<p class=\"has-text-align-justify\">Ingresando a la p\u00e1gina <a href=\"http:\/\/www.cbe.gub.uy\">www.cbe.gub.uy<\/a>, se puede acceder a la gu\u00eda completa para generaci\u00f3n y presentaci\u00f3n de los estados contables, as\u00ed como a la realizaci\u00f3n de consultas y compras.<\/p>\n<p class=\"has-text-align-justify\">Los obligados a presentar en este formato son:<\/p>\n<p class=\"has-text-align-justify\">i) las sociedades comerciales que cierren sus ejercicios econ\u00f3micos a partir del d\u00eda h\u00e1bil siguiente a la fecha de publicaci\u00f3n en el Diario Oficial de la Resoluci\u00f3n de la AIN.<\/p>\n<p class=\"has-text-align-justify\">ii) los obligados a registrar por el Art\u00edculo 24 de la Ley N\u00ba 18.930: las sociedades civiles, las asociaciones civiles, las fundaciones, las cooperativas, las sociedades y asociaciones agrarias, las entidades no residentes que cumplan las condiciones establecidas en el Art\u00edculo 2\u00b0 de la Ley 18.930 (\u201cRegulaci\u00f3n de la informaci\u00f3n sobre participaciones patrimoniales al portador con destino al Banco Central del Uruguay\u201d &#8211; BCU), y los fideicomisos y fondos de inversi\u00f3n no sometidos a regulaci\u00f3n por el BCU, para los ejercicios econ\u00f3micos iniciados a partir del 1\u00ba de enero de 2016.<\/p>\n<p class=\"has-text-align-justify\">iii) aquellos obligados que registren los estados contables de ejercicios econ\u00f3micos cerrados con anterioridad a las fechas indicadas.<\/p>\n<p class=\"has-text-align-justify\">A efectos de generar la presentaci\u00f3n de los estados contables el usuario puede, o bien generar sus propios estados contables en XBRL, o puede descargarse la taxonom\u00eda que brinda la AIN. Se han publicado en la web:<\/p>\n<p class=\"has-text-align-justify\">&#8211; Formularios para entidades con marco normativo contable basado en el Decreto 124\/11 (base NIC Full) con reporte para dos y tres per\u00edodos comparativos.<\/p>\n<p class=\"has-text-align-justify\">&#8211; Formulario para las entidades cuyo marco normativo tiene como base la NIIF PYMES, Decretos 291\/14 y 372\/15.<\/p>\n<p class=\"has-text-align-justify\">&#8211; Formularios para entidades con marco normativo contable basado en los Decretos 266\/07 y 135\/09, para el Estado de Flujo de Efectivos por M\u00e9todo Directo, y por el M\u00e9todo Indirecto.<\/p>\n<p class=\"has-text-align-justify\">Los estados contables deber\u00e1n ser acompa\u00f1ados por certificaci\u00f3n de Contador P\u00fablico o equivalente, habilitado para el ejercicio en el territorio nacional. Se aceptan como certificaciones, los informes de compilaci\u00f3n, de revisi\u00f3n limitada o de auditor\u00eda, elaborados seg\u00fan las normas generalmente aceptadas. Debe tenerse presente que el informe a presentar deber\u00e1 contar con la firma digital del profesional que certifica y de los representantes de la entidad que los registra.<\/p>\n<p class=\"has-text-align-justify\">Una vez colocadas las firmas, se deber\u00e1 proceder al pago de los timbres y a partir de este momento el sitio web validar\u00e1 los estados contables presentados y habilitar\u00e1 la descarga de la constancia de presentaci\u00f3n.<\/p>\n<\/p>\n<p><!-- AddThis Advanced Settings generic via filter on the_content --><!-- AddThis Share Buttons generic via filter on the_content --><\/p>\n","protected":false},"excerpt":{"rendered":"<p>Por la Cra. Lorena Cortalezzi<\/p>\n","protected":false},"featured_media":11015,"template":"","meta":{"_acf_changed":false,"footnotes":""},"new-category":[],"class_list":["post-11012","new","type-new","status-publish","has-post-thumbnail","hentry"],"acf":[],"yoast_head":"<!-- This site is optimized with the Yoast SEO plugin v27.4 - https:\/\/yoast.com\/product\/yoast-seo-wordpress\/ -->\n<title>280 - FORMALIDADES PARA EL REGISTRO DE ESTADOS CONTABLES ANTE LA AIN - Auren Uruguay<\/title>\n<meta name=\"robots\" content=\"index, follow, max-snippet:-1, max-image-preview:large, max-video-preview:-1\" \/>\n<link rel=\"canonical\" href=\"https:\/\/auren.com\/uy\/noticias\/280-formalidades-para-el-registro-de-estados-contables-ante-la-ain\/\" \/>\n<meta property=\"og:locale\" content=\"es_ES\" \/>\n<meta property=\"og:type\" content=\"article\" \/>\n<meta property=\"og:title\" content=\"280 - FORMALIDADES PARA EL REGISTRO DE ESTADOS CONTABLES ANTE LA AIN - Auren Uruguay\" \/>\n<meta property=\"og:description\" content=\"Por la Cra. Lorena Cortalezzi\" \/>\n<meta property=\"og:url\" content=\"https:\/\/auren.com\/uy\/noticias\/280-formalidades-para-el-registro-de-estados-contables-ante-la-ain\/\" \/>\n<meta property=\"og:site_name\" content=\"Auren Uruguay\" \/>\n<meta property=\"article:publisher\" content=\"https:\/\/www.facebook.com\/aurenuruguay\" \/>\n<meta property=\"og:image\" content=\"https:\/\/auren.com\/uy\/wp-content\/uploads\/2016\/07\/INCLUSION-FINANCIERA.jpg\" \/>\n\t<meta property=\"og:image:width\" content=\"1152\" \/>\n\t<meta property=\"og:image:height\" content=\"768\" \/>\n\t<meta property=\"og:image:type\" content=\"image\/jpeg\" \/>\n<meta name=\"twitter:card\" content=\"summary_large_image\" \/>\n<meta name=\"twitter:site\" content=\"@AurenUruguay\" \/>\n<meta name=\"twitter:label1\" content=\"Tiempo de lectura\" \/>\n\t<meta name=\"twitter:data1\" content=\"3 minutos\" \/>\n<script type=\"application\/ld+json\" class=\"yoast-schema-graph\">{\"@context\":\"https:\\\/\\\/schema.org\",\"@graph\":[{\"@type\":\"WebPage\",\"@id\":\"https:\\\/\\\/auren.com\\\/uy\\\/noticias\\\/280-formalidades-para-el-registro-de-estados-contables-ante-la-ain\\\/\",\"url\":\"https:\\\/\\\/auren.com\\\/uy\\\/noticias\\\/280-formalidades-para-el-registro-de-estados-contables-ante-la-ain\\\/\",\"name\":\"280 - FORMALIDADES PARA EL REGISTRO DE ESTADOS CONTABLES ANTE LA AIN - Auren Uruguay\",\"isPartOf\":{\"@id\":\"https:\\\/\\\/auren.com\\\/uy\\\/#website\"},\"primaryImageOfPage\":{\"@id\":\"https:\\\/\\\/auren.com\\\/uy\\\/noticias\\\/280-formalidades-para-el-registro-de-estados-contables-ante-la-ain\\\/#primaryimage\"},\"image\":{\"@id\":\"https:\\\/\\\/auren.com\\\/uy\\\/noticias\\\/280-formalidades-para-el-registro-de-estados-contables-ante-la-ain\\\/#primaryimage\"},\"thumbnailUrl\":\"https:\\\/\\\/auren.com\\\/uy\\\/wp-content\\\/uploads\\\/2016\\\/07\\\/INCLUSION-FINANCIERA.jpg\",\"datePublished\":\"2016-07-15T11:34:30+00:00\",\"breadcrumb\":{\"@id\":\"https:\\\/\\\/auren.com\\\/uy\\\/noticias\\\/280-formalidades-para-el-registro-de-estados-contables-ante-la-ain\\\/#breadcrumb\"},\"inLanguage\":\"es\",\"potentialAction\":[{\"@type\":\"ReadAction\",\"target\":[\"https:\\\/\\\/auren.com\\\/uy\\\/noticias\\\/280-formalidades-para-el-registro-de-estados-contables-ante-la-ain\\\/\"]}]},{\"@type\":\"ImageObject\",\"inLanguage\":\"es\",\"@id\":\"https:\\\/\\\/auren.com\\\/uy\\\/noticias\\\/280-formalidades-para-el-registro-de-estados-contables-ante-la-ain\\\/#primaryimage\",\"url\":\"https:\\\/\\\/auren.com\\\/uy\\\/wp-content\\\/uploads\\\/2016\\\/07\\\/INCLUSION-FINANCIERA.jpg\",\"contentUrl\":\"https:\\\/\\\/auren.com\\\/uy\\\/wp-content\\\/uploads\\\/2016\\\/07\\\/INCLUSION-FINANCIERA.jpg\",\"width\":1152,\"height\":768},{\"@type\":\"BreadcrumbList\",\"@id\":\"https:\\\/\\\/auren.com\\\/uy\\\/noticias\\\/280-formalidades-para-el-registro-de-estados-contables-ante-la-ain\\\/#breadcrumb\",\"itemListElement\":[{\"@type\":\"ListItem\",\"position\":1,\"name\":\"Portada\",\"item\":\"https:\\\/\\\/auren.com\\\/uy\\\/\"},{\"@type\":\"ListItem\",\"position\":2,\"name\":\"280 &#8211; FORMALIDADES PARA EL REGISTRO DE ESTADOS CONTABLES ANTE LA AIN\"}]},{\"@type\":\"WebSite\",\"@id\":\"https:\\\/\\\/auren.com\\\/uy\\\/#website\",\"url\":\"https:\\\/\\\/auren.com\\\/uy\\\/\",\"name\":\"Auren Uruguay\",\"description\":\"\",\"publisher\":{\"@id\":\"https:\\\/\\\/auren.com\\\/uy\\\/#organization\"},\"potentialAction\":[{\"@type\":\"SearchAction\",\"target\":{\"@type\":\"EntryPoint\",\"urlTemplate\":\"https:\\\/\\\/auren.com\\\/uy\\\/?s={search_term_string}\"},\"query-input\":{\"@type\":\"PropertyValueSpecification\",\"valueRequired\":true,\"valueName\":\"search_term_string\"}}],\"inLanguage\":\"es\"},{\"@type\":\"Organization\",\"@id\":\"https:\\\/\\\/auren.com\\\/uy\\\/#organization\",\"name\":\"Auren Uruguay\",\"url\":\"https:\\\/\\\/auren.com\\\/uy\\\/\",\"logo\":{\"@type\":\"ImageObject\",\"inLanguage\":\"es\",\"@id\":\"https:\\\/\\\/auren.com\\\/uy\\\/#\\\/schema\\\/logo\\\/image\\\/\",\"url\":\"https:\\\/\\\/auren.com\\\/uy\\\/wp-content\\\/uploads\\\/2025\\\/01\\\/cropped-cropped-favicon-Auren.png\",\"contentUrl\":\"https:\\\/\\\/auren.com\\\/uy\\\/wp-content\\\/uploads\\\/2025\\\/01\\\/cropped-cropped-favicon-Auren.png\",\"width\":512,\"height\":512,\"caption\":\"Auren Uruguay\"},\"image\":{\"@id\":\"https:\\\/\\\/auren.com\\\/uy\\\/#\\\/schema\\\/logo\\\/image\\\/\"},\"sameAs\":[\"https:\\\/\\\/www.facebook.com\\\/aurenuruguay\",\"https:\\\/\\\/x.com\\\/AurenUruguay\",\"https:\\\/\\\/www.linkedin.com\\\/company\\\/auren-uruguay\",\"https:\\\/\\\/www.youtube.com\\\/channel\\\/UClkpSYFfsAuqdTaVF5whedQ\",\"https:\\\/\\\/www.instagram.com\\\/aurenuruguay\\\/\"]}]}<\/script>\n<!-- \/ Yoast SEO plugin. -->","yoast_head_json":{"title":"280 - FORMALIDADES PARA EL REGISTRO DE ESTADOS CONTABLES ANTE LA AIN - Auren Uruguay","robots":{"index":"index","follow":"follow","max-snippet":"max-snippet:-1","max-image-preview":"max-image-preview:large","max-video-preview":"max-video-preview:-1"},"canonical":"https:\/\/auren.com\/uy\/noticias\/280-formalidades-para-el-registro-de-estados-contables-ante-la-ain\/","og_locale":"es_ES","og_type":"article","og_title":"280 - FORMALIDADES PARA EL REGISTRO DE ESTADOS CONTABLES ANTE LA AIN - Auren Uruguay","og_description":"Por la Cra. Lorena Cortalezzi","og_url":"https:\/\/auren.com\/uy\/noticias\/280-formalidades-para-el-registro-de-estados-contables-ante-la-ain\/","og_site_name":"Auren Uruguay","article_publisher":"https:\/\/www.facebook.com\/aurenuruguay","og_image":[{"width":1152,"height":768,"url":"https:\/\/auren.com\/uy\/wp-content\/uploads\/2016\/07\/INCLUSION-FINANCIERA.jpg","type":"image\/jpeg"}],"twitter_card":"summary_large_image","twitter_site":"@AurenUruguay","twitter_misc":{"Tiempo de lectura":"3 minutos"},"schema":{"@context":"https:\/\/schema.org","@graph":[{"@type":"WebPage","@id":"https:\/\/auren.com\/uy\/noticias\/280-formalidades-para-el-registro-de-estados-contables-ante-la-ain\/","url":"https:\/\/auren.com\/uy\/noticias\/280-formalidades-para-el-registro-de-estados-contables-ante-la-ain\/","name":"280 - FORMALIDADES PARA EL REGISTRO DE ESTADOS CONTABLES ANTE LA AIN - Auren Uruguay","isPartOf":{"@id":"https:\/\/auren.com\/uy\/#website"},"primaryImageOfPage":{"@id":"https:\/\/auren.com\/uy\/noticias\/280-formalidades-para-el-registro-de-estados-contables-ante-la-ain\/#primaryimage"},"image":{"@id":"https:\/\/auren.com\/uy\/noticias\/280-formalidades-para-el-registro-de-estados-contables-ante-la-ain\/#primaryimage"},"thumbnailUrl":"https:\/\/auren.com\/uy\/wp-content\/uploads\/2016\/07\/INCLUSION-FINANCIERA.jpg","datePublished":"2016-07-15T11:34:30+00:00","breadcrumb":{"@id":"https:\/\/auren.com\/uy\/noticias\/280-formalidades-para-el-registro-de-estados-contables-ante-la-ain\/#breadcrumb"},"inLanguage":"es","potentialAction":[{"@type":"ReadAction","target":["https:\/\/auren.com\/uy\/noticias\/280-formalidades-para-el-registro-de-estados-contables-ante-la-ain\/"]}]},{"@type":"ImageObject","inLanguage":"es","@id":"https:\/\/auren.com\/uy\/noticias\/280-formalidades-para-el-registro-de-estados-contables-ante-la-ain\/#primaryimage","url":"https:\/\/auren.com\/uy\/wp-content\/uploads\/2016\/07\/INCLUSION-FINANCIERA.jpg","contentUrl":"https:\/\/auren.com\/uy\/wp-content\/uploads\/2016\/07\/INCLUSION-FINANCIERA.jpg","width":1152,"height":768},{"@type":"BreadcrumbList","@id":"https:\/\/auren.com\/uy\/noticias\/280-formalidades-para-el-registro-de-estados-contables-ante-la-ain\/#breadcrumb","itemListElement":[{"@type":"ListItem","position":1,"name":"Portada","item":"https:\/\/auren.com\/uy\/"},{"@type":"ListItem","position":2,"name":"280 &#8211; FORMALIDADES PARA EL REGISTRO DE ESTADOS CONTABLES ANTE LA AIN"}]},{"@type":"WebSite","@id":"https:\/\/auren.com\/uy\/#website","url":"https:\/\/auren.com\/uy\/","name":"Auren Uruguay","description":"","publisher":{"@id":"https:\/\/auren.com\/uy\/#organization"},"potentialAction":[{"@type":"SearchAction","target":{"@type":"EntryPoint","urlTemplate":"https:\/\/auren.com\/uy\/?s={search_term_string}"},"query-input":{"@type":"PropertyValueSpecification","valueRequired":true,"valueName":"search_term_string"}}],"inLanguage":"es"},{"@type":"Organization","@id":"https:\/\/auren.com\/uy\/#organization","name":"Auren Uruguay","url":"https:\/\/auren.com\/uy\/","logo":{"@type":"ImageObject","inLanguage":"es","@id":"https:\/\/auren.com\/uy\/#\/schema\/logo\/image\/","url":"https:\/\/auren.com\/uy\/wp-content\/uploads\/2025\/01\/cropped-cropped-favicon-Auren.png","contentUrl":"https:\/\/auren.com\/uy\/wp-content\/uploads\/2025\/01\/cropped-cropped-favicon-Auren.png","width":512,"height":512,"caption":"Auren Uruguay"},"image":{"@id":"https:\/\/auren.com\/uy\/#\/schema\/logo\/image\/"},"sameAs":["https:\/\/www.facebook.com\/aurenuruguay","https:\/\/x.com\/AurenUruguay","https:\/\/www.linkedin.com\/company\/auren-uruguay","https:\/\/www.youtube.com\/channel\/UClkpSYFfsAuqdTaVF5whedQ","https:\/\/www.instagram.com\/aurenuruguay\/"]}]}},"_links":{"self":[{"href":"https:\/\/auren.com\/uy\/wp-json\/wp\/v2\/new\/11012","targetHints":{"allow":["GET"]}}],"collection":[{"href":"https:\/\/auren.com\/uy\/wp-json\/wp\/v2\/new"}],"about":[{"href":"https:\/\/auren.com\/uy\/wp-json\/wp\/v2\/types\/new"}],"version-history":[{"count":0,"href":"https:\/\/auren.com\/uy\/wp-json\/wp\/v2\/new\/11012\/revisions"}],"wp:featuredmedia":[{"embeddable":true,"href":"https:\/\/auren.com\/uy\/wp-json\/wp\/v2\/media\/11015"}],"wp:attachment":[{"href":"https:\/\/auren.com\/uy\/wp-json\/wp\/v2\/media?parent=11012"}],"wp:term":[{"taxonomy":"new-category","embeddable":true,"href":"https:\/\/auren.com\/uy\/wp-json\/wp\/v2\/new-category?post=11012"}],"curies":[{"name":"wp","href":"https:\/\/api.w.org\/{rel}","templated":true}]}}