{"id":11017,"date":"2016-07-08T13:50:38","date_gmt":"2016-07-08T11:50:38","guid":{"rendered":"https:\/\/auren.com\/uy\/new\/279-rendicion-de-cuentas-determinacion-de-tributos-por-la-dgi\/"},"modified":"2016-07-08T13:50:38","modified_gmt":"2016-07-08T11:50:38","slug":"279-rendicion-de-cuentas-determinacion-de-tributos-por-la-dgi","status":"publish","type":"new","link":"https:\/\/auren.com\/uy\/noticias\/279-rendicion-de-cuentas-determinacion-de-tributos-por-la-dgi\/","title":{"rendered":"279 &#8211; RENDICI\u00d3N DE CUENTAS \u2013  DETERMINACI\u00d3N DE TRIBUTOS POR LA DGI"},"content":{"rendered":"<p class=\"has-text-align-justify\">Continuando con el an\u00e1lisis tributario del <strong>Proyecto de Ley de Rendici\u00f3n de Cuentas<\/strong>, en esta oportunidad comentaremos los cambios vinculados a la determinaci\u00f3n de tributos por parte de la Direcci\u00f3n General Impositiva (DGI), previstos en el <strong>art\u00edculo 66 del C\u00f3digo Tributario (CT).<\/strong><\/p>\n<p class=\"has-text-align-justify\">En dicho art\u00edculo se establece el procedimiento a seguir por parte de la Administraci\u00f3n Tributaria para la determinaci\u00f3n de los tributos.<\/p>\n<p class=\"has-text-align-justify\">Las actuaciones administrativas deber\u00e1n dirigirse al conocimiento cierto y directo de los hechos generadores de la obligaci\u00f3n tributaria.<\/p>\n<p class=\"has-text-align-justify\">En los casos en los que no sea posible conocer de forma cierta y directa los hechos, la DGI deber\u00e1 inducir la existencia y la cuant\u00eda de la obligaci\u00f3n tributaria, mediante presunciones establecidas en la ley, basadas en hechos y circunstancias debidamente comprobados y vinculadas con el hecho generador, y que solo dejaran de aplicarse si mediare prueba en contario relativa al conocimiento cierto y directo de la obligaci\u00f3n tributaria.<\/p>\n<p class=\"has-text-align-justify\">Asimismo el art\u00edculo enumera una serie de fundamentos en lo que deber\u00e1 basarse la DGI para la determinaci\u00f3n sobre base presunta, a continuaci\u00f3n comentaremos aquellos sobre los cuales se proponen cambios.<\/p>\n<p class=\"has-text-align-justify\">&#8211; La DGI est\u00e1 habilitada a utilizar coeficientes comprobados que se aplicaran sobre el total de compras, ventas, sueldos, energ\u00eda u otros insumos representativos de la actividad de la actividad desarrollada.<\/p>\n<p class=\"has-text-align-justify\">El Proyecto de Ley agrega que para la construcci\u00f3n de coeficientes en los casos en que se realicen muestreos, los mismos se consideraran representativos de la realidad cuando superen el 10% del universo considerado.<\/p>\n<p class=\"has-text-align-justify\">Actualmente la DGI puede recurrir a \u00edndices elaborados por otros organismos estatales o paraestatales competentes. El Proyecto habilita adicionalmente a recurrir a \u00edndices elaborados por organizaciones de Derecho Privado sin fines de lucro.<\/p>\n<p class=\"has-text-align-justify\">Se propone en el Proyecto que la DGI podr\u00e1 aplicar el coeficiente comprobado para un ejercicio a los ejercicios anteriores, con un l\u00edmite de tres ejercicios.<\/p>\n<p class=\"has-text-align-justify\">&#8211; La DGI tiene la facultad de considerar a las notorias diferencias f\u00edsicas o de valuaci\u00f3n comprobadas con relaci\u00f3n al inventario declarado en el ejercicio, seg\u00fan corresponda: como renta gravada, como operaci\u00f3n comprendida en los impuestos que grava la circulaci\u00f3n de bienes o prestaci\u00f3n de servicio, o como activo computable de los impuestos que grava el patrimonio.<\/p>\n<p class=\"has-text-align-justify\">El Proyecto de Rendici\u00f3n de Cuentas declara que la notoria diferencia f\u00edsica o de valuaci\u00f3n comprende los casos de inconsistencia en el inventario declarado.<\/p>\n<p class=\"has-text-align-justify\">&#8211; Finalmente el Proyecto de Ley incorpora un nuevo inciso en el cual se establece que la restricci\u00f3n prevista en el <strong>art\u00edculo 47 del CT <\/strong>(secreto de las actuaciones)no ser\u00e1 aplicable respecto de la informaci\u00f3n vinculada a terceros utilizada para la determinaci\u00f3n presuntiva.<\/p>\n<p class=\"has-text-align-justify\">Con estos cambios se ampl\u00eda la capacidad que tiene la Administraci\u00f3n para realizar determinaciones sobre base presunta.<\/p>\n<p class=\"has-text-align-justify\">A estas nuevas facultades hay que agregarle otros cambios normativos propuestos en el Proyecto de Ley que sirven para combatir la evasi\u00f3n tributaria, as\u00ed como los que entraron en vigencia con la Ley de Presupuesto.<\/p>\n<p class=\"has-text-align-justify\">A modo de ejemplo, en el Proyecto de Ley se establece que responden solidariamente los integrantes de un conjunto econ\u00f3mico por los adeudos tributarios generados por cada uno de sus integrantes. Por su parte, en la Ley de Presupuesto se ampliaron las sanciones a los responsables sustitutos y responsables por obligaciones tributarias de terceros.<\/p>\n<p><!-- AddThis Advanced Settings generic via filter on the_content --><!-- AddThis Share Buttons generic via filter on the_content --><\/p>\n","protected":false},"excerpt":{"rendered":"<p>Por la Cra. Elizeth Ligorio<\/p>\n","protected":false},"featured_media":11020,"template":"","meta":{"_acf_changed":false,"footnotes":""},"new-category":[],"class_list":["post-11017","new","type-new","status-publish","has-post-thumbnail","hentry"],"acf":[],"yoast_head":"<!-- This site is optimized with the Yoast SEO plugin v27.4 - https:\/\/yoast.com\/product\/yoast-seo-wordpress\/ -->\n<title>279 - RENDICI\u00d3N DE CUENTAS \u2013 DETERMINACI\u00d3N DE TRIBUTOS POR LA DGI - Auren Uruguay<\/title>\n<meta name=\"robots\" content=\"index, follow, max-snippet:-1, max-image-preview:large, max-video-preview:-1\" \/>\n<link rel=\"canonical\" href=\"https:\/\/auren.com\/uy\/noticias\/279-rendicion-de-cuentas-determinacion-de-tributos-por-la-dgi\/\" \/>\n<meta property=\"og:locale\" content=\"es_ES\" \/>\n<meta property=\"og:type\" content=\"article\" \/>\n<meta property=\"og:title\" content=\"279 - RENDICI\u00d3N DE CUENTAS \u2013 DETERMINACI\u00d3N DE TRIBUTOS POR LA DGI - Auren Uruguay\" \/>\n<meta property=\"og:description\" content=\"Por la Cra. Elizeth Ligorio\" \/>\n<meta property=\"og:url\" content=\"https:\/\/auren.com\/uy\/noticias\/279-rendicion-de-cuentas-determinacion-de-tributos-por-la-dgi\/\" \/>\n<meta property=\"og:site_name\" content=\"Auren Uruguay\" \/>\n<meta property=\"article:publisher\" content=\"https:\/\/www.facebook.com\/aurenuruguay\" \/>\n<meta property=\"og:image\" content=\"https:\/\/auren.com\/uy\/wp-content\/uploads\/2016\/07\/dgi5.jpg\" \/>\n\t<meta property=\"og:image:width\" content=\"1033\" \/>\n\t<meta property=\"og:image:height\" content=\"675\" \/>\n\t<meta property=\"og:image:type\" content=\"image\/jpeg\" \/>\n<meta name=\"twitter:card\" content=\"summary_large_image\" \/>\n<meta name=\"twitter:site\" content=\"@AurenUruguay\" \/>\n<meta name=\"twitter:label1\" content=\"Tiempo de lectura\" \/>\n\t<meta name=\"twitter:data1\" content=\"3 minutos\" \/>\n<script type=\"application\/ld+json\" class=\"yoast-schema-graph\">{\"@context\":\"https:\\\/\\\/schema.org\",\"@graph\":[{\"@type\":\"WebPage\",\"@id\":\"https:\\\/\\\/auren.com\\\/uy\\\/noticias\\\/279-rendicion-de-cuentas-determinacion-de-tributos-por-la-dgi\\\/\",\"url\":\"https:\\\/\\\/auren.com\\\/uy\\\/noticias\\\/279-rendicion-de-cuentas-determinacion-de-tributos-por-la-dgi\\\/\",\"name\":\"279 - RENDICI\u00d3N DE CUENTAS \u2013 DETERMINACI\u00d3N DE TRIBUTOS POR LA DGI - Auren Uruguay\",\"isPartOf\":{\"@id\":\"https:\\\/\\\/auren.com\\\/uy\\\/#website\"},\"primaryImageOfPage\":{\"@id\":\"https:\\\/\\\/auren.com\\\/uy\\\/noticias\\\/279-rendicion-de-cuentas-determinacion-de-tributos-por-la-dgi\\\/#primaryimage\"},\"image\":{\"@id\":\"https:\\\/\\\/auren.com\\\/uy\\\/noticias\\\/279-rendicion-de-cuentas-determinacion-de-tributos-por-la-dgi\\\/#primaryimage\"},\"thumbnailUrl\":\"https:\\\/\\\/auren.com\\\/uy\\\/wp-content\\\/uploads\\\/2016\\\/07\\\/dgi5.jpg\",\"datePublished\":\"2016-07-08T11:50:38+00:00\",\"breadcrumb\":{\"@id\":\"https:\\\/\\\/auren.com\\\/uy\\\/noticias\\\/279-rendicion-de-cuentas-determinacion-de-tributos-por-la-dgi\\\/#breadcrumb\"},\"inLanguage\":\"es\",\"potentialAction\":[{\"@type\":\"ReadAction\",\"target\":[\"https:\\\/\\\/auren.com\\\/uy\\\/noticias\\\/279-rendicion-de-cuentas-determinacion-de-tributos-por-la-dgi\\\/\"]}]},{\"@type\":\"ImageObject\",\"inLanguage\":\"es\",\"@id\":\"https:\\\/\\\/auren.com\\\/uy\\\/noticias\\\/279-rendicion-de-cuentas-determinacion-de-tributos-por-la-dgi\\\/#primaryimage\",\"url\":\"https:\\\/\\\/auren.com\\\/uy\\\/wp-content\\\/uploads\\\/2016\\\/07\\\/dgi5.jpg\",\"contentUrl\":\"https:\\\/\\\/auren.com\\\/uy\\\/wp-content\\\/uploads\\\/2016\\\/07\\\/dgi5.jpg\",\"width\":1033,\"height\":675},{\"@type\":\"BreadcrumbList\",\"@id\":\"https:\\\/\\\/auren.com\\\/uy\\\/noticias\\\/279-rendicion-de-cuentas-determinacion-de-tributos-por-la-dgi\\\/#breadcrumb\",\"itemListElement\":[{\"@type\":\"ListItem\",\"position\":1,\"name\":\"Portada\",\"item\":\"https:\\\/\\\/auren.com\\\/uy\\\/\"},{\"@type\":\"ListItem\",\"position\":2,\"name\":\"279 &#8211; RENDICI\u00d3N DE CUENTAS \u2013 DETERMINACI\u00d3N DE TRIBUTOS POR LA DGI\"}]},{\"@type\":\"WebSite\",\"@id\":\"https:\\\/\\\/auren.com\\\/uy\\\/#website\",\"url\":\"https:\\\/\\\/auren.com\\\/uy\\\/\",\"name\":\"Auren Uruguay\",\"description\":\"\",\"publisher\":{\"@id\":\"https:\\\/\\\/auren.com\\\/uy\\\/#organization\"},\"potentialAction\":[{\"@type\":\"SearchAction\",\"target\":{\"@type\":\"EntryPoint\",\"urlTemplate\":\"https:\\\/\\\/auren.com\\\/uy\\\/?s={search_term_string}\"},\"query-input\":{\"@type\":\"PropertyValueSpecification\",\"valueRequired\":true,\"valueName\":\"search_term_string\"}}],\"inLanguage\":\"es\"},{\"@type\":\"Organization\",\"@id\":\"https:\\\/\\\/auren.com\\\/uy\\\/#organization\",\"name\":\"Auren Uruguay\",\"url\":\"https:\\\/\\\/auren.com\\\/uy\\\/\",\"logo\":{\"@type\":\"ImageObject\",\"inLanguage\":\"es\",\"@id\":\"https:\\\/\\\/auren.com\\\/uy\\\/#\\\/schema\\\/logo\\\/image\\\/\",\"url\":\"https:\\\/\\\/auren.com\\\/uy\\\/wp-content\\\/uploads\\\/2025\\\/01\\\/cropped-cropped-favicon-Auren.png\",\"contentUrl\":\"https:\\\/\\\/auren.com\\\/uy\\\/wp-content\\\/uploads\\\/2025\\\/01\\\/cropped-cropped-favicon-Auren.png\",\"width\":512,\"height\":512,\"caption\":\"Auren Uruguay\"},\"image\":{\"@id\":\"https:\\\/\\\/auren.com\\\/uy\\\/#\\\/schema\\\/logo\\\/image\\\/\"},\"sameAs\":[\"https:\\\/\\\/www.facebook.com\\\/aurenuruguay\",\"https:\\\/\\\/x.com\\\/AurenUruguay\",\"https:\\\/\\\/www.linkedin.com\\\/company\\\/auren-uruguay\",\"https:\\\/\\\/www.youtube.com\\\/channel\\\/UClkpSYFfsAuqdTaVF5whedQ\",\"https:\\\/\\\/www.instagram.com\\\/aurenuruguay\\\/\"]}]}<\/script>\n<!-- \/ Yoast SEO plugin. -->","yoast_head_json":{"title":"279 - RENDICI\u00d3N DE CUENTAS \u2013 DETERMINACI\u00d3N DE TRIBUTOS POR LA DGI - Auren Uruguay","robots":{"index":"index","follow":"follow","max-snippet":"max-snippet:-1","max-image-preview":"max-image-preview:large","max-video-preview":"max-video-preview:-1"},"canonical":"https:\/\/auren.com\/uy\/noticias\/279-rendicion-de-cuentas-determinacion-de-tributos-por-la-dgi\/","og_locale":"es_ES","og_type":"article","og_title":"279 - RENDICI\u00d3N DE CUENTAS \u2013 DETERMINACI\u00d3N DE TRIBUTOS POR LA DGI - Auren Uruguay","og_description":"Por la Cra. Elizeth Ligorio","og_url":"https:\/\/auren.com\/uy\/noticias\/279-rendicion-de-cuentas-determinacion-de-tributos-por-la-dgi\/","og_site_name":"Auren Uruguay","article_publisher":"https:\/\/www.facebook.com\/aurenuruguay","og_image":[{"width":1033,"height":675,"url":"https:\/\/auren.com\/uy\/wp-content\/uploads\/2016\/07\/dgi5.jpg","type":"image\/jpeg"}],"twitter_card":"summary_large_image","twitter_site":"@AurenUruguay","twitter_misc":{"Tiempo de lectura":"3 minutos"},"schema":{"@context":"https:\/\/schema.org","@graph":[{"@type":"WebPage","@id":"https:\/\/auren.com\/uy\/noticias\/279-rendicion-de-cuentas-determinacion-de-tributos-por-la-dgi\/","url":"https:\/\/auren.com\/uy\/noticias\/279-rendicion-de-cuentas-determinacion-de-tributos-por-la-dgi\/","name":"279 - RENDICI\u00d3N DE CUENTAS \u2013 DETERMINACI\u00d3N DE TRIBUTOS POR LA DGI - Auren Uruguay","isPartOf":{"@id":"https:\/\/auren.com\/uy\/#website"},"primaryImageOfPage":{"@id":"https:\/\/auren.com\/uy\/noticias\/279-rendicion-de-cuentas-determinacion-de-tributos-por-la-dgi\/#primaryimage"},"image":{"@id":"https:\/\/auren.com\/uy\/noticias\/279-rendicion-de-cuentas-determinacion-de-tributos-por-la-dgi\/#primaryimage"},"thumbnailUrl":"https:\/\/auren.com\/uy\/wp-content\/uploads\/2016\/07\/dgi5.jpg","datePublished":"2016-07-08T11:50:38+00:00","breadcrumb":{"@id":"https:\/\/auren.com\/uy\/noticias\/279-rendicion-de-cuentas-determinacion-de-tributos-por-la-dgi\/#breadcrumb"},"inLanguage":"es","potentialAction":[{"@type":"ReadAction","target":["https:\/\/auren.com\/uy\/noticias\/279-rendicion-de-cuentas-determinacion-de-tributos-por-la-dgi\/"]}]},{"@type":"ImageObject","inLanguage":"es","@id":"https:\/\/auren.com\/uy\/noticias\/279-rendicion-de-cuentas-determinacion-de-tributos-por-la-dgi\/#primaryimage","url":"https:\/\/auren.com\/uy\/wp-content\/uploads\/2016\/07\/dgi5.jpg","contentUrl":"https:\/\/auren.com\/uy\/wp-content\/uploads\/2016\/07\/dgi5.jpg","width":1033,"height":675},{"@type":"BreadcrumbList","@id":"https:\/\/auren.com\/uy\/noticias\/279-rendicion-de-cuentas-determinacion-de-tributos-por-la-dgi\/#breadcrumb","itemListElement":[{"@type":"ListItem","position":1,"name":"Portada","item":"https:\/\/auren.com\/uy\/"},{"@type":"ListItem","position":2,"name":"279 &#8211; RENDICI\u00d3N DE CUENTAS \u2013 DETERMINACI\u00d3N DE TRIBUTOS POR LA DGI"}]},{"@type":"WebSite","@id":"https:\/\/auren.com\/uy\/#website","url":"https:\/\/auren.com\/uy\/","name":"Auren Uruguay","description":"","publisher":{"@id":"https:\/\/auren.com\/uy\/#organization"},"potentialAction":[{"@type":"SearchAction","target":{"@type":"EntryPoint","urlTemplate":"https:\/\/auren.com\/uy\/?s={search_term_string}"},"query-input":{"@type":"PropertyValueSpecification","valueRequired":true,"valueName":"search_term_string"}}],"inLanguage":"es"},{"@type":"Organization","@id":"https:\/\/auren.com\/uy\/#organization","name":"Auren Uruguay","url":"https:\/\/auren.com\/uy\/","logo":{"@type":"ImageObject","inLanguage":"es","@id":"https:\/\/auren.com\/uy\/#\/schema\/logo\/image\/","url":"https:\/\/auren.com\/uy\/wp-content\/uploads\/2025\/01\/cropped-cropped-favicon-Auren.png","contentUrl":"https:\/\/auren.com\/uy\/wp-content\/uploads\/2025\/01\/cropped-cropped-favicon-Auren.png","width":512,"height":512,"caption":"Auren Uruguay"},"image":{"@id":"https:\/\/auren.com\/uy\/#\/schema\/logo\/image\/"},"sameAs":["https:\/\/www.facebook.com\/aurenuruguay","https:\/\/x.com\/AurenUruguay","https:\/\/www.linkedin.com\/company\/auren-uruguay","https:\/\/www.youtube.com\/channel\/UClkpSYFfsAuqdTaVF5whedQ","https:\/\/www.instagram.com\/aurenuruguay\/"]}]}},"_links":{"self":[{"href":"https:\/\/auren.com\/uy\/wp-json\/wp\/v2\/new\/11017","targetHints":{"allow":["GET"]}}],"collection":[{"href":"https:\/\/auren.com\/uy\/wp-json\/wp\/v2\/new"}],"about":[{"href":"https:\/\/auren.com\/uy\/wp-json\/wp\/v2\/types\/new"}],"version-history":[{"count":0,"href":"https:\/\/auren.com\/uy\/wp-json\/wp\/v2\/new\/11017\/revisions"}],"wp:featuredmedia":[{"embeddable":true,"href":"https:\/\/auren.com\/uy\/wp-json\/wp\/v2\/media\/11020"}],"wp:attachment":[{"href":"https:\/\/auren.com\/uy\/wp-json\/wp\/v2\/media?parent=11017"}],"wp:term":[{"taxonomy":"new-category","embeddable":true,"href":"https:\/\/auren.com\/uy\/wp-json\/wp\/v2\/new-category?post=11017"}],"curies":[{"name":"wp","href":"https:\/\/api.w.org\/{rel}","templated":true}]}}