{"id":11027,"date":"2016-06-24T14:18:18","date_gmt":"2016-06-24T12:18:18","guid":{"rendered":"https:\/\/auren.com\/uy\/new\/277-rendicion-de-cuentas-novedades-tributarias\/"},"modified":"2016-06-24T14:18:18","modified_gmt":"2016-06-24T12:18:18","slug":"277-rendicion-de-cuentas-novedades-tributarias","status":"publish","type":"new","link":"https:\/\/auren.com\/uy\/noticias\/277-rendicion-de-cuentas-novedades-tributarias\/","title":{"rendered":"277 &#8211; RENDICI\u00d3N DE CUENTAS &#8211; NOVEDADES TRIBUTARIAS"},"content":{"rendered":"<p class=\"has-text-align-justify\">En la presente entrega expondremos brevemente las principales novedades tributarias incluidas en el proyecto de ley de Rendici\u00f3n de Cuentas:<\/p>\n<p class=\"has-text-align-justify has-vivid-red-color has-text-color\" style=\"font-size:25px\"><strong>Impuesto a las Rentas de las Actividades Econ\u00f3micas (IRAE)<\/strong><\/p>\n<p class=\"has-text-align-justify\">&#8211; Se determina que la deducibilidad de la renta bruta de las p\u00e9rdidas fiscales de ejercicios anteriores estar\u00e1 limitada al 50% de la renta neta fiscal obtenida en ejercicio luego de realizar la totalidad de los restantes ajustes de la renta neta.<\/p>\n<p class=\"has-text-align-justify\">&#8211; Se establece que el Ajuste Fiscal por Inflaci\u00f3n, se deber\u00e1 realizar en aquellos periodos en que el Poder Ejecutivo (PE) determine la realizaci\u00f3n preceptiva del ajuste previsto para la elaboraci\u00f3n de los estados contables en econom\u00edas hiperinflacionarias.<\/p>\n<p class=\"has-text-align-justify has-vivid-red-color has-text-color\" style=\"font-size:25px\"><strong>Impuesto a la Renta de las Personas F\u00edsicas (IRPF)<\/strong><\/p>\n<p class=\"has-text-align-justify has-black-color has-text-color\">&#8211; Se grava al 7% las utilidades retiradas por los titulares de empresas unipersonales que obtengan rentas empresariales comprendidas en el <strong>art\u00edculo 3 del T\u00edtulo 4. <\/strong>Sin embargo, exoneradas de IRPF cuando los ingresos en el ejercicio fiscal no superen el l\u00edmite que fije el Poder Ejecutivo (actualmente UI 4.000.000).<\/p>\n<p class=\"has-text-align-justify\">&#8211; Se deroga la exoneraci\u00f3n para las utilidades distribuidas por prestadores de servicios personales fuera de la relaci\u00f3n de dependencia que hayan optado por liquidar IRAE.<\/p>\n<p class=\"has-text-align-justify\">&#8211; Se incrementan al 7% las tasas promocionales que estaban establecidas para ciertos intereses.<\/p>\n<p class=\"has-text-align-justify\">&#8211; La renta neta fiscal gravada por IRAE que al cierre de cada ejercicio fiscal presente una antig\u00fcedad mayor a 3 ejercicios, ser\u00e1 imputada como dividendos o utilidades fictos en el tercer mes del ejercicio siguiente al del c\u00f3mputo del referido plazo. A estos efectos se deducir\u00e1n de la renta neta fiscal las inversiones realizadas en participaciones patrimoniales de otras entidades residentes y en activo fijo e intangible.<\/p>\n<p class=\"has-text-align-justify\">&#8211; Cambios en las tasas de IRPF aplicable a las rentas de trabajo, as\u00ed como las tasas aplicable a las deducciones.<\/p>\n<p class=\"has-text-align-justify has-vivid-red-color has-text-color\" style=\"font-size:25px\"><strong>Impuesto a la Renta de los no Residentes (IRNR)<\/strong><\/p>\n<p class=\"has-text-align-justify\">&#8211; Se incrementan al 7% las tasas promocionales que estaban establecidas para ciertos intereses.<\/p>\n<p class=\"has-text-align-justify\">&#8211; Se establece una tasa del 25% para las rentas obtenidas por entidades residentes, domiciliadas, constituidas o ubicadas en pa\u00edses o jurisdicciones de baja o nula tributaci\u00f3n o que se beneficien de un r\u00e9gimen especial de baja o nula tributaci\u00f3n, excepto para dividendos o utilidades distribuidos por contribuyentes de IRAE.<\/p>\n<p class=\"has-text-align-justify\">&#8211; La renta neta fiscal gravada por IRAE que al cierre de cada ejercicio fiscal presente una antig\u00fcedad mayor a 3 ejercicios, ser\u00e1 imputada como dividendos o utilidades fictos en el tercer mes del ejercicio siguiente al del c\u00f3mputo del referido plazo.<\/p>\n<p class=\"has-text-align-justify\">&#8211; A estos efectos se deducir\u00e1n de la renta neta fiscal las inversiones realizadas en participaciones patrimoniales de otras entidades residentes y en activo fijo e intangible.<\/p>\n<p class=\"has-text-align-justify has-vivid-red-color has-text-color\" style=\"font-size:25px\"><strong>Impuesto de Asistencia a la Seguridad Social (IASS)<\/strong><\/p>\n<p class=\"has-text-align-justify\">&#8211; Cambio en las tasas aplicables a las jubilaciones y pensiones.<\/p>\n<p class=\"has-text-align-justify has-vivid-red-color has-text-color\" style=\"font-size:25px\"><strong>Impuesto al Valor Agregado (IVA)<\/strong><\/p>\n<p class=\"has-text-align-justify\">&#8211; Se faculta al Poder Ejecutivo a reducir hasta dos puntos porcentuales la tasa del IVA aplicable a las enajenaciones de bienes y prestaciones de servicios efectuadas a consumidores finales por montos inferiores a 4.000 UI, siempre que la contraprestaci\u00f3n se efect\u00fae mediante la utilizaci\u00f3n de tarjetas de d\u00e9bito, instrumentos de dinero electr\u00f3nico u otros instrumentos an\u00e1logos.<\/p>\n<p class=\"has-text-align-justify has-vivid-red-color has-text-color\" style=\"font-size:25px\"><strong>Responsabilidad solidaria<\/strong><\/p>\n<p class=\"has-text-align-justify\">&#8211; Se establece que cuando se verifique la existencia de un conjunto econ\u00f3mico, sus integrantes responder\u00e1n solidariamente por los adeudos tributarios generados por cada uno de ellos.<\/p>\n<p><!-- AddThis Advanced Settings generic via filter on the_content --><!-- AddThis Share Buttons generic via filter on the_content --><\/p>\n","protected":false},"excerpt":{"rendered":"<p>Por el Cr. Javier Rimoldi<\/p>\n","protected":false},"featured_media":11030,"template":"","meta":{"_acf_changed":false,"footnotes":""},"new-category":[],"class_list":["post-11027","new","type-new","status-publish","has-post-thumbnail","hentry"],"acf":[],"yoast_head":"<!-- This site is optimized with the Yoast SEO plugin v27.4 - https:\/\/yoast.com\/product\/yoast-seo-wordpress\/ -->\n<title>277 - RENDICI\u00d3N DE CUENTAS - NOVEDADES TRIBUTARIAS - Auren Uruguay<\/title>\n<meta name=\"robots\" content=\"index, follow, max-snippet:-1, max-image-preview:large, max-video-preview:-1\" \/>\n<link rel=\"canonical\" href=\"https:\/\/auren.com\/uy\/noticias\/277-rendicion-de-cuentas-novedades-tributarias\/\" \/>\n<meta property=\"og:locale\" content=\"es_ES\" \/>\n<meta property=\"og:type\" content=\"article\" \/>\n<meta property=\"og:title\" content=\"277 - RENDICI\u00d3N DE CUENTAS - NOVEDADES TRIBUTARIAS - Auren Uruguay\" \/>\n<meta property=\"og:description\" content=\"Por el Cr. Javier Rimoldi\" \/>\n<meta property=\"og:url\" content=\"https:\/\/auren.com\/uy\/noticias\/277-rendicion-de-cuentas-novedades-tributarias\/\" \/>\n<meta property=\"og:site_name\" content=\"Auren Uruguay\" \/>\n<meta property=\"article:publisher\" content=\"https:\/\/www.facebook.com\/aurenuruguay\" \/>\n<meta property=\"og:image\" content=\"https:\/\/auren.com\/uy\/wp-content\/uploads\/2016\/06\/zonaa.jpg\" \/>\n\t<meta property=\"og:image:width\" content=\"2048\" \/>\n\t<meta property=\"og:image:height\" content=\"1365\" \/>\n\t<meta property=\"og:image:type\" content=\"image\/jpeg\" \/>\n<meta name=\"twitter:card\" content=\"summary_large_image\" \/>\n<meta name=\"twitter:site\" content=\"@AurenUruguay\" \/>\n<meta name=\"twitter:label1\" content=\"Tiempo de lectura\" \/>\n\t<meta name=\"twitter:data1\" content=\"3 minutos\" \/>\n<script type=\"application\/ld+json\" class=\"yoast-schema-graph\">{\"@context\":\"https:\\\/\\\/schema.org\",\"@graph\":[{\"@type\":\"WebPage\",\"@id\":\"https:\\\/\\\/auren.com\\\/uy\\\/noticias\\\/277-rendicion-de-cuentas-novedades-tributarias\\\/\",\"url\":\"https:\\\/\\\/auren.com\\\/uy\\\/noticias\\\/277-rendicion-de-cuentas-novedades-tributarias\\\/\",\"name\":\"277 - RENDICI\u00d3N DE CUENTAS - NOVEDADES TRIBUTARIAS - Auren Uruguay\",\"isPartOf\":{\"@id\":\"https:\\\/\\\/auren.com\\\/uy\\\/#website\"},\"primaryImageOfPage\":{\"@id\":\"https:\\\/\\\/auren.com\\\/uy\\\/noticias\\\/277-rendicion-de-cuentas-novedades-tributarias\\\/#primaryimage\"},\"image\":{\"@id\":\"https:\\\/\\\/auren.com\\\/uy\\\/noticias\\\/277-rendicion-de-cuentas-novedades-tributarias\\\/#primaryimage\"},\"thumbnailUrl\":\"https:\\\/\\\/auren.com\\\/uy\\\/wp-content\\\/uploads\\\/2016\\\/06\\\/zonaa.jpg\",\"datePublished\":\"2016-06-24T12:18:18+00:00\",\"breadcrumb\":{\"@id\":\"https:\\\/\\\/auren.com\\\/uy\\\/noticias\\\/277-rendicion-de-cuentas-novedades-tributarias\\\/#breadcrumb\"},\"inLanguage\":\"es\",\"potentialAction\":[{\"@type\":\"ReadAction\",\"target\":[\"https:\\\/\\\/auren.com\\\/uy\\\/noticias\\\/277-rendicion-de-cuentas-novedades-tributarias\\\/\"]}]},{\"@type\":\"ImageObject\",\"inLanguage\":\"es\",\"@id\":\"https:\\\/\\\/auren.com\\\/uy\\\/noticias\\\/277-rendicion-de-cuentas-novedades-tributarias\\\/#primaryimage\",\"url\":\"https:\\\/\\\/auren.com\\\/uy\\\/wp-content\\\/uploads\\\/2016\\\/06\\\/zonaa.jpg\",\"contentUrl\":\"https:\\\/\\\/auren.com\\\/uy\\\/wp-content\\\/uploads\\\/2016\\\/06\\\/zonaa.jpg\",\"width\":2048,\"height\":1365},{\"@type\":\"BreadcrumbList\",\"@id\":\"https:\\\/\\\/auren.com\\\/uy\\\/noticias\\\/277-rendicion-de-cuentas-novedades-tributarias\\\/#breadcrumb\",\"itemListElement\":[{\"@type\":\"ListItem\",\"position\":1,\"name\":\"Portada\",\"item\":\"https:\\\/\\\/auren.com\\\/uy\\\/\"},{\"@type\":\"ListItem\",\"position\":2,\"name\":\"277 &#8211; RENDICI\u00d3N DE CUENTAS &#8211; NOVEDADES TRIBUTARIAS\"}]},{\"@type\":\"WebSite\",\"@id\":\"https:\\\/\\\/auren.com\\\/uy\\\/#website\",\"url\":\"https:\\\/\\\/auren.com\\\/uy\\\/\",\"name\":\"Auren Uruguay\",\"description\":\"\",\"publisher\":{\"@id\":\"https:\\\/\\\/auren.com\\\/uy\\\/#organization\"},\"potentialAction\":[{\"@type\":\"SearchAction\",\"target\":{\"@type\":\"EntryPoint\",\"urlTemplate\":\"https:\\\/\\\/auren.com\\\/uy\\\/?s={search_term_string}\"},\"query-input\":{\"@type\":\"PropertyValueSpecification\",\"valueRequired\":true,\"valueName\":\"search_term_string\"}}],\"inLanguage\":\"es\"},{\"@type\":\"Organization\",\"@id\":\"https:\\\/\\\/auren.com\\\/uy\\\/#organization\",\"name\":\"Auren Uruguay\",\"url\":\"https:\\\/\\\/auren.com\\\/uy\\\/\",\"logo\":{\"@type\":\"ImageObject\",\"inLanguage\":\"es\",\"@id\":\"https:\\\/\\\/auren.com\\\/uy\\\/#\\\/schema\\\/logo\\\/image\\\/\",\"url\":\"https:\\\/\\\/auren.com\\\/uy\\\/wp-content\\\/uploads\\\/2025\\\/01\\\/cropped-cropped-favicon-Auren.png\",\"contentUrl\":\"https:\\\/\\\/auren.com\\\/uy\\\/wp-content\\\/uploads\\\/2025\\\/01\\\/cropped-cropped-favicon-Auren.png\",\"width\":512,\"height\":512,\"caption\":\"Auren Uruguay\"},\"image\":{\"@id\":\"https:\\\/\\\/auren.com\\\/uy\\\/#\\\/schema\\\/logo\\\/image\\\/\"},\"sameAs\":[\"https:\\\/\\\/www.facebook.com\\\/aurenuruguay\",\"https:\\\/\\\/x.com\\\/AurenUruguay\",\"https:\\\/\\\/www.linkedin.com\\\/company\\\/auren-uruguay\",\"https:\\\/\\\/www.youtube.com\\\/channel\\\/UClkpSYFfsAuqdTaVF5whedQ\",\"https:\\\/\\\/www.instagram.com\\\/aurenuruguay\\\/\"]}]}<\/script>\n<!-- \/ Yoast SEO plugin. -->","yoast_head_json":{"title":"277 - RENDICI\u00d3N DE CUENTAS - NOVEDADES TRIBUTARIAS - Auren Uruguay","robots":{"index":"index","follow":"follow","max-snippet":"max-snippet:-1","max-image-preview":"max-image-preview:large","max-video-preview":"max-video-preview:-1"},"canonical":"https:\/\/auren.com\/uy\/noticias\/277-rendicion-de-cuentas-novedades-tributarias\/","og_locale":"es_ES","og_type":"article","og_title":"277 - RENDICI\u00d3N DE CUENTAS - NOVEDADES TRIBUTARIAS - Auren Uruguay","og_description":"Por el Cr. Javier Rimoldi","og_url":"https:\/\/auren.com\/uy\/noticias\/277-rendicion-de-cuentas-novedades-tributarias\/","og_site_name":"Auren Uruguay","article_publisher":"https:\/\/www.facebook.com\/aurenuruguay","og_image":[{"width":2048,"height":1365,"url":"https:\/\/auren.com\/uy\/wp-content\/uploads\/2016\/06\/zonaa.jpg","type":"image\/jpeg"}],"twitter_card":"summary_large_image","twitter_site":"@AurenUruguay","twitter_misc":{"Tiempo de lectura":"3 minutos"},"schema":{"@context":"https:\/\/schema.org","@graph":[{"@type":"WebPage","@id":"https:\/\/auren.com\/uy\/noticias\/277-rendicion-de-cuentas-novedades-tributarias\/","url":"https:\/\/auren.com\/uy\/noticias\/277-rendicion-de-cuentas-novedades-tributarias\/","name":"277 - RENDICI\u00d3N DE CUENTAS - NOVEDADES TRIBUTARIAS - Auren Uruguay","isPartOf":{"@id":"https:\/\/auren.com\/uy\/#website"},"primaryImageOfPage":{"@id":"https:\/\/auren.com\/uy\/noticias\/277-rendicion-de-cuentas-novedades-tributarias\/#primaryimage"},"image":{"@id":"https:\/\/auren.com\/uy\/noticias\/277-rendicion-de-cuentas-novedades-tributarias\/#primaryimage"},"thumbnailUrl":"https:\/\/auren.com\/uy\/wp-content\/uploads\/2016\/06\/zonaa.jpg","datePublished":"2016-06-24T12:18:18+00:00","breadcrumb":{"@id":"https:\/\/auren.com\/uy\/noticias\/277-rendicion-de-cuentas-novedades-tributarias\/#breadcrumb"},"inLanguage":"es","potentialAction":[{"@type":"ReadAction","target":["https:\/\/auren.com\/uy\/noticias\/277-rendicion-de-cuentas-novedades-tributarias\/"]}]},{"@type":"ImageObject","inLanguage":"es","@id":"https:\/\/auren.com\/uy\/noticias\/277-rendicion-de-cuentas-novedades-tributarias\/#primaryimage","url":"https:\/\/auren.com\/uy\/wp-content\/uploads\/2016\/06\/zonaa.jpg","contentUrl":"https:\/\/auren.com\/uy\/wp-content\/uploads\/2016\/06\/zonaa.jpg","width":2048,"height":1365},{"@type":"BreadcrumbList","@id":"https:\/\/auren.com\/uy\/noticias\/277-rendicion-de-cuentas-novedades-tributarias\/#breadcrumb","itemListElement":[{"@type":"ListItem","position":1,"name":"Portada","item":"https:\/\/auren.com\/uy\/"},{"@type":"ListItem","position":2,"name":"277 &#8211; RENDICI\u00d3N DE CUENTAS &#8211; NOVEDADES TRIBUTARIAS"}]},{"@type":"WebSite","@id":"https:\/\/auren.com\/uy\/#website","url":"https:\/\/auren.com\/uy\/","name":"Auren Uruguay","description":"","publisher":{"@id":"https:\/\/auren.com\/uy\/#organization"},"potentialAction":[{"@type":"SearchAction","target":{"@type":"EntryPoint","urlTemplate":"https:\/\/auren.com\/uy\/?s={search_term_string}"},"query-input":{"@type":"PropertyValueSpecification","valueRequired":true,"valueName":"search_term_string"}}],"inLanguage":"es"},{"@type":"Organization","@id":"https:\/\/auren.com\/uy\/#organization","name":"Auren Uruguay","url":"https:\/\/auren.com\/uy\/","logo":{"@type":"ImageObject","inLanguage":"es","@id":"https:\/\/auren.com\/uy\/#\/schema\/logo\/image\/","url":"https:\/\/auren.com\/uy\/wp-content\/uploads\/2025\/01\/cropped-cropped-favicon-Auren.png","contentUrl":"https:\/\/auren.com\/uy\/wp-content\/uploads\/2025\/01\/cropped-cropped-favicon-Auren.png","width":512,"height":512,"caption":"Auren Uruguay"},"image":{"@id":"https:\/\/auren.com\/uy\/#\/schema\/logo\/image\/"},"sameAs":["https:\/\/www.facebook.com\/aurenuruguay","https:\/\/x.com\/AurenUruguay","https:\/\/www.linkedin.com\/company\/auren-uruguay","https:\/\/www.youtube.com\/channel\/UClkpSYFfsAuqdTaVF5whedQ","https:\/\/www.instagram.com\/aurenuruguay\/"]}]}},"_links":{"self":[{"href":"https:\/\/auren.com\/uy\/wp-json\/wp\/v2\/new\/11027","targetHints":{"allow":["GET"]}}],"collection":[{"href":"https:\/\/auren.com\/uy\/wp-json\/wp\/v2\/new"}],"about":[{"href":"https:\/\/auren.com\/uy\/wp-json\/wp\/v2\/types\/new"}],"version-history":[{"count":0,"href":"https:\/\/auren.com\/uy\/wp-json\/wp\/v2\/new\/11027\/revisions"}],"wp:featuredmedia":[{"embeddable":true,"href":"https:\/\/auren.com\/uy\/wp-json\/wp\/v2\/media\/11030"}],"wp:attachment":[{"href":"https:\/\/auren.com\/uy\/wp-json\/wp\/v2\/media?parent=11027"}],"wp:term":[{"taxonomy":"new-category","embeddable":true,"href":"https:\/\/auren.com\/uy\/wp-json\/wp\/v2\/new-category?post=11027"}],"curies":[{"name":"wp","href":"https:\/\/api.w.org\/{rel}","templated":true}]}}