{"id":11037,"date":"2016-06-10T16:41:10","date_gmt":"2016-06-10T14:41:10","guid":{"rendered":"https:\/\/auren.com\/uy\/new\/275-sancion-por-falta-de-registro-de-estados-contables-ante-la-auditoria-interna-de-la-nacion-ain\/"},"modified":"2016-06-10T16:41:10","modified_gmt":"2016-06-10T14:41:10","slug":"275-sancion-por-falta-de-registro-de-estados-contables-ante-la-auditoria-interna-de-la-nacion-ain","status":"publish","type":"new","link":"https:\/\/auren.com\/uy\/noticias\/275-sancion-por-falta-de-registro-de-estados-contables-ante-la-auditoria-interna-de-la-nacion-ain\/","title":{"rendered":"275 &#8211; SANCI\u00d3N POR FALTA DE REGISTRO DE ESTADOS CONTABLES ANTE LA AUDITOR\u00cdA INTERNA DE LA NACI\u00d3N (AIN)."},"content":{"rendered":"<p class=\"has-text-align-justify\">Con la aprobaci\u00f3n del decreto 156\/016 de fecha 30 de mayo de 2016, se introdujeron modificaciones respecto de las condiciones para estar obligado a registrar los estados contables ante la AIN y las sanciones por incumplimiento.<\/p>\n<p class=\"has-text-align-left has-vivid-red-color has-text-color\" style=\"font-size:25px\"><strong>\u00bfQui\u00e9nes est\u00e1n obligados a registrar?<\/strong><\/p>\n<p class=\"has-text-align-justify\">Est\u00e1n obligadas las sociedades comerciales, las sociedades y asociaciones civiles, las fundaciones, las cooperativas, las sociedades y asociaciones agrarias, las entidades no residentes que act\u00faen a trav\u00e9s de un establecimiento permanente o radiquen en territorio nacional su sede de direcci\u00f3n efectiva, y los fideicomisos y fondos de inversi\u00f3n no sometidos a regulaci\u00f3n por el Banco Central del Uruguay (BCU).<\/p>\n<p class=\"has-text-align-justify\">No regir\u00e1n las disposiciones del presente Decreto para las instituciones de intermediaci\u00f3n financiera, las empresas aseguradoras, las administradoras de fondos de ahorro previsional y los intermediarios de valores, sometidos al control, supervisi\u00f3n y\/o superintendencia del BCU.<\/p>\n<p class=\"has-text-align-left has-vivid-red-color has-text-color\" style=\"font-size:25px\"><strong>\u00bfCu\u00e1ndo se est\u00e1 obligado?<\/strong><\/p>\n<p class=\"has-text-align-justify\">a) Cuando los ingresos de sus actividades ordinarias, al cierre de cada ejercicio anual, superen U.I. 26.300.000; o<\/p>\n<p class=\"has-text-align-justify\">b) Cuando obtengan ingresos que superen las U.I. 4.000.000 al cierre de cada ejercicio anual, siempre que al menos el 90% de los mismos generen rentas que no sean de fuente uruguaya.<\/p>\n<p class=\"has-text-align-justify\">En ambos casos se deber\u00e1n considerar los ingresos generados en el ejercicio anterior. En caso que dicho ejercicio abarque un per\u00edodo menor a doce meses, los ingresos deber\u00e1n ser proporcionados a un ejercicio completo.<\/p>\n<p class=\"has-text-align-justify\">El valor de U.I. aplicable, ser\u00e1 el vigente a la fecha de cierre del ejercicio.<\/p>\n<p class=\"has-text-align-left has-vivid-red-color has-text-color\" style=\"font-size:25px\"><strong>\u00bfEn qu\u00e9 plazo se deben presentar los estados contables?<\/strong><\/p>\n<p class=\"has-text-align-justify\">El plazo ser\u00e1 de 180 d\u00edas corridos, contados a partir del d\u00eda siguiente a la fecha de cierre del ejercicio.<\/p>\n<p class=\"has-text-align-left has-vivid-red-color has-text-color\" style=\"font-size:25px\"><strong>Sanci\u00f3n por incumplimiento:<\/strong><\/p>\n<p class=\"has-text-align-justify\">El incumplimiento del deber de registrar los estados contables en el plazo fijado dar\u00e1 lugar a sanciones pecuniarias y a la <strong>prohibici\u00f3n de distribuir utilidades<\/strong> hasta tanto se cumpla con dicha obligaci\u00f3n.<\/p>\n<p class=\"has-text-align-justify\">Las <strong>multas<\/strong> impuestas por la AIN por el incumplimiento del deber de registrar en el plazo fijado y de la prohibici\u00f3n de distribuir utilidades son:<\/p>\n<p class=\"has-text-align-justify\">1) Incumplimiento de la obligaci\u00f3n de registrar en plazo:<\/p>\n<p class=\"has-text-align-justify\">a)U.I. 2.000.<\/p>\n<p class=\"has-text-align-justify\">b)U.I. 3.000 en caso de reiterarse el incumplimiento en un per\u00edodo de cinco a\u00f1os calendario, que no ser\u00e1 acumulable con la del literal a).<\/p>\n<p class=\"has-text-align-justify\">2) Incumplimiento de la prohibici\u00f3n de distribuir utilidades:<\/p>\n<p class=\"has-text-align-justify\">a)U.I. 125.000.<\/p>\n<p class=\"has-text-align-justify\">b)U.I. 250.000 en caso de reiterarse el incumplimiento en un per\u00edodo de cinco a\u00f1os calendario, que no ser\u00e1 acumulable con la del literal a).<\/p>\n<p class=\"has-text-align-justify\">Las multas aplicables no podr\u00e1n superar el valor equivalente a U.R. 10.000.<\/p>\n<p class=\"has-text-align-justify\">Adem\u00e1s de las sanciones expuestas anteriormente, una vez notificado el acto de imposici\u00f3n de la multa, la AIN comunicar\u00e1 a la DGI, la n\u00f3mina de aquellos obligados que hubieren omitido registrar sus estados contables, a los efectos de la <strong>suspensi\u00f3n de la vigencia del certificado anual<\/strong>.<\/p>\n<p class=\"has-text-align-left has-vivid-red-color has-text-color\" style=\"font-size:25px\"><strong>Vigencia:<\/strong><\/p>\n<p class=\"has-text-align-justify\">Para las sociedades comerciales, el r\u00e9gimen comenzar\u00e1 a regir para los ejercicios cerrados a partir del d\u00eda h\u00e1bil siguiente a la fecha de publicaci\u00f3n en el Diario Oficial de la Resoluci\u00f3n que dicte la AIN reglamentando formalidades y condiciones requeridas para la presentaci\u00f3n de los estados contables.<\/p>\n<p class=\"has-text-align-justify\">Para los restantes obligados comenzar\u00e1 a regir para los ejercicios iniciados a partir de la referida fecha.<\/p>\n<\/p>\n<p><!-- AddThis Advanced Settings generic via filter on the_content --><!-- AddThis Share Buttons generic via filter on the_content --><\/p>\n","protected":false},"excerpt":{"rendered":"<p>Por el Cr. Sebasti\u00e1n Mu\u00f1oz.<\/p>\n","protected":false},"featured_media":11040,"template":"","meta":{"_acf_changed":false,"footnotes":""},"new-category":[],"class_list":["post-11037","new","type-new","status-publish","has-post-thumbnail","hentry"],"acf":[],"yoast_head":"<!-- This site is optimized with the Yoast SEO plugin v27.4 - https:\/\/yoast.com\/product\/yoast-seo-wordpress\/ -->\n<title>275 - SANCI\u00d3N POR FALTA DE REGISTRO DE ESTADOS CONTABLES ANTE LA AUDITOR\u00cdA INTERNA DE LA NACI\u00d3N (AIN). - Auren Uruguay<\/title>\n<meta name=\"robots\" content=\"index, follow, max-snippet:-1, max-image-preview:large, max-video-preview:-1\" \/>\n<link rel=\"canonical\" href=\"https:\/\/auren.com\/uy\/noticias\/275-sancion-por-falta-de-registro-de-estados-contables-ante-la-auditoria-interna-de-la-nacion-ain\/\" \/>\n<meta property=\"og:locale\" content=\"es_ES\" \/>\n<meta property=\"og:type\" content=\"article\" \/>\n<meta property=\"og:title\" content=\"275 - SANCI\u00d3N POR FALTA DE REGISTRO DE ESTADOS CONTABLES ANTE LA AUDITOR\u00cdA INTERNA DE LA NACI\u00d3N (AIN). - Auren Uruguay\" \/>\n<meta property=\"og:description\" content=\"Por el Cr. Sebasti\u00e1n Mu\u00f1oz.\" \/>\n<meta property=\"og:url\" content=\"https:\/\/auren.com\/uy\/noticias\/275-sancion-por-falta-de-registro-de-estados-contables-ante-la-auditoria-interna-de-la-nacion-ain\/\" \/>\n<meta property=\"og:site_name\" content=\"Auren Uruguay\" \/>\n<meta property=\"article:publisher\" content=\"https:\/\/www.facebook.com\/aurenuruguay\" \/>\n<meta property=\"og:image\" content=\"https:\/\/auren.com\/uy\/wp-content\/uploads\/2016\/06\/sum.jpg\" \/>\n\t<meta property=\"og:image:width\" content=\"2048\" \/>\n\t<meta property=\"og:image:height\" content=\"1365\" \/>\n\t<meta property=\"og:image:type\" content=\"image\/jpeg\" \/>\n<meta name=\"twitter:card\" content=\"summary_large_image\" \/>\n<meta name=\"twitter:site\" content=\"@AurenUruguay\" \/>\n<meta name=\"twitter:label1\" content=\"Tiempo de lectura\" \/>\n\t<meta name=\"twitter:data1\" content=\"3 minutos\" \/>\n<script type=\"application\/ld+json\" class=\"yoast-schema-graph\">{\"@context\":\"https:\\\/\\\/schema.org\",\"@graph\":[{\"@type\":\"WebPage\",\"@id\":\"https:\\\/\\\/auren.com\\\/uy\\\/noticias\\\/275-sancion-por-falta-de-registro-de-estados-contables-ante-la-auditoria-interna-de-la-nacion-ain\\\/\",\"url\":\"https:\\\/\\\/auren.com\\\/uy\\\/noticias\\\/275-sancion-por-falta-de-registro-de-estados-contables-ante-la-auditoria-interna-de-la-nacion-ain\\\/\",\"name\":\"275 - SANCI\u00d3N POR FALTA DE REGISTRO DE ESTADOS CONTABLES ANTE LA AUDITOR\u00cdA INTERNA DE LA NACI\u00d3N (AIN). - Auren Uruguay\",\"isPartOf\":{\"@id\":\"https:\\\/\\\/auren.com\\\/uy\\\/#website\"},\"primaryImageOfPage\":{\"@id\":\"https:\\\/\\\/auren.com\\\/uy\\\/noticias\\\/275-sancion-por-falta-de-registro-de-estados-contables-ante-la-auditoria-interna-de-la-nacion-ain\\\/#primaryimage\"},\"image\":{\"@id\":\"https:\\\/\\\/auren.com\\\/uy\\\/noticias\\\/275-sancion-por-falta-de-registro-de-estados-contables-ante-la-auditoria-interna-de-la-nacion-ain\\\/#primaryimage\"},\"thumbnailUrl\":\"https:\\\/\\\/auren.com\\\/uy\\\/wp-content\\\/uploads\\\/2016\\\/06\\\/sum.jpg\",\"datePublished\":\"2016-06-10T14:41:10+00:00\",\"breadcrumb\":{\"@id\":\"https:\\\/\\\/auren.com\\\/uy\\\/noticias\\\/275-sancion-por-falta-de-registro-de-estados-contables-ante-la-auditoria-interna-de-la-nacion-ain\\\/#breadcrumb\"},\"inLanguage\":\"es\",\"potentialAction\":[{\"@type\":\"ReadAction\",\"target\":[\"https:\\\/\\\/auren.com\\\/uy\\\/noticias\\\/275-sancion-por-falta-de-registro-de-estados-contables-ante-la-auditoria-interna-de-la-nacion-ain\\\/\"]}]},{\"@type\":\"ImageObject\",\"inLanguage\":\"es\",\"@id\":\"https:\\\/\\\/auren.com\\\/uy\\\/noticias\\\/275-sancion-por-falta-de-registro-de-estados-contables-ante-la-auditoria-interna-de-la-nacion-ain\\\/#primaryimage\",\"url\":\"https:\\\/\\\/auren.com\\\/uy\\\/wp-content\\\/uploads\\\/2016\\\/06\\\/sum.jpg\",\"contentUrl\":\"https:\\\/\\\/auren.com\\\/uy\\\/wp-content\\\/uploads\\\/2016\\\/06\\\/sum.jpg\",\"width\":2048,\"height\":1365},{\"@type\":\"BreadcrumbList\",\"@id\":\"https:\\\/\\\/auren.com\\\/uy\\\/noticias\\\/275-sancion-por-falta-de-registro-de-estados-contables-ante-la-auditoria-interna-de-la-nacion-ain\\\/#breadcrumb\",\"itemListElement\":[{\"@type\":\"ListItem\",\"position\":1,\"name\":\"Portada\",\"item\":\"https:\\\/\\\/auren.com\\\/uy\\\/\"},{\"@type\":\"ListItem\",\"position\":2,\"name\":\"275 &#8211; SANCI\u00d3N POR FALTA DE REGISTRO DE ESTADOS CONTABLES ANTE LA AUDITOR\u00cdA INTERNA DE LA NACI\u00d3N (AIN).\"}]},{\"@type\":\"WebSite\",\"@id\":\"https:\\\/\\\/auren.com\\\/uy\\\/#website\",\"url\":\"https:\\\/\\\/auren.com\\\/uy\\\/\",\"name\":\"Auren Uruguay\",\"description\":\"\",\"publisher\":{\"@id\":\"https:\\\/\\\/auren.com\\\/uy\\\/#organization\"},\"potentialAction\":[{\"@type\":\"SearchAction\",\"target\":{\"@type\":\"EntryPoint\",\"urlTemplate\":\"https:\\\/\\\/auren.com\\\/uy\\\/?s={search_term_string}\"},\"query-input\":{\"@type\":\"PropertyValueSpecification\",\"valueRequired\":true,\"valueName\":\"search_term_string\"}}],\"inLanguage\":\"es\"},{\"@type\":\"Organization\",\"@id\":\"https:\\\/\\\/auren.com\\\/uy\\\/#organization\",\"name\":\"Auren Uruguay\",\"url\":\"https:\\\/\\\/auren.com\\\/uy\\\/\",\"logo\":{\"@type\":\"ImageObject\",\"inLanguage\":\"es\",\"@id\":\"https:\\\/\\\/auren.com\\\/uy\\\/#\\\/schema\\\/logo\\\/image\\\/\",\"url\":\"https:\\\/\\\/auren.com\\\/uy\\\/wp-content\\\/uploads\\\/2025\\\/01\\\/cropped-cropped-favicon-Auren.png\",\"contentUrl\":\"https:\\\/\\\/auren.com\\\/uy\\\/wp-content\\\/uploads\\\/2025\\\/01\\\/cropped-cropped-favicon-Auren.png\",\"width\":512,\"height\":512,\"caption\":\"Auren Uruguay\"},\"image\":{\"@id\":\"https:\\\/\\\/auren.com\\\/uy\\\/#\\\/schema\\\/logo\\\/image\\\/\"},\"sameAs\":[\"https:\\\/\\\/www.facebook.com\\\/aurenuruguay\",\"https:\\\/\\\/x.com\\\/AurenUruguay\",\"https:\\\/\\\/www.linkedin.com\\\/company\\\/auren-uruguay\",\"https:\\\/\\\/www.youtube.com\\\/channel\\\/UClkpSYFfsAuqdTaVF5whedQ\",\"https:\\\/\\\/www.instagram.com\\\/aurenuruguay\\\/\"]}]}<\/script>\n<!-- \/ Yoast SEO plugin. -->","yoast_head_json":{"title":"275 - SANCI\u00d3N POR FALTA DE REGISTRO DE ESTADOS CONTABLES ANTE LA AUDITOR\u00cdA INTERNA DE LA NACI\u00d3N (AIN). - Auren Uruguay","robots":{"index":"index","follow":"follow","max-snippet":"max-snippet:-1","max-image-preview":"max-image-preview:large","max-video-preview":"max-video-preview:-1"},"canonical":"https:\/\/auren.com\/uy\/noticias\/275-sancion-por-falta-de-registro-de-estados-contables-ante-la-auditoria-interna-de-la-nacion-ain\/","og_locale":"es_ES","og_type":"article","og_title":"275 - SANCI\u00d3N POR FALTA DE REGISTRO DE ESTADOS CONTABLES ANTE LA AUDITOR\u00cdA INTERNA DE LA NACI\u00d3N (AIN). - Auren Uruguay","og_description":"Por el Cr. Sebasti\u00e1n Mu\u00f1oz.","og_url":"https:\/\/auren.com\/uy\/noticias\/275-sancion-por-falta-de-registro-de-estados-contables-ante-la-auditoria-interna-de-la-nacion-ain\/","og_site_name":"Auren Uruguay","article_publisher":"https:\/\/www.facebook.com\/aurenuruguay","og_image":[{"width":2048,"height":1365,"url":"https:\/\/auren.com\/uy\/wp-content\/uploads\/2016\/06\/sum.jpg","type":"image\/jpeg"}],"twitter_card":"summary_large_image","twitter_site":"@AurenUruguay","twitter_misc":{"Tiempo de lectura":"3 minutos"},"schema":{"@context":"https:\/\/schema.org","@graph":[{"@type":"WebPage","@id":"https:\/\/auren.com\/uy\/noticias\/275-sancion-por-falta-de-registro-de-estados-contables-ante-la-auditoria-interna-de-la-nacion-ain\/","url":"https:\/\/auren.com\/uy\/noticias\/275-sancion-por-falta-de-registro-de-estados-contables-ante-la-auditoria-interna-de-la-nacion-ain\/","name":"275 - SANCI\u00d3N POR FALTA DE REGISTRO DE ESTADOS CONTABLES ANTE LA AUDITOR\u00cdA INTERNA DE LA NACI\u00d3N (AIN). - Auren Uruguay","isPartOf":{"@id":"https:\/\/auren.com\/uy\/#website"},"primaryImageOfPage":{"@id":"https:\/\/auren.com\/uy\/noticias\/275-sancion-por-falta-de-registro-de-estados-contables-ante-la-auditoria-interna-de-la-nacion-ain\/#primaryimage"},"image":{"@id":"https:\/\/auren.com\/uy\/noticias\/275-sancion-por-falta-de-registro-de-estados-contables-ante-la-auditoria-interna-de-la-nacion-ain\/#primaryimage"},"thumbnailUrl":"https:\/\/auren.com\/uy\/wp-content\/uploads\/2016\/06\/sum.jpg","datePublished":"2016-06-10T14:41:10+00:00","breadcrumb":{"@id":"https:\/\/auren.com\/uy\/noticias\/275-sancion-por-falta-de-registro-de-estados-contables-ante-la-auditoria-interna-de-la-nacion-ain\/#breadcrumb"},"inLanguage":"es","potentialAction":[{"@type":"ReadAction","target":["https:\/\/auren.com\/uy\/noticias\/275-sancion-por-falta-de-registro-de-estados-contables-ante-la-auditoria-interna-de-la-nacion-ain\/"]}]},{"@type":"ImageObject","inLanguage":"es","@id":"https:\/\/auren.com\/uy\/noticias\/275-sancion-por-falta-de-registro-de-estados-contables-ante-la-auditoria-interna-de-la-nacion-ain\/#primaryimage","url":"https:\/\/auren.com\/uy\/wp-content\/uploads\/2016\/06\/sum.jpg","contentUrl":"https:\/\/auren.com\/uy\/wp-content\/uploads\/2016\/06\/sum.jpg","width":2048,"height":1365},{"@type":"BreadcrumbList","@id":"https:\/\/auren.com\/uy\/noticias\/275-sancion-por-falta-de-registro-de-estados-contables-ante-la-auditoria-interna-de-la-nacion-ain\/#breadcrumb","itemListElement":[{"@type":"ListItem","position":1,"name":"Portada","item":"https:\/\/auren.com\/uy\/"},{"@type":"ListItem","position":2,"name":"275 &#8211; SANCI\u00d3N POR FALTA DE REGISTRO DE ESTADOS CONTABLES ANTE LA AUDITOR\u00cdA INTERNA DE LA NACI\u00d3N (AIN)."}]},{"@type":"WebSite","@id":"https:\/\/auren.com\/uy\/#website","url":"https:\/\/auren.com\/uy\/","name":"Auren Uruguay","description":"","publisher":{"@id":"https:\/\/auren.com\/uy\/#organization"},"potentialAction":[{"@type":"SearchAction","target":{"@type":"EntryPoint","urlTemplate":"https:\/\/auren.com\/uy\/?s={search_term_string}"},"query-input":{"@type":"PropertyValueSpecification","valueRequired":true,"valueName":"search_term_string"}}],"inLanguage":"es"},{"@type":"Organization","@id":"https:\/\/auren.com\/uy\/#organization","name":"Auren Uruguay","url":"https:\/\/auren.com\/uy\/","logo":{"@type":"ImageObject","inLanguage":"es","@id":"https:\/\/auren.com\/uy\/#\/schema\/logo\/image\/","url":"https:\/\/auren.com\/uy\/wp-content\/uploads\/2025\/01\/cropped-cropped-favicon-Auren.png","contentUrl":"https:\/\/auren.com\/uy\/wp-content\/uploads\/2025\/01\/cropped-cropped-favicon-Auren.png","width":512,"height":512,"caption":"Auren Uruguay"},"image":{"@id":"https:\/\/auren.com\/uy\/#\/schema\/logo\/image\/"},"sameAs":["https:\/\/www.facebook.com\/aurenuruguay","https:\/\/x.com\/AurenUruguay","https:\/\/www.linkedin.com\/company\/auren-uruguay","https:\/\/www.youtube.com\/channel\/UClkpSYFfsAuqdTaVF5whedQ","https:\/\/www.instagram.com\/aurenuruguay\/"]}]}},"_links":{"self":[{"href":"https:\/\/auren.com\/uy\/wp-json\/wp\/v2\/new\/11037","targetHints":{"allow":["GET"]}}],"collection":[{"href":"https:\/\/auren.com\/uy\/wp-json\/wp\/v2\/new"}],"about":[{"href":"https:\/\/auren.com\/uy\/wp-json\/wp\/v2\/types\/new"}],"version-history":[{"count":0,"href":"https:\/\/auren.com\/uy\/wp-json\/wp\/v2\/new\/11037\/revisions"}],"wp:featuredmedia":[{"embeddable":true,"href":"https:\/\/auren.com\/uy\/wp-json\/wp\/v2\/media\/11040"}],"wp:attachment":[{"href":"https:\/\/auren.com\/uy\/wp-json\/wp\/v2\/media?parent=11037"}],"wp:term":[{"taxonomy":"new-category","embeddable":true,"href":"https:\/\/auren.com\/uy\/wp-json\/wp\/v2\/new-category?post=11037"}],"curies":[{"name":"wp","href":"https:\/\/api.w.org\/{rel}","templated":true}]}}