{"id":11147,"date":"2015-11-20T14:22:00","date_gmt":"2015-11-20T13:22:00","guid":{"rendered":"https:\/\/auren.com\/uy\/new\/249-inclusion-financiera-pago-de-arrendamientos\/"},"modified":"2015-11-20T14:22:00","modified_gmt":"2015-11-20T13:22:00","slug":"249-inclusion-financiera-pago-de-arrendamientos","status":"publish","type":"new","link":"https:\/\/auren.com\/uy\/noticias\/249-inclusion-financiera-pago-de-arrendamientos\/","title":{"rendered":"249 &#8211; INCLUSI\u00d3N FINANCIERA: PAGO DE ARRENDAMIENTOS"},"content":{"rendered":"<p class=\"has-text-align-justify\">El pasado mes de octubre se public\u00f3 el <strong>D<\/strong><strong>ecreto<\/strong><strong> N\u00ba<\/strong><strong> 264\/015<\/strong>, por medio del cual se disponen ciertas adecuaciones necesarias a efectos de hacer operativo lo previsto por medio del <strong>art\u00ed<\/strong><strong>culo 39<\/strong> de la <strong>Ley N\u00ba 19.210<\/strong> de Inclusi\u00f3n Financiera. Como se recordar\u00e1, dicho art\u00edculo establece el modo en que deber\u00e1n pagarse los arrendamientos, subarrendamientos y cr\u00e9ditos de uso (en adelante \u201carrendamientos\u201d).<\/p>\n<p class=\"has-text-align-left has-vivid-red-color has-text-color\" style=\"font-size:25px\"><strong>MEDIOS DE PAGO<\/strong><\/p>\n<p class=\"has-text-align-justify\">El decreto establece que a partir del <strong>1\u00ba\/12\/2015<\/strong> el pago en dinero por concepto de arrendamientos que supere las 40 BPC en el a\u00f1o civil o su equivalente mensual ($ 10.200 aproximadamente), deber\u00e1 realizarse mediante acreditaci\u00f3n en cuenta en una Instituci\u00f3n de Intermediaci\u00f3n Financiera (IIF) a nombre del arrendador, por medio de dep\u00f3sito o transferencia electr\u00f3nica. En caso que la parte deudora sea un Organismo P\u00fablico o cuando la cuenta est\u00e9 radicada en el exterior, s\u00f3lo se admitir\u00e1 la transferencia electr\u00f3nica.<\/p>\n<p class=\"has-text-align-justify\">En caso que el inmueble sea propiedad de m\u00e1s de una persona f\u00edsica o jur\u00eddica, la cuenta deber\u00e1 tener como titular al menos a uno de los arrendadores.<\/p>\n<p class=\"has-text-align-left has-vivid-red-color has-text-color\" style=\"font-size:25px\"><strong>INTERMEDIARIOS<\/strong><\/p>\n<p class=\"has-text-align-justify\">Podr\u00e1n actuar en calidad de administradores las personas f\u00edsicas o jur\u00eddicas que hayan recibido del arrendador el encargo de administrar el bien. Los administradores realizar\u00e1n cobros por cuenta y orden del acreedor, debiendo realizarse la acreditaci\u00f3n en una cuenta a su nombre.<\/p>\n<p class=\"has-text-align-justify\">Cuando el administrador sea un contribuyente del grupo CEDE de la DGI podr\u00e1 utilizar, adem\u00e1s de los dep\u00f3sitos y transferencias, los siguientes medios de pagos:<\/p>\n<p class=\"has-text-align-justify\">&#8211; cheques cruzados no a la orden a nombre del titular de la cuenta.<\/p>\n<p class=\"has-text-align-justify\">&#8211; d\u00e9bitos autom\u00e1ticos en cuentas de una IIF y en instrumentos de dinero electr\u00f3nico (IDE).<\/p>\n<p class=\"has-text-align-justify\">&#8211; pagos electr\u00f3nicos realizados mediante cajeros autom\u00e1ticos, tel\u00e9fonos celulares o por internet.<\/p>\n<p class=\"has-text-align-justify\">&#8211; tarjetas de d\u00e9bito o IDE, incluidos aquellos cuya cobranza se realiza a trav\u00e9s de agentes regulados y supervisados por el BCU.<\/p>\n<p class=\"has-text-align-left has-vivid-red-color has-text-color\" style=\"font-size:25px\"><strong>IDENTIFICACION Y NOTIFICACION<\/strong><\/p>\n<p class=\"has-text-align-justify\">Los contratos que se firmen a partir de la entrada en vigencia de la ley <strong>(19\/5\/2014)<\/strong> deben identificar en forma obligatoria la cuenta en la cual se acreditar\u00e1n los fondos, as\u00ed como tambi\u00e9n los medios de prueba de los pagos que realice el deudor.<\/p>\n<p class=\"has-text-align-justify\">En el caso de los contratos en curso a esa fecha, si bien no ser\u00e1 necesario modificarlos, la parte arrendadora debi\u00f3 <strong>comunicar antes del pasado 1\u00ba\/9<\/strong> en <strong>forma fehaciente<\/strong> al deudor, la cuenta en la cual deber\u00e1n acreditarse los referidos pagos.<\/p>\n<p class=\"has-text-align-justify\">De acuerdo con las disposiciones del decreto, se admite como medio v\u00e1lido de comunicaci\u00f3n:<\/p>\n<p class=\"has-text-align-justify\">&#8211; los medios previstos en los contratos.<\/p>\n<p class=\"has-text-align-justify\">&#8211; telegrama colacionado certificado con aviso de entrega.<\/p>\n<p class=\"has-text-align-justify\">&#8211; carta certificada con acuse de recibo suscrito por el deudor.<\/p>\n<p class=\"has-text-align-justify\">&#8211; notificaci\u00f3n personal firmada por el deudor.<\/p>\n<p class=\"has-text-align-left has-vivid-red-color has-text-color\" style=\"font-size:25px\"><strong>ARRENDAMIENTOS TURISTICOS<\/strong><\/p>\n<p class=\"has-text-align-justify\">En el caso de arrendamientos destinados \u00fanicamente a la habitaci\u00f3n del turista, cuyo plazo no exceda los cuatro meses, realizados en alta temporada y contratados por personas f\u00edsicas, se admitir\u00e1 que el pago se realice en efectivo, quedando la parte arrendadora o el administrador obligados a depositar dicha suma en la cuenta en la cual deben acreditarse los pagos, en un plazo m\u00e1ximo de <strong>un d\u00eda h\u00e1bil<\/strong>.<\/p>\n<p class=\"has-text-align-left has-vivid-red-color has-text-color\" style=\"font-size:25px\"><strong>SANCIONES<\/strong><\/p>\n<p class=\"has-text-align-justify\">Las sanciones previstas en caso de <strong>incumplimiento<\/strong> de alguna de las disposiciones anteriores son:<\/p>\n<p class=\"has-text-align-justify\">&#8211; El arrendador que acepte un pago por un medio diverso a la acreditaci\u00f3n en cuenta, o que incumpla con alguna de las formalidades ya mencionadas, deber\u00e1 pagar a la DGI una <strong>multa equivalente a 3 veces el precio mensual <\/strong>pactado en el contrato.<\/p>\n<p class=\"has-text-align-justify\">&#8211; No se dar\u00e1 curso a ninguna <strong>acci\u00f3n judicial<\/strong> hasta tanto se presente el comprobante de pago de la correspondiente multa.<\/p>\n<p class=\"has-text-align-justify\">&#8211; Se proh\u00edbe a toda entidad <strong>conceder garant\u00edas<\/strong>.<\/p>\n<p class=\"has-text-align-justify\">&#8211; No se podr\u00e1 deducir los montos pagados por estos conceptos a efectos de las liquidaciones de <strong>IRAE e IRPF<\/strong>.<\/p>\n<\/p>\n<p><!-- AddThis Advanced Settings generic via filter on the_content --><!-- AddThis Share Buttons generic via filter on the_content --><\/p>\n","protected":false},"excerpt":{"rendered":"<p>Por la Cra. Elizeth Ligorio<\/p>\n","protected":false},"featured_media":11150,"template":"","meta":{"_acf_changed":false,"footnotes":""},"new-category":[],"class_list":["post-11147","new","type-new","status-publish","has-post-thumbnail","hentry"],"acf":[],"yoast_head":"<!-- This site is optimized with the Yoast SEO plugin v27.5 - https:\/\/yoast.com\/product\/yoast-seo-wordpress\/ -->\n<title>249 - INCLUSI\u00d3N FINANCIERA: PAGO DE ARRENDAMIENTOS - Auren Uruguay<\/title>\n<meta name=\"robots\" content=\"index, follow, max-snippet:-1, max-image-preview:large, max-video-preview:-1\" \/>\n<link rel=\"canonical\" href=\"https:\/\/auren.com\/uy\/noticias\/249-inclusion-financiera-pago-de-arrendamientos\/\" \/>\n<meta property=\"og:locale\" content=\"es_ES\" \/>\n<meta property=\"og:type\" content=\"article\" \/>\n<meta property=\"og:title\" content=\"249 - INCLUSI\u00d3N FINANCIERA: PAGO DE ARRENDAMIENTOS - Auren Uruguay\" \/>\n<meta property=\"og:description\" content=\"Por la Cra. Elizeth Ligorio\" \/>\n<meta property=\"og:url\" content=\"https:\/\/auren.com\/uy\/noticias\/249-inclusion-financiera-pago-de-arrendamientos\/\" \/>\n<meta property=\"og:site_name\" content=\"Auren Uruguay\" \/>\n<meta property=\"article:publisher\" content=\"https:\/\/www.facebook.com\/aurenuruguay\" \/>\n<meta property=\"og:image\" content=\"https:\/\/auren.com\/uy\/wp-content\/uploads\/2015\/11\/shutterstock_161759321-1024x683-1.jpg\" \/>\n\t<meta property=\"og:image:width\" content=\"1024\" \/>\n\t<meta property=\"og:image:height\" content=\"683\" \/>\n\t<meta property=\"og:image:type\" content=\"image\/jpeg\" \/>\n<meta name=\"twitter:card\" content=\"summary_large_image\" \/>\n<meta name=\"twitter:site\" content=\"@AurenUruguay\" \/>\n<meta name=\"twitter:label1\" content=\"Tiempo de lectura\" \/>\n\t<meta name=\"twitter:data1\" content=\"3 minutos\" \/>\n<script type=\"application\/ld+json\" class=\"yoast-schema-graph\">{\"@context\":\"https:\\\/\\\/schema.org\",\"@graph\":[{\"@type\":\"WebPage\",\"@id\":\"https:\\\/\\\/auren.com\\\/uy\\\/noticias\\\/249-inclusion-financiera-pago-de-arrendamientos\\\/\",\"url\":\"https:\\\/\\\/auren.com\\\/uy\\\/noticias\\\/249-inclusion-financiera-pago-de-arrendamientos\\\/\",\"name\":\"249 - INCLUSI\u00d3N FINANCIERA: PAGO DE ARRENDAMIENTOS - Auren Uruguay\",\"isPartOf\":{\"@id\":\"https:\\\/\\\/auren.com\\\/uy\\\/#website\"},\"primaryImageOfPage\":{\"@id\":\"https:\\\/\\\/auren.com\\\/uy\\\/noticias\\\/249-inclusion-financiera-pago-de-arrendamientos\\\/#primaryimage\"},\"image\":{\"@id\":\"https:\\\/\\\/auren.com\\\/uy\\\/noticias\\\/249-inclusion-financiera-pago-de-arrendamientos\\\/#primaryimage\"},\"thumbnailUrl\":\"https:\\\/\\\/auren.com\\\/uy\\\/wp-content\\\/uploads\\\/2015\\\/11\\\/shutterstock_161759321-1024x683-1.jpg\",\"datePublished\":\"2015-11-20T13:22:00+00:00\",\"breadcrumb\":{\"@id\":\"https:\\\/\\\/auren.com\\\/uy\\\/noticias\\\/249-inclusion-financiera-pago-de-arrendamientos\\\/#breadcrumb\"},\"inLanguage\":\"es\",\"potentialAction\":[{\"@type\":\"ReadAction\",\"target\":[\"https:\\\/\\\/auren.com\\\/uy\\\/noticias\\\/249-inclusion-financiera-pago-de-arrendamientos\\\/\"]}]},{\"@type\":\"ImageObject\",\"inLanguage\":\"es\",\"@id\":\"https:\\\/\\\/auren.com\\\/uy\\\/noticias\\\/249-inclusion-financiera-pago-de-arrendamientos\\\/#primaryimage\",\"url\":\"https:\\\/\\\/auren.com\\\/uy\\\/wp-content\\\/uploads\\\/2015\\\/11\\\/shutterstock_161759321-1024x683-1.jpg\",\"contentUrl\":\"https:\\\/\\\/auren.com\\\/uy\\\/wp-content\\\/uploads\\\/2015\\\/11\\\/shutterstock_161759321-1024x683-1.jpg\",\"width\":1024,\"height\":683},{\"@type\":\"BreadcrumbList\",\"@id\":\"https:\\\/\\\/auren.com\\\/uy\\\/noticias\\\/249-inclusion-financiera-pago-de-arrendamientos\\\/#breadcrumb\",\"itemListElement\":[{\"@type\":\"ListItem\",\"position\":1,\"name\":\"Portada\",\"item\":\"https:\\\/\\\/auren.com\\\/uy\\\/\"},{\"@type\":\"ListItem\",\"position\":2,\"name\":\"249 &#8211; INCLUSI\u00d3N FINANCIERA: PAGO DE ARRENDAMIENTOS\"}]},{\"@type\":\"WebSite\",\"@id\":\"https:\\\/\\\/auren.com\\\/uy\\\/#website\",\"url\":\"https:\\\/\\\/auren.com\\\/uy\\\/\",\"name\":\"Auren Uruguay\",\"description\":\"\",\"publisher\":{\"@id\":\"https:\\\/\\\/auren.com\\\/uy\\\/#organization\"},\"potentialAction\":[{\"@type\":\"SearchAction\",\"target\":{\"@type\":\"EntryPoint\",\"urlTemplate\":\"https:\\\/\\\/auren.com\\\/uy\\\/?s={search_term_string}\"},\"query-input\":{\"@type\":\"PropertyValueSpecification\",\"valueRequired\":true,\"valueName\":\"search_term_string\"}}],\"inLanguage\":\"es\"},{\"@type\":\"Organization\",\"@id\":\"https:\\\/\\\/auren.com\\\/uy\\\/#organization\",\"name\":\"Auren Uruguay\",\"url\":\"https:\\\/\\\/auren.com\\\/uy\\\/\",\"logo\":{\"@type\":\"ImageObject\",\"inLanguage\":\"es\",\"@id\":\"https:\\\/\\\/auren.com\\\/uy\\\/#\\\/schema\\\/logo\\\/image\\\/\",\"url\":\"https:\\\/\\\/auren.com\\\/uy\\\/wp-content\\\/uploads\\\/2025\\\/01\\\/cropped-cropped-favicon-Auren.png\",\"contentUrl\":\"https:\\\/\\\/auren.com\\\/uy\\\/wp-content\\\/uploads\\\/2025\\\/01\\\/cropped-cropped-favicon-Auren.png\",\"width\":512,\"height\":512,\"caption\":\"Auren Uruguay\"},\"image\":{\"@id\":\"https:\\\/\\\/auren.com\\\/uy\\\/#\\\/schema\\\/logo\\\/image\\\/\"},\"sameAs\":[\"https:\\\/\\\/www.facebook.com\\\/aurenuruguay\",\"https:\\\/\\\/x.com\\\/AurenUruguay\",\"https:\\\/\\\/www.linkedin.com\\\/company\\\/auren-uruguay\",\"https:\\\/\\\/www.youtube.com\\\/channel\\\/UClkpSYFfsAuqdTaVF5whedQ\",\"https:\\\/\\\/www.instagram.com\\\/aurenuruguay\\\/\"]}]}<\/script>\n<!-- \/ Yoast SEO plugin. -->","yoast_head_json":{"title":"249 - INCLUSI\u00d3N FINANCIERA: PAGO DE ARRENDAMIENTOS - Auren Uruguay","robots":{"index":"index","follow":"follow","max-snippet":"max-snippet:-1","max-image-preview":"max-image-preview:large","max-video-preview":"max-video-preview:-1"},"canonical":"https:\/\/auren.com\/uy\/noticias\/249-inclusion-financiera-pago-de-arrendamientos\/","og_locale":"es_ES","og_type":"article","og_title":"249 - INCLUSI\u00d3N FINANCIERA: PAGO DE ARRENDAMIENTOS - Auren Uruguay","og_description":"Por la Cra. Elizeth Ligorio","og_url":"https:\/\/auren.com\/uy\/noticias\/249-inclusion-financiera-pago-de-arrendamientos\/","og_site_name":"Auren Uruguay","article_publisher":"https:\/\/www.facebook.com\/aurenuruguay","og_image":[{"width":1024,"height":683,"url":"https:\/\/auren.com\/uy\/wp-content\/uploads\/2015\/11\/shutterstock_161759321-1024x683-1.jpg","type":"image\/jpeg"}],"twitter_card":"summary_large_image","twitter_site":"@AurenUruguay","twitter_misc":{"Tiempo de lectura":"3 minutos"},"schema":{"@context":"https:\/\/schema.org","@graph":[{"@type":"WebPage","@id":"https:\/\/auren.com\/uy\/noticias\/249-inclusion-financiera-pago-de-arrendamientos\/","url":"https:\/\/auren.com\/uy\/noticias\/249-inclusion-financiera-pago-de-arrendamientos\/","name":"249 - INCLUSI\u00d3N FINANCIERA: PAGO DE ARRENDAMIENTOS - Auren Uruguay","isPartOf":{"@id":"https:\/\/auren.com\/uy\/#website"},"primaryImageOfPage":{"@id":"https:\/\/auren.com\/uy\/noticias\/249-inclusion-financiera-pago-de-arrendamientos\/#primaryimage"},"image":{"@id":"https:\/\/auren.com\/uy\/noticias\/249-inclusion-financiera-pago-de-arrendamientos\/#primaryimage"},"thumbnailUrl":"https:\/\/auren.com\/uy\/wp-content\/uploads\/2015\/11\/shutterstock_161759321-1024x683-1.jpg","datePublished":"2015-11-20T13:22:00+00:00","breadcrumb":{"@id":"https:\/\/auren.com\/uy\/noticias\/249-inclusion-financiera-pago-de-arrendamientos\/#breadcrumb"},"inLanguage":"es","potentialAction":[{"@type":"ReadAction","target":["https:\/\/auren.com\/uy\/noticias\/249-inclusion-financiera-pago-de-arrendamientos\/"]}]},{"@type":"ImageObject","inLanguage":"es","@id":"https:\/\/auren.com\/uy\/noticias\/249-inclusion-financiera-pago-de-arrendamientos\/#primaryimage","url":"https:\/\/auren.com\/uy\/wp-content\/uploads\/2015\/11\/shutterstock_161759321-1024x683-1.jpg","contentUrl":"https:\/\/auren.com\/uy\/wp-content\/uploads\/2015\/11\/shutterstock_161759321-1024x683-1.jpg","width":1024,"height":683},{"@type":"BreadcrumbList","@id":"https:\/\/auren.com\/uy\/noticias\/249-inclusion-financiera-pago-de-arrendamientos\/#breadcrumb","itemListElement":[{"@type":"ListItem","position":1,"name":"Portada","item":"https:\/\/auren.com\/uy\/"},{"@type":"ListItem","position":2,"name":"249 &#8211; INCLUSI\u00d3N FINANCIERA: PAGO DE ARRENDAMIENTOS"}]},{"@type":"WebSite","@id":"https:\/\/auren.com\/uy\/#website","url":"https:\/\/auren.com\/uy\/","name":"Auren Uruguay","description":"","publisher":{"@id":"https:\/\/auren.com\/uy\/#organization"},"potentialAction":[{"@type":"SearchAction","target":{"@type":"EntryPoint","urlTemplate":"https:\/\/auren.com\/uy\/?s={search_term_string}"},"query-input":{"@type":"PropertyValueSpecification","valueRequired":true,"valueName":"search_term_string"}}],"inLanguage":"es"},{"@type":"Organization","@id":"https:\/\/auren.com\/uy\/#organization","name":"Auren Uruguay","url":"https:\/\/auren.com\/uy\/","logo":{"@type":"ImageObject","inLanguage":"es","@id":"https:\/\/auren.com\/uy\/#\/schema\/logo\/image\/","url":"https:\/\/auren.com\/uy\/wp-content\/uploads\/2025\/01\/cropped-cropped-favicon-Auren.png","contentUrl":"https:\/\/auren.com\/uy\/wp-content\/uploads\/2025\/01\/cropped-cropped-favicon-Auren.png","width":512,"height":512,"caption":"Auren Uruguay"},"image":{"@id":"https:\/\/auren.com\/uy\/#\/schema\/logo\/image\/"},"sameAs":["https:\/\/www.facebook.com\/aurenuruguay","https:\/\/x.com\/AurenUruguay","https:\/\/www.linkedin.com\/company\/auren-uruguay","https:\/\/www.youtube.com\/channel\/UClkpSYFfsAuqdTaVF5whedQ","https:\/\/www.instagram.com\/aurenuruguay\/"]}]}},"_links":{"self":[{"href":"https:\/\/auren.com\/uy\/wp-json\/wp\/v2\/new\/11147","targetHints":{"allow":["GET"]}}],"collection":[{"href":"https:\/\/auren.com\/uy\/wp-json\/wp\/v2\/new"}],"about":[{"href":"https:\/\/auren.com\/uy\/wp-json\/wp\/v2\/types\/new"}],"version-history":[{"count":0,"href":"https:\/\/auren.com\/uy\/wp-json\/wp\/v2\/new\/11147\/revisions"}],"wp:featuredmedia":[{"embeddable":true,"href":"https:\/\/auren.com\/uy\/wp-json\/wp\/v2\/media\/11150"}],"wp:attachment":[{"href":"https:\/\/auren.com\/uy\/wp-json\/wp\/v2\/media?parent=11147"}],"wp:term":[{"taxonomy":"new-category","embeddable":true,"href":"https:\/\/auren.com\/uy\/wp-json\/wp\/v2\/new-category?post=11147"}],"curies":[{"name":"wp","href":"https:\/\/api.w.org\/{rel}","templated":true}]}}