{"id":11167,"date":"2015-10-23T14:48:26","date_gmt":"2015-10-23T12:48:26","guid":{"rendered":"https:\/\/auren.com\/uy\/new\/245-facturacion-electronica-prorroga-y-limitacion-de-beneficios\/"},"modified":"2015-10-23T14:48:26","modified_gmt":"2015-10-23T12:48:26","slug":"245-facturacion-electronica-prorroga-y-limitacion-de-beneficios","status":"publish","type":"new","link":"https:\/\/auren.com\/uy\/noticias\/245-facturacion-electronica-prorroga-y-limitacion-de-beneficios\/","title":{"rendered":"245 &#8211; FACTURACI\u00d3N ELECTR\u00d3NICA: PRORROGA Y LIMITACI\u00d3N DE BENEFICIOS"},"content":{"rendered":"<p class=\"has-text-align-justify\">Lo que al principio parec\u00eda algo muy complejo de implementar, hoy, a tan solo tres a\u00f1os desde la entrada en vigencia del r\u00e9gimen, y m\u00e1s all\u00e1 de los inconvenientes normales que l\u00f3gicamente trae aparejado un cambio sustancial en la forma de operar de los contribuyentes, como lo es la sustituci\u00f3n del papel por medios electr\u00f3nicos como forma de documentar sus operaciones, puede decirse que el proceso se ha logrado llevar adelante con muy buenos resultados. Y en esta eficiente y exitosa gesti\u00f3n sin duda merece destacar la actuaci\u00f3n de la DGI y de los desarrolladores de software, ya que ambas partes \u2013en conjunto con los contribuyentes-, son los que han logrado que la facturaci\u00f3n por medios electr\u00f3nicos sea actualmente algo corriente, perdi\u00e9ndole el miedo inicial y resistencia que todo cambio lleva impl\u00edcito.<\/p>\n<p class=\"has-text-align-justify\">Si bien la mayor\u00eda de los medianos y grandes contribuyentes ya se encuentran incluidos dentro del nuevo sistema, a\u00fan faltan varios (de menor dimensi\u00f3n pero que en su conjunto suman un porcentaje muy elevado del total), que a\u00fan no se han incorporado, ya sea porque no fueron notificados por la DGI, o porque no lo han hecho en forma voluntaria.<\/p>\n<p class=\"has-text-align-justify\">En este marco, y como forma de propender y generalizar el r\u00e9gimen, la DGI emiti\u00f3 la <strong>Resoluci\u00f3n DGI N\u00ba 3012\/2015<\/strong>, por medio de la cual se establece un plan de inclusi\u00f3n preceptiva y progresiva de los contribuyentes seg\u00fan su nivel de ingresos, previ\u00e9ndose que a partir del a\u00f1o 2019 el mismo se encuentre plenamente operativo (en principio quedar\u00edan excluidos solamente los \u201cpeque\u00f1os contribuyentes\u201d, es decir aquellos cuyos ingresos anuales no superen las <strong>305.000 UI<\/strong> (actualmente $ 970.000 aproximadamente).<\/p>\n<p class=\"has-text-align-left has-vivid-red-color has-text-color\" style=\"font-size:25px\"><strong>Beneficios fiscales<\/strong><\/p>\n<p class=\"has-text-align-justify\">Actualmente, y a efectos de facilitar la incorporaci\u00f3n de la tecnolog\u00eda necesaria para poder implementar la inversi\u00f3n, el <strong>Decreto N\u00ba 324\/011<\/strong> que coment\u00e1ramos oportunamente permite exonerar de <strong>IRAE<\/strong> hasta el <strong>70%<\/strong> de la inversi\u00f3n en equipos necesarios para la puesta en marcha integral del sistema, con el tope del 60% del impuesto del ejercicio, pudi\u00e9ndose aprovechar el beneficio por un per\u00edodo de <strong>10 ejercicios<\/strong>. Los bienes promovidos se encuentran adem\u00e1s <strong>exonerados<\/strong> del pago del <strong>Impuesto al Patrimonio<\/strong> durante toda su vida \u00fatil. Estos beneficios comprenden las inversiones ejecutadas hasta el <strong>31\/12\/2015<\/strong>.<\/p>\n<p class=\"has-text-align-left has-vivid-red-color has-text-color\" style=\"font-size:25px\"><strong>Nuevo decreto<\/strong><\/p>\n<p class=\"has-text-align-justify\">Para las postulaciones realizadas a partir del <strong>1\u00ba\/1\/2016<\/strong>, el <strong>Decreto N\u00ba 274\/015<\/strong> publicado el pasado 13\/10\/2015 reduce la exoneraci\u00f3n de IRAE del 70% al <strong>50%<\/strong> sobre el monto invertido (se mantiene el tope del 60% del impuesto del ejercicio), pudiendo aprovecharlo por el t\u00e9rmino de <strong>5 ejercicios<\/strong> a partir del correspondiente a la primer inversi\u00f3n ejecutada.<\/p>\n<p class=\"has-text-align-justify\">La exoneraci\u00f3n del Impuesto al Patrimonio sobre los bienes promovidos contin\u00faa incambiada, rigiendo el presente r\u00e9gimen para las inversiones realizadas hasta el <strong>31\/12\/2016<\/strong>.<\/p>\n<p class=\"has-text-align-left has-vivid-red-color has-text-color\" style=\"font-size:25px\"><strong>Reflexiones finales<\/strong><\/p>\n<p class=\"has-text-align-justify\">Dejamos planteadas algunas interrogantes que surgen del nuevo decreto: \u00bfpor qu\u00e9 raz\u00f3n los contribuyentes que deban postularse hasta el 31\/12\/2015 gozan de una exoneraci\u00f3n de IRAE mayor y por m\u00e1s ejercicios que aquellos que se postulen luego de esa fecha?<\/p>\n<p class=\"has-text-align-justify\">\u00bfPor qu\u00e9 eliminar los beneficios de IRAE e IP para las inversiones realizadas con posterioridad al 31\/12\/2016, si el cronograma de incorporaci\u00f3n abarca hasta el a\u00f1o 2019?.<\/p>\n<p class=\"has-text-align-justify\">La \u00faltima interrogante que cabe plantearse es, en el supuesto que no se otorgue una nueva pr\u00f3rroga, \u00bfno deber\u00edan evaluar los contribuyentes postularse en forma voluntaria antes del pr\u00f3ximo 31\/12\/2015, como forma de obtener el mayor beneficio y de esa forma disminuir los costos derivados de la implementaci\u00f3n del r\u00e9gimen? Restan pocos meses para finalizar el a\u00f1o, pero la diferencia de costos bajo una u otra opci\u00f3n puede ser significativa.<\/p>\n<\/p>\n<p><!-- AddThis Advanced Settings generic via filter on the_content --><!-- AddThis Share Buttons generic via filter on the_content --><\/p>\n","protected":false},"excerpt":{"rendered":"<p>Por la Cra. Alexandra Weisz<\/p>\n","protected":false},"featured_media":11170,"template":"","meta":{"_acf_changed":false,"footnotes":""},"new-category":[],"class_list":["post-11167","new","type-new","status-publish","has-post-thumbnail","hentry"],"acf":[],"yoast_head":"<!-- This site is optimized with the Yoast SEO plugin v27.5 - https:\/\/yoast.com\/product\/yoast-seo-wordpress\/ -->\n<title>245 - FACTURACI\u00d3N ELECTR\u00d3NICA: PRORROGA Y LIMITACI\u00d3N DE BENEFICIOS - Auren Uruguay<\/title>\n<meta name=\"robots\" content=\"index, follow, max-snippet:-1, max-image-preview:large, max-video-preview:-1\" \/>\n<link rel=\"canonical\" href=\"https:\/\/auren.com\/uy\/noticias\/245-facturacion-electronica-prorroga-y-limitacion-de-beneficios\/\" \/>\n<meta property=\"og:locale\" content=\"es_ES\" \/>\n<meta property=\"og:type\" content=\"article\" \/>\n<meta property=\"og:title\" content=\"245 - FACTURACI\u00d3N ELECTR\u00d3NICA: PRORROGA Y LIMITACI\u00d3N DE BENEFICIOS - Auren Uruguay\" \/>\n<meta property=\"og:description\" content=\"Por la Cra. Alexandra Weisz\" \/>\n<meta property=\"og:url\" content=\"https:\/\/auren.com\/uy\/noticias\/245-facturacion-electronica-prorroga-y-limitacion-de-beneficios\/\" \/>\n<meta property=\"og:site_name\" content=\"Auren Uruguay\" \/>\n<meta property=\"article:publisher\" content=\"https:\/\/www.facebook.com\/aurenuruguay\" \/>\n<meta property=\"og:image\" content=\"https:\/\/auren.com\/uy\/wp-content\/uploads\/2015\/10\/IPPF-scaled.jpg\" \/>\n\t<meta property=\"og:image:width\" content=\"2560\" \/>\n\t<meta property=\"og:image:height\" content=\"1707\" \/>\n\t<meta property=\"og:image:type\" content=\"image\/jpeg\" \/>\n<meta name=\"twitter:card\" content=\"summary_large_image\" \/>\n<meta name=\"twitter:site\" content=\"@AurenUruguay\" \/>\n<meta name=\"twitter:label1\" content=\"Tiempo de lectura\" \/>\n\t<meta name=\"twitter:data1\" content=\"3 minutos\" \/>\n<script type=\"application\/ld+json\" class=\"yoast-schema-graph\">{\"@context\":\"https:\\\/\\\/schema.org\",\"@graph\":[{\"@type\":\"WebPage\",\"@id\":\"https:\\\/\\\/auren.com\\\/uy\\\/noticias\\\/245-facturacion-electronica-prorroga-y-limitacion-de-beneficios\\\/\",\"url\":\"https:\\\/\\\/auren.com\\\/uy\\\/noticias\\\/245-facturacion-electronica-prorroga-y-limitacion-de-beneficios\\\/\",\"name\":\"245 - FACTURACI\u00d3N ELECTR\u00d3NICA: PRORROGA Y LIMITACI\u00d3N DE BENEFICIOS - Auren Uruguay\",\"isPartOf\":{\"@id\":\"https:\\\/\\\/auren.com\\\/uy\\\/#website\"},\"primaryImageOfPage\":{\"@id\":\"https:\\\/\\\/auren.com\\\/uy\\\/noticias\\\/245-facturacion-electronica-prorroga-y-limitacion-de-beneficios\\\/#primaryimage\"},\"image\":{\"@id\":\"https:\\\/\\\/auren.com\\\/uy\\\/noticias\\\/245-facturacion-electronica-prorroga-y-limitacion-de-beneficios\\\/#primaryimage\"},\"thumbnailUrl\":\"https:\\\/\\\/auren.com\\\/uy\\\/wp-content\\\/uploads\\\/2015\\\/10\\\/IPPF-scaled.jpg\",\"datePublished\":\"2015-10-23T12:48:26+00:00\",\"breadcrumb\":{\"@id\":\"https:\\\/\\\/auren.com\\\/uy\\\/noticias\\\/245-facturacion-electronica-prorroga-y-limitacion-de-beneficios\\\/#breadcrumb\"},\"inLanguage\":\"es\",\"potentialAction\":[{\"@type\":\"ReadAction\",\"target\":[\"https:\\\/\\\/auren.com\\\/uy\\\/noticias\\\/245-facturacion-electronica-prorroga-y-limitacion-de-beneficios\\\/\"]}]},{\"@type\":\"ImageObject\",\"inLanguage\":\"es\",\"@id\":\"https:\\\/\\\/auren.com\\\/uy\\\/noticias\\\/245-facturacion-electronica-prorroga-y-limitacion-de-beneficios\\\/#primaryimage\",\"url\":\"https:\\\/\\\/auren.com\\\/uy\\\/wp-content\\\/uploads\\\/2015\\\/10\\\/IPPF-scaled.jpg\",\"contentUrl\":\"https:\\\/\\\/auren.com\\\/uy\\\/wp-content\\\/uploads\\\/2015\\\/10\\\/IPPF-scaled.jpg\",\"width\":2560,\"height\":1707},{\"@type\":\"BreadcrumbList\",\"@id\":\"https:\\\/\\\/auren.com\\\/uy\\\/noticias\\\/245-facturacion-electronica-prorroga-y-limitacion-de-beneficios\\\/#breadcrumb\",\"itemListElement\":[{\"@type\":\"ListItem\",\"position\":1,\"name\":\"Portada\",\"item\":\"https:\\\/\\\/auren.com\\\/uy\\\/\"},{\"@type\":\"ListItem\",\"position\":2,\"name\":\"245 &#8211; FACTURACI\u00d3N ELECTR\u00d3NICA: PRORROGA Y LIMITACI\u00d3N DE BENEFICIOS\"}]},{\"@type\":\"WebSite\",\"@id\":\"https:\\\/\\\/auren.com\\\/uy\\\/#website\",\"url\":\"https:\\\/\\\/auren.com\\\/uy\\\/\",\"name\":\"Auren Uruguay\",\"description\":\"\",\"publisher\":{\"@id\":\"https:\\\/\\\/auren.com\\\/uy\\\/#organization\"},\"potentialAction\":[{\"@type\":\"SearchAction\",\"target\":{\"@type\":\"EntryPoint\",\"urlTemplate\":\"https:\\\/\\\/auren.com\\\/uy\\\/?s={search_term_string}\"},\"query-input\":{\"@type\":\"PropertyValueSpecification\",\"valueRequired\":true,\"valueName\":\"search_term_string\"}}],\"inLanguage\":\"es\"},{\"@type\":\"Organization\",\"@id\":\"https:\\\/\\\/auren.com\\\/uy\\\/#organization\",\"name\":\"Auren Uruguay\",\"url\":\"https:\\\/\\\/auren.com\\\/uy\\\/\",\"logo\":{\"@type\":\"ImageObject\",\"inLanguage\":\"es\",\"@id\":\"https:\\\/\\\/auren.com\\\/uy\\\/#\\\/schema\\\/logo\\\/image\\\/\",\"url\":\"https:\\\/\\\/auren.com\\\/uy\\\/wp-content\\\/uploads\\\/2025\\\/01\\\/cropped-cropped-favicon-Auren.png\",\"contentUrl\":\"https:\\\/\\\/auren.com\\\/uy\\\/wp-content\\\/uploads\\\/2025\\\/01\\\/cropped-cropped-favicon-Auren.png\",\"width\":512,\"height\":512,\"caption\":\"Auren Uruguay\"},\"image\":{\"@id\":\"https:\\\/\\\/auren.com\\\/uy\\\/#\\\/schema\\\/logo\\\/image\\\/\"},\"sameAs\":[\"https:\\\/\\\/www.facebook.com\\\/aurenuruguay\",\"https:\\\/\\\/x.com\\\/AurenUruguay\",\"https:\\\/\\\/www.linkedin.com\\\/company\\\/auren-uruguay\",\"https:\\\/\\\/www.youtube.com\\\/channel\\\/UClkpSYFfsAuqdTaVF5whedQ\",\"https:\\\/\\\/www.instagram.com\\\/aurenuruguay\\\/\"]}]}<\/script>\n<!-- \/ Yoast SEO plugin. -->","yoast_head_json":{"title":"245 - FACTURACI\u00d3N ELECTR\u00d3NICA: PRORROGA Y LIMITACI\u00d3N DE BENEFICIOS - Auren Uruguay","robots":{"index":"index","follow":"follow","max-snippet":"max-snippet:-1","max-image-preview":"max-image-preview:large","max-video-preview":"max-video-preview:-1"},"canonical":"https:\/\/auren.com\/uy\/noticias\/245-facturacion-electronica-prorroga-y-limitacion-de-beneficios\/","og_locale":"es_ES","og_type":"article","og_title":"245 - FACTURACI\u00d3N ELECTR\u00d3NICA: PRORROGA Y LIMITACI\u00d3N DE BENEFICIOS - Auren Uruguay","og_description":"Por la Cra. Alexandra Weisz","og_url":"https:\/\/auren.com\/uy\/noticias\/245-facturacion-electronica-prorroga-y-limitacion-de-beneficios\/","og_site_name":"Auren Uruguay","article_publisher":"https:\/\/www.facebook.com\/aurenuruguay","og_image":[{"width":2560,"height":1707,"url":"https:\/\/auren.com\/uy\/wp-content\/uploads\/2015\/10\/IPPF-scaled.jpg","type":"image\/jpeg"}],"twitter_card":"summary_large_image","twitter_site":"@AurenUruguay","twitter_misc":{"Tiempo de lectura":"3 minutos"},"schema":{"@context":"https:\/\/schema.org","@graph":[{"@type":"WebPage","@id":"https:\/\/auren.com\/uy\/noticias\/245-facturacion-electronica-prorroga-y-limitacion-de-beneficios\/","url":"https:\/\/auren.com\/uy\/noticias\/245-facturacion-electronica-prorroga-y-limitacion-de-beneficios\/","name":"245 - FACTURACI\u00d3N ELECTR\u00d3NICA: PRORROGA Y LIMITACI\u00d3N DE BENEFICIOS - Auren Uruguay","isPartOf":{"@id":"https:\/\/auren.com\/uy\/#website"},"primaryImageOfPage":{"@id":"https:\/\/auren.com\/uy\/noticias\/245-facturacion-electronica-prorroga-y-limitacion-de-beneficios\/#primaryimage"},"image":{"@id":"https:\/\/auren.com\/uy\/noticias\/245-facturacion-electronica-prorroga-y-limitacion-de-beneficios\/#primaryimage"},"thumbnailUrl":"https:\/\/auren.com\/uy\/wp-content\/uploads\/2015\/10\/IPPF-scaled.jpg","datePublished":"2015-10-23T12:48:26+00:00","breadcrumb":{"@id":"https:\/\/auren.com\/uy\/noticias\/245-facturacion-electronica-prorroga-y-limitacion-de-beneficios\/#breadcrumb"},"inLanguage":"es","potentialAction":[{"@type":"ReadAction","target":["https:\/\/auren.com\/uy\/noticias\/245-facturacion-electronica-prorroga-y-limitacion-de-beneficios\/"]}]},{"@type":"ImageObject","inLanguage":"es","@id":"https:\/\/auren.com\/uy\/noticias\/245-facturacion-electronica-prorroga-y-limitacion-de-beneficios\/#primaryimage","url":"https:\/\/auren.com\/uy\/wp-content\/uploads\/2015\/10\/IPPF-scaled.jpg","contentUrl":"https:\/\/auren.com\/uy\/wp-content\/uploads\/2015\/10\/IPPF-scaled.jpg","width":2560,"height":1707},{"@type":"BreadcrumbList","@id":"https:\/\/auren.com\/uy\/noticias\/245-facturacion-electronica-prorroga-y-limitacion-de-beneficios\/#breadcrumb","itemListElement":[{"@type":"ListItem","position":1,"name":"Portada","item":"https:\/\/auren.com\/uy\/"},{"@type":"ListItem","position":2,"name":"245 &#8211; FACTURACI\u00d3N ELECTR\u00d3NICA: PRORROGA Y LIMITACI\u00d3N DE BENEFICIOS"}]},{"@type":"WebSite","@id":"https:\/\/auren.com\/uy\/#website","url":"https:\/\/auren.com\/uy\/","name":"Auren Uruguay","description":"","publisher":{"@id":"https:\/\/auren.com\/uy\/#organization"},"potentialAction":[{"@type":"SearchAction","target":{"@type":"EntryPoint","urlTemplate":"https:\/\/auren.com\/uy\/?s={search_term_string}"},"query-input":{"@type":"PropertyValueSpecification","valueRequired":true,"valueName":"search_term_string"}}],"inLanguage":"es"},{"@type":"Organization","@id":"https:\/\/auren.com\/uy\/#organization","name":"Auren Uruguay","url":"https:\/\/auren.com\/uy\/","logo":{"@type":"ImageObject","inLanguage":"es","@id":"https:\/\/auren.com\/uy\/#\/schema\/logo\/image\/","url":"https:\/\/auren.com\/uy\/wp-content\/uploads\/2025\/01\/cropped-cropped-favicon-Auren.png","contentUrl":"https:\/\/auren.com\/uy\/wp-content\/uploads\/2025\/01\/cropped-cropped-favicon-Auren.png","width":512,"height":512,"caption":"Auren Uruguay"},"image":{"@id":"https:\/\/auren.com\/uy\/#\/schema\/logo\/image\/"},"sameAs":["https:\/\/www.facebook.com\/aurenuruguay","https:\/\/x.com\/AurenUruguay","https:\/\/www.linkedin.com\/company\/auren-uruguay","https:\/\/www.youtube.com\/channel\/UClkpSYFfsAuqdTaVF5whedQ","https:\/\/www.instagram.com\/aurenuruguay\/"]}]}},"_links":{"self":[{"href":"https:\/\/auren.com\/uy\/wp-json\/wp\/v2\/new\/11167","targetHints":{"allow":["GET"]}}],"collection":[{"href":"https:\/\/auren.com\/uy\/wp-json\/wp\/v2\/new"}],"about":[{"href":"https:\/\/auren.com\/uy\/wp-json\/wp\/v2\/types\/new"}],"version-history":[{"count":0,"href":"https:\/\/auren.com\/uy\/wp-json\/wp\/v2\/new\/11167\/revisions"}],"wp:featuredmedia":[{"embeddable":true,"href":"https:\/\/auren.com\/uy\/wp-json\/wp\/v2\/media\/11170"}],"wp:attachment":[{"href":"https:\/\/auren.com\/uy\/wp-json\/wp\/v2\/media?parent=11167"}],"wp:term":[{"taxonomy":"new-category","embeddable":true,"href":"https:\/\/auren.com\/uy\/wp-json\/wp\/v2\/new-category?post=11167"}],"curies":[{"name":"wp","href":"https:\/\/api.w.org\/{rel}","templated":true}]}}