{"id":11177,"date":"2015-10-09T13:46:08","date_gmt":"2015-10-09T11:46:08","guid":{"rendered":"https:\/\/auren.com\/uy\/new\/243-proyecto-de-ley-de-presupuesto-nacional-modificaciones-asociadas-a-la-ley-de-inversiones\/"},"modified":"2015-10-09T13:46:08","modified_gmt":"2015-10-09T11:46:08","slug":"243-proyecto-de-ley-de-presupuesto-nacional-modificaciones-asociadas-a-la-ley-de-inversiones","status":"publish","type":"new","link":"https:\/\/auren.com\/uy\/noticias\/243-proyecto-de-ley-de-presupuesto-nacional-modificaciones-asociadas-a-la-ley-de-inversiones\/","title":{"rendered":"243 &#8211; PROYECTO DE LEY DE PRESUPUESTO NACIONAL: MODIFICACIONES ASOCIADAS A LA LEY DE INVERSIONES."},"content":{"rendered":"<p class=\"has-text-align-justify\">Continuando con el an\u00e1lisis de los principales aspectos contenidos en el <em>Proyecto de Ley de Presupuesto Nacional<\/em> para el per\u00edodo 2015-2019, hemos cre\u00eddo importante comentar en esta oportunidad las modificaciones previstas en relaci\u00f3n con aspectos tributarios vinculados con la <strong>Ley N\u00ba 16.906<\/strong> de Inversiones y el <strong>Decreto reglamentario N\u00ba 2\/012<\/strong>.<\/p>\n<p class=\"has-text-align-left has-vivid-red-color has-text-color\" style=\"font-size:25px\"><strong>PRESCRIPCI\u00d3N DE TRIBUTOS<\/strong><\/p>\n<p class=\"has-text-align-justify\">Como es sabido, de acuerdo con el <strong>art\u00edculo 38 del C\u00f3digo Tributario<\/strong>, los tributos prescriben a los <strong>cinco a\u00f1os<\/strong>, siempre que no exista defraudaci\u00f3n y se cumpla con la presentaci\u00f3n de las declaraciones juradas (en estos casos el per\u00edodo de prescripci\u00f3n se extiende a diez a\u00f1os civiles).<\/p>\n<p class=\"has-text-align-justify\">Por otra parte y como es sabido, mediante la presentaci\u00f3n de Proyectos de Inversi\u00f3n (PI) al amparo del <strong>Decreto N\u00ba 2\/012<\/strong>, las empresas pueden obtener exoneraciones tributarias sujetas a la generaci\u00f3n de externalidades positivas y la ejecuci\u00f3n de inversiones, pudiendo estos beneficios ser aprovechados por los contribuyentes <strong>en forma previa<\/strong> al cumplimiento de los objetivos reci\u00e9n mencionados (inversi\u00f3n y externalidades positivas).<\/p>\n<p class=\"has-text-align-justify\">En grandes l\u00edneas, recordemos que los PI implican el an\u00e1lisis de tres plazos diferentes e independientes entre s\u00ed:<\/p>\n<p class=\"has-text-align-justify\">i)aprovechamiento del beneficio de IRAE.<\/p>\n<p class=\"has-text-align-justify\">ii)cronograma de ejecuci\u00f3n de inversiones.<\/p>\n<p class=\"has-text-align-justify\">iii)cumplimiento de los indicadores \u2013generaci\u00f3n de externalidades positivas.<\/p>\n<p class=\"has-text-align-justify\"> El cronograma de ejecuci\u00f3n de inversiones es definido por cada empresa al momento de la presentaci\u00f3n de su PI, extendi\u00e9ndose frecuentemente el mismo por m\u00e1s de cinco a\u00f1os.<\/p>\n<p class=\"has-text-align-justify\">Por otra parte, mientras que el cumplimiento de algunos indicadores se demuestra al cabo de cinco ejercicios econ\u00f3micos, otros que se vinculan con la ejecuci\u00f3n de la inversi\u00f3n y por tanto el plazo podr\u00eda extenderse hasta los diez a\u00f1os.<\/p>\n<p class=\"has-text-align-justify\">El Proyecto de Ley otorga facultades a la Administraci\u00f3n para<strong> reliquidar los tributos indebidamente exonerados por los contribuyentes <\/strong>con PI aprobados por el Poder Ejecutivo (PE), en caso de verificarse incumplimientos, <strong>a\u00fan cuando los mismos se verifiquen una vez finalizado el plazo de prescripci\u00f3n de los tributos<\/strong>.<\/p>\n<p class=\"has-text-align-justify\">Con este fin, el art\u00edculo 671 prev\u00e9 la <strong>suspensi\u00f3n<\/strong> del t\u00e9rmino de prescripci\u00f3n de los tributos objeto de la aplicaci\u00f3n de beneficios fiscales, hasta tanto se cumpla el <strong>mayor<\/strong> de los plazos vinculados al cumplimiento de objetivos e inversiones del proyecto; a partir de ese momento se computar\u00eda el plazo de prescripci\u00f3n previsto por el C\u00f3digo Tributario.<\/p>\n<p class=\"has-text-align-justify\">En los casos en que <strong>formalmente se revoque<\/strong> \u2013total o parcialmente\u2013 la Resoluci\u00f3n del PE que otorg\u00f3 los beneficios, el Proyecto prev\u00e9 la <strong>interrupci\u00f3n <\/strong>de la prescripci\u00f3n.<\/p>\n<p class=\"has-text-align-justify\">Lo que se logra por esta v\u00eda es extender el per\u00edodo de prescripci\u00f3n por <strong>cinco a\u00f1os adicionales<\/strong> a los ya otorgados por medio de la suspensi\u00f3n, contados ahora <strong>desde la fecha de la revocaci\u00f3n <\/strong>por medio de la cual se declara configurado el incumplimiento.<\/p>\n<p class=\"has-text-align-left has-vivid-red-color has-text-color\" style=\"font-size:25px\"><strong>INTERCAMBIO DE INFORMACI\u00d3N<\/strong><\/p>\n<p class=\"has-text-align-justify\">El Proyecto propone el intercambio de informaci\u00f3n desde DGI y BPS hacia la COMAP, liberando el secreto de las actuaciones previsto por el C\u00f3digo Tributario para estos organismos, pero extendi\u00e9ndolo a los integrantes y funcionarios de la COMAP.<\/p>\n<p class=\"has-text-align-justify\">Si bien el intercambio de informaci\u00f3n puede resultar fruct\u00edfero para COMAP, es importante destacar que desde el a\u00f1o 2011, a los efectos del control y seguimiento de proyectos de inversi\u00f3n las empresas brindan anualmente a COMAP y el Ministerio evaluador informaci\u00f3n proporcionada regularmente a DGI y\/o BPS que permite evaluar la situaci\u00f3n de cada proyecto. Por tanto, si bien la v\u00eda de obtenci\u00f3n de la informaci\u00f3n puede diferir, no debieran existir novedades de consideraci\u00f3n derivadas de esta modificaci\u00f3n.<\/p>\n<p><!-- AddThis Advanced Settings generic via filter on the_content --><!-- AddThis Share Buttons generic via filter on the_content --><\/p>\n","protected":false},"excerpt":{"rendered":"<p>Por la Lic. Ver\u00f3nica Rodriguez<\/p>\n","protected":false},"featured_media":11180,"template":"","meta":{"_acf_changed":false,"footnotes":""},"new-category":[],"class_list":["post-11177","new","type-new","status-publish","has-post-thumbnail","hentry"],"acf":[],"yoast_head":"<!-- This site is optimized with the Yoast SEO plugin v27.5 - https:\/\/yoast.com\/product\/yoast-seo-wordpress\/ -->\n<title>243 - PROYECTO DE LEY DE PRESUPUESTO NACIONAL: MODIFICACIONES ASOCIADAS A LA LEY DE INVERSIONES. - Auren Uruguay<\/title>\n<meta name=\"robots\" content=\"index, follow, max-snippet:-1, max-image-preview:large, max-video-preview:-1\" \/>\n<link rel=\"canonical\" href=\"https:\/\/auren.com\/uy\/noticias\/243-proyecto-de-ley-de-presupuesto-nacional-modificaciones-asociadas-a-la-ley-de-inversiones\/\" \/>\n<meta property=\"og:locale\" content=\"es_ES\" \/>\n<meta property=\"og:type\" content=\"article\" \/>\n<meta property=\"og:title\" content=\"243 - PROYECTO DE LEY DE PRESUPUESTO NACIONAL: MODIFICACIONES ASOCIADAS A LA LEY DE INVERSIONES. - Auren Uruguay\" \/>\n<meta property=\"og:description\" content=\"Por la Lic. Ver\u00f3nica Rodriguez\" \/>\n<meta property=\"og:url\" content=\"https:\/\/auren.com\/uy\/noticias\/243-proyecto-de-ley-de-presupuesto-nacional-modificaciones-asociadas-a-la-ley-de-inversiones\/\" \/>\n<meta property=\"og:site_name\" content=\"Auren Uruguay\" \/>\n<meta property=\"article:publisher\" content=\"https:\/\/www.facebook.com\/aurenuruguay\" \/>\n<meta property=\"og:image\" content=\"https:\/\/auren.com\/uy\/wp-content\/uploads\/2015\/10\/shutterstock_478727758.jpg\" \/>\n\t<meta property=\"og:image:width\" content=\"2048\" \/>\n\t<meta property=\"og:image:height\" content=\"1207\" \/>\n\t<meta property=\"og:image:type\" content=\"image\/jpeg\" \/>\n<meta name=\"twitter:card\" content=\"summary_large_image\" \/>\n<meta name=\"twitter:site\" content=\"@AurenUruguay\" \/>\n<meta name=\"twitter:label1\" content=\"Tiempo de lectura\" \/>\n\t<meta name=\"twitter:data1\" content=\"3 minutos\" \/>\n<script type=\"application\/ld+json\" class=\"yoast-schema-graph\">{\"@context\":\"https:\\\/\\\/schema.org\",\"@graph\":[{\"@type\":\"WebPage\",\"@id\":\"https:\\\/\\\/auren.com\\\/uy\\\/noticias\\\/243-proyecto-de-ley-de-presupuesto-nacional-modificaciones-asociadas-a-la-ley-de-inversiones\\\/\",\"url\":\"https:\\\/\\\/auren.com\\\/uy\\\/noticias\\\/243-proyecto-de-ley-de-presupuesto-nacional-modificaciones-asociadas-a-la-ley-de-inversiones\\\/\",\"name\":\"243 - PROYECTO DE LEY DE PRESUPUESTO NACIONAL: MODIFICACIONES ASOCIADAS A LA LEY DE INVERSIONES. - Auren Uruguay\",\"isPartOf\":{\"@id\":\"https:\\\/\\\/auren.com\\\/uy\\\/#website\"},\"primaryImageOfPage\":{\"@id\":\"https:\\\/\\\/auren.com\\\/uy\\\/noticias\\\/243-proyecto-de-ley-de-presupuesto-nacional-modificaciones-asociadas-a-la-ley-de-inversiones\\\/#primaryimage\"},\"image\":{\"@id\":\"https:\\\/\\\/auren.com\\\/uy\\\/noticias\\\/243-proyecto-de-ley-de-presupuesto-nacional-modificaciones-asociadas-a-la-ley-de-inversiones\\\/#primaryimage\"},\"thumbnailUrl\":\"https:\\\/\\\/auren.com\\\/uy\\\/wp-content\\\/uploads\\\/2015\\\/10\\\/shutterstock_478727758.jpg\",\"datePublished\":\"2015-10-09T11:46:08+00:00\",\"breadcrumb\":{\"@id\":\"https:\\\/\\\/auren.com\\\/uy\\\/noticias\\\/243-proyecto-de-ley-de-presupuesto-nacional-modificaciones-asociadas-a-la-ley-de-inversiones\\\/#breadcrumb\"},\"inLanguage\":\"es\",\"potentialAction\":[{\"@type\":\"ReadAction\",\"target\":[\"https:\\\/\\\/auren.com\\\/uy\\\/noticias\\\/243-proyecto-de-ley-de-presupuesto-nacional-modificaciones-asociadas-a-la-ley-de-inversiones\\\/\"]}]},{\"@type\":\"ImageObject\",\"inLanguage\":\"es\",\"@id\":\"https:\\\/\\\/auren.com\\\/uy\\\/noticias\\\/243-proyecto-de-ley-de-presupuesto-nacional-modificaciones-asociadas-a-la-ley-de-inversiones\\\/#primaryimage\",\"url\":\"https:\\\/\\\/auren.com\\\/uy\\\/wp-content\\\/uploads\\\/2015\\\/10\\\/shutterstock_478727758.jpg\",\"contentUrl\":\"https:\\\/\\\/auren.com\\\/uy\\\/wp-content\\\/uploads\\\/2015\\\/10\\\/shutterstock_478727758.jpg\",\"width\":2048,\"height\":1207},{\"@type\":\"BreadcrumbList\",\"@id\":\"https:\\\/\\\/auren.com\\\/uy\\\/noticias\\\/243-proyecto-de-ley-de-presupuesto-nacional-modificaciones-asociadas-a-la-ley-de-inversiones\\\/#breadcrumb\",\"itemListElement\":[{\"@type\":\"ListItem\",\"position\":1,\"name\":\"Portada\",\"item\":\"https:\\\/\\\/auren.com\\\/uy\\\/\"},{\"@type\":\"ListItem\",\"position\":2,\"name\":\"243 &#8211; PROYECTO DE LEY DE PRESUPUESTO NACIONAL: MODIFICACIONES ASOCIADAS A LA LEY DE INVERSIONES.\"}]},{\"@type\":\"WebSite\",\"@id\":\"https:\\\/\\\/auren.com\\\/uy\\\/#website\",\"url\":\"https:\\\/\\\/auren.com\\\/uy\\\/\",\"name\":\"Auren Uruguay\",\"description\":\"\",\"publisher\":{\"@id\":\"https:\\\/\\\/auren.com\\\/uy\\\/#organization\"},\"potentialAction\":[{\"@type\":\"SearchAction\",\"target\":{\"@type\":\"EntryPoint\",\"urlTemplate\":\"https:\\\/\\\/auren.com\\\/uy\\\/?s={search_term_string}\"},\"query-input\":{\"@type\":\"PropertyValueSpecification\",\"valueRequired\":true,\"valueName\":\"search_term_string\"}}],\"inLanguage\":\"es\"},{\"@type\":\"Organization\",\"@id\":\"https:\\\/\\\/auren.com\\\/uy\\\/#organization\",\"name\":\"Auren Uruguay\",\"url\":\"https:\\\/\\\/auren.com\\\/uy\\\/\",\"logo\":{\"@type\":\"ImageObject\",\"inLanguage\":\"es\",\"@id\":\"https:\\\/\\\/auren.com\\\/uy\\\/#\\\/schema\\\/logo\\\/image\\\/\",\"url\":\"https:\\\/\\\/auren.com\\\/uy\\\/wp-content\\\/uploads\\\/2025\\\/01\\\/cropped-cropped-favicon-Auren.png\",\"contentUrl\":\"https:\\\/\\\/auren.com\\\/uy\\\/wp-content\\\/uploads\\\/2025\\\/01\\\/cropped-cropped-favicon-Auren.png\",\"width\":512,\"height\":512,\"caption\":\"Auren Uruguay\"},\"image\":{\"@id\":\"https:\\\/\\\/auren.com\\\/uy\\\/#\\\/schema\\\/logo\\\/image\\\/\"},\"sameAs\":[\"https:\\\/\\\/www.facebook.com\\\/aurenuruguay\",\"https:\\\/\\\/x.com\\\/AurenUruguay\",\"https:\\\/\\\/www.linkedin.com\\\/company\\\/auren-uruguay\",\"https:\\\/\\\/www.youtube.com\\\/channel\\\/UClkpSYFfsAuqdTaVF5whedQ\",\"https:\\\/\\\/www.instagram.com\\\/aurenuruguay\\\/\"]}]}<\/script>\n<!-- \/ Yoast SEO plugin. -->","yoast_head_json":{"title":"243 - PROYECTO DE LEY DE PRESUPUESTO NACIONAL: MODIFICACIONES ASOCIADAS A LA LEY DE INVERSIONES. - Auren Uruguay","robots":{"index":"index","follow":"follow","max-snippet":"max-snippet:-1","max-image-preview":"max-image-preview:large","max-video-preview":"max-video-preview:-1"},"canonical":"https:\/\/auren.com\/uy\/noticias\/243-proyecto-de-ley-de-presupuesto-nacional-modificaciones-asociadas-a-la-ley-de-inversiones\/","og_locale":"es_ES","og_type":"article","og_title":"243 - PROYECTO DE LEY DE PRESUPUESTO NACIONAL: MODIFICACIONES ASOCIADAS A LA LEY DE INVERSIONES. - Auren Uruguay","og_description":"Por la Lic. Ver\u00f3nica Rodriguez","og_url":"https:\/\/auren.com\/uy\/noticias\/243-proyecto-de-ley-de-presupuesto-nacional-modificaciones-asociadas-a-la-ley-de-inversiones\/","og_site_name":"Auren Uruguay","article_publisher":"https:\/\/www.facebook.com\/aurenuruguay","og_image":[{"width":2048,"height":1207,"url":"https:\/\/auren.com\/uy\/wp-content\/uploads\/2015\/10\/shutterstock_478727758.jpg","type":"image\/jpeg"}],"twitter_card":"summary_large_image","twitter_site":"@AurenUruguay","twitter_misc":{"Tiempo de lectura":"3 minutos"},"schema":{"@context":"https:\/\/schema.org","@graph":[{"@type":"WebPage","@id":"https:\/\/auren.com\/uy\/noticias\/243-proyecto-de-ley-de-presupuesto-nacional-modificaciones-asociadas-a-la-ley-de-inversiones\/","url":"https:\/\/auren.com\/uy\/noticias\/243-proyecto-de-ley-de-presupuesto-nacional-modificaciones-asociadas-a-la-ley-de-inversiones\/","name":"243 - PROYECTO DE LEY DE PRESUPUESTO NACIONAL: MODIFICACIONES ASOCIADAS A LA LEY DE INVERSIONES. - Auren Uruguay","isPartOf":{"@id":"https:\/\/auren.com\/uy\/#website"},"primaryImageOfPage":{"@id":"https:\/\/auren.com\/uy\/noticias\/243-proyecto-de-ley-de-presupuesto-nacional-modificaciones-asociadas-a-la-ley-de-inversiones\/#primaryimage"},"image":{"@id":"https:\/\/auren.com\/uy\/noticias\/243-proyecto-de-ley-de-presupuesto-nacional-modificaciones-asociadas-a-la-ley-de-inversiones\/#primaryimage"},"thumbnailUrl":"https:\/\/auren.com\/uy\/wp-content\/uploads\/2015\/10\/shutterstock_478727758.jpg","datePublished":"2015-10-09T11:46:08+00:00","breadcrumb":{"@id":"https:\/\/auren.com\/uy\/noticias\/243-proyecto-de-ley-de-presupuesto-nacional-modificaciones-asociadas-a-la-ley-de-inversiones\/#breadcrumb"},"inLanguage":"es","potentialAction":[{"@type":"ReadAction","target":["https:\/\/auren.com\/uy\/noticias\/243-proyecto-de-ley-de-presupuesto-nacional-modificaciones-asociadas-a-la-ley-de-inversiones\/"]}]},{"@type":"ImageObject","inLanguage":"es","@id":"https:\/\/auren.com\/uy\/noticias\/243-proyecto-de-ley-de-presupuesto-nacional-modificaciones-asociadas-a-la-ley-de-inversiones\/#primaryimage","url":"https:\/\/auren.com\/uy\/wp-content\/uploads\/2015\/10\/shutterstock_478727758.jpg","contentUrl":"https:\/\/auren.com\/uy\/wp-content\/uploads\/2015\/10\/shutterstock_478727758.jpg","width":2048,"height":1207},{"@type":"BreadcrumbList","@id":"https:\/\/auren.com\/uy\/noticias\/243-proyecto-de-ley-de-presupuesto-nacional-modificaciones-asociadas-a-la-ley-de-inversiones\/#breadcrumb","itemListElement":[{"@type":"ListItem","position":1,"name":"Portada","item":"https:\/\/auren.com\/uy\/"},{"@type":"ListItem","position":2,"name":"243 &#8211; PROYECTO DE LEY DE PRESUPUESTO NACIONAL: MODIFICACIONES ASOCIADAS A LA LEY DE INVERSIONES."}]},{"@type":"WebSite","@id":"https:\/\/auren.com\/uy\/#website","url":"https:\/\/auren.com\/uy\/","name":"Auren Uruguay","description":"","publisher":{"@id":"https:\/\/auren.com\/uy\/#organization"},"potentialAction":[{"@type":"SearchAction","target":{"@type":"EntryPoint","urlTemplate":"https:\/\/auren.com\/uy\/?s={search_term_string}"},"query-input":{"@type":"PropertyValueSpecification","valueRequired":true,"valueName":"search_term_string"}}],"inLanguage":"es"},{"@type":"Organization","@id":"https:\/\/auren.com\/uy\/#organization","name":"Auren Uruguay","url":"https:\/\/auren.com\/uy\/","logo":{"@type":"ImageObject","inLanguage":"es","@id":"https:\/\/auren.com\/uy\/#\/schema\/logo\/image\/","url":"https:\/\/auren.com\/uy\/wp-content\/uploads\/2025\/01\/cropped-cropped-favicon-Auren.png","contentUrl":"https:\/\/auren.com\/uy\/wp-content\/uploads\/2025\/01\/cropped-cropped-favicon-Auren.png","width":512,"height":512,"caption":"Auren Uruguay"},"image":{"@id":"https:\/\/auren.com\/uy\/#\/schema\/logo\/image\/"},"sameAs":["https:\/\/www.facebook.com\/aurenuruguay","https:\/\/x.com\/AurenUruguay","https:\/\/www.linkedin.com\/company\/auren-uruguay","https:\/\/www.youtube.com\/channel\/UClkpSYFfsAuqdTaVF5whedQ","https:\/\/www.instagram.com\/aurenuruguay\/"]}]}},"_links":{"self":[{"href":"https:\/\/auren.com\/uy\/wp-json\/wp\/v2\/new\/11177","targetHints":{"allow":["GET"]}}],"collection":[{"href":"https:\/\/auren.com\/uy\/wp-json\/wp\/v2\/new"}],"about":[{"href":"https:\/\/auren.com\/uy\/wp-json\/wp\/v2\/types\/new"}],"version-history":[{"count":0,"href":"https:\/\/auren.com\/uy\/wp-json\/wp\/v2\/new\/11177\/revisions"}],"wp:featuredmedia":[{"embeddable":true,"href":"https:\/\/auren.com\/uy\/wp-json\/wp\/v2\/media\/11180"}],"wp:attachment":[{"href":"https:\/\/auren.com\/uy\/wp-json\/wp\/v2\/media?parent=11177"}],"wp:term":[{"taxonomy":"new-category","embeddable":true,"href":"https:\/\/auren.com\/uy\/wp-json\/wp\/v2\/new-category?post=11177"}],"curies":[{"name":"wp","href":"https:\/\/api.w.org\/{rel}","templated":true}]}}