{"id":11182,"date":"2015-10-02T13:52:25","date_gmt":"2015-10-02T11:52:25","guid":{"rendered":"https:\/\/auren.com\/uy\/new\/242-tiene-actualizado-el-registro-de-las-participaciones-patrimoniales-de-su-empresa-ante-el-b-c-u\/"},"modified":"2015-10-02T13:52:25","modified_gmt":"2015-10-02T11:52:25","slug":"242-tiene-actualizado-el-registro-de-las-participaciones-patrimoniales-de-su-empresa-ante-el-b-c-u","status":"publish","type":"new","link":"https:\/\/auren.com\/uy\/noticias\/242-tiene-actualizado-el-registro-de-las-participaciones-patrimoniales-de-su-empresa-ante-el-b-c-u\/","title":{"rendered":"242 &#8211; \u00bf TIENE ACTUALIZADO EL REGISTRO DE LAS PARTICIPACIONES PATRIMONIALES DE SU EMPRESA ANTE EL B.C.U?"},"content":{"rendered":"<p class=\"has-text-align-justify\">La <strong>Ley N\u00ba 18.930<\/strong> sobre Materia de Transparencia Fiscal Internacional que estableci\u00f3 la obligatoriedad de comunicaci\u00f3n de las participaciones patrimoniales al portador al Registro que a tales efectos lleva el Banco Central del Uruguay (BCU); estableci\u00f3 adem\u00e1s que toda vez que una sociedad realice modificaciones en su contrato social (o estatuto) o datos en la misma deber\u00e1 realizar la comunicaci\u00f3n por dichas modificaciones.<\/p>\n<p class=\"has-text-align-justify\">Es decir que es importante tener en cuenta que toda vez que se altere de alguna forma el porcentaje de participaci\u00f3n de los accionistas, socios o accionistas o alguno de los datos que \u00e9stos hayan declarado en sus respectivas declaraciones juradas deber\u00e1n cumplir con la obligaci\u00f3n de comunicar dichas modificaciones al BCU.<\/p>\n<p class=\"has-text-align-justify\">Si la modificaci\u00f3n corresponde a la sociedad, ser\u00e1 \u00e9sta quien deber\u00e1 presentar una nueva declaraci\u00f3n jurada (formulario B) firmada por su representante legal o estatutario o contractual, con la correspondiente certificaci\u00f3n de firmas.<\/p>\n<p class=\"has-text-align-justify\">Si por el contrario proviene de una modificaci\u00f3n de socios, es decir que hubo un cambio en la titularidad de las mismas o en alguno de los datos ya aportados al BCU deber\u00e1 el interesado presentar una declaraci\u00f3n jurada (formulario A) a la entidad emisora de las participaciones patrimoniales al portador, y \u00e9sta \u00faltima deber\u00e1 proceder a comunicar al BCU la misma.<\/p>\n<p class=\"has-text-align-justify has-vivid-red-color has-text-color\" style=\"font-size:25px\"><strong><em>\u00bfQu\u00e9 modificaciones en los datos que implican actualizaci\u00f3n ante BCU?<\/em><\/strong><\/p>\n<p class=\"has-text-align-justify has-vivid-red-color has-text-color\" style=\"font-size:25px\"><strong>Datos de los titulares:<\/strong><\/p>\n<p class=\"has-text-align-justify\">Modificaci\u00f3n del titular de las participaciones patrimoniales al portador, su Estado Civil, variaci\u00f3n en el porcentaje de participaci\u00f3n en el capital integrado, domicilio del titular o del dep\u00f3sito de las acciones, etc.<\/p>\n<p class=\"has-text-align-justify has-vivid-red-color has-text-color\" style=\"font-size:25px\"><strong>Datos de la entidad:<\/strong><\/p>\n<p class=\"has-text-align-justify\">Modificaci\u00f3n de nombre o alguna otra reforma del contrato social, domicilio.<\/p>\n<p class=\"has-text-align-justify\">Se except\u00faan de comunicaci\u00f3n, los cambios de Directorios, y aumentos de capital que mantengan las proporciones de participaci\u00f3n entre sus socios o accionistas<\/p>\n<p class=\"has-text-align-justify has-vivid-red-color has-text-color\" style=\"font-size:25px\"><strong><em>Plazos para realizar las modificaciones<\/em><\/strong><\/p>\n<p class=\"has-text-align-justify has-vivid-red-color has-text-color\" style=\"font-size:25px\"><strong>Plazos para los titulares<\/strong><\/p>\n<p class=\"has-text-align-justify\">Los titulares de participaciones patrimoniales al portador cuentan con un plazo de quince (15) d\u00edas para comunicar sus modificaciones a la entidad emisora (Sociedad).<\/p>\n<p class=\"has-text-align-justify has-vivid-red-color has-text-color\" style=\"font-size:25px\"><strong>Plazos para la entidad<\/strong><\/p>\n<p class=\"has-text-align-justify\">Las sociedades cuentan con un plazo de treinta d\u00edas (30) para comunicar mediante Declaraci\u00f3n jurada la modificaci\u00f3n producida; plazo que se comenzar\u00e1 a computar de la siguiente forma:<\/p>\n<ul>\n<li>Si se trata de una modificaci\u00f3n propia de la sociedad: Desde que esta se produce.<\/li>\n<li>Si se trata de una modificaci\u00f3n comunicada por el titular de participaciones patrimoniales al portador: desde el d\u00eda siguiente al vencimiento del plazo que aquel tiene para su comunicaci\u00f3n a la entidad emisora.<\/li>\n<\/ul>\n<p class=\"has-text-align-justify has-vivid-red-color has-text-color\" style=\"font-size:25px\"><strong><em>Sanciones por no presentar las modificaciones<\/em><\/strong><\/p>\n<p class=\"has-text-align-justify\">Es importante recordar que existen sanciones al incumplimiento:<\/p>\n<p class=\"has-text-align-justify\"><strong>Sanciones a los titulares<\/strong>: imposibilidad de ejercer cualquier derecho correspondiente a su condici\u00f3n de titular o beneficiario de las participaciones patrimoniales, adem\u00e1s de estar impedidos de pagar dividendos o utilidades, rescates, recesos o el resultado de la liquidaci\u00f3n de la sociedad, as\u00ed como cualquier partida de similar naturaleza, sin perjuicio de multa por un monto de hasta 100 veces el valor m\u00e1ximo de la multa por contravenci\u00f3n del C\u00f3digo Tributario.<\/p>\n<p class=\"has-text-align-justify\"><strong>Sanciones a las entidades:<\/strong> Igual multa que la prevista para los titulares; suspensi\u00f3n del Certificado \u00fanico de DGI.<\/p>\n<p class=\"has-text-align-justify\">Tanto titulares de participaciones al portador como responsables de entidades que emiten este tipo de participaciones deben mantenerse atentos, ya que la din\u00e1mica de la vida empresarial y personal plantean modificaciones constantes que pueden impactar en la actualizaci\u00f3n del mencionado registro.<\/p>\n<p><!-- AddThis Advanced Settings generic via filter on the_content --><!-- AddThis Share Buttons generic via filter on the_content --><\/p>\n","protected":false},"excerpt":{"rendered":"<p>Dr. Esc. Fernando Salazar<\/p>\n","protected":false},"featured_media":11185,"template":"","meta":{"_acf_changed":false,"footnotes":""},"new-category":[],"class_list":["post-11182","new","type-new","status-publish","has-post-thumbnail","hentry"],"acf":[],"yoast_head":"<!-- This site is optimized with the Yoast SEO plugin v27.5 - https:\/\/yoast.com\/product\/yoast-seo-wordpress\/ -->\n<title>242 - \u00bf TIENE ACTUALIZADO EL REGISTRO DE LAS PARTICIPACIONES PATRIMONIALES DE SU EMPRESA ANTE EL B.C.U? - Auren Uruguay<\/title>\n<meta name=\"robots\" content=\"index, follow, max-snippet:-1, max-image-preview:large, max-video-preview:-1\" \/>\n<link rel=\"canonical\" href=\"https:\/\/auren.com\/uy\/noticias\/242-tiene-actualizado-el-registro-de-las-participaciones-patrimoniales-de-su-empresa-ante-el-b-c-u\/\" \/>\n<meta property=\"og:locale\" content=\"es_ES\" \/>\n<meta property=\"og:type\" content=\"article\" \/>\n<meta property=\"og:title\" content=\"242 - \u00bf TIENE ACTUALIZADO EL REGISTRO DE LAS PARTICIPACIONES PATRIMONIALES DE SU EMPRESA ANTE EL B.C.U? - Auren Uruguay\" \/>\n<meta property=\"og:description\" content=\"Dr. Esc. Fernando Salazar\" \/>\n<meta property=\"og:url\" content=\"https:\/\/auren.com\/uy\/noticias\/242-tiene-actualizado-el-registro-de-las-participaciones-patrimoniales-de-su-empresa-ante-el-b-c-u\/\" \/>\n<meta property=\"og:site_name\" content=\"Auren Uruguay\" \/>\n<meta property=\"article:publisher\" content=\"https:\/\/www.facebook.com\/aurenuruguay\" \/>\n<meta property=\"og:image\" content=\"https:\/\/auren.com\/uy\/wp-content\/uploads\/2015\/10\/photo-1450101499163-c8848c66ca85.jpeg\" \/>\n\t<meta property=\"og:image:width\" content=\"1950\" \/>\n\t<meta property=\"og:image:height\" content=\"1301\" \/>\n\t<meta property=\"og:image:type\" content=\"image\/jpeg\" \/>\n<meta name=\"twitter:card\" content=\"summary_large_image\" \/>\n<meta name=\"twitter:site\" content=\"@AurenUruguay\" \/>\n<meta name=\"twitter:label1\" content=\"Tiempo de lectura\" \/>\n\t<meta name=\"twitter:data1\" content=\"3 minutos\" \/>\n<script type=\"application\/ld+json\" class=\"yoast-schema-graph\">{\"@context\":\"https:\\\/\\\/schema.org\",\"@graph\":[{\"@type\":\"WebPage\",\"@id\":\"https:\\\/\\\/auren.com\\\/uy\\\/noticias\\\/242-tiene-actualizado-el-registro-de-las-participaciones-patrimoniales-de-su-empresa-ante-el-b-c-u\\\/\",\"url\":\"https:\\\/\\\/auren.com\\\/uy\\\/noticias\\\/242-tiene-actualizado-el-registro-de-las-participaciones-patrimoniales-de-su-empresa-ante-el-b-c-u\\\/\",\"name\":\"242 - \u00bf TIENE ACTUALIZADO EL REGISTRO DE LAS PARTICIPACIONES PATRIMONIALES DE SU EMPRESA ANTE EL B.C.U? - Auren Uruguay\",\"isPartOf\":{\"@id\":\"https:\\\/\\\/auren.com\\\/uy\\\/#website\"},\"primaryImageOfPage\":{\"@id\":\"https:\\\/\\\/auren.com\\\/uy\\\/noticias\\\/242-tiene-actualizado-el-registro-de-las-participaciones-patrimoniales-de-su-empresa-ante-el-b-c-u\\\/#primaryimage\"},\"image\":{\"@id\":\"https:\\\/\\\/auren.com\\\/uy\\\/noticias\\\/242-tiene-actualizado-el-registro-de-las-participaciones-patrimoniales-de-su-empresa-ante-el-b-c-u\\\/#primaryimage\"},\"thumbnailUrl\":\"https:\\\/\\\/auren.com\\\/uy\\\/wp-content\\\/uploads\\\/2015\\\/10\\\/photo-1450101499163-c8848c66ca85.jpeg\",\"datePublished\":\"2015-10-02T11:52:25+00:00\",\"breadcrumb\":{\"@id\":\"https:\\\/\\\/auren.com\\\/uy\\\/noticias\\\/242-tiene-actualizado-el-registro-de-las-participaciones-patrimoniales-de-su-empresa-ante-el-b-c-u\\\/#breadcrumb\"},\"inLanguage\":\"es\",\"potentialAction\":[{\"@type\":\"ReadAction\",\"target\":[\"https:\\\/\\\/auren.com\\\/uy\\\/noticias\\\/242-tiene-actualizado-el-registro-de-las-participaciones-patrimoniales-de-su-empresa-ante-el-b-c-u\\\/\"]}]},{\"@type\":\"ImageObject\",\"inLanguage\":\"es\",\"@id\":\"https:\\\/\\\/auren.com\\\/uy\\\/noticias\\\/242-tiene-actualizado-el-registro-de-las-participaciones-patrimoniales-de-su-empresa-ante-el-b-c-u\\\/#primaryimage\",\"url\":\"https:\\\/\\\/auren.com\\\/uy\\\/wp-content\\\/uploads\\\/2015\\\/10\\\/photo-1450101499163-c8848c66ca85.jpeg\",\"contentUrl\":\"https:\\\/\\\/auren.com\\\/uy\\\/wp-content\\\/uploads\\\/2015\\\/10\\\/photo-1450101499163-c8848c66ca85.jpeg\",\"width\":1950,\"height\":1301},{\"@type\":\"BreadcrumbList\",\"@id\":\"https:\\\/\\\/auren.com\\\/uy\\\/noticias\\\/242-tiene-actualizado-el-registro-de-las-participaciones-patrimoniales-de-su-empresa-ante-el-b-c-u\\\/#breadcrumb\",\"itemListElement\":[{\"@type\":\"ListItem\",\"position\":1,\"name\":\"Portada\",\"item\":\"https:\\\/\\\/auren.com\\\/uy\\\/\"},{\"@type\":\"ListItem\",\"position\":2,\"name\":\"242 &#8211; \u00bf TIENE ACTUALIZADO EL REGISTRO DE LAS PARTICIPACIONES PATRIMONIALES DE SU EMPRESA ANTE EL B.C.U?\"}]},{\"@type\":\"WebSite\",\"@id\":\"https:\\\/\\\/auren.com\\\/uy\\\/#website\",\"url\":\"https:\\\/\\\/auren.com\\\/uy\\\/\",\"name\":\"Auren Uruguay\",\"description\":\"\",\"publisher\":{\"@id\":\"https:\\\/\\\/auren.com\\\/uy\\\/#organization\"},\"potentialAction\":[{\"@type\":\"SearchAction\",\"target\":{\"@type\":\"EntryPoint\",\"urlTemplate\":\"https:\\\/\\\/auren.com\\\/uy\\\/?s={search_term_string}\"},\"query-input\":{\"@type\":\"PropertyValueSpecification\",\"valueRequired\":true,\"valueName\":\"search_term_string\"}}],\"inLanguage\":\"es\"},{\"@type\":\"Organization\",\"@id\":\"https:\\\/\\\/auren.com\\\/uy\\\/#organization\",\"name\":\"Auren Uruguay\",\"url\":\"https:\\\/\\\/auren.com\\\/uy\\\/\",\"logo\":{\"@type\":\"ImageObject\",\"inLanguage\":\"es\",\"@id\":\"https:\\\/\\\/auren.com\\\/uy\\\/#\\\/schema\\\/logo\\\/image\\\/\",\"url\":\"https:\\\/\\\/auren.com\\\/uy\\\/wp-content\\\/uploads\\\/2025\\\/01\\\/cropped-cropped-favicon-Auren.png\",\"contentUrl\":\"https:\\\/\\\/auren.com\\\/uy\\\/wp-content\\\/uploads\\\/2025\\\/01\\\/cropped-cropped-favicon-Auren.png\",\"width\":512,\"height\":512,\"caption\":\"Auren Uruguay\"},\"image\":{\"@id\":\"https:\\\/\\\/auren.com\\\/uy\\\/#\\\/schema\\\/logo\\\/image\\\/\"},\"sameAs\":[\"https:\\\/\\\/www.facebook.com\\\/aurenuruguay\",\"https:\\\/\\\/x.com\\\/AurenUruguay\",\"https:\\\/\\\/www.linkedin.com\\\/company\\\/auren-uruguay\",\"https:\\\/\\\/www.youtube.com\\\/channel\\\/UClkpSYFfsAuqdTaVF5whedQ\",\"https:\\\/\\\/www.instagram.com\\\/aurenuruguay\\\/\"]}]}<\/script>\n<!-- \/ Yoast SEO plugin. -->","yoast_head_json":{"title":"242 - \u00bf TIENE ACTUALIZADO EL REGISTRO DE LAS PARTICIPACIONES PATRIMONIALES DE SU EMPRESA ANTE EL B.C.U? - Auren Uruguay","robots":{"index":"index","follow":"follow","max-snippet":"max-snippet:-1","max-image-preview":"max-image-preview:large","max-video-preview":"max-video-preview:-1"},"canonical":"https:\/\/auren.com\/uy\/noticias\/242-tiene-actualizado-el-registro-de-las-participaciones-patrimoniales-de-su-empresa-ante-el-b-c-u\/","og_locale":"es_ES","og_type":"article","og_title":"242 - \u00bf TIENE ACTUALIZADO EL REGISTRO DE LAS PARTICIPACIONES PATRIMONIALES DE SU EMPRESA ANTE EL B.C.U? - Auren Uruguay","og_description":"Dr. Esc. Fernando Salazar","og_url":"https:\/\/auren.com\/uy\/noticias\/242-tiene-actualizado-el-registro-de-las-participaciones-patrimoniales-de-su-empresa-ante-el-b-c-u\/","og_site_name":"Auren Uruguay","article_publisher":"https:\/\/www.facebook.com\/aurenuruguay","og_image":[{"width":1950,"height":1301,"url":"https:\/\/auren.com\/uy\/wp-content\/uploads\/2015\/10\/photo-1450101499163-c8848c66ca85.jpeg","type":"image\/jpeg"}],"twitter_card":"summary_large_image","twitter_site":"@AurenUruguay","twitter_misc":{"Tiempo de lectura":"3 minutos"},"schema":{"@context":"https:\/\/schema.org","@graph":[{"@type":"WebPage","@id":"https:\/\/auren.com\/uy\/noticias\/242-tiene-actualizado-el-registro-de-las-participaciones-patrimoniales-de-su-empresa-ante-el-b-c-u\/","url":"https:\/\/auren.com\/uy\/noticias\/242-tiene-actualizado-el-registro-de-las-participaciones-patrimoniales-de-su-empresa-ante-el-b-c-u\/","name":"242 - \u00bf TIENE ACTUALIZADO EL REGISTRO DE LAS PARTICIPACIONES PATRIMONIALES DE SU EMPRESA ANTE EL B.C.U? - Auren Uruguay","isPartOf":{"@id":"https:\/\/auren.com\/uy\/#website"},"primaryImageOfPage":{"@id":"https:\/\/auren.com\/uy\/noticias\/242-tiene-actualizado-el-registro-de-las-participaciones-patrimoniales-de-su-empresa-ante-el-b-c-u\/#primaryimage"},"image":{"@id":"https:\/\/auren.com\/uy\/noticias\/242-tiene-actualizado-el-registro-de-las-participaciones-patrimoniales-de-su-empresa-ante-el-b-c-u\/#primaryimage"},"thumbnailUrl":"https:\/\/auren.com\/uy\/wp-content\/uploads\/2015\/10\/photo-1450101499163-c8848c66ca85.jpeg","datePublished":"2015-10-02T11:52:25+00:00","breadcrumb":{"@id":"https:\/\/auren.com\/uy\/noticias\/242-tiene-actualizado-el-registro-de-las-participaciones-patrimoniales-de-su-empresa-ante-el-b-c-u\/#breadcrumb"},"inLanguage":"es","potentialAction":[{"@type":"ReadAction","target":["https:\/\/auren.com\/uy\/noticias\/242-tiene-actualizado-el-registro-de-las-participaciones-patrimoniales-de-su-empresa-ante-el-b-c-u\/"]}]},{"@type":"ImageObject","inLanguage":"es","@id":"https:\/\/auren.com\/uy\/noticias\/242-tiene-actualizado-el-registro-de-las-participaciones-patrimoniales-de-su-empresa-ante-el-b-c-u\/#primaryimage","url":"https:\/\/auren.com\/uy\/wp-content\/uploads\/2015\/10\/photo-1450101499163-c8848c66ca85.jpeg","contentUrl":"https:\/\/auren.com\/uy\/wp-content\/uploads\/2015\/10\/photo-1450101499163-c8848c66ca85.jpeg","width":1950,"height":1301},{"@type":"BreadcrumbList","@id":"https:\/\/auren.com\/uy\/noticias\/242-tiene-actualizado-el-registro-de-las-participaciones-patrimoniales-de-su-empresa-ante-el-b-c-u\/#breadcrumb","itemListElement":[{"@type":"ListItem","position":1,"name":"Portada","item":"https:\/\/auren.com\/uy\/"},{"@type":"ListItem","position":2,"name":"242 &#8211; \u00bf TIENE ACTUALIZADO EL REGISTRO DE LAS PARTICIPACIONES PATRIMONIALES DE SU EMPRESA ANTE EL B.C.U?"}]},{"@type":"WebSite","@id":"https:\/\/auren.com\/uy\/#website","url":"https:\/\/auren.com\/uy\/","name":"Auren Uruguay","description":"","publisher":{"@id":"https:\/\/auren.com\/uy\/#organization"},"potentialAction":[{"@type":"SearchAction","target":{"@type":"EntryPoint","urlTemplate":"https:\/\/auren.com\/uy\/?s={search_term_string}"},"query-input":{"@type":"PropertyValueSpecification","valueRequired":true,"valueName":"search_term_string"}}],"inLanguage":"es"},{"@type":"Organization","@id":"https:\/\/auren.com\/uy\/#organization","name":"Auren Uruguay","url":"https:\/\/auren.com\/uy\/","logo":{"@type":"ImageObject","inLanguage":"es","@id":"https:\/\/auren.com\/uy\/#\/schema\/logo\/image\/","url":"https:\/\/auren.com\/uy\/wp-content\/uploads\/2025\/01\/cropped-cropped-favicon-Auren.png","contentUrl":"https:\/\/auren.com\/uy\/wp-content\/uploads\/2025\/01\/cropped-cropped-favicon-Auren.png","width":512,"height":512,"caption":"Auren Uruguay"},"image":{"@id":"https:\/\/auren.com\/uy\/#\/schema\/logo\/image\/"},"sameAs":["https:\/\/www.facebook.com\/aurenuruguay","https:\/\/x.com\/AurenUruguay","https:\/\/www.linkedin.com\/company\/auren-uruguay","https:\/\/www.youtube.com\/channel\/UClkpSYFfsAuqdTaVF5whedQ","https:\/\/www.instagram.com\/aurenuruguay\/"]}]}},"_links":{"self":[{"href":"https:\/\/auren.com\/uy\/wp-json\/wp\/v2\/new\/11182","targetHints":{"allow":["GET"]}}],"collection":[{"href":"https:\/\/auren.com\/uy\/wp-json\/wp\/v2\/new"}],"about":[{"href":"https:\/\/auren.com\/uy\/wp-json\/wp\/v2\/types\/new"}],"version-history":[{"count":0,"href":"https:\/\/auren.com\/uy\/wp-json\/wp\/v2\/new\/11182\/revisions"}],"wp:featuredmedia":[{"embeddable":true,"href":"https:\/\/auren.com\/uy\/wp-json\/wp\/v2\/media\/11185"}],"wp:attachment":[{"href":"https:\/\/auren.com\/uy\/wp-json\/wp\/v2\/media?parent=11182"}],"wp:term":[{"taxonomy":"new-category","embeddable":true,"href":"https:\/\/auren.com\/uy\/wp-json\/wp\/v2\/new-category?post=11182"}],"curies":[{"name":"wp","href":"https:\/\/api.w.org\/{rel}","templated":true}]}}