{"id":11187,"date":"2015-09-25T13:49:39","date_gmt":"2015-09-25T11:49:39","guid":{"rendered":"https:\/\/auren.com\/uy\/new\/241-la-ley-de-inclusion-financiera-en-el-proyecto-de-ley-de-presupuesto-nacional\/"},"modified":"2015-09-25T13:49:39","modified_gmt":"2015-09-25T11:49:39","slug":"241-la-ley-de-inclusion-financiera-en-el-proyecto-de-ley-de-presupuesto-nacional","status":"publish","type":"new","link":"https:\/\/auren.com\/uy\/noticias\/241-la-ley-de-inclusion-financiera-en-el-proyecto-de-ley-de-presupuesto-nacional\/","title":{"rendered":"241 &#8211; LA LEY DE INCLUSI\u00d3N FINANCIERA EN EL PROYECTO DE LEY DE PRESUPUESTO NACIONAL"},"content":{"rendered":"<p class=\"has-text-align-justify\">Siguiendo con el an\u00e1lisis del Proyecto de Ley del Presupuesto Nacional, repasaremos brevemente las principales modificaciones que se introducen a la <strong>Ley N\u00ba 19.210<\/strong> de Inclusi\u00f3n Financiera.<\/p>\n<p class=\"has-text-align-left has-vivid-red-color has-text-color\" style=\"font-size:25px\"><strong>Sociedades Comerciales<\/strong><\/p>\n<p class=\"has-text-align-justify\">Se establece que en las sociedades comerciales, los ingresos o egresos de dinero por aportes de capital, adelantos de fondos, pagos de utilidades, reducciones o rescates de capital, y otras operaciones similares previstas en la <strong>Ley N\u00ba 16.060<\/strong>, por un importe igual o superior a <strong>160.000 UI<\/strong> (<strong>$ 500.000<\/strong>), s\u00f3lo podr\u00e1n realizarse a trav\u00e9s de medios de pago electr\u00f3nicos (tarjeta de d\u00e9bito o cr\u00e9dito, instrumentos de dinero electr\u00f3nico y transferencias electr\u00f3nicas de fondos) o cheques diferidos cruzados no a la orden.<\/p>\n<p class=\"has-text-align-justify\">En caso que dichas operaciones sean por montos inferiores a las 160.000 UI, pero <strong>superiores<\/strong> a <strong>40.000 UI<\/strong> <strong>($ 125.000<\/strong>), las mismas podr\u00e1n realizarse con cualquier medio de pago, <strong>excepto mediante el uso de efectivo<\/strong>, entendi\u00e9ndose por tal el papel moneda y la moneda met\u00e1lica, nacionales o extranjeras.<\/p>\n<p class=\"has-text-align-left has-vivid-red-color has-text-color\" style=\"font-size:25px\"><strong>Expropiaci\u00f3n de Inmuebles<\/strong><\/p>\n<p class=\"has-text-align-justify\">La <strong>Ley N\u00ba 19.210<\/strong> establece que toda transmisi\u00f3n de derechos sobre bienes inmuebles por montos superiores a las <strong>40.000 UI<\/strong> deber\u00e1 realizarse a trav\u00e9s de medios de pagos electr\u00f3nicos, cheques certificados cruzados no a la orden o letras de cambio cruzadas emitidas por una instituci\u00f3n de intermediaci\u00f3n financiera (IIF). El Proyecto <strong>excluye<\/strong> de estas disposiciones las enajenaciones de inmuebles por <strong>v\u00eda de expropiaci\u00f3n.<\/strong><\/p>\n<p class=\"has-text-align-left has-vivid-red-color has-text-color\" style=\"font-size:25px\"><strong>Restricciones al uso de efectivo<\/strong><\/p>\n<p class=\"has-text-align-justify\">El Proyecto <strong>faculta al Poder Ejecutivo<\/strong> a restringir el uso de efectivo en aquellas <strong>actividades<\/strong> en las que el riesgo derivado de su utilizaci\u00f3n justifique la adopci\u00f3n de tal medida. Se prev\u00e9 tambi\u00e9n la adopci\u00f3n de la misma medida para aquellos <strong>establecimientos<\/strong> que enajenen bienes o presten servicios que as\u00ed <strong>lo soliciten<\/strong>, con la finalidad de proteger la integridad f\u00edsica de las personas que trabajan en los mismos, as\u00ed como la de sus usuarios.<\/p>\n<p class=\"has-text-align-left has-vivid-red-color has-text-color\" style=\"font-size:25px\"><strong>Cronograma de incorporaci\u00f3n<\/strong><\/p>\n<p class=\"has-text-align-justify\">Recordamos que a partir de <strong>diciembre de 2015<\/strong> comenzar\u00e1n a regir las disposiciones de la Ley referidas a:<\/p>\n<p class=\"has-text-align-justify\">Operaciones mayores <strong>160.000 UI<\/strong>, las cuales s\u00f3lo podr\u00e1n realizarse a trav\u00e9s de medios de pago electr\u00f3nicos o cheques diferidos cruzados no a la orden.<\/p>\n<p class=\"has-text-align-justify\">Las operaciones superiores a <strong>40.000 UI<\/strong> en las que intervenga una persona jur\u00eddica o persona f\u00edsica titular de una empresa unipersonal <strong>no podr\u00e1n realizarse en efectivo<\/strong>.<\/p>\n<p class=\"has-text-align-justify\">El pago de transmisiones de derechos sobre <strong>bienes inmuebles<\/strong> y <strong>veh\u00edculos cero kil\u00f3metro<\/strong> superiores a <strong>40.000 UI<\/strong> deber\u00e1 realizarse a trav\u00e9s de medios de pago electr\u00f3nicos, cheques certificados cruzados no a la orden o letras de cambio cruzadas emitidas por una IIF.<\/p>\n<p class=\"has-text-align-justify\">El pago de <strong>arrendamientos<\/strong> de inmuebles superiores a <strong>40 BPC en el a\u00f1o civil<\/strong> ($ 10.100 mensual aproximadamente), deber\u00e1 realizarse mediante acreditaci\u00f3n en cuenta abierta en una IIF a nombre del arrendador.<\/p>\n<p class=\"has-text-align-justify\">En el caso de los contratos en curso al momento de la entrada en vigencia de la Ley (19\/5\/2014), el titular del inmueble debe comunicar en <em>forma fehaciente<\/em> al deudor la cuenta en la cual deber\u00e1n acreditarse los referidos pagos. Recordamos que el plazo para efectuar tal comunicaci\u00f3n venci\u00f3 el pasado <strong>1\u00ba\/9<\/strong>.<\/p>\n<p class=\"has-text-align-left has-vivid-red-color has-text-color\" style=\"font-size:25px\"><strong>SUMA<\/strong><\/p>\n<p class=\"has-text-align-justify\">La <strong>Ley 19.210<\/strong> es sin duda sumamente ambiciosa, ya que introduce cambios significativos en la operativa y costumbres de las empresas y consumidores. Es por esta raz\u00f3n que su implementaci\u00f3n requiere un tiempo de adaptaci\u00f3n al nuevo sistema, el cual evidentemente no se contempl\u00f3 en los plazos originales de la ley, habi\u00e9ndose prorrogado la entrada en vigencia de varias de sus disposiciones por m\u00e1s de una vez. Resta esperar si esta vez el plazo volver\u00e1 a prorrogarse, lo cual depender\u00e1 de que tan preparados se encuentren los diversos agentes que intervienen en las transacciones.<\/p>\n<\/p>\n<p><!-- AddThis Advanced Settings generic via filter on the_content --><!-- AddThis Share Buttons generic via filter on the_content --><\/p>\n","protected":false},"excerpt":{"rendered":"<p>      Cr. Javier Rimoldi<\/p>\n","protected":false},"featured_media":11190,"template":"","meta":{"_acf_changed":false,"footnotes":""},"new-category":[],"class_list":["post-11187","new","type-new","status-publish","has-post-thumbnail","hentry"],"acf":[],"yoast_head":"<!-- This site is optimized with the Yoast SEO plugin v27.5 - https:\/\/yoast.com\/product\/yoast-seo-wordpress\/ -->\n<title>241 - LA LEY DE INCLUSI\u00d3N FINANCIERA EN EL PROYECTO DE LEY DE PRESUPUESTO NACIONAL - Auren Uruguay<\/title>\n<meta name=\"robots\" content=\"index, follow, max-snippet:-1, max-image-preview:large, max-video-preview:-1\" \/>\n<link rel=\"canonical\" href=\"https:\/\/auren.com\/uy\/noticias\/241-la-ley-de-inclusion-financiera-en-el-proyecto-de-ley-de-presupuesto-nacional\/\" \/>\n<meta property=\"og:locale\" content=\"es_ES\" \/>\n<meta property=\"og:type\" content=\"article\" \/>\n<meta property=\"og:title\" content=\"241 - LA LEY DE INCLUSI\u00d3N FINANCIERA EN EL PROYECTO DE LEY DE PRESUPUESTO NACIONAL - Auren Uruguay\" \/>\n<meta property=\"og:description\" content=\"Cr. Javier Rimoldi\" \/>\n<meta property=\"og:url\" content=\"https:\/\/auren.com\/uy\/noticias\/241-la-ley-de-inclusion-financiera-en-el-proyecto-de-ley-de-presupuesto-nacional\/\" \/>\n<meta property=\"og:site_name\" content=\"Auren Uruguay\" \/>\n<meta property=\"article:publisher\" content=\"https:\/\/www.facebook.com\/aurenuruguay\" \/>\n<meta property=\"og:image\" content=\"https:\/\/auren.com\/uy\/wp-content\/uploads\/2015\/09\/sass.jpg\" \/>\n\t<meta property=\"og:image:width\" content=\"2048\" \/>\n\t<meta property=\"og:image:height\" content=\"1365\" \/>\n\t<meta property=\"og:image:type\" content=\"image\/jpeg\" \/>\n<meta name=\"twitter:card\" content=\"summary_large_image\" \/>\n<meta name=\"twitter:site\" content=\"@AurenUruguay\" \/>\n<meta name=\"twitter:label1\" content=\"Tiempo de lectura\" \/>\n\t<meta name=\"twitter:data1\" content=\"3 minutos\" \/>\n<script type=\"application\/ld+json\" class=\"yoast-schema-graph\">{\"@context\":\"https:\\\/\\\/schema.org\",\"@graph\":[{\"@type\":\"WebPage\",\"@id\":\"https:\\\/\\\/auren.com\\\/uy\\\/noticias\\\/241-la-ley-de-inclusion-financiera-en-el-proyecto-de-ley-de-presupuesto-nacional\\\/\",\"url\":\"https:\\\/\\\/auren.com\\\/uy\\\/noticias\\\/241-la-ley-de-inclusion-financiera-en-el-proyecto-de-ley-de-presupuesto-nacional\\\/\",\"name\":\"241 - LA LEY DE INCLUSI\u00d3N FINANCIERA EN EL PROYECTO DE LEY DE PRESUPUESTO NACIONAL - Auren Uruguay\",\"isPartOf\":{\"@id\":\"https:\\\/\\\/auren.com\\\/uy\\\/#website\"},\"primaryImageOfPage\":{\"@id\":\"https:\\\/\\\/auren.com\\\/uy\\\/noticias\\\/241-la-ley-de-inclusion-financiera-en-el-proyecto-de-ley-de-presupuesto-nacional\\\/#primaryimage\"},\"image\":{\"@id\":\"https:\\\/\\\/auren.com\\\/uy\\\/noticias\\\/241-la-ley-de-inclusion-financiera-en-el-proyecto-de-ley-de-presupuesto-nacional\\\/#primaryimage\"},\"thumbnailUrl\":\"https:\\\/\\\/auren.com\\\/uy\\\/wp-content\\\/uploads\\\/2015\\\/09\\\/sass.jpg\",\"datePublished\":\"2015-09-25T11:49:39+00:00\",\"breadcrumb\":{\"@id\":\"https:\\\/\\\/auren.com\\\/uy\\\/noticias\\\/241-la-ley-de-inclusion-financiera-en-el-proyecto-de-ley-de-presupuesto-nacional\\\/#breadcrumb\"},\"inLanguage\":\"es\",\"potentialAction\":[{\"@type\":\"ReadAction\",\"target\":[\"https:\\\/\\\/auren.com\\\/uy\\\/noticias\\\/241-la-ley-de-inclusion-financiera-en-el-proyecto-de-ley-de-presupuesto-nacional\\\/\"]}]},{\"@type\":\"ImageObject\",\"inLanguage\":\"es\",\"@id\":\"https:\\\/\\\/auren.com\\\/uy\\\/noticias\\\/241-la-ley-de-inclusion-financiera-en-el-proyecto-de-ley-de-presupuesto-nacional\\\/#primaryimage\",\"url\":\"https:\\\/\\\/auren.com\\\/uy\\\/wp-content\\\/uploads\\\/2015\\\/09\\\/sass.jpg\",\"contentUrl\":\"https:\\\/\\\/auren.com\\\/uy\\\/wp-content\\\/uploads\\\/2015\\\/09\\\/sass.jpg\",\"width\":2048,\"height\":1365},{\"@type\":\"BreadcrumbList\",\"@id\":\"https:\\\/\\\/auren.com\\\/uy\\\/noticias\\\/241-la-ley-de-inclusion-financiera-en-el-proyecto-de-ley-de-presupuesto-nacional\\\/#breadcrumb\",\"itemListElement\":[{\"@type\":\"ListItem\",\"position\":1,\"name\":\"Portada\",\"item\":\"https:\\\/\\\/auren.com\\\/uy\\\/\"},{\"@type\":\"ListItem\",\"position\":2,\"name\":\"241 &#8211; LA LEY DE INCLUSI\u00d3N FINANCIERA EN EL PROYECTO DE LEY DE PRESUPUESTO NACIONAL\"}]},{\"@type\":\"WebSite\",\"@id\":\"https:\\\/\\\/auren.com\\\/uy\\\/#website\",\"url\":\"https:\\\/\\\/auren.com\\\/uy\\\/\",\"name\":\"Auren Uruguay\",\"description\":\"\",\"publisher\":{\"@id\":\"https:\\\/\\\/auren.com\\\/uy\\\/#organization\"},\"potentialAction\":[{\"@type\":\"SearchAction\",\"target\":{\"@type\":\"EntryPoint\",\"urlTemplate\":\"https:\\\/\\\/auren.com\\\/uy\\\/?s={search_term_string}\"},\"query-input\":{\"@type\":\"PropertyValueSpecification\",\"valueRequired\":true,\"valueName\":\"search_term_string\"}}],\"inLanguage\":\"es\"},{\"@type\":\"Organization\",\"@id\":\"https:\\\/\\\/auren.com\\\/uy\\\/#organization\",\"name\":\"Auren Uruguay\",\"url\":\"https:\\\/\\\/auren.com\\\/uy\\\/\",\"logo\":{\"@type\":\"ImageObject\",\"inLanguage\":\"es\",\"@id\":\"https:\\\/\\\/auren.com\\\/uy\\\/#\\\/schema\\\/logo\\\/image\\\/\",\"url\":\"https:\\\/\\\/auren.com\\\/uy\\\/wp-content\\\/uploads\\\/2025\\\/01\\\/cropped-cropped-favicon-Auren.png\",\"contentUrl\":\"https:\\\/\\\/auren.com\\\/uy\\\/wp-content\\\/uploads\\\/2025\\\/01\\\/cropped-cropped-favicon-Auren.png\",\"width\":512,\"height\":512,\"caption\":\"Auren Uruguay\"},\"image\":{\"@id\":\"https:\\\/\\\/auren.com\\\/uy\\\/#\\\/schema\\\/logo\\\/image\\\/\"},\"sameAs\":[\"https:\\\/\\\/www.facebook.com\\\/aurenuruguay\",\"https:\\\/\\\/x.com\\\/AurenUruguay\",\"https:\\\/\\\/www.linkedin.com\\\/company\\\/auren-uruguay\",\"https:\\\/\\\/www.youtube.com\\\/channel\\\/UClkpSYFfsAuqdTaVF5whedQ\",\"https:\\\/\\\/www.instagram.com\\\/aurenuruguay\\\/\"]}]}<\/script>\n<!-- \/ Yoast SEO plugin. -->","yoast_head_json":{"title":"241 - LA LEY DE INCLUSI\u00d3N FINANCIERA EN EL PROYECTO DE LEY DE PRESUPUESTO NACIONAL - Auren Uruguay","robots":{"index":"index","follow":"follow","max-snippet":"max-snippet:-1","max-image-preview":"max-image-preview:large","max-video-preview":"max-video-preview:-1"},"canonical":"https:\/\/auren.com\/uy\/noticias\/241-la-ley-de-inclusion-financiera-en-el-proyecto-de-ley-de-presupuesto-nacional\/","og_locale":"es_ES","og_type":"article","og_title":"241 - LA LEY DE INCLUSI\u00d3N FINANCIERA EN EL PROYECTO DE LEY DE PRESUPUESTO NACIONAL - Auren Uruguay","og_description":"Cr. Javier Rimoldi","og_url":"https:\/\/auren.com\/uy\/noticias\/241-la-ley-de-inclusion-financiera-en-el-proyecto-de-ley-de-presupuesto-nacional\/","og_site_name":"Auren Uruguay","article_publisher":"https:\/\/www.facebook.com\/aurenuruguay","og_image":[{"width":2048,"height":1365,"url":"https:\/\/auren.com\/uy\/wp-content\/uploads\/2015\/09\/sass.jpg","type":"image\/jpeg"}],"twitter_card":"summary_large_image","twitter_site":"@AurenUruguay","twitter_misc":{"Tiempo de lectura":"3 minutos"},"schema":{"@context":"https:\/\/schema.org","@graph":[{"@type":"WebPage","@id":"https:\/\/auren.com\/uy\/noticias\/241-la-ley-de-inclusion-financiera-en-el-proyecto-de-ley-de-presupuesto-nacional\/","url":"https:\/\/auren.com\/uy\/noticias\/241-la-ley-de-inclusion-financiera-en-el-proyecto-de-ley-de-presupuesto-nacional\/","name":"241 - LA LEY DE INCLUSI\u00d3N FINANCIERA EN EL PROYECTO DE LEY DE PRESUPUESTO NACIONAL - Auren Uruguay","isPartOf":{"@id":"https:\/\/auren.com\/uy\/#website"},"primaryImageOfPage":{"@id":"https:\/\/auren.com\/uy\/noticias\/241-la-ley-de-inclusion-financiera-en-el-proyecto-de-ley-de-presupuesto-nacional\/#primaryimage"},"image":{"@id":"https:\/\/auren.com\/uy\/noticias\/241-la-ley-de-inclusion-financiera-en-el-proyecto-de-ley-de-presupuesto-nacional\/#primaryimage"},"thumbnailUrl":"https:\/\/auren.com\/uy\/wp-content\/uploads\/2015\/09\/sass.jpg","datePublished":"2015-09-25T11:49:39+00:00","breadcrumb":{"@id":"https:\/\/auren.com\/uy\/noticias\/241-la-ley-de-inclusion-financiera-en-el-proyecto-de-ley-de-presupuesto-nacional\/#breadcrumb"},"inLanguage":"es","potentialAction":[{"@type":"ReadAction","target":["https:\/\/auren.com\/uy\/noticias\/241-la-ley-de-inclusion-financiera-en-el-proyecto-de-ley-de-presupuesto-nacional\/"]}]},{"@type":"ImageObject","inLanguage":"es","@id":"https:\/\/auren.com\/uy\/noticias\/241-la-ley-de-inclusion-financiera-en-el-proyecto-de-ley-de-presupuesto-nacional\/#primaryimage","url":"https:\/\/auren.com\/uy\/wp-content\/uploads\/2015\/09\/sass.jpg","contentUrl":"https:\/\/auren.com\/uy\/wp-content\/uploads\/2015\/09\/sass.jpg","width":2048,"height":1365},{"@type":"BreadcrumbList","@id":"https:\/\/auren.com\/uy\/noticias\/241-la-ley-de-inclusion-financiera-en-el-proyecto-de-ley-de-presupuesto-nacional\/#breadcrumb","itemListElement":[{"@type":"ListItem","position":1,"name":"Portada","item":"https:\/\/auren.com\/uy\/"},{"@type":"ListItem","position":2,"name":"241 &#8211; LA LEY DE INCLUSI\u00d3N FINANCIERA EN EL PROYECTO DE LEY DE PRESUPUESTO NACIONAL"}]},{"@type":"WebSite","@id":"https:\/\/auren.com\/uy\/#website","url":"https:\/\/auren.com\/uy\/","name":"Auren Uruguay","description":"","publisher":{"@id":"https:\/\/auren.com\/uy\/#organization"},"potentialAction":[{"@type":"SearchAction","target":{"@type":"EntryPoint","urlTemplate":"https:\/\/auren.com\/uy\/?s={search_term_string}"},"query-input":{"@type":"PropertyValueSpecification","valueRequired":true,"valueName":"search_term_string"}}],"inLanguage":"es"},{"@type":"Organization","@id":"https:\/\/auren.com\/uy\/#organization","name":"Auren Uruguay","url":"https:\/\/auren.com\/uy\/","logo":{"@type":"ImageObject","inLanguage":"es","@id":"https:\/\/auren.com\/uy\/#\/schema\/logo\/image\/","url":"https:\/\/auren.com\/uy\/wp-content\/uploads\/2025\/01\/cropped-cropped-favicon-Auren.png","contentUrl":"https:\/\/auren.com\/uy\/wp-content\/uploads\/2025\/01\/cropped-cropped-favicon-Auren.png","width":512,"height":512,"caption":"Auren Uruguay"},"image":{"@id":"https:\/\/auren.com\/uy\/#\/schema\/logo\/image\/"},"sameAs":["https:\/\/www.facebook.com\/aurenuruguay","https:\/\/x.com\/AurenUruguay","https:\/\/www.linkedin.com\/company\/auren-uruguay","https:\/\/www.youtube.com\/channel\/UClkpSYFfsAuqdTaVF5whedQ","https:\/\/www.instagram.com\/aurenuruguay\/"]}]}},"_links":{"self":[{"href":"https:\/\/auren.com\/uy\/wp-json\/wp\/v2\/new\/11187","targetHints":{"allow":["GET"]}}],"collection":[{"href":"https:\/\/auren.com\/uy\/wp-json\/wp\/v2\/new"}],"about":[{"href":"https:\/\/auren.com\/uy\/wp-json\/wp\/v2\/types\/new"}],"version-history":[{"count":0,"href":"https:\/\/auren.com\/uy\/wp-json\/wp\/v2\/new\/11187\/revisions"}],"wp:featuredmedia":[{"embeddable":true,"href":"https:\/\/auren.com\/uy\/wp-json\/wp\/v2\/media\/11190"}],"wp:attachment":[{"href":"https:\/\/auren.com\/uy\/wp-json\/wp\/v2\/media?parent=11187"}],"wp:term":[{"taxonomy":"new-category","embeddable":true,"href":"https:\/\/auren.com\/uy\/wp-json\/wp\/v2\/new-category?post=11187"}],"curies":[{"name":"wp","href":"https:\/\/api.w.org\/{rel}","templated":true}]}}