{"id":11197,"date":"2015-09-11T13:42:30","date_gmt":"2015-09-11T11:42:30","guid":{"rendered":"https:\/\/auren.com\/uy\/new\/239-proyecto-de-ley-de-presupuesto-nacional-principales-modificaciones-tributarias\/"},"modified":"2015-09-11T13:42:30","modified_gmt":"2015-09-11T11:42:30","slug":"239-proyecto-de-ley-de-presupuesto-nacional-principales-modificaciones-tributarias","status":"publish","type":"new","link":"https:\/\/auren.com\/uy\/noticias\/239-proyecto-de-ley-de-presupuesto-nacional-principales-modificaciones-tributarias\/","title":{"rendered":"239 &#8211; PROYECTO DE LEY DE PRESUPUESTO NACIONAL: PRINCIPALES MODIFICACIONES TRIBUTARIAS"},"content":{"rendered":"<p class=\"has-text-align-justify\">Como es sabido, el pasado 31 de agosto se dio a conocer el <em>Proyecto de Ley de Presupuesto Nacional <\/em>para el per\u00edodo comprendido entre los a\u00f1os 2015 y 2019.<\/p>\n<p class=\"has-text-align-justify\">Por tal motivo, nos pareci\u00f3 oportuno repasar brevemente algunas de las principales modificaciones tributarias contenidas en el mismo.<\/p>\n<p class=\"has-text-align-left has-vivid-red-color has-text-color\" style=\"font-size:25px\"><strong>PUBLICIDAD Y PROPAGANDA<\/strong><\/p>\n<p class=\"has-text-align-justify\">Como se recordar\u00e1, los <strong>servicios t\u00e9cnicos<\/strong> prestados <strong>desde el exterior<\/strong>, fuera de la relaci\u00f3n de dependencia a contribuyentes de IRAE se encuentran gravados por Impuesto a la Renta en nuestro pa\u00eds (IRAE, IRNR o IRPF, seg\u00fan corresponda). El concepto comprende a todos aquellos servicios prestados en los \u00e1mbitos de la gesti\u00f3n, t\u00e9cnica, administraci\u00f3n o asesoramiento de todo tipo, debiendo por tanto los contribuyentes analizar al momento de contratar alg\u00fan servicio con el exterior, si el mismo reviste la calidad de <strong>t\u00e9cnico,<\/strong> a efectos de definir si corresponde o no realizar la retenci\u00f3n a la persona del exterior.<\/p>\n<p class=\"has-text-align-justify\">Hasta el momento la Administraci\u00f3n hab\u00eda entendido que los montos abonados al exterior por concepto de servicios de \u201cpublicidad y propaganda\u201d no se encontraban gravados en nuestro pa\u00eds (siempre que sean prestados desde el exterior), por no revestir la calidad de servicio t\u00e9cnico &#8211;<em>Consulta 5310<\/em>-.<\/p>\n<p class=\"has-text-align-justify\">El Proyecto de Ley ampl\u00eda \u2013a\u00fan m\u00e1s- el concepto de fuente uruguaya, incluyendo dentro del mismo a las <strong>rentas obtenidas por servicios de publicidad y propaganda<\/strong>, con independencia que los mismos revistan o no la calidad de t\u00e9cnicos, por lo que de aprobarse el Proyecto con esta redacci\u00f3n, los pagos por estos conceptos al exterior se encontrar\u00e1n sujetos a retenci\u00f3n de Impuesto a la Renta en nuestro pa\u00eds en todos los casos.<\/p>\n<p class=\"has-text-align-left has-vivid-red-color has-text-color\" style=\"font-size:25px\"><strong>DERECHOS FEDERATIVOS<\/strong><\/p>\n<p class=\"has-text-align-justify\">Actualmente, se encuentran gravados por Impuesto a la Renta las correspondientes al arrendamiento, uso, cesi\u00f3n de uso o enajenaci\u00f3n de derechos federativos, de imagen y similares de deportistas, as\u00ed como las actividades de mediaci\u00f3n, siempre que: a) el deportista haya residido en el pa\u00eds en el per\u00edodo inmediato anterior a la fecha en la cual se celebra el contrato que genera la renta, \u00f3 b) el deportista haya estado inscripto en una entidad deportiva uruguaya durante un determinado per\u00edodo.<\/p>\n<p class=\"has-text-align-justify\">El Proyecto <strong>elimina dichas condiciones<\/strong>, gravando en forma \u00edntegra las rentas generadas por los contratos reci\u00e9n mencionados. La \u00fanica condici\u00f3n que se impone es que los mismos correspondan a \u201c<strong>deportistas inscriptos en entidades deportivas residentes<\/strong>\u201d.<\/p>\n<p class=\"has-text-align-left has-vivid-red-color has-text-color\" style=\"font-size:25px\"><strong>FOMENTO DE EMPLEO<\/strong><\/p>\n<p class=\"has-text-align-justify\">Actualmente los contribuyentes de IRAE pueden deducir de su liquidaci\u00f3n un determinado monto por concepto de promoci\u00f3n de empleo, como un beneficio adicional a los gastos de origen salarial en que deben incurrir.<\/p>\n<p class=\"has-text-align-justify\">El Proyecto propone <strong>limitar este beneficio<\/strong>, prohibiendo hacer uso del mismo a aquellos contribuyentes que hayan accedido a los beneficios derivados de la presentaci\u00f3n de un Proyecto de Inversi\u00f3n, en tanto se haya utilizado el indicador empleo para la obtenci\u00f3n de los mismos.<\/p>\n<p class=\"has-text-align-left has-vivid-red-color has-text-color\" style=\"font-size:25px\"><strong>INDICES<\/strong><\/p>\n<p class=\"has-text-align-justify\">Para ejercicios <strong>iniciados a partir del 1\u00ba\/1\/2016<\/strong> se proyecta que el Indice de Ajuste del <strong>activo fijo<\/strong>, <strong>p\u00e9rdidas de ejercicios anteriores<\/strong> y <strong>ajuste impositivo por inflaci\u00f3n<\/strong> sea en todos los casos el <strong>IPC<\/strong>. Recordemos que <strong>actualmente<\/strong> el activo fijo y las p\u00e9rdidas fiscales se actualizan por la variaci\u00f3n del <strong>IPPN<\/strong>, siendo opcional, solamente a efectos del ajuste por inflaci\u00f3n, utilizar un Indice u otro (en caso de optar por IPC debe mantenerse por al menos tres ejercicios).<\/p>\n<p class=\"has-text-align-left has-vivid-red-color has-text-color\" style=\"font-size:25px\"><strong>CONTRIBUCION INMOBILIARIA RURAL<\/strong><\/p>\n<p class=\"has-text-align-justify\">Desde el a\u00f1o 2001 la Contribuci\u00f3n Inmobiliaria Rural goza de una rebaja de un 18%, dispuesta por medio del <strong>art\u00edculo 448<\/strong> de la <strong>Ley N\u00ba 17.296<\/strong>. De aprobarse el Proyecto tal como est\u00e1 redactado se <strong>eliminar\u00eda<\/strong> dicha rebaja, lo cual puede significar un incremento importante del costo por este concepto en los contribuyentes afectados.<\/p>\n<\/p>\n<\/p>\n<p><!-- AddThis Advanced Settings generic via filter on the_content --><!-- AddThis Share Buttons generic via filter on the_content --><\/p>\n","protected":false},"excerpt":{"rendered":"<p>Por la Cra. Alexandra Weisz<\/p>\n","protected":false},"featured_media":11200,"template":"","meta":{"_acf_changed":false,"footnotes":""},"new-category":[],"class_list":["post-11197","new","type-new","status-publish","has-post-thumbnail","hentry"],"acf":[],"yoast_head":"<!-- This site is optimized with the Yoast SEO plugin v27.5 - https:\/\/yoast.com\/product\/yoast-seo-wordpress\/ -->\n<title>239 - PROYECTO DE LEY DE PRESUPUESTO NACIONAL: PRINCIPALES MODIFICACIONES TRIBUTARIAS - Auren Uruguay<\/title>\n<meta name=\"robots\" content=\"index, follow, max-snippet:-1, max-image-preview:large, max-video-preview:-1\" \/>\n<link rel=\"canonical\" href=\"https:\/\/auren.com\/uy\/noticias\/239-proyecto-de-ley-de-presupuesto-nacional-principales-modificaciones-tributarias\/\" \/>\n<meta property=\"og:locale\" content=\"es_ES\" \/>\n<meta property=\"og:type\" content=\"article\" \/>\n<meta property=\"og:title\" content=\"239 - PROYECTO DE LEY DE PRESUPUESTO NACIONAL: PRINCIPALES MODIFICACIONES TRIBUTARIAS - Auren Uruguay\" \/>\n<meta property=\"og:description\" content=\"Por la Cra. Alexandra Weisz\" \/>\n<meta property=\"og:url\" content=\"https:\/\/auren.com\/uy\/noticias\/239-proyecto-de-ley-de-presupuesto-nacional-principales-modificaciones-tributarias\/\" \/>\n<meta property=\"og:site_name\" content=\"Auren Uruguay\" \/>\n<meta property=\"article:publisher\" content=\"https:\/\/www.facebook.com\/aurenuruguay\" \/>\n<meta property=\"og:image\" content=\"https:\/\/auren.com\/uy\/wp-content\/uploads\/2015\/09\/HANDS-11.jpg\" \/>\n\t<meta property=\"og:image:width\" content=\"2048\" \/>\n\t<meta property=\"og:image:height\" content=\"1365\" \/>\n\t<meta property=\"og:image:type\" content=\"image\/jpeg\" \/>\n<meta name=\"twitter:card\" content=\"summary_large_image\" \/>\n<meta name=\"twitter:site\" content=\"@AurenUruguay\" \/>\n<meta name=\"twitter:label1\" content=\"Tiempo de lectura\" \/>\n\t<meta name=\"twitter:data1\" content=\"3 minutos\" \/>\n<script type=\"application\/ld+json\" class=\"yoast-schema-graph\">{\"@context\":\"https:\\\/\\\/schema.org\",\"@graph\":[{\"@type\":\"WebPage\",\"@id\":\"https:\\\/\\\/auren.com\\\/uy\\\/noticias\\\/239-proyecto-de-ley-de-presupuesto-nacional-principales-modificaciones-tributarias\\\/\",\"url\":\"https:\\\/\\\/auren.com\\\/uy\\\/noticias\\\/239-proyecto-de-ley-de-presupuesto-nacional-principales-modificaciones-tributarias\\\/\",\"name\":\"239 - PROYECTO DE LEY DE PRESUPUESTO NACIONAL: PRINCIPALES MODIFICACIONES TRIBUTARIAS - Auren Uruguay\",\"isPartOf\":{\"@id\":\"https:\\\/\\\/auren.com\\\/uy\\\/#website\"},\"primaryImageOfPage\":{\"@id\":\"https:\\\/\\\/auren.com\\\/uy\\\/noticias\\\/239-proyecto-de-ley-de-presupuesto-nacional-principales-modificaciones-tributarias\\\/#primaryimage\"},\"image\":{\"@id\":\"https:\\\/\\\/auren.com\\\/uy\\\/noticias\\\/239-proyecto-de-ley-de-presupuesto-nacional-principales-modificaciones-tributarias\\\/#primaryimage\"},\"thumbnailUrl\":\"https:\\\/\\\/auren.com\\\/uy\\\/wp-content\\\/uploads\\\/2015\\\/09\\\/HANDS-11.jpg\",\"datePublished\":\"2015-09-11T11:42:30+00:00\",\"breadcrumb\":{\"@id\":\"https:\\\/\\\/auren.com\\\/uy\\\/noticias\\\/239-proyecto-de-ley-de-presupuesto-nacional-principales-modificaciones-tributarias\\\/#breadcrumb\"},\"inLanguage\":\"es\",\"potentialAction\":[{\"@type\":\"ReadAction\",\"target\":[\"https:\\\/\\\/auren.com\\\/uy\\\/noticias\\\/239-proyecto-de-ley-de-presupuesto-nacional-principales-modificaciones-tributarias\\\/\"]}]},{\"@type\":\"ImageObject\",\"inLanguage\":\"es\",\"@id\":\"https:\\\/\\\/auren.com\\\/uy\\\/noticias\\\/239-proyecto-de-ley-de-presupuesto-nacional-principales-modificaciones-tributarias\\\/#primaryimage\",\"url\":\"https:\\\/\\\/auren.com\\\/uy\\\/wp-content\\\/uploads\\\/2015\\\/09\\\/HANDS-11.jpg\",\"contentUrl\":\"https:\\\/\\\/auren.com\\\/uy\\\/wp-content\\\/uploads\\\/2015\\\/09\\\/HANDS-11.jpg\",\"width\":2048,\"height\":1365},{\"@type\":\"BreadcrumbList\",\"@id\":\"https:\\\/\\\/auren.com\\\/uy\\\/noticias\\\/239-proyecto-de-ley-de-presupuesto-nacional-principales-modificaciones-tributarias\\\/#breadcrumb\",\"itemListElement\":[{\"@type\":\"ListItem\",\"position\":1,\"name\":\"Portada\",\"item\":\"https:\\\/\\\/auren.com\\\/uy\\\/\"},{\"@type\":\"ListItem\",\"position\":2,\"name\":\"239 &#8211; PROYECTO DE LEY DE PRESUPUESTO NACIONAL: PRINCIPALES MODIFICACIONES TRIBUTARIAS\"}]},{\"@type\":\"WebSite\",\"@id\":\"https:\\\/\\\/auren.com\\\/uy\\\/#website\",\"url\":\"https:\\\/\\\/auren.com\\\/uy\\\/\",\"name\":\"Auren Uruguay\",\"description\":\"\",\"publisher\":{\"@id\":\"https:\\\/\\\/auren.com\\\/uy\\\/#organization\"},\"potentialAction\":[{\"@type\":\"SearchAction\",\"target\":{\"@type\":\"EntryPoint\",\"urlTemplate\":\"https:\\\/\\\/auren.com\\\/uy\\\/?s={search_term_string}\"},\"query-input\":{\"@type\":\"PropertyValueSpecification\",\"valueRequired\":true,\"valueName\":\"search_term_string\"}}],\"inLanguage\":\"es\"},{\"@type\":\"Organization\",\"@id\":\"https:\\\/\\\/auren.com\\\/uy\\\/#organization\",\"name\":\"Auren Uruguay\",\"url\":\"https:\\\/\\\/auren.com\\\/uy\\\/\",\"logo\":{\"@type\":\"ImageObject\",\"inLanguage\":\"es\",\"@id\":\"https:\\\/\\\/auren.com\\\/uy\\\/#\\\/schema\\\/logo\\\/image\\\/\",\"url\":\"https:\\\/\\\/auren.com\\\/uy\\\/wp-content\\\/uploads\\\/2025\\\/01\\\/cropped-cropped-favicon-Auren.png\",\"contentUrl\":\"https:\\\/\\\/auren.com\\\/uy\\\/wp-content\\\/uploads\\\/2025\\\/01\\\/cropped-cropped-favicon-Auren.png\",\"width\":512,\"height\":512,\"caption\":\"Auren Uruguay\"},\"image\":{\"@id\":\"https:\\\/\\\/auren.com\\\/uy\\\/#\\\/schema\\\/logo\\\/image\\\/\"},\"sameAs\":[\"https:\\\/\\\/www.facebook.com\\\/aurenuruguay\",\"https:\\\/\\\/x.com\\\/AurenUruguay\",\"https:\\\/\\\/www.linkedin.com\\\/company\\\/auren-uruguay\",\"https:\\\/\\\/www.youtube.com\\\/channel\\\/UClkpSYFfsAuqdTaVF5whedQ\",\"https:\\\/\\\/www.instagram.com\\\/aurenuruguay\\\/\"]}]}<\/script>\n<!-- \/ Yoast SEO plugin. -->","yoast_head_json":{"title":"239 - PROYECTO DE LEY DE PRESUPUESTO NACIONAL: PRINCIPALES MODIFICACIONES TRIBUTARIAS - Auren Uruguay","robots":{"index":"index","follow":"follow","max-snippet":"max-snippet:-1","max-image-preview":"max-image-preview:large","max-video-preview":"max-video-preview:-1"},"canonical":"https:\/\/auren.com\/uy\/noticias\/239-proyecto-de-ley-de-presupuesto-nacional-principales-modificaciones-tributarias\/","og_locale":"es_ES","og_type":"article","og_title":"239 - PROYECTO DE LEY DE PRESUPUESTO NACIONAL: PRINCIPALES MODIFICACIONES TRIBUTARIAS - Auren Uruguay","og_description":"Por la Cra. Alexandra Weisz","og_url":"https:\/\/auren.com\/uy\/noticias\/239-proyecto-de-ley-de-presupuesto-nacional-principales-modificaciones-tributarias\/","og_site_name":"Auren Uruguay","article_publisher":"https:\/\/www.facebook.com\/aurenuruguay","og_image":[{"width":2048,"height":1365,"url":"https:\/\/auren.com\/uy\/wp-content\/uploads\/2015\/09\/HANDS-11.jpg","type":"image\/jpeg"}],"twitter_card":"summary_large_image","twitter_site":"@AurenUruguay","twitter_misc":{"Tiempo de lectura":"3 minutos"},"schema":{"@context":"https:\/\/schema.org","@graph":[{"@type":"WebPage","@id":"https:\/\/auren.com\/uy\/noticias\/239-proyecto-de-ley-de-presupuesto-nacional-principales-modificaciones-tributarias\/","url":"https:\/\/auren.com\/uy\/noticias\/239-proyecto-de-ley-de-presupuesto-nacional-principales-modificaciones-tributarias\/","name":"239 - PROYECTO DE LEY DE PRESUPUESTO NACIONAL: PRINCIPALES MODIFICACIONES TRIBUTARIAS - Auren Uruguay","isPartOf":{"@id":"https:\/\/auren.com\/uy\/#website"},"primaryImageOfPage":{"@id":"https:\/\/auren.com\/uy\/noticias\/239-proyecto-de-ley-de-presupuesto-nacional-principales-modificaciones-tributarias\/#primaryimage"},"image":{"@id":"https:\/\/auren.com\/uy\/noticias\/239-proyecto-de-ley-de-presupuesto-nacional-principales-modificaciones-tributarias\/#primaryimage"},"thumbnailUrl":"https:\/\/auren.com\/uy\/wp-content\/uploads\/2015\/09\/HANDS-11.jpg","datePublished":"2015-09-11T11:42:30+00:00","breadcrumb":{"@id":"https:\/\/auren.com\/uy\/noticias\/239-proyecto-de-ley-de-presupuesto-nacional-principales-modificaciones-tributarias\/#breadcrumb"},"inLanguage":"es","potentialAction":[{"@type":"ReadAction","target":["https:\/\/auren.com\/uy\/noticias\/239-proyecto-de-ley-de-presupuesto-nacional-principales-modificaciones-tributarias\/"]}]},{"@type":"ImageObject","inLanguage":"es","@id":"https:\/\/auren.com\/uy\/noticias\/239-proyecto-de-ley-de-presupuesto-nacional-principales-modificaciones-tributarias\/#primaryimage","url":"https:\/\/auren.com\/uy\/wp-content\/uploads\/2015\/09\/HANDS-11.jpg","contentUrl":"https:\/\/auren.com\/uy\/wp-content\/uploads\/2015\/09\/HANDS-11.jpg","width":2048,"height":1365},{"@type":"BreadcrumbList","@id":"https:\/\/auren.com\/uy\/noticias\/239-proyecto-de-ley-de-presupuesto-nacional-principales-modificaciones-tributarias\/#breadcrumb","itemListElement":[{"@type":"ListItem","position":1,"name":"Portada","item":"https:\/\/auren.com\/uy\/"},{"@type":"ListItem","position":2,"name":"239 &#8211; PROYECTO DE LEY DE PRESUPUESTO NACIONAL: PRINCIPALES MODIFICACIONES TRIBUTARIAS"}]},{"@type":"WebSite","@id":"https:\/\/auren.com\/uy\/#website","url":"https:\/\/auren.com\/uy\/","name":"Auren Uruguay","description":"","publisher":{"@id":"https:\/\/auren.com\/uy\/#organization"},"potentialAction":[{"@type":"SearchAction","target":{"@type":"EntryPoint","urlTemplate":"https:\/\/auren.com\/uy\/?s={search_term_string}"},"query-input":{"@type":"PropertyValueSpecification","valueRequired":true,"valueName":"search_term_string"}}],"inLanguage":"es"},{"@type":"Organization","@id":"https:\/\/auren.com\/uy\/#organization","name":"Auren Uruguay","url":"https:\/\/auren.com\/uy\/","logo":{"@type":"ImageObject","inLanguage":"es","@id":"https:\/\/auren.com\/uy\/#\/schema\/logo\/image\/","url":"https:\/\/auren.com\/uy\/wp-content\/uploads\/2025\/01\/cropped-cropped-favicon-Auren.png","contentUrl":"https:\/\/auren.com\/uy\/wp-content\/uploads\/2025\/01\/cropped-cropped-favicon-Auren.png","width":512,"height":512,"caption":"Auren Uruguay"},"image":{"@id":"https:\/\/auren.com\/uy\/#\/schema\/logo\/image\/"},"sameAs":["https:\/\/www.facebook.com\/aurenuruguay","https:\/\/x.com\/AurenUruguay","https:\/\/www.linkedin.com\/company\/auren-uruguay","https:\/\/www.youtube.com\/channel\/UClkpSYFfsAuqdTaVF5whedQ","https:\/\/www.instagram.com\/aurenuruguay\/"]}]}},"_links":{"self":[{"href":"https:\/\/auren.com\/uy\/wp-json\/wp\/v2\/new\/11197","targetHints":{"allow":["GET"]}}],"collection":[{"href":"https:\/\/auren.com\/uy\/wp-json\/wp\/v2\/new"}],"about":[{"href":"https:\/\/auren.com\/uy\/wp-json\/wp\/v2\/types\/new"}],"version-history":[{"count":0,"href":"https:\/\/auren.com\/uy\/wp-json\/wp\/v2\/new\/11197\/revisions"}],"wp:featuredmedia":[{"embeddable":true,"href":"https:\/\/auren.com\/uy\/wp-json\/wp\/v2\/media\/11200"}],"wp:attachment":[{"href":"https:\/\/auren.com\/uy\/wp-json\/wp\/v2\/media?parent=11197"}],"wp:term":[{"taxonomy":"new-category","embeddable":true,"href":"https:\/\/auren.com\/uy\/wp-json\/wp\/v2\/new-category?post=11197"}],"curies":[{"name":"wp","href":"https:\/\/api.w.org\/{rel}","templated":true}]}}