{"id":11202,"date":"2015-09-04T13:40:09","date_gmt":"2015-09-04T11:40:09","guid":{"rendered":"https:\/\/auren.com\/uy\/new\/238-elecciones-autoridades-del-banco-de-prevision-social\/"},"modified":"2015-09-04T13:40:09","modified_gmt":"2015-09-04T11:40:09","slug":"238-elecciones-autoridades-del-banco-de-prevision-social","status":"publish","type":"new","link":"https:\/\/auren.com\/uy\/noticias\/238-elecciones-autoridades-del-banco-de-prevision-social\/","title":{"rendered":"238 &#8211; ELECCIONES AUTORIDADES DEL BANCO DE PREVISI\u00d3N SOCIAL"},"content":{"rendered":"<p class=\"has-text-align-justify\">Como cada cinco a\u00f1os se realizar\u00e1 en <strong>marzo de 2016<\/strong> la elecci\u00f3n de los representantes del Directorio del Banco de Previsi\u00f3n Social en los siguientes \u00f3rdenes:<\/p>\n<p class=\"has-text-align-left\">&#8211; Afiliados activos,<\/p>\n<p class=\"has-text-align-left\">&#8211; Afiliados pasivos y<\/p>\n<p class=\"has-text-align-left\">&#8211; Las empresas contribuyentes.<\/p>\n<p class=\"has-text-align-justify has-vivid-red-color has-text-color\" style=\"font-size:25px\"><strong><em>Caracter\u00edsticas de la votaci\u00f3n<\/em><\/strong><\/p>\n<p class=\"has-text-align-justify\">La votaci\u00f3n es <strong>obligatoria<\/strong> para todas las personas y empresas que formen parte de los \u00f3rdenes mencionados anteriormente y el voto se ejercer\u00e1 de forma <strong>secreta<\/strong> y <strong>personal<\/strong>, dentro de cada orden \u00fanico.<\/p>\n<p class=\"has-text-align-justify\">Es importante mencionar que el afiliado que re\u00fana en su persona las cualidades inherentes a dos o m\u00e1s \u00f3rdenes deber\u00e1 votar en todos los \u00f3rdenes cuyos padrones efectivamente integre. Asimismo podr\u00e1 sumar su condici\u00f3n de elector integrante de cualquiera de los tres \u00f3rdenes, a la de mandatario de las empresas contribuyentes.<\/p>\n<p class=\"has-text-align-justify has-vivid-red-color has-text-color\" style=\"font-size:25px\"><strong><em>Sanciones<\/em><\/strong><\/p>\n<p class=\"has-text-align-justify\">Los habilitados para votar que no lo hicieren ser\u00e1n pasibles en cada uno de los \u00f3rdenes, de las sanciones siguientes:<\/p>\n<p class=\"has-text-align-justify\">&#8211; Afiliados activos y pasivos: sanci\u00f3n econ\u00f3mica igual a la aplicada, a los omisos, en la elecci\u00f3n nacional inmediatamente anterior;<\/p>\n<p class=\"has-text-align-justify\">&#8211; Las empresas contribuyentes de acuerdo al n\u00famero de trabajadores en planilla, las siguiente multas en unidades reajustables:<\/p>\n<figure class=\"wp-block-table\">\n<table>\n<tbody>\n<tr>\n<td><strong>Cantidad de Trabajadores<\/strong><\/td>\n<td><strong>Multa en U.R.<\/strong><\/td>\n<\/tr>\n<tr>\n<td>Hasta 10<\/td>\n<td>6<\/td>\n<\/tr>\n<tr>\n<td>Entre 11 y hasta 20<\/td>\n<td>12<\/td>\n<\/tr>\n<tr>\n<td>Entre 21 y hasta 50<\/td>\n<td>25<\/td>\n<\/tr>\n<tr>\n<td>Entre 51 y hasta 100<\/td>\n<td>50<\/td>\n<\/tr>\n<tr>\n<td>M\u00e1s de 100<\/td>\n<td>100<\/td>\n<\/tr>\n<\/tbody>\n<\/table>\n<\/figure>\n<p class=\"has-text-align-justify\">Los empleadores ser\u00e1n solidariamente responsables del pago de la multa en caso de incumplimiento por parte de sus funcionarios, por lo que es conveniente notificar en forma fehaciente a los mismos de las caracter\u00edsticas y obligatoriedad de este acto eleccionario.<\/p>\n<p class=\"has-text-align-justify\">Las empresas contribuyentes incluidas en el padr\u00f3n electoral, no podr\u00e1n, a partir del primer d\u00eda del tercer mes siguiente al acto eleccionario, efectuar pagos al Banco de Previsi\u00f3n Social ni a la Direcci\u00f3n General Impositiva, solicitar cualquier certificado, suscribir convenios de pagos o realizar cualquier diligencia ante dichos organismos sin exhibir la constancia de emisi\u00f3n de voto o de la causal de justificaci\u00f3n expedida por la Corte Electoral, o de pago de la multa.<\/p>\n<p class=\"has-text-align-justify has-vivid-red-color has-text-color\" style=\"font-size:25px\"><strong><em>\u00bfC\u00f3mo verifican los afiliados si est\u00e1n<\/em><\/strong><strong> <em>en el padr\u00f3n electoral del B.P.S.?<\/em><\/strong><\/p>\n<p class=\"has-text-align-justify\">Los trabajadores dependientes, titulares de empresas unipersonales, jubilados y pensionistas podr\u00e1n confirmar su credencial c\u00edvica <strong>hasta el 15\/09\/2015<\/strong> a trav\u00e9s del sitio web <a href=\"http:\/\/www.bps.gub.uy\">www.bps.gub.uy<\/a> o por el servicio telef\u00f3nico sin cargo 0800 \u2013 3277.<\/p>\n<p class=\"has-text-align-justify\">Ingresando al siguiente link &#8211; <a href=\"http:\/\/www.bps.gub.uy\/9740\/\">http:\/\/www.bps.gub.uy\/9740\/<\/a> los afiliados pueden verificar a trav\u00e9s de su n\u00famero de c\u00e9dula de identidad si tienen correctamente ingresada al padr\u00f3n electoral su credencial c\u00edvica, caso contrario es posible modificar los datos.<\/p>\n<p class=\"has-text-align-justify has-vivid-red-color has-text-color\" style=\"font-size:25px\"><strong><em>\u00bfC\u00f3mo inscriben las empresas pluripersonales a sus mandatarios<\/em><\/strong><strong> <em>en el padr\u00f3n electoral del B.P.S.?<\/em><\/strong><\/p>\n<p class=\"has-text-align-justify\">Las empresas pluripersonales deben designar un mandatario tambi\u00e9n <strong>hasta el 15\/09\/2015<\/strong>. Dicha designaci\u00f3n se hace exclusivamente a trav\u00e9s de un aplicativo en la web: <a href=\"http:\/\/www.bps.gub.uy\">www.bps.gub.uy<\/a>.<\/p>\n<p class=\"has-text-align-justify\">Ingresando al siguiente link &#8211; <a href=\"http:\/\/www.bps.gub.uy\/9757\/\">http:\/\/www.bps.gub.uy\/9757\/<\/a> con los datos de la empresa y del mandatario es posible inscribir el apoderado que comparecer\u00e1 a votar por la empresa en las elecciones de marzo 2016.<\/p>\n<p class=\"has-text-align-justify\">Es importante tener en cuenta que este acto eleccionario fue dispuesto desde 1992 por la Ley 16.241, que establece que el mismo se efectuara en d\u00eda domingo, en el mes de marzo del segundo a\u00f1o siguiente al de la celebraci\u00f3n de las elecciones nacionales.<\/p>\n<\/p>\n<p><!-- AddThis Advanced Settings generic via filter on the_content --><!-- AddThis Share Buttons generic via filter on the_content --><\/p>\n","protected":false},"excerpt":{"rendered":"<p>Por la Cra. Gabriela Morales<\/p>\n","protected":false},"featured_media":11205,"template":"","meta":{"_acf_changed":false,"footnotes":""},"new-category":[],"class_list":["post-11202","new","type-new","status-publish","has-post-thumbnail","hentry"],"acf":[],"yoast_head":"<!-- This site is optimized with the Yoast SEO plugin v27.5 - https:\/\/yoast.com\/product\/yoast-seo-wordpress\/ -->\n<title>238 - ELECCIONES AUTORIDADES DEL BANCO DE PREVISI\u00d3N SOCIAL - Auren Uruguay<\/title>\n<meta name=\"robots\" content=\"index, follow, max-snippet:-1, max-image-preview:large, max-video-preview:-1\" \/>\n<link rel=\"canonical\" href=\"https:\/\/auren.com\/uy\/noticias\/238-elecciones-autoridades-del-banco-de-prevision-social\/\" \/>\n<meta property=\"og:locale\" content=\"es_ES\" \/>\n<meta property=\"og:type\" content=\"article\" \/>\n<meta property=\"og:title\" content=\"238 - ELECCIONES AUTORIDADES DEL BANCO DE PREVISI\u00d3N SOCIAL - Auren Uruguay\" \/>\n<meta property=\"og:description\" content=\"Por la Cra. Gabriela Morales\" \/>\n<meta property=\"og:url\" content=\"https:\/\/auren.com\/uy\/noticias\/238-elecciones-autoridades-del-banco-de-prevision-social\/\" \/>\n<meta property=\"og:site_name\" content=\"Auren Uruguay\" \/>\n<meta property=\"article:publisher\" content=\"https:\/\/www.facebook.com\/aurenuruguay\" \/>\n<meta property=\"og:image\" content=\"https:\/\/auren.com\/uy\/wp-content\/uploads\/2015\/09\/art.jpg\" \/>\n\t<meta property=\"og:image:width\" content=\"2048\" \/>\n\t<meta property=\"og:image:height\" content=\"1365\" \/>\n\t<meta property=\"og:image:type\" content=\"image\/jpeg\" \/>\n<meta name=\"twitter:card\" content=\"summary_large_image\" \/>\n<meta name=\"twitter:site\" content=\"@AurenUruguay\" \/>\n<meta name=\"twitter:label1\" content=\"Tiempo de lectura\" \/>\n\t<meta name=\"twitter:data1\" content=\"3 minutos\" \/>\n<script type=\"application\/ld+json\" class=\"yoast-schema-graph\">{\"@context\":\"https:\\\/\\\/schema.org\",\"@graph\":[{\"@type\":\"WebPage\",\"@id\":\"https:\\\/\\\/auren.com\\\/uy\\\/noticias\\\/238-elecciones-autoridades-del-banco-de-prevision-social\\\/\",\"url\":\"https:\\\/\\\/auren.com\\\/uy\\\/noticias\\\/238-elecciones-autoridades-del-banco-de-prevision-social\\\/\",\"name\":\"238 - ELECCIONES AUTORIDADES DEL BANCO DE PREVISI\u00d3N SOCIAL - Auren Uruguay\",\"isPartOf\":{\"@id\":\"https:\\\/\\\/auren.com\\\/uy\\\/#website\"},\"primaryImageOfPage\":{\"@id\":\"https:\\\/\\\/auren.com\\\/uy\\\/noticias\\\/238-elecciones-autoridades-del-banco-de-prevision-social\\\/#primaryimage\"},\"image\":{\"@id\":\"https:\\\/\\\/auren.com\\\/uy\\\/noticias\\\/238-elecciones-autoridades-del-banco-de-prevision-social\\\/#primaryimage\"},\"thumbnailUrl\":\"https:\\\/\\\/auren.com\\\/uy\\\/wp-content\\\/uploads\\\/2015\\\/09\\\/art.jpg\",\"datePublished\":\"2015-09-04T11:40:09+00:00\",\"breadcrumb\":{\"@id\":\"https:\\\/\\\/auren.com\\\/uy\\\/noticias\\\/238-elecciones-autoridades-del-banco-de-prevision-social\\\/#breadcrumb\"},\"inLanguage\":\"es\",\"potentialAction\":[{\"@type\":\"ReadAction\",\"target\":[\"https:\\\/\\\/auren.com\\\/uy\\\/noticias\\\/238-elecciones-autoridades-del-banco-de-prevision-social\\\/\"]}]},{\"@type\":\"ImageObject\",\"inLanguage\":\"es\",\"@id\":\"https:\\\/\\\/auren.com\\\/uy\\\/noticias\\\/238-elecciones-autoridades-del-banco-de-prevision-social\\\/#primaryimage\",\"url\":\"https:\\\/\\\/auren.com\\\/uy\\\/wp-content\\\/uploads\\\/2015\\\/09\\\/art.jpg\",\"contentUrl\":\"https:\\\/\\\/auren.com\\\/uy\\\/wp-content\\\/uploads\\\/2015\\\/09\\\/art.jpg\",\"width\":2048,\"height\":1365},{\"@type\":\"BreadcrumbList\",\"@id\":\"https:\\\/\\\/auren.com\\\/uy\\\/noticias\\\/238-elecciones-autoridades-del-banco-de-prevision-social\\\/#breadcrumb\",\"itemListElement\":[{\"@type\":\"ListItem\",\"position\":1,\"name\":\"Portada\",\"item\":\"https:\\\/\\\/auren.com\\\/uy\\\/\"},{\"@type\":\"ListItem\",\"position\":2,\"name\":\"238 &#8211; ELECCIONES AUTORIDADES DEL BANCO DE PREVISI\u00d3N SOCIAL\"}]},{\"@type\":\"WebSite\",\"@id\":\"https:\\\/\\\/auren.com\\\/uy\\\/#website\",\"url\":\"https:\\\/\\\/auren.com\\\/uy\\\/\",\"name\":\"Auren Uruguay\",\"description\":\"\",\"publisher\":{\"@id\":\"https:\\\/\\\/auren.com\\\/uy\\\/#organization\"},\"potentialAction\":[{\"@type\":\"SearchAction\",\"target\":{\"@type\":\"EntryPoint\",\"urlTemplate\":\"https:\\\/\\\/auren.com\\\/uy\\\/?s={search_term_string}\"},\"query-input\":{\"@type\":\"PropertyValueSpecification\",\"valueRequired\":true,\"valueName\":\"search_term_string\"}}],\"inLanguage\":\"es\"},{\"@type\":\"Organization\",\"@id\":\"https:\\\/\\\/auren.com\\\/uy\\\/#organization\",\"name\":\"Auren Uruguay\",\"url\":\"https:\\\/\\\/auren.com\\\/uy\\\/\",\"logo\":{\"@type\":\"ImageObject\",\"inLanguage\":\"es\",\"@id\":\"https:\\\/\\\/auren.com\\\/uy\\\/#\\\/schema\\\/logo\\\/image\\\/\",\"url\":\"https:\\\/\\\/auren.com\\\/uy\\\/wp-content\\\/uploads\\\/2025\\\/01\\\/cropped-cropped-favicon-Auren.png\",\"contentUrl\":\"https:\\\/\\\/auren.com\\\/uy\\\/wp-content\\\/uploads\\\/2025\\\/01\\\/cropped-cropped-favicon-Auren.png\",\"width\":512,\"height\":512,\"caption\":\"Auren Uruguay\"},\"image\":{\"@id\":\"https:\\\/\\\/auren.com\\\/uy\\\/#\\\/schema\\\/logo\\\/image\\\/\"},\"sameAs\":[\"https:\\\/\\\/www.facebook.com\\\/aurenuruguay\",\"https:\\\/\\\/x.com\\\/AurenUruguay\",\"https:\\\/\\\/www.linkedin.com\\\/company\\\/auren-uruguay\",\"https:\\\/\\\/www.youtube.com\\\/channel\\\/UClkpSYFfsAuqdTaVF5whedQ\",\"https:\\\/\\\/www.instagram.com\\\/aurenuruguay\\\/\"]}]}<\/script>\n<!-- \/ Yoast SEO plugin. -->","yoast_head_json":{"title":"238 - ELECCIONES AUTORIDADES DEL BANCO DE PREVISI\u00d3N SOCIAL - Auren Uruguay","robots":{"index":"index","follow":"follow","max-snippet":"max-snippet:-1","max-image-preview":"max-image-preview:large","max-video-preview":"max-video-preview:-1"},"canonical":"https:\/\/auren.com\/uy\/noticias\/238-elecciones-autoridades-del-banco-de-prevision-social\/","og_locale":"es_ES","og_type":"article","og_title":"238 - ELECCIONES AUTORIDADES DEL BANCO DE PREVISI\u00d3N SOCIAL - Auren Uruguay","og_description":"Por la Cra. Gabriela Morales","og_url":"https:\/\/auren.com\/uy\/noticias\/238-elecciones-autoridades-del-banco-de-prevision-social\/","og_site_name":"Auren Uruguay","article_publisher":"https:\/\/www.facebook.com\/aurenuruguay","og_image":[{"width":2048,"height":1365,"url":"https:\/\/auren.com\/uy\/wp-content\/uploads\/2015\/09\/art.jpg","type":"image\/jpeg"}],"twitter_card":"summary_large_image","twitter_site":"@AurenUruguay","twitter_misc":{"Tiempo de lectura":"3 minutos"},"schema":{"@context":"https:\/\/schema.org","@graph":[{"@type":"WebPage","@id":"https:\/\/auren.com\/uy\/noticias\/238-elecciones-autoridades-del-banco-de-prevision-social\/","url":"https:\/\/auren.com\/uy\/noticias\/238-elecciones-autoridades-del-banco-de-prevision-social\/","name":"238 - ELECCIONES AUTORIDADES DEL BANCO DE PREVISI\u00d3N SOCIAL - Auren Uruguay","isPartOf":{"@id":"https:\/\/auren.com\/uy\/#website"},"primaryImageOfPage":{"@id":"https:\/\/auren.com\/uy\/noticias\/238-elecciones-autoridades-del-banco-de-prevision-social\/#primaryimage"},"image":{"@id":"https:\/\/auren.com\/uy\/noticias\/238-elecciones-autoridades-del-banco-de-prevision-social\/#primaryimage"},"thumbnailUrl":"https:\/\/auren.com\/uy\/wp-content\/uploads\/2015\/09\/art.jpg","datePublished":"2015-09-04T11:40:09+00:00","breadcrumb":{"@id":"https:\/\/auren.com\/uy\/noticias\/238-elecciones-autoridades-del-banco-de-prevision-social\/#breadcrumb"},"inLanguage":"es","potentialAction":[{"@type":"ReadAction","target":["https:\/\/auren.com\/uy\/noticias\/238-elecciones-autoridades-del-banco-de-prevision-social\/"]}]},{"@type":"ImageObject","inLanguage":"es","@id":"https:\/\/auren.com\/uy\/noticias\/238-elecciones-autoridades-del-banco-de-prevision-social\/#primaryimage","url":"https:\/\/auren.com\/uy\/wp-content\/uploads\/2015\/09\/art.jpg","contentUrl":"https:\/\/auren.com\/uy\/wp-content\/uploads\/2015\/09\/art.jpg","width":2048,"height":1365},{"@type":"BreadcrumbList","@id":"https:\/\/auren.com\/uy\/noticias\/238-elecciones-autoridades-del-banco-de-prevision-social\/#breadcrumb","itemListElement":[{"@type":"ListItem","position":1,"name":"Portada","item":"https:\/\/auren.com\/uy\/"},{"@type":"ListItem","position":2,"name":"238 &#8211; ELECCIONES AUTORIDADES DEL BANCO DE PREVISI\u00d3N SOCIAL"}]},{"@type":"WebSite","@id":"https:\/\/auren.com\/uy\/#website","url":"https:\/\/auren.com\/uy\/","name":"Auren Uruguay","description":"","publisher":{"@id":"https:\/\/auren.com\/uy\/#organization"},"potentialAction":[{"@type":"SearchAction","target":{"@type":"EntryPoint","urlTemplate":"https:\/\/auren.com\/uy\/?s={search_term_string}"},"query-input":{"@type":"PropertyValueSpecification","valueRequired":true,"valueName":"search_term_string"}}],"inLanguage":"es"},{"@type":"Organization","@id":"https:\/\/auren.com\/uy\/#organization","name":"Auren Uruguay","url":"https:\/\/auren.com\/uy\/","logo":{"@type":"ImageObject","inLanguage":"es","@id":"https:\/\/auren.com\/uy\/#\/schema\/logo\/image\/","url":"https:\/\/auren.com\/uy\/wp-content\/uploads\/2025\/01\/cropped-cropped-favicon-Auren.png","contentUrl":"https:\/\/auren.com\/uy\/wp-content\/uploads\/2025\/01\/cropped-cropped-favicon-Auren.png","width":512,"height":512,"caption":"Auren Uruguay"},"image":{"@id":"https:\/\/auren.com\/uy\/#\/schema\/logo\/image\/"},"sameAs":["https:\/\/www.facebook.com\/aurenuruguay","https:\/\/x.com\/AurenUruguay","https:\/\/www.linkedin.com\/company\/auren-uruguay","https:\/\/www.youtube.com\/channel\/UClkpSYFfsAuqdTaVF5whedQ","https:\/\/www.instagram.com\/aurenuruguay\/"]}]}},"_links":{"self":[{"href":"https:\/\/auren.com\/uy\/wp-json\/wp\/v2\/new\/11202","targetHints":{"allow":["GET"]}}],"collection":[{"href":"https:\/\/auren.com\/uy\/wp-json\/wp\/v2\/new"}],"about":[{"href":"https:\/\/auren.com\/uy\/wp-json\/wp\/v2\/types\/new"}],"version-history":[{"count":0,"href":"https:\/\/auren.com\/uy\/wp-json\/wp\/v2\/new\/11202\/revisions"}],"wp:featuredmedia":[{"embeddable":true,"href":"https:\/\/auren.com\/uy\/wp-json\/wp\/v2\/media\/11205"}],"wp:attachment":[{"href":"https:\/\/auren.com\/uy\/wp-json\/wp\/v2\/media?parent=11202"}],"wp:term":[{"taxonomy":"new-category","embeddable":true,"href":"https:\/\/auren.com\/uy\/wp-json\/wp\/v2\/new-category?post=11202"}],"curies":[{"name":"wp","href":"https:\/\/api.w.org\/{rel}","templated":true}]}}