{"id":11215,"date":"2015-08-21T13:23:38","date_gmt":"2015-08-21T11:23:38","guid":{"rendered":"https:\/\/auren.com\/uy\/new\/262-impuesto-de-ensenanza-primaria-a-los-inmuebles-rurales\/"},"modified":"2015-08-21T13:23:38","modified_gmt":"2015-08-21T11:23:38","slug":"262-impuesto-de-ensenanza-primaria-a-los-inmuebles-rurales","status":"publish","type":"new","link":"https:\/\/auren.com\/uy\/noticias\/262-impuesto-de-ensenanza-primaria-a-los-inmuebles-rurales\/","title":{"rendered":"262 &#8211; IMPUESTO DE ENSE\u00d1ANZA PRIMARIA A LOS INMUEBLES RURALES"},"content":{"rendered":"<p class=\"has-text-align-justify\">El pasado 31 de Julio del 2015 se aprob\u00f3 la <strong>Ley 19.333<\/strong>, la cual reestableci\u00f3 el Impuesto anual de Ense\u00f1anza Primaria a los inmuebles rurales, seg\u00fan lo dispuesto en el <strong>art. 636 de la<\/strong> <strong>Ley 15.809<\/strong> y leyes modificativas y concordantes.<\/p>\n<p class=\"has-text-align-justify\">Como fue mencionado en art\u00edculos anteriores, con anterioridad a la <strong>Ley 19.333<\/strong> eran contribuyentes del Impuesto de Ense\u00f1anza Primaria: los propietarios, promitentes compradores, poseedores y usufructuarios de inmuebles urbanos y suburbanos, siempre que el valor real (fijado anualmente por la Direcci\u00f3n Nacional de Catastro) supere el m\u00ednimo no imponible (para el a\u00f1o 2015: $130.154).<\/p>\n<p class=\"has-text-align-left has-vivid-red-color has-text-color\" style=\"font-size:25px\"><strong>Exoneraci\u00f3n<\/strong><\/p>\n<p class=\"has-text-align-justify\">El <strong>art\u00edculo 1 y 2<\/strong> de la Ley incluye nuevamente como gravados por el Impuesto a Primaria a los inmuebles rurales.<\/p>\n<p class=\"has-text-align-justify\">Sin perjuicio de lo anterior, el <strong>art. 3<\/strong> de la <strong>Ley 19.333<\/strong> introduce una exoneraci\u00f3n para los peque\u00f1os propietarios. Se exonera del Impuesto de Ense\u00f1anza Primaria a los propietarios de padrones rurales que exploten a cualquier t\u00edtulo padrones que en su conjunto no excedan 300 hect\u00e1reas \u00cdndice CONEAT 100.<\/p>\n<p class=\"has-text-align-justify\">Para acceder a la exoneraci\u00f3n prevista anteriormente los productores agropecuarios deber\u00e1n presentar frente al organismo recaudador, dentro de los 120 d\u00edas del ejercicio a exonerar, una declaraci\u00f3n jurada con el detalle de los padrones explotados a cualquier t\u00edtulo al 1\u00ba de enero anterior. En la misma se debe detallar el valor real de cada padr\u00f3n, as\u00ed como la correspondiente documentaci\u00f3n frente al Banco de Previsi\u00f3n Social (BPS) y a la Divisi\u00f3n Contralor de Semovientes (DICOSE) del Ministerio de Ganader\u00eda, Agricultura y Pesca.<\/p>\n<p class=\"has-text-align-justify\">En cuanto a los propietarios de padrones rurales que exploten a cualquier t\u00edtulo padrones que en su conjunto no excedan 200 Has. \u00cdndice CONEAT 100, para acceder a la exoneraci\u00f3n deben cumplir la misma condici\u00f3n anteriormente mencionada, excepto que la declaraci\u00f3n debe ser presentada frente a la(s) intendencia(s) respectiva(s) en las que se ubica cada padr\u00f3n y acreditar tal circunstancia ante el organismo recaudador.<\/p>\n<p class=\"has-text-align-left has-vivid-red-color has-text-color\" style=\"font-size:25px\"><strong>Hecho Generador<\/strong><\/p>\n<p class=\"has-text-align-justify\">Para el ejercicio 2015 se considera configurado el hecho generador del impuesto, aplicable a los inmuebles rurales, a la fecha de entrada en vigencia la Ley. Por tal motivo el plazo de 120 d\u00edas, a los efectos de obtener la exoneraci\u00f3n, se computar\u00e1 a partir de la entrada en vigencia de la Ley.<\/p>\n<p class=\"has-text-align-left has-vivid-red-color has-text-color\" style=\"font-size:25px\"><strong>Facultades otorgadas<\/strong><\/p>\n<p class=\"has-text-align-justify\">Una modificaci\u00f3n efectuada por la Ley, que no debe pasar inadvertida, es la introducida en el <strong>art. 6<\/strong>, el cu\u00e1l ampl\u00eda al <strong>art. 80 del T\u00edtulo 1, <\/strong>otorg\u00e1ndole la facultad a la DGI a la suspensi\u00f3n de los certificados anuales, en los casos de omisi\u00f3n de pago del impuesto anual de ense\u00f1anza primaria. Para lo anterior la Administraci\u00f3n Nacional de Educaci\u00f3n P\u00fablica (ANEP) deber\u00e1 informar los incumplimientos de pago a la DGI.<\/p>\n<p class=\"has-text-align-left has-vivid-red-color has-text-color\" style=\"font-size:25px\"><strong>Organismo recaudador<\/strong><\/p>\n<p class=\"has-text-align-justify\">Por \u00faltimo el <strong>art\u00edculo 7<\/strong> designa a partir del 1\u00ba de enero del 2018 a la DGI como organismo a cargo de la recaudaci\u00f3n, administraci\u00f3n y fiscalizaci\u00f3n del impuesto anual de ense\u00f1anza a primaria, ejerciendo las mismas facultades en las obligaciones devengadas con anterioridad a la fecha mencionada.<\/p>\n<p class=\"has-text-align-justify\">Respecto a las obligaciones determinadas con anterioridad al 1\u00ba de Enero del 2018, se mantienen la facultad de administrar y recaudar dicho impuesto por parte de la ANEP, siempre y cuando se hubiera percibido su pago total o concedido pr\u00f3rroga o facilidades de pago, o que se encuentren a dicha fecha, con un proceso jurisdiccional en tr\u00e1mite.<\/p>\n<\/p>\n<\/p>\n<p><!-- AddThis Advanced Settings generic via filter on the_content --><!-- AddThis Share Buttons generic via filter on the_content --><\/p>\n","protected":false},"excerpt":{"rendered":"<p>Por la Cra. Paola Gomez.<\/p>\n","protected":false},"featured_media":11218,"template":"","meta":{"_acf_changed":false,"footnotes":""},"new-category":[],"class_list":["post-11215","new","type-new","status-publish","has-post-thumbnail","hentry"],"acf":[],"yoast_head":"<!-- This site is optimized with the Yoast SEO plugin v27.5 - https:\/\/yoast.com\/product\/yoast-seo-wordpress\/ -->\n<title>262 - IMPUESTO DE ENSE\u00d1ANZA PRIMARIA A LOS INMUEBLES RURALES - Auren Uruguay<\/title>\n<meta name=\"robots\" content=\"index, follow, max-snippet:-1, max-image-preview:large, max-video-preview:-1\" \/>\n<link rel=\"canonical\" href=\"https:\/\/auren.com\/uy\/noticias\/262-impuesto-de-ensenanza-primaria-a-los-inmuebles-rurales\/\" \/>\n<meta property=\"og:locale\" content=\"es_ES\" \/>\n<meta property=\"og:type\" content=\"article\" \/>\n<meta property=\"og:title\" content=\"262 - IMPUESTO DE ENSE\u00d1ANZA PRIMARIA A LOS INMUEBLES RURALES - Auren Uruguay\" \/>\n<meta property=\"og:description\" content=\"Por la Cra. Paola Gomez.\" \/>\n<meta property=\"og:url\" content=\"https:\/\/auren.com\/uy\/noticias\/262-impuesto-de-ensenanza-primaria-a-los-inmuebles-rurales\/\" \/>\n<meta property=\"og:site_name\" content=\"Auren Uruguay\" \/>\n<meta property=\"article:publisher\" content=\"https:\/\/www.facebook.com\/aurenuruguay\" \/>\n<meta property=\"og:image\" content=\"https:\/\/auren.com\/uy\/wp-content\/uploads\/2015\/08\/prev.jpg\" \/>\n\t<meta property=\"og:image:width\" content=\"2048\" \/>\n\t<meta property=\"og:image:height\" content=\"1365\" \/>\n\t<meta property=\"og:image:type\" content=\"image\/jpeg\" \/>\n<meta name=\"twitter:card\" content=\"summary_large_image\" \/>\n<meta name=\"twitter:site\" content=\"@AurenUruguay\" \/>\n<meta name=\"twitter:label1\" content=\"Tiempo de lectura\" \/>\n\t<meta name=\"twitter:data1\" content=\"3 minutos\" \/>\n<script type=\"application\/ld+json\" class=\"yoast-schema-graph\">{\"@context\":\"https:\\\/\\\/schema.org\",\"@graph\":[{\"@type\":\"WebPage\",\"@id\":\"https:\\\/\\\/auren.com\\\/uy\\\/noticias\\\/262-impuesto-de-ensenanza-primaria-a-los-inmuebles-rurales\\\/\",\"url\":\"https:\\\/\\\/auren.com\\\/uy\\\/noticias\\\/262-impuesto-de-ensenanza-primaria-a-los-inmuebles-rurales\\\/\",\"name\":\"262 - IMPUESTO DE ENSE\u00d1ANZA PRIMARIA A LOS INMUEBLES RURALES - Auren Uruguay\",\"isPartOf\":{\"@id\":\"https:\\\/\\\/auren.com\\\/uy\\\/#website\"},\"primaryImageOfPage\":{\"@id\":\"https:\\\/\\\/auren.com\\\/uy\\\/noticias\\\/262-impuesto-de-ensenanza-primaria-a-los-inmuebles-rurales\\\/#primaryimage\"},\"image\":{\"@id\":\"https:\\\/\\\/auren.com\\\/uy\\\/noticias\\\/262-impuesto-de-ensenanza-primaria-a-los-inmuebles-rurales\\\/#primaryimage\"},\"thumbnailUrl\":\"https:\\\/\\\/auren.com\\\/uy\\\/wp-content\\\/uploads\\\/2015\\\/08\\\/prev.jpg\",\"datePublished\":\"2015-08-21T11:23:38+00:00\",\"breadcrumb\":{\"@id\":\"https:\\\/\\\/auren.com\\\/uy\\\/noticias\\\/262-impuesto-de-ensenanza-primaria-a-los-inmuebles-rurales\\\/#breadcrumb\"},\"inLanguage\":\"es\",\"potentialAction\":[{\"@type\":\"ReadAction\",\"target\":[\"https:\\\/\\\/auren.com\\\/uy\\\/noticias\\\/262-impuesto-de-ensenanza-primaria-a-los-inmuebles-rurales\\\/\"]}]},{\"@type\":\"ImageObject\",\"inLanguage\":\"es\",\"@id\":\"https:\\\/\\\/auren.com\\\/uy\\\/noticias\\\/262-impuesto-de-ensenanza-primaria-a-los-inmuebles-rurales\\\/#primaryimage\",\"url\":\"https:\\\/\\\/auren.com\\\/uy\\\/wp-content\\\/uploads\\\/2015\\\/08\\\/prev.jpg\",\"contentUrl\":\"https:\\\/\\\/auren.com\\\/uy\\\/wp-content\\\/uploads\\\/2015\\\/08\\\/prev.jpg\",\"width\":2048,\"height\":1365},{\"@type\":\"BreadcrumbList\",\"@id\":\"https:\\\/\\\/auren.com\\\/uy\\\/noticias\\\/262-impuesto-de-ensenanza-primaria-a-los-inmuebles-rurales\\\/#breadcrumb\",\"itemListElement\":[{\"@type\":\"ListItem\",\"position\":1,\"name\":\"Portada\",\"item\":\"https:\\\/\\\/auren.com\\\/uy\\\/\"},{\"@type\":\"ListItem\",\"position\":2,\"name\":\"262 &#8211; IMPUESTO DE ENSE\u00d1ANZA PRIMARIA A LOS INMUEBLES RURALES\"}]},{\"@type\":\"WebSite\",\"@id\":\"https:\\\/\\\/auren.com\\\/uy\\\/#website\",\"url\":\"https:\\\/\\\/auren.com\\\/uy\\\/\",\"name\":\"Auren Uruguay\",\"description\":\"\",\"publisher\":{\"@id\":\"https:\\\/\\\/auren.com\\\/uy\\\/#organization\"},\"potentialAction\":[{\"@type\":\"SearchAction\",\"target\":{\"@type\":\"EntryPoint\",\"urlTemplate\":\"https:\\\/\\\/auren.com\\\/uy\\\/?s={search_term_string}\"},\"query-input\":{\"@type\":\"PropertyValueSpecification\",\"valueRequired\":true,\"valueName\":\"search_term_string\"}}],\"inLanguage\":\"es\"},{\"@type\":\"Organization\",\"@id\":\"https:\\\/\\\/auren.com\\\/uy\\\/#organization\",\"name\":\"Auren Uruguay\",\"url\":\"https:\\\/\\\/auren.com\\\/uy\\\/\",\"logo\":{\"@type\":\"ImageObject\",\"inLanguage\":\"es\",\"@id\":\"https:\\\/\\\/auren.com\\\/uy\\\/#\\\/schema\\\/logo\\\/image\\\/\",\"url\":\"https:\\\/\\\/auren.com\\\/uy\\\/wp-content\\\/uploads\\\/2025\\\/01\\\/cropped-cropped-favicon-Auren.png\",\"contentUrl\":\"https:\\\/\\\/auren.com\\\/uy\\\/wp-content\\\/uploads\\\/2025\\\/01\\\/cropped-cropped-favicon-Auren.png\",\"width\":512,\"height\":512,\"caption\":\"Auren Uruguay\"},\"image\":{\"@id\":\"https:\\\/\\\/auren.com\\\/uy\\\/#\\\/schema\\\/logo\\\/image\\\/\"},\"sameAs\":[\"https:\\\/\\\/www.facebook.com\\\/aurenuruguay\",\"https:\\\/\\\/x.com\\\/AurenUruguay\",\"https:\\\/\\\/www.linkedin.com\\\/company\\\/auren-uruguay\",\"https:\\\/\\\/www.youtube.com\\\/channel\\\/UClkpSYFfsAuqdTaVF5whedQ\",\"https:\\\/\\\/www.instagram.com\\\/aurenuruguay\\\/\"]}]}<\/script>\n<!-- \/ Yoast SEO plugin. -->","yoast_head_json":{"title":"262 - IMPUESTO DE ENSE\u00d1ANZA PRIMARIA A LOS INMUEBLES RURALES - Auren Uruguay","robots":{"index":"index","follow":"follow","max-snippet":"max-snippet:-1","max-image-preview":"max-image-preview:large","max-video-preview":"max-video-preview:-1"},"canonical":"https:\/\/auren.com\/uy\/noticias\/262-impuesto-de-ensenanza-primaria-a-los-inmuebles-rurales\/","og_locale":"es_ES","og_type":"article","og_title":"262 - IMPUESTO DE ENSE\u00d1ANZA PRIMARIA A LOS INMUEBLES RURALES - Auren Uruguay","og_description":"Por la Cra. Paola Gomez.","og_url":"https:\/\/auren.com\/uy\/noticias\/262-impuesto-de-ensenanza-primaria-a-los-inmuebles-rurales\/","og_site_name":"Auren Uruguay","article_publisher":"https:\/\/www.facebook.com\/aurenuruguay","og_image":[{"width":2048,"height":1365,"url":"https:\/\/auren.com\/uy\/wp-content\/uploads\/2015\/08\/prev.jpg","type":"image\/jpeg"}],"twitter_card":"summary_large_image","twitter_site":"@AurenUruguay","twitter_misc":{"Tiempo de lectura":"3 minutos"},"schema":{"@context":"https:\/\/schema.org","@graph":[{"@type":"WebPage","@id":"https:\/\/auren.com\/uy\/noticias\/262-impuesto-de-ensenanza-primaria-a-los-inmuebles-rurales\/","url":"https:\/\/auren.com\/uy\/noticias\/262-impuesto-de-ensenanza-primaria-a-los-inmuebles-rurales\/","name":"262 - IMPUESTO DE ENSE\u00d1ANZA PRIMARIA A LOS INMUEBLES RURALES - Auren Uruguay","isPartOf":{"@id":"https:\/\/auren.com\/uy\/#website"},"primaryImageOfPage":{"@id":"https:\/\/auren.com\/uy\/noticias\/262-impuesto-de-ensenanza-primaria-a-los-inmuebles-rurales\/#primaryimage"},"image":{"@id":"https:\/\/auren.com\/uy\/noticias\/262-impuesto-de-ensenanza-primaria-a-los-inmuebles-rurales\/#primaryimage"},"thumbnailUrl":"https:\/\/auren.com\/uy\/wp-content\/uploads\/2015\/08\/prev.jpg","datePublished":"2015-08-21T11:23:38+00:00","breadcrumb":{"@id":"https:\/\/auren.com\/uy\/noticias\/262-impuesto-de-ensenanza-primaria-a-los-inmuebles-rurales\/#breadcrumb"},"inLanguage":"es","potentialAction":[{"@type":"ReadAction","target":["https:\/\/auren.com\/uy\/noticias\/262-impuesto-de-ensenanza-primaria-a-los-inmuebles-rurales\/"]}]},{"@type":"ImageObject","inLanguage":"es","@id":"https:\/\/auren.com\/uy\/noticias\/262-impuesto-de-ensenanza-primaria-a-los-inmuebles-rurales\/#primaryimage","url":"https:\/\/auren.com\/uy\/wp-content\/uploads\/2015\/08\/prev.jpg","contentUrl":"https:\/\/auren.com\/uy\/wp-content\/uploads\/2015\/08\/prev.jpg","width":2048,"height":1365},{"@type":"BreadcrumbList","@id":"https:\/\/auren.com\/uy\/noticias\/262-impuesto-de-ensenanza-primaria-a-los-inmuebles-rurales\/#breadcrumb","itemListElement":[{"@type":"ListItem","position":1,"name":"Portada","item":"https:\/\/auren.com\/uy\/"},{"@type":"ListItem","position":2,"name":"262 &#8211; IMPUESTO DE ENSE\u00d1ANZA PRIMARIA A LOS INMUEBLES RURALES"}]},{"@type":"WebSite","@id":"https:\/\/auren.com\/uy\/#website","url":"https:\/\/auren.com\/uy\/","name":"Auren Uruguay","description":"","publisher":{"@id":"https:\/\/auren.com\/uy\/#organization"},"potentialAction":[{"@type":"SearchAction","target":{"@type":"EntryPoint","urlTemplate":"https:\/\/auren.com\/uy\/?s={search_term_string}"},"query-input":{"@type":"PropertyValueSpecification","valueRequired":true,"valueName":"search_term_string"}}],"inLanguage":"es"},{"@type":"Organization","@id":"https:\/\/auren.com\/uy\/#organization","name":"Auren Uruguay","url":"https:\/\/auren.com\/uy\/","logo":{"@type":"ImageObject","inLanguage":"es","@id":"https:\/\/auren.com\/uy\/#\/schema\/logo\/image\/","url":"https:\/\/auren.com\/uy\/wp-content\/uploads\/2025\/01\/cropped-cropped-favicon-Auren.png","contentUrl":"https:\/\/auren.com\/uy\/wp-content\/uploads\/2025\/01\/cropped-cropped-favicon-Auren.png","width":512,"height":512,"caption":"Auren Uruguay"},"image":{"@id":"https:\/\/auren.com\/uy\/#\/schema\/logo\/image\/"},"sameAs":["https:\/\/www.facebook.com\/aurenuruguay","https:\/\/x.com\/AurenUruguay","https:\/\/www.linkedin.com\/company\/auren-uruguay","https:\/\/www.youtube.com\/channel\/UClkpSYFfsAuqdTaVF5whedQ","https:\/\/www.instagram.com\/aurenuruguay\/"]}]}},"_links":{"self":[{"href":"https:\/\/auren.com\/uy\/wp-json\/wp\/v2\/new\/11215","targetHints":{"allow":["GET"]}}],"collection":[{"href":"https:\/\/auren.com\/uy\/wp-json\/wp\/v2\/new"}],"about":[{"href":"https:\/\/auren.com\/uy\/wp-json\/wp\/v2\/types\/new"}],"version-history":[{"count":0,"href":"https:\/\/auren.com\/uy\/wp-json\/wp\/v2\/new\/11215\/revisions"}],"wp:featuredmedia":[{"embeddable":true,"href":"https:\/\/auren.com\/uy\/wp-json\/wp\/v2\/media\/11218"}],"wp:attachment":[{"href":"https:\/\/auren.com\/uy\/wp-json\/wp\/v2\/media?parent=11215"}],"wp:term":[{"taxonomy":"new-category","embeddable":true,"href":"https:\/\/auren.com\/uy\/wp-json\/wp\/v2\/new-category?post=11215"}],"curies":[{"name":"wp","href":"https:\/\/api.w.org\/{rel}","templated":true}]}}