{"id":11235,"date":"2015-07-24T14:31:31","date_gmt":"2015-07-24T12:31:31","guid":{"rendered":"https:\/\/auren.com\/uy\/new\/232-irpf-modificaciones-en-aguinaldo-y-salario-vacacional\/"},"modified":"2015-07-24T14:31:31","modified_gmt":"2015-07-24T12:31:31","slug":"232-irpf-modificaciones-en-aguinaldo-y-salario-vacacional","status":"publish","type":"new","link":"https:\/\/auren.com\/uy\/noticias\/232-irpf-modificaciones-en-aguinaldo-y-salario-vacacional\/","title":{"rendered":"232 &#8211; IRPF: MODIFICACIONES EN AGUINALDO Y SALARIO VACACIONAL"},"content":{"rendered":"<p class=\"has-text-align-justify\">En el pasado mes de mayo se aprob\u00f3 la <strong>Ley N\u00ba 19.321,<\/strong> la cual introdujo modificaciones en el Impuesto a la Renta de las Personas F\u00edsicas (IRPF) en lo referente a las rentas originadas en el sueldo anual complementario (aguinaldo), y en la suma para el mejor goce de la licencia (salario vacacional).<\/p>\n<p class=\"has-text-align-justify\">Las modificaciones introducidas al <strong>art. 36 y 37 del T7<\/strong> establecen que las rentas originadas por el aguinaldo y el salario vacacional no se ingresar\u00e1n en la escala de al\u00edcuotas progresivas. A dichas rentas se le aplicar\u00e1 una tasa proporcional que corresponder\u00e1 al tramo superior de la escala aplicable a las rentas del trabajo del contribuyente, sin considerar el aguinaldo y el salario vacacional.<\/p>\n<p class=\"has-text-align-justify\">Mediante el <strong>Decreto N\u00ba 154\/015<\/strong>, se establece que en caso de que no surja impuesto a pagar, la tasa proporcional a aplicar ser\u00e1 del 0%.<\/p>\n<p class=\"has-text-align-justify\">Es importante aclarar que este r\u00e9gimen es aplicable exclusivamente al aguinaldo y al salario vacacional obligatorio en virtud de disposiciones legales, excluyendo los importes obligatorios en virtud de convenios colectivos.<\/p>\n<p class=\"has-text-align-justify\">El <strong>Decreto N\u00ba 154\/015<\/strong> agreg\u00f3 varias disposiciones al <strong>Decreto N\u00ba 148\/007 <\/strong>proporcionando opciones adicionales a los trabajadores:<\/p>\n<p class=\"has-text-align-left has-vivid-red-color has-text-color\" style=\"font-size:25px\"><strong>Exclusi\u00f3n del r\u00e9gimen de retenciones:<\/strong><\/p>\n<p class=\"has-text-align-justify\">El <strong>art. 64 Bis del Decreto N\u00ba 148\/007<\/strong> establece la posibilidad de que el trabajador dependiente no quede sujeto al r\u00e9gimen de retenciones mensuales ni del ajuste anual; siempre y cuando se verifiquen las siguientes condiciones:<\/p>\n<ul>\n<li><strong>Rentas de trabajo mensuales menores a $ 27.000 (valor fijado para 2015), excluido el aguinaldo y el salario vacacional.<\/strong><\/li>\n<li><strong>Rentas de trabajo anuales menores a $ 324.000 (valor fijado para 2015), excluido el aguinaldo y el salario vacacional.<\/strong><\/li>\n<li><strong>No haber optado por liquidar como N\u00facleo Familiar<\/strong><\/li>\n<li><strong>No hubieren obtenido rentas originadas en la prestaci\u00f3n de servicios personales independientes, gravados por el IRPF o por el Impuesto a las Rentas de las Actividades Econ\u00f3micas (IRAE)<\/strong><\/li>\n<\/ul>\n<p class=\"has-text-align-justify\">La comunicaci\u00f3n del trabajador al empleador se deber\u00e1 hacer a trav\u00e9s del formulario 3100. La misma surtir\u00e1 efecto a partir del mes siguiente de recibida por el responsable. En caso de que sea al inicio de la relaci\u00f3n laboral ser\u00e1 aplicable a partir de ese momento.<\/p>\n<p class=\"has-text-align-justify\">Puede ocurrir que la situaci\u00f3n del trabajador se modifique y que se dejen de cumplir las condiciones mencionadas. En ese caso el trabajador deber\u00e1 comunicar dicha situaci\u00f3n al empleador.<\/p>\n<p class=\"has-text-align-justify\">Sin perjuicio de la comunicaci\u00f3n, si la remuneraci\u00f3n del mes supera los $ 27.000 (excluidos el aguinaldo y el salario vacacional), el empleador deber\u00e1 realizar la retenci\u00f3n mensual. De la misma forma si las remuneraciones acumuladas en el a\u00f1o 2015 superan $ 324.000, se deber\u00e1 realizar el ajuste anual.<\/p>\n<p class=\"has-text-align-left has-vivid-red-color has-text-color\" style=\"font-size:25px\"><strong>R\u00e9gimen de liquidaci\u00f3n simplificada.<\/strong><\/p>\n<p class=\"has-text-align-justify\">El <strong>art. 78 Ter del Decreto N\u00ba 148\/007<\/strong> establece un r\u00e9gimen de liquidaci\u00f3n simplificada. Para poder acceder a este r\u00e9gimen se debe cumplir ciertos requisitos:<\/p>\n<ul>\n<li><strong>Rentas de trabajo anuales menores a $ 324.000 (valor fijado para 2015), excluido el aguinaldo y el salario vacacional.<\/strong><\/li>\n<li><strong>No optar por liquidar como N\u00facleo Familiar<\/strong><\/li>\n<li><strong>No percibir rentas por servicios independientes gravados por IRPF o IRAE.<\/strong><\/li>\n<\/ul>\n<p class=\"has-text-align-justify\">Quienes verifiquen estas condiciones y opten por ampararse a este r\u00e9gimen no generaran impuesto a pagar y quedaran liberados de presentar declaraci\u00f3n jurada anual. En caso de que hayan sido objeto de retenci\u00f3n podr\u00e1n solicitar la devoluci\u00f3n en los t\u00e9rminos que establezca la Direcci\u00f3n General Impositiva (DGI).<\/p>\n<p class=\"has-text-align-justify\">Las modificaciones introducidas por los <strong>art\u00edculos 64 Bis y 78 Ter del Decreto N\u00ba 148\/007<\/strong> ser\u00e1n de aplicaci\u00f3n para las rentas devengadas a partir del 1\u00ba de Julio de 2015.<\/p>\n<p><!-- AddThis Advanced Settings generic via filter on the_content --><!-- AddThis Share Buttons generic via filter on the_content --><\/p>\n","protected":false},"excerpt":{"rendered":"<p>Por la Cra. Elizeth Ligorio<\/p>\n","protected":false},"featured_media":11238,"template":"","meta":{"_acf_changed":false,"footnotes":""},"new-category":[],"class_list":["post-11235","new","type-new","status-publish","has-post-thumbnail","hentry"],"acf":[],"yoast_head":"<!-- This site is optimized with the Yoast SEO plugin v27.5 - https:\/\/yoast.com\/product\/yoast-seo-wordpress\/ -->\n<title>232 - IRPF: MODIFICACIONES EN AGUINALDO Y SALARIO VACACIONAL - Auren Uruguay<\/title>\n<meta name=\"robots\" content=\"index, follow, max-snippet:-1, max-image-preview:large, max-video-preview:-1\" \/>\n<link rel=\"canonical\" href=\"https:\/\/auren.com\/uy\/noticias\/232-irpf-modificaciones-en-aguinaldo-y-salario-vacacional\/\" \/>\n<meta property=\"og:locale\" content=\"es_ES\" \/>\n<meta property=\"og:type\" content=\"article\" \/>\n<meta property=\"og:title\" content=\"232 - IRPF: MODIFICACIONES EN AGUINALDO Y SALARIO VACACIONAL - Auren Uruguay\" \/>\n<meta property=\"og:description\" content=\"Por la Cra. Elizeth Ligorio\" \/>\n<meta property=\"og:url\" content=\"https:\/\/auren.com\/uy\/noticias\/232-irpf-modificaciones-en-aguinaldo-y-salario-vacacional\/\" \/>\n<meta property=\"og:site_name\" content=\"Auren Uruguay\" \/>\n<meta property=\"article:publisher\" content=\"https:\/\/www.facebook.com\/aurenuruguay\" \/>\n<meta property=\"og:image\" content=\"https:\/\/auren.com\/uy\/wp-content\/uploads\/2015\/07\/zonaa.jpg\" \/>\n\t<meta property=\"og:image:width\" content=\"2048\" \/>\n\t<meta property=\"og:image:height\" content=\"1365\" \/>\n\t<meta property=\"og:image:type\" content=\"image\/jpeg\" \/>\n<meta name=\"twitter:card\" content=\"summary_large_image\" \/>\n<meta name=\"twitter:site\" content=\"@AurenUruguay\" \/>\n<meta name=\"twitter:label1\" content=\"Tiempo de lectura\" \/>\n\t<meta name=\"twitter:data1\" content=\"3 minutos\" \/>\n<script type=\"application\/ld+json\" class=\"yoast-schema-graph\">{\"@context\":\"https:\\\/\\\/schema.org\",\"@graph\":[{\"@type\":\"WebPage\",\"@id\":\"https:\\\/\\\/auren.com\\\/uy\\\/noticias\\\/232-irpf-modificaciones-en-aguinaldo-y-salario-vacacional\\\/\",\"url\":\"https:\\\/\\\/auren.com\\\/uy\\\/noticias\\\/232-irpf-modificaciones-en-aguinaldo-y-salario-vacacional\\\/\",\"name\":\"232 - IRPF: MODIFICACIONES EN AGUINALDO Y SALARIO VACACIONAL - Auren Uruguay\",\"isPartOf\":{\"@id\":\"https:\\\/\\\/auren.com\\\/uy\\\/#website\"},\"primaryImageOfPage\":{\"@id\":\"https:\\\/\\\/auren.com\\\/uy\\\/noticias\\\/232-irpf-modificaciones-en-aguinaldo-y-salario-vacacional\\\/#primaryimage\"},\"image\":{\"@id\":\"https:\\\/\\\/auren.com\\\/uy\\\/noticias\\\/232-irpf-modificaciones-en-aguinaldo-y-salario-vacacional\\\/#primaryimage\"},\"thumbnailUrl\":\"https:\\\/\\\/auren.com\\\/uy\\\/wp-content\\\/uploads\\\/2015\\\/07\\\/zonaa.jpg\",\"datePublished\":\"2015-07-24T12:31:31+00:00\",\"breadcrumb\":{\"@id\":\"https:\\\/\\\/auren.com\\\/uy\\\/noticias\\\/232-irpf-modificaciones-en-aguinaldo-y-salario-vacacional\\\/#breadcrumb\"},\"inLanguage\":\"es\",\"potentialAction\":[{\"@type\":\"ReadAction\",\"target\":[\"https:\\\/\\\/auren.com\\\/uy\\\/noticias\\\/232-irpf-modificaciones-en-aguinaldo-y-salario-vacacional\\\/\"]}]},{\"@type\":\"ImageObject\",\"inLanguage\":\"es\",\"@id\":\"https:\\\/\\\/auren.com\\\/uy\\\/noticias\\\/232-irpf-modificaciones-en-aguinaldo-y-salario-vacacional\\\/#primaryimage\",\"url\":\"https:\\\/\\\/auren.com\\\/uy\\\/wp-content\\\/uploads\\\/2015\\\/07\\\/zonaa.jpg\",\"contentUrl\":\"https:\\\/\\\/auren.com\\\/uy\\\/wp-content\\\/uploads\\\/2015\\\/07\\\/zonaa.jpg\",\"width\":2048,\"height\":1365},{\"@type\":\"BreadcrumbList\",\"@id\":\"https:\\\/\\\/auren.com\\\/uy\\\/noticias\\\/232-irpf-modificaciones-en-aguinaldo-y-salario-vacacional\\\/#breadcrumb\",\"itemListElement\":[{\"@type\":\"ListItem\",\"position\":1,\"name\":\"Portada\",\"item\":\"https:\\\/\\\/auren.com\\\/uy\\\/\"},{\"@type\":\"ListItem\",\"position\":2,\"name\":\"232 &#8211; IRPF: MODIFICACIONES EN AGUINALDO Y SALARIO VACACIONAL\"}]},{\"@type\":\"WebSite\",\"@id\":\"https:\\\/\\\/auren.com\\\/uy\\\/#website\",\"url\":\"https:\\\/\\\/auren.com\\\/uy\\\/\",\"name\":\"Auren Uruguay\",\"description\":\"\",\"publisher\":{\"@id\":\"https:\\\/\\\/auren.com\\\/uy\\\/#organization\"},\"potentialAction\":[{\"@type\":\"SearchAction\",\"target\":{\"@type\":\"EntryPoint\",\"urlTemplate\":\"https:\\\/\\\/auren.com\\\/uy\\\/?s={search_term_string}\"},\"query-input\":{\"@type\":\"PropertyValueSpecification\",\"valueRequired\":true,\"valueName\":\"search_term_string\"}}],\"inLanguage\":\"es\"},{\"@type\":\"Organization\",\"@id\":\"https:\\\/\\\/auren.com\\\/uy\\\/#organization\",\"name\":\"Auren Uruguay\",\"url\":\"https:\\\/\\\/auren.com\\\/uy\\\/\",\"logo\":{\"@type\":\"ImageObject\",\"inLanguage\":\"es\",\"@id\":\"https:\\\/\\\/auren.com\\\/uy\\\/#\\\/schema\\\/logo\\\/image\\\/\",\"url\":\"https:\\\/\\\/auren.com\\\/uy\\\/wp-content\\\/uploads\\\/2025\\\/01\\\/cropped-cropped-favicon-Auren.png\",\"contentUrl\":\"https:\\\/\\\/auren.com\\\/uy\\\/wp-content\\\/uploads\\\/2025\\\/01\\\/cropped-cropped-favicon-Auren.png\",\"width\":512,\"height\":512,\"caption\":\"Auren Uruguay\"},\"image\":{\"@id\":\"https:\\\/\\\/auren.com\\\/uy\\\/#\\\/schema\\\/logo\\\/image\\\/\"},\"sameAs\":[\"https:\\\/\\\/www.facebook.com\\\/aurenuruguay\",\"https:\\\/\\\/x.com\\\/AurenUruguay\",\"https:\\\/\\\/www.linkedin.com\\\/company\\\/auren-uruguay\",\"https:\\\/\\\/www.youtube.com\\\/channel\\\/UClkpSYFfsAuqdTaVF5whedQ\",\"https:\\\/\\\/www.instagram.com\\\/aurenuruguay\\\/\"]}]}<\/script>\n<!-- \/ Yoast SEO plugin. -->","yoast_head_json":{"title":"232 - IRPF: MODIFICACIONES EN AGUINALDO Y SALARIO VACACIONAL - Auren Uruguay","robots":{"index":"index","follow":"follow","max-snippet":"max-snippet:-1","max-image-preview":"max-image-preview:large","max-video-preview":"max-video-preview:-1"},"canonical":"https:\/\/auren.com\/uy\/noticias\/232-irpf-modificaciones-en-aguinaldo-y-salario-vacacional\/","og_locale":"es_ES","og_type":"article","og_title":"232 - IRPF: MODIFICACIONES EN AGUINALDO Y SALARIO VACACIONAL - Auren Uruguay","og_description":"Por la Cra. Elizeth Ligorio","og_url":"https:\/\/auren.com\/uy\/noticias\/232-irpf-modificaciones-en-aguinaldo-y-salario-vacacional\/","og_site_name":"Auren Uruguay","article_publisher":"https:\/\/www.facebook.com\/aurenuruguay","og_image":[{"width":2048,"height":1365,"url":"https:\/\/auren.com\/uy\/wp-content\/uploads\/2015\/07\/zonaa.jpg","type":"image\/jpeg"}],"twitter_card":"summary_large_image","twitter_site":"@AurenUruguay","twitter_misc":{"Tiempo de lectura":"3 minutos"},"schema":{"@context":"https:\/\/schema.org","@graph":[{"@type":"WebPage","@id":"https:\/\/auren.com\/uy\/noticias\/232-irpf-modificaciones-en-aguinaldo-y-salario-vacacional\/","url":"https:\/\/auren.com\/uy\/noticias\/232-irpf-modificaciones-en-aguinaldo-y-salario-vacacional\/","name":"232 - IRPF: MODIFICACIONES EN AGUINALDO Y SALARIO VACACIONAL - Auren Uruguay","isPartOf":{"@id":"https:\/\/auren.com\/uy\/#website"},"primaryImageOfPage":{"@id":"https:\/\/auren.com\/uy\/noticias\/232-irpf-modificaciones-en-aguinaldo-y-salario-vacacional\/#primaryimage"},"image":{"@id":"https:\/\/auren.com\/uy\/noticias\/232-irpf-modificaciones-en-aguinaldo-y-salario-vacacional\/#primaryimage"},"thumbnailUrl":"https:\/\/auren.com\/uy\/wp-content\/uploads\/2015\/07\/zonaa.jpg","datePublished":"2015-07-24T12:31:31+00:00","breadcrumb":{"@id":"https:\/\/auren.com\/uy\/noticias\/232-irpf-modificaciones-en-aguinaldo-y-salario-vacacional\/#breadcrumb"},"inLanguage":"es","potentialAction":[{"@type":"ReadAction","target":["https:\/\/auren.com\/uy\/noticias\/232-irpf-modificaciones-en-aguinaldo-y-salario-vacacional\/"]}]},{"@type":"ImageObject","inLanguage":"es","@id":"https:\/\/auren.com\/uy\/noticias\/232-irpf-modificaciones-en-aguinaldo-y-salario-vacacional\/#primaryimage","url":"https:\/\/auren.com\/uy\/wp-content\/uploads\/2015\/07\/zonaa.jpg","contentUrl":"https:\/\/auren.com\/uy\/wp-content\/uploads\/2015\/07\/zonaa.jpg","width":2048,"height":1365},{"@type":"BreadcrumbList","@id":"https:\/\/auren.com\/uy\/noticias\/232-irpf-modificaciones-en-aguinaldo-y-salario-vacacional\/#breadcrumb","itemListElement":[{"@type":"ListItem","position":1,"name":"Portada","item":"https:\/\/auren.com\/uy\/"},{"@type":"ListItem","position":2,"name":"232 &#8211; IRPF: MODIFICACIONES EN AGUINALDO Y SALARIO VACACIONAL"}]},{"@type":"WebSite","@id":"https:\/\/auren.com\/uy\/#website","url":"https:\/\/auren.com\/uy\/","name":"Auren Uruguay","description":"","publisher":{"@id":"https:\/\/auren.com\/uy\/#organization"},"potentialAction":[{"@type":"SearchAction","target":{"@type":"EntryPoint","urlTemplate":"https:\/\/auren.com\/uy\/?s={search_term_string}"},"query-input":{"@type":"PropertyValueSpecification","valueRequired":true,"valueName":"search_term_string"}}],"inLanguage":"es"},{"@type":"Organization","@id":"https:\/\/auren.com\/uy\/#organization","name":"Auren Uruguay","url":"https:\/\/auren.com\/uy\/","logo":{"@type":"ImageObject","inLanguage":"es","@id":"https:\/\/auren.com\/uy\/#\/schema\/logo\/image\/","url":"https:\/\/auren.com\/uy\/wp-content\/uploads\/2025\/01\/cropped-cropped-favicon-Auren.png","contentUrl":"https:\/\/auren.com\/uy\/wp-content\/uploads\/2025\/01\/cropped-cropped-favicon-Auren.png","width":512,"height":512,"caption":"Auren Uruguay"},"image":{"@id":"https:\/\/auren.com\/uy\/#\/schema\/logo\/image\/"},"sameAs":["https:\/\/www.facebook.com\/aurenuruguay","https:\/\/x.com\/AurenUruguay","https:\/\/www.linkedin.com\/company\/auren-uruguay","https:\/\/www.youtube.com\/channel\/UClkpSYFfsAuqdTaVF5whedQ","https:\/\/www.instagram.com\/aurenuruguay\/"]}]}},"_links":{"self":[{"href":"https:\/\/auren.com\/uy\/wp-json\/wp\/v2\/new\/11235","targetHints":{"allow":["GET"]}}],"collection":[{"href":"https:\/\/auren.com\/uy\/wp-json\/wp\/v2\/new"}],"about":[{"href":"https:\/\/auren.com\/uy\/wp-json\/wp\/v2\/types\/new"}],"version-history":[{"count":0,"href":"https:\/\/auren.com\/uy\/wp-json\/wp\/v2\/new\/11235\/revisions"}],"wp:featuredmedia":[{"embeddable":true,"href":"https:\/\/auren.com\/uy\/wp-json\/wp\/v2\/media\/11238"}],"wp:attachment":[{"href":"https:\/\/auren.com\/uy\/wp-json\/wp\/v2\/media?parent=11235"}],"wp:term":[{"taxonomy":"new-category","embeddable":true,"href":"https:\/\/auren.com\/uy\/wp-json\/wp\/v2\/new-category?post=11235"}],"curies":[{"name":"wp","href":"https:\/\/api.w.org\/{rel}","templated":true}]}}