{"id":11245,"date":"2015-07-10T20:48:10","date_gmt":"2015-07-10T18:48:10","guid":{"rendered":"https:\/\/auren.com\/uy\/new\/230-impuesto-al-patrimonio-agropecuario-cierre-de-ejercicio-fiscal\/"},"modified":"2015-07-10T20:48:10","modified_gmt":"2015-07-10T18:48:10","slug":"230-impuesto-al-patrimonio-agropecuario-cierre-de-ejercicio-fiscal","status":"publish","type":"new","link":"https:\/\/auren.com\/uy\/noticias\/230-impuesto-al-patrimonio-agropecuario-cierre-de-ejercicio-fiscal\/","title":{"rendered":"230 -IMPUESTO AL PATRIMONIO AGROPECUARIO: CIERRE DE EJERCICIO FISCAL"},"content":{"rendered":"<p class=\"has-text-align-justify\">En ocasi\u00f3n del pasado 30 de junio, fecha en la cual tiene lugar el cierre fiscal de la mayor\u00eda de las empresas agropecuarias, creemos necesario repasar la exoneraci\u00f3n del impuesto al patrimonio en el sector.<\/p>\n<p class=\"has-text-align-left has-vivid-red-color has-text-color\" style=\"font-size:25px\"><strong>Exoneraci\u00f3n<\/strong><\/p>\n<p class=\"has-text-align-justify\">La Ley N\u00b0 19.088 del 14 de junio de 2013 modific\u00f3 la exoneraci\u00f3n del impuesto al patrimonio afectado a explotaciones agropecuarias.<\/p>\n<p class=\"has-text-align-justify\">El art. 38 del T\u00edtulo 14 establece que el patrimonio afectado a explotaciones agropecuarias estar\u00e1 exento siempre que el valor de los correspondientes activos no supere las UI 12.000.000.<\/p>\n<p class=\"has-text-align-justify\">El valor de los activos, a los efectos de la determinaci\u00f3n de la exoneraci\u00f3n, surgir\u00e1 de la suma de:<\/p>\n<p class=\"has-text-align-justify\">&#8211; el valor de catastro a 2012 reajustado por el \u00edndice de Precios de Agricultura, Ganader\u00eda, Caza y Silvicultura de los inmuebles rurales propiedad del contribuyente,<\/p>\n<p class=\"has-text-align-justify\">&#8211; el valor de los bienes muebles y semovientes de la explotaci\u00f3n agropecuaria, valuados como el 40% del valor de los inmuebles rurales (valuados como el punto anterior). Dicho valor deber\u00e1 ser computado tanto por los propietarios de los bienes inmuebles, realicen o no la explotaci\u00f3n de los mismos, as\u00ed como por quienes realicen la explotaci\u00f3n y no sean propietarios.<\/p>\n<p class=\"has-text-align-justify\">A los efectos del c\u00e1lculo para determinar la inclusi\u00f3n en la exoneraci\u00f3n no importar\u00e1 si el patrimonio afectado a explotaciones agropecuarias por parte del contribuyente est\u00e1 integrado por bienes exentos, excluidos o no computables, de cualquier origen y naturaleza.<\/p>\n<p class=\"has-text-align-justify\">Cuando se verifique la existencia de una Unidad Econ\u00f3mica Administrativa (UEA), seg\u00fan lo dispuesto por el art. 53 del T\u00edtulo 14, a los efectos del c\u00e1lculo para determinar la inclusi\u00f3n en la exoneraci\u00f3n, se considerar\u00e1 la suma de los activos afectados a la UEA de todas las entidades integrantes.<\/p>\n<p class=\"has-text-align-left has-vivid-red-color has-text-color\" style=\"font-size:25px\"><strong>Sujetos no exonerados<\/strong><\/p>\n<p class=\"has-text-align-justify\">El art. 52 del T\u00edtulo 14 dispone que la exoneraci\u00f3n no aplicar\u00e1 para:<\/p>\n<p class=\"has-text-align-justify\">&#8211; entidades residentes cuyo patrimonio est\u00e9 representado por t\u00edtulos al portador.<\/p>\n<p class=\"has-text-align-justify\">&#8211; entidades no residentes, salvo se trate de personas f\u00edsicas.<\/p>\n<p class=\"has-text-align-justify\">Si las participaciones patrimoniales son nominativas, pero los titulares no son personas f\u00edsicas, a los efectos de la exoneraci\u00f3n se considerar\u00e1n como si fueran al portador.<\/p>\n<p class=\"has-text-align-justify\">Si el capital al portador no constituye la totalidad del patrimonio, la no aplicaci\u00f3n de la exoneraci\u00f3n ser\u00e1 en la proporci\u00f3n que dicho capital tenga sobre el total, considerados al cierre del ejercicio.<\/p>\n<p class=\"has-text-align-left has-vivid-red-color has-text-color\" style=\"font-size:25px\"><strong>Sobretasa<\/strong><\/p>\n<p class=\"has-text-align-justify\">La Ley N\u00ba 19.088 a su vez cre\u00f3 la Sobretasa del Impuesto al Patrimonio que recaer\u00e1 sobre el patrimonio afectado a explotaciones agropecuarias.<\/p>\n<p class=\"has-text-align-justify\">Una entidad estar\u00e1 alcanzada por la sobretasa, cuando los activos afectados a explotaciones agropecuarias, valuados de la misma forma que para la determinaci\u00f3n de la exoneraci\u00f3n, sea mayor a UI 30.000.000.<\/p>\n<p class=\"has-text-align-justify\">Sin embargo, si se trata de entidades incluidas en el art. 52 del T\u00edtulo 14, estar\u00e1n alcanzadas por la sobretasa cuando el valor de los activos afectados a explotaciones agropecuarias supere las UI 12.000.000.<\/p>\n<p class=\"has-text-align-left has-vivid-red-color has-text-color\" style=\"font-size:25px\"><strong>Momento de c\u00e1lculo de la exoneraci\u00f3n y sobretasa<\/strong><\/p>\n<p class=\"has-text-align-justify\">El momento del c\u00e1lculo ser\u00e1 la fecha de determinaci\u00f3n del patrimonio agropecuario, debiendo considerar la cotizaci\u00f3n de la UI vigente a esa fecha.<\/p>\n<p class=\"has-text-align-justify\">Sin embargo, seg\u00fan lo establecido en el art\u00edculo 55 del t\u00edtulo 14, si el contribuyente posee m\u00e1s de una fecha de determinaci\u00f3n para su patrimonio agropecuario o forma parte de una UEA, la determinaci\u00f3n de si corresponde la exoneraci\u00f3n de IP o de si se est\u00e1 alcanzado por la sobretasa, ser\u00e1 al 30 de junio de cada a\u00f1o.<\/p>\n<p><!-- AddThis Advanced Settings generic via filter on the_content --><!-- AddThis Share Buttons generic via filter on the_content --><\/p>\n","protected":false},"excerpt":{"rendered":"<p>Por la Cra. Gianna Herrera<\/p>\n","protected":false},"featured_media":11248,"template":"","meta":{"_acf_changed":false,"footnotes":""},"new-category":[],"class_list":["post-11245","new","type-new","status-publish","has-post-thumbnail","hentry"],"acf":[],"yoast_head":"<!-- This site is optimized with the Yoast SEO plugin v27.5 - https:\/\/yoast.com\/product\/yoast-seo-wordpress\/ -->\n<title>230 -IMPUESTO AL PATRIMONIO AGROPECUARIO: CIERRE DE EJERCICIO FISCAL - Auren Uruguay<\/title>\n<meta name=\"robots\" content=\"index, follow, max-snippet:-1, max-image-preview:large, max-video-preview:-1\" \/>\n<link rel=\"canonical\" href=\"https:\/\/auren.com\/uy\/noticias\/230-impuesto-al-patrimonio-agropecuario-cierre-de-ejercicio-fiscal\/\" \/>\n<meta property=\"og:locale\" content=\"es_ES\" \/>\n<meta property=\"og:type\" content=\"article\" \/>\n<meta property=\"og:title\" content=\"230 -IMPUESTO AL PATRIMONIO AGROPECUARIO: CIERRE DE EJERCICIO FISCAL - Auren Uruguay\" \/>\n<meta property=\"og:description\" content=\"Por la Cra. Gianna Herrera\" \/>\n<meta property=\"og:url\" content=\"https:\/\/auren.com\/uy\/noticias\/230-impuesto-al-patrimonio-agropecuario-cierre-de-ejercicio-fiscal\/\" \/>\n<meta property=\"og:site_name\" content=\"Auren Uruguay\" \/>\n<meta property=\"article:publisher\" content=\"https:\/\/www.facebook.com\/aurenuruguay\" \/>\n<meta property=\"og:image\" content=\"https:\/\/auren.com\/uy\/wp-content\/uploads\/2015\/07\/lavact.jpg\" \/>\n\t<meta property=\"og:image:width\" content=\"2048\" \/>\n\t<meta property=\"og:image:height\" content=\"1365\" \/>\n\t<meta property=\"og:image:type\" content=\"image\/jpeg\" \/>\n<meta name=\"twitter:card\" content=\"summary_large_image\" \/>\n<meta name=\"twitter:site\" content=\"@AurenUruguay\" \/>\n<meta name=\"twitter:label1\" content=\"Tiempo de lectura\" \/>\n\t<meta name=\"twitter:data1\" content=\"3 minutos\" \/>\n<script type=\"application\/ld+json\" class=\"yoast-schema-graph\">{\"@context\":\"https:\\\/\\\/schema.org\",\"@graph\":[{\"@type\":\"WebPage\",\"@id\":\"https:\\\/\\\/auren.com\\\/uy\\\/noticias\\\/230-impuesto-al-patrimonio-agropecuario-cierre-de-ejercicio-fiscal\\\/\",\"url\":\"https:\\\/\\\/auren.com\\\/uy\\\/noticias\\\/230-impuesto-al-patrimonio-agropecuario-cierre-de-ejercicio-fiscal\\\/\",\"name\":\"230 -IMPUESTO AL PATRIMONIO AGROPECUARIO: CIERRE DE EJERCICIO FISCAL - Auren Uruguay\",\"isPartOf\":{\"@id\":\"https:\\\/\\\/auren.com\\\/uy\\\/#website\"},\"primaryImageOfPage\":{\"@id\":\"https:\\\/\\\/auren.com\\\/uy\\\/noticias\\\/230-impuesto-al-patrimonio-agropecuario-cierre-de-ejercicio-fiscal\\\/#primaryimage\"},\"image\":{\"@id\":\"https:\\\/\\\/auren.com\\\/uy\\\/noticias\\\/230-impuesto-al-patrimonio-agropecuario-cierre-de-ejercicio-fiscal\\\/#primaryimage\"},\"thumbnailUrl\":\"https:\\\/\\\/auren.com\\\/uy\\\/wp-content\\\/uploads\\\/2015\\\/07\\\/lavact.jpg\",\"datePublished\":\"2015-07-10T18:48:10+00:00\",\"breadcrumb\":{\"@id\":\"https:\\\/\\\/auren.com\\\/uy\\\/noticias\\\/230-impuesto-al-patrimonio-agropecuario-cierre-de-ejercicio-fiscal\\\/#breadcrumb\"},\"inLanguage\":\"es\",\"potentialAction\":[{\"@type\":\"ReadAction\",\"target\":[\"https:\\\/\\\/auren.com\\\/uy\\\/noticias\\\/230-impuesto-al-patrimonio-agropecuario-cierre-de-ejercicio-fiscal\\\/\"]}]},{\"@type\":\"ImageObject\",\"inLanguage\":\"es\",\"@id\":\"https:\\\/\\\/auren.com\\\/uy\\\/noticias\\\/230-impuesto-al-patrimonio-agropecuario-cierre-de-ejercicio-fiscal\\\/#primaryimage\",\"url\":\"https:\\\/\\\/auren.com\\\/uy\\\/wp-content\\\/uploads\\\/2015\\\/07\\\/lavact.jpg\",\"contentUrl\":\"https:\\\/\\\/auren.com\\\/uy\\\/wp-content\\\/uploads\\\/2015\\\/07\\\/lavact.jpg\",\"width\":2048,\"height\":1365},{\"@type\":\"BreadcrumbList\",\"@id\":\"https:\\\/\\\/auren.com\\\/uy\\\/noticias\\\/230-impuesto-al-patrimonio-agropecuario-cierre-de-ejercicio-fiscal\\\/#breadcrumb\",\"itemListElement\":[{\"@type\":\"ListItem\",\"position\":1,\"name\":\"Portada\",\"item\":\"https:\\\/\\\/auren.com\\\/uy\\\/\"},{\"@type\":\"ListItem\",\"position\":2,\"name\":\"230 -IMPUESTO AL PATRIMONIO AGROPECUARIO: CIERRE DE EJERCICIO FISCAL\"}]},{\"@type\":\"WebSite\",\"@id\":\"https:\\\/\\\/auren.com\\\/uy\\\/#website\",\"url\":\"https:\\\/\\\/auren.com\\\/uy\\\/\",\"name\":\"Auren Uruguay\",\"description\":\"\",\"publisher\":{\"@id\":\"https:\\\/\\\/auren.com\\\/uy\\\/#organization\"},\"potentialAction\":[{\"@type\":\"SearchAction\",\"target\":{\"@type\":\"EntryPoint\",\"urlTemplate\":\"https:\\\/\\\/auren.com\\\/uy\\\/?s={search_term_string}\"},\"query-input\":{\"@type\":\"PropertyValueSpecification\",\"valueRequired\":true,\"valueName\":\"search_term_string\"}}],\"inLanguage\":\"es\"},{\"@type\":\"Organization\",\"@id\":\"https:\\\/\\\/auren.com\\\/uy\\\/#organization\",\"name\":\"Auren Uruguay\",\"url\":\"https:\\\/\\\/auren.com\\\/uy\\\/\",\"logo\":{\"@type\":\"ImageObject\",\"inLanguage\":\"es\",\"@id\":\"https:\\\/\\\/auren.com\\\/uy\\\/#\\\/schema\\\/logo\\\/image\\\/\",\"url\":\"https:\\\/\\\/auren.com\\\/uy\\\/wp-content\\\/uploads\\\/2025\\\/01\\\/cropped-cropped-favicon-Auren.png\",\"contentUrl\":\"https:\\\/\\\/auren.com\\\/uy\\\/wp-content\\\/uploads\\\/2025\\\/01\\\/cropped-cropped-favicon-Auren.png\",\"width\":512,\"height\":512,\"caption\":\"Auren Uruguay\"},\"image\":{\"@id\":\"https:\\\/\\\/auren.com\\\/uy\\\/#\\\/schema\\\/logo\\\/image\\\/\"},\"sameAs\":[\"https:\\\/\\\/www.facebook.com\\\/aurenuruguay\",\"https:\\\/\\\/x.com\\\/AurenUruguay\",\"https:\\\/\\\/www.linkedin.com\\\/company\\\/auren-uruguay\",\"https:\\\/\\\/www.youtube.com\\\/channel\\\/UClkpSYFfsAuqdTaVF5whedQ\",\"https:\\\/\\\/www.instagram.com\\\/aurenuruguay\\\/\"]}]}<\/script>\n<!-- \/ Yoast SEO plugin. -->","yoast_head_json":{"title":"230 -IMPUESTO AL PATRIMONIO AGROPECUARIO: CIERRE DE EJERCICIO FISCAL - Auren Uruguay","robots":{"index":"index","follow":"follow","max-snippet":"max-snippet:-1","max-image-preview":"max-image-preview:large","max-video-preview":"max-video-preview:-1"},"canonical":"https:\/\/auren.com\/uy\/noticias\/230-impuesto-al-patrimonio-agropecuario-cierre-de-ejercicio-fiscal\/","og_locale":"es_ES","og_type":"article","og_title":"230 -IMPUESTO AL PATRIMONIO AGROPECUARIO: CIERRE DE EJERCICIO FISCAL - Auren Uruguay","og_description":"Por la Cra. Gianna Herrera","og_url":"https:\/\/auren.com\/uy\/noticias\/230-impuesto-al-patrimonio-agropecuario-cierre-de-ejercicio-fiscal\/","og_site_name":"Auren Uruguay","article_publisher":"https:\/\/www.facebook.com\/aurenuruguay","og_image":[{"width":2048,"height":1365,"url":"https:\/\/auren.com\/uy\/wp-content\/uploads\/2015\/07\/lavact.jpg","type":"image\/jpeg"}],"twitter_card":"summary_large_image","twitter_site":"@AurenUruguay","twitter_misc":{"Tiempo de lectura":"3 minutos"},"schema":{"@context":"https:\/\/schema.org","@graph":[{"@type":"WebPage","@id":"https:\/\/auren.com\/uy\/noticias\/230-impuesto-al-patrimonio-agropecuario-cierre-de-ejercicio-fiscal\/","url":"https:\/\/auren.com\/uy\/noticias\/230-impuesto-al-patrimonio-agropecuario-cierre-de-ejercicio-fiscal\/","name":"230 -IMPUESTO AL PATRIMONIO AGROPECUARIO: CIERRE DE EJERCICIO FISCAL - Auren Uruguay","isPartOf":{"@id":"https:\/\/auren.com\/uy\/#website"},"primaryImageOfPage":{"@id":"https:\/\/auren.com\/uy\/noticias\/230-impuesto-al-patrimonio-agropecuario-cierre-de-ejercicio-fiscal\/#primaryimage"},"image":{"@id":"https:\/\/auren.com\/uy\/noticias\/230-impuesto-al-patrimonio-agropecuario-cierre-de-ejercicio-fiscal\/#primaryimage"},"thumbnailUrl":"https:\/\/auren.com\/uy\/wp-content\/uploads\/2015\/07\/lavact.jpg","datePublished":"2015-07-10T18:48:10+00:00","breadcrumb":{"@id":"https:\/\/auren.com\/uy\/noticias\/230-impuesto-al-patrimonio-agropecuario-cierre-de-ejercicio-fiscal\/#breadcrumb"},"inLanguage":"es","potentialAction":[{"@type":"ReadAction","target":["https:\/\/auren.com\/uy\/noticias\/230-impuesto-al-patrimonio-agropecuario-cierre-de-ejercicio-fiscal\/"]}]},{"@type":"ImageObject","inLanguage":"es","@id":"https:\/\/auren.com\/uy\/noticias\/230-impuesto-al-patrimonio-agropecuario-cierre-de-ejercicio-fiscal\/#primaryimage","url":"https:\/\/auren.com\/uy\/wp-content\/uploads\/2015\/07\/lavact.jpg","contentUrl":"https:\/\/auren.com\/uy\/wp-content\/uploads\/2015\/07\/lavact.jpg","width":2048,"height":1365},{"@type":"BreadcrumbList","@id":"https:\/\/auren.com\/uy\/noticias\/230-impuesto-al-patrimonio-agropecuario-cierre-de-ejercicio-fiscal\/#breadcrumb","itemListElement":[{"@type":"ListItem","position":1,"name":"Portada","item":"https:\/\/auren.com\/uy\/"},{"@type":"ListItem","position":2,"name":"230 -IMPUESTO AL PATRIMONIO AGROPECUARIO: CIERRE DE EJERCICIO FISCAL"}]},{"@type":"WebSite","@id":"https:\/\/auren.com\/uy\/#website","url":"https:\/\/auren.com\/uy\/","name":"Auren Uruguay","description":"","publisher":{"@id":"https:\/\/auren.com\/uy\/#organization"},"potentialAction":[{"@type":"SearchAction","target":{"@type":"EntryPoint","urlTemplate":"https:\/\/auren.com\/uy\/?s={search_term_string}"},"query-input":{"@type":"PropertyValueSpecification","valueRequired":true,"valueName":"search_term_string"}}],"inLanguage":"es"},{"@type":"Organization","@id":"https:\/\/auren.com\/uy\/#organization","name":"Auren Uruguay","url":"https:\/\/auren.com\/uy\/","logo":{"@type":"ImageObject","inLanguage":"es","@id":"https:\/\/auren.com\/uy\/#\/schema\/logo\/image\/","url":"https:\/\/auren.com\/uy\/wp-content\/uploads\/2025\/01\/cropped-cropped-favicon-Auren.png","contentUrl":"https:\/\/auren.com\/uy\/wp-content\/uploads\/2025\/01\/cropped-cropped-favicon-Auren.png","width":512,"height":512,"caption":"Auren Uruguay"},"image":{"@id":"https:\/\/auren.com\/uy\/#\/schema\/logo\/image\/"},"sameAs":["https:\/\/www.facebook.com\/aurenuruguay","https:\/\/x.com\/AurenUruguay","https:\/\/www.linkedin.com\/company\/auren-uruguay","https:\/\/www.youtube.com\/channel\/UClkpSYFfsAuqdTaVF5whedQ","https:\/\/www.instagram.com\/aurenuruguay\/"]}]}},"_links":{"self":[{"href":"https:\/\/auren.com\/uy\/wp-json\/wp\/v2\/new\/11245","targetHints":{"allow":["GET"]}}],"collection":[{"href":"https:\/\/auren.com\/uy\/wp-json\/wp\/v2\/new"}],"about":[{"href":"https:\/\/auren.com\/uy\/wp-json\/wp\/v2\/types\/new"}],"version-history":[{"count":0,"href":"https:\/\/auren.com\/uy\/wp-json\/wp\/v2\/new\/11245\/revisions"}],"wp:featuredmedia":[{"embeddable":true,"href":"https:\/\/auren.com\/uy\/wp-json\/wp\/v2\/media\/11248"}],"wp:attachment":[{"href":"https:\/\/auren.com\/uy\/wp-json\/wp\/v2\/media?parent=11245"}],"wp:term":[{"taxonomy":"new-category","embeddable":true,"href":"https:\/\/auren.com\/uy\/wp-json\/wp\/v2\/new-category?post=11245"}],"curies":[{"name":"wp","href":"https:\/\/api.w.org\/{rel}","templated":true}]}}