{"id":11255,"date":"2015-06-26T10:40:59","date_gmt":"2015-06-26T08:40:59","guid":{"rendered":"https:\/\/auren.com\/uy\/new\/228-cierre-fiscal-agropecuario\/"},"modified":"2015-06-26T10:40:59","modified_gmt":"2015-06-26T08:40:59","slug":"228-cierre-fiscal-agropecuario","status":"publish","type":"new","link":"https:\/\/auren.com\/uy\/noticias\/228-cierre-fiscal-agropecuario\/","title":{"rendered":"228- CIERRE FISCAL AGROPECUARIO"},"content":{"rendered":"<p class=\"has-text-align-justify\">Estamos pr\u00f3ximo al 30 de junio, cierre fiscal de la mayor\u00eda de las empresas agropecuarias. Por tal motivo consideramos oportuno realizar un repaso de algunos aspectos de la tributaci\u00f3n de este sector.<\/p>\n<p class=\"has-text-align-justify has-vivid-red-color has-text-color\" style=\"font-size:25px\"><strong>IMEBA<\/strong><\/p>\n<p class=\"has-text-align-justify\">Si la empresa opt\u00f3 por dar car\u00e1cter definitivo al IMEBA, para poder seguir liquidando en forma definitiva dicho impuesto el pr\u00f3ximo ejercicio, se deber\u00e1 controlar:<\/p>\n<p class=\"has-text-align-justify\">&#8211; Que los ingresos derivados de la explotaci\u00f3n agropecuaria (rentas obtenidas por la producci\u00f3n de productos primarios, vegetales o animales) no superen las 2.000.000 UI ($ 6.196.600 aprox.) en el presente ejercicio.<\/p>\n<p class=\"has-text-align-justify\">&#8211; No explotar al inicio del pr\u00f3ximo ejercicio (1\/07\/2015) m\u00e1s de 1.250 H\u00e1s. Indice Coneat 100.<\/p>\n<p class=\"has-text-align-justify\">Recordamos que por las rentas asimiladas a agropecuarias se deber\u00e1 liquidar IRAE en forma preceptiva, no pudiendo optar por IMEBA. Estas rentas son:<\/p>\n<p class=\"has-text-align-justify\">&#8211; Ventas de activo fijo afectados a actividades agropecuarias.<\/p>\n<p class=\"has-text-align-justify\">&#8211; Utilizaci\u00f3n de bienes o prestaciones de servicios derivados de la explotaci\u00f3n agropecuaria.<\/p>\n<p class=\"has-text-align-justify\">&#8211; Las obtenidas bajo forma de aparcer\u00eda, pastoreo, medianer\u00eda y similares.<\/p>\n<p class=\"has-text-align-justify\">Dichas rentas est\u00e1n exentas de IRAE en caso que las mismas no excedan en el ejercicio las UI 300.000 ($ 929.490) y se haya optado por IMEBA por las rentas agropecuarias.<\/p>\n<p class=\"has-text-align-justify\">En caso de que no se pueda optar para el pr\u00f3ximo ejercicio por dar car\u00e1cter definitivo al IMEBA, se deber\u00e1 liquidar IRAE, ya sea por el r\u00e9gimen real o ficto. En este caso, el IMEBA abonado se toma como pago a cuenta del IRAE.<\/p>\n<p class=\"has-text-align-justify has-vivid-red-color has-text-color\" style=\"font-size:25px\"><strong>IRAE Ficto<\/strong><\/p>\n<p class=\"has-text-align-justify\">Si la empresa venia liquidando IRAE ficto, para poder seguir liquidando de dicha forma el pr\u00f3ximo ejercicio, se deber\u00e1 controlar que los ingresos no superen las UI 4.000.000 ($ 12.393.200) en el presente ejercicio. En este caso se deber\u00e1 sumar todos los ingresos de la sociedad.<\/p>\n<p class=\"has-text-align-justify has-vivid-red-color has-text-color\" style=\"font-size:25px\"><strong>Otras Consideraciones<\/strong><\/p>\n<p class=\"has-text-align-justify\">No obstante lo anterior, cabe recordar que no\u00a0 siempre es m\u00e1s ventajoso optar por dar car\u00e1cter definitivo al IMEBA. En efecto, el IMEBA es un impuesto que se liquida por un porcentaje sobre ingresos, no considerando los gastos de la explotaci\u00f3n. Al mismo tiempo, si se da car\u00e1cter definitivo al IMEBA no se es contribuyente de IVA, siendo el IVA incluido en las compras un <strong>COSTO<\/strong> para la empresa.<\/p>\n<p class=\"has-text-align-justify\">Por \u00faltimo, recordamos que en caso de optar por no dar car\u00e1cter definitivo al IMEBA (teniendo la opci\u00f3n) y por lo tanto, debiendo liquidar IRAE (real o ficto), se deber\u00e1 continuar liquidando este impuesto por tres ejercicios. Del mismo modo, si se opta por liquidar IRAE real (pudiendo liquidar IRAE ficto), se deber\u00e1 continuar liquidando el impuesto por este sistema por tres ejercicios.<\/p>\n<p class=\"has-text-align-justify has-vivid-red-color has-text-color\" style=\"font-size:25px\"><strong>Beneficios\u00a0fiscales\u00a0\u2013 d\u00e9ficit\u00a0h\u00eddrico<\/strong><\/p>\n<p class=\"has-text-align-justify\">En el 2011 por medio de la <strong>Ley 18.747<\/strong> se facult\u00f3 al Poder Ejecutivo para otorgar cr\u00e9ditos fiscales para fortalecer los rodeos de cr\u00eda y establecer medidas para la adaptaci\u00f3n del cambio clim\u00e1tico.<\/p>\n<p class=\"has-text-align-justify\">El Poder Ejecutivo hizo uso de las facultades por medio de los <strong>decretos 295\/011 y 294\/011<\/strong>. El primero de ellos otorgando a los titulares de explotaciones ganaderas cr\u00e9ditos fiscales por la compra de raciones balanceadas y suplementos proteicos <strong>adquiridos entre el 1\u00ba de enero y el 30 de abril del 2011.<\/strong> El segundo decreto otorg\u00f3 cr\u00e9ditos fiscales a los contribuyentes de IMEBA por la realizaci\u00f3n de inversiones destinadas al manejo del agua (tajamares, tanques australianos, bombas para extraer agua, entre otros).<\/p>\n<p class=\"has-text-align-justify\">En este a\u00f1o el Ministerio de Ganader\u00eda Agricultura y Pesca decret\u00f3 emergencia agropecuaria en varios departamentos y est\u00e1 otorgando asistencia por medio del Fondo de Emergencia.<\/p>\n<p class=\"has-text-align-justify\">Sin perjuicio de lo anterior, ser\u00eda oportuno analizar si no conviene otorgar nuevamente el cr\u00e9dito fiscal que se otorg\u00f3 en el 2011 por medio de la <strong>Ley 18.747<\/strong>, reglamentada por el <strong>decreto 295\/011<\/strong>.<\/p>\n<p><!-- AddThis Advanced Settings generic via filter on the_content --><!-- AddThis Share Buttons generic via filter on the_content --><\/p>\n","protected":false},"excerpt":{"rendered":"<p>Estamos pr\u00f3ximo al 30 de junio, cierre fiscal de la mayor\u00eda de las empresas agropecuarias. Por tal motivo consideramos oportuno realizar un repaso de algunos aspectos de la tributaci\u00f3n de [&hellip;]<\/p>\n","protected":false},"featured_media":11256,"template":"","meta":{"_acf_changed":false,"footnotes":""},"new-category":[],"class_list":["post-11255","new","type-new","status-publish","has-post-thumbnail","hentry"],"acf":[],"yoast_head":"<!-- This site is optimized with the Yoast SEO plugin v27.5 - https:\/\/yoast.com\/product\/yoast-seo-wordpress\/ -->\n<title>228- CIERRE FISCAL AGROPECUARIO - Auren Uruguay<\/title>\n<meta name=\"robots\" content=\"index, follow, max-snippet:-1, max-image-preview:large, max-video-preview:-1\" \/>\n<link rel=\"canonical\" href=\"https:\/\/auren.com\/uy\/noticias\/228-cierre-fiscal-agropecuario\/\" \/>\n<meta property=\"og:locale\" content=\"es_ES\" \/>\n<meta property=\"og:type\" content=\"article\" \/>\n<meta property=\"og:title\" content=\"228- CIERRE FISCAL AGROPECUARIO - Auren Uruguay\" \/>\n<meta property=\"og:description\" content=\"Estamos pr\u00f3ximo al 30 de junio, cierre fiscal de la mayor\u00eda de las empresas agropecuarias. Por tal motivo consideramos oportuno realizar un repaso de algunos aspectos de la tributaci\u00f3n de [&hellip;]\" \/>\n<meta property=\"og:url\" content=\"https:\/\/auren.com\/uy\/noticias\/228-cierre-fiscal-agropecuario\/\" \/>\n<meta property=\"og:site_name\" content=\"Auren Uruguay\" \/>\n<meta property=\"article:publisher\" content=\"https:\/\/www.facebook.com\/aurenuruguay\" \/>\n<meta property=\"og:image\" content=\"https:\/\/auren.com\/uy\/wp-content\/uploads\/2015\/06\/shutterstock_733704421.jpg\" \/>\n\t<meta property=\"og:image:width\" content=\"2048\" \/>\n\t<meta property=\"og:image:height\" content=\"1367\" \/>\n\t<meta property=\"og:image:type\" content=\"image\/jpeg\" \/>\n<meta name=\"twitter:card\" content=\"summary_large_image\" \/>\n<meta name=\"twitter:site\" content=\"@AurenUruguay\" \/>\n<meta name=\"twitter:label1\" content=\"Tiempo de lectura\" \/>\n\t<meta name=\"twitter:data1\" content=\"3 minutos\" \/>\n<script type=\"application\/ld+json\" class=\"yoast-schema-graph\">{\"@context\":\"https:\\\/\\\/schema.org\",\"@graph\":[{\"@type\":\"WebPage\",\"@id\":\"https:\\\/\\\/auren.com\\\/uy\\\/noticias\\\/228-cierre-fiscal-agropecuario\\\/\",\"url\":\"https:\\\/\\\/auren.com\\\/uy\\\/noticias\\\/228-cierre-fiscal-agropecuario\\\/\",\"name\":\"228- CIERRE FISCAL AGROPECUARIO - Auren Uruguay\",\"isPartOf\":{\"@id\":\"https:\\\/\\\/auren.com\\\/uy\\\/#website\"},\"primaryImageOfPage\":{\"@id\":\"https:\\\/\\\/auren.com\\\/uy\\\/noticias\\\/228-cierre-fiscal-agropecuario\\\/#primaryimage\"},\"image\":{\"@id\":\"https:\\\/\\\/auren.com\\\/uy\\\/noticias\\\/228-cierre-fiscal-agropecuario\\\/#primaryimage\"},\"thumbnailUrl\":\"https:\\\/\\\/auren.com\\\/uy\\\/wp-content\\\/uploads\\\/2015\\\/06\\\/shutterstock_733704421.jpg\",\"datePublished\":\"2015-06-26T08:40:59+00:00\",\"breadcrumb\":{\"@id\":\"https:\\\/\\\/auren.com\\\/uy\\\/noticias\\\/228-cierre-fiscal-agropecuario\\\/#breadcrumb\"},\"inLanguage\":\"es\",\"potentialAction\":[{\"@type\":\"ReadAction\",\"target\":[\"https:\\\/\\\/auren.com\\\/uy\\\/noticias\\\/228-cierre-fiscal-agropecuario\\\/\"]}]},{\"@type\":\"ImageObject\",\"inLanguage\":\"es\",\"@id\":\"https:\\\/\\\/auren.com\\\/uy\\\/noticias\\\/228-cierre-fiscal-agropecuario\\\/#primaryimage\",\"url\":\"https:\\\/\\\/auren.com\\\/uy\\\/wp-content\\\/uploads\\\/2015\\\/06\\\/shutterstock_733704421.jpg\",\"contentUrl\":\"https:\\\/\\\/auren.com\\\/uy\\\/wp-content\\\/uploads\\\/2015\\\/06\\\/shutterstock_733704421.jpg\",\"width\":2048,\"height\":1367},{\"@type\":\"BreadcrumbList\",\"@id\":\"https:\\\/\\\/auren.com\\\/uy\\\/noticias\\\/228-cierre-fiscal-agropecuario\\\/#breadcrumb\",\"itemListElement\":[{\"@type\":\"ListItem\",\"position\":1,\"name\":\"Portada\",\"item\":\"https:\\\/\\\/auren.com\\\/uy\\\/\"},{\"@type\":\"ListItem\",\"position\":2,\"name\":\"228- CIERRE FISCAL AGROPECUARIO\"}]},{\"@type\":\"WebSite\",\"@id\":\"https:\\\/\\\/auren.com\\\/uy\\\/#website\",\"url\":\"https:\\\/\\\/auren.com\\\/uy\\\/\",\"name\":\"Auren Uruguay\",\"description\":\"\",\"publisher\":{\"@id\":\"https:\\\/\\\/auren.com\\\/uy\\\/#organization\"},\"potentialAction\":[{\"@type\":\"SearchAction\",\"target\":{\"@type\":\"EntryPoint\",\"urlTemplate\":\"https:\\\/\\\/auren.com\\\/uy\\\/?s={search_term_string}\"},\"query-input\":{\"@type\":\"PropertyValueSpecification\",\"valueRequired\":true,\"valueName\":\"search_term_string\"}}],\"inLanguage\":\"es\"},{\"@type\":\"Organization\",\"@id\":\"https:\\\/\\\/auren.com\\\/uy\\\/#organization\",\"name\":\"Auren Uruguay\",\"url\":\"https:\\\/\\\/auren.com\\\/uy\\\/\",\"logo\":{\"@type\":\"ImageObject\",\"inLanguage\":\"es\",\"@id\":\"https:\\\/\\\/auren.com\\\/uy\\\/#\\\/schema\\\/logo\\\/image\\\/\",\"url\":\"https:\\\/\\\/auren.com\\\/uy\\\/wp-content\\\/uploads\\\/2025\\\/01\\\/cropped-cropped-favicon-Auren.png\",\"contentUrl\":\"https:\\\/\\\/auren.com\\\/uy\\\/wp-content\\\/uploads\\\/2025\\\/01\\\/cropped-cropped-favicon-Auren.png\",\"width\":512,\"height\":512,\"caption\":\"Auren Uruguay\"},\"image\":{\"@id\":\"https:\\\/\\\/auren.com\\\/uy\\\/#\\\/schema\\\/logo\\\/image\\\/\"},\"sameAs\":[\"https:\\\/\\\/www.facebook.com\\\/aurenuruguay\",\"https:\\\/\\\/x.com\\\/AurenUruguay\",\"https:\\\/\\\/www.linkedin.com\\\/company\\\/auren-uruguay\",\"https:\\\/\\\/www.youtube.com\\\/channel\\\/UClkpSYFfsAuqdTaVF5whedQ\",\"https:\\\/\\\/www.instagram.com\\\/aurenuruguay\\\/\"]}]}<\/script>\n<!-- \/ Yoast SEO plugin. -->","yoast_head_json":{"title":"228- CIERRE FISCAL AGROPECUARIO - Auren Uruguay","robots":{"index":"index","follow":"follow","max-snippet":"max-snippet:-1","max-image-preview":"max-image-preview:large","max-video-preview":"max-video-preview:-1"},"canonical":"https:\/\/auren.com\/uy\/noticias\/228-cierre-fiscal-agropecuario\/","og_locale":"es_ES","og_type":"article","og_title":"228- CIERRE FISCAL AGROPECUARIO - Auren Uruguay","og_description":"Estamos pr\u00f3ximo al 30 de junio, cierre fiscal de la mayor\u00eda de las empresas agropecuarias. Por tal motivo consideramos oportuno realizar un repaso de algunos aspectos de la tributaci\u00f3n de [&hellip;]","og_url":"https:\/\/auren.com\/uy\/noticias\/228-cierre-fiscal-agropecuario\/","og_site_name":"Auren Uruguay","article_publisher":"https:\/\/www.facebook.com\/aurenuruguay","og_image":[{"width":2048,"height":1367,"url":"https:\/\/auren.com\/uy\/wp-content\/uploads\/2015\/06\/shutterstock_733704421.jpg","type":"image\/jpeg"}],"twitter_card":"summary_large_image","twitter_site":"@AurenUruguay","twitter_misc":{"Tiempo de lectura":"3 minutos"},"schema":{"@context":"https:\/\/schema.org","@graph":[{"@type":"WebPage","@id":"https:\/\/auren.com\/uy\/noticias\/228-cierre-fiscal-agropecuario\/","url":"https:\/\/auren.com\/uy\/noticias\/228-cierre-fiscal-agropecuario\/","name":"228- CIERRE FISCAL AGROPECUARIO - Auren Uruguay","isPartOf":{"@id":"https:\/\/auren.com\/uy\/#website"},"primaryImageOfPage":{"@id":"https:\/\/auren.com\/uy\/noticias\/228-cierre-fiscal-agropecuario\/#primaryimage"},"image":{"@id":"https:\/\/auren.com\/uy\/noticias\/228-cierre-fiscal-agropecuario\/#primaryimage"},"thumbnailUrl":"https:\/\/auren.com\/uy\/wp-content\/uploads\/2015\/06\/shutterstock_733704421.jpg","datePublished":"2015-06-26T08:40:59+00:00","breadcrumb":{"@id":"https:\/\/auren.com\/uy\/noticias\/228-cierre-fiscal-agropecuario\/#breadcrumb"},"inLanguage":"es","potentialAction":[{"@type":"ReadAction","target":["https:\/\/auren.com\/uy\/noticias\/228-cierre-fiscal-agropecuario\/"]}]},{"@type":"ImageObject","inLanguage":"es","@id":"https:\/\/auren.com\/uy\/noticias\/228-cierre-fiscal-agropecuario\/#primaryimage","url":"https:\/\/auren.com\/uy\/wp-content\/uploads\/2015\/06\/shutterstock_733704421.jpg","contentUrl":"https:\/\/auren.com\/uy\/wp-content\/uploads\/2015\/06\/shutterstock_733704421.jpg","width":2048,"height":1367},{"@type":"BreadcrumbList","@id":"https:\/\/auren.com\/uy\/noticias\/228-cierre-fiscal-agropecuario\/#breadcrumb","itemListElement":[{"@type":"ListItem","position":1,"name":"Portada","item":"https:\/\/auren.com\/uy\/"},{"@type":"ListItem","position":2,"name":"228- CIERRE FISCAL AGROPECUARIO"}]},{"@type":"WebSite","@id":"https:\/\/auren.com\/uy\/#website","url":"https:\/\/auren.com\/uy\/","name":"Auren Uruguay","description":"","publisher":{"@id":"https:\/\/auren.com\/uy\/#organization"},"potentialAction":[{"@type":"SearchAction","target":{"@type":"EntryPoint","urlTemplate":"https:\/\/auren.com\/uy\/?s={search_term_string}"},"query-input":{"@type":"PropertyValueSpecification","valueRequired":true,"valueName":"search_term_string"}}],"inLanguage":"es"},{"@type":"Organization","@id":"https:\/\/auren.com\/uy\/#organization","name":"Auren Uruguay","url":"https:\/\/auren.com\/uy\/","logo":{"@type":"ImageObject","inLanguage":"es","@id":"https:\/\/auren.com\/uy\/#\/schema\/logo\/image\/","url":"https:\/\/auren.com\/uy\/wp-content\/uploads\/2025\/01\/cropped-cropped-favicon-Auren.png","contentUrl":"https:\/\/auren.com\/uy\/wp-content\/uploads\/2025\/01\/cropped-cropped-favicon-Auren.png","width":512,"height":512,"caption":"Auren Uruguay"},"image":{"@id":"https:\/\/auren.com\/uy\/#\/schema\/logo\/image\/"},"sameAs":["https:\/\/www.facebook.com\/aurenuruguay","https:\/\/x.com\/AurenUruguay","https:\/\/www.linkedin.com\/company\/auren-uruguay","https:\/\/www.youtube.com\/channel\/UClkpSYFfsAuqdTaVF5whedQ","https:\/\/www.instagram.com\/aurenuruguay\/"]}]}},"_links":{"self":[{"href":"https:\/\/auren.com\/uy\/wp-json\/wp\/v2\/new\/11255","targetHints":{"allow":["GET"]}}],"collection":[{"href":"https:\/\/auren.com\/uy\/wp-json\/wp\/v2\/new"}],"about":[{"href":"https:\/\/auren.com\/uy\/wp-json\/wp\/v2\/types\/new"}],"version-history":[{"count":0,"href":"https:\/\/auren.com\/uy\/wp-json\/wp\/v2\/new\/11255\/revisions"}],"wp:featuredmedia":[{"embeddable":true,"href":"https:\/\/auren.com\/uy\/wp-json\/wp\/v2\/media\/11256"}],"wp:attachment":[{"href":"https:\/\/auren.com\/uy\/wp-json\/wp\/v2\/media?parent=11255"}],"wp:term":[{"taxonomy":"new-category","embeddable":true,"href":"https:\/\/auren.com\/uy\/wp-json\/wp\/v2\/new-category?post=11255"}],"curies":[{"name":"wp","href":"https:\/\/api.w.org\/{rel}","templated":true}]}}