{"id":11266,"date":"2015-06-16T18:15:59","date_gmt":"2015-06-16T16:15:59","guid":{"rendered":"https:\/\/auren.com\/uy\/new\/226-declaracion-jurada-irpf-2014-vencimiento\/"},"modified":"2015-06-16T18:15:59","modified_gmt":"2015-06-16T16:15:59","slug":"226-declaracion-jurada-irpf-2014-vencimiento","status":"publish","type":"new","link":"https:\/\/auren.com\/uy\/noticias\/226-declaracion-jurada-irpf-2014-vencimiento\/","title":{"rendered":"226 &#8211; DECLARACI\u00d3N JURADA IRPF 2014 &#8211; VENCIMIENTO"},"content":{"rendered":"<p class=\"has-text-align-justify\">La Declaraci\u00f3n Jurada tiene distintos plazos de presentaci\u00f3n, en funci\u00f3n del \u00faltimo d\u00edgito del RUT o C.I., los mismos van desde el 8 de Junio al 27 de Agosto 2015. La misma puede presentarse v\u00eda Web, previa solicitud de clave, o a trav\u00e9s de las redes de cobranza colaboradoras.<\/p>\n<p class=\"has-text-align-justify has-vivid-red-color has-text-color\" style=\"font-size:25px\"><strong>\u00bfQui\u00e9nes est\u00e1n obligados a presentar la Declaraci\u00f3n Jurada por rentas de trabajo?<\/strong><\/p>\n<p class=\"has-text-align-justify\">Se encuentran obligadas todas aquellas personas que obtuvieron ingresos por la prestaci\u00f3n de servicios personales fuera de la relaci\u00f3n de dependencia por el per\u00edodo Enero \u2013 Diciembre 2014.<\/p>\n<p class=\"has-text-align-justify\">As\u00ed mismo, se encuentran obligados los trabajadores dependientes que en el per\u00edodo hayan superado $ 444.480 de ingresos nominales y cumplan al menos una de las siguientes condiciones:<\/p>\n<ul>\n<li>No hayan tenido ingresos en el mes de Diciembre 2014,<\/li>\n<li>Hayan tenido ingresos de m\u00e1s de un empleador,<\/li>\n<li>Hayan optado por la reducci\u00f3n del 5% en los anticipos por el r\u00e9gimen de N\u00facleo Familiar.<\/li>\n<\/ul>\n<p class=\"has-text-align-justify\">En caso de que no hayan superado el volumen de ingresos mencionado anteriormente, deben presentarla de todas formas, si cumplen con alguna de las siguientes condiciones:<\/p>\n<ul>\n<li>Hayan tenido ingresos de m\u00e1s de un empleador en forma simult\u00e1nea, y no hayan presentado el Formulario 3100.<\/li>\n<li>Hayan optado por la reducci\u00f3n del 5% en los anticipos por el r\u00e9gimen de N\u00facleo Familiar.<\/li>\n<\/ul>\n<p class=\"has-text-align-justify has-vivid-red-color has-text-color\" style=\"font-size:25px\"><strong>Opci\u00f3n N\u00facleo Familiar por rentas de trabajo<\/strong><\/p>\n<p class=\"has-text-align-justify\">Existe la opci\u00f3n de liquidar como N\u00facleo Familiar por las rentas de trabajo, para c\u00f3nyuges (no separados de bienes y sin capitulaciones matrimoniales) y concubinos reconocidos judicialmente, integrados exclusivamente por personas f\u00edsicas residentes, y siempre que ninguno de los integrantes sea contribuyente de IRAE, IRNR, IMEBA o IASS.<\/p>\n<p class=\"has-text-align-justify has-vivid-red-color has-text-color\" style=\"font-size:25px\"><strong>Cr\u00e9dito fiscal por arrendamientos<\/strong><\/p>\n<p class=\"has-text-align-justify\">Pueden acceder al cr\u00e9dito aquellos contribuyentes, por rentas de trabajo, que fueron arrendatarios de inmuebles con destino a la vivienda permanente, siempre y cuando los contratos hayan sido celebrados por escrito y tengan un plazo mayor a un a\u00f1o, y el arrendador pueda ser identificado.<\/p>\n<p class=\"has-text-align-justify\">Se podr\u00e1 computar como pago de IRPF hasta un importe equivalente al 6% del precio del arrendamiento efectivamente pagado en el per\u00edodo.<\/p>\n<p class=\"has-text-align-justify has-vivid-red-color has-text-color\" style=\"font-size:25px\"><strong>Cuotas de pr\u00e9stamos Hipotecarios destinados a la adquisici\u00f3n de vivienda<\/strong><\/p>\n<p class=\"has-text-align-justify\">Son deducibles en la liquidaci\u00f3n de IRPF por rentas de trabajo las cuotas de pr\u00e9stamos hipotecarios si cumplen con las siguientes condiciones:<\/p>\n<ul>\n<li>Se encuentren destinados a la adquisici\u00f3n de vivienda \u00fanica y permanente del contribuyente,<\/li>\n<li>El costo de la vivienda no haya superado las UI 794.000.<\/li>\n<\/ul>\n<p class=\"has-text-align-justify\">El monto m\u00e1ximo a deducir por dicho concepto no podr\u00e1 superar las 36 BPC anuales ($ 101.484 al 31\/12\/2014).<\/p>\n<p class=\"has-text-align-justify has-vivid-red-color has-text-color\" style=\"font-size:25px\"><strong>Saldo a pagar o cr\u00e9dito a recuperar<\/strong><\/p>\n<p class=\"has-text-align-justify\">En el caso que de la liquidaci\u00f3n efectuada surja un saldo al 31 de diciembre de 2014, el mismo podr\u00e1 ser abonado en 5 cuotas iguales, venciendo las mismas desde el 28 de Agosto 2015 al 23 de Diciembre 2015.<\/p>\n<p class=\"has-text-align-justify\">Si de lo contrario, de la declaraci\u00f3n jurada surge un cr\u00e9dito a favor del contribuyente superior a $ 100 se podr\u00e1 efectuar el cobro del mismo en efectivo en las redes de cobranza. En caso de prestar servicios fuera de la relaci\u00f3n de dependencia, si el cr\u00e9dito es superior a $ 500, podr\u00e1 optarse por cobrar el mismo en efectivo o en certificados de cr\u00e9dito.<\/p>\n<p><!-- AddThis Advanced Settings generic via filter on the_content --><!-- AddThis Share Buttons generic via filter on the_content --><\/p>\n","protected":false},"excerpt":{"rendered":"<p>Por Cra. Paola G\u00f3mez.<\/p>\n","protected":false},"featured_media":11269,"template":"","meta":{"_acf_changed":false,"footnotes":""},"new-category":[],"class_list":["post-11266","new","type-new","status-publish","has-post-thumbnail","hentry"],"acf":[],"yoast_head":"<!-- This site is optimized with the Yoast SEO plugin v27.5 - https:\/\/yoast.com\/product\/yoast-seo-wordpress\/ -->\n<title>226 - DECLARACI\u00d3N JURADA IRPF 2014 - VENCIMIENTO - Auren Uruguay<\/title>\n<meta name=\"robots\" content=\"index, follow, max-snippet:-1, max-image-preview:large, max-video-preview:-1\" \/>\n<link rel=\"canonical\" href=\"https:\/\/auren.com\/uy\/noticias\/226-declaracion-jurada-irpf-2014-vencimiento\/\" \/>\n<meta property=\"og:locale\" content=\"es_ES\" \/>\n<meta property=\"og:type\" content=\"article\" \/>\n<meta property=\"og:title\" content=\"226 - DECLARACI\u00d3N JURADA IRPF 2014 - VENCIMIENTO - Auren Uruguay\" \/>\n<meta property=\"og:description\" content=\"Por Cra. Paola G\u00f3mez.\" \/>\n<meta property=\"og:url\" content=\"https:\/\/auren.com\/uy\/noticias\/226-declaracion-jurada-irpf-2014-vencimiento\/\" \/>\n<meta property=\"og:site_name\" content=\"Auren Uruguay\" \/>\n<meta property=\"article:publisher\" content=\"https:\/\/www.facebook.com\/aurenuruguay\" \/>\n<meta property=\"og:image\" content=\"https:\/\/auren.com\/uy\/wp-content\/uploads\/2015\/06\/shutterstock_245063656.jpg\" \/>\n\t<meta property=\"og:image:width\" content=\"1400\" \/>\n\t<meta property=\"og:image:height\" content=\"933\" \/>\n\t<meta property=\"og:image:type\" content=\"image\/jpeg\" \/>\n<meta name=\"twitter:card\" content=\"summary_large_image\" \/>\n<meta name=\"twitter:site\" content=\"@AurenUruguay\" \/>\n<meta name=\"twitter:label1\" content=\"Tiempo de lectura\" \/>\n\t<meta name=\"twitter:data1\" content=\"3 minutos\" \/>\n<script type=\"application\/ld+json\" class=\"yoast-schema-graph\">{\"@context\":\"https:\\\/\\\/schema.org\",\"@graph\":[{\"@type\":\"WebPage\",\"@id\":\"https:\\\/\\\/auren.com\\\/uy\\\/noticias\\\/226-declaracion-jurada-irpf-2014-vencimiento\\\/\",\"url\":\"https:\\\/\\\/auren.com\\\/uy\\\/noticias\\\/226-declaracion-jurada-irpf-2014-vencimiento\\\/\",\"name\":\"226 - DECLARACI\u00d3N JURADA IRPF 2014 - VENCIMIENTO - Auren Uruguay\",\"isPartOf\":{\"@id\":\"https:\\\/\\\/auren.com\\\/uy\\\/#website\"},\"primaryImageOfPage\":{\"@id\":\"https:\\\/\\\/auren.com\\\/uy\\\/noticias\\\/226-declaracion-jurada-irpf-2014-vencimiento\\\/#primaryimage\"},\"image\":{\"@id\":\"https:\\\/\\\/auren.com\\\/uy\\\/noticias\\\/226-declaracion-jurada-irpf-2014-vencimiento\\\/#primaryimage\"},\"thumbnailUrl\":\"https:\\\/\\\/auren.com\\\/uy\\\/wp-content\\\/uploads\\\/2015\\\/06\\\/shutterstock_245063656.jpg\",\"datePublished\":\"2015-06-16T16:15:59+00:00\",\"breadcrumb\":{\"@id\":\"https:\\\/\\\/auren.com\\\/uy\\\/noticias\\\/226-declaracion-jurada-irpf-2014-vencimiento\\\/#breadcrumb\"},\"inLanguage\":\"es\",\"potentialAction\":[{\"@type\":\"ReadAction\",\"target\":[\"https:\\\/\\\/auren.com\\\/uy\\\/noticias\\\/226-declaracion-jurada-irpf-2014-vencimiento\\\/\"]}]},{\"@type\":\"ImageObject\",\"inLanguage\":\"es\",\"@id\":\"https:\\\/\\\/auren.com\\\/uy\\\/noticias\\\/226-declaracion-jurada-irpf-2014-vencimiento\\\/#primaryimage\",\"url\":\"https:\\\/\\\/auren.com\\\/uy\\\/wp-content\\\/uploads\\\/2015\\\/06\\\/shutterstock_245063656.jpg\",\"contentUrl\":\"https:\\\/\\\/auren.com\\\/uy\\\/wp-content\\\/uploads\\\/2015\\\/06\\\/shutterstock_245063656.jpg\",\"width\":1400,\"height\":933},{\"@type\":\"BreadcrumbList\",\"@id\":\"https:\\\/\\\/auren.com\\\/uy\\\/noticias\\\/226-declaracion-jurada-irpf-2014-vencimiento\\\/#breadcrumb\",\"itemListElement\":[{\"@type\":\"ListItem\",\"position\":1,\"name\":\"Portada\",\"item\":\"https:\\\/\\\/auren.com\\\/uy\\\/\"},{\"@type\":\"ListItem\",\"position\":2,\"name\":\"226 &#8211; DECLARACI\u00d3N JURADA IRPF 2014 &#8211; VENCIMIENTO\"}]},{\"@type\":\"WebSite\",\"@id\":\"https:\\\/\\\/auren.com\\\/uy\\\/#website\",\"url\":\"https:\\\/\\\/auren.com\\\/uy\\\/\",\"name\":\"Auren Uruguay\",\"description\":\"\",\"publisher\":{\"@id\":\"https:\\\/\\\/auren.com\\\/uy\\\/#organization\"},\"potentialAction\":[{\"@type\":\"SearchAction\",\"target\":{\"@type\":\"EntryPoint\",\"urlTemplate\":\"https:\\\/\\\/auren.com\\\/uy\\\/?s={search_term_string}\"},\"query-input\":{\"@type\":\"PropertyValueSpecification\",\"valueRequired\":true,\"valueName\":\"search_term_string\"}}],\"inLanguage\":\"es\"},{\"@type\":\"Organization\",\"@id\":\"https:\\\/\\\/auren.com\\\/uy\\\/#organization\",\"name\":\"Auren Uruguay\",\"url\":\"https:\\\/\\\/auren.com\\\/uy\\\/\",\"logo\":{\"@type\":\"ImageObject\",\"inLanguage\":\"es\",\"@id\":\"https:\\\/\\\/auren.com\\\/uy\\\/#\\\/schema\\\/logo\\\/image\\\/\",\"url\":\"https:\\\/\\\/auren.com\\\/uy\\\/wp-content\\\/uploads\\\/2025\\\/01\\\/cropped-cropped-favicon-Auren.png\",\"contentUrl\":\"https:\\\/\\\/auren.com\\\/uy\\\/wp-content\\\/uploads\\\/2025\\\/01\\\/cropped-cropped-favicon-Auren.png\",\"width\":512,\"height\":512,\"caption\":\"Auren Uruguay\"},\"image\":{\"@id\":\"https:\\\/\\\/auren.com\\\/uy\\\/#\\\/schema\\\/logo\\\/image\\\/\"},\"sameAs\":[\"https:\\\/\\\/www.facebook.com\\\/aurenuruguay\",\"https:\\\/\\\/x.com\\\/AurenUruguay\",\"https:\\\/\\\/www.linkedin.com\\\/company\\\/auren-uruguay\",\"https:\\\/\\\/www.youtube.com\\\/channel\\\/UClkpSYFfsAuqdTaVF5whedQ\",\"https:\\\/\\\/www.instagram.com\\\/aurenuruguay\\\/\"]}]}<\/script>\n<!-- \/ Yoast SEO plugin. -->","yoast_head_json":{"title":"226 - DECLARACI\u00d3N JURADA IRPF 2014 - VENCIMIENTO - Auren Uruguay","robots":{"index":"index","follow":"follow","max-snippet":"max-snippet:-1","max-image-preview":"max-image-preview:large","max-video-preview":"max-video-preview:-1"},"canonical":"https:\/\/auren.com\/uy\/noticias\/226-declaracion-jurada-irpf-2014-vencimiento\/","og_locale":"es_ES","og_type":"article","og_title":"226 - DECLARACI\u00d3N JURADA IRPF 2014 - VENCIMIENTO - Auren Uruguay","og_description":"Por Cra. Paola G\u00f3mez.","og_url":"https:\/\/auren.com\/uy\/noticias\/226-declaracion-jurada-irpf-2014-vencimiento\/","og_site_name":"Auren Uruguay","article_publisher":"https:\/\/www.facebook.com\/aurenuruguay","og_image":[{"width":1400,"height":933,"url":"https:\/\/auren.com\/uy\/wp-content\/uploads\/2015\/06\/shutterstock_245063656.jpg","type":"image\/jpeg"}],"twitter_card":"summary_large_image","twitter_site":"@AurenUruguay","twitter_misc":{"Tiempo de lectura":"3 minutos"},"schema":{"@context":"https:\/\/schema.org","@graph":[{"@type":"WebPage","@id":"https:\/\/auren.com\/uy\/noticias\/226-declaracion-jurada-irpf-2014-vencimiento\/","url":"https:\/\/auren.com\/uy\/noticias\/226-declaracion-jurada-irpf-2014-vencimiento\/","name":"226 - DECLARACI\u00d3N JURADA IRPF 2014 - VENCIMIENTO - Auren Uruguay","isPartOf":{"@id":"https:\/\/auren.com\/uy\/#website"},"primaryImageOfPage":{"@id":"https:\/\/auren.com\/uy\/noticias\/226-declaracion-jurada-irpf-2014-vencimiento\/#primaryimage"},"image":{"@id":"https:\/\/auren.com\/uy\/noticias\/226-declaracion-jurada-irpf-2014-vencimiento\/#primaryimage"},"thumbnailUrl":"https:\/\/auren.com\/uy\/wp-content\/uploads\/2015\/06\/shutterstock_245063656.jpg","datePublished":"2015-06-16T16:15:59+00:00","breadcrumb":{"@id":"https:\/\/auren.com\/uy\/noticias\/226-declaracion-jurada-irpf-2014-vencimiento\/#breadcrumb"},"inLanguage":"es","potentialAction":[{"@type":"ReadAction","target":["https:\/\/auren.com\/uy\/noticias\/226-declaracion-jurada-irpf-2014-vencimiento\/"]}]},{"@type":"ImageObject","inLanguage":"es","@id":"https:\/\/auren.com\/uy\/noticias\/226-declaracion-jurada-irpf-2014-vencimiento\/#primaryimage","url":"https:\/\/auren.com\/uy\/wp-content\/uploads\/2015\/06\/shutterstock_245063656.jpg","contentUrl":"https:\/\/auren.com\/uy\/wp-content\/uploads\/2015\/06\/shutterstock_245063656.jpg","width":1400,"height":933},{"@type":"BreadcrumbList","@id":"https:\/\/auren.com\/uy\/noticias\/226-declaracion-jurada-irpf-2014-vencimiento\/#breadcrumb","itemListElement":[{"@type":"ListItem","position":1,"name":"Portada","item":"https:\/\/auren.com\/uy\/"},{"@type":"ListItem","position":2,"name":"226 &#8211; DECLARACI\u00d3N JURADA IRPF 2014 &#8211; VENCIMIENTO"}]},{"@type":"WebSite","@id":"https:\/\/auren.com\/uy\/#website","url":"https:\/\/auren.com\/uy\/","name":"Auren Uruguay","description":"","publisher":{"@id":"https:\/\/auren.com\/uy\/#organization"},"potentialAction":[{"@type":"SearchAction","target":{"@type":"EntryPoint","urlTemplate":"https:\/\/auren.com\/uy\/?s={search_term_string}"},"query-input":{"@type":"PropertyValueSpecification","valueRequired":true,"valueName":"search_term_string"}}],"inLanguage":"es"},{"@type":"Organization","@id":"https:\/\/auren.com\/uy\/#organization","name":"Auren Uruguay","url":"https:\/\/auren.com\/uy\/","logo":{"@type":"ImageObject","inLanguage":"es","@id":"https:\/\/auren.com\/uy\/#\/schema\/logo\/image\/","url":"https:\/\/auren.com\/uy\/wp-content\/uploads\/2025\/01\/cropped-cropped-favicon-Auren.png","contentUrl":"https:\/\/auren.com\/uy\/wp-content\/uploads\/2025\/01\/cropped-cropped-favicon-Auren.png","width":512,"height":512,"caption":"Auren Uruguay"},"image":{"@id":"https:\/\/auren.com\/uy\/#\/schema\/logo\/image\/"},"sameAs":["https:\/\/www.facebook.com\/aurenuruguay","https:\/\/x.com\/AurenUruguay","https:\/\/www.linkedin.com\/company\/auren-uruguay","https:\/\/www.youtube.com\/channel\/UClkpSYFfsAuqdTaVF5whedQ","https:\/\/www.instagram.com\/aurenuruguay\/"]}]}},"_links":{"self":[{"href":"https:\/\/auren.com\/uy\/wp-json\/wp\/v2\/new\/11266","targetHints":{"allow":["GET"]}}],"collection":[{"href":"https:\/\/auren.com\/uy\/wp-json\/wp\/v2\/new"}],"about":[{"href":"https:\/\/auren.com\/uy\/wp-json\/wp\/v2\/types\/new"}],"version-history":[{"count":0,"href":"https:\/\/auren.com\/uy\/wp-json\/wp\/v2\/new\/11266\/revisions"}],"wp:featuredmedia":[{"embeddable":true,"href":"https:\/\/auren.com\/uy\/wp-json\/wp\/v2\/media\/11269"}],"wp:attachment":[{"href":"https:\/\/auren.com\/uy\/wp-json\/wp\/v2\/media?parent=11266"}],"wp:term":[{"taxonomy":"new-category","embeddable":true,"href":"https:\/\/auren.com\/uy\/wp-json\/wp\/v2\/new-category?post=11266"}],"curies":[{"name":"wp","href":"https:\/\/api.w.org\/{rel}","templated":true}]}}