{"id":11280,"date":"2015-05-08T11:34:37","date_gmt":"2015-05-08T09:34:37","guid":{"rendered":"https:\/\/auren.com\/uy\/new\/221-afecta-el-tamano-de-una-empresa-el-trabajo-del-auditor\/"},"modified":"2015-05-08T11:34:37","modified_gmt":"2015-05-08T09:34:37","slug":"221-afecta-el-tamano-de-una-empresa-el-trabajo-del-auditor","status":"publish","type":"new","link":"https:\/\/auren.com\/uy\/noticias\/221-afecta-el-tamano-de-una-empresa-el-trabajo-del-auditor\/","title":{"rendered":"221- \u00bfAFECTA EL TAMA\u00d1O DE UNA EMPRESA EL TRABAJO DEL AUDITOR?"},"content":{"rendered":"<p class=\"has-text-align-justify\">El tama\u00f1o de una empresa es un factor a tener en cuenta a la hora de planificar una auditor\u00eda y definir los programas de trabajo. No se puede realizar procedimientos de igual alcance, naturaleza y oportunidad en una empresa de grandes dimensiones que en una PYME.<\/p>\n<p class=\"has-text-align-justify has-vivid-red-color has-text-color\" style=\"font-size:25px\"><strong>Pymes en el Uruguay y el Mundo<\/strong><\/p>\n<p class=\"has-text-align-justify\">A nivel mundial m\u00e1s del 90% de las empresas son PYMES (pymes.gub.uy), y Uruguay no escapa de esta situaci\u00f3n.<\/p>\n<p class=\"has-text-align-justify\">Seg\u00fan el Decreto 266\/995 en Uruguay se define las micro, peque\u00f1as y medianas empresas por su personal ocupado y la facturaci\u00f3n anual. Se entiende como personal ocupado las personas empleadas, titulares y socios por los cuales se realicen efectivos aportes a la seguridad social y como facturaci\u00f3n anual las ventas netas excluyendo el IVA luego de devoluciones y bonificaciones. Las micro empresas son aquellas empresas que ocupan hasta 4 personas y facturan como m\u00e1ximo 2 millones de UI. Las peque\u00f1as ocupan hasta 19 personas y facturan hasta 10 millones de UI. Las medianas ocupan hasta 99 personas y facturan hasta 75 millones de UI.<\/p>\n<p class=\"has-text-align-justify has-vivid-red-color has-text-color\" style=\"font-size:25px\"><strong>Auditor\u00eda de Estados Contables<\/strong><\/p>\n<p class=\"has-text-align-justify\">La auditor\u00eda de estados contables es el examen de \u00e9stos con el prop\u00f3sito de dictaminar si fueron preparados de acuerdo a las Normas Contables Adecuadas. (Enrique Fowler Newton: Tratado de Auditor\u00eda edici\u00f3n 2004).<\/p>\n<p class=\"has-text-align-justify\">Para poder realizar este examen de forma exitosa, el auditor debe llevar a cabo el trabajo utilizando un enfoque de auditor\u00eda adecuado para cada cap\u00edtulo de los Estados Contables. Este enfoque es el producto de los procedimientos realizados durante la planificaci\u00f3n del trabajo.<\/p>\n<p class=\"has-text-align-justify has-vivid-red-color has-text-color\" style=\"font-size:25px\"><strong>Enfoques de Auditor\u00eda<\/strong><\/p>\n<p class=\"has-text-align-justify\">Existen dos grandes enfoques posibles para evaluar los diferentes componentes de los Estados Contables: un enfoque de confianza en los controles que existen en la empresa, o un enfoque sustantivo.<\/p>\n<p class=\"has-text-align-justify\">El enfoque de Pruebas de Control se aplica cuando, luego de evaluar el control interno de la entidad, el auditor decide confiar en los controles que la empresa tiene para mitigar los riesgos de su negocio. Al auditor en esta etapa le interesa evaluar aquellos controles asociados a los riesgos que pueden afectar la informaci\u00f3n contable objeto de an\u00e1lisis.<\/p>\n<p class=\"has-text-align-justify\">Uno de los controles analizado en esta instancia es el control vinculado al sistema contable. En este caso se controlan \u2013 entre otros &#8211; las autorizaciones del sistema (tanto para el ingreso de datos, como para la visualizaci\u00f3n de la informaci\u00f3n, etc.), la concordancia entre el documento f\u00edsico y el registro (para una muestra de movimientos), la concordancia entre la contabilidad e informes extracontables que en general son extra\u00eddos del sistema de gesti\u00f3n.<\/p>\n<p class=\"has-text-align-justify\">El enfoque de pruebas sustantivas se aplicar\u00e1 en caso de que no se pueda obtener evidencia de que los controles existentes en la empresa sean efectivos, y hayan operado todo el per\u00edodo analizado<\/p>\n<p class=\"has-text-align-justify has-vivid-red-color has-text-color\" style=\"font-size:25px\"><strong>Enfoques y dimensiones de las empresas<\/strong><\/p>\n<p class=\"has-text-align-justify\">Las PYMES cuentan en general\u00a0 con controles m\u00e1s pobres y menos eficientes que las grandes empresas<\/p>\n<p class=\"has-text-align-justify\">En esa situaci\u00f3n ser\u00e1 dif\u00edcil para el auditor obtener evidencia suficiente y adecuada que le permita llevar adelante la auditor\u00eda utilizando un enfoque de confianza en controles y la \u00fanica alternativa ser\u00eda aplicar un enfoque sustantivo.<\/p>\n<p class=\"has-text-align-justify\">Por otro lado, si el auditor se enfrenta a una \u00a0empresa de grandes dimensiones con una cantidad de transacciones importantes en el per\u00edodo y muy atomizadas; no ser\u00eda posible llevar adelante un enfoque sustantivo, si consideramos la relaci\u00f3n costo \u2013 beneficio.<\/p>\n<p class=\"has-text-align-justify\">Es por todo esto, que en general es m\u00e1s com\u00fan el uso de pruebas sustantivas en empresas m\u00e1s peque\u00f1as que en grandes empresas.<\/p>\n<p class=\"has-text-align-justify\">Por \u00faltimo debemos de considerar que las Normas Internacionales de Auditor\u00eda tienen en cuenta este tema \u201cdel tama\u00f1o\u201d, para lo cual se puede considerar la \u201cGu\u00eda para usar los Est\u00e1ndares Internacionales de Auditor\u00eda en las PYMES \u2013 Auditor\u00eda Financiera de PYMES\u201d emitida por IFAC.<\/p>\n<p class=\"has-text-align-justify\">En resumen, el tama\u00f1o de la empresa, afecta el trabajo del auditor: la naturaleza, alcance y oportunidad de los procedimientos que realizar\u00e1.<\/p>\n<p><!-- AddThis Advanced Settings generic via filter on the_content --><!-- AddThis Share Buttons generic via filter on the_content --><\/p>\n","protected":false},"excerpt":{"rendered":"<p>El tama\u00f1o de una empresa es un factor a tener en cuenta a la hora de planificar una auditor\u00eda y definir los programas de trabajo. No se puede realizar procedimientos [&hellip;]<\/p>\n","protected":false},"featured_media":11281,"template":"","meta":{"_acf_changed":false,"footnotes":""},"new-category":[],"class_list":["post-11280","new","type-new","status-publish","has-post-thumbnail","hentry"],"acf":[],"yoast_head":"<!-- This site is optimized with the Yoast SEO plugin v27.5 - https:\/\/yoast.com\/product\/yoast-seo-wordpress\/ -->\n<title>221- \u00bfAFECTA EL TAMA\u00d1O DE UNA EMPRESA EL TRABAJO DEL AUDITOR? - Auren Uruguay<\/title>\n<meta name=\"robots\" content=\"index, follow, max-snippet:-1, max-image-preview:large, max-video-preview:-1\" \/>\n<link rel=\"canonical\" href=\"https:\/\/auren.com\/uy\/noticias\/221-afecta-el-tamano-de-una-empresa-el-trabajo-del-auditor\/\" \/>\n<meta property=\"og:locale\" content=\"es_ES\" \/>\n<meta property=\"og:type\" content=\"article\" \/>\n<meta property=\"og:title\" content=\"221- \u00bfAFECTA EL TAMA\u00d1O DE UNA EMPRESA EL TRABAJO DEL AUDITOR? - Auren Uruguay\" \/>\n<meta property=\"og:description\" content=\"El tama\u00f1o de una empresa es un factor a tener en cuenta a la hora de planificar una auditor\u00eda y definir los programas de trabajo. No se puede realizar procedimientos [&hellip;]\" \/>\n<meta property=\"og:url\" content=\"https:\/\/auren.com\/uy\/noticias\/221-afecta-el-tamano-de-una-empresa-el-trabajo-del-auditor\/\" \/>\n<meta property=\"og:site_name\" content=\"Auren Uruguay\" \/>\n<meta property=\"article:publisher\" content=\"https:\/\/www.facebook.com\/aurenuruguay\" \/>\n<meta property=\"og:image\" content=\"https:\/\/auren.com\/uy\/wp-content\/uploads\/2015\/05\/shutterstock_207793054.jpg\" \/>\n\t<meta property=\"og:image:width\" content=\"2048\" \/>\n\t<meta property=\"og:image:height\" content=\"1365\" \/>\n\t<meta property=\"og:image:type\" content=\"image\/jpeg\" \/>\n<meta name=\"twitter:card\" content=\"summary_large_image\" \/>\n<meta name=\"twitter:site\" content=\"@AurenUruguay\" \/>\n<meta name=\"twitter:label1\" content=\"Tiempo de lectura\" \/>\n\t<meta name=\"twitter:data1\" content=\"3 minutos\" \/>\n<script type=\"application\/ld+json\" class=\"yoast-schema-graph\">{\"@context\":\"https:\\\/\\\/schema.org\",\"@graph\":[{\"@type\":\"WebPage\",\"@id\":\"https:\\\/\\\/auren.com\\\/uy\\\/noticias\\\/221-afecta-el-tamano-de-una-empresa-el-trabajo-del-auditor\\\/\",\"url\":\"https:\\\/\\\/auren.com\\\/uy\\\/noticias\\\/221-afecta-el-tamano-de-una-empresa-el-trabajo-del-auditor\\\/\",\"name\":\"221- \u00bfAFECTA EL TAMA\u00d1O DE UNA EMPRESA EL TRABAJO DEL AUDITOR? - Auren Uruguay\",\"isPartOf\":{\"@id\":\"https:\\\/\\\/auren.com\\\/uy\\\/#website\"},\"primaryImageOfPage\":{\"@id\":\"https:\\\/\\\/auren.com\\\/uy\\\/noticias\\\/221-afecta-el-tamano-de-una-empresa-el-trabajo-del-auditor\\\/#primaryimage\"},\"image\":{\"@id\":\"https:\\\/\\\/auren.com\\\/uy\\\/noticias\\\/221-afecta-el-tamano-de-una-empresa-el-trabajo-del-auditor\\\/#primaryimage\"},\"thumbnailUrl\":\"https:\\\/\\\/auren.com\\\/uy\\\/wp-content\\\/uploads\\\/2015\\\/05\\\/shutterstock_207793054.jpg\",\"datePublished\":\"2015-05-08T09:34:37+00:00\",\"breadcrumb\":{\"@id\":\"https:\\\/\\\/auren.com\\\/uy\\\/noticias\\\/221-afecta-el-tamano-de-una-empresa-el-trabajo-del-auditor\\\/#breadcrumb\"},\"inLanguage\":\"es\",\"potentialAction\":[{\"@type\":\"ReadAction\",\"target\":[\"https:\\\/\\\/auren.com\\\/uy\\\/noticias\\\/221-afecta-el-tamano-de-una-empresa-el-trabajo-del-auditor\\\/\"]}]},{\"@type\":\"ImageObject\",\"inLanguage\":\"es\",\"@id\":\"https:\\\/\\\/auren.com\\\/uy\\\/noticias\\\/221-afecta-el-tamano-de-una-empresa-el-trabajo-del-auditor\\\/#primaryimage\",\"url\":\"https:\\\/\\\/auren.com\\\/uy\\\/wp-content\\\/uploads\\\/2015\\\/05\\\/shutterstock_207793054.jpg\",\"contentUrl\":\"https:\\\/\\\/auren.com\\\/uy\\\/wp-content\\\/uploads\\\/2015\\\/05\\\/shutterstock_207793054.jpg\",\"width\":2048,\"height\":1365},{\"@type\":\"BreadcrumbList\",\"@id\":\"https:\\\/\\\/auren.com\\\/uy\\\/noticias\\\/221-afecta-el-tamano-de-una-empresa-el-trabajo-del-auditor\\\/#breadcrumb\",\"itemListElement\":[{\"@type\":\"ListItem\",\"position\":1,\"name\":\"Portada\",\"item\":\"https:\\\/\\\/auren.com\\\/uy\\\/\"},{\"@type\":\"ListItem\",\"position\":2,\"name\":\"221- \u00bfAFECTA EL TAMA\u00d1O DE UNA EMPRESA EL TRABAJO DEL AUDITOR?\"}]},{\"@type\":\"WebSite\",\"@id\":\"https:\\\/\\\/auren.com\\\/uy\\\/#website\",\"url\":\"https:\\\/\\\/auren.com\\\/uy\\\/\",\"name\":\"Auren Uruguay\",\"description\":\"\",\"publisher\":{\"@id\":\"https:\\\/\\\/auren.com\\\/uy\\\/#organization\"},\"potentialAction\":[{\"@type\":\"SearchAction\",\"target\":{\"@type\":\"EntryPoint\",\"urlTemplate\":\"https:\\\/\\\/auren.com\\\/uy\\\/?s={search_term_string}\"},\"query-input\":{\"@type\":\"PropertyValueSpecification\",\"valueRequired\":true,\"valueName\":\"search_term_string\"}}],\"inLanguage\":\"es\"},{\"@type\":\"Organization\",\"@id\":\"https:\\\/\\\/auren.com\\\/uy\\\/#organization\",\"name\":\"Auren Uruguay\",\"url\":\"https:\\\/\\\/auren.com\\\/uy\\\/\",\"logo\":{\"@type\":\"ImageObject\",\"inLanguage\":\"es\",\"@id\":\"https:\\\/\\\/auren.com\\\/uy\\\/#\\\/schema\\\/logo\\\/image\\\/\",\"url\":\"https:\\\/\\\/auren.com\\\/uy\\\/wp-content\\\/uploads\\\/2025\\\/01\\\/cropped-cropped-favicon-Auren.png\",\"contentUrl\":\"https:\\\/\\\/auren.com\\\/uy\\\/wp-content\\\/uploads\\\/2025\\\/01\\\/cropped-cropped-favicon-Auren.png\",\"width\":512,\"height\":512,\"caption\":\"Auren Uruguay\"},\"image\":{\"@id\":\"https:\\\/\\\/auren.com\\\/uy\\\/#\\\/schema\\\/logo\\\/image\\\/\"},\"sameAs\":[\"https:\\\/\\\/www.facebook.com\\\/aurenuruguay\",\"https:\\\/\\\/x.com\\\/AurenUruguay\",\"https:\\\/\\\/www.linkedin.com\\\/company\\\/auren-uruguay\",\"https:\\\/\\\/www.youtube.com\\\/channel\\\/UClkpSYFfsAuqdTaVF5whedQ\",\"https:\\\/\\\/www.instagram.com\\\/aurenuruguay\\\/\"]}]}<\/script>\n<!-- \/ Yoast SEO plugin. -->","yoast_head_json":{"title":"221- \u00bfAFECTA EL TAMA\u00d1O DE UNA EMPRESA EL TRABAJO DEL AUDITOR? - Auren Uruguay","robots":{"index":"index","follow":"follow","max-snippet":"max-snippet:-1","max-image-preview":"max-image-preview:large","max-video-preview":"max-video-preview:-1"},"canonical":"https:\/\/auren.com\/uy\/noticias\/221-afecta-el-tamano-de-una-empresa-el-trabajo-del-auditor\/","og_locale":"es_ES","og_type":"article","og_title":"221- \u00bfAFECTA EL TAMA\u00d1O DE UNA EMPRESA EL TRABAJO DEL AUDITOR? - Auren Uruguay","og_description":"El tama\u00f1o de una empresa es un factor a tener en cuenta a la hora de planificar una auditor\u00eda y definir los programas de trabajo. No se puede realizar procedimientos [&hellip;]","og_url":"https:\/\/auren.com\/uy\/noticias\/221-afecta-el-tamano-de-una-empresa-el-trabajo-del-auditor\/","og_site_name":"Auren Uruguay","article_publisher":"https:\/\/www.facebook.com\/aurenuruguay","og_image":[{"width":2048,"height":1365,"url":"https:\/\/auren.com\/uy\/wp-content\/uploads\/2015\/05\/shutterstock_207793054.jpg","type":"image\/jpeg"}],"twitter_card":"summary_large_image","twitter_site":"@AurenUruguay","twitter_misc":{"Tiempo de lectura":"3 minutos"},"schema":{"@context":"https:\/\/schema.org","@graph":[{"@type":"WebPage","@id":"https:\/\/auren.com\/uy\/noticias\/221-afecta-el-tamano-de-una-empresa-el-trabajo-del-auditor\/","url":"https:\/\/auren.com\/uy\/noticias\/221-afecta-el-tamano-de-una-empresa-el-trabajo-del-auditor\/","name":"221- \u00bfAFECTA EL TAMA\u00d1O DE UNA EMPRESA EL TRABAJO DEL AUDITOR? - Auren Uruguay","isPartOf":{"@id":"https:\/\/auren.com\/uy\/#website"},"primaryImageOfPage":{"@id":"https:\/\/auren.com\/uy\/noticias\/221-afecta-el-tamano-de-una-empresa-el-trabajo-del-auditor\/#primaryimage"},"image":{"@id":"https:\/\/auren.com\/uy\/noticias\/221-afecta-el-tamano-de-una-empresa-el-trabajo-del-auditor\/#primaryimage"},"thumbnailUrl":"https:\/\/auren.com\/uy\/wp-content\/uploads\/2015\/05\/shutterstock_207793054.jpg","datePublished":"2015-05-08T09:34:37+00:00","breadcrumb":{"@id":"https:\/\/auren.com\/uy\/noticias\/221-afecta-el-tamano-de-una-empresa-el-trabajo-del-auditor\/#breadcrumb"},"inLanguage":"es","potentialAction":[{"@type":"ReadAction","target":["https:\/\/auren.com\/uy\/noticias\/221-afecta-el-tamano-de-una-empresa-el-trabajo-del-auditor\/"]}]},{"@type":"ImageObject","inLanguage":"es","@id":"https:\/\/auren.com\/uy\/noticias\/221-afecta-el-tamano-de-una-empresa-el-trabajo-del-auditor\/#primaryimage","url":"https:\/\/auren.com\/uy\/wp-content\/uploads\/2015\/05\/shutterstock_207793054.jpg","contentUrl":"https:\/\/auren.com\/uy\/wp-content\/uploads\/2015\/05\/shutterstock_207793054.jpg","width":2048,"height":1365},{"@type":"BreadcrumbList","@id":"https:\/\/auren.com\/uy\/noticias\/221-afecta-el-tamano-de-una-empresa-el-trabajo-del-auditor\/#breadcrumb","itemListElement":[{"@type":"ListItem","position":1,"name":"Portada","item":"https:\/\/auren.com\/uy\/"},{"@type":"ListItem","position":2,"name":"221- \u00bfAFECTA EL TAMA\u00d1O DE UNA EMPRESA EL TRABAJO DEL AUDITOR?"}]},{"@type":"WebSite","@id":"https:\/\/auren.com\/uy\/#website","url":"https:\/\/auren.com\/uy\/","name":"Auren Uruguay","description":"","publisher":{"@id":"https:\/\/auren.com\/uy\/#organization"},"potentialAction":[{"@type":"SearchAction","target":{"@type":"EntryPoint","urlTemplate":"https:\/\/auren.com\/uy\/?s={search_term_string}"},"query-input":{"@type":"PropertyValueSpecification","valueRequired":true,"valueName":"search_term_string"}}],"inLanguage":"es"},{"@type":"Organization","@id":"https:\/\/auren.com\/uy\/#organization","name":"Auren Uruguay","url":"https:\/\/auren.com\/uy\/","logo":{"@type":"ImageObject","inLanguage":"es","@id":"https:\/\/auren.com\/uy\/#\/schema\/logo\/image\/","url":"https:\/\/auren.com\/uy\/wp-content\/uploads\/2025\/01\/cropped-cropped-favicon-Auren.png","contentUrl":"https:\/\/auren.com\/uy\/wp-content\/uploads\/2025\/01\/cropped-cropped-favicon-Auren.png","width":512,"height":512,"caption":"Auren Uruguay"},"image":{"@id":"https:\/\/auren.com\/uy\/#\/schema\/logo\/image\/"},"sameAs":["https:\/\/www.facebook.com\/aurenuruguay","https:\/\/x.com\/AurenUruguay","https:\/\/www.linkedin.com\/company\/auren-uruguay","https:\/\/www.youtube.com\/channel\/UClkpSYFfsAuqdTaVF5whedQ","https:\/\/www.instagram.com\/aurenuruguay\/"]}]}},"_links":{"self":[{"href":"https:\/\/auren.com\/uy\/wp-json\/wp\/v2\/new\/11280","targetHints":{"allow":["GET"]}}],"collection":[{"href":"https:\/\/auren.com\/uy\/wp-json\/wp\/v2\/new"}],"about":[{"href":"https:\/\/auren.com\/uy\/wp-json\/wp\/v2\/types\/new"}],"version-history":[{"count":0,"href":"https:\/\/auren.com\/uy\/wp-json\/wp\/v2\/new\/11280\/revisions"}],"wp:featuredmedia":[{"embeddable":true,"href":"https:\/\/auren.com\/uy\/wp-json\/wp\/v2\/media\/11281"}],"wp:attachment":[{"href":"https:\/\/auren.com\/uy\/wp-json\/wp\/v2\/media?parent=11280"}],"wp:term":[{"taxonomy":"new-category","embeddable":true,"href":"https:\/\/auren.com\/uy\/wp-json\/wp\/v2\/new-category?post=11280"}],"curies":[{"name":"wp","href":"https:\/\/api.w.org\/{rel}","templated":true}]}}