{"id":11298,"date":"2015-03-20T12:40:22","date_gmt":"2015-03-20T11:40:22","guid":{"rendered":"https:\/\/auren.com\/uy\/new\/216-proyecto-de-ley-parte-ii-impuesto-de-ensenanza-primaria-a-los-inmuebles-rurales\/"},"modified":"2015-03-20T12:40:22","modified_gmt":"2015-03-20T11:40:22","slug":"216-proyecto-de-ley-parte-ii-impuesto-de-ensenanza-primaria-a-los-inmuebles-rurales","status":"publish","type":"new","link":"https:\/\/auren.com\/uy\/noticias\/216-proyecto-de-ley-parte-ii-impuesto-de-ensenanza-primaria-a-los-inmuebles-rurales\/","title":{"rendered":"216- PROYECTO DE LEY PARTE II \u2013  IMPUESTO DE  ENSE\u00d1ANZA PRIMARIA A LOS INMUEBLES RURALES"},"content":{"rendered":"<p class=\"has-text-align-justify\">En esta oportunidad seguiremos comentando las modificaciones propuestas por el Poder Ejecutivo (PE) en su proyecto de ley (PL) del 5 de marzo de 2015. En la columna anterior analizamos los cambios propuestos en el Impuesto a la Renta de las Personas F\u00edsicas (IRPF) y a continuaci\u00f3n analizaremos las modificaciones planteadas al Impuesto de Ense\u00f1anza Primaria.<\/p>\n<p class=\"has-text-align-justify has-vivid-red-color has-text-color\" style=\"font-size:25px\"><strong>ANTECEDENTES<\/strong><\/p>\n<p class=\"has-text-align-justify\">Mediante el <strong>Art. 636<\/strong> de la <strong>Ley 15.809<\/strong> de 1986 se volvi\u00f3 a implantar el Impuesto de Ense\u00f1anza Primaria el cual hab\u00eda sido derogado por la <strong>ley 14.948 <\/strong>de 1979.<\/p>\n<p class=\"has-text-align-justify\">Originariamente el impuesto gravaba a las propiedades inmuebles urbanas, suburbanas y rurales.\u00a0 Con la entrada en vigencia del <strong>art. 687 de la<\/strong> <strong>Ley 16.736<\/strong> \u00a0se excluy\u00f3 del impuesto a los inmuebles rurales. Adicionalmente se estableci\u00f3 que el PE deber\u00e1 transferir de la recaudaci\u00f3n del IMEBA e IRA al Consejo de Educaci\u00f3n Primaria un importe igual a valores constantes a lo recaudado en 1994 por los inmuebles rurales.<\/p>\n<p class=\"has-text-align-justify\">Actualmente los contribuyentes del Impuesto de Ense\u00f1anza Primaria son: los propietarios, promitentes compradores, poseedores y usufructuarios\u00a0 de inmuebles urbanos y suburbanos, siempre que el valor real (fijado anualmente por la Direcci\u00f3n Nacional de Catastro) supere el m\u00ednimo no imponible (para el a\u00f1o 2015: $130.154).<\/p>\n<p class=\"has-text-align-justify\">El impuesto correspondiente a la propiedad de inmuebles urbanos y suburbanos ser\u00e1 determinado mediante la aplicaci\u00f3n de al\u00edcuotas, al valor real del inmueble, seg\u00fan el \u00a0siguiente detalle:<\/p>\n<div class=\"wp-block-image\">\n<figure class=\"aligncenter size-large\"><img decoding=\"async\" width=\"1024\" height=\"521\" data-src=\"https:\/\/auren.com\/uy\/wp-content\/uploads\/migration\/2021\/01\/grafica-1024x521.png\" alt=\"\" class=\"wp-image-10440 lazyload\" data-srcset=\"https:\/\/auren.com\/uy\/wp-content\/uploads\/migration\/2021\/01\/grafica-1024x521.png 1024w, https:\/\/auren.com\/uy\/wp-content\/uploads\/migration\/2021\/01\/grafica-300x153.png 300w, https:\/\/auren.com\/uy\/wp-content\/uploads\/migration\/2021\/01\/grafica-768x391.png 768w, https:\/\/auren.com\/uy\/wp-content\/uploads\/migration\/2021\/01\/grafica-1536x782.png 1536w, https:\/\/auren.com\/uy\/wp-content\/uploads\/migration\/2021\/01\/grafica-2048x1043.png 2048w\" data-sizes=\"auto, (max-width: 1024px) 100vw, 1024px\" src=\"data:image\/svg+xml;base64,PHN2ZyB3aWR0aD0iMSIgaGVpZ2h0PSIxIiB4bWxucz0iaHR0cDovL3d3dy53My5vcmcvMjAwMC9zdmciPjwvc3ZnPg==\" style=\"--smush-placeholder-width: 1024px; --smush-placeholder-aspect-ratio: 1024\/521;\" \/><\/figure>\n<\/div>\n<p class=\"has-text-align-justify has-vivid-red-color has-text-color\" style=\"font-size:25px\"><strong>CAMBIOS PROPUESTOS<\/strong><\/p>\n<p class=\"has-text-align-justify\">En el PL se ampl\u00eda el alcance del impuesto gravando nuevamente a los inmuebles rurales, siempre y cuando los valores reales fijados por la Direcci\u00f3n Nacional de Catastro a 2014 sean inferiores a <strong>$ 650.775<\/strong>, importe cinco veces mayor al m\u00ednimo no imponible para inmuebles urbanos y suburbanos.<\/p>\n<p class=\"has-text-align-justify\">Asimismo se deja sin efecto la transferencia de recurso al Consejo de Educaci\u00f3n Primaria establecida por el <strong>art. 687 de la Ley 16.736.<\/strong><\/p>\n<p class=\"has-text-align-justify\">El PE justifica los cambios propuestos por aplicaci\u00f3n del principio de igualdad ante las cargas p\u00fablicas, por lo cual el impuesto que ven\u00edan pagando los propietarios de inmuebles urbanos y suburbanos, sea tambi\u00e9n asumido por los propietarios de inmuebles rurales, tal como fuera dise\u00f1ado el impuesto en\u00a0 su origen.<\/p>\n<p class=\"has-text-align-justify\">Sin embargo, luego de emitido el PL se le realizaron algunas observaciones por parte de los actores del sector agropecuario. En especial se marc\u00f3 que habr\u00eda productores rurales propietarios de pocas hect\u00e1reas que pagar\u00edan el impuesto.<\/p>\n<p class=\"has-text-align-justify\">Dado lo anterior, el PE el pasado 16 de marzo remiti\u00f3 un nuevo proyecto de ley, en el cual establece una exoneraci\u00f3n con la misma estructura que para la Contribuci\u00f3n Inmobiliaria Rural. En este caso quedar\u00e1n exonerados del Impuesto de Ense\u00f1anza Primaria los productores que exploten a cualquier t\u00edtulo padrones rurales que en su conjunto no excedan 300 Has. Incide CONEAT 100.<\/p>\n<p class=\"has-text-align-justify has-vivid-red-color has-text-color\" style=\"font-size:25px\"><strong>SUMA<\/strong><\/p>\n<p class=\"has-text-align-justify\">Podemos afirmar que el Impuesto de Ense\u00f1anza Primaria contempla caracter\u00edsticas <strong>reales<\/strong>, dado que toma el valor de los inmuebles individualmente considerados. En cambio con la exoneraci\u00f3n propuesta por el PE se le estar\u00eda agregando una caracter\u00edstica <strong>personal <\/strong>al tener queconsiderar las hect\u00e1reas explotadas por cada productor.<\/p>\n<p><!-- AddThis Advanced Settings generic via filter on the_content --><!-- AddThis Share Buttons generic via filter on the_content --><\/p>\n","protected":false},"excerpt":{"rendered":"<p>En esta oportunidad seguiremos comentando las modificaciones propuestas por el Poder Ejecutivo (PE) en su proyecto de ley (PL) del 5 de marzo de 2015. En la columna anterior analizamos [&hellip;]<\/p>\n","protected":false},"featured_media":11301,"template":"","meta":{"_acf_changed":false,"footnotes":""},"new-category":[],"class_list":["post-11298","new","type-new","status-publish","has-post-thumbnail","hentry"],"acf":[],"yoast_head":"<!-- This site is optimized with the Yoast SEO plugin v27.5 - https:\/\/yoast.com\/product\/yoast-seo-wordpress\/ -->\n<title>216- PROYECTO DE LEY PARTE II \u2013 IMPUESTO DE ENSE\u00d1ANZA PRIMARIA A LOS INMUEBLES RURALES - Auren Uruguay<\/title>\n<meta name=\"robots\" content=\"index, follow, max-snippet:-1, max-image-preview:large, max-video-preview:-1\" \/>\n<link rel=\"canonical\" href=\"https:\/\/auren.com\/uy\/noticias\/216-proyecto-de-ley-parte-ii-impuesto-de-ensenanza-primaria-a-los-inmuebles-rurales\/\" \/>\n<meta property=\"og:locale\" content=\"es_ES\" \/>\n<meta property=\"og:type\" content=\"article\" \/>\n<meta property=\"og:title\" content=\"216- PROYECTO DE LEY PARTE II \u2013 IMPUESTO DE ENSE\u00d1ANZA PRIMARIA A LOS INMUEBLES RURALES - Auren Uruguay\" \/>\n<meta property=\"og:description\" content=\"En esta oportunidad seguiremos comentando las modificaciones propuestas por el Poder Ejecutivo (PE) en su proyecto de ley (PL) del 5 de marzo de 2015. En la columna anterior analizamos [&hellip;]\" \/>\n<meta property=\"og:url\" content=\"https:\/\/auren.com\/uy\/noticias\/216-proyecto-de-ley-parte-ii-impuesto-de-ensenanza-primaria-a-los-inmuebles-rurales\/\" \/>\n<meta property=\"og:site_name\" content=\"Auren Uruguay\" \/>\n<meta property=\"article:publisher\" content=\"https:\/\/www.facebook.com\/aurenuruguay\" \/>\n<meta property=\"og:image\" content=\"https:\/\/auren.com\/uy\/wp-content\/uploads\/2015\/03\/HANDS-11.jpg\" \/>\n\t<meta property=\"og:image:width\" content=\"2048\" \/>\n\t<meta property=\"og:image:height\" content=\"1365\" \/>\n\t<meta property=\"og:image:type\" content=\"image\/jpeg\" \/>\n<meta name=\"twitter:card\" content=\"summary_large_image\" \/>\n<meta name=\"twitter:site\" content=\"@AurenUruguay\" \/>\n<meta name=\"twitter:label1\" content=\"Tiempo de lectura\" \/>\n\t<meta name=\"twitter:data1\" content=\"3 minutos\" \/>\n<script type=\"application\/ld+json\" class=\"yoast-schema-graph\">{\"@context\":\"https:\\\/\\\/schema.org\",\"@graph\":[{\"@type\":\"WebPage\",\"@id\":\"https:\\\/\\\/auren.com\\\/uy\\\/noticias\\\/216-proyecto-de-ley-parte-ii-impuesto-de-ensenanza-primaria-a-los-inmuebles-rurales\\\/\",\"url\":\"https:\\\/\\\/auren.com\\\/uy\\\/noticias\\\/216-proyecto-de-ley-parte-ii-impuesto-de-ensenanza-primaria-a-los-inmuebles-rurales\\\/\",\"name\":\"216- PROYECTO DE LEY PARTE II \u2013 IMPUESTO DE ENSE\u00d1ANZA PRIMARIA A LOS INMUEBLES RURALES - Auren Uruguay\",\"isPartOf\":{\"@id\":\"https:\\\/\\\/auren.com\\\/uy\\\/#website\"},\"primaryImageOfPage\":{\"@id\":\"https:\\\/\\\/auren.com\\\/uy\\\/noticias\\\/216-proyecto-de-ley-parte-ii-impuesto-de-ensenanza-primaria-a-los-inmuebles-rurales\\\/#primaryimage\"},\"image\":{\"@id\":\"https:\\\/\\\/auren.com\\\/uy\\\/noticias\\\/216-proyecto-de-ley-parte-ii-impuesto-de-ensenanza-primaria-a-los-inmuebles-rurales\\\/#primaryimage\"},\"thumbnailUrl\":\"https:\\\/\\\/auren.com\\\/uy\\\/wp-content\\\/uploads\\\/2015\\\/03\\\/HANDS-11.jpg\",\"datePublished\":\"2015-03-20T11:40:22+00:00\",\"breadcrumb\":{\"@id\":\"https:\\\/\\\/auren.com\\\/uy\\\/noticias\\\/216-proyecto-de-ley-parte-ii-impuesto-de-ensenanza-primaria-a-los-inmuebles-rurales\\\/#breadcrumb\"},\"inLanguage\":\"es\",\"potentialAction\":[{\"@type\":\"ReadAction\",\"target\":[\"https:\\\/\\\/auren.com\\\/uy\\\/noticias\\\/216-proyecto-de-ley-parte-ii-impuesto-de-ensenanza-primaria-a-los-inmuebles-rurales\\\/\"]}]},{\"@type\":\"ImageObject\",\"inLanguage\":\"es\",\"@id\":\"https:\\\/\\\/auren.com\\\/uy\\\/noticias\\\/216-proyecto-de-ley-parte-ii-impuesto-de-ensenanza-primaria-a-los-inmuebles-rurales\\\/#primaryimage\",\"url\":\"https:\\\/\\\/auren.com\\\/uy\\\/wp-content\\\/uploads\\\/2015\\\/03\\\/HANDS-11.jpg\",\"contentUrl\":\"https:\\\/\\\/auren.com\\\/uy\\\/wp-content\\\/uploads\\\/2015\\\/03\\\/HANDS-11.jpg\",\"width\":2048,\"height\":1365},{\"@type\":\"BreadcrumbList\",\"@id\":\"https:\\\/\\\/auren.com\\\/uy\\\/noticias\\\/216-proyecto-de-ley-parte-ii-impuesto-de-ensenanza-primaria-a-los-inmuebles-rurales\\\/#breadcrumb\",\"itemListElement\":[{\"@type\":\"ListItem\",\"position\":1,\"name\":\"Portada\",\"item\":\"https:\\\/\\\/auren.com\\\/uy\\\/\"},{\"@type\":\"ListItem\",\"position\":2,\"name\":\"216- PROYECTO DE LEY PARTE II \u2013 IMPUESTO DE ENSE\u00d1ANZA PRIMARIA A LOS INMUEBLES RURALES\"}]},{\"@type\":\"WebSite\",\"@id\":\"https:\\\/\\\/auren.com\\\/uy\\\/#website\",\"url\":\"https:\\\/\\\/auren.com\\\/uy\\\/\",\"name\":\"Auren Uruguay\",\"description\":\"\",\"publisher\":{\"@id\":\"https:\\\/\\\/auren.com\\\/uy\\\/#organization\"},\"potentialAction\":[{\"@type\":\"SearchAction\",\"target\":{\"@type\":\"EntryPoint\",\"urlTemplate\":\"https:\\\/\\\/auren.com\\\/uy\\\/?s={search_term_string}\"},\"query-input\":{\"@type\":\"PropertyValueSpecification\",\"valueRequired\":true,\"valueName\":\"search_term_string\"}}],\"inLanguage\":\"es\"},{\"@type\":\"Organization\",\"@id\":\"https:\\\/\\\/auren.com\\\/uy\\\/#organization\",\"name\":\"Auren Uruguay\",\"url\":\"https:\\\/\\\/auren.com\\\/uy\\\/\",\"logo\":{\"@type\":\"ImageObject\",\"inLanguage\":\"es\",\"@id\":\"https:\\\/\\\/auren.com\\\/uy\\\/#\\\/schema\\\/logo\\\/image\\\/\",\"url\":\"https:\\\/\\\/auren.com\\\/uy\\\/wp-content\\\/uploads\\\/2025\\\/01\\\/cropped-cropped-favicon-Auren.png\",\"contentUrl\":\"https:\\\/\\\/auren.com\\\/uy\\\/wp-content\\\/uploads\\\/2025\\\/01\\\/cropped-cropped-favicon-Auren.png\",\"width\":512,\"height\":512,\"caption\":\"Auren Uruguay\"},\"image\":{\"@id\":\"https:\\\/\\\/auren.com\\\/uy\\\/#\\\/schema\\\/logo\\\/image\\\/\"},\"sameAs\":[\"https:\\\/\\\/www.facebook.com\\\/aurenuruguay\",\"https:\\\/\\\/x.com\\\/AurenUruguay\",\"https:\\\/\\\/www.linkedin.com\\\/company\\\/auren-uruguay\",\"https:\\\/\\\/www.youtube.com\\\/channel\\\/UClkpSYFfsAuqdTaVF5whedQ\",\"https:\\\/\\\/www.instagram.com\\\/aurenuruguay\\\/\"]}]}<\/script>\n<!-- \/ Yoast SEO plugin. -->","yoast_head_json":{"title":"216- PROYECTO DE LEY PARTE II \u2013 IMPUESTO DE ENSE\u00d1ANZA PRIMARIA A LOS INMUEBLES RURALES - Auren Uruguay","robots":{"index":"index","follow":"follow","max-snippet":"max-snippet:-1","max-image-preview":"max-image-preview:large","max-video-preview":"max-video-preview:-1"},"canonical":"https:\/\/auren.com\/uy\/noticias\/216-proyecto-de-ley-parte-ii-impuesto-de-ensenanza-primaria-a-los-inmuebles-rurales\/","og_locale":"es_ES","og_type":"article","og_title":"216- PROYECTO DE LEY PARTE II \u2013 IMPUESTO DE ENSE\u00d1ANZA PRIMARIA A LOS INMUEBLES RURALES - Auren Uruguay","og_description":"En esta oportunidad seguiremos comentando las modificaciones propuestas por el Poder Ejecutivo (PE) en su proyecto de ley (PL) del 5 de marzo de 2015. En la columna anterior analizamos [&hellip;]","og_url":"https:\/\/auren.com\/uy\/noticias\/216-proyecto-de-ley-parte-ii-impuesto-de-ensenanza-primaria-a-los-inmuebles-rurales\/","og_site_name":"Auren Uruguay","article_publisher":"https:\/\/www.facebook.com\/aurenuruguay","og_image":[{"width":2048,"height":1365,"url":"https:\/\/auren.com\/uy\/wp-content\/uploads\/2015\/03\/HANDS-11.jpg","type":"image\/jpeg"}],"twitter_card":"summary_large_image","twitter_site":"@AurenUruguay","twitter_misc":{"Tiempo de lectura":"3 minutos"},"schema":{"@context":"https:\/\/schema.org","@graph":[{"@type":"WebPage","@id":"https:\/\/auren.com\/uy\/noticias\/216-proyecto-de-ley-parte-ii-impuesto-de-ensenanza-primaria-a-los-inmuebles-rurales\/","url":"https:\/\/auren.com\/uy\/noticias\/216-proyecto-de-ley-parte-ii-impuesto-de-ensenanza-primaria-a-los-inmuebles-rurales\/","name":"216- PROYECTO DE LEY PARTE II \u2013 IMPUESTO DE ENSE\u00d1ANZA PRIMARIA A LOS INMUEBLES RURALES - Auren Uruguay","isPartOf":{"@id":"https:\/\/auren.com\/uy\/#website"},"primaryImageOfPage":{"@id":"https:\/\/auren.com\/uy\/noticias\/216-proyecto-de-ley-parte-ii-impuesto-de-ensenanza-primaria-a-los-inmuebles-rurales\/#primaryimage"},"image":{"@id":"https:\/\/auren.com\/uy\/noticias\/216-proyecto-de-ley-parte-ii-impuesto-de-ensenanza-primaria-a-los-inmuebles-rurales\/#primaryimage"},"thumbnailUrl":"https:\/\/auren.com\/uy\/wp-content\/uploads\/2015\/03\/HANDS-11.jpg","datePublished":"2015-03-20T11:40:22+00:00","breadcrumb":{"@id":"https:\/\/auren.com\/uy\/noticias\/216-proyecto-de-ley-parte-ii-impuesto-de-ensenanza-primaria-a-los-inmuebles-rurales\/#breadcrumb"},"inLanguage":"es","potentialAction":[{"@type":"ReadAction","target":["https:\/\/auren.com\/uy\/noticias\/216-proyecto-de-ley-parte-ii-impuesto-de-ensenanza-primaria-a-los-inmuebles-rurales\/"]}]},{"@type":"ImageObject","inLanguage":"es","@id":"https:\/\/auren.com\/uy\/noticias\/216-proyecto-de-ley-parte-ii-impuesto-de-ensenanza-primaria-a-los-inmuebles-rurales\/#primaryimage","url":"https:\/\/auren.com\/uy\/wp-content\/uploads\/2015\/03\/HANDS-11.jpg","contentUrl":"https:\/\/auren.com\/uy\/wp-content\/uploads\/2015\/03\/HANDS-11.jpg","width":2048,"height":1365},{"@type":"BreadcrumbList","@id":"https:\/\/auren.com\/uy\/noticias\/216-proyecto-de-ley-parte-ii-impuesto-de-ensenanza-primaria-a-los-inmuebles-rurales\/#breadcrumb","itemListElement":[{"@type":"ListItem","position":1,"name":"Portada","item":"https:\/\/auren.com\/uy\/"},{"@type":"ListItem","position":2,"name":"216- PROYECTO DE LEY PARTE II \u2013 IMPUESTO DE ENSE\u00d1ANZA PRIMARIA A LOS INMUEBLES RURALES"}]},{"@type":"WebSite","@id":"https:\/\/auren.com\/uy\/#website","url":"https:\/\/auren.com\/uy\/","name":"Auren Uruguay","description":"","publisher":{"@id":"https:\/\/auren.com\/uy\/#organization"},"potentialAction":[{"@type":"SearchAction","target":{"@type":"EntryPoint","urlTemplate":"https:\/\/auren.com\/uy\/?s={search_term_string}"},"query-input":{"@type":"PropertyValueSpecification","valueRequired":true,"valueName":"search_term_string"}}],"inLanguage":"es"},{"@type":"Organization","@id":"https:\/\/auren.com\/uy\/#organization","name":"Auren Uruguay","url":"https:\/\/auren.com\/uy\/","logo":{"@type":"ImageObject","inLanguage":"es","@id":"https:\/\/auren.com\/uy\/#\/schema\/logo\/image\/","url":"https:\/\/auren.com\/uy\/wp-content\/uploads\/2025\/01\/cropped-cropped-favicon-Auren.png","contentUrl":"https:\/\/auren.com\/uy\/wp-content\/uploads\/2025\/01\/cropped-cropped-favicon-Auren.png","width":512,"height":512,"caption":"Auren Uruguay"},"image":{"@id":"https:\/\/auren.com\/uy\/#\/schema\/logo\/image\/"},"sameAs":["https:\/\/www.facebook.com\/aurenuruguay","https:\/\/x.com\/AurenUruguay","https:\/\/www.linkedin.com\/company\/auren-uruguay","https:\/\/www.youtube.com\/channel\/UClkpSYFfsAuqdTaVF5whedQ","https:\/\/www.instagram.com\/aurenuruguay\/"]}]}},"_links":{"self":[{"href":"https:\/\/auren.com\/uy\/wp-json\/wp\/v2\/new\/11298","targetHints":{"allow":["GET"]}}],"collection":[{"href":"https:\/\/auren.com\/uy\/wp-json\/wp\/v2\/new"}],"about":[{"href":"https:\/\/auren.com\/uy\/wp-json\/wp\/v2\/types\/new"}],"version-history":[{"count":0,"href":"https:\/\/auren.com\/uy\/wp-json\/wp\/v2\/new\/11298\/revisions"}],"wp:featuredmedia":[{"embeddable":true,"href":"https:\/\/auren.com\/uy\/wp-json\/wp\/v2\/media\/11301"}],"wp:attachment":[{"href":"https:\/\/auren.com\/uy\/wp-json\/wp\/v2\/media?parent=11298"}],"wp:term":[{"taxonomy":"new-category","embeddable":true,"href":"https:\/\/auren.com\/uy\/wp-json\/wp\/v2\/new-category?post=11298"}],"curies":[{"name":"wp","href":"https:\/\/api.w.org\/{rel}","templated":true}]}}