{"id":11303,"date":"2015-03-13T14:08:42","date_gmt":"2015-03-13T13:08:42","guid":{"rendered":"https:\/\/auren.com\/uy\/new\/215-proyecto-de-ley-modificaciones-al-irpf\/"},"modified":"2015-03-13T14:08:42","modified_gmt":"2015-03-13T13:08:42","slug":"215-proyecto-de-ley-modificaciones-al-irpf","status":"publish","type":"new","link":"https:\/\/auren.com\/uy\/noticias\/215-proyecto-de-ley-modificaciones-al-irpf\/","title":{"rendered":"215- PROYECTO DE LEY \u2013  MODIFICACIONES AL IRPF"},"content":{"rendered":"<p class=\"has-text-align-justify\">Tal como fuera anunciado por el gobierno, una vez m\u00e1s nos encontramos con un cambio a nuestro sistema tributario, en esta oportunidad, el pasado 5 de marzo se present\u00f3 un Proyecto de Ley, el cual establece ciertos cambios en la liquidaci\u00f3n del Impuesto a las Rentas de las Personas F\u00edsicas (IRPF) e Impuesto de Primaria. En esta oportunidad comentaremos el primero de los cambios.<\/p>\n<p class=\"has-text-align-justify\">Desde su entrada en vigencia, el IRPF ha sufrido varios ajustes siendo favorables o no para el contribuyente, tales como: c\u00f3mputo de cuotas hipotecarias como una deducci\u00f3n, aumento de tasas, cr\u00e9dito por arrendamientos de inmuebles, extensi\u00f3n de la fuente en rendimientos de capital mobiliario provenientes de entidades no residentes, entre otros.<\/p>\n<p class=\"has-text-align-justify\">Las modificaciones realizadas tuvieron como objetivo, entre otros, mejorar la equidad horizontal y vertical. La equidad horizontal busca que personas de igual capacidad contributiva paguen lo mismo. Por otro lado, la equidad vertical busca que personas con distinta capacidad contributiva deben ser gravados en forma diferente.<\/p>\n<p class=\"has-text-align-justify\">En particular, el aguinaldo ha sido una partida que ha tenido variaciones en la mec\u00e1nica de liquidaci\u00f3n para los anticipos de IRPF. La explicaci\u00f3n de dichas modificaciones es disminuir el impacto financiero en el anticipo de IRPF en el mes del cobro del aguinaldo. En esta oportunidad, se busca disminuir la incidencia que tiene el <strong>salario vacacional<\/strong> y el <strong>aguinaldo<\/strong> al momento del c\u00e1lculo del IRPF anual, lo que implica un beneficio econ\u00f3mico y no solamente financiero.<\/p>\n<p class=\"has-text-align-justify\">Actualmente el <strong>art\u00edculo 36 y 37 del T\u00edtulo 7<\/strong> establecen que el impuesto correspondiente a las rentas de trabajo de las <strong>personas f\u00edsicas <\/strong>\u00a0ser\u00e1n determinado mediante la aplicaci\u00f3n de tasas progresionales vinculadas a una escala de rentas, donde los porcentajes oscilan\u00a0 desde un 10% hasta un 30% (por el monto excedente al m\u00ednimo no imponible anual).<\/p>\n<p class=\"has-text-align-justify\">Con el Proyecto de Ley, el aguinaldo y el salario vacacional estar\u00e1n gravados por una \u00a0tasa proporcional, la cual ser\u00e1 la que corresponda al tramo superior de la escala aplicable al contribuyente por las rentas gravadas sin considerar las partidas por aguinaldo y salario vacacional.<\/p>\n<p class=\"has-text-align-justify\">Lo anterior implica que en algunos casos se ve reducida la progresividad en el c\u00e1lculo del impuesto. Esto por cuanto a que el ingreso por aguinaldo y por salario vacacional en algunos casos no implicar\u00e1 un pasaje de escala. El PE estima que 1\/3 de los contribuyentes del IRPF sufren un impacto econ\u00f3mico al momento del pago de sus impuestos.<\/p>\n<p class=\"has-text-align-justify\">El Proyecto de Ley no establece nada en cuanto a los anticipos, pero es de esperar que la reglamentaci\u00f3n realice las correspondientes modificaciones en el anticipo de IRPF tomando los mismos criterios que para el c\u00e1lculo de la liquidaci\u00f3n anual.<\/p>\n<p class=\"has-text-align-justify has-vivid-red-color has-text-color\" style=\"font-size:25px\"><strong>REFLEXIONES<\/strong><\/p>\n<p class=\"has-text-align-justify\">Las modificaciones realizadas hasta el momento al impuesto las podr\u00edamos catalogar de ortodoxas. En efecto, las mismas implicaron: cambios en las escalas, en el m\u00ednimo no imponible, en las deducciones admitidas, en las rentas alcanzadas por el impuesto, las cuales no modificaron la estructura del impuesto.<\/p>\n<p class=\"has-text-align-justify\">Sin embargo, la presente propuesta de cambio implica una variaci\u00f3n en la estructura del impuesto que la podr\u00edamos catalogar de heterodoxa. En efecto, se est\u00e1 realizando un cambio en el tratamiento de ciertas partidas, que afectan a la progresividad del impuesto, y que solamente tendr\u00e1 efecto real en los contribuyentes cuyos ingresos se encuentren pr\u00f3ximos al cambio de escala.<\/p>\n<p><!-- AddThis Advanced Settings generic via filter on the_content --><!-- AddThis Share Buttons generic via filter on the_content --><\/p>\n","protected":false},"excerpt":{"rendered":"<p>Tal como fuera anunciado por el gobierno, una vez m\u00e1s nos encontramos con un cambio a nuestro sistema tributario, en esta oportunidad, el pasado 5 de marzo se present\u00f3 un [&hellip;]<\/p>\n","protected":false},"featured_media":11304,"template":"","meta":{"_acf_changed":false,"footnotes":""},"new-category":[],"class_list":["post-11303","new","type-new","status-publish","has-post-thumbnail","hentry"],"acf":[],"yoast_head":"<!-- This site is optimized with the Yoast SEO plugin v27.5 - https:\/\/yoast.com\/product\/yoast-seo-wordpress\/ -->\n<title>215- PROYECTO DE LEY \u2013 MODIFICACIONES AL IRPF - Auren Uruguay<\/title>\n<meta name=\"robots\" content=\"index, follow, max-snippet:-1, max-image-preview:large, max-video-preview:-1\" \/>\n<link rel=\"canonical\" href=\"https:\/\/auren.com\/uy\/noticias\/215-proyecto-de-ley-modificaciones-al-irpf\/\" \/>\n<meta property=\"og:locale\" content=\"es_ES\" \/>\n<meta property=\"og:type\" content=\"article\" \/>\n<meta property=\"og:title\" content=\"215- PROYECTO DE LEY \u2013 MODIFICACIONES AL IRPF - Auren Uruguay\" \/>\n<meta property=\"og:description\" content=\"Tal como fuera anunciado por el gobierno, una vez m\u00e1s nos encontramos con un cambio a nuestro sistema tributario, en esta oportunidad, el pasado 5 de marzo se present\u00f3 un [&hellip;]\" \/>\n<meta property=\"og:url\" content=\"https:\/\/auren.com\/uy\/noticias\/215-proyecto-de-ley-modificaciones-al-irpf\/\" \/>\n<meta property=\"og:site_name\" content=\"Auren Uruguay\" \/>\n<meta property=\"article:publisher\" content=\"https:\/\/www.facebook.com\/aurenuruguay\" \/>\n<meta property=\"og:image\" content=\"https:\/\/auren.com\/uy\/wp-content\/uploads\/2015\/03\/shutterstock_330863699.jpg\" \/>\n\t<meta property=\"og:image:width\" content=\"2048\" \/>\n\t<meta property=\"og:image:height\" content=\"1367\" \/>\n\t<meta property=\"og:image:type\" content=\"image\/jpeg\" \/>\n<meta name=\"twitter:card\" content=\"summary_large_image\" \/>\n<meta name=\"twitter:site\" content=\"@AurenUruguay\" \/>\n<meta name=\"twitter:label1\" content=\"Tiempo de lectura\" \/>\n\t<meta name=\"twitter:data1\" content=\"3 minutos\" \/>\n<script type=\"application\/ld+json\" class=\"yoast-schema-graph\">{\"@context\":\"https:\\\/\\\/schema.org\",\"@graph\":[{\"@type\":\"WebPage\",\"@id\":\"https:\\\/\\\/auren.com\\\/uy\\\/noticias\\\/215-proyecto-de-ley-modificaciones-al-irpf\\\/\",\"url\":\"https:\\\/\\\/auren.com\\\/uy\\\/noticias\\\/215-proyecto-de-ley-modificaciones-al-irpf\\\/\",\"name\":\"215- PROYECTO DE LEY \u2013 MODIFICACIONES AL IRPF - Auren Uruguay\",\"isPartOf\":{\"@id\":\"https:\\\/\\\/auren.com\\\/uy\\\/#website\"},\"primaryImageOfPage\":{\"@id\":\"https:\\\/\\\/auren.com\\\/uy\\\/noticias\\\/215-proyecto-de-ley-modificaciones-al-irpf\\\/#primaryimage\"},\"image\":{\"@id\":\"https:\\\/\\\/auren.com\\\/uy\\\/noticias\\\/215-proyecto-de-ley-modificaciones-al-irpf\\\/#primaryimage\"},\"thumbnailUrl\":\"https:\\\/\\\/auren.com\\\/uy\\\/wp-content\\\/uploads\\\/2015\\\/03\\\/shutterstock_330863699.jpg\",\"datePublished\":\"2015-03-13T13:08:42+00:00\",\"breadcrumb\":{\"@id\":\"https:\\\/\\\/auren.com\\\/uy\\\/noticias\\\/215-proyecto-de-ley-modificaciones-al-irpf\\\/#breadcrumb\"},\"inLanguage\":\"es\",\"potentialAction\":[{\"@type\":\"ReadAction\",\"target\":[\"https:\\\/\\\/auren.com\\\/uy\\\/noticias\\\/215-proyecto-de-ley-modificaciones-al-irpf\\\/\"]}]},{\"@type\":\"ImageObject\",\"inLanguage\":\"es\",\"@id\":\"https:\\\/\\\/auren.com\\\/uy\\\/noticias\\\/215-proyecto-de-ley-modificaciones-al-irpf\\\/#primaryimage\",\"url\":\"https:\\\/\\\/auren.com\\\/uy\\\/wp-content\\\/uploads\\\/2015\\\/03\\\/shutterstock_330863699.jpg\",\"contentUrl\":\"https:\\\/\\\/auren.com\\\/uy\\\/wp-content\\\/uploads\\\/2015\\\/03\\\/shutterstock_330863699.jpg\",\"width\":2048,\"height\":1367},{\"@type\":\"BreadcrumbList\",\"@id\":\"https:\\\/\\\/auren.com\\\/uy\\\/noticias\\\/215-proyecto-de-ley-modificaciones-al-irpf\\\/#breadcrumb\",\"itemListElement\":[{\"@type\":\"ListItem\",\"position\":1,\"name\":\"Portada\",\"item\":\"https:\\\/\\\/auren.com\\\/uy\\\/\"},{\"@type\":\"ListItem\",\"position\":2,\"name\":\"215- PROYECTO DE LEY \u2013 MODIFICACIONES AL IRPF\"}]},{\"@type\":\"WebSite\",\"@id\":\"https:\\\/\\\/auren.com\\\/uy\\\/#website\",\"url\":\"https:\\\/\\\/auren.com\\\/uy\\\/\",\"name\":\"Auren Uruguay\",\"description\":\"\",\"publisher\":{\"@id\":\"https:\\\/\\\/auren.com\\\/uy\\\/#organization\"},\"potentialAction\":[{\"@type\":\"SearchAction\",\"target\":{\"@type\":\"EntryPoint\",\"urlTemplate\":\"https:\\\/\\\/auren.com\\\/uy\\\/?s={search_term_string}\"},\"query-input\":{\"@type\":\"PropertyValueSpecification\",\"valueRequired\":true,\"valueName\":\"search_term_string\"}}],\"inLanguage\":\"es\"},{\"@type\":\"Organization\",\"@id\":\"https:\\\/\\\/auren.com\\\/uy\\\/#organization\",\"name\":\"Auren Uruguay\",\"url\":\"https:\\\/\\\/auren.com\\\/uy\\\/\",\"logo\":{\"@type\":\"ImageObject\",\"inLanguage\":\"es\",\"@id\":\"https:\\\/\\\/auren.com\\\/uy\\\/#\\\/schema\\\/logo\\\/image\\\/\",\"url\":\"https:\\\/\\\/auren.com\\\/uy\\\/wp-content\\\/uploads\\\/2025\\\/01\\\/cropped-cropped-favicon-Auren.png\",\"contentUrl\":\"https:\\\/\\\/auren.com\\\/uy\\\/wp-content\\\/uploads\\\/2025\\\/01\\\/cropped-cropped-favicon-Auren.png\",\"width\":512,\"height\":512,\"caption\":\"Auren Uruguay\"},\"image\":{\"@id\":\"https:\\\/\\\/auren.com\\\/uy\\\/#\\\/schema\\\/logo\\\/image\\\/\"},\"sameAs\":[\"https:\\\/\\\/www.facebook.com\\\/aurenuruguay\",\"https:\\\/\\\/x.com\\\/AurenUruguay\",\"https:\\\/\\\/www.linkedin.com\\\/company\\\/auren-uruguay\",\"https:\\\/\\\/www.youtube.com\\\/channel\\\/UClkpSYFfsAuqdTaVF5whedQ\",\"https:\\\/\\\/www.instagram.com\\\/aurenuruguay\\\/\"]}]}<\/script>\n<!-- \/ Yoast SEO plugin. -->","yoast_head_json":{"title":"215- PROYECTO DE LEY \u2013 MODIFICACIONES AL IRPF - Auren Uruguay","robots":{"index":"index","follow":"follow","max-snippet":"max-snippet:-1","max-image-preview":"max-image-preview:large","max-video-preview":"max-video-preview:-1"},"canonical":"https:\/\/auren.com\/uy\/noticias\/215-proyecto-de-ley-modificaciones-al-irpf\/","og_locale":"es_ES","og_type":"article","og_title":"215- PROYECTO DE LEY \u2013 MODIFICACIONES AL IRPF - Auren Uruguay","og_description":"Tal como fuera anunciado por el gobierno, una vez m\u00e1s nos encontramos con un cambio a nuestro sistema tributario, en esta oportunidad, el pasado 5 de marzo se present\u00f3 un [&hellip;]","og_url":"https:\/\/auren.com\/uy\/noticias\/215-proyecto-de-ley-modificaciones-al-irpf\/","og_site_name":"Auren Uruguay","article_publisher":"https:\/\/www.facebook.com\/aurenuruguay","og_image":[{"width":2048,"height":1367,"url":"https:\/\/auren.com\/uy\/wp-content\/uploads\/2015\/03\/shutterstock_330863699.jpg","type":"image\/jpeg"}],"twitter_card":"summary_large_image","twitter_site":"@AurenUruguay","twitter_misc":{"Tiempo de lectura":"3 minutos"},"schema":{"@context":"https:\/\/schema.org","@graph":[{"@type":"WebPage","@id":"https:\/\/auren.com\/uy\/noticias\/215-proyecto-de-ley-modificaciones-al-irpf\/","url":"https:\/\/auren.com\/uy\/noticias\/215-proyecto-de-ley-modificaciones-al-irpf\/","name":"215- PROYECTO DE LEY \u2013 MODIFICACIONES AL IRPF - Auren Uruguay","isPartOf":{"@id":"https:\/\/auren.com\/uy\/#website"},"primaryImageOfPage":{"@id":"https:\/\/auren.com\/uy\/noticias\/215-proyecto-de-ley-modificaciones-al-irpf\/#primaryimage"},"image":{"@id":"https:\/\/auren.com\/uy\/noticias\/215-proyecto-de-ley-modificaciones-al-irpf\/#primaryimage"},"thumbnailUrl":"https:\/\/auren.com\/uy\/wp-content\/uploads\/2015\/03\/shutterstock_330863699.jpg","datePublished":"2015-03-13T13:08:42+00:00","breadcrumb":{"@id":"https:\/\/auren.com\/uy\/noticias\/215-proyecto-de-ley-modificaciones-al-irpf\/#breadcrumb"},"inLanguage":"es","potentialAction":[{"@type":"ReadAction","target":["https:\/\/auren.com\/uy\/noticias\/215-proyecto-de-ley-modificaciones-al-irpf\/"]}]},{"@type":"ImageObject","inLanguage":"es","@id":"https:\/\/auren.com\/uy\/noticias\/215-proyecto-de-ley-modificaciones-al-irpf\/#primaryimage","url":"https:\/\/auren.com\/uy\/wp-content\/uploads\/2015\/03\/shutterstock_330863699.jpg","contentUrl":"https:\/\/auren.com\/uy\/wp-content\/uploads\/2015\/03\/shutterstock_330863699.jpg","width":2048,"height":1367},{"@type":"BreadcrumbList","@id":"https:\/\/auren.com\/uy\/noticias\/215-proyecto-de-ley-modificaciones-al-irpf\/#breadcrumb","itemListElement":[{"@type":"ListItem","position":1,"name":"Portada","item":"https:\/\/auren.com\/uy\/"},{"@type":"ListItem","position":2,"name":"215- PROYECTO DE LEY \u2013 MODIFICACIONES AL IRPF"}]},{"@type":"WebSite","@id":"https:\/\/auren.com\/uy\/#website","url":"https:\/\/auren.com\/uy\/","name":"Auren Uruguay","description":"","publisher":{"@id":"https:\/\/auren.com\/uy\/#organization"},"potentialAction":[{"@type":"SearchAction","target":{"@type":"EntryPoint","urlTemplate":"https:\/\/auren.com\/uy\/?s={search_term_string}"},"query-input":{"@type":"PropertyValueSpecification","valueRequired":true,"valueName":"search_term_string"}}],"inLanguage":"es"},{"@type":"Organization","@id":"https:\/\/auren.com\/uy\/#organization","name":"Auren Uruguay","url":"https:\/\/auren.com\/uy\/","logo":{"@type":"ImageObject","inLanguage":"es","@id":"https:\/\/auren.com\/uy\/#\/schema\/logo\/image\/","url":"https:\/\/auren.com\/uy\/wp-content\/uploads\/2025\/01\/cropped-cropped-favicon-Auren.png","contentUrl":"https:\/\/auren.com\/uy\/wp-content\/uploads\/2025\/01\/cropped-cropped-favicon-Auren.png","width":512,"height":512,"caption":"Auren Uruguay"},"image":{"@id":"https:\/\/auren.com\/uy\/#\/schema\/logo\/image\/"},"sameAs":["https:\/\/www.facebook.com\/aurenuruguay","https:\/\/x.com\/AurenUruguay","https:\/\/www.linkedin.com\/company\/auren-uruguay","https:\/\/www.youtube.com\/channel\/UClkpSYFfsAuqdTaVF5whedQ","https:\/\/www.instagram.com\/aurenuruguay\/"]}]}},"_links":{"self":[{"href":"https:\/\/auren.com\/uy\/wp-json\/wp\/v2\/new\/11303","targetHints":{"allow":["GET"]}}],"collection":[{"href":"https:\/\/auren.com\/uy\/wp-json\/wp\/v2\/new"}],"about":[{"href":"https:\/\/auren.com\/uy\/wp-json\/wp\/v2\/types\/new"}],"version-history":[{"count":0,"href":"https:\/\/auren.com\/uy\/wp-json\/wp\/v2\/new\/11303\/revisions"}],"wp:featuredmedia":[{"embeddable":true,"href":"https:\/\/auren.com\/uy\/wp-json\/wp\/v2\/media\/11304"}],"wp:attachment":[{"href":"https:\/\/auren.com\/uy\/wp-json\/wp\/v2\/media?parent=11303"}],"wp:term":[{"taxonomy":"new-category","embeddable":true,"href":"https:\/\/auren.com\/uy\/wp-json\/wp\/v2\/new-category?post=11303"}],"curies":[{"name":"wp","href":"https:\/\/api.w.org\/{rel}","templated":true}]}}