{"id":11306,"date":"2015-03-06T14:15:19","date_gmt":"2015-03-06T13:15:19","guid":{"rendered":"https:\/\/auren.com\/uy\/new\/214-valuacion-de-empresas-ebitda-x-n-solo-el-necio-confunde-valor-y-precio\/"},"modified":"2015-03-06T14:15:19","modified_gmt":"2015-03-06T13:15:19","slug":"214-valuacion-de-empresas-ebitda-x-n-solo-el-necio-confunde-valor-y-precio","status":"publish","type":"new","link":"https:\/\/auren.com\/uy\/noticias\/214-valuacion-de-empresas-ebitda-x-n-solo-el-necio-confunde-valor-y-precio\/","title":{"rendered":"214- VALUACI\u00d3N DE EMPRESAS &#8211; EBITDA x \u201cn\u201d S\u00d3LO EL NECIO CONFUNDE VALOR Y PRECIO"},"content":{"rendered":"<p class=\"has-text-align-justify\">Ardua tarea por cierto la de ponerle valor a las cosas. Y si de empresas se trata ni que hablar.<\/p>\n<p class=\"has-text-align-justify\">Frecuentemente escuchamos hablar de que tal empresa se vendi\u00f3 en \u201ctantos EBITDAS\u201d. Pues bien, el multiplicador del EBITDA es un m\u00e9todo de valuaci\u00f3n de empresas. Pero, \u00bfqu\u00e9 hay detr\u00e1s de ello?<\/p>\n<p class=\"has-text-align-justify\">En esta nota dejaremos en claro que no es ni m\u00e1s ni menos que una simplificaci\u00f3n de la tradicional forma de flujo de fondos descontados.<\/p>\n<p class=\"has-text-align-justify\">Pero antes que nada: \u00bfqu\u00e9 es el EBITDA? Se trata del acr\u00f3nimo del ingl\u00e9s: \u201c<strong>E<\/strong>arnings <strong>B<\/strong>efore <strong>I<\/strong>nterest, <strong>T<\/strong>axes, <strong>D<\/strong>epreciation and <strong>A<\/strong>mortization\u201d, o sea, ganancias antes de impuestos, intereses y amortizaciones.<\/p>\n<p class=\"has-text-align-justify has-vivid-red-color has-text-color\" style=\"font-size:25px\"><strong>\u00bfC\u00f3mo se val\u00faa una empresa?<\/strong><\/p>\n<p class=\"has-text-align-justify\">Es importante remarcar que una empresa se compra por el futuro (eso se evidencia con empresas que aun dando p\u00e9rdida son compradas y pagado por ellas un significativo precio).<\/p>\n<p class=\"has-text-align-justify\">Y, m\u00e1s que activos, se compra un \u201cflujo de fondos\u201d.<\/p>\n<p class=\"has-text-align-justify\">As\u00ed que la plata que pongo para comprar una empresa es una inversi\u00f3n. Y como tal, debe rendir. El rendimiento, ese es el flujo de fondos cuyo precio razonable hay que establecer. El rendimiento son los dividendos y, eventualmente, la apreciaci\u00f3n de valor del capital. Siempre es as\u00ed. De la comparaci\u00f3n entre la inversi\u00f3n (precio a pagar por la adquisici\u00f3n de las acciones de la compa\u00f1\u00eda) con su rendimiento (dividendos) surge una tasa de inter\u00e9s. O lo que es lo mismo, de lo que yo espere que va a rendir (flujos de fondos) y de la tasa de inter\u00e9s que pretenda de la inversi\u00f3n (tasa de retorno requerida en funci\u00f3n del nivel de riesgo), surge el PRECIO.<\/p>\n<p class=\"has-text-align-justify\"><strong>El precio de una compa\u00f1\u00eda es entonces el valor actual del flujo de fondos descontado a la tasa de retorno requerida en funci\u00f3n del riesgo.<\/strong><\/p>\n<p class=\"has-text-align-justify\">Por cierto, el valor de una empresa es cualquiera menos el que est\u00e1 en la Contabilidad.<\/p>\n<p class=\"has-text-align-justify has-vivid-red-color has-text-color\" style=\"font-size:25px\"><strong>Flujo de Fondos descontados<\/strong><\/p>\n<p class=\"has-text-align-justify\">Existen dos formas diferentes dependiendo de c\u00f3mo est\u00e9 definido el flujo de fondos.<\/p>\n<p class=\"has-text-align-justify\">Si el CASH FLOW est\u00e1 definido como \u201clibre para el accionista\u201d (es decir, dividendos), entonces lo que estamos valuando es directamente el valor del patrimonio, el precio a pagar ya por las acciones.<\/p>\n<p class=\"has-text-align-justify\">Si en cambio el FLUJO DE FONDOS est\u00e1 definido antes de intereses y amortizaciones, entonces lo que verdaderamente determinamos es el valor de los activos. En este caso, al c\u00e1lculo determinado (valor actual del flujo a la tasa de rendimiento demandada) hay que restar la deuda.<\/p>\n<p class=\"has-text-align-justify\">El Capital de Trabajo no est\u00e1 considerado.<\/p>\n<p class=\"has-text-align-justify has-vivid-red-color has-text-color\" style=\"font-size:25px\"><strong>El multiplicador del EBITDA: una simplificaci\u00f3n<\/strong><\/p>\n<p class=\"has-text-align-justify\">Si del EBITDA se trata entonces, como vimos, es un flujo definido antes de impuestos e intereses. En consecuencia habr\u00e1 que descontar del valor actual del flujo de fondos (valor de los activos) la deuda.<\/p>\n<p class=\"has-text-align-justify\">Ahora bien, en la pr\u00e1ctica, en lugar de actualizar los flujos de fondos se suele utilizar directamente un multiplicador del EBITDA.<\/p>\n<p class=\"has-text-align-justify\">A modo de ejemplo puede demostrarse que EBITDA x 5 equivale a, en la siguiente f\u00f3rmula:<\/p>\n<div class=\"wp-block-image\">\n<figure class=\"aligncenter size-large\"><img decoding=\"async\" width=\"1000\" height=\"176\" data-src=\"https:\/\/auren.com\/uy\/wp-content\/uploads\/migration\/2021\/01\/sustiruir-ff.png\" alt=\"\" class=\"wp-image-10447 lazyload\" data-srcset=\"https:\/\/auren.com\/uy\/wp-content\/uploads\/migration\/2021\/01\/sustiruir-ff.png 1000w, https:\/\/auren.com\/uy\/wp-content\/uploads\/migration\/2021\/01\/sustiruir-ff-300x53.png 300w, https:\/\/auren.com\/uy\/wp-content\/uploads\/migration\/2021\/01\/sustiruir-ff-768x135.png 768w\" data-sizes=\"auto, (max-width: 1000px) 100vw, 1000px\" src=\"data:image\/svg+xml;base64,PHN2ZyB3aWR0aD0iMSIgaGVpZ2h0PSIxIiB4bWxucz0iaHR0cDovL3d3dy53My5vcmcvMjAwMC9zdmciPjwvc3ZnPg==\" style=\"--smush-placeholder-width: 1000px; --smush-placeholder-aspect-ratio: 1000\/176;\" \/><\/figure>\n<\/div>\n<p class=\"has-text-align-justify\">sustituir FF por EBITDA y la TRR (tasas de retorno requerida) por 20%.<\/p>\n<p class=\"has-text-align-justify\">Si el multiplicador es, por ejemplo, 7, entonces la TRR es 15%.<\/p>\n<p class=\"has-text-align-justify\">Y uno puede decir que por ah\u00ed anda la cosa. Es decir, en Uruguay, puede decirse muy generalmente, que se manejan multiplicadores de EBITDA de entre 5 y 7. Y acabamos de ver las tasas impl\u00edcitas que eso implica.<\/p>\n<p class=\"has-text-align-justify\">As\u00ed que, \u00a1a no temerle! Y a tener bien claro qu\u00e9 es lo que estamos haciendo cada vez que decidimos poner precio a nuestra compa\u00f1\u00eda o bien a ofertar por una que nos interese.<\/p>\n<p><!-- AddThis Advanced Settings generic via filter on the_content --><!-- AddThis Share Buttons generic via filter on the_content --><\/p>\n","protected":false},"excerpt":{"rendered":"<p>Ardua tarea por cierto la de ponerle valor a las cosas. Y si de empresas se trata ni que hablar. Frecuentemente escuchamos hablar de que tal empresa se vendi\u00f3 en [&hellip;]<\/p>\n","protected":false},"featured_media":11309,"template":"","meta":{"_acf_changed":false,"footnotes":""},"new-category":[],"class_list":["post-11306","new","type-new","status-publish","has-post-thumbnail","hentry"],"acf":[],"yoast_head":"<!-- This site is optimized with the Yoast SEO plugin v27.5 - https:\/\/yoast.com\/product\/yoast-seo-wordpress\/ -->\n<title>214- VALUACI\u00d3N DE EMPRESAS - EBITDA x \u201cn\u201d S\u00d3LO EL NECIO CONFUNDE VALOR Y PRECIO - Auren Uruguay<\/title>\n<meta name=\"robots\" content=\"index, follow, max-snippet:-1, max-image-preview:large, max-video-preview:-1\" \/>\n<link rel=\"canonical\" href=\"https:\/\/auren.com\/uy\/noticias\/214-valuacion-de-empresas-ebitda-x-n-solo-el-necio-confunde-valor-y-precio\/\" \/>\n<meta property=\"og:locale\" content=\"es_ES\" \/>\n<meta property=\"og:type\" content=\"article\" \/>\n<meta property=\"og:title\" content=\"214- VALUACI\u00d3N DE EMPRESAS - EBITDA x \u201cn\u201d S\u00d3LO EL NECIO CONFUNDE VALOR Y PRECIO - Auren Uruguay\" \/>\n<meta property=\"og:description\" content=\"Ardua tarea por cierto la de ponerle valor a las cosas. Y si de empresas se trata ni que hablar. Frecuentemente escuchamos hablar de que tal empresa se vendi\u00f3 en [&hellip;]\" \/>\n<meta property=\"og:url\" content=\"https:\/\/auren.com\/uy\/noticias\/214-valuacion-de-empresas-ebitda-x-n-solo-el-necio-confunde-valor-y-precio\/\" \/>\n<meta property=\"og:site_name\" content=\"Auren Uruguay\" \/>\n<meta property=\"article:publisher\" content=\"https:\/\/www.facebook.com\/aurenuruguay\" \/>\n<meta property=\"og:image\" content=\"https:\/\/auren.com\/uy\/wp-content\/uploads\/2015\/03\/art.jpg\" \/>\n\t<meta property=\"og:image:width\" content=\"2048\" \/>\n\t<meta property=\"og:image:height\" content=\"1365\" \/>\n\t<meta property=\"og:image:type\" content=\"image\/jpeg\" \/>\n<meta name=\"twitter:card\" content=\"summary_large_image\" \/>\n<meta name=\"twitter:site\" content=\"@AurenUruguay\" \/>\n<meta name=\"twitter:label1\" content=\"Tiempo de lectura\" \/>\n\t<meta name=\"twitter:data1\" content=\"3 minutos\" \/>\n<script type=\"application\/ld+json\" class=\"yoast-schema-graph\">{\"@context\":\"https:\\\/\\\/schema.org\",\"@graph\":[{\"@type\":\"WebPage\",\"@id\":\"https:\\\/\\\/auren.com\\\/uy\\\/noticias\\\/214-valuacion-de-empresas-ebitda-x-n-solo-el-necio-confunde-valor-y-precio\\\/\",\"url\":\"https:\\\/\\\/auren.com\\\/uy\\\/noticias\\\/214-valuacion-de-empresas-ebitda-x-n-solo-el-necio-confunde-valor-y-precio\\\/\",\"name\":\"214- VALUACI\u00d3N DE EMPRESAS - EBITDA x \u201cn\u201d S\u00d3LO EL NECIO CONFUNDE VALOR Y PRECIO - Auren Uruguay\",\"isPartOf\":{\"@id\":\"https:\\\/\\\/auren.com\\\/uy\\\/#website\"},\"primaryImageOfPage\":{\"@id\":\"https:\\\/\\\/auren.com\\\/uy\\\/noticias\\\/214-valuacion-de-empresas-ebitda-x-n-solo-el-necio-confunde-valor-y-precio\\\/#primaryimage\"},\"image\":{\"@id\":\"https:\\\/\\\/auren.com\\\/uy\\\/noticias\\\/214-valuacion-de-empresas-ebitda-x-n-solo-el-necio-confunde-valor-y-precio\\\/#primaryimage\"},\"thumbnailUrl\":\"https:\\\/\\\/auren.com\\\/uy\\\/wp-content\\\/uploads\\\/2015\\\/03\\\/art.jpg\",\"datePublished\":\"2015-03-06T13:15:19+00:00\",\"breadcrumb\":{\"@id\":\"https:\\\/\\\/auren.com\\\/uy\\\/noticias\\\/214-valuacion-de-empresas-ebitda-x-n-solo-el-necio-confunde-valor-y-precio\\\/#breadcrumb\"},\"inLanguage\":\"es\",\"potentialAction\":[{\"@type\":\"ReadAction\",\"target\":[\"https:\\\/\\\/auren.com\\\/uy\\\/noticias\\\/214-valuacion-de-empresas-ebitda-x-n-solo-el-necio-confunde-valor-y-precio\\\/\"]}]},{\"@type\":\"ImageObject\",\"inLanguage\":\"es\",\"@id\":\"https:\\\/\\\/auren.com\\\/uy\\\/noticias\\\/214-valuacion-de-empresas-ebitda-x-n-solo-el-necio-confunde-valor-y-precio\\\/#primaryimage\",\"url\":\"https:\\\/\\\/auren.com\\\/uy\\\/wp-content\\\/uploads\\\/2015\\\/03\\\/art.jpg\",\"contentUrl\":\"https:\\\/\\\/auren.com\\\/uy\\\/wp-content\\\/uploads\\\/2015\\\/03\\\/art.jpg\",\"width\":2048,\"height\":1365},{\"@type\":\"BreadcrumbList\",\"@id\":\"https:\\\/\\\/auren.com\\\/uy\\\/noticias\\\/214-valuacion-de-empresas-ebitda-x-n-solo-el-necio-confunde-valor-y-precio\\\/#breadcrumb\",\"itemListElement\":[{\"@type\":\"ListItem\",\"position\":1,\"name\":\"Portada\",\"item\":\"https:\\\/\\\/auren.com\\\/uy\\\/\"},{\"@type\":\"ListItem\",\"position\":2,\"name\":\"214- VALUACI\u00d3N DE EMPRESAS &#8211; EBITDA x \u201cn\u201d S\u00d3LO EL NECIO CONFUNDE VALOR Y PRECIO\"}]},{\"@type\":\"WebSite\",\"@id\":\"https:\\\/\\\/auren.com\\\/uy\\\/#website\",\"url\":\"https:\\\/\\\/auren.com\\\/uy\\\/\",\"name\":\"Auren Uruguay\",\"description\":\"\",\"publisher\":{\"@id\":\"https:\\\/\\\/auren.com\\\/uy\\\/#organization\"},\"potentialAction\":[{\"@type\":\"SearchAction\",\"target\":{\"@type\":\"EntryPoint\",\"urlTemplate\":\"https:\\\/\\\/auren.com\\\/uy\\\/?s={search_term_string}\"},\"query-input\":{\"@type\":\"PropertyValueSpecification\",\"valueRequired\":true,\"valueName\":\"search_term_string\"}}],\"inLanguage\":\"es\"},{\"@type\":\"Organization\",\"@id\":\"https:\\\/\\\/auren.com\\\/uy\\\/#organization\",\"name\":\"Auren Uruguay\",\"url\":\"https:\\\/\\\/auren.com\\\/uy\\\/\",\"logo\":{\"@type\":\"ImageObject\",\"inLanguage\":\"es\",\"@id\":\"https:\\\/\\\/auren.com\\\/uy\\\/#\\\/schema\\\/logo\\\/image\\\/\",\"url\":\"https:\\\/\\\/auren.com\\\/uy\\\/wp-content\\\/uploads\\\/2025\\\/01\\\/cropped-cropped-favicon-Auren.png\",\"contentUrl\":\"https:\\\/\\\/auren.com\\\/uy\\\/wp-content\\\/uploads\\\/2025\\\/01\\\/cropped-cropped-favicon-Auren.png\",\"width\":512,\"height\":512,\"caption\":\"Auren Uruguay\"},\"image\":{\"@id\":\"https:\\\/\\\/auren.com\\\/uy\\\/#\\\/schema\\\/logo\\\/image\\\/\"},\"sameAs\":[\"https:\\\/\\\/www.facebook.com\\\/aurenuruguay\",\"https:\\\/\\\/x.com\\\/AurenUruguay\",\"https:\\\/\\\/www.linkedin.com\\\/company\\\/auren-uruguay\",\"https:\\\/\\\/www.youtube.com\\\/channel\\\/UClkpSYFfsAuqdTaVF5whedQ\",\"https:\\\/\\\/www.instagram.com\\\/aurenuruguay\\\/\"]}]}<\/script>\n<!-- \/ Yoast SEO plugin. -->","yoast_head_json":{"title":"214- VALUACI\u00d3N DE EMPRESAS - EBITDA x \u201cn\u201d S\u00d3LO EL NECIO CONFUNDE VALOR Y PRECIO - Auren Uruguay","robots":{"index":"index","follow":"follow","max-snippet":"max-snippet:-1","max-image-preview":"max-image-preview:large","max-video-preview":"max-video-preview:-1"},"canonical":"https:\/\/auren.com\/uy\/noticias\/214-valuacion-de-empresas-ebitda-x-n-solo-el-necio-confunde-valor-y-precio\/","og_locale":"es_ES","og_type":"article","og_title":"214- VALUACI\u00d3N DE EMPRESAS - EBITDA x \u201cn\u201d S\u00d3LO EL NECIO CONFUNDE VALOR Y PRECIO - Auren Uruguay","og_description":"Ardua tarea por cierto la de ponerle valor a las cosas. Y si de empresas se trata ni que hablar. Frecuentemente escuchamos hablar de que tal empresa se vendi\u00f3 en [&hellip;]","og_url":"https:\/\/auren.com\/uy\/noticias\/214-valuacion-de-empresas-ebitda-x-n-solo-el-necio-confunde-valor-y-precio\/","og_site_name":"Auren Uruguay","article_publisher":"https:\/\/www.facebook.com\/aurenuruguay","og_image":[{"width":2048,"height":1365,"url":"https:\/\/auren.com\/uy\/wp-content\/uploads\/2015\/03\/art.jpg","type":"image\/jpeg"}],"twitter_card":"summary_large_image","twitter_site":"@AurenUruguay","twitter_misc":{"Tiempo de lectura":"3 minutos"},"schema":{"@context":"https:\/\/schema.org","@graph":[{"@type":"WebPage","@id":"https:\/\/auren.com\/uy\/noticias\/214-valuacion-de-empresas-ebitda-x-n-solo-el-necio-confunde-valor-y-precio\/","url":"https:\/\/auren.com\/uy\/noticias\/214-valuacion-de-empresas-ebitda-x-n-solo-el-necio-confunde-valor-y-precio\/","name":"214- VALUACI\u00d3N DE EMPRESAS - EBITDA x \u201cn\u201d S\u00d3LO EL NECIO CONFUNDE VALOR Y PRECIO - Auren Uruguay","isPartOf":{"@id":"https:\/\/auren.com\/uy\/#website"},"primaryImageOfPage":{"@id":"https:\/\/auren.com\/uy\/noticias\/214-valuacion-de-empresas-ebitda-x-n-solo-el-necio-confunde-valor-y-precio\/#primaryimage"},"image":{"@id":"https:\/\/auren.com\/uy\/noticias\/214-valuacion-de-empresas-ebitda-x-n-solo-el-necio-confunde-valor-y-precio\/#primaryimage"},"thumbnailUrl":"https:\/\/auren.com\/uy\/wp-content\/uploads\/2015\/03\/art.jpg","datePublished":"2015-03-06T13:15:19+00:00","breadcrumb":{"@id":"https:\/\/auren.com\/uy\/noticias\/214-valuacion-de-empresas-ebitda-x-n-solo-el-necio-confunde-valor-y-precio\/#breadcrumb"},"inLanguage":"es","potentialAction":[{"@type":"ReadAction","target":["https:\/\/auren.com\/uy\/noticias\/214-valuacion-de-empresas-ebitda-x-n-solo-el-necio-confunde-valor-y-precio\/"]}]},{"@type":"ImageObject","inLanguage":"es","@id":"https:\/\/auren.com\/uy\/noticias\/214-valuacion-de-empresas-ebitda-x-n-solo-el-necio-confunde-valor-y-precio\/#primaryimage","url":"https:\/\/auren.com\/uy\/wp-content\/uploads\/2015\/03\/art.jpg","contentUrl":"https:\/\/auren.com\/uy\/wp-content\/uploads\/2015\/03\/art.jpg","width":2048,"height":1365},{"@type":"BreadcrumbList","@id":"https:\/\/auren.com\/uy\/noticias\/214-valuacion-de-empresas-ebitda-x-n-solo-el-necio-confunde-valor-y-precio\/#breadcrumb","itemListElement":[{"@type":"ListItem","position":1,"name":"Portada","item":"https:\/\/auren.com\/uy\/"},{"@type":"ListItem","position":2,"name":"214- VALUACI\u00d3N DE EMPRESAS &#8211; EBITDA x \u201cn\u201d S\u00d3LO EL NECIO CONFUNDE VALOR Y PRECIO"}]},{"@type":"WebSite","@id":"https:\/\/auren.com\/uy\/#website","url":"https:\/\/auren.com\/uy\/","name":"Auren Uruguay","description":"","publisher":{"@id":"https:\/\/auren.com\/uy\/#organization"},"potentialAction":[{"@type":"SearchAction","target":{"@type":"EntryPoint","urlTemplate":"https:\/\/auren.com\/uy\/?s={search_term_string}"},"query-input":{"@type":"PropertyValueSpecification","valueRequired":true,"valueName":"search_term_string"}}],"inLanguage":"es"},{"@type":"Organization","@id":"https:\/\/auren.com\/uy\/#organization","name":"Auren Uruguay","url":"https:\/\/auren.com\/uy\/","logo":{"@type":"ImageObject","inLanguage":"es","@id":"https:\/\/auren.com\/uy\/#\/schema\/logo\/image\/","url":"https:\/\/auren.com\/uy\/wp-content\/uploads\/2025\/01\/cropped-cropped-favicon-Auren.png","contentUrl":"https:\/\/auren.com\/uy\/wp-content\/uploads\/2025\/01\/cropped-cropped-favicon-Auren.png","width":512,"height":512,"caption":"Auren Uruguay"},"image":{"@id":"https:\/\/auren.com\/uy\/#\/schema\/logo\/image\/"},"sameAs":["https:\/\/www.facebook.com\/aurenuruguay","https:\/\/x.com\/AurenUruguay","https:\/\/www.linkedin.com\/company\/auren-uruguay","https:\/\/www.youtube.com\/channel\/UClkpSYFfsAuqdTaVF5whedQ","https:\/\/www.instagram.com\/aurenuruguay\/"]}]}},"_links":{"self":[{"href":"https:\/\/auren.com\/uy\/wp-json\/wp\/v2\/new\/11306","targetHints":{"allow":["GET"]}}],"collection":[{"href":"https:\/\/auren.com\/uy\/wp-json\/wp\/v2\/new"}],"about":[{"href":"https:\/\/auren.com\/uy\/wp-json\/wp\/v2\/types\/new"}],"version-history":[{"count":0,"href":"https:\/\/auren.com\/uy\/wp-json\/wp\/v2\/new\/11306\/revisions"}],"wp:featuredmedia":[{"embeddable":true,"href":"https:\/\/auren.com\/uy\/wp-json\/wp\/v2\/media\/11309"}],"wp:attachment":[{"href":"https:\/\/auren.com\/uy\/wp-json\/wp\/v2\/media?parent=11306"}],"wp:term":[{"taxonomy":"new-category","embeddable":true,"href":"https:\/\/auren.com\/uy\/wp-json\/wp\/v2\/new-category?post=11306"}],"curies":[{"name":"wp","href":"https:\/\/api.w.org\/{rel}","templated":true}]}}