{"id":11311,"date":"2015-02-18T14:33:19","date_gmt":"2015-02-18T13:33:19","guid":{"rendered":"https:\/\/auren.com\/uy\/new\/212-reduccion-del-iva-algunas-modificaciones-practicas-al-regimen\/"},"modified":"2015-02-18T14:33:19","modified_gmt":"2015-02-18T13:33:19","slug":"212-reduccion-del-iva-algunas-modificaciones-practicas-al-regimen","status":"publish","type":"new","link":"https:\/\/auren.com\/uy\/noticias\/212-reduccion-del-iva-algunas-modificaciones-practicas-al-regimen\/","title":{"rendered":"212- REDUCCI\u00d3N DEL IVA: ALGUNAS MODIFICACIONES PR\u00c1CTICAS AL R\u00c9GIMEN"},"content":{"rendered":"<p class=\"has-text-align-justify\">Como es de p\u00fablico conocimiento, se encuentra vigente la reducci\u00f3n del IVA dispuesta por medio del <strong>Decreto N\u00b0 203\/014,<\/strong> que reglament\u00f3 la <strong>Ley N\u00b0 19.210<\/strong>, aplicable a ciertas operaciones de venta de bienes y prestaciones de servicios efectuadas a <strong>consumidores finales<\/strong>, siempre que la contraprestaci\u00f3n se efect\u00fae mediante la utilizaci\u00f3n de determinados medios de pago, entre ellos tarjetas d\u00e9bito, d\u00e9bitos autom\u00e1ticos y tarjetas de cr\u00e9dito.<\/p>\n<p class=\"has-text-align-justify\">Si bien la reducci\u00f3n se encuentra vigente desde el pasado mes de julio, la DGI ha emitido recientemente la <strong>Resoluci\u00f3n N\u00ba 588\/015<\/strong>, mediante la cual se reglamentan y modifican ciertos aspectos relacionados con los requisitos que debe cumplir la documentaci\u00f3n de las operaciones incluidas en el r\u00e9gimen.<\/p>\n<p class=\"has-text-align-justify has-vivid-red-color has-text-color\" style=\"font-size:25px\"><strong>Resoluci\u00f3n DGI<\/strong><\/p>\n<p class=\"has-text-align-justify has-vivid-red-color has-text-color\" style=\"font-size:25px\"><strong>Documentaci\u00f3n<\/strong><\/p>\n<p class=\"has-text-align-justify\">Como forma de facilitar y agilizar el uso del r\u00e9gimen, se dispone que aquellos documentos que respalden las operaciones objeto del beneficio podr\u00e1n <strong>prescindir de la serie<\/strong> del correspondiente comprobante, siempre que en los mismos conste el n\u00famero de comprobante que documenta la operaci\u00f3n.<\/p>\n<p class=\"has-text-align-justify has-vivid-red-color has-text-color\" style=\"font-size:25px\"><strong>Transitorio<\/strong><\/p>\n<p class=\"has-text-align-justify\">Mediante la <strong>Resoluci\u00f3n DGI N\u00ba 2552\/014<\/strong> se otorg\u00f3 plazo hasta el pr\u00f3ximo <strong>31\/07\/2015<\/strong> para cumplir con la exigencia mencionada en el punto anterior en caso de documentos que respalden operaciones documentadas en ticket de m\u00e1quinas registradoras cuyo monto total incluido el IVA <strong>no supere las 400 UI<\/strong> (actualmente $ 1.200 aproximadamente), as\u00ed como tambi\u00e9n a aquellos contribuyentes exceptuados de la obligaci\u00f3n de documentar cada una de sus operaciones, siempre que las mismas no superen determinado monto establecido anualmente por la DGI.<\/p>\n<p class=\"has-text-align-justify\">Para las restantes operaciones se permite sustituir el n\u00famero del comprobante en el documento que respalda la contraprestaci\u00f3n, por otro n\u00famero que permita vincular inequ\u00edvocamente los referidos documentos, debi\u00e9ndose confeccionar a estos efectos una tabla que vincule la numeraci\u00f3n asignada a ambos comprobantes. Esta disposici\u00f3n que era aplicable originalmente hasta el 28\/02\/2015, se <strong>extiende<\/strong> por medio de la nueva Resoluci\u00f3n de DGI hasta el pr\u00f3ximo <strong>31\/07\/2015<\/strong>.<\/p>\n<p class=\"has-text-align-justify\">Es decir que a partir de esa fecha, en la totalidad de los documentos que respaldan las operaciones objeto del beneficio deber\u00e1 incluir el n\u00famero de comprobante.<\/p>\n<p class=\"has-text-align-justify has-vivid-red-color has-text-color\" style=\"font-size:25px\"><strong>Exceptuados de documentar<\/strong><\/p>\n<p class=\"has-text-align-justify\">Tal como mencionamos anteriormente, ciertas operaciones se encuentran exceptuadas de la obligaci\u00f3n de extender comprobantes por cada operaci\u00f3n al contado y al por menor, fijando la DGI actualmente el monto tope en <strong>$ 100<\/strong> por medio de la <strong>Resoluci\u00f3n N\u00ba 4846\/2014<\/strong>.<\/p>\n<p class=\"has-text-align-justify\">Cabe mencionar que quienes realicen tales ventas deber\u00e1n extender diariamente comprobantes globales que respalden las operaciones que no fueran documentadas individualmente, conservando todas las v\u00edas de la documentaci\u00f3n emitida.<\/p>\n<p class=\"has-text-align-justify\">La reciente Resoluci\u00f3n de DGI proh\u00edbe ampararse al citado r\u00e9gimen a aquellas operaciones que pretendan ampararse al beneficio de reducci\u00f3n del IVA, las cuales deber\u00e1n documentarse en todos los casos, sin excepciones.<\/p>\n<p><!-- AddThis Advanced Settings generic via filter on the_content --><!-- AddThis Share Buttons generic via filter on the_content --><\/p>\n","protected":false},"excerpt":{"rendered":"<p>Como es de p\u00fablico conocimiento, se encuentra vigente la reducci\u00f3n del IVA dispuesta por medio del Decreto N\u00b0 203\/014, que reglament\u00f3 la Ley N\u00b0 19.210, aplicable a ciertas operaciones de [&hellip;]<\/p>\n","protected":false},"featured_media":11312,"template":"","meta":{"_acf_changed":false,"footnotes":""},"new-category":[],"class_list":["post-11311","new","type-new","status-publish","has-post-thumbnail","hentry"],"acf":[],"yoast_head":"<!-- This site is optimized with the Yoast SEO plugin v27.5 - https:\/\/yoast.com\/product\/yoast-seo-wordpress\/ -->\n<title>212- REDUCCI\u00d3N DEL IVA: ALGUNAS MODIFICACIONES PR\u00c1CTICAS AL R\u00c9GIMEN - Auren Uruguay<\/title>\n<meta name=\"robots\" content=\"index, follow, max-snippet:-1, max-image-preview:large, max-video-preview:-1\" \/>\n<link rel=\"canonical\" href=\"https:\/\/auren.com\/uy\/noticias\/212-reduccion-del-iva-algunas-modificaciones-practicas-al-regimen\/\" \/>\n<meta property=\"og:locale\" content=\"es_ES\" \/>\n<meta property=\"og:type\" content=\"article\" \/>\n<meta property=\"og:title\" content=\"212- REDUCCI\u00d3N DEL IVA: ALGUNAS MODIFICACIONES PR\u00c1CTICAS AL R\u00c9GIMEN - Auren Uruguay\" \/>\n<meta property=\"og:description\" content=\"Como es de p\u00fablico conocimiento, se encuentra vigente la reducci\u00f3n del IVA dispuesta por medio del Decreto N\u00b0 203\/014, que reglament\u00f3 la Ley N\u00b0 19.210, aplicable a ciertas operaciones de [&hellip;]\" \/>\n<meta property=\"og:url\" content=\"https:\/\/auren.com\/uy\/noticias\/212-reduccion-del-iva-algunas-modificaciones-practicas-al-regimen\/\" \/>\n<meta property=\"og:site_name\" content=\"Auren Uruguay\" \/>\n<meta property=\"article:publisher\" content=\"https:\/\/www.facebook.com\/aurenuruguay\" \/>\n<meta property=\"og:image\" content=\"https:\/\/auren.com\/uy\/wp-content\/uploads\/2015\/02\/HANDS-16.jpg\" \/>\n\t<meta property=\"og:image:width\" content=\"2048\" \/>\n\t<meta property=\"og:image:height\" content=\"1365\" \/>\n\t<meta property=\"og:image:type\" content=\"image\/jpeg\" \/>\n<meta name=\"twitter:card\" content=\"summary_large_image\" \/>\n<meta name=\"twitter:site\" content=\"@AurenUruguay\" \/>\n<meta name=\"twitter:label1\" content=\"Tiempo de lectura\" \/>\n\t<meta name=\"twitter:data1\" content=\"2 minutos\" \/>\n<script type=\"application\/ld+json\" class=\"yoast-schema-graph\">{\"@context\":\"https:\\\/\\\/schema.org\",\"@graph\":[{\"@type\":\"WebPage\",\"@id\":\"https:\\\/\\\/auren.com\\\/uy\\\/noticias\\\/212-reduccion-del-iva-algunas-modificaciones-practicas-al-regimen\\\/\",\"url\":\"https:\\\/\\\/auren.com\\\/uy\\\/noticias\\\/212-reduccion-del-iva-algunas-modificaciones-practicas-al-regimen\\\/\",\"name\":\"212- REDUCCI\u00d3N DEL IVA: ALGUNAS MODIFICACIONES PR\u00c1CTICAS AL R\u00c9GIMEN - Auren Uruguay\",\"isPartOf\":{\"@id\":\"https:\\\/\\\/auren.com\\\/uy\\\/#website\"},\"primaryImageOfPage\":{\"@id\":\"https:\\\/\\\/auren.com\\\/uy\\\/noticias\\\/212-reduccion-del-iva-algunas-modificaciones-practicas-al-regimen\\\/#primaryimage\"},\"image\":{\"@id\":\"https:\\\/\\\/auren.com\\\/uy\\\/noticias\\\/212-reduccion-del-iva-algunas-modificaciones-practicas-al-regimen\\\/#primaryimage\"},\"thumbnailUrl\":\"https:\\\/\\\/auren.com\\\/uy\\\/wp-content\\\/uploads\\\/2015\\\/02\\\/HANDS-16.jpg\",\"datePublished\":\"2015-02-18T13:33:19+00:00\",\"breadcrumb\":{\"@id\":\"https:\\\/\\\/auren.com\\\/uy\\\/noticias\\\/212-reduccion-del-iva-algunas-modificaciones-practicas-al-regimen\\\/#breadcrumb\"},\"inLanguage\":\"es\",\"potentialAction\":[{\"@type\":\"ReadAction\",\"target\":[\"https:\\\/\\\/auren.com\\\/uy\\\/noticias\\\/212-reduccion-del-iva-algunas-modificaciones-practicas-al-regimen\\\/\"]}]},{\"@type\":\"ImageObject\",\"inLanguage\":\"es\",\"@id\":\"https:\\\/\\\/auren.com\\\/uy\\\/noticias\\\/212-reduccion-del-iva-algunas-modificaciones-practicas-al-regimen\\\/#primaryimage\",\"url\":\"https:\\\/\\\/auren.com\\\/uy\\\/wp-content\\\/uploads\\\/2015\\\/02\\\/HANDS-16.jpg\",\"contentUrl\":\"https:\\\/\\\/auren.com\\\/uy\\\/wp-content\\\/uploads\\\/2015\\\/02\\\/HANDS-16.jpg\",\"width\":2048,\"height\":1365},{\"@type\":\"BreadcrumbList\",\"@id\":\"https:\\\/\\\/auren.com\\\/uy\\\/noticias\\\/212-reduccion-del-iva-algunas-modificaciones-practicas-al-regimen\\\/#breadcrumb\",\"itemListElement\":[{\"@type\":\"ListItem\",\"position\":1,\"name\":\"Portada\",\"item\":\"https:\\\/\\\/auren.com\\\/uy\\\/\"},{\"@type\":\"ListItem\",\"position\":2,\"name\":\"212- REDUCCI\u00d3N DEL IVA: ALGUNAS MODIFICACIONES PR\u00c1CTICAS AL R\u00c9GIMEN\"}]},{\"@type\":\"WebSite\",\"@id\":\"https:\\\/\\\/auren.com\\\/uy\\\/#website\",\"url\":\"https:\\\/\\\/auren.com\\\/uy\\\/\",\"name\":\"Auren Uruguay\",\"description\":\"\",\"publisher\":{\"@id\":\"https:\\\/\\\/auren.com\\\/uy\\\/#organization\"},\"potentialAction\":[{\"@type\":\"SearchAction\",\"target\":{\"@type\":\"EntryPoint\",\"urlTemplate\":\"https:\\\/\\\/auren.com\\\/uy\\\/?s={search_term_string}\"},\"query-input\":{\"@type\":\"PropertyValueSpecification\",\"valueRequired\":true,\"valueName\":\"search_term_string\"}}],\"inLanguage\":\"es\"},{\"@type\":\"Organization\",\"@id\":\"https:\\\/\\\/auren.com\\\/uy\\\/#organization\",\"name\":\"Auren Uruguay\",\"url\":\"https:\\\/\\\/auren.com\\\/uy\\\/\",\"logo\":{\"@type\":\"ImageObject\",\"inLanguage\":\"es\",\"@id\":\"https:\\\/\\\/auren.com\\\/uy\\\/#\\\/schema\\\/logo\\\/image\\\/\",\"url\":\"https:\\\/\\\/auren.com\\\/uy\\\/wp-content\\\/uploads\\\/2025\\\/01\\\/cropped-cropped-favicon-Auren.png\",\"contentUrl\":\"https:\\\/\\\/auren.com\\\/uy\\\/wp-content\\\/uploads\\\/2025\\\/01\\\/cropped-cropped-favicon-Auren.png\",\"width\":512,\"height\":512,\"caption\":\"Auren Uruguay\"},\"image\":{\"@id\":\"https:\\\/\\\/auren.com\\\/uy\\\/#\\\/schema\\\/logo\\\/image\\\/\"},\"sameAs\":[\"https:\\\/\\\/www.facebook.com\\\/aurenuruguay\",\"https:\\\/\\\/x.com\\\/AurenUruguay\",\"https:\\\/\\\/www.linkedin.com\\\/company\\\/auren-uruguay\",\"https:\\\/\\\/www.youtube.com\\\/channel\\\/UClkpSYFfsAuqdTaVF5whedQ\",\"https:\\\/\\\/www.instagram.com\\\/aurenuruguay\\\/\"]}]}<\/script>\n<!-- \/ Yoast SEO plugin. -->","yoast_head_json":{"title":"212- REDUCCI\u00d3N DEL IVA: ALGUNAS MODIFICACIONES PR\u00c1CTICAS AL R\u00c9GIMEN - Auren Uruguay","robots":{"index":"index","follow":"follow","max-snippet":"max-snippet:-1","max-image-preview":"max-image-preview:large","max-video-preview":"max-video-preview:-1"},"canonical":"https:\/\/auren.com\/uy\/noticias\/212-reduccion-del-iva-algunas-modificaciones-practicas-al-regimen\/","og_locale":"es_ES","og_type":"article","og_title":"212- REDUCCI\u00d3N DEL IVA: ALGUNAS MODIFICACIONES PR\u00c1CTICAS AL R\u00c9GIMEN - Auren Uruguay","og_description":"Como es de p\u00fablico conocimiento, se encuentra vigente la reducci\u00f3n del IVA dispuesta por medio del Decreto N\u00b0 203\/014, que reglament\u00f3 la Ley N\u00b0 19.210, aplicable a ciertas operaciones de [&hellip;]","og_url":"https:\/\/auren.com\/uy\/noticias\/212-reduccion-del-iva-algunas-modificaciones-practicas-al-regimen\/","og_site_name":"Auren Uruguay","article_publisher":"https:\/\/www.facebook.com\/aurenuruguay","og_image":[{"width":2048,"height":1365,"url":"https:\/\/auren.com\/uy\/wp-content\/uploads\/2015\/02\/HANDS-16.jpg","type":"image\/jpeg"}],"twitter_card":"summary_large_image","twitter_site":"@AurenUruguay","twitter_misc":{"Tiempo de lectura":"2 minutos"},"schema":{"@context":"https:\/\/schema.org","@graph":[{"@type":"WebPage","@id":"https:\/\/auren.com\/uy\/noticias\/212-reduccion-del-iva-algunas-modificaciones-practicas-al-regimen\/","url":"https:\/\/auren.com\/uy\/noticias\/212-reduccion-del-iva-algunas-modificaciones-practicas-al-regimen\/","name":"212- REDUCCI\u00d3N DEL IVA: ALGUNAS MODIFICACIONES PR\u00c1CTICAS AL R\u00c9GIMEN - Auren Uruguay","isPartOf":{"@id":"https:\/\/auren.com\/uy\/#website"},"primaryImageOfPage":{"@id":"https:\/\/auren.com\/uy\/noticias\/212-reduccion-del-iva-algunas-modificaciones-practicas-al-regimen\/#primaryimage"},"image":{"@id":"https:\/\/auren.com\/uy\/noticias\/212-reduccion-del-iva-algunas-modificaciones-practicas-al-regimen\/#primaryimage"},"thumbnailUrl":"https:\/\/auren.com\/uy\/wp-content\/uploads\/2015\/02\/HANDS-16.jpg","datePublished":"2015-02-18T13:33:19+00:00","breadcrumb":{"@id":"https:\/\/auren.com\/uy\/noticias\/212-reduccion-del-iva-algunas-modificaciones-practicas-al-regimen\/#breadcrumb"},"inLanguage":"es","potentialAction":[{"@type":"ReadAction","target":["https:\/\/auren.com\/uy\/noticias\/212-reduccion-del-iva-algunas-modificaciones-practicas-al-regimen\/"]}]},{"@type":"ImageObject","inLanguage":"es","@id":"https:\/\/auren.com\/uy\/noticias\/212-reduccion-del-iva-algunas-modificaciones-practicas-al-regimen\/#primaryimage","url":"https:\/\/auren.com\/uy\/wp-content\/uploads\/2015\/02\/HANDS-16.jpg","contentUrl":"https:\/\/auren.com\/uy\/wp-content\/uploads\/2015\/02\/HANDS-16.jpg","width":2048,"height":1365},{"@type":"BreadcrumbList","@id":"https:\/\/auren.com\/uy\/noticias\/212-reduccion-del-iva-algunas-modificaciones-practicas-al-regimen\/#breadcrumb","itemListElement":[{"@type":"ListItem","position":1,"name":"Portada","item":"https:\/\/auren.com\/uy\/"},{"@type":"ListItem","position":2,"name":"212- REDUCCI\u00d3N DEL IVA: ALGUNAS MODIFICACIONES PR\u00c1CTICAS AL R\u00c9GIMEN"}]},{"@type":"WebSite","@id":"https:\/\/auren.com\/uy\/#website","url":"https:\/\/auren.com\/uy\/","name":"Auren Uruguay","description":"","publisher":{"@id":"https:\/\/auren.com\/uy\/#organization"},"potentialAction":[{"@type":"SearchAction","target":{"@type":"EntryPoint","urlTemplate":"https:\/\/auren.com\/uy\/?s={search_term_string}"},"query-input":{"@type":"PropertyValueSpecification","valueRequired":true,"valueName":"search_term_string"}}],"inLanguage":"es"},{"@type":"Organization","@id":"https:\/\/auren.com\/uy\/#organization","name":"Auren Uruguay","url":"https:\/\/auren.com\/uy\/","logo":{"@type":"ImageObject","inLanguage":"es","@id":"https:\/\/auren.com\/uy\/#\/schema\/logo\/image\/","url":"https:\/\/auren.com\/uy\/wp-content\/uploads\/2025\/01\/cropped-cropped-favicon-Auren.png","contentUrl":"https:\/\/auren.com\/uy\/wp-content\/uploads\/2025\/01\/cropped-cropped-favicon-Auren.png","width":512,"height":512,"caption":"Auren Uruguay"},"image":{"@id":"https:\/\/auren.com\/uy\/#\/schema\/logo\/image\/"},"sameAs":["https:\/\/www.facebook.com\/aurenuruguay","https:\/\/x.com\/AurenUruguay","https:\/\/www.linkedin.com\/company\/auren-uruguay","https:\/\/www.youtube.com\/channel\/UClkpSYFfsAuqdTaVF5whedQ","https:\/\/www.instagram.com\/aurenuruguay\/"]}]}},"_links":{"self":[{"href":"https:\/\/auren.com\/uy\/wp-json\/wp\/v2\/new\/11311","targetHints":{"allow":["GET"]}}],"collection":[{"href":"https:\/\/auren.com\/uy\/wp-json\/wp\/v2\/new"}],"about":[{"href":"https:\/\/auren.com\/uy\/wp-json\/wp\/v2\/types\/new"}],"version-history":[{"count":0,"href":"https:\/\/auren.com\/uy\/wp-json\/wp\/v2\/new\/11311\/revisions"}],"wp:featuredmedia":[{"embeddable":true,"href":"https:\/\/auren.com\/uy\/wp-json\/wp\/v2\/media\/11312"}],"wp:attachment":[{"href":"https:\/\/auren.com\/uy\/wp-json\/wp\/v2\/media?parent=11311"}],"wp:term":[{"taxonomy":"new-category","embeddable":true,"href":"https:\/\/auren.com\/uy\/wp-json\/wp\/v2\/new-category?post=11311"}],"curies":[{"name":"wp","href":"https:\/\/api.w.org\/{rel}","templated":true}]}}