{"id":11317,"date":"2015-02-11T14:50:36","date_gmt":"2015-02-11T13:50:36","guid":{"rendered":"https:\/\/auren.com\/uy\/new\/211-nueva-reglamentacion-para-el-trabajo-nocturno\/"},"modified":"2015-02-11T14:50:36","modified_gmt":"2015-02-11T13:50:36","slug":"211-nueva-reglamentacion-para-el-trabajo-nocturno","status":"publish","type":"new","link":"https:\/\/auren.com\/uy\/noticias\/211-nueva-reglamentacion-para-el-trabajo-nocturno\/","title":{"rendered":"211- NUEVA REGLAMENTACI\u00d3N PARA EL TRABAJO NOCTURNO"},"content":{"rendered":"<p class=\"has-text-align-justify\">El pasado 3 de febrero de 2015 el Senado aprob\u00f3 la ley que regula el trabajo nocturno. El proyecto comenz\u00f3 a ser discutido por el Parlamento en el a\u00f1o 2012 recibiendo media sanci\u00f3n por parte de la c\u00e1mara de Diputados en setiembre de 2014. Finalmente d\u00edas atr\u00e1s el texto fue enviado al Poder Ejecutivo para su promulgaci\u00f3n.<\/p>\n<p class=\"has-text-align-justify\">La intencionalidad de la norma es desalentar el desarrollo del trabajo en horario nocturno, entendiendo que el trabajo en dicho turno es un factor que incide negativamente en la salud de los trabajadores, y por ello debe estar especialmente controlado por las normas de seguridad laboral.<\/p>\n<p class=\"has-text-align-justify\">Por lo tanto, se busca que toda labor que se pueda realizar en el horario diurno no se traslade al nocturno. Asimismo, para resarcir\u00a0 a los trabajadores que desarrollan sus tareas en este \u00faltimo turno, se establecen beneficios adicionales siendo el principal, el pago de una compensaci\u00f3n por estas labores.<\/p>\n<p class=\"has-text-align-justify has-vivid-red-color has-text-color\" style=\"font-size:25px\"><strong>\u00bfCu\u00e1les son los beneficios para los trabajadores?<\/strong><\/p>\n<p class=\"has-text-align-justify\">Para las diferentes \u00e1reas de actividad se establece una compensaci\u00f3n por nocturnidad que consiste en aplicar una <strong>sobretasa m\u00ednima del 20%<\/strong> o su equivalente en <strong>reducci\u00f3n horaria<\/strong> para aquellos casos en que no est\u00e9 contemplado en su salario espec\u00edfico o remuneraci\u00f3n de acuerdo al convenio colectivo de la rama de actividad.<\/p>\n<p class=\"has-text-align-justify\">Este porcentaje es el m\u00ednimo que establece la ley, el empleador podr\u00e1 aplicar tasas superiores al 20%.<\/p>\n<p class=\"has-text-align-justify\">En los casos en que la compensaci\u00f3n que actualmente abona el empleador sea inferior, la misma deber\u00e1 ajustarse al m\u00ednimo establecido en la presente ley. Lo mismo es de aplicaci\u00f3n cuando lo que se otorga es reducci\u00f3n horaria por este concepto.<\/p>\n<p class=\"has-text-align-justify has-vivid-red-color has-text-color\" style=\"font-size:25px\"><strong>\u00bfA qui\u00e9nes se aplica?<\/strong><\/p>\n<p class=\"has-text-align-justify\">La \u201cLey de Nocturnidad\u201d se aplica a los trabajadores que desempe\u00f1en tareas en el horario comprendido entre las 22:00 y 06:00 horas del d\u00eda siguiente, de acuerdo al concepto de nocturnidad adoptado por los legisladores.<\/p>\n<p class=\"has-text-align-justify\">Para obtener este beneficio, el trabajador deber\u00e1 desarrollar efectivamente las tareas en horario nocturno por m\u00e1s de cinco horas consecutivas por jornada de labor.<\/p>\n<p class=\"has-text-align-justify\">Asimismo se establece una consideraci\u00f3n especial para el caso de la mujer embarazada o que haya dado a luz y hasta por un a\u00f1o posterior al alumbramiento: por la sola voluntad de la trabajadora, el empleador deber\u00e1 asignarle horario de trabajo diurno para el desempe\u00f1o de su labor por ese per\u00edodo, sin que esto signifique p\u00e9rdida de la compensaci\u00f3n por trabajo nocturno.<\/p>\n<p class=\"has-text-align-justify\">De acuerdo a lo establecido en el proyecto de ley, los beneficios establecidos en la misma \u00a0comenzaran a regir a partir del pr\u00f3ximo 1\u00b0 de julio de 2015.<\/p>\n<p><!-- AddThis Advanced Settings generic via filter on the_content --><!-- AddThis Share Buttons generic via filter on the_content --><\/p>\n","protected":false},"excerpt":{"rendered":"<p>El pasado 3 de febrero de 2015 el Senado aprob\u00f3 la ley que regula el trabajo nocturno. El proyecto comenz\u00f3 a ser discutido por el Parlamento en el a\u00f1o 2012 [&hellip;]<\/p>\n","protected":false},"featured_media":11318,"template":"","meta":{"_acf_changed":false,"footnotes":""},"new-category":[],"class_list":["post-11317","new","type-new","status-publish","has-post-thumbnail","hentry"],"acf":[],"yoast_head":"<!-- This site is optimized with the Yoast SEO plugin v27.5 - https:\/\/yoast.com\/product\/yoast-seo-wordpress\/ -->\n<title>211- NUEVA REGLAMENTACI\u00d3N PARA EL TRABAJO NOCTURNO - Auren Uruguay<\/title>\n<meta name=\"robots\" content=\"index, follow, max-snippet:-1, max-image-preview:large, max-video-preview:-1\" \/>\n<link rel=\"canonical\" href=\"https:\/\/auren.com\/uy\/noticias\/211-nueva-reglamentacion-para-el-trabajo-nocturno\/\" \/>\n<meta property=\"og:locale\" content=\"es_ES\" \/>\n<meta property=\"og:type\" content=\"article\" \/>\n<meta property=\"og:title\" content=\"211- NUEVA REGLAMENTACI\u00d3N PARA EL TRABAJO NOCTURNO - Auren Uruguay\" \/>\n<meta property=\"og:description\" content=\"El pasado 3 de febrero de 2015 el Senado aprob\u00f3 la ley que regula el trabajo nocturno. El proyecto comenz\u00f3 a ser discutido por el Parlamento en el a\u00f1o 2012 [&hellip;]\" \/>\n<meta property=\"og:url\" content=\"https:\/\/auren.com\/uy\/noticias\/211-nueva-reglamentacion-para-el-trabajo-nocturno\/\" \/>\n<meta property=\"og:site_name\" content=\"Auren Uruguay\" \/>\n<meta property=\"article:publisher\" content=\"https:\/\/www.facebook.com\/aurenuruguay\" \/>\n<meta property=\"og:image\" content=\"https:\/\/auren.com\/uy\/wp-content\/uploads\/2015\/02\/prev.jpg\" \/>\n\t<meta property=\"og:image:width\" content=\"2048\" \/>\n\t<meta property=\"og:image:height\" content=\"1365\" \/>\n\t<meta property=\"og:image:type\" content=\"image\/jpeg\" \/>\n<meta name=\"twitter:card\" content=\"summary_large_image\" \/>\n<meta name=\"twitter:site\" content=\"@AurenUruguay\" \/>\n<meta name=\"twitter:label1\" content=\"Tiempo de lectura\" \/>\n\t<meta name=\"twitter:data1\" content=\"2 minutos\" \/>\n<script type=\"application\/ld+json\" class=\"yoast-schema-graph\">{\"@context\":\"https:\\\/\\\/schema.org\",\"@graph\":[{\"@type\":\"WebPage\",\"@id\":\"https:\\\/\\\/auren.com\\\/uy\\\/noticias\\\/211-nueva-reglamentacion-para-el-trabajo-nocturno\\\/\",\"url\":\"https:\\\/\\\/auren.com\\\/uy\\\/noticias\\\/211-nueva-reglamentacion-para-el-trabajo-nocturno\\\/\",\"name\":\"211- NUEVA REGLAMENTACI\u00d3N PARA EL TRABAJO NOCTURNO - Auren Uruguay\",\"isPartOf\":{\"@id\":\"https:\\\/\\\/auren.com\\\/uy\\\/#website\"},\"primaryImageOfPage\":{\"@id\":\"https:\\\/\\\/auren.com\\\/uy\\\/noticias\\\/211-nueva-reglamentacion-para-el-trabajo-nocturno\\\/#primaryimage\"},\"image\":{\"@id\":\"https:\\\/\\\/auren.com\\\/uy\\\/noticias\\\/211-nueva-reglamentacion-para-el-trabajo-nocturno\\\/#primaryimage\"},\"thumbnailUrl\":\"https:\\\/\\\/auren.com\\\/uy\\\/wp-content\\\/uploads\\\/2015\\\/02\\\/prev.jpg\",\"datePublished\":\"2015-02-11T13:50:36+00:00\",\"breadcrumb\":{\"@id\":\"https:\\\/\\\/auren.com\\\/uy\\\/noticias\\\/211-nueva-reglamentacion-para-el-trabajo-nocturno\\\/#breadcrumb\"},\"inLanguage\":\"es\",\"potentialAction\":[{\"@type\":\"ReadAction\",\"target\":[\"https:\\\/\\\/auren.com\\\/uy\\\/noticias\\\/211-nueva-reglamentacion-para-el-trabajo-nocturno\\\/\"]}]},{\"@type\":\"ImageObject\",\"inLanguage\":\"es\",\"@id\":\"https:\\\/\\\/auren.com\\\/uy\\\/noticias\\\/211-nueva-reglamentacion-para-el-trabajo-nocturno\\\/#primaryimage\",\"url\":\"https:\\\/\\\/auren.com\\\/uy\\\/wp-content\\\/uploads\\\/2015\\\/02\\\/prev.jpg\",\"contentUrl\":\"https:\\\/\\\/auren.com\\\/uy\\\/wp-content\\\/uploads\\\/2015\\\/02\\\/prev.jpg\",\"width\":2048,\"height\":1365},{\"@type\":\"BreadcrumbList\",\"@id\":\"https:\\\/\\\/auren.com\\\/uy\\\/noticias\\\/211-nueva-reglamentacion-para-el-trabajo-nocturno\\\/#breadcrumb\",\"itemListElement\":[{\"@type\":\"ListItem\",\"position\":1,\"name\":\"Portada\",\"item\":\"https:\\\/\\\/auren.com\\\/uy\\\/\"},{\"@type\":\"ListItem\",\"position\":2,\"name\":\"211- NUEVA REGLAMENTACI\u00d3N PARA EL TRABAJO NOCTURNO\"}]},{\"@type\":\"WebSite\",\"@id\":\"https:\\\/\\\/auren.com\\\/uy\\\/#website\",\"url\":\"https:\\\/\\\/auren.com\\\/uy\\\/\",\"name\":\"Auren Uruguay\",\"description\":\"\",\"publisher\":{\"@id\":\"https:\\\/\\\/auren.com\\\/uy\\\/#organization\"},\"potentialAction\":[{\"@type\":\"SearchAction\",\"target\":{\"@type\":\"EntryPoint\",\"urlTemplate\":\"https:\\\/\\\/auren.com\\\/uy\\\/?s={search_term_string}\"},\"query-input\":{\"@type\":\"PropertyValueSpecification\",\"valueRequired\":true,\"valueName\":\"search_term_string\"}}],\"inLanguage\":\"es\"},{\"@type\":\"Organization\",\"@id\":\"https:\\\/\\\/auren.com\\\/uy\\\/#organization\",\"name\":\"Auren Uruguay\",\"url\":\"https:\\\/\\\/auren.com\\\/uy\\\/\",\"logo\":{\"@type\":\"ImageObject\",\"inLanguage\":\"es\",\"@id\":\"https:\\\/\\\/auren.com\\\/uy\\\/#\\\/schema\\\/logo\\\/image\\\/\",\"url\":\"https:\\\/\\\/auren.com\\\/uy\\\/wp-content\\\/uploads\\\/2025\\\/01\\\/cropped-cropped-favicon-Auren.png\",\"contentUrl\":\"https:\\\/\\\/auren.com\\\/uy\\\/wp-content\\\/uploads\\\/2025\\\/01\\\/cropped-cropped-favicon-Auren.png\",\"width\":512,\"height\":512,\"caption\":\"Auren Uruguay\"},\"image\":{\"@id\":\"https:\\\/\\\/auren.com\\\/uy\\\/#\\\/schema\\\/logo\\\/image\\\/\"},\"sameAs\":[\"https:\\\/\\\/www.facebook.com\\\/aurenuruguay\",\"https:\\\/\\\/x.com\\\/AurenUruguay\",\"https:\\\/\\\/www.linkedin.com\\\/company\\\/auren-uruguay\",\"https:\\\/\\\/www.youtube.com\\\/channel\\\/UClkpSYFfsAuqdTaVF5whedQ\",\"https:\\\/\\\/www.instagram.com\\\/aurenuruguay\\\/\"]}]}<\/script>\n<!-- \/ Yoast SEO plugin. -->","yoast_head_json":{"title":"211- NUEVA REGLAMENTACI\u00d3N PARA EL TRABAJO NOCTURNO - Auren Uruguay","robots":{"index":"index","follow":"follow","max-snippet":"max-snippet:-1","max-image-preview":"max-image-preview:large","max-video-preview":"max-video-preview:-1"},"canonical":"https:\/\/auren.com\/uy\/noticias\/211-nueva-reglamentacion-para-el-trabajo-nocturno\/","og_locale":"es_ES","og_type":"article","og_title":"211- NUEVA REGLAMENTACI\u00d3N PARA EL TRABAJO NOCTURNO - Auren Uruguay","og_description":"El pasado 3 de febrero de 2015 el Senado aprob\u00f3 la ley que regula el trabajo nocturno. El proyecto comenz\u00f3 a ser discutido por el Parlamento en el a\u00f1o 2012 [&hellip;]","og_url":"https:\/\/auren.com\/uy\/noticias\/211-nueva-reglamentacion-para-el-trabajo-nocturno\/","og_site_name":"Auren Uruguay","article_publisher":"https:\/\/www.facebook.com\/aurenuruguay","og_image":[{"width":2048,"height":1365,"url":"https:\/\/auren.com\/uy\/wp-content\/uploads\/2015\/02\/prev.jpg","type":"image\/jpeg"}],"twitter_card":"summary_large_image","twitter_site":"@AurenUruguay","twitter_misc":{"Tiempo de lectura":"2 minutos"},"schema":{"@context":"https:\/\/schema.org","@graph":[{"@type":"WebPage","@id":"https:\/\/auren.com\/uy\/noticias\/211-nueva-reglamentacion-para-el-trabajo-nocturno\/","url":"https:\/\/auren.com\/uy\/noticias\/211-nueva-reglamentacion-para-el-trabajo-nocturno\/","name":"211- NUEVA REGLAMENTACI\u00d3N PARA EL TRABAJO NOCTURNO - Auren Uruguay","isPartOf":{"@id":"https:\/\/auren.com\/uy\/#website"},"primaryImageOfPage":{"@id":"https:\/\/auren.com\/uy\/noticias\/211-nueva-reglamentacion-para-el-trabajo-nocturno\/#primaryimage"},"image":{"@id":"https:\/\/auren.com\/uy\/noticias\/211-nueva-reglamentacion-para-el-trabajo-nocturno\/#primaryimage"},"thumbnailUrl":"https:\/\/auren.com\/uy\/wp-content\/uploads\/2015\/02\/prev.jpg","datePublished":"2015-02-11T13:50:36+00:00","breadcrumb":{"@id":"https:\/\/auren.com\/uy\/noticias\/211-nueva-reglamentacion-para-el-trabajo-nocturno\/#breadcrumb"},"inLanguage":"es","potentialAction":[{"@type":"ReadAction","target":["https:\/\/auren.com\/uy\/noticias\/211-nueva-reglamentacion-para-el-trabajo-nocturno\/"]}]},{"@type":"ImageObject","inLanguage":"es","@id":"https:\/\/auren.com\/uy\/noticias\/211-nueva-reglamentacion-para-el-trabajo-nocturno\/#primaryimage","url":"https:\/\/auren.com\/uy\/wp-content\/uploads\/2015\/02\/prev.jpg","contentUrl":"https:\/\/auren.com\/uy\/wp-content\/uploads\/2015\/02\/prev.jpg","width":2048,"height":1365},{"@type":"BreadcrumbList","@id":"https:\/\/auren.com\/uy\/noticias\/211-nueva-reglamentacion-para-el-trabajo-nocturno\/#breadcrumb","itemListElement":[{"@type":"ListItem","position":1,"name":"Portada","item":"https:\/\/auren.com\/uy\/"},{"@type":"ListItem","position":2,"name":"211- NUEVA REGLAMENTACI\u00d3N PARA EL TRABAJO NOCTURNO"}]},{"@type":"WebSite","@id":"https:\/\/auren.com\/uy\/#website","url":"https:\/\/auren.com\/uy\/","name":"Auren Uruguay","description":"","publisher":{"@id":"https:\/\/auren.com\/uy\/#organization"},"potentialAction":[{"@type":"SearchAction","target":{"@type":"EntryPoint","urlTemplate":"https:\/\/auren.com\/uy\/?s={search_term_string}"},"query-input":{"@type":"PropertyValueSpecification","valueRequired":true,"valueName":"search_term_string"}}],"inLanguage":"es"},{"@type":"Organization","@id":"https:\/\/auren.com\/uy\/#organization","name":"Auren Uruguay","url":"https:\/\/auren.com\/uy\/","logo":{"@type":"ImageObject","inLanguage":"es","@id":"https:\/\/auren.com\/uy\/#\/schema\/logo\/image\/","url":"https:\/\/auren.com\/uy\/wp-content\/uploads\/2025\/01\/cropped-cropped-favicon-Auren.png","contentUrl":"https:\/\/auren.com\/uy\/wp-content\/uploads\/2025\/01\/cropped-cropped-favicon-Auren.png","width":512,"height":512,"caption":"Auren Uruguay"},"image":{"@id":"https:\/\/auren.com\/uy\/#\/schema\/logo\/image\/"},"sameAs":["https:\/\/www.facebook.com\/aurenuruguay","https:\/\/x.com\/AurenUruguay","https:\/\/www.linkedin.com\/company\/auren-uruguay","https:\/\/www.youtube.com\/channel\/UClkpSYFfsAuqdTaVF5whedQ","https:\/\/www.instagram.com\/aurenuruguay\/"]}]}},"_links":{"self":[{"href":"https:\/\/auren.com\/uy\/wp-json\/wp\/v2\/new\/11317","targetHints":{"allow":["GET"]}}],"collection":[{"href":"https:\/\/auren.com\/uy\/wp-json\/wp\/v2\/new"}],"about":[{"href":"https:\/\/auren.com\/uy\/wp-json\/wp\/v2\/types\/new"}],"version-history":[{"count":0,"href":"https:\/\/auren.com\/uy\/wp-json\/wp\/v2\/new\/11317\/revisions"}],"wp:featuredmedia":[{"embeddable":true,"href":"https:\/\/auren.com\/uy\/wp-json\/wp\/v2\/media\/11318"}],"wp:attachment":[{"href":"https:\/\/auren.com\/uy\/wp-json\/wp\/v2\/media?parent=11317"}],"wp:term":[{"taxonomy":"new-category","embeddable":true,"href":"https:\/\/auren.com\/uy\/wp-json\/wp\/v2\/new-category?post=11317"}],"curies":[{"name":"wp","href":"https:\/\/api.w.org\/{rel}","templated":true}]}}