{"id":11323,"date":"2015-02-01T10:22:00","date_gmt":"2015-02-01T09:22:00","guid":{"rendered":"https:\/\/auren.com\/uy\/new\/205-gestion-de-costos\/"},"modified":"2015-02-01T10:22:00","modified_gmt":"2015-02-01T09:22:00","slug":"205-gestion-de-costos","status":"publish","type":"new","link":"https:\/\/auren.com\/uy\/noticias\/205-gestion-de-costos\/","title":{"rendered":"205- GESTI\u00d3N DE COSTOS"},"content":{"rendered":"<p class=\"has-text-align-justify\">En \u00e9pocas de crisis econ\u00f3micas las empresas se ven obligadas frecuentemente a realizar una reducci\u00f3n de costos para poder subsistir. Pero esta reducci\u00f3n, muchas veces aplicada sin una proyecci\u00f3n estrat\u00e9gica, y sin una visi\u00f3n sist\u00e9mica de la organizaci\u00f3n, no solo no siempre produce los resultados esperados a corto plazo, sino que rara vez logra objetivos de mediano y largo plazo.<\/p>\n<p class=\"has-text-align-justify\">Por esto, es importante&nbsp; tener una gesti\u00f3n eficiente de costos en las empresas, no solo en momentos de crisis, sino como parte de una estrategia a largo plazo, y viendo a la organizaci\u00f3n como un conjunto de partes interrelacionadas, en d\u00f3nde los costos son el resultado de&nbsp; diversos factores que inciden en el proceso productivo.<\/p>\n<p class=\"has-text-align-justify\">Usualmente se asocia la reducci\u00f3n de costos, con la reducci\u00f3n de personal. Reducir la mano de obra, por medio de rebajas salariales o despidos&nbsp; trae consigo una mayor rotaci\u00f3n de personal, inconformismo, baja de productividad, costes de contrataci\u00f3n de nuevo personal y corte de la \u201ccurva de aprendizaje\u201d. \u00bfConsecuencia? Mayores costos.<\/p>\n<p class=\"has-text-align-justify\">Entonces, \u00bfA d\u00f3nde deben apuntar las acciones? Deben dise\u00f1arse estrategias m\u00e1s que de \u201creducci\u00f3n de costos\u201d, de \u201cgesti\u00f3n de costos\u201d. Esto implica necesariamente el estudio de todos los procesos, detectando las debilidades de cada uno y su correlaci\u00f3n con el resto, identificando aquellos costos suprimibles, los que pueden reducirse y aquellos efectivos o eficaces. Es necesaria la detecci\u00f3n, prevenci\u00f3n y eliminaci\u00f3n del uso excesivo o innecesario de recursos. El plan tomar\u00e1 en cuenta el valor de cada reducci\u00f3n y el riesgo de perder productividad que significar\u00eda, as\u00ed como el impacto que cada una de estas acciones puede provocar en la empresa.<\/p>\n<p class=\"has-text-align-justify\">La gesti\u00f3n de costos debe apuntar necesariamente a reducir la complejidad y estandarizaci\u00f3n de los procesos de negocio, eliminando aquellas actividades redundantes. Una organizaci\u00f3n simple y sencilla de gestionar.<\/p>\n<p class=\"has-text-align-justify\">\u00bfQu\u00e9 se debe incluir en la estrategia? Algunos puntos importantes, entre muchos otros que variaran de acuerdo a cada empresa, son los siguientes:<\/p>\n<p class=\"has-text-align-justify\"><strong>Mejora de la productividad.<\/strong> Comprende&nbsp; la generaci\u00f3n de mayor volumen con la misma cantidad de recursos, o un mismo volumen con una cantidad menor de recursos.&nbsp;<\/p>\n<p class=\"has-text-align-justify\"><strong>Calidad y Control Interno. <\/strong>Base fundamental de cualquier plan de gesti\u00f3n. Alcanzar mayores niveles de calidad e implementar un sistema de control interno eficaz no implica mayores costos, sino lo contrario. Se logra mayor productividad y consecuentemente costos m\u00e1s bajos. Mejorar la calidad y el control en los procesos de trabajo lleva a una menor cantidad de errores, de productos con defectos y de repetici\u00f3n del trabajo, disminuyendo de tal forma los tiempos y recursos insumidos.<\/p>\n<p class=\"has-text-align-justify\"><strong>Tecnolog\u00eda. <\/strong>Implementaci\u00f3n de software nuevo y eficiente. Pero se debe tener cuidado, aplicar la tecnolog\u00eda sobre los procesos antiguos no lleva a una reducci\u00f3n de los costos, si estos no son redise\u00f1ados, mejor\u00e1ndolos y simplific\u00e1ndolos antes de aplicar el cambio.<\/p>\n<p class=\"has-text-align-justify\"><strong>Capacitaci\u00f3n. <\/strong>Capacitar al personal en herramientas de gesti\u00f3n, trabajo en equipo, calidad, productividad y mejora continua, entrenar en la detecci\u00f3n y eliminaci\u00f3n de actividades sin valor agregado.<\/p>\n<p class=\"has-text-align-justify\"><strong>Otros. <\/strong>Externalizaci\u00f3n de servicios (Outsourcing), reducci\u00f3n del inventario que ocupa espacio, genera necesidades de almacenamiento y no agrega valor, reducci\u00f3n del tiempo ocioso de las m\u00e1quinas y equipos y optimizaci\u00f3n del espacio f\u00edsico utilizado.<\/p>\n<p class=\"has-text-align-justify\">Sin importar el tama\u00f1o que tenga una empresa, debe conocer minuciosamente las caracter\u00edsticas y el proceso de elaboraci\u00f3n del bien o servicio que ofrezca. De esta manera podr\u00e1 realizar una gesti\u00f3n eficiente de sus costos, ofreciendo productos o servicios de calidad y precios razonables, logrando as\u00ed una mayor rentabilidad.<\/p>\n<p><!-- AddThis Advanced Settings generic via filter on the_content --><!-- AddThis Share Buttons generic via filter on the_content --><\/p>\n","protected":false},"excerpt":{"rendered":"<p>En \u00e9pocas de crisis econ\u00f3micas las empresas se ven obligadas frecuentemente a realizar una reducci\u00f3n de costos para poder subsistir. Pero esta reducci\u00f3n, muchas veces aplicada sin una proyecci\u00f3n estrat\u00e9gica, [&hellip;]<\/p>\n","protected":false},"featured_media":11324,"template":"","meta":{"_acf_changed":false,"footnotes":""},"new-category":[],"class_list":["post-11323","new","type-new","status-publish","has-post-thumbnail","hentry"],"acf":[],"yoast_head":"<!-- This site is optimized with the Yoast SEO plugin v27.5 - https:\/\/yoast.com\/product\/yoast-seo-wordpress\/ -->\n<title>205- GESTI\u00d3N DE COSTOS - Auren Uruguay<\/title>\n<meta name=\"robots\" content=\"index, follow, max-snippet:-1, max-image-preview:large, max-video-preview:-1\" \/>\n<link rel=\"canonical\" href=\"https:\/\/auren.com\/uy\/noticias\/205-gestion-de-costos\/\" \/>\n<meta property=\"og:locale\" content=\"es_ES\" \/>\n<meta property=\"og:type\" content=\"article\" \/>\n<meta property=\"og:title\" content=\"205- GESTI\u00d3N DE COSTOS - Auren Uruguay\" \/>\n<meta property=\"og:description\" content=\"En \u00e9pocas de crisis econ\u00f3micas las empresas se ven obligadas frecuentemente a realizar una reducci\u00f3n de costos para poder subsistir. Pero esta reducci\u00f3n, muchas veces aplicada sin una proyecci\u00f3n estrat\u00e9gica, [&hellip;]\" \/>\n<meta property=\"og:url\" content=\"https:\/\/auren.com\/uy\/noticias\/205-gestion-de-costos\/\" \/>\n<meta property=\"og:site_name\" content=\"Auren Uruguay\" \/>\n<meta property=\"article:publisher\" content=\"https:\/\/www.facebook.com\/aurenuruguay\" \/>\n<meta property=\"og:image\" content=\"https:\/\/auren.com\/uy\/wp-content\/uploads\/2015\/02\/sass.jpg\" \/>\n\t<meta property=\"og:image:width\" content=\"2048\" \/>\n\t<meta property=\"og:image:height\" content=\"1365\" \/>\n\t<meta property=\"og:image:type\" content=\"image\/jpeg\" \/>\n<meta name=\"twitter:card\" content=\"summary_large_image\" \/>\n<meta name=\"twitter:site\" content=\"@AurenUruguay\" \/>\n<meta name=\"twitter:label1\" content=\"Tiempo de lectura\" \/>\n\t<meta name=\"twitter:data1\" content=\"3 minutos\" \/>\n<script type=\"application\/ld+json\" class=\"yoast-schema-graph\">{\"@context\":\"https:\\\/\\\/schema.org\",\"@graph\":[{\"@type\":\"WebPage\",\"@id\":\"https:\\\/\\\/auren.com\\\/uy\\\/noticias\\\/205-gestion-de-costos\\\/\",\"url\":\"https:\\\/\\\/auren.com\\\/uy\\\/noticias\\\/205-gestion-de-costos\\\/\",\"name\":\"205- GESTI\u00d3N DE COSTOS - Auren Uruguay\",\"isPartOf\":{\"@id\":\"https:\\\/\\\/auren.com\\\/uy\\\/#website\"},\"primaryImageOfPage\":{\"@id\":\"https:\\\/\\\/auren.com\\\/uy\\\/noticias\\\/205-gestion-de-costos\\\/#primaryimage\"},\"image\":{\"@id\":\"https:\\\/\\\/auren.com\\\/uy\\\/noticias\\\/205-gestion-de-costos\\\/#primaryimage\"},\"thumbnailUrl\":\"https:\\\/\\\/auren.com\\\/uy\\\/wp-content\\\/uploads\\\/2015\\\/02\\\/sass.jpg\",\"datePublished\":\"2015-02-01T09:22:00+00:00\",\"breadcrumb\":{\"@id\":\"https:\\\/\\\/auren.com\\\/uy\\\/noticias\\\/205-gestion-de-costos\\\/#breadcrumb\"},\"inLanguage\":\"es\",\"potentialAction\":[{\"@type\":\"ReadAction\",\"target\":[\"https:\\\/\\\/auren.com\\\/uy\\\/noticias\\\/205-gestion-de-costos\\\/\"]}]},{\"@type\":\"ImageObject\",\"inLanguage\":\"es\",\"@id\":\"https:\\\/\\\/auren.com\\\/uy\\\/noticias\\\/205-gestion-de-costos\\\/#primaryimage\",\"url\":\"https:\\\/\\\/auren.com\\\/uy\\\/wp-content\\\/uploads\\\/2015\\\/02\\\/sass.jpg\",\"contentUrl\":\"https:\\\/\\\/auren.com\\\/uy\\\/wp-content\\\/uploads\\\/2015\\\/02\\\/sass.jpg\",\"width\":2048,\"height\":1365},{\"@type\":\"BreadcrumbList\",\"@id\":\"https:\\\/\\\/auren.com\\\/uy\\\/noticias\\\/205-gestion-de-costos\\\/#breadcrumb\",\"itemListElement\":[{\"@type\":\"ListItem\",\"position\":1,\"name\":\"Portada\",\"item\":\"https:\\\/\\\/auren.com\\\/uy\\\/\"},{\"@type\":\"ListItem\",\"position\":2,\"name\":\"205- GESTI\u00d3N DE COSTOS\"}]},{\"@type\":\"WebSite\",\"@id\":\"https:\\\/\\\/auren.com\\\/uy\\\/#website\",\"url\":\"https:\\\/\\\/auren.com\\\/uy\\\/\",\"name\":\"Auren Uruguay\",\"description\":\"\",\"publisher\":{\"@id\":\"https:\\\/\\\/auren.com\\\/uy\\\/#organization\"},\"potentialAction\":[{\"@type\":\"SearchAction\",\"target\":{\"@type\":\"EntryPoint\",\"urlTemplate\":\"https:\\\/\\\/auren.com\\\/uy\\\/?s={search_term_string}\"},\"query-input\":{\"@type\":\"PropertyValueSpecification\",\"valueRequired\":true,\"valueName\":\"search_term_string\"}}],\"inLanguage\":\"es\"},{\"@type\":\"Organization\",\"@id\":\"https:\\\/\\\/auren.com\\\/uy\\\/#organization\",\"name\":\"Auren Uruguay\",\"url\":\"https:\\\/\\\/auren.com\\\/uy\\\/\",\"logo\":{\"@type\":\"ImageObject\",\"inLanguage\":\"es\",\"@id\":\"https:\\\/\\\/auren.com\\\/uy\\\/#\\\/schema\\\/logo\\\/image\\\/\",\"url\":\"https:\\\/\\\/auren.com\\\/uy\\\/wp-content\\\/uploads\\\/2025\\\/01\\\/cropped-cropped-favicon-Auren.png\",\"contentUrl\":\"https:\\\/\\\/auren.com\\\/uy\\\/wp-content\\\/uploads\\\/2025\\\/01\\\/cropped-cropped-favicon-Auren.png\",\"width\":512,\"height\":512,\"caption\":\"Auren Uruguay\"},\"image\":{\"@id\":\"https:\\\/\\\/auren.com\\\/uy\\\/#\\\/schema\\\/logo\\\/image\\\/\"},\"sameAs\":[\"https:\\\/\\\/www.facebook.com\\\/aurenuruguay\",\"https:\\\/\\\/x.com\\\/AurenUruguay\",\"https:\\\/\\\/www.linkedin.com\\\/company\\\/auren-uruguay\",\"https:\\\/\\\/www.youtube.com\\\/channel\\\/UClkpSYFfsAuqdTaVF5whedQ\",\"https:\\\/\\\/www.instagram.com\\\/aurenuruguay\\\/\"]}]}<\/script>\n<!-- \/ Yoast SEO plugin. -->","yoast_head_json":{"title":"205- GESTI\u00d3N DE COSTOS - Auren Uruguay","robots":{"index":"index","follow":"follow","max-snippet":"max-snippet:-1","max-image-preview":"max-image-preview:large","max-video-preview":"max-video-preview:-1"},"canonical":"https:\/\/auren.com\/uy\/noticias\/205-gestion-de-costos\/","og_locale":"es_ES","og_type":"article","og_title":"205- GESTI\u00d3N DE COSTOS - Auren Uruguay","og_description":"En \u00e9pocas de crisis econ\u00f3micas las empresas se ven obligadas frecuentemente a realizar una reducci\u00f3n de costos para poder subsistir. Pero esta reducci\u00f3n, muchas veces aplicada sin una proyecci\u00f3n estrat\u00e9gica, [&hellip;]","og_url":"https:\/\/auren.com\/uy\/noticias\/205-gestion-de-costos\/","og_site_name":"Auren Uruguay","article_publisher":"https:\/\/www.facebook.com\/aurenuruguay","og_image":[{"width":2048,"height":1365,"url":"https:\/\/auren.com\/uy\/wp-content\/uploads\/2015\/02\/sass.jpg","type":"image\/jpeg"}],"twitter_card":"summary_large_image","twitter_site":"@AurenUruguay","twitter_misc":{"Tiempo de lectura":"3 minutos"},"schema":{"@context":"https:\/\/schema.org","@graph":[{"@type":"WebPage","@id":"https:\/\/auren.com\/uy\/noticias\/205-gestion-de-costos\/","url":"https:\/\/auren.com\/uy\/noticias\/205-gestion-de-costos\/","name":"205- GESTI\u00d3N DE COSTOS - Auren Uruguay","isPartOf":{"@id":"https:\/\/auren.com\/uy\/#website"},"primaryImageOfPage":{"@id":"https:\/\/auren.com\/uy\/noticias\/205-gestion-de-costos\/#primaryimage"},"image":{"@id":"https:\/\/auren.com\/uy\/noticias\/205-gestion-de-costos\/#primaryimage"},"thumbnailUrl":"https:\/\/auren.com\/uy\/wp-content\/uploads\/2015\/02\/sass.jpg","datePublished":"2015-02-01T09:22:00+00:00","breadcrumb":{"@id":"https:\/\/auren.com\/uy\/noticias\/205-gestion-de-costos\/#breadcrumb"},"inLanguage":"es","potentialAction":[{"@type":"ReadAction","target":["https:\/\/auren.com\/uy\/noticias\/205-gestion-de-costos\/"]}]},{"@type":"ImageObject","inLanguage":"es","@id":"https:\/\/auren.com\/uy\/noticias\/205-gestion-de-costos\/#primaryimage","url":"https:\/\/auren.com\/uy\/wp-content\/uploads\/2015\/02\/sass.jpg","contentUrl":"https:\/\/auren.com\/uy\/wp-content\/uploads\/2015\/02\/sass.jpg","width":2048,"height":1365},{"@type":"BreadcrumbList","@id":"https:\/\/auren.com\/uy\/noticias\/205-gestion-de-costos\/#breadcrumb","itemListElement":[{"@type":"ListItem","position":1,"name":"Portada","item":"https:\/\/auren.com\/uy\/"},{"@type":"ListItem","position":2,"name":"205- GESTI\u00d3N DE COSTOS"}]},{"@type":"WebSite","@id":"https:\/\/auren.com\/uy\/#website","url":"https:\/\/auren.com\/uy\/","name":"Auren Uruguay","description":"","publisher":{"@id":"https:\/\/auren.com\/uy\/#organization"},"potentialAction":[{"@type":"SearchAction","target":{"@type":"EntryPoint","urlTemplate":"https:\/\/auren.com\/uy\/?s={search_term_string}"},"query-input":{"@type":"PropertyValueSpecification","valueRequired":true,"valueName":"search_term_string"}}],"inLanguage":"es"},{"@type":"Organization","@id":"https:\/\/auren.com\/uy\/#organization","name":"Auren Uruguay","url":"https:\/\/auren.com\/uy\/","logo":{"@type":"ImageObject","inLanguage":"es","@id":"https:\/\/auren.com\/uy\/#\/schema\/logo\/image\/","url":"https:\/\/auren.com\/uy\/wp-content\/uploads\/2025\/01\/cropped-cropped-favicon-Auren.png","contentUrl":"https:\/\/auren.com\/uy\/wp-content\/uploads\/2025\/01\/cropped-cropped-favicon-Auren.png","width":512,"height":512,"caption":"Auren Uruguay"},"image":{"@id":"https:\/\/auren.com\/uy\/#\/schema\/logo\/image\/"},"sameAs":["https:\/\/www.facebook.com\/aurenuruguay","https:\/\/x.com\/AurenUruguay","https:\/\/www.linkedin.com\/company\/auren-uruguay","https:\/\/www.youtube.com\/channel\/UClkpSYFfsAuqdTaVF5whedQ","https:\/\/www.instagram.com\/aurenuruguay\/"]}]}},"_links":{"self":[{"href":"https:\/\/auren.com\/uy\/wp-json\/wp\/v2\/new\/11323","targetHints":{"allow":["GET"]}}],"collection":[{"href":"https:\/\/auren.com\/uy\/wp-json\/wp\/v2\/new"}],"about":[{"href":"https:\/\/auren.com\/uy\/wp-json\/wp\/v2\/types\/new"}],"version-history":[{"count":0,"href":"https:\/\/auren.com\/uy\/wp-json\/wp\/v2\/new\/11323\/revisions"}],"wp:featuredmedia":[{"embeddable":true,"href":"https:\/\/auren.com\/uy\/wp-json\/wp\/v2\/media\/11324"}],"wp:attachment":[{"href":"https:\/\/auren.com\/uy\/wp-json\/wp\/v2\/media?parent=11323"}],"wp:term":[{"taxonomy":"new-category","embeddable":true,"href":"https:\/\/auren.com\/uy\/wp-json\/wp\/v2\/new-category?post=11323"}],"curies":[{"name":"wp","href":"https:\/\/api.w.org\/{rel}","templated":true}]}}