{"id":11329,"date":"2015-01-23T15:18:26","date_gmt":"2015-01-23T14:18:26","guid":{"rendered":"https:\/\/auren.com\/uy\/new\/208-ano-nuevo-valores-y-beneficios-nuevos\/"},"modified":"2015-01-23T15:18:26","modified_gmt":"2015-01-23T14:18:26","slug":"208-ano-nuevo-valores-y-beneficios-nuevos","status":"publish","type":"new","link":"https:\/\/auren.com\/uy\/noticias\/208-ano-nuevo-valores-y-beneficios-nuevos\/","title":{"rendered":"208- A\u00d1O NUEVO, VALORES Y BENEFICIOS  NUEVOS"},"content":{"rendered":"<p class=\"has-text-align-justify\">El arranque del nuevo a\u00f1o trae algunas novedades significativas en lo que tiene que ver con nuevos beneficios a los trabajadores y actualizaci\u00f3n de valores que afectan las remuneraciones.<\/p>\n<p class=\"has-text-align-justify has-vivid-red-color has-text-color\" style=\"font-size:25px\"><strong>INACTIVIDAD COMPENSADA POR PATERNIDAD<\/strong><\/p>\n<p class=\"has-text-align-justify\">De acuerdo a lo establecido en el decreto reglamentario de la <strong>Ley N\u00b0 19.161<\/strong> a partir del 1\u00ba de Enero de 2015 se ampl\u00edan los plazos del subsidio, los padres podr\u00e1n gozar de <strong>7<\/strong> <strong>d\u00edas<\/strong> continuos de licencia.<\/p>\n<p class=\"has-text-align-justify\">En caso de ser dependientes de acuerdo a la ley de licencias especiales (Ley N\u00ba 18.345) ya contaban con 3 d\u00edas de licencia por lo que a partir de ahora tendr\u00e1n <strong>10 d\u00edas<\/strong> incluyendo el d\u00eda del parto. Esta licencia se gozar\u00e1 inmediatamente despu\u00e9s de gozada la licencia especial.<\/p>\n<p class=\"has-text-align-justify\">\u00a0\u00a0El BPS les pagar\u00e1 el promedio diario de los \u00faltimos seis meses m\u00e1s la cuota parte de aguinaldo, licencia y salario vacacional. Para los trabajadores independientes el promedio diario de sus asignaciones computables de los \u00faltimos doce meses.<\/p>\n<p class=\"has-text-align-justify\">Para recibir el subsidio el interesado deber\u00e1 presentar ante el BPS el certificado m\u00e9dico correspondiente o testimonio de la partida de nacimiento de su hijo\/a.<\/p>\n<p class=\"has-text-align-justify has-vivid-red-color has-text-color\" style=\"font-size:25px\"><strong>SUBSIDIOS PARA CUIDADOS<\/strong><\/p>\n<p class=\"has-text-align-justify\">La <strong>Ley N\u00b0 19.161<\/strong> tambi\u00e9n establece que una vez finalizado el subsidio por maternidad ya sea la madre o el padre tendr\u00e1n derecho a un subsidio para el cuidado del reci\u00e9n nacido. A partir del 1\u00ba de enero de 2015 se extiende el plazo de este subsidio \u00a0<strong>hasta que el hijo cumpla los cinco meses de edad<\/strong>. Se puede gozar en forma alternada e indistinta.<\/p>\n<p class=\"has-text-align-justify\">El subsidio consistir\u00e1 en la <strong>reducci\u00f3n de la jornada laboral a la mitad de su horario<\/strong> y no podr\u00e1 superar las cuatro horas diarias. Percibir\u00e1n la mitad del importe previsto para el subsidio por maternidad o paternidad.<\/p>\n<p class=\"has-text-align-justify has-vivid-red-color has-text-color\" style=\"font-size:25px\"><strong>RETENCIONES SALARIALES<\/strong><\/p>\n<p class=\"has-text-align-justify\">La ley de retenciones salariales (<strong>Ley N\u00ba 17.829<\/strong>) establec\u00eda que ninguna persona podr\u00eda percibir en efectivo menos del 30% de su salario nominal o pasividad \u00a0deducido los aportes a la seguridad social e IRPF.<\/p>\n<p class=\"has-text-align-justify\">Con la promulgaci\u00f3n de la Ley de Inclusi\u00f3n Financiera se modific\u00f3 el art\u00edculo de la ley de Retenciones Salariales referentes al m\u00ednimo intangible que puede recibir cada trabajador.<\/p>\n<p class=\"has-text-align-justify\">El nuevo art\u00edculo establece que a partir del 1\u00ba de Enero de 2015 el <strong>m\u00ednimo intangible pasa a ser del 35%<\/strong>, excepto para garant\u00edas de alquiler, cr\u00e9ditos de n\u00f3mina y actos cooperativos que se mantendr\u00e1n en el 30%.<\/p>\n<p class=\"has-text-align-justify\">Se establece un nuevo orden de prioridad de retenciones con el fin de poder garantizar el m\u00ednimo estipulado:<\/p>\n<p class=\"has-text-align-justify\">1\u00ba &#8211; Pensiones Alimenticias<\/p>\n<p class=\"has-text-align-justify\">2\u00ba &#8211; Servicio de Garant\u00eda de alquileres de la Contadur\u00eda Gral. de la Naci\u00f3n u otras entidades habilitadas<\/p>\n<p class=\"has-text-align-justify\">3\u00ba &#8211; Cuota Sindical<\/p>\n<p class=\"has-text-align-justify\">4\u00ba &#8211; Cr\u00e9dito Social del BROU<\/p>\n<p class=\"has-text-align-justify\">5\u00ba &#8211; BHU<\/p>\n<p class=\"has-text-align-justify\">6\u00ba &#8211; Seguros de Vida<\/p>\n<p class=\"has-text-align-justify\">7\u00ba &#8211; Asistencia m\u00e9dica prepaga para todos los funcionarios (p\u00fablicos y privados)<\/p>\n<p class=\"has-text-align-justify has-vivid-red-color has-text-color\" style=\"font-size:25px\"><strong>NUEVA BASE DE PRESTACIONES Y CONTRIBUCIONES\u00a0 (BPC)<\/strong><\/p>\n<p class=\"has-text-align-justify\">Como cada 1\u00ba de enero el Poder Ejecutivo ajust\u00f3 el valor de la BPC. El incremento ser\u00e1 del 8.26% por lo que pasar\u00e1 de $2.819 a $3.052. En esta oportunidad y como lo hizo el a\u00f1o anterior se ajust\u00f3 por el \u00cdndice de Precios al Consumo (IPC) y no por el \u00cdndice Medio de Salarios (IMS) pudiendo alcanzar as\u00ed a m\u00e1s contribuyentes.<\/p>\n<p class=\"has-text-align-justify\">La BPC determina las distintas escalas por las cuales se gravar\u00e1n los ingresos para IRPF,\u00a0 en consecuencia aumenta el M\u00ednimo No Imponible del mismo pasando de $19.733 a $21.364. Por lo que salarios inferiores a este monto no tributar\u00e1n IRPF. Y los comprendidos entre $21.364 y $30.520 tributaran al 10%.<\/p>\n<p class=\"has-text-align-justify\">La nueva BPC tambi\u00e9n determina los valores de las deducciones. La deducci\u00f3n mensual por hijo menor a cargo pasar\u00e1 de $3.053 a $3.306. En caso de ser discapacitado sin importar la edad pasar\u00e1 de $6.107 a\u00a0 $6.613.<\/p>\n<p class=\"has-text-align-justify\">Estos puntos denotan los principales cambios que comienzan a regir en materia laboral a partir del a\u00f1o 2015.<\/p>\n<p><!-- AddThis Advanced Settings generic via filter on the_content --><!-- AddThis Share Buttons generic via filter on the_content --><\/p>\n","protected":false},"excerpt":{"rendered":"<p>El arranque del nuevo a\u00f1o trae algunas novedades significativas en lo que tiene que ver con nuevos beneficios a los trabajadores y actualizaci\u00f3n de valores que afectan las remuneraciones. INACTIVIDAD [&hellip;]<\/p>\n","protected":false},"featured_media":11330,"template":"","meta":{"_acf_changed":false,"footnotes":""},"new-category":[],"class_list":["post-11329","new","type-new","status-publish","has-post-thumbnail","hentry"],"acf":[],"yoast_head":"<!-- This site is optimized with the Yoast SEO plugin v27.5 - https:\/\/yoast.com\/product\/yoast-seo-wordpress\/ -->\n<title>208- A\u00d1O NUEVO, VALORES Y BENEFICIOS NUEVOS - Auren Uruguay<\/title>\n<meta name=\"robots\" content=\"index, follow, max-snippet:-1, max-image-preview:large, max-video-preview:-1\" \/>\n<link rel=\"canonical\" href=\"https:\/\/auren.com\/uy\/noticias\/208-ano-nuevo-valores-y-beneficios-nuevos\/\" \/>\n<meta property=\"og:locale\" content=\"es_ES\" \/>\n<meta property=\"og:type\" content=\"article\" \/>\n<meta property=\"og:title\" content=\"208- A\u00d1O NUEVO, VALORES Y BENEFICIOS NUEVOS - Auren Uruguay\" \/>\n<meta property=\"og:description\" content=\"El arranque del nuevo a\u00f1o trae algunas novedades significativas en lo que tiene que ver con nuevos beneficios a los trabajadores y actualizaci\u00f3n de valores que afectan las remuneraciones. INACTIVIDAD [&hellip;]\" \/>\n<meta property=\"og:url\" content=\"https:\/\/auren.com\/uy\/noticias\/208-ano-nuevo-valores-y-beneficios-nuevos\/\" \/>\n<meta property=\"og:site_name\" content=\"Auren Uruguay\" \/>\n<meta property=\"article:publisher\" content=\"https:\/\/www.facebook.com\/aurenuruguay\" \/>\n<meta property=\"og:image\" content=\"https:\/\/auren.com\/uy\/wp-content\/uploads\/2015\/01\/nolll.jpeg\" \/>\n\t<meta property=\"og:image:width\" content=\"2104\" \/>\n\t<meta property=\"og:image:height\" content=\"1400\" \/>\n\t<meta property=\"og:image:type\" content=\"image\/jpeg\" \/>\n<meta name=\"twitter:card\" content=\"summary_large_image\" \/>\n<meta name=\"twitter:site\" content=\"@AurenUruguay\" \/>\n<meta name=\"twitter:label1\" content=\"Tiempo de lectura\" \/>\n\t<meta name=\"twitter:data1\" content=\"3 minutos\" \/>\n<script type=\"application\/ld+json\" class=\"yoast-schema-graph\">{\"@context\":\"https:\\\/\\\/schema.org\",\"@graph\":[{\"@type\":\"WebPage\",\"@id\":\"https:\\\/\\\/auren.com\\\/uy\\\/noticias\\\/208-ano-nuevo-valores-y-beneficios-nuevos\\\/\",\"url\":\"https:\\\/\\\/auren.com\\\/uy\\\/noticias\\\/208-ano-nuevo-valores-y-beneficios-nuevos\\\/\",\"name\":\"208- A\u00d1O NUEVO, VALORES Y BENEFICIOS NUEVOS - Auren Uruguay\",\"isPartOf\":{\"@id\":\"https:\\\/\\\/auren.com\\\/uy\\\/#website\"},\"primaryImageOfPage\":{\"@id\":\"https:\\\/\\\/auren.com\\\/uy\\\/noticias\\\/208-ano-nuevo-valores-y-beneficios-nuevos\\\/#primaryimage\"},\"image\":{\"@id\":\"https:\\\/\\\/auren.com\\\/uy\\\/noticias\\\/208-ano-nuevo-valores-y-beneficios-nuevos\\\/#primaryimage\"},\"thumbnailUrl\":\"https:\\\/\\\/auren.com\\\/uy\\\/wp-content\\\/uploads\\\/2015\\\/01\\\/nolll.jpeg\",\"datePublished\":\"2015-01-23T14:18:26+00:00\",\"breadcrumb\":{\"@id\":\"https:\\\/\\\/auren.com\\\/uy\\\/noticias\\\/208-ano-nuevo-valores-y-beneficios-nuevos\\\/#breadcrumb\"},\"inLanguage\":\"es\",\"potentialAction\":[{\"@type\":\"ReadAction\",\"target\":[\"https:\\\/\\\/auren.com\\\/uy\\\/noticias\\\/208-ano-nuevo-valores-y-beneficios-nuevos\\\/\"]}]},{\"@type\":\"ImageObject\",\"inLanguage\":\"es\",\"@id\":\"https:\\\/\\\/auren.com\\\/uy\\\/noticias\\\/208-ano-nuevo-valores-y-beneficios-nuevos\\\/#primaryimage\",\"url\":\"https:\\\/\\\/auren.com\\\/uy\\\/wp-content\\\/uploads\\\/2015\\\/01\\\/nolll.jpeg\",\"contentUrl\":\"https:\\\/\\\/auren.com\\\/uy\\\/wp-content\\\/uploads\\\/2015\\\/01\\\/nolll.jpeg\",\"width\":2104,\"height\":1400},{\"@type\":\"BreadcrumbList\",\"@id\":\"https:\\\/\\\/auren.com\\\/uy\\\/noticias\\\/208-ano-nuevo-valores-y-beneficios-nuevos\\\/#breadcrumb\",\"itemListElement\":[{\"@type\":\"ListItem\",\"position\":1,\"name\":\"Portada\",\"item\":\"https:\\\/\\\/auren.com\\\/uy\\\/\"},{\"@type\":\"ListItem\",\"position\":2,\"name\":\"208- A\u00d1O NUEVO, VALORES Y BENEFICIOS NUEVOS\"}]},{\"@type\":\"WebSite\",\"@id\":\"https:\\\/\\\/auren.com\\\/uy\\\/#website\",\"url\":\"https:\\\/\\\/auren.com\\\/uy\\\/\",\"name\":\"Auren Uruguay\",\"description\":\"\",\"publisher\":{\"@id\":\"https:\\\/\\\/auren.com\\\/uy\\\/#organization\"},\"potentialAction\":[{\"@type\":\"SearchAction\",\"target\":{\"@type\":\"EntryPoint\",\"urlTemplate\":\"https:\\\/\\\/auren.com\\\/uy\\\/?s={search_term_string}\"},\"query-input\":{\"@type\":\"PropertyValueSpecification\",\"valueRequired\":true,\"valueName\":\"search_term_string\"}}],\"inLanguage\":\"es\"},{\"@type\":\"Organization\",\"@id\":\"https:\\\/\\\/auren.com\\\/uy\\\/#organization\",\"name\":\"Auren Uruguay\",\"url\":\"https:\\\/\\\/auren.com\\\/uy\\\/\",\"logo\":{\"@type\":\"ImageObject\",\"inLanguage\":\"es\",\"@id\":\"https:\\\/\\\/auren.com\\\/uy\\\/#\\\/schema\\\/logo\\\/image\\\/\",\"url\":\"https:\\\/\\\/auren.com\\\/uy\\\/wp-content\\\/uploads\\\/2025\\\/01\\\/cropped-cropped-favicon-Auren.png\",\"contentUrl\":\"https:\\\/\\\/auren.com\\\/uy\\\/wp-content\\\/uploads\\\/2025\\\/01\\\/cropped-cropped-favicon-Auren.png\",\"width\":512,\"height\":512,\"caption\":\"Auren Uruguay\"},\"image\":{\"@id\":\"https:\\\/\\\/auren.com\\\/uy\\\/#\\\/schema\\\/logo\\\/image\\\/\"},\"sameAs\":[\"https:\\\/\\\/www.facebook.com\\\/aurenuruguay\",\"https:\\\/\\\/x.com\\\/AurenUruguay\",\"https:\\\/\\\/www.linkedin.com\\\/company\\\/auren-uruguay\",\"https:\\\/\\\/www.youtube.com\\\/channel\\\/UClkpSYFfsAuqdTaVF5whedQ\",\"https:\\\/\\\/www.instagram.com\\\/aurenuruguay\\\/\"]}]}<\/script>\n<!-- \/ Yoast SEO plugin. -->","yoast_head_json":{"title":"208- A\u00d1O NUEVO, VALORES Y BENEFICIOS NUEVOS - Auren Uruguay","robots":{"index":"index","follow":"follow","max-snippet":"max-snippet:-1","max-image-preview":"max-image-preview:large","max-video-preview":"max-video-preview:-1"},"canonical":"https:\/\/auren.com\/uy\/noticias\/208-ano-nuevo-valores-y-beneficios-nuevos\/","og_locale":"es_ES","og_type":"article","og_title":"208- A\u00d1O NUEVO, VALORES Y BENEFICIOS NUEVOS - Auren Uruguay","og_description":"El arranque del nuevo a\u00f1o trae algunas novedades significativas en lo que tiene que ver con nuevos beneficios a los trabajadores y actualizaci\u00f3n de valores que afectan las remuneraciones. INACTIVIDAD [&hellip;]","og_url":"https:\/\/auren.com\/uy\/noticias\/208-ano-nuevo-valores-y-beneficios-nuevos\/","og_site_name":"Auren Uruguay","article_publisher":"https:\/\/www.facebook.com\/aurenuruguay","og_image":[{"width":2104,"height":1400,"url":"https:\/\/auren.com\/uy\/wp-content\/uploads\/2015\/01\/nolll.jpeg","type":"image\/jpeg"}],"twitter_card":"summary_large_image","twitter_site":"@AurenUruguay","twitter_misc":{"Tiempo de lectura":"3 minutos"},"schema":{"@context":"https:\/\/schema.org","@graph":[{"@type":"WebPage","@id":"https:\/\/auren.com\/uy\/noticias\/208-ano-nuevo-valores-y-beneficios-nuevos\/","url":"https:\/\/auren.com\/uy\/noticias\/208-ano-nuevo-valores-y-beneficios-nuevos\/","name":"208- A\u00d1O NUEVO, VALORES Y BENEFICIOS NUEVOS - Auren Uruguay","isPartOf":{"@id":"https:\/\/auren.com\/uy\/#website"},"primaryImageOfPage":{"@id":"https:\/\/auren.com\/uy\/noticias\/208-ano-nuevo-valores-y-beneficios-nuevos\/#primaryimage"},"image":{"@id":"https:\/\/auren.com\/uy\/noticias\/208-ano-nuevo-valores-y-beneficios-nuevos\/#primaryimage"},"thumbnailUrl":"https:\/\/auren.com\/uy\/wp-content\/uploads\/2015\/01\/nolll.jpeg","datePublished":"2015-01-23T14:18:26+00:00","breadcrumb":{"@id":"https:\/\/auren.com\/uy\/noticias\/208-ano-nuevo-valores-y-beneficios-nuevos\/#breadcrumb"},"inLanguage":"es","potentialAction":[{"@type":"ReadAction","target":["https:\/\/auren.com\/uy\/noticias\/208-ano-nuevo-valores-y-beneficios-nuevos\/"]}]},{"@type":"ImageObject","inLanguage":"es","@id":"https:\/\/auren.com\/uy\/noticias\/208-ano-nuevo-valores-y-beneficios-nuevos\/#primaryimage","url":"https:\/\/auren.com\/uy\/wp-content\/uploads\/2015\/01\/nolll.jpeg","contentUrl":"https:\/\/auren.com\/uy\/wp-content\/uploads\/2015\/01\/nolll.jpeg","width":2104,"height":1400},{"@type":"BreadcrumbList","@id":"https:\/\/auren.com\/uy\/noticias\/208-ano-nuevo-valores-y-beneficios-nuevos\/#breadcrumb","itemListElement":[{"@type":"ListItem","position":1,"name":"Portada","item":"https:\/\/auren.com\/uy\/"},{"@type":"ListItem","position":2,"name":"208- A\u00d1O NUEVO, VALORES Y BENEFICIOS NUEVOS"}]},{"@type":"WebSite","@id":"https:\/\/auren.com\/uy\/#website","url":"https:\/\/auren.com\/uy\/","name":"Auren Uruguay","description":"","publisher":{"@id":"https:\/\/auren.com\/uy\/#organization"},"potentialAction":[{"@type":"SearchAction","target":{"@type":"EntryPoint","urlTemplate":"https:\/\/auren.com\/uy\/?s={search_term_string}"},"query-input":{"@type":"PropertyValueSpecification","valueRequired":true,"valueName":"search_term_string"}}],"inLanguage":"es"},{"@type":"Organization","@id":"https:\/\/auren.com\/uy\/#organization","name":"Auren Uruguay","url":"https:\/\/auren.com\/uy\/","logo":{"@type":"ImageObject","inLanguage":"es","@id":"https:\/\/auren.com\/uy\/#\/schema\/logo\/image\/","url":"https:\/\/auren.com\/uy\/wp-content\/uploads\/2025\/01\/cropped-cropped-favicon-Auren.png","contentUrl":"https:\/\/auren.com\/uy\/wp-content\/uploads\/2025\/01\/cropped-cropped-favicon-Auren.png","width":512,"height":512,"caption":"Auren Uruguay"},"image":{"@id":"https:\/\/auren.com\/uy\/#\/schema\/logo\/image\/"},"sameAs":["https:\/\/www.facebook.com\/aurenuruguay","https:\/\/x.com\/AurenUruguay","https:\/\/www.linkedin.com\/company\/auren-uruguay","https:\/\/www.youtube.com\/channel\/UClkpSYFfsAuqdTaVF5whedQ","https:\/\/www.instagram.com\/aurenuruguay\/"]}]}},"_links":{"self":[{"href":"https:\/\/auren.com\/uy\/wp-json\/wp\/v2\/new\/11329","targetHints":{"allow":["GET"]}}],"collection":[{"href":"https:\/\/auren.com\/uy\/wp-json\/wp\/v2\/new"}],"about":[{"href":"https:\/\/auren.com\/uy\/wp-json\/wp\/v2\/types\/new"}],"version-history":[{"count":0,"href":"https:\/\/auren.com\/uy\/wp-json\/wp\/v2\/new\/11329\/revisions"}],"wp:featuredmedia":[{"embeddable":true,"href":"https:\/\/auren.com\/uy\/wp-json\/wp\/v2\/media\/11330"}],"wp:attachment":[{"href":"https:\/\/auren.com\/uy\/wp-json\/wp\/v2\/media?parent=11329"}],"wp:term":[{"taxonomy":"new-category","embeddable":true,"href":"https:\/\/auren.com\/uy\/wp-json\/wp\/v2\/new-category?post=11329"}],"curies":[{"name":"wp","href":"https:\/\/api.w.org\/{rel}","templated":true}]}}