{"id":11335,"date":"2015-01-09T15:27:03","date_gmt":"2015-01-09T14:27:03","guid":{"rendered":"https:\/\/auren.com\/uy\/new\/206-el-acuerdo-de-intercambio-de-informacion-entre-uruguay-y-brasil-ya-es-ley\/"},"modified":"2015-01-09T15:27:03","modified_gmt":"2015-01-09T14:27:03","slug":"206-el-acuerdo-de-intercambio-de-informacion-entre-uruguay-y-brasil-ya-es-ley","status":"publish","type":"new","link":"https:\/\/auren.com\/uy\/noticias\/206-el-acuerdo-de-intercambio-de-informacion-entre-uruguay-y-brasil-ya-es-ley\/","title":{"rendered":"206- EL ACUERDO DE INTERCAMBIO DE INFORMACI\u00d3N ENTRE URUGUAY Y BRASIL YA ES LEY"},"content":{"rendered":"<p class=\"has-text-align-justify\">A m\u00e1s de dos a\u00f1os de la elaboraci\u00f3n del texto del Acuerdo preliminar, el pasado 29\/12\/2014 se public\u00f3 la <strong>Ley N\u00ba 19.303<\/strong> mediante la cual se aprueba el Acuerdo para el <strong>Intercambio de Informaci\u00f3n<\/strong> entre <strong>Uruguay y Brasil<\/strong>.<\/p>\n<p class=\"has-text-align-justify\">Como se recordar\u00e1, no es este el primer convenio que celebra Uruguay con pa\u00edses vecinos, ya que desde el pasado 7\/2\/2013 se encuentre vigente el Acuerdo relativo al <strong>Intercambio de Informaci\u00f3n Tributaria<\/strong> con<strong> Argentina, <\/strong>el cual en sus principales aspectos es muy similar al firmado recientemente con Brasil, y que comentaremos brevemente a continuaci\u00f3n.<\/p>\n<p class=\"has-text-align-justify has-vivid-red-color has-text-color\" style=\"font-size:25px\"><strong>Principales caracter\u00edsticas<\/strong><\/p>\n<p class=\"has-text-align-justify\">Los Estados contratantes (Brasil y Uruguay en este caso) se comprometen a prestarse asistencia mediante el intercambio de informaci\u00f3n que obre en poder de <strong>bancos<\/strong>, as\u00ed como la relativa a la propiedad de <strong>todo tipo de sociedades<\/strong> <strong>y personas<\/strong> que componen una cadena de propiedad, con excepci\u00f3n de la relativa a las sociedades que cotizan en Bolsa o fondos o planes de inversi\u00f3n. La informaci\u00f3n solicitada ser\u00e1 aquella que pueda resultar de inter\u00e9s para la administraci\u00f3n de los tributos vigentes en ambos Estados. El Acuerdo no obliga a ninguna de las partes a facilitar informaci\u00f3n que no obre en poder de sus autoridades o bajo el control de personas que se hallen en su jurisdicci\u00f3n territorial.<\/p>\n<p class=\"has-text-align-justify has-vivid-red-color has-text-color\" style=\"font-size:25px\"><strong>Requerimiento previo y Respuesta<\/strong><\/p>\n<p class=\"has-text-align-justify\">La solicitud de informaci\u00f3n deber\u00e1 basarse en motivos concretos que el Estado requirente deber\u00e1 declarar al Estado del cual solicita la informaci\u00f3n, debiendo a estos efectos detallar, como forma de demostrar el inter\u00e9s de la informaci\u00f3n solicitada entre otros datos: la identidad de la persona sometida a inspecci\u00f3n; la forma en la que se desea recibir la informaci\u00f3n (puede ser declaraciones de testigos, copias autenticadas de documentos originales y la realizaci\u00f3n de inspecciones fiscales en el extranjero); la finalidad fiscal de la informaci\u00f3n solicitada; los motivos que hacen pensar que dicha informaci\u00f3n se encuentra en poder del Estado al cual se le realiza la solicitud; una declaraci\u00f3n de que el Estado que solicita la informaci\u00f3n ha utilizado todos los medios disponibles en su propio territorio para obtenerla, entre otros. No se exigir\u00e1 la presentaci\u00f3n de informaci\u00f3n alguna cuando la misma no se fundamente adecuadamente, o cuando se realice con el \u00fanico prop\u00f3sito de la simple recolecci\u00f3n de datos con car\u00e1cter especulativo (\u201cfishing expeditions\u201d). \u00a0<\/p>\n<p class=\"has-text-align-justify\">El Estado requerido deber\u00e1 enviar la informaci\u00f3n solicitada tan pronto como sea posible, debiendo a estos efectos acusar recibo por escrito del requerimiento. Si no le es posible proporcionarla en un plazo de <strong>90 d\u00edas<\/strong> a partir de la recepci\u00f3n del pedido, deber\u00e1 informar al Estado requirente las razones por las cuales no le es posible obtener la informaci\u00f3n solicitada o los motivos de la negativa, en caso de contar con los datos pero negarse a proporcionarlos.<\/p>\n<p class=\"has-text-align-justify\">Toda informaci\u00f3n recibida ser\u00e1 <strong>confidencial<\/strong> y no podr\u00e1 comunicarse a ninguna otra persona, entidad o autoridad sin el expreso consentimiento por escrito de la autoridad competente del Estado requerido (en el caso de Uruguay el Ministerio de Econom\u00eda y Finanzas).<\/p>\n<p class=\"has-text-align-justify has-vivid-red-color has-text-color\" style=\"font-size:25px\"><strong>Corolario<\/strong><\/p>\n<p class=\"has-text-align-justify\">La firma de este tipo de Acuerdos no surge por iniciativa de Uruguay sino por presiones del exterior, ya que al mantener nuestro sistema tributario el principio de la fuente \u2013aunque con algunas excepciones-, muy dif\u00edcilmente el fisco de nuestro pa\u00eds pueda requerir informaci\u00f3n de contribuyentes en el exterior con fines recaudatorios. Por lo que estos Acuerdos significan significan para las autoridades locales una mayor carga administrativa derivada del trabajo que insume la preparaci\u00f3n de las solicitudes de informaci\u00f3n provenientes del exterior.<\/p>\n<p class=\"has-text-align-justify\">Como contrapartida, a nuestro pa\u00eds le es conveniente que estos Acuerdos se firmen\u00a0 junto con un <strong>Convenio para Evitar la Doble Imposici\u00f3n<\/strong>, como forma de atraer inversiones al pa\u00eds. En el caso de <strong>Argentina ambos Acuerdos se firmaron en el mismo momento<\/strong>, pero en el caso de <strong>Brasil, el Convenio para Evitar la Doble Imposici\u00f3n se posterg\u00f3 para m\u00e1s adelante<\/strong>, comprometi\u00e9ndose las partes a concluirlo en un plazo m\u00e1ximo de <strong>dos a\u00f1os<\/strong> a partir de la entrada en vigencia del presente Acuerdo de Intercambio de Informaci\u00f3n.<\/p>\n<p><!-- AddThis Advanced Settings generic via filter on the_content --><!-- AddThis Share Buttons generic via filter on the_content --><\/p>\n","protected":false},"excerpt":{"rendered":"<p>A m\u00e1s de dos a\u00f1os de la elaboraci\u00f3n del texto del Acuerdo preliminar, el pasado 29\/12\/2014 se public\u00f3 la Ley N\u00ba 19.303 mediante la cual se aprueba el Acuerdo para [&hellip;]<\/p>\n","protected":false},"featured_media":11336,"template":"","meta":{"_acf_changed":false,"footnotes":""},"new-category":[],"class_list":["post-11335","new","type-new","status-publish","has-post-thumbnail","hentry"],"acf":[],"yoast_head":"<!-- This site is optimized with the Yoast SEO plugin v27.5 - https:\/\/yoast.com\/product\/yoast-seo-wordpress\/ -->\n<title>206- EL ACUERDO DE INTERCAMBIO DE INFORMACI\u00d3N ENTRE URUGUAY Y BRASIL YA ES LEY - Auren Uruguay<\/title>\n<meta name=\"robots\" content=\"index, follow, max-snippet:-1, max-image-preview:large, max-video-preview:-1\" \/>\n<link rel=\"canonical\" href=\"https:\/\/auren.com\/uy\/noticias\/206-el-acuerdo-de-intercambio-de-informacion-entre-uruguay-y-brasil-ya-es-ley\/\" \/>\n<meta property=\"og:locale\" content=\"es_ES\" \/>\n<meta property=\"og:type\" content=\"article\" \/>\n<meta property=\"og:title\" content=\"206- EL ACUERDO DE INTERCAMBIO DE INFORMACI\u00d3N ENTRE URUGUAY Y BRASIL YA ES LEY - Auren Uruguay\" \/>\n<meta property=\"og:description\" content=\"A m\u00e1s de dos a\u00f1os de la elaboraci\u00f3n del texto del Acuerdo preliminar, el pasado 29\/12\/2014 se public\u00f3 la Ley N\u00ba 19.303 mediante la cual se aprueba el Acuerdo para [&hellip;]\" \/>\n<meta property=\"og:url\" content=\"https:\/\/auren.com\/uy\/noticias\/206-el-acuerdo-de-intercambio-de-informacion-entre-uruguay-y-brasil-ya-es-ley\/\" \/>\n<meta property=\"og:site_name\" content=\"Auren Uruguay\" \/>\n<meta property=\"article:publisher\" content=\"https:\/\/www.facebook.com\/aurenuruguay\" \/>\n<meta property=\"og:image\" content=\"https:\/\/auren.com\/uy\/wp-content\/uploads\/2015\/01\/taxholi.jpg\" \/>\n\t<meta property=\"og:image:width\" content=\"2048\" \/>\n\t<meta property=\"og:image:height\" content=\"1365\" \/>\n\t<meta property=\"og:image:type\" content=\"image\/jpeg\" \/>\n<meta name=\"twitter:card\" content=\"summary_large_image\" \/>\n<meta name=\"twitter:site\" content=\"@AurenUruguay\" \/>\n<meta name=\"twitter:label1\" content=\"Tiempo de lectura\" \/>\n\t<meta name=\"twitter:data1\" content=\"4 minutos\" \/>\n<script type=\"application\/ld+json\" class=\"yoast-schema-graph\">{\"@context\":\"https:\\\/\\\/schema.org\",\"@graph\":[{\"@type\":\"WebPage\",\"@id\":\"https:\\\/\\\/auren.com\\\/uy\\\/noticias\\\/206-el-acuerdo-de-intercambio-de-informacion-entre-uruguay-y-brasil-ya-es-ley\\\/\",\"url\":\"https:\\\/\\\/auren.com\\\/uy\\\/noticias\\\/206-el-acuerdo-de-intercambio-de-informacion-entre-uruguay-y-brasil-ya-es-ley\\\/\",\"name\":\"206- EL ACUERDO DE INTERCAMBIO DE INFORMACI\u00d3N ENTRE URUGUAY Y BRASIL YA ES LEY - Auren Uruguay\",\"isPartOf\":{\"@id\":\"https:\\\/\\\/auren.com\\\/uy\\\/#website\"},\"primaryImageOfPage\":{\"@id\":\"https:\\\/\\\/auren.com\\\/uy\\\/noticias\\\/206-el-acuerdo-de-intercambio-de-informacion-entre-uruguay-y-brasil-ya-es-ley\\\/#primaryimage\"},\"image\":{\"@id\":\"https:\\\/\\\/auren.com\\\/uy\\\/noticias\\\/206-el-acuerdo-de-intercambio-de-informacion-entre-uruguay-y-brasil-ya-es-ley\\\/#primaryimage\"},\"thumbnailUrl\":\"https:\\\/\\\/auren.com\\\/uy\\\/wp-content\\\/uploads\\\/2015\\\/01\\\/taxholi.jpg\",\"datePublished\":\"2015-01-09T14:27:03+00:00\",\"breadcrumb\":{\"@id\":\"https:\\\/\\\/auren.com\\\/uy\\\/noticias\\\/206-el-acuerdo-de-intercambio-de-informacion-entre-uruguay-y-brasil-ya-es-ley\\\/#breadcrumb\"},\"inLanguage\":\"es\",\"potentialAction\":[{\"@type\":\"ReadAction\",\"target\":[\"https:\\\/\\\/auren.com\\\/uy\\\/noticias\\\/206-el-acuerdo-de-intercambio-de-informacion-entre-uruguay-y-brasil-ya-es-ley\\\/\"]}]},{\"@type\":\"ImageObject\",\"inLanguage\":\"es\",\"@id\":\"https:\\\/\\\/auren.com\\\/uy\\\/noticias\\\/206-el-acuerdo-de-intercambio-de-informacion-entre-uruguay-y-brasil-ya-es-ley\\\/#primaryimage\",\"url\":\"https:\\\/\\\/auren.com\\\/uy\\\/wp-content\\\/uploads\\\/2015\\\/01\\\/taxholi.jpg\",\"contentUrl\":\"https:\\\/\\\/auren.com\\\/uy\\\/wp-content\\\/uploads\\\/2015\\\/01\\\/taxholi.jpg\",\"width\":2048,\"height\":1365},{\"@type\":\"BreadcrumbList\",\"@id\":\"https:\\\/\\\/auren.com\\\/uy\\\/noticias\\\/206-el-acuerdo-de-intercambio-de-informacion-entre-uruguay-y-brasil-ya-es-ley\\\/#breadcrumb\",\"itemListElement\":[{\"@type\":\"ListItem\",\"position\":1,\"name\":\"Portada\",\"item\":\"https:\\\/\\\/auren.com\\\/uy\\\/\"},{\"@type\":\"ListItem\",\"position\":2,\"name\":\"206- EL ACUERDO DE INTERCAMBIO DE INFORMACI\u00d3N ENTRE URUGUAY Y BRASIL YA ES LEY\"}]},{\"@type\":\"WebSite\",\"@id\":\"https:\\\/\\\/auren.com\\\/uy\\\/#website\",\"url\":\"https:\\\/\\\/auren.com\\\/uy\\\/\",\"name\":\"Auren Uruguay\",\"description\":\"\",\"publisher\":{\"@id\":\"https:\\\/\\\/auren.com\\\/uy\\\/#organization\"},\"potentialAction\":[{\"@type\":\"SearchAction\",\"target\":{\"@type\":\"EntryPoint\",\"urlTemplate\":\"https:\\\/\\\/auren.com\\\/uy\\\/?s={search_term_string}\"},\"query-input\":{\"@type\":\"PropertyValueSpecification\",\"valueRequired\":true,\"valueName\":\"search_term_string\"}}],\"inLanguage\":\"es\"},{\"@type\":\"Organization\",\"@id\":\"https:\\\/\\\/auren.com\\\/uy\\\/#organization\",\"name\":\"Auren Uruguay\",\"url\":\"https:\\\/\\\/auren.com\\\/uy\\\/\",\"logo\":{\"@type\":\"ImageObject\",\"inLanguage\":\"es\",\"@id\":\"https:\\\/\\\/auren.com\\\/uy\\\/#\\\/schema\\\/logo\\\/image\\\/\",\"url\":\"https:\\\/\\\/auren.com\\\/uy\\\/wp-content\\\/uploads\\\/2025\\\/01\\\/cropped-cropped-favicon-Auren.png\",\"contentUrl\":\"https:\\\/\\\/auren.com\\\/uy\\\/wp-content\\\/uploads\\\/2025\\\/01\\\/cropped-cropped-favicon-Auren.png\",\"width\":512,\"height\":512,\"caption\":\"Auren Uruguay\"},\"image\":{\"@id\":\"https:\\\/\\\/auren.com\\\/uy\\\/#\\\/schema\\\/logo\\\/image\\\/\"},\"sameAs\":[\"https:\\\/\\\/www.facebook.com\\\/aurenuruguay\",\"https:\\\/\\\/x.com\\\/AurenUruguay\",\"https:\\\/\\\/www.linkedin.com\\\/company\\\/auren-uruguay\",\"https:\\\/\\\/www.youtube.com\\\/channel\\\/UClkpSYFfsAuqdTaVF5whedQ\",\"https:\\\/\\\/www.instagram.com\\\/aurenuruguay\\\/\"]}]}<\/script>\n<!-- \/ Yoast SEO plugin. -->","yoast_head_json":{"title":"206- EL ACUERDO DE INTERCAMBIO DE INFORMACI\u00d3N ENTRE URUGUAY Y BRASIL YA ES LEY - Auren Uruguay","robots":{"index":"index","follow":"follow","max-snippet":"max-snippet:-1","max-image-preview":"max-image-preview:large","max-video-preview":"max-video-preview:-1"},"canonical":"https:\/\/auren.com\/uy\/noticias\/206-el-acuerdo-de-intercambio-de-informacion-entre-uruguay-y-brasil-ya-es-ley\/","og_locale":"es_ES","og_type":"article","og_title":"206- EL ACUERDO DE INTERCAMBIO DE INFORMACI\u00d3N ENTRE URUGUAY Y BRASIL YA ES LEY - Auren Uruguay","og_description":"A m\u00e1s de dos a\u00f1os de la elaboraci\u00f3n del texto del Acuerdo preliminar, el pasado 29\/12\/2014 se public\u00f3 la Ley N\u00ba 19.303 mediante la cual se aprueba el Acuerdo para [&hellip;]","og_url":"https:\/\/auren.com\/uy\/noticias\/206-el-acuerdo-de-intercambio-de-informacion-entre-uruguay-y-brasil-ya-es-ley\/","og_site_name":"Auren Uruguay","article_publisher":"https:\/\/www.facebook.com\/aurenuruguay","og_image":[{"width":2048,"height":1365,"url":"https:\/\/auren.com\/uy\/wp-content\/uploads\/2015\/01\/taxholi.jpg","type":"image\/jpeg"}],"twitter_card":"summary_large_image","twitter_site":"@AurenUruguay","twitter_misc":{"Tiempo de lectura":"4 minutos"},"schema":{"@context":"https:\/\/schema.org","@graph":[{"@type":"WebPage","@id":"https:\/\/auren.com\/uy\/noticias\/206-el-acuerdo-de-intercambio-de-informacion-entre-uruguay-y-brasil-ya-es-ley\/","url":"https:\/\/auren.com\/uy\/noticias\/206-el-acuerdo-de-intercambio-de-informacion-entre-uruguay-y-brasil-ya-es-ley\/","name":"206- EL ACUERDO DE INTERCAMBIO DE INFORMACI\u00d3N ENTRE URUGUAY Y BRASIL YA ES LEY - Auren Uruguay","isPartOf":{"@id":"https:\/\/auren.com\/uy\/#website"},"primaryImageOfPage":{"@id":"https:\/\/auren.com\/uy\/noticias\/206-el-acuerdo-de-intercambio-de-informacion-entre-uruguay-y-brasil-ya-es-ley\/#primaryimage"},"image":{"@id":"https:\/\/auren.com\/uy\/noticias\/206-el-acuerdo-de-intercambio-de-informacion-entre-uruguay-y-brasil-ya-es-ley\/#primaryimage"},"thumbnailUrl":"https:\/\/auren.com\/uy\/wp-content\/uploads\/2015\/01\/taxholi.jpg","datePublished":"2015-01-09T14:27:03+00:00","breadcrumb":{"@id":"https:\/\/auren.com\/uy\/noticias\/206-el-acuerdo-de-intercambio-de-informacion-entre-uruguay-y-brasil-ya-es-ley\/#breadcrumb"},"inLanguage":"es","potentialAction":[{"@type":"ReadAction","target":["https:\/\/auren.com\/uy\/noticias\/206-el-acuerdo-de-intercambio-de-informacion-entre-uruguay-y-brasil-ya-es-ley\/"]}]},{"@type":"ImageObject","inLanguage":"es","@id":"https:\/\/auren.com\/uy\/noticias\/206-el-acuerdo-de-intercambio-de-informacion-entre-uruguay-y-brasil-ya-es-ley\/#primaryimage","url":"https:\/\/auren.com\/uy\/wp-content\/uploads\/2015\/01\/taxholi.jpg","contentUrl":"https:\/\/auren.com\/uy\/wp-content\/uploads\/2015\/01\/taxholi.jpg","width":2048,"height":1365},{"@type":"BreadcrumbList","@id":"https:\/\/auren.com\/uy\/noticias\/206-el-acuerdo-de-intercambio-de-informacion-entre-uruguay-y-brasil-ya-es-ley\/#breadcrumb","itemListElement":[{"@type":"ListItem","position":1,"name":"Portada","item":"https:\/\/auren.com\/uy\/"},{"@type":"ListItem","position":2,"name":"206- EL ACUERDO DE INTERCAMBIO DE INFORMACI\u00d3N ENTRE URUGUAY Y BRASIL YA ES LEY"}]},{"@type":"WebSite","@id":"https:\/\/auren.com\/uy\/#website","url":"https:\/\/auren.com\/uy\/","name":"Auren Uruguay","description":"","publisher":{"@id":"https:\/\/auren.com\/uy\/#organization"},"potentialAction":[{"@type":"SearchAction","target":{"@type":"EntryPoint","urlTemplate":"https:\/\/auren.com\/uy\/?s={search_term_string}"},"query-input":{"@type":"PropertyValueSpecification","valueRequired":true,"valueName":"search_term_string"}}],"inLanguage":"es"},{"@type":"Organization","@id":"https:\/\/auren.com\/uy\/#organization","name":"Auren Uruguay","url":"https:\/\/auren.com\/uy\/","logo":{"@type":"ImageObject","inLanguage":"es","@id":"https:\/\/auren.com\/uy\/#\/schema\/logo\/image\/","url":"https:\/\/auren.com\/uy\/wp-content\/uploads\/2025\/01\/cropped-cropped-favicon-Auren.png","contentUrl":"https:\/\/auren.com\/uy\/wp-content\/uploads\/2025\/01\/cropped-cropped-favicon-Auren.png","width":512,"height":512,"caption":"Auren Uruguay"},"image":{"@id":"https:\/\/auren.com\/uy\/#\/schema\/logo\/image\/"},"sameAs":["https:\/\/www.facebook.com\/aurenuruguay","https:\/\/x.com\/AurenUruguay","https:\/\/www.linkedin.com\/company\/auren-uruguay","https:\/\/www.youtube.com\/channel\/UClkpSYFfsAuqdTaVF5whedQ","https:\/\/www.instagram.com\/aurenuruguay\/"]}]}},"_links":{"self":[{"href":"https:\/\/auren.com\/uy\/wp-json\/wp\/v2\/new\/11335","targetHints":{"allow":["GET"]}}],"collection":[{"href":"https:\/\/auren.com\/uy\/wp-json\/wp\/v2\/new"}],"about":[{"href":"https:\/\/auren.com\/uy\/wp-json\/wp\/v2\/types\/new"}],"version-history":[{"count":0,"href":"https:\/\/auren.com\/uy\/wp-json\/wp\/v2\/new\/11335\/revisions"}],"wp:featuredmedia":[{"embeddable":true,"href":"https:\/\/auren.com\/uy\/wp-json\/wp\/v2\/media\/11336"}],"wp:attachment":[{"href":"https:\/\/auren.com\/uy\/wp-json\/wp\/v2\/media?parent=11335"}],"wp:term":[{"taxonomy":"new-category","embeddable":true,"href":"https:\/\/auren.com\/uy\/wp-json\/wp\/v2\/new-category?post=11335"}],"curies":[{"name":"wp","href":"https:\/\/api.w.org\/{rel}","templated":true}]}}