{"id":11338,"date":"2014-12-26T15:31:31","date_gmt":"2014-12-26T14:31:31","guid":{"rendered":"https:\/\/auren.com\/uy\/new\/204-compras-por-internet-cambios-en-la-normativa-vigente\/"},"modified":"2014-12-26T15:31:31","modified_gmt":"2014-12-26T14:31:31","slug":"204-compras-por-internet-cambios-en-la-normativa-vigente","status":"publish","type":"new","link":"https:\/\/auren.com\/uy\/noticias\/204-compras-por-internet-cambios-en-la-normativa-vigente\/","title":{"rendered":"204- COMPRAS POR INTERNET: CAMBIOS EN LA NORMATIVA VIGENTE"},"content":{"rendered":"<p class=\"has-text-align-justify\">Debido al importante aumento de las compras por internet y las entendibles quejas de los comerciantes locales, sumado a la necesidad de adecuar el r\u00e9gimen vigente al desarrollo tecnol\u00f3gico que hace m\u00e1s accesibles las compras por este medio, el pasado 9 de diciembre se public\u00f3 en la p\u00e1gina de Presidencia el <strong>Decreto N\u00ba 356\/014<\/strong> debido a la necesidad de <em>\u201c\u2026establecer un solo cuerpo normativo\u00a0 las disposiciones que regulan el procedimiento de envi\u00f3 de <strong>encomiendas postales internacionales<\/strong><\/em>(en adelante EPI) <em>en sus distintas modalidades<\/em>\u2026\u201d). Por EPI se entienden los env\u00edos intercambiados por dos o m\u00e1s pa\u00edses que se efect\u00faen con intervenci\u00f3n de los operadores postales, del pa\u00eds remitente y del pa\u00eds receptor.<\/p>\n<p class=\"has-text-align-justify has-vivid-red-color has-text-color\" style=\"font-size:25px\"><strong>R\u00e9gimen Actual<\/strong><\/p>\n<p class=\"has-text-align-justify\">Hasta el 31\/12\/2014 estar\u00e1 vigente el Decreto N\u00ba <strong>184\/012<\/strong> el cual regula las EPI de <strong>entrega expresa<\/strong>, es decir las que llegan al pa\u00eds a trav\u00e9s de intermediarios (empresas prestadoras de servicios de correo) registrados ante la DNA.<\/p>\n<p class=\"has-text-align-justify\">Dicho r\u00e9gimen establece la exoneraci\u00f3n de tributos aduaneros y del Impuesto al Valor Agregado, a las EPI de <strong>entrega expresa <\/strong>(no corresponder\u00e1 exoneraci\u00f3n cuando el producto este gravado por IMESI), cuyo peso unitario no exceda los 20 kg. y de un valor en aduana de hasta US$ 200. \u00a0A efectos del c\u00e1lculo de dicho tope, las EPI de entrega expresa deber\u00e1n estar acompa\u00f1adas de la factura original de compra o declaraci\u00f3n de valor,\u00a0 as\u00ed como la documentaci\u00f3n que justifique fehacientemente los montos del flete y seguro (costos que computan para el tope de US$200).<\/p>\n<p class=\"has-text-align-justify\">Adicionalmente, para que la exoneraci\u00f3n se haga efectiva las compras deben ser \u00a0recibidas por la misma persona f\u00edsica a t\u00edtulo personal, sin fines comerciales y con un tope de <strong>hasta 5 por a\u00f1o civil. <\/strong>Quedan exceptuados de dicho tope los medicamentos de uso personal que cuenten con la autorizaci\u00f3n correspondiente.<\/p>\n<p class=\"has-text-align-justify\">A los efectos de aplicar el r\u00e9gimen actual los operadores postales deben contar con un sistema inform\u00e1tico que le permita a la DNA (y en algunas oportunidades a la DGI), en tiempo real, ejercer el control y vigilancia de las operaciones referidas.<\/p>\n<p class=\"has-text-align-justify has-vivid-red-color has-text-color\" style=\"font-size:25px\"><strong>Nuevo R\u00e9gimen<\/strong><\/p>\n<p class=\"has-text-align-justify\">A partir del 1\u00ba\/01\/2015 entrara en vigencia el nuevo decreto, el cual introduce ciertas modificaciones al r\u00e9gimen vigente hasta el momento.<\/p>\n<p class=\"has-text-align-justify\">Es as\u00ed que a partir de ahora se incluye dentro del tope de las \u00a05 compras en el\u00a0 a\u00f1o civil a las EPI de entrega <strong>no expresa<\/strong>, cuyo valor no supere los US$ 50, siempre que \u00fanicamente contengan obsequios familiares, art\u00edculos usados o bienes para uso personal.<\/p>\n<p class=\"has-text-align-justify\">A efectos de obtener las exoneraciones de tributos, las EPI quedaran condicionadas al cumplimiento de los siguientes requisitos adicionales a los dispuestos por el r\u00e9gimen anterior:<\/p>\n<p class=\"has-text-align-justify\">&#8211; Ser recibidas por una misma persona f\u00edsica <strong>mayor de edad<\/strong>.<\/p>\n<p class=\"has-text-align-justify\">&#8211; Y, que el pago de la correspondiente mercader\u00eda deber\u00e1 realizarse mediante <strong>tarjeta de debito o cr\u00e9dito internacional<\/strong>, cuya titularidad coincida con el titular de la compra y con el destinatario de la encomienda.<\/p>\n<p class=\"has-text-align-justify\">Con la entrada en vigencia del nuevo r\u00e9gimen se except\u00faan del tope, adem\u00e1s de los medicamentos para uso personal, los libros.<\/p>\n<p class=\"has-text-align-justify\">Al igual que el r\u00e9gimen anterior en \u00a0todos los casos la encomienda deber\u00e1 ser acompa\u00f1ada de la documentaci\u00f3n que acredite el valor de la mercader\u00eda. Esto impedir\u00e1 acuerdos entre el comprador y vendedor a efectos de bajar el precio en la factura y al mismo tiempo la carga impositiva.<\/p>\n<p class=\"has-text-align-justify\">A su vez, aparte de las restricciones a las personas f\u00edsicas, el nuevo r\u00e9gimen establece otras obligaciones a los operadores postales (adem\u00e1s de las ya vigentes hoy en d\u00eda), lo que permitir\u00e1 un mayor control y vigilancia sobre este tipo de operaciones.<\/p>\n<p><!-- AddThis Advanced Settings generic via filter on the_content --><!-- AddThis Share Buttons generic via filter on the_content --><\/p>\n","protected":false},"excerpt":{"rendered":"<p>Debido al importante aumento de las compras por internet y las entendibles quejas de los comerciantes locales, sumado a la necesidad de adecuar el r\u00e9gimen vigente al desarrollo tecnol\u00f3gico que [&hellip;]<\/p>\n","protected":false},"featured_media":11339,"template":"","meta":{"_acf_changed":false,"footnotes":""},"new-category":[],"class_list":["post-11338","new","type-new","status-publish","has-post-thumbnail","hentry"],"acf":[],"yoast_head":"<!-- This site is optimized with the Yoast SEO plugin v27.5 - https:\/\/yoast.com\/product\/yoast-seo-wordpress\/ -->\n<title>204- COMPRAS POR INTERNET: CAMBIOS EN LA NORMATIVA VIGENTE - Auren Uruguay<\/title>\n<meta name=\"robots\" content=\"index, follow, max-snippet:-1, max-image-preview:large, max-video-preview:-1\" \/>\n<link rel=\"canonical\" href=\"https:\/\/auren.com\/uy\/noticias\/204-compras-por-internet-cambios-en-la-normativa-vigente\/\" \/>\n<meta property=\"og:locale\" content=\"es_ES\" \/>\n<meta property=\"og:type\" content=\"article\" \/>\n<meta property=\"og:title\" content=\"204- COMPRAS POR INTERNET: CAMBIOS EN LA NORMATIVA VIGENTE - Auren Uruguay\" \/>\n<meta property=\"og:description\" content=\"Debido al importante aumento de las compras por internet y las entendibles quejas de los comerciantes locales, sumado a la necesidad de adecuar el r\u00e9gimen vigente al desarrollo tecnol\u00f3gico que [&hellip;]\" \/>\n<meta property=\"og:url\" content=\"https:\/\/auren.com\/uy\/noticias\/204-compras-por-internet-cambios-en-la-normativa-vigente\/\" \/>\n<meta property=\"og:site_name\" content=\"Auren Uruguay\" \/>\n<meta property=\"article:publisher\" content=\"https:\/\/www.facebook.com\/aurenuruguay\" \/>\n<meta property=\"og:image\" content=\"https:\/\/auren.com\/uy\/wp-content\/uploads\/2014\/12\/lavact.jpg\" \/>\n\t<meta property=\"og:image:width\" content=\"2048\" \/>\n\t<meta property=\"og:image:height\" content=\"1365\" \/>\n\t<meta property=\"og:image:type\" content=\"image\/jpeg\" \/>\n<meta name=\"twitter:card\" content=\"summary_large_image\" \/>\n<meta name=\"twitter:site\" content=\"@AurenUruguay\" \/>\n<meta name=\"twitter:label1\" content=\"Tiempo de lectura\" \/>\n\t<meta name=\"twitter:data1\" content=\"3 minutos\" \/>\n<script type=\"application\/ld+json\" class=\"yoast-schema-graph\">{\"@context\":\"https:\\\/\\\/schema.org\",\"@graph\":[{\"@type\":\"WebPage\",\"@id\":\"https:\\\/\\\/auren.com\\\/uy\\\/noticias\\\/204-compras-por-internet-cambios-en-la-normativa-vigente\\\/\",\"url\":\"https:\\\/\\\/auren.com\\\/uy\\\/noticias\\\/204-compras-por-internet-cambios-en-la-normativa-vigente\\\/\",\"name\":\"204- COMPRAS POR INTERNET: CAMBIOS EN LA NORMATIVA VIGENTE - Auren Uruguay\",\"isPartOf\":{\"@id\":\"https:\\\/\\\/auren.com\\\/uy\\\/#website\"},\"primaryImageOfPage\":{\"@id\":\"https:\\\/\\\/auren.com\\\/uy\\\/noticias\\\/204-compras-por-internet-cambios-en-la-normativa-vigente\\\/#primaryimage\"},\"image\":{\"@id\":\"https:\\\/\\\/auren.com\\\/uy\\\/noticias\\\/204-compras-por-internet-cambios-en-la-normativa-vigente\\\/#primaryimage\"},\"thumbnailUrl\":\"https:\\\/\\\/auren.com\\\/uy\\\/wp-content\\\/uploads\\\/2014\\\/12\\\/lavact.jpg\",\"datePublished\":\"2014-12-26T14:31:31+00:00\",\"breadcrumb\":{\"@id\":\"https:\\\/\\\/auren.com\\\/uy\\\/noticias\\\/204-compras-por-internet-cambios-en-la-normativa-vigente\\\/#breadcrumb\"},\"inLanguage\":\"es\",\"potentialAction\":[{\"@type\":\"ReadAction\",\"target\":[\"https:\\\/\\\/auren.com\\\/uy\\\/noticias\\\/204-compras-por-internet-cambios-en-la-normativa-vigente\\\/\"]}]},{\"@type\":\"ImageObject\",\"inLanguage\":\"es\",\"@id\":\"https:\\\/\\\/auren.com\\\/uy\\\/noticias\\\/204-compras-por-internet-cambios-en-la-normativa-vigente\\\/#primaryimage\",\"url\":\"https:\\\/\\\/auren.com\\\/uy\\\/wp-content\\\/uploads\\\/2014\\\/12\\\/lavact.jpg\",\"contentUrl\":\"https:\\\/\\\/auren.com\\\/uy\\\/wp-content\\\/uploads\\\/2014\\\/12\\\/lavact.jpg\",\"width\":2048,\"height\":1365},{\"@type\":\"BreadcrumbList\",\"@id\":\"https:\\\/\\\/auren.com\\\/uy\\\/noticias\\\/204-compras-por-internet-cambios-en-la-normativa-vigente\\\/#breadcrumb\",\"itemListElement\":[{\"@type\":\"ListItem\",\"position\":1,\"name\":\"Portada\",\"item\":\"https:\\\/\\\/auren.com\\\/uy\\\/\"},{\"@type\":\"ListItem\",\"position\":2,\"name\":\"204- COMPRAS POR INTERNET: CAMBIOS EN LA NORMATIVA VIGENTE\"}]},{\"@type\":\"WebSite\",\"@id\":\"https:\\\/\\\/auren.com\\\/uy\\\/#website\",\"url\":\"https:\\\/\\\/auren.com\\\/uy\\\/\",\"name\":\"Auren Uruguay\",\"description\":\"\",\"publisher\":{\"@id\":\"https:\\\/\\\/auren.com\\\/uy\\\/#organization\"},\"potentialAction\":[{\"@type\":\"SearchAction\",\"target\":{\"@type\":\"EntryPoint\",\"urlTemplate\":\"https:\\\/\\\/auren.com\\\/uy\\\/?s={search_term_string}\"},\"query-input\":{\"@type\":\"PropertyValueSpecification\",\"valueRequired\":true,\"valueName\":\"search_term_string\"}}],\"inLanguage\":\"es\"},{\"@type\":\"Organization\",\"@id\":\"https:\\\/\\\/auren.com\\\/uy\\\/#organization\",\"name\":\"Auren Uruguay\",\"url\":\"https:\\\/\\\/auren.com\\\/uy\\\/\",\"logo\":{\"@type\":\"ImageObject\",\"inLanguage\":\"es\",\"@id\":\"https:\\\/\\\/auren.com\\\/uy\\\/#\\\/schema\\\/logo\\\/image\\\/\",\"url\":\"https:\\\/\\\/auren.com\\\/uy\\\/wp-content\\\/uploads\\\/2025\\\/01\\\/cropped-cropped-favicon-Auren.png\",\"contentUrl\":\"https:\\\/\\\/auren.com\\\/uy\\\/wp-content\\\/uploads\\\/2025\\\/01\\\/cropped-cropped-favicon-Auren.png\",\"width\":512,\"height\":512,\"caption\":\"Auren Uruguay\"},\"image\":{\"@id\":\"https:\\\/\\\/auren.com\\\/uy\\\/#\\\/schema\\\/logo\\\/image\\\/\"},\"sameAs\":[\"https:\\\/\\\/www.facebook.com\\\/aurenuruguay\",\"https:\\\/\\\/x.com\\\/AurenUruguay\",\"https:\\\/\\\/www.linkedin.com\\\/company\\\/auren-uruguay\",\"https:\\\/\\\/www.youtube.com\\\/channel\\\/UClkpSYFfsAuqdTaVF5whedQ\",\"https:\\\/\\\/www.instagram.com\\\/aurenuruguay\\\/\"]}]}<\/script>\n<!-- \/ Yoast SEO plugin. -->","yoast_head_json":{"title":"204- COMPRAS POR INTERNET: CAMBIOS EN LA NORMATIVA VIGENTE - Auren Uruguay","robots":{"index":"index","follow":"follow","max-snippet":"max-snippet:-1","max-image-preview":"max-image-preview:large","max-video-preview":"max-video-preview:-1"},"canonical":"https:\/\/auren.com\/uy\/noticias\/204-compras-por-internet-cambios-en-la-normativa-vigente\/","og_locale":"es_ES","og_type":"article","og_title":"204- COMPRAS POR INTERNET: CAMBIOS EN LA NORMATIVA VIGENTE - Auren Uruguay","og_description":"Debido al importante aumento de las compras por internet y las entendibles quejas de los comerciantes locales, sumado a la necesidad de adecuar el r\u00e9gimen vigente al desarrollo tecnol\u00f3gico que [&hellip;]","og_url":"https:\/\/auren.com\/uy\/noticias\/204-compras-por-internet-cambios-en-la-normativa-vigente\/","og_site_name":"Auren Uruguay","article_publisher":"https:\/\/www.facebook.com\/aurenuruguay","og_image":[{"width":2048,"height":1365,"url":"https:\/\/auren.com\/uy\/wp-content\/uploads\/2014\/12\/lavact.jpg","type":"image\/jpeg"}],"twitter_card":"summary_large_image","twitter_site":"@AurenUruguay","twitter_misc":{"Tiempo de lectura":"3 minutos"},"schema":{"@context":"https:\/\/schema.org","@graph":[{"@type":"WebPage","@id":"https:\/\/auren.com\/uy\/noticias\/204-compras-por-internet-cambios-en-la-normativa-vigente\/","url":"https:\/\/auren.com\/uy\/noticias\/204-compras-por-internet-cambios-en-la-normativa-vigente\/","name":"204- COMPRAS POR INTERNET: CAMBIOS EN LA NORMATIVA VIGENTE - Auren Uruguay","isPartOf":{"@id":"https:\/\/auren.com\/uy\/#website"},"primaryImageOfPage":{"@id":"https:\/\/auren.com\/uy\/noticias\/204-compras-por-internet-cambios-en-la-normativa-vigente\/#primaryimage"},"image":{"@id":"https:\/\/auren.com\/uy\/noticias\/204-compras-por-internet-cambios-en-la-normativa-vigente\/#primaryimage"},"thumbnailUrl":"https:\/\/auren.com\/uy\/wp-content\/uploads\/2014\/12\/lavact.jpg","datePublished":"2014-12-26T14:31:31+00:00","breadcrumb":{"@id":"https:\/\/auren.com\/uy\/noticias\/204-compras-por-internet-cambios-en-la-normativa-vigente\/#breadcrumb"},"inLanguage":"es","potentialAction":[{"@type":"ReadAction","target":["https:\/\/auren.com\/uy\/noticias\/204-compras-por-internet-cambios-en-la-normativa-vigente\/"]}]},{"@type":"ImageObject","inLanguage":"es","@id":"https:\/\/auren.com\/uy\/noticias\/204-compras-por-internet-cambios-en-la-normativa-vigente\/#primaryimage","url":"https:\/\/auren.com\/uy\/wp-content\/uploads\/2014\/12\/lavact.jpg","contentUrl":"https:\/\/auren.com\/uy\/wp-content\/uploads\/2014\/12\/lavact.jpg","width":2048,"height":1365},{"@type":"BreadcrumbList","@id":"https:\/\/auren.com\/uy\/noticias\/204-compras-por-internet-cambios-en-la-normativa-vigente\/#breadcrumb","itemListElement":[{"@type":"ListItem","position":1,"name":"Portada","item":"https:\/\/auren.com\/uy\/"},{"@type":"ListItem","position":2,"name":"204- COMPRAS POR INTERNET: CAMBIOS EN LA NORMATIVA VIGENTE"}]},{"@type":"WebSite","@id":"https:\/\/auren.com\/uy\/#website","url":"https:\/\/auren.com\/uy\/","name":"Auren Uruguay","description":"","publisher":{"@id":"https:\/\/auren.com\/uy\/#organization"},"potentialAction":[{"@type":"SearchAction","target":{"@type":"EntryPoint","urlTemplate":"https:\/\/auren.com\/uy\/?s={search_term_string}"},"query-input":{"@type":"PropertyValueSpecification","valueRequired":true,"valueName":"search_term_string"}}],"inLanguage":"es"},{"@type":"Organization","@id":"https:\/\/auren.com\/uy\/#organization","name":"Auren Uruguay","url":"https:\/\/auren.com\/uy\/","logo":{"@type":"ImageObject","inLanguage":"es","@id":"https:\/\/auren.com\/uy\/#\/schema\/logo\/image\/","url":"https:\/\/auren.com\/uy\/wp-content\/uploads\/2025\/01\/cropped-cropped-favicon-Auren.png","contentUrl":"https:\/\/auren.com\/uy\/wp-content\/uploads\/2025\/01\/cropped-cropped-favicon-Auren.png","width":512,"height":512,"caption":"Auren Uruguay"},"image":{"@id":"https:\/\/auren.com\/uy\/#\/schema\/logo\/image\/"},"sameAs":["https:\/\/www.facebook.com\/aurenuruguay","https:\/\/x.com\/AurenUruguay","https:\/\/www.linkedin.com\/company\/auren-uruguay","https:\/\/www.youtube.com\/channel\/UClkpSYFfsAuqdTaVF5whedQ","https:\/\/www.instagram.com\/aurenuruguay\/"]}]}},"_links":{"self":[{"href":"https:\/\/auren.com\/uy\/wp-json\/wp\/v2\/new\/11338","targetHints":{"allow":["GET"]}}],"collection":[{"href":"https:\/\/auren.com\/uy\/wp-json\/wp\/v2\/new"}],"about":[{"href":"https:\/\/auren.com\/uy\/wp-json\/wp\/v2\/types\/new"}],"version-history":[{"count":0,"href":"https:\/\/auren.com\/uy\/wp-json\/wp\/v2\/new\/11338\/revisions"}],"wp:featuredmedia":[{"embeddable":true,"href":"https:\/\/auren.com\/uy\/wp-json\/wp\/v2\/media\/11339"}],"wp:attachment":[{"href":"https:\/\/auren.com\/uy\/wp-json\/wp\/v2\/media?parent=11338"}],"wp:term":[{"taxonomy":"new-category","embeddable":true,"href":"https:\/\/auren.com\/uy\/wp-json\/wp\/v2\/new-category?post=11338"}],"curies":[{"name":"wp","href":"https:\/\/api.w.org\/{rel}","templated":true}]}}