{"id":11341,"date":"2014-12-19T15:38:17","date_gmt":"2014-12-19T14:38:17","guid":{"rendered":"https:\/\/auren.com\/uy\/new\/203-a-armar-el-presupuesto\/"},"modified":"2014-12-19T15:38:17","modified_gmt":"2014-12-19T14:38:17","slug":"203-a-armar-el-presupuesto","status":"publish","type":"new","link":"https:\/\/auren.com\/uy\/noticias\/203-a-armar-el-presupuesto\/","title":{"rendered":"203- A ARMAR EL PRESUPUESTO"},"content":{"rendered":"<p class=\"has-text-align-justify\">Se acerca el cierre del a\u00f1o y como es natural muchos, sino todos, ya hemos comenzado a realizar una evaluaci\u00f3n sobre lo acontecido en este 2014.<\/p>\n<p class=\"has-text-align-justify\"> Realizar una revisi\u00f3n de los resultados del a\u00f1o que culmina es importante. Lo hacemos tanto a nivel personal, familiar, profesional y en cada uno de los aspectos que se vinculan con nuestro entorno. S<\/p>\n<p class=\"has-text-align-justify\">in embargo y a pesar de la importancia de los procesos de revisi\u00f3n, no debemos olvidar que los mismos refieren a una medici\u00f3n de hechos y circunstancias pasadas. <\/p>\n<p class=\"has-text-align-justify\">Es por esto \u00faltimo que en el presente art\u00edculo les propongo hablar sobre aquellos aspectos sobre los cuales podemos incidir para el cumplimiento de nuestros objetivos futuros. <\/p>\n<p class=\"has-text-align-justify\">Hablar de futuro en el \u00e1mbito empresarial implica, como parte importante del proceso de planificaci\u00f3n estrat\u00e9gica, hablar de la elaboraci\u00f3n y posterior contralor de un presupuesto econ\u00f3mico-financiero.<\/p>\n<p class=\"has-text-align-justify has-vivid-red-color has-text-color\" style=\"font-size:25px\"><strong>\u00bfDe qu\u00e9 hablamos cuando hablamos de un presupuesto econ\u00f3mico-financiero? <\/strong><\/p>\n<p class=\"has-text-align-justify\">En forma breve podemos decir que el presupuesto traduce financieramente el plan de acci\u00f3n de la empresa para la consecuci\u00f3n de sus objetivos estrat\u00e9gicos dentro de un per\u00edodo de tiempo determinado. M\u00e1s precisamente desarrollan y cuantifican financieramente, bajo un escenario de condiciones futuras determinadas, el manejo eficiente de los recursos para lograr objetivos previamente establecidos. <\/p>\n<p class=\"has-text-align-justify\">El modelo de presupuesto econ\u00f3mico-financiero t\u00edpico contendr\u00e1 proyecciones mensuales de fondos as\u00ed como un estado de situaci\u00f3n patrimonial y de resultados proyectado. Siendo habitualmente desarrollados sobre un horizonte anual que suele coincidir con el cierre de ejercicio fiscal de la empresa (o de su casa matriz).<\/p>\n<p class=\"has-text-align-justify has-vivid-red-color has-text-color\" style=\"font-size:25px\"><strong>\u00bfPor qu\u00e9 es importante el presupuesto? <\/strong><\/p>\n<p class=\"has-text-align-justify\">Los presupuestos econ\u00f3mico financieros son importantes ya que sirven entre otras cosas para: <\/p>\n<p class=\"has-text-align-justify\">\u2022 Dimensionar los desaf\u00edos futuros de la empresa.<\/p>\n<p class=\"has-text-align-justify\">\u2022 Planificar las acciones de la empresa de forma coordinada. <\/p>\n<p class=\"has-text-align-justify\">\u2022 Prever un manejo eficaz de los recursos. <\/p>\n<p class=\"has-text-align-justify\">\u2022 Comparar los resultados reales vs los presupuestados. <\/p>\n<p class=\"has-text-align-justify\">\u2022 Modificar el accionar al constatar desv\u00edos. <\/p>\n<p class=\"has-text-align-justify\">El presupuesto debe ser la hoja de ruta de la empresa. Vale decir que cumpliendo con los rangos financieros y operativos presupuestados la empresa alcanzar\u00e1 los objetivos iniciales planteados. <\/p>\n<p class=\"has-text-align-justify\">Dada la realidad cambiante de los mercados, es muy importante destacar que para un uso efectivo del presupuesto, la empresa deber\u00e1 contar con un buen sistema de informaci\u00f3n que sirva para evaluar desfasajes encontrados y permita corregir el accionar de la empresa hacia la consecuci\u00f3n de los objetivos planteados.<\/p>\n<p class=\"has-text-align-justify has-vivid-red-color has-text-color\" style=\"font-size:25px\"><strong>\u00bfQu\u00e9 aspectos debo tener en cuenta a la hora de armarlo? <\/strong><\/p>\n<p class=\"has-text-align-justify\">A la hora de armar un presupuesto es importante poner en consideraci\u00f3n los siguientes aspectos: <\/p>\n<p class=\"has-text-align-justify\">\u2022 Determinaci\u00f3n de los objetivos a cumplir. <\/p>\n<p class=\"has-text-align-justify\">\u2022 Forma de medici\u00f3n del cumplimiento de los objetivos. <\/p>\n<p class=\"has-text-align-justify\">\u2022 Fondos l\u00edquidos disponibles al inicio (fondos propios + financiamiento). <\/p>\n<p class=\"has-text-align-justify\">\u2022 Capacidad operativa de la empresa (para evitar presupuestar ventas \u201cque no puedo cumplir\u201d). <\/p>\n<p class=\"has-text-align-justify\">\u2022 Estructura de gastos fijos y variables. <\/p>\n<p class=\"has-text-align-justify\">\u2022 Estimaci\u00f3n del costo fiscal de la operativa a desarrollar.<\/p>\n<p class=\"has-text-align-justify has-vivid-red-color has-text-color\" style=\"font-size:25px\"><strong>Mi empresa es peque\u00f1a \u00bfvale la pena realizar un presupuesto? <\/strong><\/p>\n<p class=\"has-text-align-justify\">No importa el tama\u00f1o de la empresa o rubro en el que se desempe\u00f1e. A la hora de aprovechar los beneficios de presupuestar siempre es posible encontrar modelos simplificados que se adecuen a las necesidades de la empresa. <\/p>\n<p class=\"has-text-align-justify\">No hay excusas para no presupuestar este 2015. Manos a la obra, a fijar nuestros objetivos, no hay tiempo que perder.<\/p>\n<p><!-- AddThis Advanced Settings generic via filter on the_content --><!-- AddThis Share Buttons generic via filter on the_content --><\/p>\n","protected":false},"excerpt":{"rendered":"<p>Se acerca el cierre del a\u00f1o y como es natural muchos, sino todos, ya hemos comenzado a realizar una evaluaci\u00f3n sobre lo acontecido en este 2014. Realizar una revisi\u00f3n de [&hellip;]<\/p>\n","protected":false},"featured_media":11342,"template":"","meta":{"_acf_changed":false,"footnotes":""},"new-category":[],"class_list":["post-11341","new","type-new","status-publish","has-post-thumbnail","hentry"],"acf":[],"yoast_head":"<!-- This site is optimized with the Yoast SEO plugin v27.5 - https:\/\/yoast.com\/product\/yoast-seo-wordpress\/ -->\n<title>203- A ARMAR EL PRESUPUESTO - Auren Uruguay<\/title>\n<meta name=\"robots\" content=\"index, follow, max-snippet:-1, max-image-preview:large, max-video-preview:-1\" \/>\n<link rel=\"canonical\" href=\"https:\/\/auren.com\/uy\/noticias\/203-a-armar-el-presupuesto\/\" \/>\n<meta property=\"og:locale\" content=\"es_ES\" \/>\n<meta property=\"og:type\" content=\"article\" \/>\n<meta property=\"og:title\" content=\"203- A ARMAR EL PRESUPUESTO - Auren Uruguay\" \/>\n<meta property=\"og:description\" content=\"Se acerca el cierre del a\u00f1o y como es natural muchos, sino todos, ya hemos comenzado a realizar una evaluaci\u00f3n sobre lo acontecido en este 2014. Realizar una revisi\u00f3n de [&hellip;]\" \/>\n<meta property=\"og:url\" content=\"https:\/\/auren.com\/uy\/noticias\/203-a-armar-el-presupuesto\/\" \/>\n<meta property=\"og:site_name\" content=\"Auren Uruguay\" \/>\n<meta property=\"article:publisher\" content=\"https:\/\/www.facebook.com\/aurenuruguay\" \/>\n<meta property=\"og:image\" content=\"https:\/\/auren.com\/uy\/wp-content\/uploads\/2014\/12\/sum.jpg\" \/>\n\t<meta property=\"og:image:width\" content=\"2048\" \/>\n\t<meta property=\"og:image:height\" content=\"1365\" \/>\n\t<meta property=\"og:image:type\" content=\"image\/jpeg\" \/>\n<meta name=\"twitter:card\" content=\"summary_large_image\" \/>\n<meta name=\"twitter:site\" content=\"@AurenUruguay\" \/>\n<meta name=\"twitter:label1\" content=\"Tiempo de lectura\" \/>\n\t<meta name=\"twitter:data1\" content=\"3 minutos\" \/>\n<script type=\"application\/ld+json\" class=\"yoast-schema-graph\">{\"@context\":\"https:\\\/\\\/schema.org\",\"@graph\":[{\"@type\":\"WebPage\",\"@id\":\"https:\\\/\\\/auren.com\\\/uy\\\/noticias\\\/203-a-armar-el-presupuesto\\\/\",\"url\":\"https:\\\/\\\/auren.com\\\/uy\\\/noticias\\\/203-a-armar-el-presupuesto\\\/\",\"name\":\"203- A ARMAR EL PRESUPUESTO - Auren Uruguay\",\"isPartOf\":{\"@id\":\"https:\\\/\\\/auren.com\\\/uy\\\/#website\"},\"primaryImageOfPage\":{\"@id\":\"https:\\\/\\\/auren.com\\\/uy\\\/noticias\\\/203-a-armar-el-presupuesto\\\/#primaryimage\"},\"image\":{\"@id\":\"https:\\\/\\\/auren.com\\\/uy\\\/noticias\\\/203-a-armar-el-presupuesto\\\/#primaryimage\"},\"thumbnailUrl\":\"https:\\\/\\\/auren.com\\\/uy\\\/wp-content\\\/uploads\\\/2014\\\/12\\\/sum.jpg\",\"datePublished\":\"2014-12-19T14:38:17+00:00\",\"breadcrumb\":{\"@id\":\"https:\\\/\\\/auren.com\\\/uy\\\/noticias\\\/203-a-armar-el-presupuesto\\\/#breadcrumb\"},\"inLanguage\":\"es\",\"potentialAction\":[{\"@type\":\"ReadAction\",\"target\":[\"https:\\\/\\\/auren.com\\\/uy\\\/noticias\\\/203-a-armar-el-presupuesto\\\/\"]}]},{\"@type\":\"ImageObject\",\"inLanguage\":\"es\",\"@id\":\"https:\\\/\\\/auren.com\\\/uy\\\/noticias\\\/203-a-armar-el-presupuesto\\\/#primaryimage\",\"url\":\"https:\\\/\\\/auren.com\\\/uy\\\/wp-content\\\/uploads\\\/2014\\\/12\\\/sum.jpg\",\"contentUrl\":\"https:\\\/\\\/auren.com\\\/uy\\\/wp-content\\\/uploads\\\/2014\\\/12\\\/sum.jpg\",\"width\":2048,\"height\":1365},{\"@type\":\"BreadcrumbList\",\"@id\":\"https:\\\/\\\/auren.com\\\/uy\\\/noticias\\\/203-a-armar-el-presupuesto\\\/#breadcrumb\",\"itemListElement\":[{\"@type\":\"ListItem\",\"position\":1,\"name\":\"Portada\",\"item\":\"https:\\\/\\\/auren.com\\\/uy\\\/\"},{\"@type\":\"ListItem\",\"position\":2,\"name\":\"203- A ARMAR EL PRESUPUESTO\"}]},{\"@type\":\"WebSite\",\"@id\":\"https:\\\/\\\/auren.com\\\/uy\\\/#website\",\"url\":\"https:\\\/\\\/auren.com\\\/uy\\\/\",\"name\":\"Auren Uruguay\",\"description\":\"\",\"publisher\":{\"@id\":\"https:\\\/\\\/auren.com\\\/uy\\\/#organization\"},\"potentialAction\":[{\"@type\":\"SearchAction\",\"target\":{\"@type\":\"EntryPoint\",\"urlTemplate\":\"https:\\\/\\\/auren.com\\\/uy\\\/?s={search_term_string}\"},\"query-input\":{\"@type\":\"PropertyValueSpecification\",\"valueRequired\":true,\"valueName\":\"search_term_string\"}}],\"inLanguage\":\"es\"},{\"@type\":\"Organization\",\"@id\":\"https:\\\/\\\/auren.com\\\/uy\\\/#organization\",\"name\":\"Auren Uruguay\",\"url\":\"https:\\\/\\\/auren.com\\\/uy\\\/\",\"logo\":{\"@type\":\"ImageObject\",\"inLanguage\":\"es\",\"@id\":\"https:\\\/\\\/auren.com\\\/uy\\\/#\\\/schema\\\/logo\\\/image\\\/\",\"url\":\"https:\\\/\\\/auren.com\\\/uy\\\/wp-content\\\/uploads\\\/2025\\\/01\\\/cropped-cropped-favicon-Auren.png\",\"contentUrl\":\"https:\\\/\\\/auren.com\\\/uy\\\/wp-content\\\/uploads\\\/2025\\\/01\\\/cropped-cropped-favicon-Auren.png\",\"width\":512,\"height\":512,\"caption\":\"Auren Uruguay\"},\"image\":{\"@id\":\"https:\\\/\\\/auren.com\\\/uy\\\/#\\\/schema\\\/logo\\\/image\\\/\"},\"sameAs\":[\"https:\\\/\\\/www.facebook.com\\\/aurenuruguay\",\"https:\\\/\\\/x.com\\\/AurenUruguay\",\"https:\\\/\\\/www.linkedin.com\\\/company\\\/auren-uruguay\",\"https:\\\/\\\/www.youtube.com\\\/channel\\\/UClkpSYFfsAuqdTaVF5whedQ\",\"https:\\\/\\\/www.instagram.com\\\/aurenuruguay\\\/\"]}]}<\/script>\n<!-- \/ Yoast SEO plugin. -->","yoast_head_json":{"title":"203- A ARMAR EL PRESUPUESTO - Auren Uruguay","robots":{"index":"index","follow":"follow","max-snippet":"max-snippet:-1","max-image-preview":"max-image-preview:large","max-video-preview":"max-video-preview:-1"},"canonical":"https:\/\/auren.com\/uy\/noticias\/203-a-armar-el-presupuesto\/","og_locale":"es_ES","og_type":"article","og_title":"203- A ARMAR EL PRESUPUESTO - Auren Uruguay","og_description":"Se acerca el cierre del a\u00f1o y como es natural muchos, sino todos, ya hemos comenzado a realizar una evaluaci\u00f3n sobre lo acontecido en este 2014. Realizar una revisi\u00f3n de [&hellip;]","og_url":"https:\/\/auren.com\/uy\/noticias\/203-a-armar-el-presupuesto\/","og_site_name":"Auren Uruguay","article_publisher":"https:\/\/www.facebook.com\/aurenuruguay","og_image":[{"width":2048,"height":1365,"url":"https:\/\/auren.com\/uy\/wp-content\/uploads\/2014\/12\/sum.jpg","type":"image\/jpeg"}],"twitter_card":"summary_large_image","twitter_site":"@AurenUruguay","twitter_misc":{"Tiempo de lectura":"3 minutos"},"schema":{"@context":"https:\/\/schema.org","@graph":[{"@type":"WebPage","@id":"https:\/\/auren.com\/uy\/noticias\/203-a-armar-el-presupuesto\/","url":"https:\/\/auren.com\/uy\/noticias\/203-a-armar-el-presupuesto\/","name":"203- A ARMAR EL PRESUPUESTO - Auren Uruguay","isPartOf":{"@id":"https:\/\/auren.com\/uy\/#website"},"primaryImageOfPage":{"@id":"https:\/\/auren.com\/uy\/noticias\/203-a-armar-el-presupuesto\/#primaryimage"},"image":{"@id":"https:\/\/auren.com\/uy\/noticias\/203-a-armar-el-presupuesto\/#primaryimage"},"thumbnailUrl":"https:\/\/auren.com\/uy\/wp-content\/uploads\/2014\/12\/sum.jpg","datePublished":"2014-12-19T14:38:17+00:00","breadcrumb":{"@id":"https:\/\/auren.com\/uy\/noticias\/203-a-armar-el-presupuesto\/#breadcrumb"},"inLanguage":"es","potentialAction":[{"@type":"ReadAction","target":["https:\/\/auren.com\/uy\/noticias\/203-a-armar-el-presupuesto\/"]}]},{"@type":"ImageObject","inLanguage":"es","@id":"https:\/\/auren.com\/uy\/noticias\/203-a-armar-el-presupuesto\/#primaryimage","url":"https:\/\/auren.com\/uy\/wp-content\/uploads\/2014\/12\/sum.jpg","contentUrl":"https:\/\/auren.com\/uy\/wp-content\/uploads\/2014\/12\/sum.jpg","width":2048,"height":1365},{"@type":"BreadcrumbList","@id":"https:\/\/auren.com\/uy\/noticias\/203-a-armar-el-presupuesto\/#breadcrumb","itemListElement":[{"@type":"ListItem","position":1,"name":"Portada","item":"https:\/\/auren.com\/uy\/"},{"@type":"ListItem","position":2,"name":"203- A ARMAR EL PRESUPUESTO"}]},{"@type":"WebSite","@id":"https:\/\/auren.com\/uy\/#website","url":"https:\/\/auren.com\/uy\/","name":"Auren Uruguay","description":"","publisher":{"@id":"https:\/\/auren.com\/uy\/#organization"},"potentialAction":[{"@type":"SearchAction","target":{"@type":"EntryPoint","urlTemplate":"https:\/\/auren.com\/uy\/?s={search_term_string}"},"query-input":{"@type":"PropertyValueSpecification","valueRequired":true,"valueName":"search_term_string"}}],"inLanguage":"es"},{"@type":"Organization","@id":"https:\/\/auren.com\/uy\/#organization","name":"Auren Uruguay","url":"https:\/\/auren.com\/uy\/","logo":{"@type":"ImageObject","inLanguage":"es","@id":"https:\/\/auren.com\/uy\/#\/schema\/logo\/image\/","url":"https:\/\/auren.com\/uy\/wp-content\/uploads\/2025\/01\/cropped-cropped-favicon-Auren.png","contentUrl":"https:\/\/auren.com\/uy\/wp-content\/uploads\/2025\/01\/cropped-cropped-favicon-Auren.png","width":512,"height":512,"caption":"Auren Uruguay"},"image":{"@id":"https:\/\/auren.com\/uy\/#\/schema\/logo\/image\/"},"sameAs":["https:\/\/www.facebook.com\/aurenuruguay","https:\/\/x.com\/AurenUruguay","https:\/\/www.linkedin.com\/company\/auren-uruguay","https:\/\/www.youtube.com\/channel\/UClkpSYFfsAuqdTaVF5whedQ","https:\/\/www.instagram.com\/aurenuruguay\/"]}]}},"_links":{"self":[{"href":"https:\/\/auren.com\/uy\/wp-json\/wp\/v2\/new\/11341","targetHints":{"allow":["GET"]}}],"collection":[{"href":"https:\/\/auren.com\/uy\/wp-json\/wp\/v2\/new"}],"about":[{"href":"https:\/\/auren.com\/uy\/wp-json\/wp\/v2\/types\/new"}],"version-history":[{"count":0,"href":"https:\/\/auren.com\/uy\/wp-json\/wp\/v2\/new\/11341\/revisions"}],"wp:featuredmedia":[{"embeddable":true,"href":"https:\/\/auren.com\/uy\/wp-json\/wp\/v2\/media\/11342"}],"wp:attachment":[{"href":"https:\/\/auren.com\/uy\/wp-json\/wp\/v2\/media?parent=11341"}],"wp:term":[{"taxonomy":"new-category","embeddable":true,"href":"https:\/\/auren.com\/uy\/wp-json\/wp\/v2\/new-category?post=11341"}],"curies":[{"name":"wp","href":"https:\/\/api.w.org\/{rel}","templated":true}]}}