{"id":11344,"date":"2014-12-12T15:45:32","date_gmt":"2014-12-12T14:45:32","guid":{"rendered":"https:\/\/auren.com\/uy\/new\/202-impuesto-al-patrimonio-se-acerca-el-31-12\/"},"modified":"2014-12-12T15:45:32","modified_gmt":"2014-12-12T14:45:32","slug":"202-impuesto-al-patrimonio-se-acerca-el-31-12","status":"publish","type":"new","link":"https:\/\/auren.com\/uy\/noticias\/202-impuesto-al-patrimonio-se-acerca-el-31-12\/","title":{"rendered":"202- IMPUESTO AL PATRIMONIO: SE ACERCA EL 31\/12"},"content":{"rendered":"<p class=\"has-text-align-justify\">Se acerca el 31 de diciembre y por tal raz\u00f3n creemos conveniente recordar algunos saldos que pueden quedar gravados por el Impuesto al Patrimonio de las Personas F\u00edsicas (IPPF), as\u00ed como tambi\u00e9n ciertos saldos que puedan ser objeto de retenci\u00f3n del impuesto por parte de las empresas locales.<\/p>\n<p class=\"has-text-align-justify has-vivid-red-color has-text-color\" style=\"font-size:25px\"><strong>IPPF <\/strong><\/p>\n<p class=\"has-text-align-justify\">El 31 de diciembre es la fecha de cierre de ejercicio para los contribuyentes del Impuesto al Patrimonio de las Personas F\u00edsicas. <\/p>\n<p class=\"has-text-align-justify\">En grandes l\u00edneas se puede decir que el activo gravado por el impuesto se compone b\u00e1sicamente por: <\/p>\n<p class=\"has-text-align-justify\">&#8211; Inmuebles <\/p>\n<p class=\"has-text-align-justify\">&#8211; Autos <\/p>\n<p class=\"has-text-align-justify\">&#8211; Cuentas a cobrar a empresas locales <\/p>\n<p class=\"has-text-align-justify\">En este punto ser\u00eda conveniente analizar si las sociedades mantienen saldos pasivos con sus socios, directores o accionistas que pudieran cancelarse antes de fin de a\u00f1o. <\/p>\n<p class=\"has-text-align-justify\">&#8211; Dep\u00f3sitos bancarios locales<\/p>\n<p class=\"has-text-align-justify\">Recordamos que los mismos, si bien no se encuentran gravados por el impuesto constituyen activos computables a efectos del c\u00e1lculo del ficto por concepto de ajuar y muebles de la casa-habitaci\u00f3n.<\/p>\n<p class=\"has-text-align-justify has-vivid-red-color has-text-color\" style=\"font-size:25px\"><strong>RETENCIONES DE IP <\/strong><\/p>\n<p class=\"has-text-align-justify\">Las entidades comprendidas en el impuesto a la Renta que fueran deudoras de personas del exterior deber\u00e1n retener el Impuesto al Patrimonio a la tasa del 1,5% sobre ciertos saldos existentes al 31 de diciembre \u2013 con independencia de la fecha de cierre de ejercicio de la sociedad.<\/p>\n<p class=\"has-text-align-justify\">Los saldos sujetos a retenci\u00f3n comprenden la totalidad de las deudas mantenidas con personas del exterior, excepto: <\/p>\n<p class=\"has-text-align-justify\">&#8211; Deudas financieras.<\/p>\n<p class=\"has-text-align-justify\">&#8211; Saldos de precios por importaciones de bienes (recordamos que dentro de este concepto se incluyen las deudas por adquisiciones de bienes situados en el exterior de la Rep\u00fablica, as\u00ed como tambi\u00e9n en zona franca y recintos y dep\u00f3sitos aduaneros y portuarios).<\/p>\n<p class=\"has-text-align-justify\"> Es decir que cualquier otro saldo impago por alg\u00fan concepto diferente a los reci\u00e9n mencionados se encontrar\u00e1 sujeto al pago del impuesto v\u00eda retenci\u00f3n. A v\u00eda de ejemplo los mismos comprenden las deudas por servicios de todo tipo, dividendos pendientes de distribuci\u00f3n, regal\u00edas, anticipos de clientes del exterior, etc. <\/p>\n<p class=\"has-text-align-justify\">De todas formas, en forma previa a realizer y volcar la retenci\u00f3n es conveniente analizar si con el pa\u00eds donde se encuentra ubicado el acreedor existe Convenio para evitar la doble imposici\u00f3n con Uruguay, ya que en estos casos la retenci\u00f3n podr\u00eda no ser aplicable.<\/p>\n<p class=\"has-text-align-justify has-vivid-red-color has-text-color\" style=\"font-size:25px\"><strong>USUARIAS DE ZONA FRANCA <\/strong><\/p>\n<p class=\"has-text-align-justify\">Recordamos adem\u00e1s que las sociedades usuarias de zona franca, si bien se encuentran exoneradas del pago de dichos impuestos como contribuyentes, son agentes de retenci\u00f3n del IP en la medida que sean deudores de personas f\u00edsicas o jur\u00eddicas del exterior. <\/p>\n<p class=\"has-text-align-justify\">En lo que respecta a los saldos sujetos a retenci\u00f3n, se encuentra vigente el Decreto N\u00ba 311\/005, mediante el cual se establece la exoneraci\u00f3n de retener IRNR e IP a los siguientes saldos (adem\u00e1s de los mencionados en el punto anterior): <\/p>\n<p class=\"has-text-align-justify\">&#8211; Pagos por Regal\u00edas <\/p>\n<p class=\"has-text-align-justify\">&#8211; Pagos por servicios t\u00e9cnicos <\/p>\n<p class=\"has-text-align-justify\">&#8211; Pagos por derechos de autor<\/p>\n<p class=\"has-text-align-justify\">Cabe recordar que la DGI entiende que los pagos por concepto de comisiones por intermediaci\u00f3n en las ventas no encuadran en el concepto de servicio t\u00e9cnico, por lo que en caso de existir un saldo al 31 de diciembre, el mismo se encontrar\u00e1 sujeto a retenci\u00f3n de IP.<\/p>\n<p><!-- AddThis Advanced Settings generic via filter on the_content --><!-- AddThis Share Buttons generic via filter on the_content --><\/p>\n","protected":false},"excerpt":{"rendered":"<p>Se acerca el 31 de diciembre y por tal raz\u00f3n creemos conveniente recordar algunos saldos que pueden quedar gravados por el Impuesto al Patrimonio de las Personas F\u00edsicas (IPPF), as\u00ed [&hellip;]<\/p>\n","protected":false},"featured_media":11345,"template":"","meta":{"_acf_changed":false,"footnotes":""},"new-category":[],"class_list":["post-11344","new","type-new","status-publish","has-post-thumbnail","hentry"],"acf":[],"yoast_head":"<!-- This site is optimized with the Yoast SEO plugin v27.5 - https:\/\/yoast.com\/product\/yoast-seo-wordpress\/ -->\n<title>202- IMPUESTO AL PATRIMONIO: SE ACERCA EL 31\/12 - Auren Uruguay<\/title>\n<meta name=\"robots\" content=\"index, follow, max-snippet:-1, max-image-preview:large, max-video-preview:-1\" \/>\n<link rel=\"canonical\" href=\"https:\/\/auren.com\/uy\/noticias\/202-impuesto-al-patrimonio-se-acerca-el-31-12\/\" \/>\n<meta property=\"og:locale\" content=\"es_ES\" \/>\n<meta property=\"og:type\" content=\"article\" \/>\n<meta property=\"og:title\" content=\"202- IMPUESTO AL PATRIMONIO: SE ACERCA EL 31\/12 - Auren Uruguay\" \/>\n<meta property=\"og:description\" content=\"Se acerca el 31 de diciembre y por tal raz\u00f3n creemos conveniente recordar algunos saldos que pueden quedar gravados por el Impuesto al Patrimonio de las Personas F\u00edsicas (IPPF), as\u00ed [&hellip;]\" \/>\n<meta property=\"og:url\" content=\"https:\/\/auren.com\/uy\/noticias\/202-impuesto-al-patrimonio-se-acerca-el-31-12\/\" \/>\n<meta property=\"og:site_name\" content=\"Auren Uruguay\" \/>\n<meta property=\"article:publisher\" content=\"https:\/\/www.facebook.com\/aurenuruguay\" \/>\n<meta property=\"og:image\" content=\"https:\/\/auren.com\/uy\/wp-content\/uploads\/2014\/12\/photo-1563013544-824ae1b704d3.jpeg\" \/>\n\t<meta property=\"og:image:width\" content=\"2100\" \/>\n\t<meta property=\"og:image:height\" content=\"1400\" \/>\n\t<meta property=\"og:image:type\" content=\"image\/jpeg\" \/>\n<meta name=\"twitter:card\" content=\"summary_large_image\" \/>\n<meta name=\"twitter:site\" content=\"@AurenUruguay\" \/>\n<meta name=\"twitter:label1\" content=\"Tiempo de lectura\" \/>\n\t<meta name=\"twitter:data1\" content=\"3 minutos\" \/>\n<script type=\"application\/ld+json\" class=\"yoast-schema-graph\">{\"@context\":\"https:\\\/\\\/schema.org\",\"@graph\":[{\"@type\":\"WebPage\",\"@id\":\"https:\\\/\\\/auren.com\\\/uy\\\/noticias\\\/202-impuesto-al-patrimonio-se-acerca-el-31-12\\\/\",\"url\":\"https:\\\/\\\/auren.com\\\/uy\\\/noticias\\\/202-impuesto-al-patrimonio-se-acerca-el-31-12\\\/\",\"name\":\"202- IMPUESTO AL PATRIMONIO: SE ACERCA EL 31\\\/12 - Auren Uruguay\",\"isPartOf\":{\"@id\":\"https:\\\/\\\/auren.com\\\/uy\\\/#website\"},\"primaryImageOfPage\":{\"@id\":\"https:\\\/\\\/auren.com\\\/uy\\\/noticias\\\/202-impuesto-al-patrimonio-se-acerca-el-31-12\\\/#primaryimage\"},\"image\":{\"@id\":\"https:\\\/\\\/auren.com\\\/uy\\\/noticias\\\/202-impuesto-al-patrimonio-se-acerca-el-31-12\\\/#primaryimage\"},\"thumbnailUrl\":\"https:\\\/\\\/auren.com\\\/uy\\\/wp-content\\\/uploads\\\/2014\\\/12\\\/photo-1563013544-824ae1b704d3.jpeg\",\"datePublished\":\"2014-12-12T14:45:32+00:00\",\"breadcrumb\":{\"@id\":\"https:\\\/\\\/auren.com\\\/uy\\\/noticias\\\/202-impuesto-al-patrimonio-se-acerca-el-31-12\\\/#breadcrumb\"},\"inLanguage\":\"es\",\"potentialAction\":[{\"@type\":\"ReadAction\",\"target\":[\"https:\\\/\\\/auren.com\\\/uy\\\/noticias\\\/202-impuesto-al-patrimonio-se-acerca-el-31-12\\\/\"]}]},{\"@type\":\"ImageObject\",\"inLanguage\":\"es\",\"@id\":\"https:\\\/\\\/auren.com\\\/uy\\\/noticias\\\/202-impuesto-al-patrimonio-se-acerca-el-31-12\\\/#primaryimage\",\"url\":\"https:\\\/\\\/auren.com\\\/uy\\\/wp-content\\\/uploads\\\/2014\\\/12\\\/photo-1563013544-824ae1b704d3.jpeg\",\"contentUrl\":\"https:\\\/\\\/auren.com\\\/uy\\\/wp-content\\\/uploads\\\/2014\\\/12\\\/photo-1563013544-824ae1b704d3.jpeg\",\"width\":2100,\"height\":1400},{\"@type\":\"BreadcrumbList\",\"@id\":\"https:\\\/\\\/auren.com\\\/uy\\\/noticias\\\/202-impuesto-al-patrimonio-se-acerca-el-31-12\\\/#breadcrumb\",\"itemListElement\":[{\"@type\":\"ListItem\",\"position\":1,\"name\":\"Portada\",\"item\":\"https:\\\/\\\/auren.com\\\/uy\\\/\"},{\"@type\":\"ListItem\",\"position\":2,\"name\":\"202- IMPUESTO AL PATRIMONIO: SE ACERCA EL 31\\\/12\"}]},{\"@type\":\"WebSite\",\"@id\":\"https:\\\/\\\/auren.com\\\/uy\\\/#website\",\"url\":\"https:\\\/\\\/auren.com\\\/uy\\\/\",\"name\":\"Auren Uruguay\",\"description\":\"\",\"publisher\":{\"@id\":\"https:\\\/\\\/auren.com\\\/uy\\\/#organization\"},\"potentialAction\":[{\"@type\":\"SearchAction\",\"target\":{\"@type\":\"EntryPoint\",\"urlTemplate\":\"https:\\\/\\\/auren.com\\\/uy\\\/?s={search_term_string}\"},\"query-input\":{\"@type\":\"PropertyValueSpecification\",\"valueRequired\":true,\"valueName\":\"search_term_string\"}}],\"inLanguage\":\"es\"},{\"@type\":\"Organization\",\"@id\":\"https:\\\/\\\/auren.com\\\/uy\\\/#organization\",\"name\":\"Auren Uruguay\",\"url\":\"https:\\\/\\\/auren.com\\\/uy\\\/\",\"logo\":{\"@type\":\"ImageObject\",\"inLanguage\":\"es\",\"@id\":\"https:\\\/\\\/auren.com\\\/uy\\\/#\\\/schema\\\/logo\\\/image\\\/\",\"url\":\"https:\\\/\\\/auren.com\\\/uy\\\/wp-content\\\/uploads\\\/2025\\\/01\\\/cropped-cropped-favicon-Auren.png\",\"contentUrl\":\"https:\\\/\\\/auren.com\\\/uy\\\/wp-content\\\/uploads\\\/2025\\\/01\\\/cropped-cropped-favicon-Auren.png\",\"width\":512,\"height\":512,\"caption\":\"Auren Uruguay\"},\"image\":{\"@id\":\"https:\\\/\\\/auren.com\\\/uy\\\/#\\\/schema\\\/logo\\\/image\\\/\"},\"sameAs\":[\"https:\\\/\\\/www.facebook.com\\\/aurenuruguay\",\"https:\\\/\\\/x.com\\\/AurenUruguay\",\"https:\\\/\\\/www.linkedin.com\\\/company\\\/auren-uruguay\",\"https:\\\/\\\/www.youtube.com\\\/channel\\\/UClkpSYFfsAuqdTaVF5whedQ\",\"https:\\\/\\\/www.instagram.com\\\/aurenuruguay\\\/\"]}]}<\/script>\n<!-- \/ Yoast SEO plugin. -->","yoast_head_json":{"title":"202- IMPUESTO AL PATRIMONIO: SE ACERCA EL 31\/12 - Auren Uruguay","robots":{"index":"index","follow":"follow","max-snippet":"max-snippet:-1","max-image-preview":"max-image-preview:large","max-video-preview":"max-video-preview:-1"},"canonical":"https:\/\/auren.com\/uy\/noticias\/202-impuesto-al-patrimonio-se-acerca-el-31-12\/","og_locale":"es_ES","og_type":"article","og_title":"202- IMPUESTO AL PATRIMONIO: SE ACERCA EL 31\/12 - Auren Uruguay","og_description":"Se acerca el 31 de diciembre y por tal raz\u00f3n creemos conveniente recordar algunos saldos que pueden quedar gravados por el Impuesto al Patrimonio de las Personas F\u00edsicas (IPPF), as\u00ed [&hellip;]","og_url":"https:\/\/auren.com\/uy\/noticias\/202-impuesto-al-patrimonio-se-acerca-el-31-12\/","og_site_name":"Auren Uruguay","article_publisher":"https:\/\/www.facebook.com\/aurenuruguay","og_image":[{"width":2100,"height":1400,"url":"https:\/\/auren.com\/uy\/wp-content\/uploads\/2014\/12\/photo-1563013544-824ae1b704d3.jpeg","type":"image\/jpeg"}],"twitter_card":"summary_large_image","twitter_site":"@AurenUruguay","twitter_misc":{"Tiempo de lectura":"3 minutos"},"schema":{"@context":"https:\/\/schema.org","@graph":[{"@type":"WebPage","@id":"https:\/\/auren.com\/uy\/noticias\/202-impuesto-al-patrimonio-se-acerca-el-31-12\/","url":"https:\/\/auren.com\/uy\/noticias\/202-impuesto-al-patrimonio-se-acerca-el-31-12\/","name":"202- IMPUESTO AL PATRIMONIO: SE ACERCA EL 31\/12 - Auren Uruguay","isPartOf":{"@id":"https:\/\/auren.com\/uy\/#website"},"primaryImageOfPage":{"@id":"https:\/\/auren.com\/uy\/noticias\/202-impuesto-al-patrimonio-se-acerca-el-31-12\/#primaryimage"},"image":{"@id":"https:\/\/auren.com\/uy\/noticias\/202-impuesto-al-patrimonio-se-acerca-el-31-12\/#primaryimage"},"thumbnailUrl":"https:\/\/auren.com\/uy\/wp-content\/uploads\/2014\/12\/photo-1563013544-824ae1b704d3.jpeg","datePublished":"2014-12-12T14:45:32+00:00","breadcrumb":{"@id":"https:\/\/auren.com\/uy\/noticias\/202-impuesto-al-patrimonio-se-acerca-el-31-12\/#breadcrumb"},"inLanguage":"es","potentialAction":[{"@type":"ReadAction","target":["https:\/\/auren.com\/uy\/noticias\/202-impuesto-al-patrimonio-se-acerca-el-31-12\/"]}]},{"@type":"ImageObject","inLanguage":"es","@id":"https:\/\/auren.com\/uy\/noticias\/202-impuesto-al-patrimonio-se-acerca-el-31-12\/#primaryimage","url":"https:\/\/auren.com\/uy\/wp-content\/uploads\/2014\/12\/photo-1563013544-824ae1b704d3.jpeg","contentUrl":"https:\/\/auren.com\/uy\/wp-content\/uploads\/2014\/12\/photo-1563013544-824ae1b704d3.jpeg","width":2100,"height":1400},{"@type":"BreadcrumbList","@id":"https:\/\/auren.com\/uy\/noticias\/202-impuesto-al-patrimonio-se-acerca-el-31-12\/#breadcrumb","itemListElement":[{"@type":"ListItem","position":1,"name":"Portada","item":"https:\/\/auren.com\/uy\/"},{"@type":"ListItem","position":2,"name":"202- IMPUESTO AL PATRIMONIO: SE ACERCA EL 31\/12"}]},{"@type":"WebSite","@id":"https:\/\/auren.com\/uy\/#website","url":"https:\/\/auren.com\/uy\/","name":"Auren Uruguay","description":"","publisher":{"@id":"https:\/\/auren.com\/uy\/#organization"},"potentialAction":[{"@type":"SearchAction","target":{"@type":"EntryPoint","urlTemplate":"https:\/\/auren.com\/uy\/?s={search_term_string}"},"query-input":{"@type":"PropertyValueSpecification","valueRequired":true,"valueName":"search_term_string"}}],"inLanguage":"es"},{"@type":"Organization","@id":"https:\/\/auren.com\/uy\/#organization","name":"Auren Uruguay","url":"https:\/\/auren.com\/uy\/","logo":{"@type":"ImageObject","inLanguage":"es","@id":"https:\/\/auren.com\/uy\/#\/schema\/logo\/image\/","url":"https:\/\/auren.com\/uy\/wp-content\/uploads\/2025\/01\/cropped-cropped-favicon-Auren.png","contentUrl":"https:\/\/auren.com\/uy\/wp-content\/uploads\/2025\/01\/cropped-cropped-favicon-Auren.png","width":512,"height":512,"caption":"Auren Uruguay"},"image":{"@id":"https:\/\/auren.com\/uy\/#\/schema\/logo\/image\/"},"sameAs":["https:\/\/www.facebook.com\/aurenuruguay","https:\/\/x.com\/AurenUruguay","https:\/\/www.linkedin.com\/company\/auren-uruguay","https:\/\/www.youtube.com\/channel\/UClkpSYFfsAuqdTaVF5whedQ","https:\/\/www.instagram.com\/aurenuruguay\/"]}]}},"_links":{"self":[{"href":"https:\/\/auren.com\/uy\/wp-json\/wp\/v2\/new\/11344","targetHints":{"allow":["GET"]}}],"collection":[{"href":"https:\/\/auren.com\/uy\/wp-json\/wp\/v2\/new"}],"about":[{"href":"https:\/\/auren.com\/uy\/wp-json\/wp\/v2\/types\/new"}],"version-history":[{"count":0,"href":"https:\/\/auren.com\/uy\/wp-json\/wp\/v2\/new\/11344\/revisions"}],"wp:featuredmedia":[{"embeddable":true,"href":"https:\/\/auren.com\/uy\/wp-json\/wp\/v2\/media\/11345"}],"wp:attachment":[{"href":"https:\/\/auren.com\/uy\/wp-json\/wp\/v2\/media?parent=11344"}],"wp:term":[{"taxonomy":"new-category","embeddable":true,"href":"https:\/\/auren.com\/uy\/wp-json\/wp\/v2\/new-category?post=11344"}],"curies":[{"name":"wp","href":"https:\/\/api.w.org\/{rel}","templated":true}]}}