{"id":11353,"date":"2014-11-21T09:48:44","date_gmt":"2014-11-21T08:48:44","guid":{"rendered":"https:\/\/auren.com\/uy\/new\/199-sociedades-al-portador-parte-ii-nuevas-exigencias-para-inscripacion-en-bcu-y-extension-de-plazo-para-no-residentes\/"},"modified":"2014-11-21T09:48:44","modified_gmt":"2014-11-21T08:48:44","slug":"199-sociedades-al-portador-parte-ii-nuevas-exigencias-para-inscripacion-en-bcu-y-extension-de-plazo-para-no-residentes","status":"publish","type":"new","link":"https:\/\/auren.com\/uy\/noticias\/199-sociedades-al-portador-parte-ii-nuevas-exigencias-para-inscripacion-en-bcu-y-extension-de-plazo-para-no-residentes\/","title":{"rendered":"199- SOCIEDADES AL PORTADOR \u2013 Parte II: NUEVAS EXIGENCIAS PARA INSCRIPACION EN BCU Y EXTENSION DE PLAZO PARA NO RESIDENTES"},"content":{"rendered":"<p class=\"has-text-align-justify\">Retomando nuestra pasada publicaci\u00f3n y en el marco de la entrada en vigencia la Ley 19.288<strong>&nbsp;<\/strong>\u201cNormas para la Depuraci\u00f3n de Sociedades Inactivas y para la Identificaci\u00f3n de Titulares de Participaciones Patrimoniales al Portador\u201d,&nbsp; procederemos a comentar algunas consideraciones adicionales relacionadas con esta Ley y la Resoluci\u00f3n del Ministerio de Econom\u00eda y Finanzas (MEF) de fecha 13 de octubre de 2014.<\/p>\n<p class=\"has-text-align-justify\">Dentro del marco de la Ley 18.930, que exigi\u00f3 a los titulares de participaciones al portador inscribirse en el Banco Central del Uruguay (BCU) han surgido normas complementarias donde se establece para las Sociedades An\u00f3nimas y en Comandita por Acciones, con t\u00edtulos al portador as\u00ed como las dem\u00e1s entidades establecidas en el art\u00edculo 1\u00b0 de la Ley 18.930,&nbsp; un plazo de regularizaci\u00f3n para la comunicaci\u00f3n de los mencionados titulares so pena de disoluci\u00f3n de la sociedad y p\u00e9rdida de los derechos de titularidad de las participaciones al portador, seg\u00fan lo ampliado en el pasado art\u00edculo.<\/p>\n<p class=\"has-text-align-justify\">Adicionalmente se establecieron otras disposiciones:<\/p>\n<p class=\"has-text-align-justify has-vivid-red-color has-text-color\" style=\"font-size:25px\"><strong><em>a) Entidades con participaciones al portador<\/em><\/strong><\/p>\n<p class=\"has-text-align-justify has-vivid-red-color has-text-color\" style=\"font-size:25px\"><strong>Requisitos para nuevas inscripciones ante BCU<\/strong><\/p>\n<p class=\"has-text-align-justify\">Para las nuevas inscripciones que se realicen luego de 90 d\u00edas corridos desde el 1\u00b0 de noviembre del presente (Ley 19.288):<\/p>\n<p class=\"has-text-align-justify\">&#8211; El BCU solamente admitir\u00e1 las declaraciones juradas que contengan informaci\u00f3n relativa al 100% (cien por ciento) de las participaciones emitidas.<\/p>\n<p class=\"has-text-align-justify\">&#8211; Se presumir\u00e1 que son titulares los fundadores o antecesores, nominativos o escriturales, cuando los titulares de las participaciones al portador no cumplan con la obligaci\u00f3n de identificarse.<\/p>\n<p class=\"has-text-align-justify\">&#8211; Cuando se transfiera la titularidad de participaciones patrimoniales al portador o toda vez que se altere el porcentaje de participaci\u00f3n de los titulares correspondientes y no se notifique al BCU, se perder\u00e1 la calidad de titular respecto de las participaciones patrimoniales correspondientes.<\/p>\n<p class=\"has-text-align-justify has-vivid-red-color has-text-color\" style=\"font-size:25px\"><strong>Nuevas atribuciones de la DGI<\/strong><\/p>\n<p class=\"has-text-align-justify\">La Direcci\u00f3n General Impositiva (DGI) deber\u00e1 comunicar a la Direcci\u00f3n General de Registros, los datos que permitan la identificaci\u00f3n inequ\u00edvoca de las sociedades disueltas de pleno derecho o cuyo capital accionario estuviere representado total o parcialmente por acciones al portador que a la entrada en vigencia de la presente ley hayan presentado clausura por cese de actividades ante la DGI y el BPS a los efectos de la cancelaci\u00f3n de oficio de la inscripci\u00f3n registral de las mismas.<\/p>\n<p class=\"has-text-align-justify\">Asimismo se facult\u00f3 a la DGI a hacer p\u00fablica, la n\u00f3mina de las personas f\u00edsicas, personas jur\u00eddicas u otras entidades inscriptas en el Registro \u00danico Tributario. Pudiendo incluir en la misma los siguientes datos: el nombre o denominaci\u00f3n, n\u00famero de inscripci\u00f3n, domicilio fiscal, impuestos obligados, giro, la regularidad en el cumplimiento de sus obligaciones tributarias, estado del certificado \u00fanico y dem\u00e1s datos para la efectiva identificaci\u00f3n del contribuyente o responsable, as\u00ed como el cumplimiento o incumplimiento de las obligaciones dispuestas por la&nbsp;<a href=\"http:\/\/www.parlamento.gub.uy\/leyes\/ley18930.htm\" target=\"_blank\" rel=\"noreferrer noopener\">Ley N\u00ba&nbsp;18.930<\/a>.<\/p>\n<p class=\"has-text-align-justify has-vivid-red-color has-text-color\" style=\"font-size:25px\"><strong><em>b) Entidades no Residentes<\/em><\/strong><\/p>\n<p class=\"has-text-align-justify\">De acuerdo a lo establecido por el art\u00edculo 2\u00b0 de la Ley 18.930 &nbsp;los titulares de participaciones patrimoniales en entidades no residentes, ya sean al portador o nominativas, deben comunicar a BCU sus los datos que permitan su identificaci\u00f3n como titulares.<\/p>\n<p class=\"has-text-align-justify\">Debido a criterios divergentes en los organismos intervinientes, para el caso de las participaciones patrimoniales que no sean al portador de entidades no residentes el plazo para la comunicaci\u00f3n de los titulares ante el BCU fue extendido, por la Resoluci\u00f3n del MEF hasta el 31 de diciembre de 2014.<\/p>\n<p class=\"has-text-align-justify\">Es de esperar informaci\u00f3n complementaria al respecto de este marco normativo, en la medida que el Poder Ejecutivo reglamente la forma de instrumentar los principales aspectos de la misma.<\/p>\n<p><!-- AddThis Advanced Settings generic via filter on the_content --><!-- AddThis Share Buttons generic via filter on the_content --><\/p>\n","protected":false},"excerpt":{"rendered":"<p>Retomando nuestra pasada publicaci\u00f3n y en el marco de la entrada en vigencia la Ley 19.288&nbsp;\u201cNormas para la Depuraci\u00f3n de Sociedades Inactivas y para la Identificaci\u00f3n de Titulares de Participaciones [&hellip;]<\/p>\n","protected":false},"featured_media":11354,"template":"","meta":{"_acf_changed":false,"footnotes":""},"new-category":[],"class_list":["post-11353","new","type-new","status-publish","has-post-thumbnail","hentry"],"acf":[],"yoast_head":"<!-- This site is optimized with the Yoast SEO plugin v27.4 - https:\/\/yoast.com\/product\/yoast-seo-wordpress\/ -->\n<title>199- SOCIEDADES AL PORTADOR \u2013 Parte II: NUEVAS EXIGENCIAS PARA INSCRIPACION EN BCU Y EXTENSION DE PLAZO PARA NO RESIDENTES - Auren Uruguay<\/title>\n<meta name=\"robots\" content=\"index, follow, max-snippet:-1, max-image-preview:large, max-video-preview:-1\" \/>\n<link rel=\"canonical\" href=\"https:\/\/auren.com\/uy\/noticias\/199-sociedades-al-portador-parte-ii-nuevas-exigencias-para-inscripacion-en-bcu-y-extension-de-plazo-para-no-residentes\/\" \/>\n<meta property=\"og:locale\" content=\"es_ES\" \/>\n<meta property=\"og:type\" content=\"article\" \/>\n<meta property=\"og:title\" content=\"199- SOCIEDADES AL PORTADOR \u2013 Parte II: NUEVAS EXIGENCIAS PARA INSCRIPACION EN BCU Y EXTENSION DE PLAZO PARA NO RESIDENTES - Auren Uruguay\" \/>\n<meta property=\"og:description\" content=\"Retomando nuestra pasada publicaci\u00f3n y en el marco de la entrada en vigencia la Ley 19.288&nbsp;\u201cNormas para la Depuraci\u00f3n de Sociedades Inactivas y para la Identificaci\u00f3n de Titulares de Participaciones [&hellip;]\" \/>\n<meta property=\"og:url\" content=\"https:\/\/auren.com\/uy\/noticias\/199-sociedades-al-portador-parte-ii-nuevas-exigencias-para-inscripacion-en-bcu-y-extension-de-plazo-para-no-residentes\/\" \/>\n<meta property=\"og:site_name\" content=\"Auren Uruguay\" \/>\n<meta property=\"article:publisher\" content=\"https:\/\/www.facebook.com\/aurenuruguay\" \/>\n<meta property=\"og:image\" content=\"https:\/\/auren.com\/uy\/wp-content\/uploads\/2014\/11\/taxholi.jpg\" \/>\n\t<meta property=\"og:image:width\" content=\"2048\" \/>\n\t<meta property=\"og:image:height\" content=\"1365\" \/>\n\t<meta property=\"og:image:type\" content=\"image\/jpeg\" \/>\n<meta name=\"twitter:card\" content=\"summary_large_image\" \/>\n<meta name=\"twitter:site\" content=\"@AurenUruguay\" \/>\n<meta name=\"twitter:label1\" content=\"Tiempo de lectura\" \/>\n\t<meta name=\"twitter:data1\" content=\"3 minutos\" \/>\n<script type=\"application\/ld+json\" class=\"yoast-schema-graph\">{\"@context\":\"https:\\\/\\\/schema.org\",\"@graph\":[{\"@type\":\"WebPage\",\"@id\":\"https:\\\/\\\/auren.com\\\/uy\\\/noticias\\\/199-sociedades-al-portador-parte-ii-nuevas-exigencias-para-inscripacion-en-bcu-y-extension-de-plazo-para-no-residentes\\\/\",\"url\":\"https:\\\/\\\/auren.com\\\/uy\\\/noticias\\\/199-sociedades-al-portador-parte-ii-nuevas-exigencias-para-inscripacion-en-bcu-y-extension-de-plazo-para-no-residentes\\\/\",\"name\":\"199- SOCIEDADES AL PORTADOR \u2013 Parte II: NUEVAS EXIGENCIAS PARA INSCRIPACION EN BCU Y EXTENSION DE PLAZO PARA NO RESIDENTES - Auren Uruguay\",\"isPartOf\":{\"@id\":\"https:\\\/\\\/auren.com\\\/uy\\\/#website\"},\"primaryImageOfPage\":{\"@id\":\"https:\\\/\\\/auren.com\\\/uy\\\/noticias\\\/199-sociedades-al-portador-parte-ii-nuevas-exigencias-para-inscripacion-en-bcu-y-extension-de-plazo-para-no-residentes\\\/#primaryimage\"},\"image\":{\"@id\":\"https:\\\/\\\/auren.com\\\/uy\\\/noticias\\\/199-sociedades-al-portador-parte-ii-nuevas-exigencias-para-inscripacion-en-bcu-y-extension-de-plazo-para-no-residentes\\\/#primaryimage\"},\"thumbnailUrl\":\"https:\\\/\\\/auren.com\\\/uy\\\/wp-content\\\/uploads\\\/2014\\\/11\\\/taxholi.jpg\",\"datePublished\":\"2014-11-21T08:48:44+00:00\",\"breadcrumb\":{\"@id\":\"https:\\\/\\\/auren.com\\\/uy\\\/noticias\\\/199-sociedades-al-portador-parte-ii-nuevas-exigencias-para-inscripacion-en-bcu-y-extension-de-plazo-para-no-residentes\\\/#breadcrumb\"},\"inLanguage\":\"es\",\"potentialAction\":[{\"@type\":\"ReadAction\",\"target\":[\"https:\\\/\\\/auren.com\\\/uy\\\/noticias\\\/199-sociedades-al-portador-parte-ii-nuevas-exigencias-para-inscripacion-en-bcu-y-extension-de-plazo-para-no-residentes\\\/\"]}]},{\"@type\":\"ImageObject\",\"inLanguage\":\"es\",\"@id\":\"https:\\\/\\\/auren.com\\\/uy\\\/noticias\\\/199-sociedades-al-portador-parte-ii-nuevas-exigencias-para-inscripacion-en-bcu-y-extension-de-plazo-para-no-residentes\\\/#primaryimage\",\"url\":\"https:\\\/\\\/auren.com\\\/uy\\\/wp-content\\\/uploads\\\/2014\\\/11\\\/taxholi.jpg\",\"contentUrl\":\"https:\\\/\\\/auren.com\\\/uy\\\/wp-content\\\/uploads\\\/2014\\\/11\\\/taxholi.jpg\",\"width\":2048,\"height\":1365},{\"@type\":\"BreadcrumbList\",\"@id\":\"https:\\\/\\\/auren.com\\\/uy\\\/noticias\\\/199-sociedades-al-portador-parte-ii-nuevas-exigencias-para-inscripacion-en-bcu-y-extension-de-plazo-para-no-residentes\\\/#breadcrumb\",\"itemListElement\":[{\"@type\":\"ListItem\",\"position\":1,\"name\":\"Portada\",\"item\":\"https:\\\/\\\/auren.com\\\/uy\\\/\"},{\"@type\":\"ListItem\",\"position\":2,\"name\":\"199- SOCIEDADES AL PORTADOR \u2013 Parte II: NUEVAS EXIGENCIAS PARA INSCRIPACION EN BCU Y EXTENSION DE PLAZO PARA NO RESIDENTES\"}]},{\"@type\":\"WebSite\",\"@id\":\"https:\\\/\\\/auren.com\\\/uy\\\/#website\",\"url\":\"https:\\\/\\\/auren.com\\\/uy\\\/\",\"name\":\"Auren Uruguay\",\"description\":\"\",\"publisher\":{\"@id\":\"https:\\\/\\\/auren.com\\\/uy\\\/#organization\"},\"potentialAction\":[{\"@type\":\"SearchAction\",\"target\":{\"@type\":\"EntryPoint\",\"urlTemplate\":\"https:\\\/\\\/auren.com\\\/uy\\\/?s={search_term_string}\"},\"query-input\":{\"@type\":\"PropertyValueSpecification\",\"valueRequired\":true,\"valueName\":\"search_term_string\"}}],\"inLanguage\":\"es\"},{\"@type\":\"Organization\",\"@id\":\"https:\\\/\\\/auren.com\\\/uy\\\/#organization\",\"name\":\"Auren Uruguay\",\"url\":\"https:\\\/\\\/auren.com\\\/uy\\\/\",\"logo\":{\"@type\":\"ImageObject\",\"inLanguage\":\"es\",\"@id\":\"https:\\\/\\\/auren.com\\\/uy\\\/#\\\/schema\\\/logo\\\/image\\\/\",\"url\":\"https:\\\/\\\/auren.com\\\/uy\\\/wp-content\\\/uploads\\\/2025\\\/01\\\/cropped-cropped-favicon-Auren.png\",\"contentUrl\":\"https:\\\/\\\/auren.com\\\/uy\\\/wp-content\\\/uploads\\\/2025\\\/01\\\/cropped-cropped-favicon-Auren.png\",\"width\":512,\"height\":512,\"caption\":\"Auren Uruguay\"},\"image\":{\"@id\":\"https:\\\/\\\/auren.com\\\/uy\\\/#\\\/schema\\\/logo\\\/image\\\/\"},\"sameAs\":[\"https:\\\/\\\/www.facebook.com\\\/aurenuruguay\",\"https:\\\/\\\/x.com\\\/AurenUruguay\",\"https:\\\/\\\/www.linkedin.com\\\/company\\\/auren-uruguay\",\"https:\\\/\\\/www.youtube.com\\\/channel\\\/UClkpSYFfsAuqdTaVF5whedQ\",\"https:\\\/\\\/www.instagram.com\\\/aurenuruguay\\\/\"]}]}<\/script>\n<!-- \/ Yoast SEO plugin. -->","yoast_head_json":{"title":"199- SOCIEDADES AL PORTADOR \u2013 Parte II: NUEVAS EXIGENCIAS PARA INSCRIPACION EN BCU Y EXTENSION DE PLAZO PARA NO RESIDENTES - Auren Uruguay","robots":{"index":"index","follow":"follow","max-snippet":"max-snippet:-1","max-image-preview":"max-image-preview:large","max-video-preview":"max-video-preview:-1"},"canonical":"https:\/\/auren.com\/uy\/noticias\/199-sociedades-al-portador-parte-ii-nuevas-exigencias-para-inscripacion-en-bcu-y-extension-de-plazo-para-no-residentes\/","og_locale":"es_ES","og_type":"article","og_title":"199- SOCIEDADES AL PORTADOR \u2013 Parte II: NUEVAS EXIGENCIAS PARA INSCRIPACION EN BCU Y EXTENSION DE PLAZO PARA NO RESIDENTES - Auren Uruguay","og_description":"Retomando nuestra pasada publicaci\u00f3n y en el marco de la entrada en vigencia la Ley 19.288&nbsp;\u201cNormas para la Depuraci\u00f3n de Sociedades Inactivas y para la Identificaci\u00f3n de Titulares de Participaciones [&hellip;]","og_url":"https:\/\/auren.com\/uy\/noticias\/199-sociedades-al-portador-parte-ii-nuevas-exigencias-para-inscripacion-en-bcu-y-extension-de-plazo-para-no-residentes\/","og_site_name":"Auren Uruguay","article_publisher":"https:\/\/www.facebook.com\/aurenuruguay","og_image":[{"width":2048,"height":1365,"url":"https:\/\/auren.com\/uy\/wp-content\/uploads\/2014\/11\/taxholi.jpg","type":"image\/jpeg"}],"twitter_card":"summary_large_image","twitter_site":"@AurenUruguay","twitter_misc":{"Tiempo de lectura":"3 minutos"},"schema":{"@context":"https:\/\/schema.org","@graph":[{"@type":"WebPage","@id":"https:\/\/auren.com\/uy\/noticias\/199-sociedades-al-portador-parte-ii-nuevas-exigencias-para-inscripacion-en-bcu-y-extension-de-plazo-para-no-residentes\/","url":"https:\/\/auren.com\/uy\/noticias\/199-sociedades-al-portador-parte-ii-nuevas-exigencias-para-inscripacion-en-bcu-y-extension-de-plazo-para-no-residentes\/","name":"199- SOCIEDADES AL PORTADOR \u2013 Parte II: NUEVAS EXIGENCIAS PARA INSCRIPACION EN BCU Y EXTENSION DE PLAZO PARA NO RESIDENTES - Auren Uruguay","isPartOf":{"@id":"https:\/\/auren.com\/uy\/#website"},"primaryImageOfPage":{"@id":"https:\/\/auren.com\/uy\/noticias\/199-sociedades-al-portador-parte-ii-nuevas-exigencias-para-inscripacion-en-bcu-y-extension-de-plazo-para-no-residentes\/#primaryimage"},"image":{"@id":"https:\/\/auren.com\/uy\/noticias\/199-sociedades-al-portador-parte-ii-nuevas-exigencias-para-inscripacion-en-bcu-y-extension-de-plazo-para-no-residentes\/#primaryimage"},"thumbnailUrl":"https:\/\/auren.com\/uy\/wp-content\/uploads\/2014\/11\/taxholi.jpg","datePublished":"2014-11-21T08:48:44+00:00","breadcrumb":{"@id":"https:\/\/auren.com\/uy\/noticias\/199-sociedades-al-portador-parte-ii-nuevas-exigencias-para-inscripacion-en-bcu-y-extension-de-plazo-para-no-residentes\/#breadcrumb"},"inLanguage":"es","potentialAction":[{"@type":"ReadAction","target":["https:\/\/auren.com\/uy\/noticias\/199-sociedades-al-portador-parte-ii-nuevas-exigencias-para-inscripacion-en-bcu-y-extension-de-plazo-para-no-residentes\/"]}]},{"@type":"ImageObject","inLanguage":"es","@id":"https:\/\/auren.com\/uy\/noticias\/199-sociedades-al-portador-parte-ii-nuevas-exigencias-para-inscripacion-en-bcu-y-extension-de-plazo-para-no-residentes\/#primaryimage","url":"https:\/\/auren.com\/uy\/wp-content\/uploads\/2014\/11\/taxholi.jpg","contentUrl":"https:\/\/auren.com\/uy\/wp-content\/uploads\/2014\/11\/taxholi.jpg","width":2048,"height":1365},{"@type":"BreadcrumbList","@id":"https:\/\/auren.com\/uy\/noticias\/199-sociedades-al-portador-parte-ii-nuevas-exigencias-para-inscripacion-en-bcu-y-extension-de-plazo-para-no-residentes\/#breadcrumb","itemListElement":[{"@type":"ListItem","position":1,"name":"Portada","item":"https:\/\/auren.com\/uy\/"},{"@type":"ListItem","position":2,"name":"199- SOCIEDADES AL PORTADOR \u2013 Parte II: NUEVAS EXIGENCIAS PARA INSCRIPACION EN BCU Y EXTENSION DE PLAZO PARA NO RESIDENTES"}]},{"@type":"WebSite","@id":"https:\/\/auren.com\/uy\/#website","url":"https:\/\/auren.com\/uy\/","name":"Auren Uruguay","description":"","publisher":{"@id":"https:\/\/auren.com\/uy\/#organization"},"potentialAction":[{"@type":"SearchAction","target":{"@type":"EntryPoint","urlTemplate":"https:\/\/auren.com\/uy\/?s={search_term_string}"},"query-input":{"@type":"PropertyValueSpecification","valueRequired":true,"valueName":"search_term_string"}}],"inLanguage":"es"},{"@type":"Organization","@id":"https:\/\/auren.com\/uy\/#organization","name":"Auren Uruguay","url":"https:\/\/auren.com\/uy\/","logo":{"@type":"ImageObject","inLanguage":"es","@id":"https:\/\/auren.com\/uy\/#\/schema\/logo\/image\/","url":"https:\/\/auren.com\/uy\/wp-content\/uploads\/2025\/01\/cropped-cropped-favicon-Auren.png","contentUrl":"https:\/\/auren.com\/uy\/wp-content\/uploads\/2025\/01\/cropped-cropped-favicon-Auren.png","width":512,"height":512,"caption":"Auren Uruguay"},"image":{"@id":"https:\/\/auren.com\/uy\/#\/schema\/logo\/image\/"},"sameAs":["https:\/\/www.facebook.com\/aurenuruguay","https:\/\/x.com\/AurenUruguay","https:\/\/www.linkedin.com\/company\/auren-uruguay","https:\/\/www.youtube.com\/channel\/UClkpSYFfsAuqdTaVF5whedQ","https:\/\/www.instagram.com\/aurenuruguay\/"]}]}},"_links":{"self":[{"href":"https:\/\/auren.com\/uy\/wp-json\/wp\/v2\/new\/11353","targetHints":{"allow":["GET"]}}],"collection":[{"href":"https:\/\/auren.com\/uy\/wp-json\/wp\/v2\/new"}],"about":[{"href":"https:\/\/auren.com\/uy\/wp-json\/wp\/v2\/types\/new"}],"version-history":[{"count":0,"href":"https:\/\/auren.com\/uy\/wp-json\/wp\/v2\/new\/11353\/revisions"}],"wp:featuredmedia":[{"embeddable":true,"href":"https:\/\/auren.com\/uy\/wp-json\/wp\/v2\/media\/11354"}],"wp:attachment":[{"href":"https:\/\/auren.com\/uy\/wp-json\/wp\/v2\/media?parent=11353"}],"wp:term":[{"taxonomy":"new-category","embeddable":true,"href":"https:\/\/auren.com\/uy\/wp-json\/wp\/v2\/new-category?post=11353"}],"curies":[{"name":"wp","href":"https:\/\/api.w.org\/{rel}","templated":true}]}}