{"id":11356,"date":"2014-11-14T09:54:33","date_gmt":"2014-11-14T08:54:33","guid":{"rendered":"https:\/\/auren.com\/uy\/new\/198-impuesto-a-la-renta-en-la-venta-de-campos-como-calcularlo\/"},"modified":"2014-11-14T09:54:33","modified_gmt":"2014-11-14T08:54:33","slug":"198-impuesto-a-la-renta-en-la-venta-de-campos-como-calcularlo","status":"publish","type":"new","link":"https:\/\/auren.com\/uy\/noticias\/198-impuesto-a-la-renta-en-la-venta-de-campos-como-calcularlo\/","title":{"rendered":"198- IMPUESTO A LA RENTA EN LA VENTA DE CAMPOS: \u00bfC\u00d3MO CALCULARLO?"},"content":{"rendered":"<p class=\"has-text-align-justify\">\u00bfC\u00f3mo calcular el Impuesto a la Renta correspondiente a la venta de inmuebles rurales adquiridos antes del 30\/6\/2007?<\/p>\n<p class=\"has-text-align-justify\">La interrogante se plantea a ra\u00edz de la publicaci\u00f3n de la <strong>Sentencia N\u00ba 436\/014<\/strong> del pasado 30\/09\/2014, por medio de la cual se deja sin efecto las disposiciones del <strong>Decreto N\u00ba 511\/011<\/strong>, por medio del cual se reglamentaron las modificaciones al r\u00e9gimen de liquidaci\u00f3n ficta del Impuesto a la Renta introducidas por la <strong>Ley N\u00ba 18.876<\/strong>, en ocasi\u00f3n de enajenar inmuebles rurales adquiridos con anterioridad al 30.06.2007 (fecha de inicio de vigencia de la Reforma Tributaria).<\/p>\n<p class=\"has-text-align-justify has-vivid-red-color has-text-color\" style=\"font-size:25px\"><strong>Repaso normativo<\/strong><\/p>\n<p class=\"has-text-align-justify\">Antes de la Reforma Tributaria la venta de campos no estaba gravada por impuesto a la renta alguno, fuera el due\u00f1o persona f\u00edsica o sociedad (tampoco lo estaba la venta de inmuebles urbanos por personas f\u00edsicas, ya que no exist\u00eda el IRPF). La introducci\u00f3n de un gravamen a la venta de tierra trajo consigo la necesidad de un atenuante: el ficto. Es as\u00ed que en la venta que realiza una sociedad, se permiti\u00f3 optar por un ficto del 6% del precio de venta sobre el que aplicar la al\u00edcuota del IRAE (25%), lo que da un <strong>1,5%<\/strong>, y si quien vende es una PF entonces el ficto es el 15%, al que se le aplica el 12% de IRPF arribando a un <strong>1,8%<\/strong> del precio de venta.<\/p>\n<p class=\"has-text-align-justify\">Cabe mencionar que si bien nos referimos en forma gen\u00e9rica a \u201cventa de campos\u201d, en el caso del IRAE para poder aplicar el ficto es necesario adem\u00e1s que el mismo se encuentre afectado a explotaciones agropecuarias.<\/p>\n<p class=\"has-text-align-justify\">Posteriormente, la <strong>Ley N\u00ba 18.876<\/strong> introdujo modificaciones al ficto para las ventas efectuadas a partir del <strong>1\u00ba\/1\/2012<\/strong>, disponiendo que a partir de esa fecha,la renta neta se calcular\u00e1 como la sumatoria del importe resultante de aplicar el porcentaje que corresponda (6% o 15%,) sobre el valor en plaza (VP) del inmueble al 1\u00ba\/7\/2007, m\u00e1s la diferencia entre el precio de venta y el referido VP actualizado, resultando esta forma de c\u00e1lculo en un impuesto m\u00e1s gravoso.<\/p>\n<p class=\"has-text-align-justify\">Para la determinaci\u00f3n del VP al 1\u00ba\/07\/2007 se deber\u00e1 deflactar el precio de venta, utilizando el \u00cdndice Medio del Incremento de los Precios de Venta de los Inmuebles Rurales (<strong>IMIPVIR<\/strong>).<\/p>\n<p class=\"has-text-align-justify\">En lo que respecta a la determinaci\u00f3n del <strong>IMIPVIR<\/strong>, la ley dispone que el mismo se se aplicar\u00e1, \u201c\u2026<strong><em>en las condiciones que determine el Poder Ejecutivo<\/em><\/strong>..\u201d, y es aqu\u00ed donde se origina el conflicto, ya que el <strong>Decreto N\u00ba 511\/011<\/strong>, reglamentario de la <strong>Ley N\u00ba 18.876<\/strong>, en lugar de fijar el referido Indice, dispuso que el mismo ser\u00e1 confeccionado en forma trimestral por el MEF \u201c\u2026<strong><em>o la unidad ejecutora en la cual delegue dicha atribuci\u00f3n.<\/em><\/strong>.\u201d.<\/p>\n<p class=\"has-text-align-justify has-vivid-red-color has-text-color\" style=\"font-size:25px\"><strong>La Sentencia<\/strong><\/p>\n<p class=\"has-text-align-justify\">En este contexto la Asociaci\u00f3n Rural del Uruguay (ARU), promovi\u00f3 la declaraci\u00f3n de nulidad del <strong>Decreto N\u00ba 511\/011, <\/strong>entendiendo que la potestad de fijar el IMIPVIR que la ley otorg\u00f3 al Poder Ejecutivo fue ileg\u00edtimamente transferida por \u00e9ste a un \u00f3rgano subordinado, carente de potestad reglamentaria.<\/p>\n<p class=\"has-text-align-justify\">El TCA acogi\u00f3 la demanda, declarando la nulidad el <strong>Decreto N\u00ba 511\/011<\/strong> con efectos <strong>generales y absolutos<\/strong>, en el entendido que \u201c\u2026<em>el Poder Ejecutivo no puede descargarse de una competencia que ha recibido de la Constituci\u00f3n o de la ley, transfiri\u00e9ndosela privativamente a una dependencia subordinada&#8230;\u201d<\/em><\/p>\n<p class=\"has-text-align-justify has-vivid-red-color has-text-color\" style=\"font-size:25px\"><strong>Efectos del fallo<\/strong><\/p>\n<p class=\"has-text-align-justify\">Resta ahora preguntarse cuales son los efectos del fallo del TCA, es decir, la nulidad del <strong>Decreto N\u00ba 511\/011<\/strong>, \u00bfqu\u00e9 consecuencias tiene para las ventas de campos efectuadas entre el 1\u00ba\/1\/2012 y el presente?<\/p>\n<p class=\"has-text-align-justify\">Una posible interpretaci\u00f3n ser\u00eda que este fallo har\u00eda \u201c<strong>revivir<\/strong>\u201d los anteriores fictos del 1.5% y 1.8% (IRAE e IRPF), origin\u00e1ndose en este caso reliquidaciones a favor de los contribuyentes, tal como sali\u00f3 publicado en la prensa en los \u00faltimos d\u00edas. A esta interpretaci\u00f3n se llega invocando la aplicaci\u00f3n de los decretos reglamentarios de los \u201cviejos fictos\u201d, <strong>N\u00ba 208\/007<\/strong> para el IRAE y <strong>N\u00ba 493\/011<\/strong> para el IRPF-, los cuales no fueron expresamente derogados por el <strong>Decreto N\u00ba 511\/011. <\/strong>No obstante, dicha soluci\u00f3n resulta contraria a las disposiciones legales vigentes, por medio de las cuales ya no es posible aplicar dichos fictos.<\/p>\n<p class=\"has-text-align-justify\">Se trata sin duda de un tema sumamente delicado, que requiere de una fina interpretaci\u00f3n de las disposiciones legales y reglamentarias, y es de esperar que en los pr\u00f3ximos d\u00edas el Poder Ejecutivo se expida, de forma de despejar la incertidumbre que se ha generado en torno a este tema.<\/p>\n<p><!-- AddThis Advanced Settings generic via filter on the_content --><!-- AddThis Share Buttons generic via filter on the_content --><\/p>\n","protected":false},"excerpt":{"rendered":"<p>\u00bfC\u00f3mo calcular el Impuesto a la Renta correspondiente a la venta de inmuebles rurales adquiridos antes del 30\/6\/2007? La interrogante se plantea a ra\u00edz de la publicaci\u00f3n de la Sentencia [&hellip;]<\/p>\n","protected":false},"featured_media":11357,"template":"","meta":{"_acf_changed":false,"footnotes":""},"new-category":[],"class_list":["post-11356","new","type-new","status-publish","has-post-thumbnail","hentry"],"acf":[],"yoast_head":"<!-- This site is optimized with the Yoast SEO plugin v27.4 - https:\/\/yoast.com\/product\/yoast-seo-wordpress\/ -->\n<title>198- IMPUESTO A LA RENTA EN LA VENTA DE CAMPOS: \u00bfC\u00d3MO CALCULARLO? - Auren Uruguay<\/title>\n<meta name=\"robots\" content=\"index, follow, max-snippet:-1, max-image-preview:large, max-video-preview:-1\" \/>\n<link rel=\"canonical\" href=\"https:\/\/auren.com\/uy\/noticias\/198-impuesto-a-la-renta-en-la-venta-de-campos-como-calcularlo\/\" \/>\n<meta property=\"og:locale\" content=\"es_ES\" \/>\n<meta property=\"og:type\" content=\"article\" \/>\n<meta property=\"og:title\" content=\"198- IMPUESTO A LA RENTA EN LA VENTA DE CAMPOS: \u00bfC\u00d3MO CALCULARLO? - Auren Uruguay\" \/>\n<meta property=\"og:description\" content=\"\u00bfC\u00f3mo calcular el Impuesto a la Renta correspondiente a la venta de inmuebles rurales adquiridos antes del 30\/6\/2007? La interrogante se plantea a ra\u00edz de la publicaci\u00f3n de la Sentencia [&hellip;]\" \/>\n<meta property=\"og:url\" content=\"https:\/\/auren.com\/uy\/noticias\/198-impuesto-a-la-renta-en-la-venta-de-campos-como-calcularlo\/\" \/>\n<meta property=\"og:site_name\" content=\"Auren Uruguay\" \/>\n<meta property=\"article:publisher\" content=\"https:\/\/www.facebook.com\/aurenuruguay\" \/>\n<meta property=\"og:image\" content=\"https:\/\/auren.com\/uy\/wp-content\/uploads\/2014\/11\/lavact.jpg\" \/>\n\t<meta property=\"og:image:width\" content=\"2048\" \/>\n\t<meta property=\"og:image:height\" content=\"1365\" \/>\n\t<meta property=\"og:image:type\" content=\"image\/jpeg\" \/>\n<meta name=\"twitter:card\" content=\"summary_large_image\" \/>\n<meta name=\"twitter:site\" content=\"@AurenUruguay\" \/>\n<meta name=\"twitter:label1\" content=\"Tiempo de lectura\" \/>\n\t<meta name=\"twitter:data1\" content=\"4 minutos\" \/>\n<script type=\"application\/ld+json\" class=\"yoast-schema-graph\">{\"@context\":\"https:\\\/\\\/schema.org\",\"@graph\":[{\"@type\":\"WebPage\",\"@id\":\"https:\\\/\\\/auren.com\\\/uy\\\/noticias\\\/198-impuesto-a-la-renta-en-la-venta-de-campos-como-calcularlo\\\/\",\"url\":\"https:\\\/\\\/auren.com\\\/uy\\\/noticias\\\/198-impuesto-a-la-renta-en-la-venta-de-campos-como-calcularlo\\\/\",\"name\":\"198- IMPUESTO A LA RENTA EN LA VENTA DE CAMPOS: \u00bfC\u00d3MO CALCULARLO? - Auren Uruguay\",\"isPartOf\":{\"@id\":\"https:\\\/\\\/auren.com\\\/uy\\\/#website\"},\"primaryImageOfPage\":{\"@id\":\"https:\\\/\\\/auren.com\\\/uy\\\/noticias\\\/198-impuesto-a-la-renta-en-la-venta-de-campos-como-calcularlo\\\/#primaryimage\"},\"image\":{\"@id\":\"https:\\\/\\\/auren.com\\\/uy\\\/noticias\\\/198-impuesto-a-la-renta-en-la-venta-de-campos-como-calcularlo\\\/#primaryimage\"},\"thumbnailUrl\":\"https:\\\/\\\/auren.com\\\/uy\\\/wp-content\\\/uploads\\\/2014\\\/11\\\/lavact.jpg\",\"datePublished\":\"2014-11-14T08:54:33+00:00\",\"breadcrumb\":{\"@id\":\"https:\\\/\\\/auren.com\\\/uy\\\/noticias\\\/198-impuesto-a-la-renta-en-la-venta-de-campos-como-calcularlo\\\/#breadcrumb\"},\"inLanguage\":\"es\",\"potentialAction\":[{\"@type\":\"ReadAction\",\"target\":[\"https:\\\/\\\/auren.com\\\/uy\\\/noticias\\\/198-impuesto-a-la-renta-en-la-venta-de-campos-como-calcularlo\\\/\"]}]},{\"@type\":\"ImageObject\",\"inLanguage\":\"es\",\"@id\":\"https:\\\/\\\/auren.com\\\/uy\\\/noticias\\\/198-impuesto-a-la-renta-en-la-venta-de-campos-como-calcularlo\\\/#primaryimage\",\"url\":\"https:\\\/\\\/auren.com\\\/uy\\\/wp-content\\\/uploads\\\/2014\\\/11\\\/lavact.jpg\",\"contentUrl\":\"https:\\\/\\\/auren.com\\\/uy\\\/wp-content\\\/uploads\\\/2014\\\/11\\\/lavact.jpg\",\"width\":2048,\"height\":1365},{\"@type\":\"BreadcrumbList\",\"@id\":\"https:\\\/\\\/auren.com\\\/uy\\\/noticias\\\/198-impuesto-a-la-renta-en-la-venta-de-campos-como-calcularlo\\\/#breadcrumb\",\"itemListElement\":[{\"@type\":\"ListItem\",\"position\":1,\"name\":\"Portada\",\"item\":\"https:\\\/\\\/auren.com\\\/uy\\\/\"},{\"@type\":\"ListItem\",\"position\":2,\"name\":\"198- IMPUESTO A LA RENTA EN LA VENTA DE CAMPOS: \u00bfC\u00d3MO CALCULARLO?\"}]},{\"@type\":\"WebSite\",\"@id\":\"https:\\\/\\\/auren.com\\\/uy\\\/#website\",\"url\":\"https:\\\/\\\/auren.com\\\/uy\\\/\",\"name\":\"Auren Uruguay\",\"description\":\"\",\"publisher\":{\"@id\":\"https:\\\/\\\/auren.com\\\/uy\\\/#organization\"},\"potentialAction\":[{\"@type\":\"SearchAction\",\"target\":{\"@type\":\"EntryPoint\",\"urlTemplate\":\"https:\\\/\\\/auren.com\\\/uy\\\/?s={search_term_string}\"},\"query-input\":{\"@type\":\"PropertyValueSpecification\",\"valueRequired\":true,\"valueName\":\"search_term_string\"}}],\"inLanguage\":\"es\"},{\"@type\":\"Organization\",\"@id\":\"https:\\\/\\\/auren.com\\\/uy\\\/#organization\",\"name\":\"Auren Uruguay\",\"url\":\"https:\\\/\\\/auren.com\\\/uy\\\/\",\"logo\":{\"@type\":\"ImageObject\",\"inLanguage\":\"es\",\"@id\":\"https:\\\/\\\/auren.com\\\/uy\\\/#\\\/schema\\\/logo\\\/image\\\/\",\"url\":\"https:\\\/\\\/auren.com\\\/uy\\\/wp-content\\\/uploads\\\/2025\\\/01\\\/cropped-cropped-favicon-Auren.png\",\"contentUrl\":\"https:\\\/\\\/auren.com\\\/uy\\\/wp-content\\\/uploads\\\/2025\\\/01\\\/cropped-cropped-favicon-Auren.png\",\"width\":512,\"height\":512,\"caption\":\"Auren Uruguay\"},\"image\":{\"@id\":\"https:\\\/\\\/auren.com\\\/uy\\\/#\\\/schema\\\/logo\\\/image\\\/\"},\"sameAs\":[\"https:\\\/\\\/www.facebook.com\\\/aurenuruguay\",\"https:\\\/\\\/x.com\\\/AurenUruguay\",\"https:\\\/\\\/www.linkedin.com\\\/company\\\/auren-uruguay\",\"https:\\\/\\\/www.youtube.com\\\/channel\\\/UClkpSYFfsAuqdTaVF5whedQ\",\"https:\\\/\\\/www.instagram.com\\\/aurenuruguay\\\/\"]}]}<\/script>\n<!-- \/ Yoast SEO plugin. -->","yoast_head_json":{"title":"198- IMPUESTO A LA RENTA EN LA VENTA DE CAMPOS: \u00bfC\u00d3MO CALCULARLO? - Auren Uruguay","robots":{"index":"index","follow":"follow","max-snippet":"max-snippet:-1","max-image-preview":"max-image-preview:large","max-video-preview":"max-video-preview:-1"},"canonical":"https:\/\/auren.com\/uy\/noticias\/198-impuesto-a-la-renta-en-la-venta-de-campos-como-calcularlo\/","og_locale":"es_ES","og_type":"article","og_title":"198- IMPUESTO A LA RENTA EN LA VENTA DE CAMPOS: \u00bfC\u00d3MO CALCULARLO? - Auren Uruguay","og_description":"\u00bfC\u00f3mo calcular el Impuesto a la Renta correspondiente a la venta de inmuebles rurales adquiridos antes del 30\/6\/2007? La interrogante se plantea a ra\u00edz de la publicaci\u00f3n de la Sentencia [&hellip;]","og_url":"https:\/\/auren.com\/uy\/noticias\/198-impuesto-a-la-renta-en-la-venta-de-campos-como-calcularlo\/","og_site_name":"Auren Uruguay","article_publisher":"https:\/\/www.facebook.com\/aurenuruguay","og_image":[{"width":2048,"height":1365,"url":"https:\/\/auren.com\/uy\/wp-content\/uploads\/2014\/11\/lavact.jpg","type":"image\/jpeg"}],"twitter_card":"summary_large_image","twitter_site":"@AurenUruguay","twitter_misc":{"Tiempo de lectura":"4 minutos"},"schema":{"@context":"https:\/\/schema.org","@graph":[{"@type":"WebPage","@id":"https:\/\/auren.com\/uy\/noticias\/198-impuesto-a-la-renta-en-la-venta-de-campos-como-calcularlo\/","url":"https:\/\/auren.com\/uy\/noticias\/198-impuesto-a-la-renta-en-la-venta-de-campos-como-calcularlo\/","name":"198- IMPUESTO A LA RENTA EN LA VENTA DE CAMPOS: \u00bfC\u00d3MO CALCULARLO? - Auren Uruguay","isPartOf":{"@id":"https:\/\/auren.com\/uy\/#website"},"primaryImageOfPage":{"@id":"https:\/\/auren.com\/uy\/noticias\/198-impuesto-a-la-renta-en-la-venta-de-campos-como-calcularlo\/#primaryimage"},"image":{"@id":"https:\/\/auren.com\/uy\/noticias\/198-impuesto-a-la-renta-en-la-venta-de-campos-como-calcularlo\/#primaryimage"},"thumbnailUrl":"https:\/\/auren.com\/uy\/wp-content\/uploads\/2014\/11\/lavact.jpg","datePublished":"2014-11-14T08:54:33+00:00","breadcrumb":{"@id":"https:\/\/auren.com\/uy\/noticias\/198-impuesto-a-la-renta-en-la-venta-de-campos-como-calcularlo\/#breadcrumb"},"inLanguage":"es","potentialAction":[{"@type":"ReadAction","target":["https:\/\/auren.com\/uy\/noticias\/198-impuesto-a-la-renta-en-la-venta-de-campos-como-calcularlo\/"]}]},{"@type":"ImageObject","inLanguage":"es","@id":"https:\/\/auren.com\/uy\/noticias\/198-impuesto-a-la-renta-en-la-venta-de-campos-como-calcularlo\/#primaryimage","url":"https:\/\/auren.com\/uy\/wp-content\/uploads\/2014\/11\/lavact.jpg","contentUrl":"https:\/\/auren.com\/uy\/wp-content\/uploads\/2014\/11\/lavact.jpg","width":2048,"height":1365},{"@type":"BreadcrumbList","@id":"https:\/\/auren.com\/uy\/noticias\/198-impuesto-a-la-renta-en-la-venta-de-campos-como-calcularlo\/#breadcrumb","itemListElement":[{"@type":"ListItem","position":1,"name":"Portada","item":"https:\/\/auren.com\/uy\/"},{"@type":"ListItem","position":2,"name":"198- IMPUESTO A LA RENTA EN LA VENTA DE CAMPOS: \u00bfC\u00d3MO CALCULARLO?"}]},{"@type":"WebSite","@id":"https:\/\/auren.com\/uy\/#website","url":"https:\/\/auren.com\/uy\/","name":"Auren Uruguay","description":"","publisher":{"@id":"https:\/\/auren.com\/uy\/#organization"},"potentialAction":[{"@type":"SearchAction","target":{"@type":"EntryPoint","urlTemplate":"https:\/\/auren.com\/uy\/?s={search_term_string}"},"query-input":{"@type":"PropertyValueSpecification","valueRequired":true,"valueName":"search_term_string"}}],"inLanguage":"es"},{"@type":"Organization","@id":"https:\/\/auren.com\/uy\/#organization","name":"Auren Uruguay","url":"https:\/\/auren.com\/uy\/","logo":{"@type":"ImageObject","inLanguage":"es","@id":"https:\/\/auren.com\/uy\/#\/schema\/logo\/image\/","url":"https:\/\/auren.com\/uy\/wp-content\/uploads\/2025\/01\/cropped-cropped-favicon-Auren.png","contentUrl":"https:\/\/auren.com\/uy\/wp-content\/uploads\/2025\/01\/cropped-cropped-favicon-Auren.png","width":512,"height":512,"caption":"Auren Uruguay"},"image":{"@id":"https:\/\/auren.com\/uy\/#\/schema\/logo\/image\/"},"sameAs":["https:\/\/www.facebook.com\/aurenuruguay","https:\/\/x.com\/AurenUruguay","https:\/\/www.linkedin.com\/company\/auren-uruguay","https:\/\/www.youtube.com\/channel\/UClkpSYFfsAuqdTaVF5whedQ","https:\/\/www.instagram.com\/aurenuruguay\/"]}]}},"_links":{"self":[{"href":"https:\/\/auren.com\/uy\/wp-json\/wp\/v2\/new\/11356","targetHints":{"allow":["GET"]}}],"collection":[{"href":"https:\/\/auren.com\/uy\/wp-json\/wp\/v2\/new"}],"about":[{"href":"https:\/\/auren.com\/uy\/wp-json\/wp\/v2\/types\/new"}],"version-history":[{"count":0,"href":"https:\/\/auren.com\/uy\/wp-json\/wp\/v2\/new\/11356\/revisions"}],"wp:featuredmedia":[{"embeddable":true,"href":"https:\/\/auren.com\/uy\/wp-json\/wp\/v2\/media\/11357"}],"wp:attachment":[{"href":"https:\/\/auren.com\/uy\/wp-json\/wp\/v2\/media?parent=11356"}],"wp:term":[{"taxonomy":"new-category","embeddable":true,"href":"https:\/\/auren.com\/uy\/wp-json\/wp\/v2\/new-category?post=11356"}],"curies":[{"name":"wp","href":"https:\/\/api.w.org\/{rel}","templated":true}]}}