{"id":11365,"date":"2014-10-31T10:06:35","date_gmt":"2014-10-31T09:06:35","guid":{"rendered":"https:\/\/auren.com\/uy\/new\/196-sociedades-al-portador-parte-i-se-disolveran-de-pleno-derecho-si-no-identifican-quienes-son-titulares\/"},"modified":"2014-10-31T10:06:35","modified_gmt":"2014-10-31T09:06:35","slug":"196-sociedades-al-portador-parte-i-se-disolveran-de-pleno-derecho-si-no-identifican-quienes-son-titulares","status":"publish","type":"new","link":"https:\/\/auren.com\/uy\/noticias\/196-sociedades-al-portador-parte-i-se-disolveran-de-pleno-derecho-si-no-identifican-quienes-son-titulares\/","title":{"rendered":"196- SOCIEDADES AL PORTADOR &#8211; Parte I: SE DISOLVER\u00c1N DE PLENO DERECHO SI NO IDENTIFICAN QUIENES SON TITULARES"},"content":{"rendered":"<p class=\"has-text-align-justify\">A partir del pr\u00f3ximo 1\u00b0 de noviembre entra en vigencia la Ley N\u00ba 19.288 \u201cNormas para la Depuraci\u00f3n de Sociedades Inactivas y para la Identificaci\u00f3n de Titulares de Participaciones Patrimoniales al Portador\u201d, promulgada por el Poder Ejecutivo el pasado 26 de setiembre. <\/p>\n<p class=\"has-text-align-justify\">Como indica su propia denominaci\u00f3n, esta Ley procura eliminar las sociedades inactivas con acciones al portador cuyos titulares permanezcan an\u00f3nimos. La misma surge como un complemento de la Ley N\u00ba 18.930 que exigi\u00f3 a los titulares de participaciones al portador inscribirse en el Banco Central del Uruguay (BCU).<\/p>\n<p class=\"has-text-align-justify has-vivid-red-color has-text-color\" style=\"font-size:25px\"><strong>\u00bfQui\u00e9nes est\u00e1n alcanzados?<\/strong><\/p>\n<p class=\"has-text-align-justify\">Las entidades alcanzadas son las Sociedades An\u00f3nimas y las En Comandita por Acciones, con acciones al portador, as\u00ed como otras entidades que establece el art\u00edculo 1\u00b0 de la Ley 18.930.<\/p>\n<p class=\"has-text-align-justify has-vivid-red-color has-text-color\" style=\"font-size:25px\"><strong>\u00bfCu\u00e1l es el plazo de regularizaci\u00f3n?<\/strong><\/p>\n<p class=\"has-text-align-justify\">Las sociedades tienen un plazo de 90 d\u00edas corridos a contar desde la vigencia de esta Ley para regularizar las comunicaciones de titulares de las participaciones frente al BCU.<\/p>\n<p class=\"has-text-align-justify has-vivid-red-color has-text-color\" style=\"font-size:25px\"><strong>\u00bfCu\u00e1les son las consecuencias del incumplimiento del plazo de regularizaci\u00f3n?<\/strong><\/p>\n<p class=\"has-text-align-justify\" style=\"font-size:25px\"><strong>&#8211; Para las sociedades <\/strong><\/p>\n<p class=\"has-text-align-justify\">Las sociedades que no regularicen su situaci\u00f3n, comunicando como m\u00ednimo los titulares que representen al menos el 50% de las participaciones patrimoniales totales, ser\u00e1n consideradas disueltas de pleno derecho.<\/p>\n<p class=\"has-text-align-justify\" style=\"font-size:25px\"><strong>&#8211; Para los titulares <\/strong><\/p>\n<p class=\"has-text-align-justify\">Los titulares que no se inscriban ante el BCU en el plazo antes indicado perder\u00e1n de pleno<br \/>derecho la calidad de titulares respecto del capital integrado correspondiente (salvo que la sociedad haya resultado disuelta de pleno derecho de acuerdo a lo mencionado anteriormente).<\/p>\n<p class=\"has-text-align-justify has-vivid-red-color has-text-color\" style=\"font-size:25px\"><strong>\u00bfC\u00f3mo se debe proceder en caso que corresponda la disoluci\u00f3n? <\/strong><\/p>\n<p class=\"has-text-align-justify\">Cuando est\u00e9n alcanzadas por la causal de disoluci\u00f3n establecida en esta Ley, las sociedades deber\u00e1n celebrar una asamblea extraordinaria de accionistas o socios, a los efectos de nombrar liquidadores y aprobar el inventario y balance de la sociedad. En caso de no lograrse el qu\u00f3rum para sesionar o la mayor\u00eda necesaria para resolver conforme a las disposiciones legales y estatutarias correspondientes, el balance e inventario se tendr\u00e1n por aprobados, y la liquidaci\u00f3n de la sociedad estar\u00e1 a cargo de los administradores. <\/p>\n<p class=\"has-text-align-justify\">Las adjudicaciones de bienes que se realicen como consecuencia de estas disoluciones, estar\u00e1 exonerada de todo tributo que grave a la entidad, siempre que la misma se realicen en plazo. <\/p>\n<p class=\"has-text-align-justify\">El plazo para realizar el proceso de liquidaci\u00f3n es de 120 d\u00edas corridos luego de vencido el correspondiente para la regularizaci\u00f3n de la comunicaci\u00f3n de los titulares. En caso de incumplimiento la multa ascender\u00e1 a un monto equivalente al 50% de los activos propiedad de la sociedad a la fecha de vencimiento del plazo.<\/p>\n<p class=\"has-text-align-justify has-vivid-red-color has-text-color\" style=\"font-size:25px\"><strong>Otras consideraciones <\/strong><\/p>\n<p class=\"has-text-align-justify\">En pr\u00f3ximas publicaciones ampliaremos sobre esta normativa que reafirma la intenci\u00f3n del gobierno respecto a la profundizaci\u00f3n de la legislaci\u00f3n enfocada a la convergencia t\u00e9cnica en materia de transparencia fiscal internacional.<\/p>\n<p><!-- AddThis Advanced Settings generic via filter on the_content --><!-- AddThis Share Buttons generic via filter on the_content --><\/p>\n","protected":false},"excerpt":{"rendered":"<p>A partir del pr\u00f3ximo 1\u00b0 de noviembre entra en vigencia la Ley N\u00ba 19.288 \u201cNormas para la Depuraci\u00f3n de Sociedades Inactivas y para la Identificaci\u00f3n de Titulares de Participaciones Patrimoniales [&hellip;]<\/p>\n","protected":false},"featured_media":11366,"template":"","meta":{"_acf_changed":false,"footnotes":""},"new-category":[],"class_list":["post-11365","new","type-new","status-publish","has-post-thumbnail","hentry"],"acf":[],"yoast_head":"<!-- This site is optimized with the Yoast SEO plugin v27.4 - https:\/\/yoast.com\/product\/yoast-seo-wordpress\/ -->\n<title>196- SOCIEDADES AL PORTADOR - Parte I: SE DISOLVER\u00c1N DE PLENO DERECHO SI NO IDENTIFICAN QUIENES SON TITULARES - Auren Uruguay<\/title>\n<meta name=\"robots\" content=\"index, follow, max-snippet:-1, max-image-preview:large, max-video-preview:-1\" \/>\n<link rel=\"canonical\" href=\"https:\/\/auren.com\/uy\/noticias\/196-sociedades-al-portador-parte-i-se-disolveran-de-pleno-derecho-si-no-identifican-quienes-son-titulares\/\" \/>\n<meta property=\"og:locale\" content=\"es_ES\" \/>\n<meta property=\"og:type\" content=\"article\" \/>\n<meta property=\"og:title\" content=\"196- SOCIEDADES AL PORTADOR - Parte I: SE DISOLVER\u00c1N DE PLENO DERECHO SI NO IDENTIFICAN QUIENES SON TITULARES - Auren Uruguay\" \/>\n<meta property=\"og:description\" content=\"A partir del pr\u00f3ximo 1\u00b0 de noviembre entra en vigencia la Ley N\u00ba 19.288 \u201cNormas para la Depuraci\u00f3n de Sociedades Inactivas y para la Identificaci\u00f3n de Titulares de Participaciones Patrimoniales [&hellip;]\" \/>\n<meta property=\"og:url\" content=\"https:\/\/auren.com\/uy\/noticias\/196-sociedades-al-portador-parte-i-se-disolveran-de-pleno-derecho-si-no-identifican-quienes-son-titulares\/\" \/>\n<meta property=\"og:site_name\" content=\"Auren Uruguay\" \/>\n<meta property=\"article:publisher\" content=\"https:\/\/www.facebook.com\/aurenuruguay\" \/>\n<meta property=\"og:image\" content=\"https:\/\/auren.com\/uy\/wp-content\/uploads\/2014\/10\/photo-1563013544-824ae1b704d3.jpeg\" \/>\n\t<meta property=\"og:image:width\" content=\"2100\" \/>\n\t<meta property=\"og:image:height\" content=\"1400\" \/>\n\t<meta property=\"og:image:type\" content=\"image\/jpeg\" \/>\n<meta name=\"twitter:card\" content=\"summary_large_image\" \/>\n<meta name=\"twitter:site\" content=\"@AurenUruguay\" \/>\n<meta name=\"twitter:label1\" content=\"Tiempo de lectura\" \/>\n\t<meta name=\"twitter:data1\" content=\"2 minutos\" \/>\n<script type=\"application\/ld+json\" class=\"yoast-schema-graph\">{\"@context\":\"https:\\\/\\\/schema.org\",\"@graph\":[{\"@type\":\"WebPage\",\"@id\":\"https:\\\/\\\/auren.com\\\/uy\\\/noticias\\\/196-sociedades-al-portador-parte-i-se-disolveran-de-pleno-derecho-si-no-identifican-quienes-son-titulares\\\/\",\"url\":\"https:\\\/\\\/auren.com\\\/uy\\\/noticias\\\/196-sociedades-al-portador-parte-i-se-disolveran-de-pleno-derecho-si-no-identifican-quienes-son-titulares\\\/\",\"name\":\"196- SOCIEDADES AL PORTADOR - Parte I: SE DISOLVER\u00c1N DE PLENO DERECHO SI NO IDENTIFICAN QUIENES SON TITULARES - Auren Uruguay\",\"isPartOf\":{\"@id\":\"https:\\\/\\\/auren.com\\\/uy\\\/#website\"},\"primaryImageOfPage\":{\"@id\":\"https:\\\/\\\/auren.com\\\/uy\\\/noticias\\\/196-sociedades-al-portador-parte-i-se-disolveran-de-pleno-derecho-si-no-identifican-quienes-son-titulares\\\/#primaryimage\"},\"image\":{\"@id\":\"https:\\\/\\\/auren.com\\\/uy\\\/noticias\\\/196-sociedades-al-portador-parte-i-se-disolveran-de-pleno-derecho-si-no-identifican-quienes-son-titulares\\\/#primaryimage\"},\"thumbnailUrl\":\"https:\\\/\\\/auren.com\\\/uy\\\/wp-content\\\/uploads\\\/2014\\\/10\\\/photo-1563013544-824ae1b704d3.jpeg\",\"datePublished\":\"2014-10-31T09:06:35+00:00\",\"breadcrumb\":{\"@id\":\"https:\\\/\\\/auren.com\\\/uy\\\/noticias\\\/196-sociedades-al-portador-parte-i-se-disolveran-de-pleno-derecho-si-no-identifican-quienes-son-titulares\\\/#breadcrumb\"},\"inLanguage\":\"es\",\"potentialAction\":[{\"@type\":\"ReadAction\",\"target\":[\"https:\\\/\\\/auren.com\\\/uy\\\/noticias\\\/196-sociedades-al-portador-parte-i-se-disolveran-de-pleno-derecho-si-no-identifican-quienes-son-titulares\\\/\"]}]},{\"@type\":\"ImageObject\",\"inLanguage\":\"es\",\"@id\":\"https:\\\/\\\/auren.com\\\/uy\\\/noticias\\\/196-sociedades-al-portador-parte-i-se-disolveran-de-pleno-derecho-si-no-identifican-quienes-son-titulares\\\/#primaryimage\",\"url\":\"https:\\\/\\\/auren.com\\\/uy\\\/wp-content\\\/uploads\\\/2014\\\/10\\\/photo-1563013544-824ae1b704d3.jpeg\",\"contentUrl\":\"https:\\\/\\\/auren.com\\\/uy\\\/wp-content\\\/uploads\\\/2014\\\/10\\\/photo-1563013544-824ae1b704d3.jpeg\",\"width\":2100,\"height\":1400},{\"@type\":\"BreadcrumbList\",\"@id\":\"https:\\\/\\\/auren.com\\\/uy\\\/noticias\\\/196-sociedades-al-portador-parte-i-se-disolveran-de-pleno-derecho-si-no-identifican-quienes-son-titulares\\\/#breadcrumb\",\"itemListElement\":[{\"@type\":\"ListItem\",\"position\":1,\"name\":\"Portada\",\"item\":\"https:\\\/\\\/auren.com\\\/uy\\\/\"},{\"@type\":\"ListItem\",\"position\":2,\"name\":\"196- SOCIEDADES AL PORTADOR &#8211; Parte I: SE DISOLVER\u00c1N DE PLENO DERECHO SI NO IDENTIFICAN QUIENES SON TITULARES\"}]},{\"@type\":\"WebSite\",\"@id\":\"https:\\\/\\\/auren.com\\\/uy\\\/#website\",\"url\":\"https:\\\/\\\/auren.com\\\/uy\\\/\",\"name\":\"Auren Uruguay\",\"description\":\"\",\"publisher\":{\"@id\":\"https:\\\/\\\/auren.com\\\/uy\\\/#organization\"},\"potentialAction\":[{\"@type\":\"SearchAction\",\"target\":{\"@type\":\"EntryPoint\",\"urlTemplate\":\"https:\\\/\\\/auren.com\\\/uy\\\/?s={search_term_string}\"},\"query-input\":{\"@type\":\"PropertyValueSpecification\",\"valueRequired\":true,\"valueName\":\"search_term_string\"}}],\"inLanguage\":\"es\"},{\"@type\":\"Organization\",\"@id\":\"https:\\\/\\\/auren.com\\\/uy\\\/#organization\",\"name\":\"Auren Uruguay\",\"url\":\"https:\\\/\\\/auren.com\\\/uy\\\/\",\"logo\":{\"@type\":\"ImageObject\",\"inLanguage\":\"es\",\"@id\":\"https:\\\/\\\/auren.com\\\/uy\\\/#\\\/schema\\\/logo\\\/image\\\/\",\"url\":\"https:\\\/\\\/auren.com\\\/uy\\\/wp-content\\\/uploads\\\/2025\\\/01\\\/cropped-cropped-favicon-Auren.png\",\"contentUrl\":\"https:\\\/\\\/auren.com\\\/uy\\\/wp-content\\\/uploads\\\/2025\\\/01\\\/cropped-cropped-favicon-Auren.png\",\"width\":512,\"height\":512,\"caption\":\"Auren Uruguay\"},\"image\":{\"@id\":\"https:\\\/\\\/auren.com\\\/uy\\\/#\\\/schema\\\/logo\\\/image\\\/\"},\"sameAs\":[\"https:\\\/\\\/www.facebook.com\\\/aurenuruguay\",\"https:\\\/\\\/x.com\\\/AurenUruguay\",\"https:\\\/\\\/www.linkedin.com\\\/company\\\/auren-uruguay\",\"https:\\\/\\\/www.youtube.com\\\/channel\\\/UClkpSYFfsAuqdTaVF5whedQ\",\"https:\\\/\\\/www.instagram.com\\\/aurenuruguay\\\/\"]}]}<\/script>\n<!-- \/ Yoast SEO plugin. -->","yoast_head_json":{"title":"196- SOCIEDADES AL PORTADOR - Parte I: SE DISOLVER\u00c1N DE PLENO DERECHO SI NO IDENTIFICAN QUIENES SON TITULARES - Auren Uruguay","robots":{"index":"index","follow":"follow","max-snippet":"max-snippet:-1","max-image-preview":"max-image-preview:large","max-video-preview":"max-video-preview:-1"},"canonical":"https:\/\/auren.com\/uy\/noticias\/196-sociedades-al-portador-parte-i-se-disolveran-de-pleno-derecho-si-no-identifican-quienes-son-titulares\/","og_locale":"es_ES","og_type":"article","og_title":"196- SOCIEDADES AL PORTADOR - Parte I: SE DISOLVER\u00c1N DE PLENO DERECHO SI NO IDENTIFICAN QUIENES SON TITULARES - Auren Uruguay","og_description":"A partir del pr\u00f3ximo 1\u00b0 de noviembre entra en vigencia la Ley N\u00ba 19.288 \u201cNormas para la Depuraci\u00f3n de Sociedades Inactivas y para la Identificaci\u00f3n de Titulares de Participaciones Patrimoniales [&hellip;]","og_url":"https:\/\/auren.com\/uy\/noticias\/196-sociedades-al-portador-parte-i-se-disolveran-de-pleno-derecho-si-no-identifican-quienes-son-titulares\/","og_site_name":"Auren Uruguay","article_publisher":"https:\/\/www.facebook.com\/aurenuruguay","og_image":[{"width":2100,"height":1400,"url":"https:\/\/auren.com\/uy\/wp-content\/uploads\/2014\/10\/photo-1563013544-824ae1b704d3.jpeg","type":"image\/jpeg"}],"twitter_card":"summary_large_image","twitter_site":"@AurenUruguay","twitter_misc":{"Tiempo de lectura":"2 minutos"},"schema":{"@context":"https:\/\/schema.org","@graph":[{"@type":"WebPage","@id":"https:\/\/auren.com\/uy\/noticias\/196-sociedades-al-portador-parte-i-se-disolveran-de-pleno-derecho-si-no-identifican-quienes-son-titulares\/","url":"https:\/\/auren.com\/uy\/noticias\/196-sociedades-al-portador-parte-i-se-disolveran-de-pleno-derecho-si-no-identifican-quienes-son-titulares\/","name":"196- SOCIEDADES AL PORTADOR - Parte I: SE DISOLVER\u00c1N DE PLENO DERECHO SI NO IDENTIFICAN QUIENES SON TITULARES - Auren Uruguay","isPartOf":{"@id":"https:\/\/auren.com\/uy\/#website"},"primaryImageOfPage":{"@id":"https:\/\/auren.com\/uy\/noticias\/196-sociedades-al-portador-parte-i-se-disolveran-de-pleno-derecho-si-no-identifican-quienes-son-titulares\/#primaryimage"},"image":{"@id":"https:\/\/auren.com\/uy\/noticias\/196-sociedades-al-portador-parte-i-se-disolveran-de-pleno-derecho-si-no-identifican-quienes-son-titulares\/#primaryimage"},"thumbnailUrl":"https:\/\/auren.com\/uy\/wp-content\/uploads\/2014\/10\/photo-1563013544-824ae1b704d3.jpeg","datePublished":"2014-10-31T09:06:35+00:00","breadcrumb":{"@id":"https:\/\/auren.com\/uy\/noticias\/196-sociedades-al-portador-parte-i-se-disolveran-de-pleno-derecho-si-no-identifican-quienes-son-titulares\/#breadcrumb"},"inLanguage":"es","potentialAction":[{"@type":"ReadAction","target":["https:\/\/auren.com\/uy\/noticias\/196-sociedades-al-portador-parte-i-se-disolveran-de-pleno-derecho-si-no-identifican-quienes-son-titulares\/"]}]},{"@type":"ImageObject","inLanguage":"es","@id":"https:\/\/auren.com\/uy\/noticias\/196-sociedades-al-portador-parte-i-se-disolveran-de-pleno-derecho-si-no-identifican-quienes-son-titulares\/#primaryimage","url":"https:\/\/auren.com\/uy\/wp-content\/uploads\/2014\/10\/photo-1563013544-824ae1b704d3.jpeg","contentUrl":"https:\/\/auren.com\/uy\/wp-content\/uploads\/2014\/10\/photo-1563013544-824ae1b704d3.jpeg","width":2100,"height":1400},{"@type":"BreadcrumbList","@id":"https:\/\/auren.com\/uy\/noticias\/196-sociedades-al-portador-parte-i-se-disolveran-de-pleno-derecho-si-no-identifican-quienes-son-titulares\/#breadcrumb","itemListElement":[{"@type":"ListItem","position":1,"name":"Portada","item":"https:\/\/auren.com\/uy\/"},{"@type":"ListItem","position":2,"name":"196- SOCIEDADES AL PORTADOR &#8211; Parte I: SE DISOLVER\u00c1N DE PLENO DERECHO SI NO IDENTIFICAN QUIENES SON TITULARES"}]},{"@type":"WebSite","@id":"https:\/\/auren.com\/uy\/#website","url":"https:\/\/auren.com\/uy\/","name":"Auren Uruguay","description":"","publisher":{"@id":"https:\/\/auren.com\/uy\/#organization"},"potentialAction":[{"@type":"SearchAction","target":{"@type":"EntryPoint","urlTemplate":"https:\/\/auren.com\/uy\/?s={search_term_string}"},"query-input":{"@type":"PropertyValueSpecification","valueRequired":true,"valueName":"search_term_string"}}],"inLanguage":"es"},{"@type":"Organization","@id":"https:\/\/auren.com\/uy\/#organization","name":"Auren Uruguay","url":"https:\/\/auren.com\/uy\/","logo":{"@type":"ImageObject","inLanguage":"es","@id":"https:\/\/auren.com\/uy\/#\/schema\/logo\/image\/","url":"https:\/\/auren.com\/uy\/wp-content\/uploads\/2025\/01\/cropped-cropped-favicon-Auren.png","contentUrl":"https:\/\/auren.com\/uy\/wp-content\/uploads\/2025\/01\/cropped-cropped-favicon-Auren.png","width":512,"height":512,"caption":"Auren Uruguay"},"image":{"@id":"https:\/\/auren.com\/uy\/#\/schema\/logo\/image\/"},"sameAs":["https:\/\/www.facebook.com\/aurenuruguay","https:\/\/x.com\/AurenUruguay","https:\/\/www.linkedin.com\/company\/auren-uruguay","https:\/\/www.youtube.com\/channel\/UClkpSYFfsAuqdTaVF5whedQ","https:\/\/www.instagram.com\/aurenuruguay\/"]}]}},"_links":{"self":[{"href":"https:\/\/auren.com\/uy\/wp-json\/wp\/v2\/new\/11365","targetHints":{"allow":["GET"]}}],"collection":[{"href":"https:\/\/auren.com\/uy\/wp-json\/wp\/v2\/new"}],"about":[{"href":"https:\/\/auren.com\/uy\/wp-json\/wp\/v2\/types\/new"}],"version-history":[{"count":0,"href":"https:\/\/auren.com\/uy\/wp-json\/wp\/v2\/new\/11365\/revisions"}],"wp:featuredmedia":[{"embeddable":true,"href":"https:\/\/auren.com\/uy\/wp-json\/wp\/v2\/media\/11366"}],"wp:attachment":[{"href":"https:\/\/auren.com\/uy\/wp-json\/wp\/v2\/media?parent=11365"}],"wp:term":[{"taxonomy":"new-category","embeddable":true,"href":"https:\/\/auren.com\/uy\/wp-json\/wp\/v2\/new-category?post=11365"}],"curies":[{"name":"wp","href":"https:\/\/api.w.org\/{rel}","templated":true}]}}